{"id":1986,"date":"2022-11-10T22:37:00","date_gmt":"2022-11-10T22:37:00","guid":{"rendered":"https:\/\/foire-st-martin.ch\/?page_id=1986"},"modified":"2026-04-20T16:16:29","modified_gmt":"2026-04-20T16:16:29","slug":"galerie-2022","status":"publish","type":"page","link":"https:\/\/foire-st-martin.ch\/en\/archives\/galerie-2022\/","title":{"rendered":"Gallery 2022"},"content":{"rendered":"\n[et_pb_section fb_built=&#8221;1&#8243; _builder_version=&#8221;4.18.0&#8243; _module_preset=&#8221;default&#8221; global_colors_info=&#8221;{}&#8221;][et_pb_row column_structure=&#8221;3_4,1_4&#8243; _builder_version=&#8221;4.18.0&#8243; _module_preset=&#8221;default&#8221; global_colors_info=&#8221;{}&#8221;][et_pb_column type=&#8221;3_4&#8243; _builder_version=&#8221;4.18.0&#8243; _module_preset=&#8221;default&#8221; global_colors_info=&#8221;{}&#8221;][et_pb_text _builder_version=&#8221;4.18.0&#8243; _module_preset=&#8221;default&#8221; global_colors_info=&#8221;{}&#8221;]<h1>La Foire de la Saint-Martin 2022<\/h1>[\/et_pb_text][\/et_pb_column][et_pb_column type=&#8221;1_4&#8243; _builder_version=&#8221;4.18.0&#8243; _module_preset=&#8221;default&#8221; global_colors_info=&#8221;{}&#8221;][et_pb_icon font_icon=&#8221;&#x4d;||divi||400&#8243; icon_color=&#8221;#000000&#8243; icon_width=&#8221;69px&#8221; url=&#8221;@ET-DC@eyJkeW5hbWljIjp0cnVlLCJjb250ZW50IjoicG9zdF9saW5rX3VybF9wYWdlIiwic2V0dGluZ3MiOnsicG9zdF9pZCI6IjcxNCJ9fQ==@&#8221; align=&#8221;right&#8221; _builder_version=&#8221;4.18.0&#8243; _dynamic_attributes=&#8221;url&#8221; _module_preset=&#8221;default&#8221; global_colors_info=&#8221;{}&#8221;][\/et_pb_icon][\/et_pb_column][\/et_pb_row][et_pb_row module_class=&#8221;splitter&#8221; _builder_version=&#8221;4.18.0&#8243; _module_preset=&#8221;default&#8221; global_colors_info=&#8221;{}&#8221;][et_pb_column type=&#8221;4_4&#8243; _builder_version=&#8221;4.18.0&#8243; _module_preset=&#8221;default&#8221; global_colors_info=&#8221;{}&#8221;][et_pb_text _builder_version=&#8221;4.18.0&#8243; _module_preset=&#8221;default&#8221; global_colors_info=&#8221;{}&#8221;]<p>Le cort\u00e8ge aux flambeaux &#038; la Veill\u00e9e du B\u0153uf<\/p>[\/et_pb_text][\/et_pb_column][\/et_pb_row][et_pb_row _builder_version=&#8221;4.18.0&#8243; _module_preset=&#8221;default&#8221; global_colors_info=&#8221;{}&#8221;][et_pb_column type=&#8221;4_4&#8243; _builder_version=&#8221;4.18.0&#8243; _module_preset=&#8221;default&#8221; global_colors_info=&#8221;{}&#8221;][et_pb_code _builder_version=&#8221;4.18.0&#8243; _module_preset=&#8221;default&#8221; global_colors_info=&#8221;{}&#8221;]<div class=\"pgc-sgb-cb wp-block-pgcsimplygalleryblock-masonry \" data-gallery-id=\"f1c37340\"><div class=\"sgb-preloader\" id=\"pr_f1c37340\">\n\t<div class=\"sgb-square\" style=\"background:#d4d4d4\"><\/div>\n\t<div class=\"sgb-square\" style=\"background:#d4d4d4\"><\/div>\n\t<div class=\"sgb-square\" style=\"background:#d4d4d4\"><\/div>\n\t<div class=\"sgb-square\" style=\"background:#d4d4d4\"><\/div><\/div><div class=\"simply-gallery-amp pgc_sgb_slider \" style=\"display: none;\"><div class=\"sgb-gallery\"><div class=\"sgb-item\"><a href=\"https:\/\/foire-st-martin.ch\/en\/pgc_simply_gallery\/2022-cortege-aux-flambeaux\/thumbnail_img_3884\/\"><img decoding=\"async\" alt=\"\" width=\"300\" height=\"225\" loading=\"lazy\" src=\"https:\/\/foire-st-martin.ch\/wp-content\/uploads\/2022\/11\/thumbnail_IMG_3884-300x225.jpg\"\/><\/a><\/div><div class=\"sgb-item\"><a href=\"https:\/\/foire-st-martin.ch\/en\/pgc_simply_gallery\/2022-cortege-aux-flambeaux\/thumbnail_img_3883\/\"><img decoding=\"async\" alt=\"\" width=\"300\" height=\"225\" loading=\"lazy\" src=\"https:\/\/foire-st-martin.ch\/wp-content\/uploads\/2022\/11\/thumbnail_IMG_3883-300x225.jpg\"\/><\/a><\/div><div class=\"sgb-item\"><a href=\"https:\/\/foire-st-martin.ch\/en\/pgc_simply_gallery\/2022-cortege-aux-flambeaux\/thumbnail_img_3881\/\"><img decoding=\"async\" alt=\"\" width=\"300\" height=\"225\" loading=\"lazy\" src=\"https:\/\/foire-st-martin.ch\/wp-content\/uploads\/2022\/11\/thumbnail_IMG_3881-300x225.jpg\"\/><\/a><\/div><div class=\"sgb-item\"><a href=\"https:\/\/foire-st-martin.ch\/en\/pgc_simply_gallery\/2022-cortege-aux-flambeaux\/thumbnail_img_3880\/\"><img decoding=\"async\" alt=\"\" width=\"300\" height=\"225\" loading=\"lazy\" src=\"https:\/\/foire-st-martin.ch\/wp-content\/uploads\/2022\/11\/thumbnail_IMG_3880-300x225.jpg\"\/><\/a><\/div><div class=\"sgb-item\"><a href=\"https:\/\/foire-st-martin.ch\/en\/pgc_simply_gallery\/2022-cortege-aux-flambeaux\/thumbnail_photo-2022-11-10-09-03-284\/\"><img decoding=\"async\" alt=\"\" width=\"225\" height=\"300\" loading=\"lazy\" src=\"https:\/\/foire-st-martin.ch\/wp-content\/uploads\/2022\/11\/thumbnail_PHOTO-2022-11-10-09-03-284-225x300.jpg\"\/><\/a><\/div><div class=\"sgb-item\"><a href=\"https:\/\/foire-st-martin.ch\/en\/pgc_simply_gallery\/2022-cortege-aux-flambeaux\/314908128_10159326688082549_7577736155985133077_n\/\"><img decoding=\"async\" alt=\"\" width=\"300\" height=\"225\" loading=\"lazy\" src=\"https:\/\/foire-st-martin.ch\/wp-content\/uploads\/2022\/11\/314908128_10159326688082549_7577736155985133077_n-300x225.jpg\"\/><\/a><\/div><div class=\"sgb-item\"><a href=\"https:\/\/foire-st-martin.ch\/en\/pgc_simply_gallery\/2022-cortege-aux-flambeaux\/thumbnail_photo-2022-11-10-09-03-283\/\"><img decoding=\"async\" alt=\"\" width=\"269\" height=\"300\" loading=\"lazy\" src=\"https:\/\/foire-st-martin.ch\/wp-content\/uploads\/2022\/11\/thumbnail_PHOTO-2022-11-10-09-03-283-269x300.jpg\"\/><\/a><\/div><div class=\"sgb-item\"><a href=\"https:\/\/foire-st-martin.ch\/en\/pgc_simply_gallery\/2022-cortege-aux-flambeaux\/thumbnail_photo-2022-11-10-09-03-282\/\"><img decoding=\"async\" alt=\"\" width=\"225\" height=\"300\" loading=\"lazy\" src=\"https:\/\/foire-st-martin.ch\/wp-content\/uploads\/2022\/11\/thumbnail_PHOTO-2022-11-10-09-03-282-225x300.jpg\"\/><\/a><\/div><div class=\"sgb-item\"><a href=\"https:\/\/foire-st-martin.ch\/en\/pgc_simply_gallery\/2022-cortege-aux-flambeaux\/thumbnail_photo-2022-11-10-09-02-201\/\"><img decoding=\"async\" alt=\"\" width=\"225\" height=\"300\" loading=\"lazy\" src=\"https:\/\/foire-st-martin.ch\/wp-content\/uploads\/2022\/11\/thumbnail_PHOTO-2022-11-10-09-02-201-225x300.jpg\"\/><\/a><\/div><div class=\"sgb-item\"><a href=\"https:\/\/foire-st-martin.ch\/en\/pgc_simply_gallery\/2022-cortege-aux-flambeaux\/thumbnail_photo-2022-11-10-09-02-20\/\"><img decoding=\"async\" alt=\"\" width=\"225\" height=\"300\" loading=\"lazy\" src=\"https:\/\/foire-st-martin.ch\/wp-content\/uploads\/2022\/11\/thumbnail_PHOTO-2022-11-10-09-02-20-225x300.jpg\"\/><\/a><\/div><div class=\"sgb-item\"><a href=\"https:\/\/foire-st-martin.ch\/en\/pgc_simply_gallery\/2022-cortege-aux-flambeaux\/thumbnail_photo-2022-11-07-17-45-56\/\"><img decoding=\"async\" alt=\"\" width=\"300\" height=\"225\" loading=\"lazy\" src=\"https:\/\/foire-st-martin.ch\/wp-content\/uploads\/2022\/11\/thumbnail_PHOTO-2022-11-07-17-45-56-300x225.jpg\"\/><\/a><\/div><div class=\"sgb-item\"><a href=\"https:\/\/foire-st-martin.ch\/en\/pgc_simply_gallery\/2022-cortege-aux-flambeaux\/314958381_2480681622072034_3818901536431290832_n\/\"><img decoding=\"async\" alt=\"\" width=\"300\" height=\"225\" loading=\"lazy\" src=\"https:\/\/foire-st-martin.ch\/wp-content\/uploads\/2022\/11\/314958381_2480681622072034_3818901536431290832_n-300x225.jpg\"\/><\/a><\/div><div class=\"sgb-item\"><a href=\"https:\/\/foire-st-martin.ch\/en\/pgc_simply_gallery\/2022-cortege-aux-flambeaux\/314925066_2480681652072031_3426916267117414815_n\/\"><img decoding=\"async\" alt=\"\" width=\"300\" height=\"225\" loading=\"lazy\" src=\"https:\/\/foire-st-martin.ch\/wp-content\/uploads\/2022\/11\/314925066_2480681652072031_3426916267117414815_n-300x225.jpg\"\/><\/a><\/div><div class=\"sgb-item\"><a href=\"https:\/\/foire-st-martin.ch\/en\/pgc_simply_gallery\/2022-cortege-aux-flambeaux\/314913958_2480681632072033_2598656621891875974_n\/\"><img decoding=\"async\" alt=\"\" width=\"300\" height=\"225\" loading=\"lazy\" src=\"https:\/\/foire-st-martin.ch\/wp-content\/uploads\/2022\/11\/314913958_2480681632072033_2598656621891875974_n-300x225.jpg\"\/><\/a><\/div><div class=\"sgb-item\"><a href=\"https:\/\/foire-st-martin.ch\/en\/pgc_simply_gallery\/2022-cortege-aux-flambeaux\/314909962_10159326688147549_3539696507539526451_n\/\"><img decoding=\"async\" alt=\"\" width=\"300\" height=\"225\" loading=\"lazy\" src=\"https:\/\/foire-st-martin.ch\/wp-content\/uploads\/2022\/11\/314909962_10159326688147549_3539696507539526451_n-300x225.jpg\"\/><\/a><\/div><\/div><\/div><script type=\"application\/json\" class=\"sgb-data\">{\"galleryType\":\"pgc_sgb_masonry\",\"galleryId\":\"f1c37340\",\"images\":[{\"id\":1991,\"title\":\"thumbnail_IMG_3884\",\"url\":\"https:\/\/foire-st-martin.ch\/wp-content\/uploads\/2022\/11\/thumbnail_IMG_3884.jpg\",\"link\":\"https:\/\/foire-st-martin.ch\/pgc_simply_gallery\/2022-cortege-aux-flambeaux\/thumbnail_img_3884\/\",\"alt\":\"\",\"description\":\"\",\"caption\":\"\",\"mime\":\"image\/jpeg\",\"type\":\"image\",\"width\":1280,\"height\":960,\"sizes\":{\"thumbnail\":{\"url\":\"https:\/\/foire-st-martin.ch\/wp-content\/uploads\/2022\/11\/thumbnail_IMG_3884-150x150.jpg\",\"height\":150,\"width\":150,\"orientation\":\"landscape\"},\"medium\":{\"url\":\"https:\/\/foire-st-martin.ch\/wp-content\/uploads\/2022\/11\/thumbnail_IMG_3884-300x225.jpg\",\"height\":225,\"width\":300,\"orientation\":\"landscape\"},\"large\":{\"url\":\"https:\/\/foire-st-martin.ch\/wp-content\/uploads\/2022\/11\/thumbnail_IMG_3884-1024x768.jpg\",\"height\":768,\"width\":1024,\"orientation\":\"landscape\"},\"full\":{\"url\":\"https:\/\/foire-st-martin.ch\/wp-content\/uploads\/2022\/11\/thumbnail_IMG_3884.jpg\",\"height\":960,\"width\":1280,\"orientation\":\"landscape\"}},\"meta\":false,\"postlink\":\"https:\/\/foire-st-martin.ch\/pgc_simply_gallery\/2022-cortege-aux-flambeaux\/thumbnail_img_3884\/\"},{\"id\":1994,\"title\":\"thumbnail_IMG_3883\",\"url\":\"https:\/\/foire-st-martin.ch\/wp-content\/uploads\/2022\/11\/thumbnail_IMG_3883.jpg\",\"link\":\"https:\/\/foire-st-martin.ch\/pgc_simply_gallery\/2022-cortege-aux-flambeaux\/thumbnail_img_3883\/\",\"alt\":\"\",\"description\":\"\",\"caption\":\"\",\"mime\":\"image\/jpeg\",\"type\":\"image\",\"width\":1280,\"height\":960,\"sizes\":{\"thumbnail\":{\"url\":\"https:\/\/foire-st-martin.ch\/wp-content\/uploads\/2022\/11\/thumbnail_IMG_3883-150x150.jpg\",\"height\":150,\"width\":150,\"orientation\":\"landscape\"},\"medium\":{\"url\":\"https:\/\/foire-st-martin.ch\/wp-content\/uploads\/2022\/11\/thumbnail_IMG_3883-300x225.jpg\",\"height\":225,\"width\":300,\"orientation\":\"landscape\"},\"large\":{\"url\":\"https:\/\/foire-st-martin.ch\/wp-content\/uploads\/2022\/11\/thumbnail_IMG_3883-1024x768.jpg\",\"height\":768,\"width\":1024,\"orientation\":\"landscape\"},\"full\":{\"url\":\"https:\/\/foire-st-martin.ch\/wp-content\/uploads\/2022\/11\/thumbnail_IMG_3883.jpg\",\"height\":960,\"width\":1280,\"orientation\":\"landscape\"}},\"meta\":false,\"postlink\":\"https:\/\/foire-st-martin.ch\/pgc_simply_gallery\/2022-cortege-aux-flambeaux\/thumbnail_img_3883\/\"},{\"id\":1993,\"title\":\"thumbnail_IMG_3881\",\"url\":\"https:\/\/foire-st-martin.ch\/wp-content\/uploads\/2022\/11\/thumbnail_IMG_3881.jpg\",\"link\":\"https:\/\/foire-st-martin.ch\/pgc_simply_gallery\/2022-cortege-aux-flambeaux\/thumbnail_img_3881\/\",\"alt\":\"\",\"description\":\"\",\"caption\":\"\",\"mime\":\"image\/jpeg\",\"type\":\"image\",\"width\":1280,\"height\":960,\"sizes\":{\"thumbnail\":{\"url\":\"https:\/\/foire-st-martin.ch\/wp-content\/uploads\/2022\/11\/thumbnail_IMG_3881-150x150.jpg\",\"height\":150,\"width\":150,\"orientation\":\"landscape\"},\"medium\":{\"url\":\"https:\/\/foire-st-martin.ch\/wp-content\/uploads\/2022\/11\/thumbnail_IMG_3881-300x225.jpg\",\"height\":225,\"width\":300,\"orientation\":\"landscape\"},\"large\":{\"url\":\"https:\/\/foire-st-martin.ch\/wp-content\/uploads\/2022\/11\/thumbnail_IMG_3881-1024x768.jpg\",\"height\":768,\"width\":1024,\"orientation\":\"landscape\"},\"full\":{\"url\":\"https:\/\/foire-st-martin.ch\/wp-content\/uploads\/2022\/11\/thumbnail_IMG_3881.jpg\",\"height\":960,\"width\":1280,\"orientation\":\"landscape\"}},\"meta\":false,\"postlink\":\"https:\/\/foire-st-martin.ch\/pgc_simply_gallery\/2022-cortege-aux-flambeaux\/thumbnail_img_3881\/\"},{\"id\":1992,\"title\":\"thumbnail_IMG_3880\",\"url\":\"https:\/\/foire-st-martin.ch\/wp-content\/uploads\/2022\/11\/thumbnail_IMG_3880.jpg\",\"link\":\"https:\/\/foire-st-martin.ch\/pgc_simply_gallery\/2022-cortege-aux-flambeaux\/thumbnail_img_3880\/\",\"alt\":\"\",\"description\":\"\",\"caption\":\"\",\"mime\":\"image\/jpeg\",\"type\":\"image\",\"width\":1280,\"height\":960,\"sizes\":{\"thumbnail\":{\"url\":\"https:\/\/foire-st-martin.ch\/wp-content\/uploads\/2022\/11\/thumbnail_IMG_3880-150x150.jpg\",\"height\":150,\"width\":150,\"orientation\":\"landscape\"},\"medium\":{\"url\":\"https:\/\/foire-st-martin.ch\/wp-content\/uploads\/2022\/11\/thumbnail_IMG_3880-300x225.jpg\",\"height\":225,\"width\":300,\"orientation\":\"landscape\"},\"large\":{\"url\":\"https:\/\/foire-st-martin.ch\/wp-content\/uploads\/2022\/11\/thumbnail_IMG_3880-1024x768.jpg\",\"height\":768,\"width\":1024,\"orientation\":\"landscape\"},\"full\":{\"url\":\"https:\/\/foire-st-martin.ch\/wp-content\/uploads\/2022\/11\/thumbnail_IMG_3880.jpg\",\"height\":960,\"width\":1280,\"orientation\":\"landscape\"}},\"meta\":false,\"postlink\":\"https:\/\/foire-st-martin.ch\/pgc_simply_gallery\/2022-cortege-aux-flambeaux\/thumbnail_img_3880\/\"},{\"id\":1984,\"title\":\"thumbnail_PHOTO-2022-11-10-09-03-284\",\"url\":\"https:\/\/foire-st-martin.ch\/wp-content\/uploads\/2022\/11\/thumbnail_PHOTO-2022-11-10-09-03-284.jpg\",\"link\":\"https:\/\/foire-st-martin.ch\/pgc_simply_gallery\/2022-cortege-aux-flambeaux\/thumbnail_photo-2022-11-10-09-03-284\/\",\"alt\":\"\",\"description\":\"\",\"caption\":\"\",\"mime\":\"image\/jpeg\",\"type\":\"image\",\"width\":768,\"height\":1024,\"sizes\":{\"thumbnail\":{\"url\":\"https:\/\/foire-st-martin.ch\/wp-content\/uploads\/2022\/11\/thumbnail_PHOTO-2022-11-10-09-03-284-150x150.jpg\",\"height\":150,\"width\":150,\"orientation\":\"landscape\"},\"medium\":{\"url\":\"https:\/\/foire-st-martin.ch\/wp-content\/uploads\/2022\/11\/thumbnail_PHOTO-2022-11-10-09-03-284-225x300.jpg\",\"height\":300,\"width\":225,\"orientation\":\"portrait\"},\"full\":{\"url\":\"https:\/\/foire-st-martin.ch\/wp-content\/uploads\/2022\/11\/thumbnail_PHOTO-2022-11-10-09-03-284.jpg\",\"height\":1024,\"width\":768,\"orientation\":\"portrait\"}},\"meta\":false,\"postlink\":\"https:\/\/foire-st-martin.ch\/pgc_simply_gallery\/2022-cortege-aux-flambeaux\/thumbnail_photo-2022-11-10-09-03-284\/\"},{\"id\":1974,\"title\":\"314908128_10159326688082549_7577736155985133077_n\",\"url\":\"https:\/\/foire-st-martin.ch\/wp-content\/uploads\/2022\/11\/314908128_10159326688082549_7577736155985133077_n.jpg\",\"link\":\"https:\/\/foire-st-martin.ch\/pgc_simply_gallery\/2022-cortege-aux-flambeaux\/314908128_10159326688082549_7577736155985133077_n\/\",\"alt\":\"\",\"description\":\"\",\"caption\":\"\",\"mime\":\"image\/jpeg\",\"type\":\"image\",\"width\":2048,\"height\":1536,\"sizes\":{\"thumbnail\":{\"url\":\"https:\/\/foire-st-martin.ch\/wp-content\/uploads\/2022\/11\/314908128_10159326688082549_7577736155985133077_n-150x150.jpg\",\"height\":150,\"width\":150,\"orientation\":\"landscape\"},\"medium\":{\"url\":\"https:\/\/foire-st-martin.ch\/wp-content\/uploads\/2022\/11\/314908128_10159326688082549_7577736155985133077_n-300x225.jpg\",\"height\":225,\"width\":300,\"orientation\":\"landscape\"},\"large\":{\"url\":\"https:\/\/foire-st-martin.ch\/wp-content\/uploads\/2022\/11\/314908128_10159326688082549_7577736155985133077_n-1024x768.jpg\",\"height\":768,\"width\":1024,\"orientation\":\"landscape\"},\"full\":{\"url\":\"https:\/\/foire-st-martin.ch\/wp-content\/uploads\/2022\/11\/314908128_10159326688082549_7577736155985133077_n.jpg\",\"height\":1536,\"width\":2048,\"orientation\":\"landscape\"}},\"meta\":false,\"postlink\":\"https:\/\/foire-st-martin.ch\/pgc_simply_gallery\/2022-cortege-aux-flambeaux\/314908128_10159326688082549_7577736155985133077_n\/\"},{\"id\":1983,\"title\":\"thumbnail_PHOTO-2022-11-10-09-03-283\",\"url\":\"https:\/\/foire-st-martin.ch\/wp-content\/uploads\/2022\/11\/thumbnail_PHOTO-2022-11-10-09-03-283.jpg\",\"link\":\"https:\/\/foire-st-martin.ch\/pgc_simply_gallery\/2022-cortege-aux-flambeaux\/thumbnail_photo-2022-11-10-09-03-283\/\",\"alt\":\"\",\"description\":\"\",\"caption\":\"\",\"mime\":\"image\/jpeg\",\"type\":\"image\",\"width\":917,\"height\":1024,\"sizes\":{\"thumbnail\":{\"url\":\"https:\/\/foire-st-martin.ch\/wp-content\/uploads\/2022\/11\/thumbnail_PHOTO-2022-11-10-09-03-283-150x150.jpg\",\"height\":150,\"width\":150,\"orientation\":\"landscape\"},\"medium\":{\"url\":\"https:\/\/foire-st-martin.ch\/wp-content\/uploads\/2022\/11\/thumbnail_PHOTO-2022-11-10-09-03-283-269x300.jpg\",\"height\":300,\"width\":269,\"orientation\":\"portrait\"},\"full\":{\"url\":\"https:\/\/foire-st-martin.ch\/wp-content\/uploads\/2022\/11\/thumbnail_PHOTO-2022-11-10-09-03-283.jpg\",\"height\":1024,\"width\":917,\"orientation\":\"portrait\"}},\"meta\":false,\"postlink\":\"https:\/\/foire-st-martin.ch\/pgc_simply_gallery\/2022-cortege-aux-flambeaux\/thumbnail_photo-2022-11-10-09-03-283\/\"},{\"id\":1982,\"title\":\"thumbnail_PHOTO-2022-11-10-09-03-282\",\"url\":\"https:\/\/foire-st-martin.ch\/wp-content\/uploads\/2022\/11\/thumbnail_PHOTO-2022-11-10-09-03-282.jpg\",\"link\":\"https:\/\/foire-st-martin.ch\/pgc_simply_gallery\/2022-cortege-aux-flambeaux\/thumbnail_photo-2022-11-10-09-03-282\/\",\"alt\":\"\",\"description\":\"\",\"caption\":\"\",\"mime\":\"image\/jpeg\",\"type\":\"image\",\"width\":768,\"height\":1024,\"sizes\":{\"thumbnail\":{\"url\":\"https:\/\/foire-st-martin.ch\/wp-content\/uploads\/2022\/11\/thumbnail_PHOTO-2022-11-10-09-03-282-150x150.jpg\",\"height\":150,\"width\":150,\"orientation\":\"landscape\"},\"medium\":{\"url\":\"https:\/\/foire-st-martin.ch\/wp-content\/uploads\/2022\/11\/thumbnail_PHOTO-2022-11-10-09-03-282-225x300.jpg\",\"height\":300,\"width\":225,\"orientation\":\"portrait\"},\"full\":{\"url\":\"https:\/\/foire-st-martin.ch\/wp-content\/uploads\/2022\/11\/thumbnail_PHOTO-2022-11-10-09-03-282.jpg\",\"height\":1024,\"width\":768,\"orientation\":\"portrait\"}},\"meta\":false,\"postlink\":\"https:\/\/foire-st-martin.ch\/pgc_simply_gallery\/2022-cortege-aux-flambeaux\/thumbnail_photo-2022-11-10-09-03-282\/\"},{\"id\":1981,\"title\":\"thumbnail_PHOTO-2022-11-10-09-02-201\",\"url\":\"https:\/\/foire-st-martin.ch\/wp-content\/uploads\/2022\/11\/thumbnail_PHOTO-2022-11-10-09-02-201.jpg\",\"link\":\"https:\/\/foire-st-martin.ch\/pgc_simply_gallery\/2022-cortege-aux-flambeaux\/thumbnail_photo-2022-11-10-09-02-201\/\",\"alt\":\"\",\"description\":\"\",\"caption\":\"\",\"mime\":\"image\/jpeg\",\"type\":\"image\",\"width\":768,\"height\":1024,\"sizes\":{\"thumbnail\":{\"url\":\"https:\/\/foire-st-martin.ch\/wp-content\/uploads\/2022\/11\/thumbnail_PHOTO-2022-11-10-09-02-201-150x150.jpg\",\"height\":150,\"width\":150,\"orientation\":\"landscape\"},\"medium\":{\"url\":\"https:\/\/foire-st-martin.ch\/wp-content\/uploads\/2022\/11\/thumbnail_PHOTO-2022-11-10-09-02-201-225x300.jpg\",\"height\":300,\"width\":225,\"orientation\":\"portrait\"},\"full\":{\"url\":\"https:\/\/foire-st-martin.ch\/wp-content\/uploads\/2022\/11\/thumbnail_PHOTO-2022-11-10-09-02-201.jpg\",\"height\":1024,\"width\":768,\"orientation\":\"portrait\"}},\"meta\":false,\"postlink\":\"https:\/\/foire-st-martin.ch\/pgc_simply_gallery\/2022-cortege-aux-flambeaux\/thumbnail_photo-2022-11-10-09-02-201\/\"},{\"id\":1980,\"title\":\"thumbnail_PHOTO-2022-11-10-09-02-20\",\"url\":\"https:\/\/foire-st-martin.ch\/wp-content\/uploads\/2022\/11\/thumbnail_PHOTO-2022-11-10-09-02-20.jpg\",\"link\":\"https:\/\/foire-st-martin.ch\/pgc_simply_gallery\/2022-cortege-aux-flambeaux\/thumbnail_photo-2022-11-10-09-02-20\/\",\"alt\":\"\",\"description\":\"\",\"caption\":\"\",\"mime\":\"image\/jpeg\",\"type\":\"image\",\"width\":768,\"height\":1024,\"sizes\":{\"thumbnail\":{\"url\":\"https:\/\/foire-st-martin.ch\/wp-content\/uploads\/2022\/11\/thumbnail_PHOTO-2022-11-10-09-02-20-150x150.jpg\",\"height\":150,\"width\":150,\"orientation\":\"landscape\"},\"medium\":{\"url\":\"https:\/\/foire-st-martin.ch\/wp-content\/uploads\/2022\/11\/thumbnail_PHOTO-2022-11-10-09-02-20-225x300.jpg\",\"height\":300,\"width\":225,\"orientation\":\"portrait\"},\"full\":{\"url\":\"https:\/\/foire-st-martin.ch\/wp-content\/uploads\/2022\/11\/thumbnail_PHOTO-2022-11-10-09-02-20.jpg\",\"height\":1024,\"width\":768,\"orientation\":\"portrait\"}},\"meta\":false,\"postlink\":\"https:\/\/foire-st-martin.ch\/pgc_simply_gallery\/2022-cortege-aux-flambeaux\/thumbnail_photo-2022-11-10-09-02-20\/\"},{\"id\":1979,\"title\":\"thumbnail_PHOTO-2022-11-07-17-45-56\",\"url\":\"https:\/\/foire-st-martin.ch\/wp-content\/uploads\/2022\/11\/thumbnail_PHOTO-2022-11-07-17-45-56.jpg\",\"link\":\"https:\/\/foire-st-martin.ch\/pgc_simply_gallery\/2022-cortege-aux-flambeaux\/thumbnail_photo-2022-11-07-17-45-56\/\",\"alt\":\"\",\"description\":\"\",\"caption\":\"\",\"mime\":\"image\/jpeg\",\"type\":\"image\",\"width\":1280,\"height\":960,\"sizes\":{\"thumbnail\":{\"url\":\"https:\/\/foire-st-martin.ch\/wp-content\/uploads\/2022\/11\/thumbnail_PHOTO-2022-11-07-17-45-56-150x150.jpg\",\"height\":150,\"width\":150,\"orientation\":\"landscape\"},\"medium\":{\"url\":\"https:\/\/foire-st-martin.ch\/wp-content\/uploads\/2022\/11\/thumbnail_PHOTO-2022-11-07-17-45-56-300x225.jpg\",\"height\":225,\"width\":300,\"orientation\":\"landscape\"},\"large\":{\"url\":\"https:\/\/foire-st-martin.ch\/wp-content\/uploads\/2022\/11\/thumbnail_PHOTO-2022-11-07-17-45-56-1024x768.jpg\",\"height\":768,\"width\":1024,\"orientation\":\"landscape\"},\"full\":{\"url\":\"https:\/\/foire-st-martin.ch\/wp-content\/uploads\/2022\/11\/thumbnail_PHOTO-2022-11-07-17-45-56.jpg\",\"height\":960,\"width\":1280,\"orientation\":\"landscape\"}},\"meta\":false,\"postlink\":\"https:\/\/foire-st-martin.ch\/pgc_simply_gallery\/2022-cortege-aux-flambeaux\/thumbnail_photo-2022-11-07-17-45-56\/\"},{\"id\":1978,\"title\":\"314958381_2480681622072034_3818901536431290832_n\",\"url\":\"https:\/\/foire-st-martin.ch\/wp-content\/uploads\/2022\/11\/314958381_2480681622072034_3818901536431290832_n.jpg\",\"link\":\"https:\/\/foire-st-martin.ch\/pgc_simply_gallery\/2022-cortege-aux-flambeaux\/314958381_2480681622072034_3818901536431290832_n\/\",\"alt\":\"\",\"description\":\"\",\"caption\":\"\",\"mime\":\"image\/jpeg\",\"type\":\"image\",\"width\":1286,\"height\":965,\"sizes\":{\"thumbnail\":{\"url\":\"https:\/\/foire-st-martin.ch\/wp-content\/uploads\/2022\/11\/314958381_2480681622072034_3818901536431290832_n-150x150.jpg\",\"height\":150,\"width\":150,\"orientation\":\"landscape\"},\"medium\":{\"url\":\"https:\/\/foire-st-martin.ch\/wp-content\/uploads\/2022\/11\/314958381_2480681622072034_3818901536431290832_n-300x225.jpg\",\"height\":225,\"width\":300,\"orientation\":\"landscape\"},\"large\":{\"url\":\"https:\/\/foire-st-martin.ch\/wp-content\/uploads\/2022\/11\/314958381_2480681622072034_3818901536431290832_n-1024x768.jpg\",\"height\":768,\"width\":1024,\"orientation\":\"landscape\"},\"full\":{\"url\":\"https:\/\/foire-st-martin.ch\/wp-content\/uploads\/2022\/11\/314958381_2480681622072034_3818901536431290832_n.jpg\",\"height\":965,\"width\":1286,\"orientation\":\"landscape\"}},\"meta\":false,\"postlink\":\"https:\/\/foire-st-martin.ch\/pgc_simply_gallery\/2022-cortege-aux-flambeaux\/314958381_2480681622072034_3818901536431290832_n\/\"},{\"id\":1977,\"title\":\"314925066_2480681652072031_3426916267117414815_n\",\"url\":\"https:\/\/foire-st-martin.ch\/wp-content\/uploads\/2022\/11\/314925066_2480681652072031_3426916267117414815_n.jpg\",\"link\":\"https:\/\/foire-st-martin.ch\/pgc_simply_gallery\/2022-cortege-aux-flambeaux\/314925066_2480681652072031_3426916267117414815_n\/\",\"alt\":\"\",\"description\":\"\",\"caption\":\"\",\"mime\":\"image\/jpeg\",\"type\":\"image\",\"width\":2048,\"height\":1536,\"sizes\":{\"thumbnail\":{\"url\":\"https:\/\/foire-st-martin.ch\/wp-content\/uploads\/2022\/11\/314925066_2480681652072031_3426916267117414815_n-150x150.jpg\",\"height\":150,\"width\":150,\"orientation\":\"landscape\"},\"medium\":{\"url\":\"https:\/\/foire-st-martin.ch\/wp-content\/uploads\/2022\/11\/314925066_2480681652072031_3426916267117414815_n-300x225.jpg\",\"height\":225,\"width\":300,\"orientation\":\"landscape\"},\"large\":{\"url\":\"https:\/\/foire-st-martin.ch\/wp-content\/uploads\/2022\/11\/314925066_2480681652072031_3426916267117414815_n-1024x768.jpg\",\"height\":768,\"width\":1024,\"orientation\":\"landscape\"},\"full\":{\"url\":\"https:\/\/foire-st-martin.ch\/wp-content\/uploads\/2022\/11\/314925066_2480681652072031_3426916267117414815_n.jpg\",\"height\":1536,\"width\":2048,\"orientation\":\"landscape\"}},\"meta\":false,\"postlink\":\"https:\/\/foire-st-martin.ch\/pgc_simply_gallery\/2022-cortege-aux-flambeaux\/314925066_2480681652072031_3426916267117414815_n\/\"},{\"id\":1976,\"title\":\"314913958_2480681632072033_2598656621891875974_n\",\"url\":\"https:\/\/foire-st-martin.ch\/wp-content\/uploads\/2022\/11\/314913958_2480681632072033_2598656621891875974_n.jpg\",\"link\":\"https:\/\/foire-st-martin.ch\/pgc_simply_gallery\/2022-cortege-aux-flambeaux\/314913958_2480681632072033_2598656621891875974_n\/\",\"alt\":\"\",\"description\":\"\",\"caption\":\"\",\"mime\":\"image\/jpeg\",\"type\":\"image\",\"width\":1286,\"height\":965,\"sizes\":{\"thumbnail\":{\"url\":\"https:\/\/foire-st-martin.ch\/wp-content\/uploads\/2022\/11\/314913958_2480681632072033_2598656621891875974_n-150x150.jpg\",\"height\":150,\"width\":150,\"orientation\":\"landscape\"},\"medium\":{\"url\":\"https:\/\/foire-st-martin.ch\/wp-content\/uploads\/2022\/11\/314913958_2480681632072033_2598656621891875974_n-300x225.jpg\",\"height\":225,\"width\":300,\"orientation\":\"landscape\"},\"large\":{\"url\":\"https:\/\/foire-st-martin.ch\/wp-content\/uploads\/2022\/11\/314913958_2480681632072033_2598656621891875974_n-1024x768.jpg\",\"height\":768,\"width\":1024,\"orientation\":\"landscape\"},\"full\":{\"url\":\"https:\/\/foire-st-martin.ch\/wp-content\/uploads\/2022\/11\/314913958_2480681632072033_2598656621891875974_n.jpg\",\"height\":965,\"width\":1286,\"orientation\":\"landscape\"}},\"meta\":false,\"postlink\":\"https:\/\/foire-st-martin.ch\/pgc_simply_gallery\/2022-cortege-aux-flambeaux\/314913958_2480681632072033_2598656621891875974_n\/\"},{\"id\":1975,\"title\":\"314909962_10159326688147549_3539696507539526451_n\",\"url\":\"https:\/\/foire-st-martin.ch\/wp-content\/uploads\/2022\/11\/314909962_10159326688147549_3539696507539526451_n.jpg\",\"link\":\"https:\/\/foire-st-martin.ch\/pgc_simply_gallery\/2022-cortege-aux-flambeaux\/314909962_10159326688147549_3539696507539526451_n\/\",\"alt\":\"\",\"description\":\"\",\"caption\":\"\",\"mime\":\"image\/jpeg\",\"type\":\"image\",\"width\":2048,\"height\":1536,\"sizes\":{\"thumbnail\":{\"url\":\"https:\/\/foire-st-martin.ch\/wp-content\/uploads\/2022\/11\/314909962_10159326688147549_3539696507539526451_n-150x150.jpg\",\"height\":150,\"width\":150,\"orientation\":\"landscape\"},\"medium\":{\"url\":\"https:\/\/foire-st-martin.ch\/wp-content\/uploads\/2022\/11\/314909962_10159326688147549_3539696507539526451_n-300x225.jpg\",\"height\":225,\"width\":300,\"orientation\":\"landscape\"},\"large\":{\"url\":\"https:\/\/foire-st-martin.ch\/wp-content\/uploads\/2022\/11\/314909962_10159326688147549_3539696507539526451_n-1024x768.jpg\",\"height\":768,\"width\":1024,\"orientation\":\"landscape\"},\"full\":{\"url\":\"https:\/\/foire-st-martin.ch\/wp-content\/uploads\/2022\/11\/314909962_10159326688147549_3539696507539526451_n.jpg\",\"height\":1536,\"width\":2048,\"orientation\":\"landscape\"}},\"meta\":false,\"postlink\":\"https:\/\/foire-st-martin.ch\/pgc_simply_gallery\/2022-cortege-aux-flambeaux\/314909962_10159326688147549_3539696507539526451_n\/\"}],\"itemsMetaDataCollection\":[]}<\/script><script>(function(){if(window.PGC_SGB && window.PGC_SGB.searcher){window.PGC_SGB.searcher.initBlocks()}})()<\/script><\/div>[\/et_pb_code][\/et_pb_column][\/et_pb_row][et_pb_row module_class=&#8221;splitter&#8221; _builder_version=&#8221;4.18.0&#8243; _module_preset=&#8221;default&#8221; global_colors_info=&#8221;{}&#8221;][et_pb_column type=&#8221;4_4&#8243; _builder_version=&#8221;4.18.0&#8243; _module_preset=&#8221;default&#8221; global_colors_info=&#8221;{}&#8221;][et_pb_text _builder_version=&#8221;4.18.0&#8243; _module_preset=&#8221;default&#8221; global_colors_info=&#8221;{}&#8221;]<p>Pr\u00e9paration cort\u00e8ge du mardi<\/p>[\/et_pb_text][\/et_pb_column][\/et_pb_row][et_pb_row _builder_version=&#8221;4.18.0&#8243; _module_preset=&#8221;default&#8221; global_colors_info=&#8221;{}&#8221;][et_pb_column type=&#8221;4_4&#8243; _builder_version=&#8221;4.18.0&#8243; _module_preset=&#8221;default&#8221; global_colors_info=&#8221;{}&#8221;][et_pb_code _builder_version=&#8221;4.18.0&#8243; _module_preset=&#8221;default&#8221; global_colors_info=&#8221;{}&#8221;]<div class=\"pgc-sgb-cb wp-block-pgcsimplygalleryblock-grid \" data-gallery-id=\"9d043006\"><div class=\"sgb-preloader\" id=\"pr_9d043006\">\n\t<div class=\"sgb-square\" style=\"background:#d4d4d4\"><\/div>\n\t<div class=\"sgb-square\" style=\"background:#d4d4d4\"><\/div>\n\t<div class=\"sgb-square\" style=\"background:#d4d4d4\"><\/div>\n\t<div class=\"sgb-square\" style=\"background:#d4d4d4\"><\/div><\/div><div class=\"simply-gallery-amp pgc_sgb_slider \" style=\"display: none;\"><div class=\"sgb-gallery\"><div class=\"sgb-item\"><a href=\"https:\/\/foire-st-martin.ch\/en\/pgc_simply_gallery\/2022-preparation-cortege-du-mardi\/img_3952\/\"><img decoding=\"async\" alt=\"\" width=\"300\" height=\"225\" loading=\"lazy\" src=\"https:\/\/foire-st-martin.ch\/wp-content\/uploads\/2023\/03\/IMG_3952-300x225.jpeg\"\/><\/a><\/div><div class=\"sgb-item\"><a href=\"https:\/\/foire-st-martin.ch\/en\/pgc_simply_gallery\/2022-preparation-cortege-du-mardi\/img_3950\/\"><img decoding=\"async\" alt=\"\" width=\"225\" height=\"300\" loading=\"lazy\" src=\"https:\/\/foire-st-martin.ch\/wp-content\/uploads\/2023\/03\/IMG_3950-225x300.jpeg\"\/><\/a><\/div><div class=\"sgb-item\"><a href=\"https:\/\/foire-st-martin.ch\/en\/pgc_simply_gallery\/2022-preparation-cortege-du-mardi\/img_3947\/\"><img decoding=\"async\" alt=\"\" width=\"300\" height=\"225\" loading=\"lazy\" src=\"https:\/\/foire-st-martin.ch\/wp-content\/uploads\/2023\/03\/IMG_3947-300x225.jpeg\"\/><\/a><\/div><div class=\"sgb-item\"><a href=\"https:\/\/foire-st-martin.ch\/en\/pgc_simply_gallery\/2022-preparation-cortege-du-mardi\/img_3945\/\"><img decoding=\"async\" alt=\"\" width=\"225\" height=\"300\" loading=\"lazy\" src=\"https:\/\/foire-st-martin.ch\/wp-content\/uploads\/2023\/03\/IMG_3945-225x300.jpeg\"\/><\/a><\/div><div class=\"sgb-item\"><a href=\"https:\/\/foire-st-martin.ch\/en\/pgc_simply_gallery\/2022-preparation-cortege-du-mardi\/img_3940\/\"><img decoding=\"async\" alt=\"\" width=\"300\" height=\"225\" loading=\"lazy\" src=\"https:\/\/foire-st-martin.ch\/wp-content\/uploads\/2023\/03\/IMG_3940-300x225.jpeg\"\/><\/a><\/div><div class=\"sgb-item\"><a href=\"https:\/\/foire-st-martin.ch\/en\/pgc_simply_gallery\/2022-preparation-cortege-du-mardi\/img_3938\/\"><img decoding=\"async\" alt=\"\" width=\"300\" height=\"225\" loading=\"lazy\" src=\"https:\/\/foire-st-martin.ch\/wp-content\/uploads\/2023\/03\/IMG_3938-300x225.jpeg\"\/><\/a><\/div><div class=\"sgb-item\"><a href=\"https:\/\/foire-st-martin.ch\/en\/pgc_simply_gallery\/2022-preparation-cortege-du-mardi\/img_3934\/\"><img decoding=\"async\" alt=\"\" width=\"300\" height=\"225\" loading=\"lazy\" src=\"https:\/\/foire-st-martin.ch\/wp-content\/uploads\/2023\/03\/IMG_3934-300x225.jpeg\"\/><\/a><\/div><div class=\"sgb-item\"><a href=\"https:\/\/foire-st-martin.ch\/en\/pgc_simply_gallery\/2022-preparation-cortege-du-mardi\/img_3933\/\"><img decoding=\"async\" alt=\"\" width=\"225\" height=\"300\" loading=\"lazy\" src=\"https:\/\/foire-st-martin.ch\/wp-content\/uploads\/2023\/03\/IMG_3933-225x300.jpeg\"\/><\/a><\/div><div class=\"sgb-item\"><a href=\"https:\/\/foire-st-martin.ch\/en\/pgc_simply_gallery\/2022-preparation-cortege-du-mardi\/img_3931\/\"><img decoding=\"async\" alt=\"\" width=\"300\" height=\"225\" loading=\"lazy\" src=\"https:\/\/foire-st-martin.ch\/wp-content\/uploads\/2023\/03\/IMG_3931-300x225.jpeg\"\/><\/a><\/div><div class=\"sgb-item\"><a href=\"https:\/\/foire-st-martin.ch\/en\/pgc_simply_gallery\/2022-preparation-cortege-du-mardi\/img_3929\/\"><img decoding=\"async\" alt=\"\" width=\"300\" height=\"225\" loading=\"lazy\" src=\"https:\/\/foire-st-martin.ch\/wp-content\/uploads\/2023\/03\/IMG_3929-300x225.jpeg\"\/><\/a><\/div><div class=\"sgb-item\"><a href=\"https:\/\/foire-st-martin.ch\/en\/pgc_simply_gallery\/2022-preparation-cortege-du-mardi\/img_3927\/\"><img decoding=\"async\" alt=\"\" width=\"300\" height=\"225\" loading=\"lazy\" src=\"https:\/\/foire-st-martin.ch\/wp-content\/uploads\/2023\/03\/IMG_3927-300x225.jpeg\"\/><\/a><\/div><div class=\"sgb-item\"><a href=\"https:\/\/foire-st-martin.ch\/en\/pgc_simply_gallery\/2022-preparation-cortege-du-mardi\/img_3924\/\"><img decoding=\"async\" alt=\"\" width=\"300\" height=\"225\" loading=\"lazy\" src=\"https:\/\/foire-st-martin.ch\/wp-content\/uploads\/2023\/03\/IMG_3924-300x225.jpeg\"\/><\/a><\/div><div class=\"sgb-item\"><a href=\"https:\/\/foire-st-martin.ch\/en\/pgc_simply_gallery\/2022-preparation-cortege-du-mardi\/img_3922\/\"><img decoding=\"async\" alt=\"\" width=\"300\" height=\"225\" loading=\"lazy\" src=\"https:\/\/foire-st-martin.ch\/wp-content\/uploads\/2023\/03\/IMG_3922-300x225.jpeg\"\/><\/a><\/div><div class=\"sgb-item\"><a href=\"https:\/\/foire-st-martin.ch\/en\/pgc_simply_gallery\/2022-preparation-cortege-du-mardi\/img_3919\/\"><img decoding=\"async\" alt=\"\" width=\"300\" height=\"225\" loading=\"lazy\" src=\"https:\/\/foire-st-martin.ch\/wp-content\/uploads\/2023\/03\/IMG_3919-300x225.jpeg\"\/><\/a><\/div><div class=\"sgb-item\"><a href=\"https:\/\/foire-st-martin.ch\/en\/pgc_simply_gallery\/2022-preparation-cortege-du-mardi\/img_3918\/\"><img decoding=\"async\" alt=\"\" width=\"300\" height=\"225\" loading=\"lazy\" src=\"https:\/\/foire-st-martin.ch\/wp-content\/uploads\/2023\/03\/IMG_3918-300x225.jpeg\"\/><\/a><\/div><div class=\"sgb-item\"><a href=\"https:\/\/foire-st-martin.ch\/en\/pgc_simply_gallery\/2022-preparation-cortege-du-mardi\/img_3917\/\"><img decoding=\"async\" alt=\"\" width=\"225\" height=\"300\" loading=\"lazy\" src=\"https:\/\/foire-st-martin.ch\/wp-content\/uploads\/2023\/03\/IMG_3917-225x300.jpeg\"\/><\/a><\/div><div class=\"sgb-item\"><a href=\"https:\/\/foire-st-martin.ch\/en\/pgc_simply_gallery\/2022-preparation-cortege-du-mardi\/img_3916\/\"><img decoding=\"async\" alt=\"\" width=\"300\" height=\"225\" loading=\"lazy\" src=\"https:\/\/foire-st-martin.ch\/wp-content\/uploads\/2023\/03\/IMG_3916-300x225.jpeg\"\/><\/a><\/div><div class=\"sgb-item\"><a href=\"https:\/\/foire-st-martin.ch\/en\/pgc_simply_gallery\/2022-preparation-cortege-du-mardi\/img_3914\/\"><img decoding=\"async\" alt=\"\" width=\"300\" height=\"225\" loading=\"lazy\" src=\"https:\/\/foire-st-martin.ch\/wp-content\/uploads\/2023\/03\/IMG_3914-300x225.jpeg\"\/><\/a><\/div><div class=\"sgb-item\"><a href=\"https:\/\/foire-st-martin.ch\/en\/pgc_simply_gallery\/2022-preparation-cortege-du-mardi\/img_3911\/\"><img decoding=\"async\" alt=\"\" width=\"300\" height=\"225\" loading=\"lazy\" src=\"https:\/\/foire-st-martin.ch\/wp-content\/uploads\/2023\/03\/IMG_3911-300x225.jpeg\"\/><\/a><\/div><div class=\"sgb-item\"><a href=\"https:\/\/foire-st-martin.ch\/en\/pgc_simply_gallery\/2022-preparation-cortege-du-mardi\/img_3910\/\"><img decoding=\"async\" alt=\"\" width=\"300\" height=\"225\" loading=\"lazy\" src=\"https:\/\/foire-st-martin.ch\/wp-content\/uploads\/2023\/03\/IMG_3910-300x225.jpeg\"\/><\/a><\/div><div class=\"sgb-item\"><a href=\"https:\/\/foire-st-martin.ch\/en\/pgc_simply_gallery\/2022-preparation-cortege-du-mardi\/img_3907\/\"><img decoding=\"async\" alt=\"\" width=\"300\" height=\"225\" loading=\"lazy\" src=\"https:\/\/foire-st-martin.ch\/wp-content\/uploads\/2023\/03\/IMG_3907-300x225.jpeg\"\/><\/a><\/div><div class=\"sgb-item\"><a href=\"https:\/\/foire-st-martin.ch\/en\/pgc_simply_gallery\/2022-preparation-cortege-du-mardi\/img_3905\/\"><img decoding=\"async\" alt=\"\" width=\"300\" height=\"225\" loading=\"lazy\" src=\"https:\/\/foire-st-martin.ch\/wp-content\/uploads\/2023\/03\/IMG_3905-300x225.jpeg\"\/><\/a><\/div><div class=\"sgb-item\"><a href=\"https:\/\/foire-st-martin.ch\/en\/pgc_simply_gallery\/2022-preparation-cortege-du-mardi\/img_3901\/\"><img decoding=\"async\" alt=\"\" width=\"300\" height=\"225\" loading=\"lazy\" src=\"https:\/\/foire-st-martin.ch\/wp-content\/uploads\/2023\/03\/IMG_3901-300x225.jpeg\"\/><\/a><\/div><div class=\"sgb-item\"><a href=\"https:\/\/foire-st-martin.ch\/en\/pgc_simply_gallery\/2022-preparation-cortege-du-mardi\/img_3897\/\"><img decoding=\"async\" alt=\"\" width=\"300\" height=\"225\" loading=\"lazy\" src=\"https:\/\/foire-st-martin.ch\/wp-content\/uploads\/2023\/03\/IMG_3897-300x225.jpeg\"\/><\/a><\/div><div class=\"sgb-item\"><a href=\"https:\/\/foire-st-martin.ch\/en\/pgc_simply_gallery\/2022-preparation-cortege-du-mardi\/img_3896\/\"><img decoding=\"async\" alt=\"\" width=\"300\" height=\"225\" loading=\"lazy\" src=\"https:\/\/foire-st-martin.ch\/wp-content\/uploads\/2023\/03\/IMG_3896-300x225.jpeg\"\/><\/a><\/div><div class=\"sgb-item\"><a href=\"https:\/\/foire-st-martin.ch\/en\/pgc_simply_gallery\/2022-preparation-cortege-du-mardi\/img_3895\/\"><img decoding=\"async\" alt=\"\" width=\"300\" height=\"225\" loading=\"lazy\" src=\"https:\/\/foire-st-martin.ch\/wp-content\/uploads\/2023\/03\/IMG_3895-300x225.jpeg\"\/><\/a><\/div><div class=\"sgb-item\"><a href=\"https:\/\/foire-st-martin.ch\/en\/pgc_simply_gallery\/2022-preparation-cortege-du-mardi\/2022_8_11_st_martin_74\/\"><img decoding=\"async\" alt=\"\" width=\"200\" height=\"300\" loading=\"lazy\" src=\"https:\/\/foire-st-martin.ch\/wp-content\/uploads\/2023\/03\/2022_8_11_St_MARTIN_74-200x300.jpg\"\/><\/a><\/div><div class=\"sgb-item\"><a href=\"https:\/\/foire-st-martin.ch\/en\/pgc_simply_gallery\/2022-preparation-cortege-du-mardi\/2022_8_11_st_martin_75\/\"><img decoding=\"async\" alt=\"\" width=\"300\" height=\"200\" loading=\"lazy\" src=\"https:\/\/foire-st-martin.ch\/wp-content\/uploads\/2023\/03\/2022_8_11_St_MARTIN_75-300x200.jpg\"\/><\/a><\/div><div class=\"sgb-item\"><a href=\"https:\/\/foire-st-martin.ch\/en\/pgc_simply_gallery\/2022-preparation-cortege-du-mardi\/2022_8_11_st_martin_76\/\"><img decoding=\"async\" alt=\"\" width=\"200\" height=\"300\" loading=\"lazy\" src=\"https:\/\/foire-st-martin.ch\/wp-content\/uploads\/2023\/03\/2022_8_11_St_MARTIN_76-200x300.jpg\"\/><\/a><\/div><div class=\"sgb-item\"><a href=\"https:\/\/foire-st-martin.ch\/en\/pgc_simply_gallery\/2022-preparation-cortege-du-mardi\/2022_8_11_st_martin_81\/\"><img decoding=\"async\" alt=\"\" width=\"300\" height=\"200\" loading=\"lazy\" src=\"https:\/\/foire-st-martin.ch\/wp-content\/uploads\/2023\/03\/2022_8_11_St_MARTIN_81-300x200.jpg\"\/><\/a><\/div><div class=\"sgb-item\"><a href=\"https:\/\/foire-st-martin.ch\/en\/pgc_simply_gallery\/2022-preparation-cortege-du-mardi\/2022_8_11_st_martin_13\/\"><img decoding=\"async\" alt=\"\" width=\"200\" height=\"300\" loading=\"lazy\" src=\"https:\/\/foire-st-martin.ch\/wp-content\/uploads\/2023\/03\/2022_8_11_St_MARTIN_13-200x300.jpg\"\/><\/a><\/div><div class=\"sgb-item\"><a href=\"https:\/\/foire-st-martin.ch\/en\/pgc_simply_gallery\/2022-preparation-cortege-du-mardi\/2022_8_11_st_martin_12\/\"><img decoding=\"async\" alt=\"\" width=\"200\" height=\"300\" loading=\"lazy\" src=\"https:\/\/foire-st-martin.ch\/wp-content\/uploads\/2023\/03\/2022_8_11_St_MARTIN_12-200x300.jpg\"\/><\/a><\/div><div class=\"sgb-item\"><a href=\"https:\/\/foire-st-martin.ch\/en\/pgc_simply_gallery\/2022-preparation-cortege-du-mardi\/2022_8_11_st_martin_09\/\"><img decoding=\"async\" alt=\"\" width=\"300\" height=\"200\" loading=\"lazy\" src=\"https:\/\/foire-st-martin.ch\/wp-content\/uploads\/2023\/03\/2022_8_11_St_MARTIN_09-300x200.jpg\"\/><\/a><\/div><div class=\"sgb-item\"><a href=\"https:\/\/foire-st-martin.ch\/en\/pgc_simply_gallery\/2022-preparation-cortege-du-mardi\/2022_8_11_st_martin_06\/\"><img decoding=\"async\" alt=\"\" width=\"200\" height=\"300\" loading=\"lazy\" src=\"https:\/\/foire-st-martin.ch\/wp-content\/uploads\/2023\/03\/2022_8_11_St_MARTIN_06-200x300.jpg\"\/><\/a><\/div><div class=\"sgb-item\"><a href=\"https:\/\/foire-st-martin.ch\/en\/pgc_simply_gallery\/2022-preparation-cortege-du-mardi\/2022_8_11_st_martin_03\/\"><img decoding=\"async\" alt=\"\" width=\"200\" height=\"300\" loading=\"lazy\" src=\"https:\/\/foire-st-martin.ch\/wp-content\/uploads\/2023\/03\/2022_8_11_St_MARTIN_03-200x300.jpg\"\/><\/a><\/div><div class=\"sgb-item\"><a href=\"https:\/\/foire-st-martin.ch\/en\/pgc_simply_gallery\/2022-preparation-cortege-du-mardi\/2022_8_11_st_martin_01\/\"><img decoding=\"async\" alt=\"\" width=\"200\" height=\"300\" loading=\"lazy\" src=\"https:\/\/foire-st-martin.ch\/wp-content\/uploads\/2023\/03\/2022_8_11_St_MARTIN_01-200x300.jpg\"\/><\/a><\/div><div class=\"sgb-item\"><a href=\"https:\/\/foire-st-martin.ch\/en\/pgc_simply_gallery\/2022-preparation-cortege-du-mardi\/2022_8_11_st_martin_16\/\"><img decoding=\"async\" alt=\"\" width=\"200\" height=\"300\" loading=\"lazy\" src=\"https:\/\/foire-st-martin.ch\/wp-content\/uploads\/2023\/03\/2022_8_11_St_MARTIN_16-200x300.jpg\"\/><\/a><\/div><div class=\"sgb-item\"><a href=\"https:\/\/foire-st-martin.ch\/en\/pgc_simply_gallery\/2022-preparation-cortege-du-mardi\/2022_8_11_st_martin_18\/\"><img decoding=\"async\" alt=\"\" width=\"200\" height=\"300\" loading=\"lazy\" src=\"https:\/\/foire-st-martin.ch\/wp-content\/uploads\/2023\/03\/2022_8_11_St_MARTIN_18-200x300.jpg\"\/><\/a><\/div><div class=\"sgb-item\"><a href=\"https:\/\/foire-st-martin.ch\/en\/pgc_simply_gallery\/2022-preparation-cortege-du-mardi\/2022_8_11_st_martin_20\/\"><img decoding=\"async\" alt=\"\" width=\"200\" height=\"300\" loading=\"lazy\" src=\"https:\/\/foire-st-martin.ch\/wp-content\/uploads\/2023\/03\/2022_8_11_St_MARTIN_20-200x300.jpg\"\/><\/a><\/div><div class=\"sgb-item\"><a href=\"https:\/\/foire-st-martin.ch\/en\/pgc_simply_gallery\/2022-preparation-cortege-du-mardi\/2022_8_11_st_martin_29\/\"><img decoding=\"async\" alt=\"\" width=\"300\" height=\"200\" loading=\"lazy\" src=\"https:\/\/foire-st-martin.ch\/wp-content\/uploads\/2023\/03\/2022_8_11_St_MARTIN_29-300x200.jpg\"\/><\/a><\/div><div class=\"sgb-item\"><a href=\"https:\/\/foire-st-martin.ch\/en\/pgc_simply_gallery\/2022-preparation-cortege-du-mardi\/2022_8_11_st_martin_30\/\"><img decoding=\"async\" alt=\"\" width=\"300\" height=\"200\" loading=\"lazy\" src=\"https:\/\/foire-st-martin.ch\/wp-content\/uploads\/2023\/03\/2022_8_11_St_MARTIN_30-300x200.jpg\"\/><\/a><\/div><div class=\"sgb-item\"><a href=\"https:\/\/foire-st-martin.ch\/en\/pgc_simply_gallery\/2022-preparation-cortege-du-mardi\/2022_8_11_st_martin_31\/\"><img decoding=\"async\" alt=\"\" width=\"300\" height=\"200\" loading=\"lazy\" src=\"https:\/\/foire-st-martin.ch\/wp-content\/uploads\/2023\/03\/2022_8_11_St_MARTIN_31-300x200.jpg\"\/><\/a><\/div><div class=\"sgb-item\"><a href=\"https:\/\/foire-st-martin.ch\/en\/pgc_simply_gallery\/2022-preparation-cortege-du-mardi\/2022_8_11_st_martin_47\/\"><img decoding=\"async\" alt=\"\" width=\"300\" height=\"200\" loading=\"lazy\" src=\"https:\/\/foire-st-martin.ch\/wp-content\/uploads\/2023\/03\/2022_8_11_St_MARTIN_47-300x200.jpg\"\/><\/a><\/div><div class=\"sgb-item\"><a href=\"https:\/\/foire-st-martin.ch\/en\/pgc_simply_gallery\/2022-preparation-cortege-du-mardi\/2022_8_11_st_martin_45\/\"><img decoding=\"async\" alt=\"\" width=\"200\" height=\"300\" loading=\"lazy\" src=\"https:\/\/foire-st-martin.ch\/wp-content\/uploads\/2023\/03\/2022_8_11_St_MARTIN_45-200x300.jpg\"\/><\/a><\/div><div class=\"sgb-item\"><a href=\"https:\/\/foire-st-martin.ch\/en\/pgc_simply_gallery\/2022-preparation-cortege-du-mardi\/2022_8_11_st_martin_44\/\"><img decoding=\"async\" alt=\"\" width=\"200\" height=\"300\" loading=\"lazy\" src=\"https:\/\/foire-st-martin.ch\/wp-content\/uploads\/2023\/03\/2022_8_11_St_MARTIN_44-200x300.jpg\"\/><\/a><\/div><div class=\"sgb-item\"><a href=\"https:\/\/foire-st-martin.ch\/en\/pgc_simply_gallery\/2022-preparation-cortege-du-mardi\/2022_8_11_st_martin_43\/\"><img decoding=\"async\" alt=\"\" width=\"200\" height=\"300\" loading=\"lazy\" src=\"https:\/\/foire-st-martin.ch\/wp-content\/uploads\/2023\/03\/2022_8_11_St_MARTIN_43-200x300.jpg\"\/><\/a><\/div><div class=\"sgb-item\"><a href=\"https:\/\/foire-st-martin.ch\/en\/pgc_simply_gallery\/2022-preparation-cortege-du-mardi\/2022_8_11_st_martin_40\/\"><img decoding=\"async\" alt=\"\" width=\"300\" height=\"200\" loading=\"lazy\" src=\"https:\/\/foire-st-martin.ch\/wp-content\/uploads\/2023\/03\/2022_8_11_St_MARTIN_40-300x200.jpg\"\/><\/a><\/div><div class=\"sgb-item\"><a href=\"https:\/\/foire-st-martin.ch\/en\/pgc_simply_gallery\/2022-preparation-cortege-du-mardi\/2022_8_11_st_martin_36\/\"><img decoding=\"async\" alt=\"\" width=\"200\" height=\"300\" loading=\"lazy\" src=\"https:\/\/foire-st-martin.ch\/wp-content\/uploads\/2023\/03\/2022_8_11_St_MARTIN_36-200x300.jpg\"\/><\/a><\/div><div class=\"sgb-item\"><a href=\"https:\/\/foire-st-martin.ch\/en\/pgc_simply_gallery\/2022-preparation-cortege-du-mardi\/2022_8_11_st_martin_49\/\"><img decoding=\"async\" alt=\"\" width=\"300\" height=\"200\" loading=\"lazy\" src=\"https:\/\/foire-st-martin.ch\/wp-content\/uploads\/2023\/03\/2022_8_11_St_MARTIN_49-300x200.jpg\"\/><\/a><\/div><div class=\"sgb-item\"><a href=\"https:\/\/foire-st-martin.ch\/en\/pgc_simply_gallery\/2022-preparation-cortege-du-mardi\/2022_8_11_st_martin_51\/\"><img decoding=\"async\" alt=\"\" width=\"300\" height=\"200\" loading=\"lazy\" src=\"https:\/\/foire-st-martin.ch\/wp-content\/uploads\/2023\/03\/2022_8_11_St_MARTIN_51-300x200.jpg\"\/><\/a><\/div><div class=\"sgb-item\"><a href=\"https:\/\/foire-st-martin.ch\/en\/pgc_simply_gallery\/2022-preparation-cortege-du-mardi\/2022_8_11_st_martin_53\/\"><img decoding=\"async\" alt=\"\" width=\"300\" height=\"200\" loading=\"lazy\" src=\"https:\/\/foire-st-martin.ch\/wp-content\/uploads\/2023\/03\/2022_8_11_St_MARTIN_53-300x200.jpg\"\/><\/a><\/div><div class=\"sgb-item\"><a href=\"https:\/\/foire-st-martin.ch\/en\/pgc_simply_gallery\/2022-preparation-cortege-du-mardi\/2022_8_11_st_martin_55\/\"><img decoding=\"async\" alt=\"\" width=\"300\" height=\"200\" loading=\"lazy\" src=\"https:\/\/foire-st-martin.ch\/wp-content\/uploads\/2023\/03\/2022_8_11_St_MARTIN_55-300x200.jpg\"\/><\/a><\/div><div class=\"sgb-item\"><a href=\"https:\/\/foire-st-martin.ch\/en\/pgc_simply_gallery\/2022-preparation-cortege-du-mardi\/2022_8_11_st_martin_60\/\"><img decoding=\"async\" alt=\"\" width=\"200\" height=\"300\" loading=\"lazy\" src=\"https:\/\/foire-st-martin.ch\/wp-content\/uploads\/2023\/03\/2022_8_11_St_MARTIN_60-200x300.jpg\"\/><\/a><\/div><div class=\"sgb-item\"><a href=\"https:\/\/foire-st-martin.ch\/en\/pgc_simply_gallery\/2022-preparation-cortege-du-mardi\/2022_8_11_st_martin_62\/\"><img decoding=\"async\" alt=\"\" width=\"200\" height=\"300\" loading=\"lazy\" src=\"https:\/\/foire-st-martin.ch\/wp-content\/uploads\/2023\/03\/2022_8_11_St_MARTIN_62-200x300.jpg\"\/><\/a><\/div><div class=\"sgb-item\"><a href=\"https:\/\/foire-st-martin.ch\/en\/pgc_simply_gallery\/2022-preparation-cortege-du-mardi\/2022_8_11_st_martin_72\/\"><img decoding=\"async\" alt=\"\" width=\"200\" height=\"300\" loading=\"lazy\" src=\"https:\/\/foire-st-martin.ch\/wp-content\/uploads\/2023\/03\/2022_8_11_St_MARTIN_72-200x300.jpg\"\/><\/a><\/div><div class=\"sgb-item\"><a href=\"https:\/\/foire-st-martin.ch\/en\/pgc_simply_gallery\/2022-preparation-cortege-du-mardi\/2022_8_11_st_martin_71\/\"><img decoding=\"async\" alt=\"\" width=\"300\" height=\"200\" loading=\"lazy\" src=\"https:\/\/foire-st-martin.ch\/wp-content\/uploads\/2023\/03\/2022_8_11_St_MARTIN_71-300x200.jpg\"\/><\/a><\/div><div class=\"sgb-item\"><a href=\"https:\/\/foire-st-martin.ch\/en\/pgc_simply_gallery\/2022-preparation-cortege-du-mardi\/2022_8_11_st_martin_70\/\"><img decoding=\"async\" alt=\"\" width=\"300\" height=\"200\" loading=\"lazy\" src=\"https:\/\/foire-st-martin.ch\/wp-content\/uploads\/2023\/03\/2022_8_11_St_MARTIN_70-300x200.jpg\"\/><\/a><\/div><div class=\"sgb-item\"><a href=\"https:\/\/foire-st-martin.ch\/en\/pgc_simply_gallery\/2022-preparation-cortege-du-mardi\/2022_8_11_st_martin_68\/\"><img decoding=\"async\" alt=\"\" width=\"300\" height=\"200\" loading=\"lazy\" src=\"https:\/\/foire-st-martin.ch\/wp-content\/uploads\/2023\/03\/2022_8_11_St_MARTIN_68-300x200.jpg\"\/><\/a><\/div><div class=\"sgb-item\"><a href=\"https:\/\/foire-st-martin.ch\/en\/pgc_simply_gallery\/2022-preparation-cortege-du-mardi\/2022_8_11_st_martin_67\/\"><img decoding=\"async\" alt=\"\" width=\"200\" height=\"300\" loading=\"lazy\" src=\"https:\/\/foire-st-martin.ch\/wp-content\/uploads\/2023\/03\/2022_8_11_St_MARTIN_67-200x300.jpg\"\/><\/a><\/div><div class=\"sgb-item\"><a href=\"https:\/\/foire-st-martin.ch\/en\/pgc_simply_gallery\/2022-preparation-cortege-du-mardi\/2022_8_11_st_martin_63\/\"><img decoding=\"async\" alt=\"\" width=\"200\" height=\"300\" loading=\"lazy\" src=\"https:\/\/foire-st-martin.ch\/wp-content\/uploads\/2023\/03\/2022_8_11_St_MARTIN_63-200x300.jpg\"\/><\/a><\/div><\/div><\/div><script type=\"application\/json\" class=\"sgb-data\">{\"galleryType\":\"pgc_sgb_grid\",\"galleryId\":\"9d043006\",\"images\":[{\"id\":2280,\"title\":\"IMG_3952\",\"url\":\"https:\/\/foire-st-martin.ch\/wp-content\/uploads\/2023\/03\/IMG_3952.jpeg\",\"link\":\"https:\/\/foire-st-martin.ch\/pgc_simply_gallery\/2022-preparation-cortege-du-mardi\/img_3952\/\",\"alt\":\"\",\"description\":\"\",\"caption\":\"\",\"mime\":\"image\/jpeg\",\"type\":\"image\",\"width\":2048,\"height\":1536,\"sizes\":{\"thumbnail\":{\"url\":\"https:\/\/foire-st-martin.ch\/wp-content\/uploads\/2023\/03\/IMG_3952-150x150.jpeg\",\"height\":150,\"width\":150,\"orientation\":\"landscape\"},\"medium\":{\"url\":\"https:\/\/foire-st-martin.ch\/wp-content\/uploads\/2023\/03\/IMG_3952-300x225.jpeg\",\"height\":225,\"width\":300,\"orientation\":\"landscape\"},\"large\":{\"url\":\"https:\/\/foire-st-martin.ch\/wp-content\/uploads\/2023\/03\/IMG_3952-1024x768.jpeg\",\"height\":768,\"width\":1024,\"orientation\":\"landscape\"},\"full\":{\"url\":\"https:\/\/foire-st-martin.ch\/wp-content\/uploads\/2023\/03\/IMG_3952.jpeg\",\"height\":1536,\"width\":2048,\"orientation\":\"landscape\"}},\"meta\":false,\"postlink\":\"https:\/\/foire-st-martin.ch\/pgc_simply_gallery\/2022-preparation-cortege-du-mardi\/img_3952\/\"},{\"id\":2279,\"title\":\"IMG_3950\",\"url\":\"https:\/\/foire-st-martin.ch\/wp-content\/uploads\/2023\/03\/IMG_3950.jpeg\",\"link\":\"https:\/\/foire-st-martin.ch\/pgc_simply_gallery\/2022-preparation-cortege-du-mardi\/img_3950\/\",\"alt\":\"\",\"description\":\"\",\"caption\":\"\",\"mime\":\"image\/jpeg\",\"type\":\"image\",\"width\":1536,\"height\":2048,\"sizes\":{\"thumbnail\":{\"url\":\"https:\/\/foire-st-martin.ch\/wp-content\/uploads\/2023\/03\/IMG_3950-150x150.jpeg\",\"height\":150,\"width\":150,\"orientation\":\"landscape\"},\"medium\":{\"url\":\"https:\/\/foire-st-martin.ch\/wp-content\/uploads\/2023\/03\/IMG_3950-225x300.jpeg\",\"height\":300,\"width\":225,\"orientation\":\"portrait\"},\"large\":{\"url\":\"https:\/\/foire-st-martin.ch\/wp-content\/uploads\/2023\/03\/IMG_3950-768x1024.jpeg\",\"height\":1024,\"width\":768,\"orientation\":\"portrait\"},\"full\":{\"url\":\"https:\/\/foire-st-martin.ch\/wp-content\/uploads\/2023\/03\/IMG_3950.jpeg\",\"height\":2048,\"width\":1536,\"orientation\":\"portrait\"}},\"meta\":false,\"postlink\":\"https:\/\/foire-st-martin.ch\/pgc_simply_gallery\/2022-preparation-cortege-du-mardi\/img_3950\/\"},{\"id\":2278,\"title\":\"IMG_3947\",\"url\":\"https:\/\/foire-st-martin.ch\/wp-content\/uploads\/2023\/03\/IMG_3947.jpeg\",\"link\":\"https:\/\/foire-st-martin.ch\/pgc_simply_gallery\/2022-preparation-cortege-du-mardi\/img_3947\/\",\"alt\":\"\",\"description\":\"\",\"caption\":\"\",\"mime\":\"image\/jpeg\",\"type\":\"image\",\"width\":2048,\"height\":1536,\"sizes\":{\"thumbnail\":{\"url\":\"https:\/\/foire-st-martin.ch\/wp-content\/uploads\/2023\/03\/IMG_3947-150x150.jpeg\",\"height\":150,\"width\":150,\"orientation\":\"landscape\"},\"medium\":{\"url\":\"https:\/\/foire-st-martin.ch\/wp-content\/uploads\/2023\/03\/IMG_3947-300x225.jpeg\",\"height\":225,\"width\":300,\"orientation\":\"landscape\"},\"large\":{\"url\":\"https:\/\/foire-st-martin.ch\/wp-content\/uploads\/2023\/03\/IMG_3947-1024x768.jpeg\",\"height\":768,\"width\":1024,\"orientation\":\"landscape\"},\"full\":{\"url\":\"https:\/\/foire-st-martin.ch\/wp-content\/uploads\/2023\/03\/IMG_3947.jpeg\",\"height\":1536,\"width\":2048,\"orientation\":\"landscape\"}},\"meta\":false,\"postlink\":\"https:\/\/foire-st-martin.ch\/pgc_simply_gallery\/2022-preparation-cortege-du-mardi\/img_3947\/\"},{\"id\":2277,\"title\":\"IMG_3945\",\"url\":\"https:\/\/foire-st-martin.ch\/wp-content\/uploads\/2023\/03\/IMG_3945.jpeg\",\"link\":\"https:\/\/foire-st-martin.ch\/pgc_simply_gallery\/2022-preparation-cortege-du-mardi\/img_3945\/\",\"alt\":\"\",\"description\":\"\",\"caption\":\"\",\"mime\":\"image\/jpeg\",\"type\":\"image\",\"width\":1536,\"height\":2048,\"sizes\":{\"thumbnail\":{\"url\":\"https:\/\/foire-st-martin.ch\/wp-content\/uploads\/2023\/03\/IMG_3945-150x150.jpeg\",\"height\":150,\"width\":150,\"orientation\":\"landscape\"},\"medium\":{\"url\":\"https:\/\/foire-st-martin.ch\/wp-content\/uploads\/2023\/03\/IMG_3945-225x300.jpeg\",\"height\":300,\"width\":225,\"orientation\":\"portrait\"},\"large\":{\"url\":\"https:\/\/foire-st-martin.ch\/wp-content\/uploads\/2023\/03\/IMG_3945-768x1024.jpeg\",\"height\":1024,\"width\":768,\"orientation\":\"portrait\"},\"full\":{\"url\":\"https:\/\/foire-st-martin.ch\/wp-content\/uploads\/2023\/03\/IMG_3945.jpeg\",\"height\":2048,\"width\":1536,\"orientation\":\"portrait\"}},\"meta\":false,\"postlink\":\"https:\/\/foire-st-martin.ch\/pgc_simply_gallery\/2022-preparation-cortege-du-mardi\/img_3945\/\"},{\"id\":2276,\"title\":\"IMG_3940\",\"url\":\"https:\/\/foire-st-martin.ch\/wp-content\/uploads\/2023\/03\/IMG_3940.jpeg\",\"link\":\"https:\/\/foire-st-martin.ch\/pgc_simply_gallery\/2022-preparation-cortege-du-mardi\/img_3940\/\",\"alt\":\"\",\"description\":\"\",\"caption\":\"\",\"mime\":\"image\/jpeg\",\"type\":\"image\",\"width\":2048,\"height\":1536,\"sizes\":{\"thumbnail\":{\"url\":\"https:\/\/foire-st-martin.ch\/wp-content\/uploads\/2023\/03\/IMG_3940-150x150.jpeg\",\"height\":150,\"width\":150,\"orientation\":\"landscape\"},\"medium\":{\"url\":\"https:\/\/foire-st-martin.ch\/wp-content\/uploads\/2023\/03\/IMG_3940-300x225.jpeg\",\"height\":225,\"width\":300,\"orientation\":\"landscape\"},\"large\":{\"url\":\"https:\/\/foire-st-martin.ch\/wp-content\/uploads\/2023\/03\/IMG_3940-1024x768.jpeg\",\"height\":768,\"width\":1024,\"orientation\":\"landscape\"},\"full\":{\"url\":\"https:\/\/foire-st-martin.ch\/wp-content\/uploads\/2023\/03\/IMG_3940.jpeg\",\"height\":1536,\"width\":2048,\"orientation\":\"landscape\"}},\"meta\":false,\"postlink\":\"https:\/\/foire-st-martin.ch\/pgc_simply_gallery\/2022-preparation-cortege-du-mardi\/img_3940\/\"},{\"id\":2275,\"title\":\"IMG_3938\",\"url\":\"https:\/\/foire-st-martin.ch\/wp-content\/uploads\/2023\/03\/IMG_3938.jpeg\",\"link\":\"https:\/\/foire-st-martin.ch\/pgc_simply_gallery\/2022-preparation-cortege-du-mardi\/img_3938\/\",\"alt\":\"\",\"description\":\"\",\"caption\":\"\",\"mime\":\"image\/jpeg\",\"type\":\"image\",\"width\":2048,\"height\":1536,\"sizes\":{\"thumbnail\":{\"url\":\"https:\/\/foire-st-martin.ch\/wp-content\/uploads\/2023\/03\/IMG_3938-150x150.jpeg\",\"height\":150,\"width\":150,\"orientation\":\"landscape\"},\"medium\":{\"url\":\"https:\/\/foire-st-martin.ch\/wp-content\/uploads\/2023\/03\/IMG_3938-300x225.jpeg\",\"height\":225,\"width\":300,\"orientation\":\"landscape\"},\"large\":{\"url\":\"https:\/\/foire-st-martin.ch\/wp-content\/uploads\/2023\/03\/IMG_3938-1024x768.jpeg\",\"height\":768,\"width\":1024,\"orientation\":\"landscape\"},\"full\":{\"url\":\"https:\/\/foire-st-martin.ch\/wp-content\/uploads\/2023\/03\/IMG_3938.jpeg\",\"height\":1536,\"width\":2048,\"orientation\":\"landscape\"}},\"meta\":false,\"postlink\":\"https:\/\/foire-st-martin.ch\/pgc_simply_gallery\/2022-preparation-cortege-du-mardi\/img_3938\/\"},{\"id\":2274,\"title\":\"IMG_3934\",\"url\":\"https:\/\/foire-st-martin.ch\/wp-content\/uploads\/2023\/03\/IMG_3934.jpeg\",\"link\":\"https:\/\/foire-st-martin.ch\/pgc_simply_gallery\/2022-preparation-cortege-du-mardi\/img_3934\/\",\"alt\":\"\",\"description\":\"\",\"caption\":\"\",\"mime\":\"image\/jpeg\",\"type\":\"image\",\"width\":2048,\"height\":1536,\"sizes\":{\"thumbnail\":{\"url\":\"https:\/\/foire-st-martin.ch\/wp-content\/uploads\/2023\/03\/IMG_3934-150x150.jpeg\",\"height\":150,\"width\":150,\"orientation\":\"landscape\"},\"medium\":{\"url\":\"https:\/\/foire-st-martin.ch\/wp-content\/uploads\/2023\/03\/IMG_3934-300x225.jpeg\",\"height\":225,\"width\":300,\"orientation\":\"landscape\"},\"large\":{\"url\":\"https:\/\/foire-st-martin.ch\/wp-content\/uploads\/2023\/03\/IMG_3934-1024x768.jpeg\",\"height\":768,\"width\":1024,\"orientation\":\"landscape\"},\"full\":{\"url\":\"https:\/\/foire-st-martin.ch\/wp-content\/uploads\/2023\/03\/IMG_3934.jpeg\",\"height\":1536,\"width\":2048,\"orientation\":\"landscape\"}},\"meta\":false,\"postlink\":\"https:\/\/foire-st-martin.ch\/pgc_simply_gallery\/2022-preparation-cortege-du-mardi\/img_3934\/\"},{\"id\":2273,\"title\":\"IMG_3933\",\"url\":\"https:\/\/foire-st-martin.ch\/wp-content\/uploads\/2023\/03\/IMG_3933.jpeg\",\"link\":\"https:\/\/foire-st-martin.ch\/pgc_simply_gallery\/2022-preparation-cortege-du-mardi\/img_3933\/\",\"alt\":\"\",\"description\":\"\",\"caption\":\"\",\"mime\":\"image\/jpeg\",\"type\":\"image\",\"width\":1536,\"height\":2048,\"sizes\":{\"thumbnail\":{\"url\":\"https:\/\/foire-st-martin.ch\/wp-content\/uploads\/2023\/03\/IMG_3933-150x150.jpeg\",\"height\":150,\"width\":150,\"orientation\":\"landscape\"},\"medium\":{\"url\":\"https:\/\/foire-st-martin.ch\/wp-content\/uploads\/2023\/03\/IMG_3933-225x300.jpeg\",\"height\":300,\"width\":225,\"orientation\":\"portrait\"},\"large\":{\"url\":\"https:\/\/foire-st-martin.ch\/wp-content\/uploads\/2023\/03\/IMG_3933-768x1024.jpeg\",\"height\":1024,\"width\":768,\"orientation\":\"portrait\"},\"full\":{\"url\":\"https:\/\/foire-st-martin.ch\/wp-content\/uploads\/2023\/03\/IMG_3933.jpeg\",\"height\":2048,\"width\":1536,\"orientation\":\"portrait\"}},\"meta\":false,\"postlink\":\"https:\/\/foire-st-martin.ch\/pgc_simply_gallery\/2022-preparation-cortege-du-mardi\/img_3933\/\"},{\"id\":2272,\"title\":\"IMG_3931\",\"url\":\"https:\/\/foire-st-martin.ch\/wp-content\/uploads\/2023\/03\/IMG_3931.jpeg\",\"link\":\"https:\/\/foire-st-martin.ch\/pgc_simply_gallery\/2022-preparation-cortege-du-mardi\/img_3931\/\",\"alt\":\"\",\"description\":\"\",\"caption\":\"\",\"mime\":\"image\/jpeg\",\"type\":\"image\",\"width\":2048,\"height\":1536,\"sizes\":{\"thumbnail\":{\"url\":\"https:\/\/foire-st-martin.ch\/wp-content\/uploads\/2023\/03\/IMG_3931-150x150.jpeg\",\"height\":150,\"width\":150,\"orientation\":\"landscape\"},\"medium\":{\"url\":\"https:\/\/foire-st-martin.ch\/wp-content\/uploads\/2023\/03\/IMG_3931-300x225.jpeg\",\"height\":225,\"width\":300,\"orientation\":\"landscape\"},\"large\":{\"url\":\"https:\/\/foire-st-martin.ch\/wp-content\/uploads\/2023\/03\/IMG_3931-1024x768.jpeg\",\"height\":768,\"width\":1024,\"orientation\":\"landscape\"},\"full\":{\"url\":\"https:\/\/foire-st-martin.ch\/wp-content\/uploads\/2023\/03\/IMG_3931.jpeg\",\"height\":1536,\"width\":2048,\"orientation\":\"landscape\"}},\"meta\":false,\"postlink\":\"https:\/\/foire-st-martin.ch\/pgc_simply_gallery\/2022-preparation-cortege-du-mardi\/img_3931\/\"},{\"id\":2271,\"title\":\"IMG_3929\",\"url\":\"https:\/\/foire-st-martin.ch\/wp-content\/uploads\/2023\/03\/IMG_3929.jpeg\",\"link\":\"https:\/\/foire-st-martin.ch\/pgc_simply_gallery\/2022-preparation-cortege-du-mardi\/img_3929\/\",\"alt\":\"\",\"description\":\"\",\"caption\":\"\",\"mime\":\"image\/jpeg\",\"type\":\"image\",\"width\":2048,\"height\":1536,\"sizes\":{\"thumbnail\":{\"url\":\"https:\/\/foire-st-martin.ch\/wp-content\/uploads\/2023\/03\/IMG_3929-150x150.jpeg\",\"height\":150,\"width\":150,\"orientation\":\"landscape\"},\"medium\":{\"url\":\"https:\/\/foire-st-martin.ch\/wp-content\/uploads\/2023\/03\/IMG_3929-300x225.jpeg\",\"height\":225,\"width\":300,\"orientation\":\"landscape\"},\"large\":{\"url\":\"https:\/\/foire-st-martin.ch\/wp-content\/uploads\/2023\/03\/IMG_3929-1024x768.jpeg\",\"height\":768,\"width\":1024,\"orientation\":\"landscape\"},\"full\":{\"url\":\"https:\/\/foire-st-martin.ch\/wp-content\/uploads\/2023\/03\/IMG_3929.jpeg\",\"height\":1536,\"width\":2048,\"orientation\":\"landscape\"}},\"meta\":false,\"postlink\":\"https:\/\/foire-st-martin.ch\/pgc_simply_gallery\/2022-preparation-cortege-du-mardi\/img_3929\/\"},{\"id\":2270,\"title\":\"IMG_3927\",\"url\":\"https:\/\/foire-st-martin.ch\/wp-content\/uploads\/2023\/03\/IMG_3927.jpeg\",\"link\":\"https:\/\/foire-st-martin.ch\/pgc_simply_gallery\/2022-preparation-cortege-du-mardi\/img_3927\/\",\"alt\":\"\",\"description\":\"\",\"caption\":\"\",\"mime\":\"image\/jpeg\",\"type\":\"image\",\"width\":2048,\"height\":1536,\"sizes\":{\"thumbnail\":{\"url\":\"https:\/\/foire-st-martin.ch\/wp-content\/uploads\/2023\/03\/IMG_3927-150x150.jpeg\",\"height\":150,\"width\":150,\"orientation\":\"landscape\"},\"medium\":{\"url\":\"https:\/\/foire-st-martin.ch\/wp-content\/uploads\/2023\/03\/IMG_3927-300x225.jpeg\",\"height\":225,\"width\":300,\"orientation\":\"landscape\"},\"large\":{\"url\":\"https:\/\/foire-st-martin.ch\/wp-content\/uploads\/2023\/03\/IMG_3927-1024x768.jpeg\",\"height\":768,\"width\":1024,\"orientation\":\"landscape\"},\"full\":{\"url\":\"https:\/\/foire-st-martin.ch\/wp-content\/uploads\/2023\/03\/IMG_3927.jpeg\",\"height\":1536,\"width\":2048,\"orientation\":\"landscape\"}},\"meta\":false,\"postlink\":\"https:\/\/foire-st-martin.ch\/pgc_simply_gallery\/2022-preparation-cortege-du-mardi\/img_3927\/\"},{\"id\":2269,\"title\":\"IMG_3924\",\"url\":\"https:\/\/foire-st-martin.ch\/wp-content\/uploads\/2023\/03\/IMG_3924.jpeg\",\"link\":\"https:\/\/foire-st-martin.ch\/pgc_simply_gallery\/2022-preparation-cortege-du-mardi\/img_3924\/\",\"alt\":\"\",\"description\":\"\",\"caption\":\"\",\"mime\":\"image\/jpeg\",\"type\":\"image\",\"width\":2048,\"height\":1536,\"sizes\":{\"thumbnail\":{\"url\":\"https:\/\/foire-st-martin.ch\/wp-content\/uploads\/2023\/03\/IMG_3924-150x150.jpeg\",\"height\":150,\"width\":150,\"orientation\":\"landscape\"},\"medium\":{\"url\":\"https:\/\/foire-st-martin.ch\/wp-content\/uploads\/2023\/03\/IMG_3924-300x225.jpeg\",\"height\":225,\"width\":300,\"orientation\":\"landscape\"},\"large\":{\"url\":\"https:\/\/foire-st-martin.ch\/wp-content\/uploads\/2023\/03\/IMG_3924-1024x768.jpeg\",\"height\":768,\"width\":1024,\"orientation\":\"landscape\"},\"full\":{\"url\":\"https:\/\/foire-st-martin.ch\/wp-content\/uploads\/2023\/03\/IMG_3924.jpeg\",\"height\":1536,\"width\":2048,\"orientation\":\"landscape\"}},\"meta\":false,\"postlink\":\"https:\/\/foire-st-martin.ch\/pgc_simply_gallery\/2022-preparation-cortege-du-mardi\/img_3924\/\"},{\"id\":2268,\"title\":\"IMG_3922\",\"url\":\"https:\/\/foire-st-martin.ch\/wp-content\/uploads\/2023\/03\/IMG_3922.jpeg\",\"link\":\"https:\/\/foire-st-martin.ch\/pgc_simply_gallery\/2022-preparation-cortege-du-mardi\/img_3922\/\",\"alt\":\"\",\"description\":\"\",\"caption\":\"\",\"mime\":\"image\/jpeg\",\"type\":\"image\",\"width\":2048,\"height\":1536,\"sizes\":{\"thumbnail\":{\"url\":\"https:\/\/foire-st-martin.ch\/wp-content\/uploads\/2023\/03\/IMG_3922-150x150.jpeg\",\"height\":150,\"width\":150,\"orientation\":\"landscape\"},\"medium\":{\"url\":\"https:\/\/foire-st-martin.ch\/wp-content\/uploads\/2023\/03\/IMG_3922-300x225.jpeg\",\"height\":225,\"width\":300,\"orientation\":\"landscape\"},\"large\":{\"url\":\"https:\/\/foire-st-martin.ch\/wp-content\/uploads\/2023\/03\/IMG_3922-1024x768.jpeg\",\"height\":768,\"width\":1024,\"orientation\":\"landscape\"},\"full\":{\"url\":\"https:\/\/foire-st-martin.ch\/wp-content\/uploads\/2023\/03\/IMG_3922.jpeg\",\"height\":1536,\"width\":2048,\"orientation\":\"landscape\"}},\"meta\":false,\"postlink\":\"https:\/\/foire-st-martin.ch\/pgc_simply_gallery\/2022-preparation-cortege-du-mardi\/img_3922\/\"},{\"id\":2267,\"title\":\"IMG_3919\",\"url\":\"https:\/\/foire-st-martin.ch\/wp-content\/uploads\/2023\/03\/IMG_3919.jpeg\",\"link\":\"https:\/\/foire-st-martin.ch\/pgc_simply_gallery\/2022-preparation-cortege-du-mardi\/img_3919\/\",\"alt\":\"\",\"description\":\"\",\"caption\":\"\",\"mime\":\"image\/jpeg\",\"type\":\"image\",\"width\":2048,\"height\":1536,\"sizes\":{\"thumbnail\":{\"url\":\"https:\/\/foire-st-martin.ch\/wp-content\/uploads\/2023\/03\/IMG_3919-150x150.jpeg\",\"height\":150,\"width\":150,\"orientation\":\"landscape\"},\"medium\":{\"url\":\"https:\/\/foire-st-martin.ch\/wp-content\/uploads\/2023\/03\/IMG_3919-300x225.jpeg\",\"height\":225,\"width\":300,\"orientation\":\"landscape\"},\"large\":{\"url\":\"https:\/\/foire-st-martin.ch\/wp-content\/uploads\/2023\/03\/IMG_3919-1024x768.jpeg\",\"height\":768,\"width\":1024,\"orientation\":\"landscape\"},\"full\":{\"url\":\"https:\/\/foire-st-martin.ch\/wp-content\/uploads\/2023\/03\/IMG_3919.jpeg\",\"height\":1536,\"width\":2048,\"orientation\":\"landscape\"}},\"meta\":false,\"postlink\":\"https:\/\/foire-st-martin.ch\/pgc_simply_gallery\/2022-preparation-cortege-du-mardi\/img_3919\/\"},{\"id\":2266,\"title\":\"IMG_3918\",\"url\":\"https:\/\/foire-st-martin.ch\/wp-content\/uploads\/2023\/03\/IMG_3918.jpeg\",\"link\":\"https:\/\/foire-st-martin.ch\/pgc_simply_gallery\/2022-preparation-cortege-du-mardi\/img_3918\/\",\"alt\":\"\",\"description\":\"\",\"caption\":\"\",\"mime\":\"image\/jpeg\",\"type\":\"image\",\"width\":2048,\"height\":1536,\"sizes\":{\"thumbnail\":{\"url\":\"https:\/\/foire-st-martin.ch\/wp-content\/uploads\/2023\/03\/IMG_3918-150x150.jpeg\",\"height\":150,\"width\":150,\"orientation\":\"landscape\"},\"medium\":{\"url\":\"https:\/\/foire-st-martin.ch\/wp-content\/uploads\/2023\/03\/IMG_3918-300x225.jpeg\",\"height\":225,\"width\":300,\"orientation\":\"landscape\"},\"large\":{\"url\":\"https:\/\/foire-st-martin.ch\/wp-content\/uploads\/2023\/03\/IMG_3918-1024x768.jpeg\",\"height\":768,\"width\":1024,\"orientation\":\"landscape\"},\"full\":{\"url\":\"https:\/\/foire-st-martin.ch\/wp-content\/uploads\/2023\/03\/IMG_3918.jpeg\",\"height\":1536,\"width\":2048,\"orientation\":\"landscape\"}},\"meta\":false,\"postlink\":\"https:\/\/foire-st-martin.ch\/pgc_simply_gallery\/2022-preparation-cortege-du-mardi\/img_3918\/\"},{\"id\":2265,\"title\":\"IMG_3917\",\"url\":\"https:\/\/foire-st-martin.ch\/wp-content\/uploads\/2023\/03\/IMG_3917.jpeg\",\"link\":\"https:\/\/foire-st-martin.ch\/pgc_simply_gallery\/2022-preparation-cortege-du-mardi\/img_3917\/\",\"alt\":\"\",\"description\":\"\",\"caption\":\"\",\"mime\":\"image\/jpeg\",\"type\":\"image\",\"width\":1536,\"height\":2048,\"sizes\":{\"thumbnail\":{\"url\":\"https:\/\/foire-st-martin.ch\/wp-content\/uploads\/2023\/03\/IMG_3917-150x150.jpeg\",\"height\":150,\"width\":150,\"orientation\":\"landscape\"},\"medium\":{\"url\":\"https:\/\/foire-st-martin.ch\/wp-content\/uploads\/2023\/03\/IMG_3917-225x300.jpeg\",\"height\":300,\"width\":225,\"orientation\":\"portrait\"},\"large\":{\"url\":\"https:\/\/foire-st-martin.ch\/wp-content\/uploads\/2023\/03\/IMG_3917-768x1024.jpeg\",\"height\":1024,\"width\":768,\"orientation\":\"portrait\"},\"full\":{\"url\":\"https:\/\/foire-st-martin.ch\/wp-content\/uploads\/2023\/03\/IMG_3917.jpeg\",\"height\":2048,\"width\":1536,\"orientation\":\"portrait\"}},\"meta\":false,\"postlink\":\"https:\/\/foire-st-martin.ch\/pgc_simply_gallery\/2022-preparation-cortege-du-mardi\/img_3917\/\"},{\"id\":2264,\"title\":\"IMG_3916\",\"url\":\"https:\/\/foire-st-martin.ch\/wp-content\/uploads\/2023\/03\/IMG_3916.jpeg\",\"link\":\"https:\/\/foire-st-martin.ch\/pgc_simply_gallery\/2022-preparation-cortege-du-mardi\/img_3916\/\",\"alt\":\"\",\"description\":\"\",\"caption\":\"\",\"mime\":\"image\/jpeg\",\"type\":\"image\",\"width\":2048,\"height\":1536,\"sizes\":{\"thumbnail\":{\"url\":\"https:\/\/foire-st-martin.ch\/wp-content\/uploads\/2023\/03\/IMG_3916-150x150.jpeg\",\"height\":150,\"width\":150,\"orientation\":\"landscape\"},\"medium\":{\"url\":\"https:\/\/foire-st-martin.ch\/wp-content\/uploads\/2023\/03\/IMG_3916-300x225.jpeg\",\"height\":225,\"width\":300,\"orientation\":\"landscape\"},\"large\":{\"url\":\"https:\/\/foire-st-martin.ch\/wp-content\/uploads\/2023\/03\/IMG_3916-1024x768.jpeg\",\"height\":768,\"width\":1024,\"orientation\":\"landscape\"},\"full\":{\"url\":\"https:\/\/foire-st-martin.ch\/wp-content\/uploads\/2023\/03\/IMG_3916.jpeg\",\"height\":1536,\"width\":2048,\"orientation\":\"landscape\"}},\"meta\":false,\"postlink\":\"https:\/\/foire-st-martin.ch\/pgc_simply_gallery\/2022-preparation-cortege-du-mardi\/img_3916\/\"},{\"id\":2263,\"title\":\"IMG_3914\",\"url\":\"https:\/\/foire-st-martin.ch\/wp-content\/uploads\/2023\/03\/IMG_3914.jpeg\",\"link\":\"https:\/\/foire-st-martin.ch\/pgc_simply_gallery\/2022-preparation-cortege-du-mardi\/img_3914\/\",\"alt\":\"\",\"description\":\"\",\"caption\":\"\",\"mime\":\"image\/jpeg\",\"type\":\"image\",\"width\":2048,\"height\":1536,\"sizes\":{\"thumbnail\":{\"url\":\"https:\/\/foire-st-martin.ch\/wp-content\/uploads\/2023\/03\/IMG_3914-150x150.jpeg\",\"height\":150,\"width\":150,\"orientation\":\"landscape\"},\"medium\":{\"url\":\"https:\/\/foire-st-martin.ch\/wp-content\/uploads\/2023\/03\/IMG_3914-300x225.jpeg\",\"height\":225,\"width\":300,\"orientation\":\"landscape\"},\"large\":{\"url\":\"https:\/\/foire-st-martin.ch\/wp-content\/uploads\/2023\/03\/IMG_3914-1024x768.jpeg\",\"height\":768,\"width\":1024,\"orientation\":\"landscape\"},\"full\":{\"url\":\"https:\/\/foire-st-martin.ch\/wp-content\/uploads\/2023\/03\/IMG_3914.jpeg\",\"height\":1536,\"width\":2048,\"orientation\":\"landscape\"}},\"meta\":false,\"postlink\":\"https:\/\/foire-st-martin.ch\/pgc_simply_gallery\/2022-preparation-cortege-du-mardi\/img_3914\/\"},{\"id\":2262,\"title\":\"IMG_3911\",\"url\":\"https:\/\/foire-st-martin.ch\/wp-content\/uploads\/2023\/03\/IMG_3911.jpeg\",\"link\":\"https:\/\/foire-st-martin.ch\/pgc_simply_gallery\/2022-preparation-cortege-du-mardi\/img_3911\/\",\"alt\":\"\",\"description\":\"\",\"caption\":\"\",\"mime\":\"image\/jpeg\",\"type\":\"image\",\"width\":2048,\"height\":1536,\"sizes\":{\"thumbnail\":{\"url\":\"https:\/\/foire-st-martin.ch\/wp-content\/uploads\/2023\/03\/IMG_3911-150x150.jpeg\",\"height\":150,\"width\":150,\"orientation\":\"landscape\"},\"medium\":{\"url\":\"https:\/\/foire-st-martin.ch\/wp-content\/uploads\/2023\/03\/IMG_3911-300x225.jpeg\",\"height\":225,\"width\":300,\"orientation\":\"landscape\"},\"large\":{\"url\":\"https:\/\/foire-st-martin.ch\/wp-content\/uploads\/2023\/03\/IMG_3911-1024x768.jpeg\",\"height\":768,\"width\":1024,\"orientation\":\"landscape\"},\"full\":{\"url\":\"https:\/\/foire-st-martin.ch\/wp-content\/uploads\/2023\/03\/IMG_3911.jpeg\",\"height\":1536,\"width\":2048,\"orientation\":\"landscape\"}},\"meta\":false,\"postlink\":\"https:\/\/foire-st-martin.ch\/pgc_simply_gallery\/2022-preparation-cortege-du-mardi\/img_3911\/\"},{\"id\":2261,\"title\":\"IMG_3910\",\"url\":\"https:\/\/foire-st-martin.ch\/wp-content\/uploads\/2023\/03\/IMG_3910.jpeg\",\"link\":\"https:\/\/foire-st-martin.ch\/pgc_simply_gallery\/2022-preparation-cortege-du-mardi\/img_3910\/\",\"alt\":\"\",\"description\":\"\",\"caption\":\"\",\"mime\":\"image\/jpeg\",\"type\":\"image\",\"width\":2048,\"height\":1536,\"sizes\":{\"thumbnail\":{\"url\":\"https:\/\/foire-st-martin.ch\/wp-content\/uploads\/2023\/03\/IMG_3910-150x150.jpeg\",\"height\":150,\"width\":150,\"orientation\":\"landscape\"},\"medium\":{\"url\":\"https:\/\/foire-st-martin.ch\/wp-content\/uploads\/2023\/03\/IMG_3910-300x225.jpeg\",\"height\":225,\"width\":300,\"orientation\":\"landscape\"},\"large\":{\"url\":\"https:\/\/foire-st-martin.ch\/wp-content\/uploads\/2023\/03\/IMG_3910-1024x768.jpeg\",\"height\":768,\"width\":1024,\"orientation\":\"landscape\"},\"full\":{\"url\":\"https:\/\/foire-st-martin.ch\/wp-content\/uploads\/2023\/03\/IMG_3910.jpeg\",\"height\":1536,\"width\":2048,\"orientation\":\"landscape\"}},\"meta\":false,\"postlink\":\"https:\/\/foire-st-martin.ch\/pgc_simply_gallery\/2022-preparation-cortege-du-mardi\/img_3910\/\"},{\"id\":2259,\"title\":\"IMG_3907\",\"url\":\"https:\/\/foire-st-martin.ch\/wp-content\/uploads\/2023\/03\/IMG_3907.jpeg\",\"link\":\"https:\/\/foire-st-martin.ch\/pgc_simply_gallery\/2022-preparation-cortege-du-mardi\/img_3907\/\",\"alt\":\"\",\"description\":\"\",\"caption\":\"\",\"mime\":\"image\/jpeg\",\"type\":\"image\",\"width\":2048,\"height\":1536,\"sizes\":{\"thumbnail\":{\"url\":\"https:\/\/foire-st-martin.ch\/wp-content\/uploads\/2023\/03\/IMG_3907-150x150.jpeg\",\"height\":150,\"width\":150,\"orientation\":\"landscape\"},\"medium\":{\"url\":\"https:\/\/foire-st-martin.ch\/wp-content\/uploads\/2023\/03\/IMG_3907-300x225.jpeg\",\"height\":225,\"width\":300,\"orientation\":\"landscape\"},\"large\":{\"url\":\"https:\/\/foire-st-martin.ch\/wp-content\/uploads\/2023\/03\/IMG_3907-1024x768.jpeg\",\"height\":768,\"width\":1024,\"orientation\":\"landscape\"},\"full\":{\"url\":\"https:\/\/foire-st-martin.ch\/wp-content\/uploads\/2023\/03\/IMG_3907.jpeg\",\"height\":1536,\"width\":2048,\"orientation\":\"landscape\"}},\"meta\":false,\"postlink\":\"https:\/\/foire-st-martin.ch\/pgc_simply_gallery\/2022-preparation-cortege-du-mardi\/img_3907\/\"},{\"id\":2258,\"title\":\"IMG_3905\",\"url\":\"https:\/\/foire-st-martin.ch\/wp-content\/uploads\/2023\/03\/IMG_3905.jpeg\",\"link\":\"https:\/\/foire-st-martin.ch\/pgc_simply_gallery\/2022-preparation-cortege-du-mardi\/img_3905\/\",\"alt\":\"\",\"description\":\"\",\"caption\":\"\",\"mime\":\"image\/jpeg\",\"type\":\"image\",\"width\":2048,\"height\":1536,\"sizes\":{\"thumbnail\":{\"url\":\"https:\/\/foire-st-martin.ch\/wp-content\/uploads\/2023\/03\/IMG_3905-150x150.jpeg\",\"height\":150,\"width\":150,\"orientation\":\"landscape\"},\"medium\":{\"url\":\"https:\/\/foire-st-martin.ch\/wp-content\/uploads\/2023\/03\/IMG_3905-300x225.jpeg\",\"height\":225,\"width\":300,\"orientation\":\"landscape\"},\"large\":{\"url\":\"https:\/\/foire-st-martin.ch\/wp-content\/uploads\/2023\/03\/IMG_3905-1024x768.jpeg\",\"height\":768,\"width\":1024,\"orientation\":\"landscape\"},\"full\":{\"url\":\"https:\/\/foire-st-martin.ch\/wp-content\/uploads\/2023\/03\/IMG_3905.jpeg\",\"height\":1536,\"width\":2048,\"orientation\":\"landscape\"}},\"meta\":false,\"postlink\":\"https:\/\/foire-st-martin.ch\/pgc_simply_gallery\/2022-preparation-cortege-du-mardi\/img_3905\/\"},{\"id\":2257,\"title\":\"IMG_3901\",\"url\":\"https:\/\/foire-st-martin.ch\/wp-content\/uploads\/2023\/03\/IMG_3901.jpeg\",\"link\":\"https:\/\/foire-st-martin.ch\/pgc_simply_gallery\/2022-preparation-cortege-du-mardi\/img_3901\/\",\"alt\":\"\",\"description\":\"\",\"caption\":\"\",\"mime\":\"image\/jpeg\",\"type\":\"image\",\"width\":2048,\"height\":1536,\"sizes\":{\"thumbnail\":{\"url\":\"https:\/\/foire-st-martin.ch\/wp-content\/uploads\/2023\/03\/IMG_3901-150x150.jpeg\",\"height\":150,\"width\":150,\"orientation\":\"landscape\"},\"medium\":{\"url\":\"https:\/\/foire-st-martin.ch\/wp-content\/uploads\/2023\/03\/IMG_3901-300x225.jpeg\",\"height\":225,\"width\":300,\"orientation\":\"landscape\"},\"large\":{\"url\":\"https:\/\/foire-st-martin.ch\/wp-content\/uploads\/2023\/03\/IMG_3901-1024x768.jpeg\",\"height\":768,\"width\":1024,\"orientation\":\"landscape\"},\"full\":{\"url\":\"https:\/\/foire-st-martin.ch\/wp-content\/uploads\/2023\/03\/IMG_3901.jpeg\",\"height\":1536,\"width\":2048,\"orientation\":\"landscape\"}},\"meta\":false,\"postlink\":\"https:\/\/foire-st-martin.ch\/pgc_simply_gallery\/2022-preparation-cortege-du-mardi\/img_3901\/\"},{\"id\":2256,\"title\":\"IMG_3897\",\"url\":\"https:\/\/foire-st-martin.ch\/wp-content\/uploads\/2023\/03\/IMG_3897.jpeg\",\"link\":\"https:\/\/foire-st-martin.ch\/pgc_simply_gallery\/2022-preparation-cortege-du-mardi\/img_3897\/\",\"alt\":\"\",\"description\":\"\",\"caption\":\"\",\"mime\":\"image\/jpeg\",\"type\":\"image\",\"width\":2048,\"height\":1536,\"sizes\":{\"thumbnail\":{\"url\":\"https:\/\/foire-st-martin.ch\/wp-content\/uploads\/2023\/03\/IMG_3897-150x150.jpeg\",\"height\":150,\"width\":150,\"orientation\":\"landscape\"},\"medium\":{\"url\":\"https:\/\/foire-st-martin.ch\/wp-content\/uploads\/2023\/03\/IMG_3897-300x225.jpeg\",\"height\":225,\"width\":300,\"orientation\":\"landscape\"},\"large\":{\"url\":\"https:\/\/foire-st-martin.ch\/wp-content\/uploads\/2023\/03\/IMG_3897-1024x768.jpeg\",\"height\":768,\"width\":1024,\"orientation\":\"landscape\"},\"full\":{\"url\":\"https:\/\/foire-st-martin.ch\/wp-content\/uploads\/2023\/03\/IMG_3897.jpeg\",\"height\":1536,\"width\":2048,\"orientation\":\"landscape\"}},\"meta\":false,\"postlink\":\"https:\/\/foire-st-martin.ch\/pgc_simply_gallery\/2022-preparation-cortege-du-mardi\/img_3897\/\"},{\"id\":2255,\"title\":\"IMG_3896\",\"url\":\"https:\/\/foire-st-martin.ch\/wp-content\/uploads\/2023\/03\/IMG_3896.jpeg\",\"link\":\"https:\/\/foire-st-martin.ch\/pgc_simply_gallery\/2022-preparation-cortege-du-mardi\/img_3896\/\",\"alt\":\"\",\"description\":\"\",\"caption\":\"\",\"mime\":\"image\/jpeg\",\"type\":\"image\",\"width\":2048,\"height\":1536,\"sizes\":{\"thumbnail\":{\"url\":\"https:\/\/foire-st-martin.ch\/wp-content\/uploads\/2023\/03\/IMG_3896-150x150.jpeg\",\"height\":150,\"width\":150,\"orientation\":\"landscape\"},\"medium\":{\"url\":\"https:\/\/foire-st-martin.ch\/wp-content\/uploads\/2023\/03\/IMG_3896-300x225.jpeg\",\"height\":225,\"width\":300,\"orientation\":\"landscape\"},\"large\":{\"url\":\"https:\/\/foire-st-martin.ch\/wp-content\/uploads\/2023\/03\/IMG_3896-1024x768.jpeg\",\"height\":768,\"width\":1024,\"orientation\":\"landscape\"},\"full\":{\"url\":\"https:\/\/foire-st-martin.ch\/wp-content\/uploads\/2023\/03\/IMG_3896.jpeg\",\"height\":1536,\"width\":2048,\"orientation\":\"landscape\"}},\"meta\":false,\"postlink\":\"https:\/\/foire-st-martin.ch\/pgc_simply_gallery\/2022-preparation-cortege-du-mardi\/img_3896\/\"},{\"id\":2254,\"title\":\"IMG_3895\",\"url\":\"https:\/\/foire-st-martin.ch\/wp-content\/uploads\/2023\/03\/IMG_3895.jpeg\",\"link\":\"https:\/\/foire-st-martin.ch\/pgc_simply_gallery\/2022-preparation-cortege-du-mardi\/img_3895\/\",\"alt\":\"\",\"description\":\"\",\"caption\":\"\",\"mime\":\"image\/jpeg\",\"type\":\"image\",\"width\":2048,\"height\":1536,\"sizes\":{\"thumbnail\":{\"url\":\"https:\/\/foire-st-martin.ch\/wp-content\/uploads\/2023\/03\/IMG_3895-150x150.jpeg\",\"height\":150,\"width\":150,\"orientation\":\"landscape\"},\"medium\":{\"url\":\"https:\/\/foire-st-martin.ch\/wp-content\/uploads\/2023\/03\/IMG_3895-300x225.jpeg\",\"height\":225,\"width\":300,\"orientation\":\"landscape\"},\"large\":{\"url\":\"https:\/\/foire-st-martin.ch\/wp-content\/uploads\/2023\/03\/IMG_3895-1024x768.jpeg\",\"height\":768,\"width\":1024,\"orientation\":\"landscape\"},\"full\":{\"url\":\"https:\/\/foire-st-martin.ch\/wp-content\/uploads\/2023\/03\/IMG_3895.jpeg\",\"height\":1536,\"width\":2048,\"orientation\":\"landscape\"}},\"meta\":false,\"postlink\":\"https:\/\/foire-st-martin.ch\/pgc_simply_gallery\/2022-preparation-cortege-du-mardi\/img_3895\/\"},{\"id\":2050,\"title\":\"2022_8_11_St_MARTIN_74\",\"url\":\"https:\/\/foire-st-martin.ch\/wp-content\/uploads\/2023\/03\/2022_8_11_St_MARTIN_74-scaled.jpg\",\"link\":\"https:\/\/foire-st-martin.ch\/pgc_simply_gallery\/2022-preparation-cortege-du-mardi\/2022_8_11_st_martin_74\/\",\"alt\":\"\",\"description\":\"\",\"caption\":\"\",\"mime\":\"image\/jpeg\",\"type\":\"image\",\"width\":1707,\"height\":2560,\"sizes\":{\"thumbnail\":{\"url\":\"https:\/\/foire-st-martin.ch\/wp-content\/uploads\/2023\/03\/2022_8_11_St_MARTIN_74-150x150.jpg\",\"height\":150,\"width\":150,\"orientation\":\"landscape\"},\"medium\":{\"url\":\"https:\/\/foire-st-martin.ch\/wp-content\/uploads\/2023\/03\/2022_8_11_St_MARTIN_74-200x300.jpg\",\"height\":300,\"width\":200,\"orientation\":\"portrait\"},\"large\":{\"url\":\"https:\/\/foire-st-martin.ch\/wp-content\/uploads\/2023\/03\/2022_8_11_St_MARTIN_74-683x1024.jpg\",\"height\":1024,\"width\":683,\"orientation\":\"portrait\"},\"full\":{\"url\":\"https:\/\/foire-st-martin.ch\/wp-content\/uploads\/2023\/03\/2022_8_11_St_MARTIN_74-scaled.jpg\",\"height\":2560,\"width\":1707,\"orientation\":\"portrait\"}},\"meta\":false,\"postlink\":\"https:\/\/foire-st-martin.ch\/pgc_simply_gallery\/2022-preparation-cortege-du-mardi\/2022_8_11_st_martin_74\/\"},{\"id\":2051,\"title\":\"2022_8_11_St_MARTIN_75\",\"url\":\"https:\/\/foire-st-martin.ch\/wp-content\/uploads\/2023\/03\/2022_8_11_St_MARTIN_75-scaled.jpg\",\"link\":\"https:\/\/foire-st-martin.ch\/pgc_simply_gallery\/2022-preparation-cortege-du-mardi\/2022_8_11_st_martin_75\/\",\"alt\":\"\",\"description\":\"\",\"caption\":\"\",\"mime\":\"image\/jpeg\",\"type\":\"image\",\"width\":2560,\"height\":1707,\"sizes\":{\"thumbnail\":{\"url\":\"https:\/\/foire-st-martin.ch\/wp-content\/uploads\/2023\/03\/2022_8_11_St_MARTIN_75-150x150.jpg\",\"height\":150,\"width\":150,\"orientation\":\"landscape\"},\"medium\":{\"url\":\"https:\/\/foire-st-martin.ch\/wp-content\/uploads\/2023\/03\/2022_8_11_St_MARTIN_75-300x200.jpg\",\"height\":200,\"width\":300,\"orientation\":\"landscape\"},\"large\":{\"url\":\"https:\/\/foire-st-martin.ch\/wp-content\/uploads\/2023\/03\/2022_8_11_St_MARTIN_75-1024x683.jpg\",\"height\":683,\"width\":1024,\"orientation\":\"landscape\"},\"full\":{\"url\":\"https:\/\/foire-st-martin.ch\/wp-content\/uploads\/2023\/03\/2022_8_11_St_MARTIN_75-scaled.jpg\",\"height\":1707,\"width\":2560,\"orientation\":\"landscape\"}},\"meta\":false,\"postlink\":\"https:\/\/foire-st-martin.ch\/pgc_simply_gallery\/2022-preparation-cortege-du-mardi\/2022_8_11_st_martin_75\/\"},{\"id\":2052,\"title\":\"2022_8_11_St_MARTIN_76\",\"url\":\"https:\/\/foire-st-martin.ch\/wp-content\/uploads\/2023\/03\/2022_8_11_St_MARTIN_76-scaled.jpg\",\"link\":\"https:\/\/foire-st-martin.ch\/pgc_simply_gallery\/2022-preparation-cortege-du-mardi\/2022_8_11_st_martin_76\/\",\"alt\":\"\",\"description\":\"\",\"caption\":\"\",\"mime\":\"image\/jpeg\",\"type\":\"image\",\"width\":1707,\"height\":2560,\"sizes\":{\"thumbnail\":{\"url\":\"https:\/\/foire-st-martin.ch\/wp-content\/uploads\/2023\/03\/2022_8_11_St_MARTIN_76-150x150.jpg\",\"height\":150,\"width\":150,\"orientation\":\"landscape\"},\"medium\":{\"url\":\"https:\/\/foire-st-martin.ch\/wp-content\/uploads\/2023\/03\/2022_8_11_St_MARTIN_76-200x300.jpg\",\"height\":300,\"width\":200,\"orientation\":\"portrait\"},\"large\":{\"url\":\"https:\/\/foire-st-martin.ch\/wp-content\/uploads\/2023\/03\/2022_8_11_St_MARTIN_76-683x1024.jpg\",\"height\":1024,\"width\":683,\"orientation\":\"portrait\"},\"full\":{\"url\":\"https:\/\/foire-st-martin.ch\/wp-content\/uploads\/2023\/03\/2022_8_11_St_MARTIN_76-scaled.jpg\",\"height\":2560,\"width\":1707,\"orientation\":\"portrait\"}},\"meta\":false,\"postlink\":\"https:\/\/foire-st-martin.ch\/pgc_simply_gallery\/2022-preparation-cortege-du-mardi\/2022_8_11_st_martin_76\/\"},{\"id\":2053,\"title\":\"2022_8_11_St_MARTIN_81\",\"url\":\"https:\/\/foire-st-martin.ch\/wp-content\/uploads\/2023\/03\/2022_8_11_St_MARTIN_81-scaled.jpg\",\"link\":\"https:\/\/foire-st-martin.ch\/pgc_simply_gallery\/2022-preparation-cortege-du-mardi\/2022_8_11_st_martin_81\/\",\"alt\":\"\",\"description\":\"\",\"caption\":\"\",\"mime\":\"image\/jpeg\",\"type\":\"image\",\"width\":2560,\"height\":1707,\"sizes\":{\"thumbnail\":{\"url\":\"https:\/\/foire-st-martin.ch\/wp-content\/uploads\/2023\/03\/2022_8_11_St_MARTIN_81-150x150.jpg\",\"height\":150,\"width\":150,\"orientation\":\"landscape\"},\"medium\":{\"url\":\"https:\/\/foire-st-martin.ch\/wp-content\/uploads\/2023\/03\/2022_8_11_St_MARTIN_81-300x200.jpg\",\"height\":200,\"width\":300,\"orientation\":\"landscape\"},\"large\":{\"url\":\"https:\/\/foire-st-martin.ch\/wp-content\/uploads\/2023\/03\/2022_8_11_St_MARTIN_81-1024x683.jpg\",\"height\":683,\"width\":1024,\"orientation\":\"landscape\"},\"full\":{\"url\":\"https:\/\/foire-st-martin.ch\/wp-content\/uploads\/2023\/03\/2022_8_11_St_MARTIN_81-scaled.jpg\",\"height\":1707,\"width\":2560,\"orientation\":\"landscape\"}},\"meta\":false,\"postlink\":\"https:\/\/foire-st-martin.ch\/pgc_simply_gallery\/2022-preparation-cortege-du-mardi\/2022_8_11_st_martin_81\/\"},{\"id\":2059,\"title\":\"2022_8_11_St_MARTIN_13\",\"url\":\"https:\/\/foire-st-martin.ch\/wp-content\/uploads\/2023\/03\/2022_8_11_St_MARTIN_13-scaled.jpg\",\"link\":\"https:\/\/foire-st-martin.ch\/pgc_simply_gallery\/2022-preparation-cortege-du-mardi\/2022_8_11_st_martin_13\/\",\"alt\":\"\",\"description\":\"\",\"caption\":\"\",\"mime\":\"image\/jpeg\",\"type\":\"image\",\"width\":1707,\"height\":2560,\"sizes\":{\"thumbnail\":{\"url\":\"https:\/\/foire-st-martin.ch\/wp-content\/uploads\/2023\/03\/2022_8_11_St_MARTIN_13-150x150.jpg\",\"height\":150,\"width\":150,\"orientation\":\"landscape\"},\"medium\":{\"url\":\"https:\/\/foire-st-martin.ch\/wp-content\/uploads\/2023\/03\/2022_8_11_St_MARTIN_13-200x300.jpg\",\"height\":300,\"width\":200,\"orientation\":\"portrait\"},\"large\":{\"url\":\"https:\/\/foire-st-martin.ch\/wp-content\/uploads\/2023\/03\/2022_8_11_St_MARTIN_13-683x1024.jpg\",\"height\":1024,\"width\":683,\"orientation\":\"portrait\"},\"full\":{\"url\":\"https:\/\/foire-st-martin.ch\/wp-content\/uploads\/2023\/03\/2022_8_11_St_MARTIN_13-scaled.jpg\",\"height\":2560,\"width\":1707,\"orientation\":\"portrait\"}},\"meta\":false,\"postlink\":\"https:\/\/foire-st-martin.ch\/pgc_simply_gallery\/2022-preparation-cortege-du-mardi\/2022_8_11_st_martin_13\/\"},{\"id\":2058,\"title\":\"2022_8_11_St_MARTIN_12\",\"url\":\"https:\/\/foire-st-martin.ch\/wp-content\/uploads\/2023\/03\/2022_8_11_St_MARTIN_12-scaled.jpg\",\"link\":\"https:\/\/foire-st-martin.ch\/pgc_simply_gallery\/2022-preparation-cortege-du-mardi\/2022_8_11_st_martin_12\/\",\"alt\":\"\",\"description\":\"\",\"caption\":\"\",\"mime\":\"image\/jpeg\",\"type\":\"image\",\"width\":1707,\"height\":2560,\"sizes\":{\"thumbnail\":{\"url\":\"https:\/\/foire-st-martin.ch\/wp-content\/uploads\/2023\/03\/2022_8_11_St_MARTIN_12-150x150.jpg\",\"height\":150,\"width\":150,\"orientation\":\"landscape\"},\"medium\":{\"url\":\"https:\/\/foire-st-martin.ch\/wp-content\/uploads\/2023\/03\/2022_8_11_St_MARTIN_12-200x300.jpg\",\"height\":300,\"width\":200,\"orientation\":\"portrait\"},\"large\":{\"url\":\"https:\/\/foire-st-martin.ch\/wp-content\/uploads\/2023\/03\/2022_8_11_St_MARTIN_12-683x1024.jpg\",\"height\":1024,\"width\":683,\"orientation\":\"portrait\"},\"full\":{\"url\":\"https:\/\/foire-st-martin.ch\/wp-content\/uploads\/2023\/03\/2022_8_11_St_MARTIN_12-scaled.jpg\",\"height\":2560,\"width\":1707,\"orientation\":\"portrait\"}},\"meta\":false,\"postlink\":\"https:\/\/foire-st-martin.ch\/pgc_simply_gallery\/2022-preparation-cortege-du-mardi\/2022_8_11_st_martin_12\/\"},{\"id\":2057,\"title\":\"2022_8_11_St_MARTIN_09\",\"url\":\"https:\/\/foire-st-martin.ch\/wp-content\/uploads\/2023\/03\/2022_8_11_St_MARTIN_09-scaled.jpg\",\"link\":\"https:\/\/foire-st-martin.ch\/pgc_simply_gallery\/2022-preparation-cortege-du-mardi\/2022_8_11_st_martin_09\/\",\"alt\":\"\",\"description\":\"\",\"caption\":\"\",\"mime\":\"image\/jpeg\",\"type\":\"image\",\"width\":2560,\"height\":1707,\"sizes\":{\"thumbnail\":{\"url\":\"https:\/\/foire-st-martin.ch\/wp-content\/uploads\/2023\/03\/2022_8_11_St_MARTIN_09-150x150.jpg\",\"height\":150,\"width\":150,\"orientation\":\"landscape\"},\"medium\":{\"url\":\"https:\/\/foire-st-martin.ch\/wp-content\/uploads\/2023\/03\/2022_8_11_St_MARTIN_09-300x200.jpg\",\"height\":200,\"width\":300,\"orientation\":\"landscape\"},\"large\":{\"url\":\"https:\/\/foire-st-martin.ch\/wp-content\/uploads\/2023\/03\/2022_8_11_St_MARTIN_09-1024x683.jpg\",\"height\":683,\"width\":1024,\"orientation\":\"landscape\"},\"full\":{\"url\":\"https:\/\/foire-st-martin.ch\/wp-content\/uploads\/2023\/03\/2022_8_11_St_MARTIN_09-scaled.jpg\",\"height\":1707,\"width\":2560,\"orientation\":\"landscape\"}},\"meta\":false,\"postlink\":\"https:\/\/foire-st-martin.ch\/pgc_simply_gallery\/2022-preparation-cortege-du-mardi\/2022_8_11_st_martin_09\/\"},{\"id\":2056,\"title\":\"2022_8_11_St_MARTIN_06\",\"url\":\"https:\/\/foire-st-martin.ch\/wp-content\/uploads\/2023\/03\/2022_8_11_St_MARTIN_06-scaled.jpg\",\"link\":\"https:\/\/foire-st-martin.ch\/pgc_simply_gallery\/2022-preparation-cortege-du-mardi\/2022_8_11_st_martin_06\/\",\"alt\":\"\",\"description\":\"\",\"caption\":\"\",\"mime\":\"image\/jpeg\",\"type\":\"image\",\"width\":1707,\"height\":2560,\"sizes\":{\"thumbnail\":{\"url\":\"https:\/\/foire-st-martin.ch\/wp-content\/uploads\/2023\/03\/2022_8_11_St_MARTIN_06-150x150.jpg\",\"height\":150,\"width\":150,\"orientation\":\"landscape\"},\"medium\":{\"url\":\"https:\/\/foire-st-martin.ch\/wp-content\/uploads\/2023\/03\/2022_8_11_St_MARTIN_06-200x300.jpg\",\"height\":300,\"width\":200,\"orientation\":\"portrait\"},\"large\":{\"url\":\"https:\/\/foire-st-martin.ch\/wp-content\/uploads\/2023\/03\/2022_8_11_St_MARTIN_06-683x1024.jpg\",\"height\":1024,\"width\":683,\"orientation\":\"portrait\"},\"full\":{\"url\":\"https:\/\/foire-st-martin.ch\/wp-content\/uploads\/2023\/03\/2022_8_11_St_MARTIN_06-scaled.jpg\",\"height\":2560,\"width\":1707,\"orientation\":\"portrait\"}},\"meta\":false,\"postlink\":\"https:\/\/foire-st-martin.ch\/pgc_simply_gallery\/2022-preparation-cortege-du-mardi\/2022_8_11_st_martin_06\/\"},{\"id\":2055,\"title\":\"2022_8_11_St_MARTIN_03\",\"url\":\"https:\/\/foire-st-martin.ch\/wp-content\/uploads\/2023\/03\/2022_8_11_St_MARTIN_03-scaled.jpg\",\"link\":\"https:\/\/foire-st-martin.ch\/pgc_simply_gallery\/2022-preparation-cortege-du-mardi\/2022_8_11_st_martin_03\/\",\"alt\":\"\",\"description\":\"\",\"caption\":\"\",\"mime\":\"image\/jpeg\",\"type\":\"image\",\"width\":1707,\"height\":2560,\"sizes\":{\"thumbnail\":{\"url\":\"https:\/\/foire-st-martin.ch\/wp-content\/uploads\/2023\/03\/2022_8_11_St_MARTIN_03-150x150.jpg\",\"height\":150,\"width\":150,\"orientation\":\"landscape\"},\"medium\":{\"url\":\"https:\/\/foire-st-martin.ch\/wp-content\/uploads\/2023\/03\/2022_8_11_St_MARTIN_03-200x300.jpg\",\"height\":300,\"width\":200,\"orientation\":\"portrait\"},\"large\":{\"url\":\"https:\/\/foire-st-martin.ch\/wp-content\/uploads\/2023\/03\/2022_8_11_St_MARTIN_03-683x1024.jpg\",\"height\":1024,\"width\":683,\"orientation\":\"portrait\"},\"full\":{\"url\":\"https:\/\/foire-st-martin.ch\/wp-content\/uploads\/2023\/03\/2022_8_11_St_MARTIN_03-scaled.jpg\",\"height\":2560,\"width\":1707,\"orientation\":\"portrait\"}},\"meta\":false,\"postlink\":\"https:\/\/foire-st-martin.ch\/pgc_simply_gallery\/2022-preparation-cortege-du-mardi\/2022_8_11_st_martin_03\/\"},{\"id\":2054,\"title\":\"2022_8_11_St_MARTIN_01\",\"url\":\"https:\/\/foire-st-martin.ch\/wp-content\/uploads\/2023\/03\/2022_8_11_St_MARTIN_01-scaled.jpg\",\"link\":\"https:\/\/foire-st-martin.ch\/pgc_simply_gallery\/2022-preparation-cortege-du-mardi\/2022_8_11_st_martin_01\/\",\"alt\":\"\",\"description\":\"\",\"caption\":\"\",\"mime\":\"image\/jpeg\",\"type\":\"image\",\"width\":1707,\"height\":2560,\"sizes\":{\"thumbnail\":{\"url\":\"https:\/\/foire-st-martin.ch\/wp-content\/uploads\/2023\/03\/2022_8_11_St_MARTIN_01-150x150.jpg\",\"height\":150,\"width\":150,\"orientation\":\"landscape\"},\"medium\":{\"url\":\"https:\/\/foire-st-martin.ch\/wp-content\/uploads\/2023\/03\/2022_8_11_St_MARTIN_01-200x300.jpg\",\"height\":300,\"width\":200,\"orientation\":\"portrait\"},\"large\":{\"url\":\"https:\/\/foire-st-martin.ch\/wp-content\/uploads\/2023\/03\/2022_8_11_St_MARTIN_01-683x1024.jpg\",\"height\":1024,\"width\":683,\"orientation\":\"portrait\"},\"full\":{\"url\":\"https:\/\/foire-st-martin.ch\/wp-content\/uploads\/2023\/03\/2022_8_11_St_MARTIN_01-scaled.jpg\",\"height\":2560,\"width\":1707,\"orientation\":\"portrait\"}},\"meta\":false,\"postlink\":\"https:\/\/foire-st-martin.ch\/pgc_simply_gallery\/2022-preparation-cortege-du-mardi\/2022_8_11_st_martin_01\/\"},{\"id\":2060,\"title\":\"2022_8_11_St_MARTIN_16\",\"url\":\"https:\/\/foire-st-martin.ch\/wp-content\/uploads\/2023\/03\/2022_8_11_St_MARTIN_16-scaled.jpg\",\"link\":\"https:\/\/foire-st-martin.ch\/pgc_simply_gallery\/2022-preparation-cortege-du-mardi\/2022_8_11_st_martin_16\/\",\"alt\":\"\",\"description\":\"\",\"caption\":\"\",\"mime\":\"image\/jpeg\",\"type\":\"image\",\"width\":1707,\"height\":2560,\"sizes\":{\"thumbnail\":{\"url\":\"https:\/\/foire-st-martin.ch\/wp-content\/uploads\/2023\/03\/2022_8_11_St_MARTIN_16-150x150.jpg\",\"height\":150,\"width\":150,\"orientation\":\"landscape\"},\"medium\":{\"url\":\"https:\/\/foire-st-martin.ch\/wp-content\/uploads\/2023\/03\/2022_8_11_St_MARTIN_16-200x300.jpg\",\"height\":300,\"width\":200,\"orientation\":\"portrait\"},\"large\":{\"url\":\"https:\/\/foire-st-martin.ch\/wp-content\/uploads\/2023\/03\/2022_8_11_St_MARTIN_16-683x1024.jpg\",\"height\":1024,\"width\":683,\"orientation\":\"portrait\"},\"full\":{\"url\":\"https:\/\/foire-st-martin.ch\/wp-content\/uploads\/2023\/03\/2022_8_11_St_MARTIN_16-scaled.jpg\",\"height\":2560,\"width\":1707,\"orientation\":\"portrait\"}},\"meta\":false,\"postlink\":\"https:\/\/foire-st-martin.ch\/pgc_simply_gallery\/2022-preparation-cortege-du-mardi\/2022_8_11_st_martin_16\/\"},{\"id\":2061,\"title\":\"2022_8_11_St_MARTIN_18\",\"url\":\"https:\/\/foire-st-martin.ch\/wp-content\/uploads\/2023\/03\/2022_8_11_St_MARTIN_18-scaled.jpg\",\"link\":\"https:\/\/foire-st-martin.ch\/pgc_simply_gallery\/2022-preparation-cortege-du-mardi\/2022_8_11_st_martin_18\/\",\"alt\":\"\",\"description\":\"\",\"caption\":\"\",\"mime\":\"image\/jpeg\",\"type\":\"image\",\"width\":1707,\"height\":2560,\"sizes\":{\"thumbnail\":{\"url\":\"https:\/\/foire-st-martin.ch\/wp-content\/uploads\/2023\/03\/2022_8_11_St_MARTIN_18-150x150.jpg\",\"height\":150,\"width\":150,\"orientation\":\"landscape\"},\"medium\":{\"url\":\"https:\/\/foire-st-martin.ch\/wp-content\/uploads\/2023\/03\/2022_8_11_St_MARTIN_18-200x300.jpg\",\"height\":300,\"width\":200,\"orientation\":\"portrait\"},\"large\":{\"url\":\"https:\/\/foire-st-martin.ch\/wp-content\/uploads\/2023\/03\/2022_8_11_St_MARTIN_18-683x1024.jpg\",\"height\":1024,\"width\":683,\"orientation\":\"portrait\"},\"full\":{\"url\":\"https:\/\/foire-st-martin.ch\/wp-content\/uploads\/2023\/03\/2022_8_11_St_MARTIN_18-scaled.jpg\",\"height\":2560,\"width\":1707,\"orientation\":\"portrait\"}},\"meta\":false,\"postlink\":\"https:\/\/foire-st-martin.ch\/pgc_simply_gallery\/2022-preparation-cortege-du-mardi\/2022_8_11_st_martin_18\/\"},{\"id\":2062,\"title\":\"2022_8_11_St_MARTIN_20\",\"url\":\"https:\/\/foire-st-martin.ch\/wp-content\/uploads\/2023\/03\/2022_8_11_St_MARTIN_20-scaled.jpg\",\"link\":\"https:\/\/foire-st-martin.ch\/pgc_simply_gallery\/2022-preparation-cortege-du-mardi\/2022_8_11_st_martin_20\/\",\"alt\":\"\",\"description\":\"\",\"caption\":\"\",\"mime\":\"image\/jpeg\",\"type\":\"image\",\"width\":1707,\"height\":2560,\"sizes\":{\"thumbnail\":{\"url\":\"https:\/\/foire-st-martin.ch\/wp-content\/uploads\/2023\/03\/2022_8_11_St_MARTIN_20-150x150.jpg\",\"height\":150,\"width\":150,\"orientation\":\"landscape\"},\"medium\":{\"url\":\"https:\/\/foire-st-martin.ch\/wp-content\/uploads\/2023\/03\/2022_8_11_St_MARTIN_20-200x300.jpg\",\"height\":300,\"width\":200,\"orientation\":\"portrait\"},\"large\":{\"url\":\"https:\/\/foire-st-martin.ch\/wp-content\/uploads\/2023\/03\/2022_8_11_St_MARTIN_20-683x1024.jpg\",\"height\":1024,\"width\":683,\"orientation\":\"portrait\"},\"full\":{\"url\":\"https:\/\/foire-st-martin.ch\/wp-content\/uploads\/2023\/03\/2022_8_11_St_MARTIN_20-scaled.jpg\",\"height\":2560,\"width\":1707,\"orientation\":\"portrait\"}},\"meta\":false,\"postlink\":\"https:\/\/foire-st-martin.ch\/pgc_simply_gallery\/2022-preparation-cortege-du-mardi\/2022_8_11_st_martin_20\/\"},{\"id\":2063,\"title\":\"2022_8_11_St_MARTIN_29\",\"url\":\"https:\/\/foire-st-martin.ch\/wp-content\/uploads\/2023\/03\/2022_8_11_St_MARTIN_29-scaled.jpg\",\"link\":\"https:\/\/foire-st-martin.ch\/pgc_simply_gallery\/2022-preparation-cortege-du-mardi\/2022_8_11_st_martin_29\/\",\"alt\":\"\",\"description\":\"\",\"caption\":\"\",\"mime\":\"image\/jpeg\",\"type\":\"image\",\"width\":2560,\"height\":1707,\"sizes\":{\"thumbnail\":{\"url\":\"https:\/\/foire-st-martin.ch\/wp-content\/uploads\/2023\/03\/2022_8_11_St_MARTIN_29-150x150.jpg\",\"height\":150,\"width\":150,\"orientation\":\"landscape\"},\"medium\":{\"url\":\"https:\/\/foire-st-martin.ch\/wp-content\/uploads\/2023\/03\/2022_8_11_St_MARTIN_29-300x200.jpg\",\"height\":200,\"width\":300,\"orientation\":\"landscape\"},\"large\":{\"url\":\"https:\/\/foire-st-martin.ch\/wp-content\/uploads\/2023\/03\/2022_8_11_St_MARTIN_29-1024x683.jpg\",\"height\":683,\"width\":1024,\"orientation\":\"landscape\"},\"full\":{\"url\":\"https:\/\/foire-st-martin.ch\/wp-content\/uploads\/2023\/03\/2022_8_11_St_MARTIN_29-scaled.jpg\",\"height\":1707,\"width\":2560,\"orientation\":\"landscape\"}},\"meta\":false,\"postlink\":\"https:\/\/foire-st-martin.ch\/pgc_simply_gallery\/2022-preparation-cortege-du-mardi\/2022_8_11_st_martin_29\/\"},{\"id\":2064,\"title\":\"2022_8_11_St_MARTIN_30\",\"url\":\"https:\/\/foire-st-martin.ch\/wp-content\/uploads\/2023\/03\/2022_8_11_St_MARTIN_30-scaled.jpg\",\"link\":\"https:\/\/foire-st-martin.ch\/pgc_simply_gallery\/2022-preparation-cortege-du-mardi\/2022_8_11_st_martin_30\/\",\"alt\":\"\",\"description\":\"\",\"caption\":\"\",\"mime\":\"image\/jpeg\",\"type\":\"image\",\"width\":2560,\"height\":1707,\"sizes\":{\"thumbnail\":{\"url\":\"https:\/\/foire-st-martin.ch\/wp-content\/uploads\/2023\/03\/2022_8_11_St_MARTIN_30-150x150.jpg\",\"height\":150,\"width\":150,\"orientation\":\"landscape\"},\"medium\":{\"url\":\"https:\/\/foire-st-martin.ch\/wp-content\/uploads\/2023\/03\/2022_8_11_St_MARTIN_30-300x200.jpg\",\"height\":200,\"width\":300,\"orientation\":\"landscape\"},\"large\":{\"url\":\"https:\/\/foire-st-martin.ch\/wp-content\/uploads\/2023\/03\/2022_8_11_St_MARTIN_30-1024x683.jpg\",\"height\":683,\"width\":1024,\"orientation\":\"landscape\"},\"full\":{\"url\":\"https:\/\/foire-st-martin.ch\/wp-content\/uploads\/2023\/03\/2022_8_11_St_MARTIN_30-scaled.jpg\",\"height\":1707,\"width\":2560,\"orientation\":\"landscape\"}},\"meta\":false,\"postlink\":\"https:\/\/foire-st-martin.ch\/pgc_simply_gallery\/2022-preparation-cortege-du-mardi\/2022_8_11_st_martin_30\/\"},{\"id\":2065,\"title\":\"2022_8_11_St_MARTIN_31\",\"url\":\"https:\/\/foire-st-martin.ch\/wp-content\/uploads\/2023\/03\/2022_8_11_St_MARTIN_31-scaled.jpg\",\"link\":\"https:\/\/foire-st-martin.ch\/pgc_simply_gallery\/2022-preparation-cortege-du-mardi\/2022_8_11_st_martin_31\/\",\"alt\":\"\",\"description\":\"\",\"caption\":\"\",\"mime\":\"image\/jpeg\",\"type\":\"image\",\"width\":2560,\"height\":1707,\"sizes\":{\"thumbnail\":{\"url\":\"https:\/\/foire-st-martin.ch\/wp-content\/uploads\/2023\/03\/2022_8_11_St_MARTIN_31-150x150.jpg\",\"height\":150,\"width\":150,\"orientation\":\"landscape\"},\"medium\":{\"url\":\"https:\/\/foire-st-martin.ch\/wp-content\/uploads\/2023\/03\/2022_8_11_St_MARTIN_31-300x200.jpg\",\"height\":200,\"width\":300,\"orientation\":\"landscape\"},\"large\":{\"url\":\"https:\/\/foire-st-martin.ch\/wp-content\/uploads\/2023\/03\/2022_8_11_St_MARTIN_31-1024x683.jpg\",\"height\":683,\"width\":1024,\"orientation\":\"landscape\"},\"full\":{\"url\":\"https:\/\/foire-st-martin.ch\/wp-content\/uploads\/2023\/03\/2022_8_11_St_MARTIN_31-scaled.jpg\",\"height\":1707,\"width\":2560,\"orientation\":\"landscape\"}},\"meta\":false,\"postlink\":\"https:\/\/foire-st-martin.ch\/pgc_simply_gallery\/2022-preparation-cortege-du-mardi\/2022_8_11_st_martin_31\/\"},{\"id\":2071,\"title\":\"2022_8_11_St_MARTIN_47\",\"url\":\"https:\/\/foire-st-martin.ch\/wp-content\/uploads\/2023\/03\/2022_8_11_St_MARTIN_47-scaled.jpg\",\"link\":\"https:\/\/foire-st-martin.ch\/pgc_simply_gallery\/2022-preparation-cortege-du-mardi\/2022_8_11_st_martin_47\/\",\"alt\":\"\",\"description\":\"\",\"caption\":\"\",\"mime\":\"image\/jpeg\",\"type\":\"image\",\"width\":2560,\"height\":1707,\"sizes\":{\"thumbnail\":{\"url\":\"https:\/\/foire-st-martin.ch\/wp-content\/uploads\/2023\/03\/2022_8_11_St_MARTIN_47-150x150.jpg\",\"height\":150,\"width\":150,\"orientation\":\"landscape\"},\"medium\":{\"url\":\"https:\/\/foire-st-martin.ch\/wp-content\/uploads\/2023\/03\/2022_8_11_St_MARTIN_47-300x200.jpg\",\"height\":200,\"width\":300,\"orientation\":\"landscape\"},\"large\":{\"url\":\"https:\/\/foire-st-martin.ch\/wp-content\/uploads\/2023\/03\/2022_8_11_St_MARTIN_47-1024x683.jpg\",\"height\":683,\"width\":1024,\"orientation\":\"landscape\"},\"full\":{\"url\":\"https:\/\/foire-st-martin.ch\/wp-content\/uploads\/2023\/03\/2022_8_11_St_MARTIN_47-scaled.jpg\",\"height\":1707,\"width\":2560,\"orientation\":\"landscape\"}},\"meta\":false,\"postlink\":\"https:\/\/foire-st-martin.ch\/pgc_simply_gallery\/2022-preparation-cortege-du-mardi\/2022_8_11_st_martin_47\/\"},{\"id\":2070,\"title\":\"2022_8_11_St_MARTIN_45\",\"url\":\"https:\/\/foire-st-martin.ch\/wp-content\/uploads\/2023\/03\/2022_8_11_St_MARTIN_45-scaled.jpg\",\"link\":\"https:\/\/foire-st-martin.ch\/pgc_simply_gallery\/2022-preparation-cortege-du-mardi\/2022_8_11_st_martin_45\/\",\"alt\":\"\",\"description\":\"\",\"caption\":\"\",\"mime\":\"image\/jpeg\",\"type\":\"image\",\"width\":1707,\"height\":2560,\"sizes\":{\"thumbnail\":{\"url\":\"https:\/\/foire-st-martin.ch\/wp-content\/uploads\/2023\/03\/2022_8_11_St_MARTIN_45-150x150.jpg\",\"height\":150,\"width\":150,\"orientation\":\"landscape\"},\"medium\":{\"url\":\"https:\/\/foire-st-martin.ch\/wp-content\/uploads\/2023\/03\/2022_8_11_St_MARTIN_45-200x300.jpg\",\"height\":300,\"width\":200,\"orientation\":\"portrait\"},\"large\":{\"url\":\"https:\/\/foire-st-martin.ch\/wp-content\/uploads\/2023\/03\/2022_8_11_St_MARTIN_45-683x1024.jpg\",\"height\":1024,\"width\":683,\"orientation\":\"portrait\"},\"full\":{\"url\":\"https:\/\/foire-st-martin.ch\/wp-content\/uploads\/2023\/03\/2022_8_11_St_MARTIN_45-scaled.jpg\",\"height\":2560,\"width\":1707,\"orientation\":\"portrait\"}},\"meta\":false,\"postlink\":\"https:\/\/foire-st-martin.ch\/pgc_simply_gallery\/2022-preparation-cortege-du-mardi\/2022_8_11_st_martin_45\/\"},{\"id\":2069,\"title\":\"2022_8_11_St_MARTIN_44\",\"url\":\"https:\/\/foire-st-martin.ch\/wp-content\/uploads\/2023\/03\/2022_8_11_St_MARTIN_44-scaled.jpg\",\"link\":\"https:\/\/foire-st-martin.ch\/pgc_simply_gallery\/2022-preparation-cortege-du-mardi\/2022_8_11_st_martin_44\/\",\"alt\":\"\",\"description\":\"\",\"caption\":\"\",\"mime\":\"image\/jpeg\",\"type\":\"image\",\"width\":1707,\"height\":2560,\"sizes\":{\"thumbnail\":{\"url\":\"https:\/\/foire-st-martin.ch\/wp-content\/uploads\/2023\/03\/2022_8_11_St_MARTIN_44-150x150.jpg\",\"height\":150,\"width\":150,\"orientation\":\"landscape\"},\"medium\":{\"url\":\"https:\/\/foire-st-martin.ch\/wp-content\/uploads\/2023\/03\/2022_8_11_St_MARTIN_44-200x300.jpg\",\"height\":300,\"width\":200,\"orientation\":\"portrait\"},\"large\":{\"url\":\"https:\/\/foire-st-martin.ch\/wp-content\/uploads\/2023\/03\/2022_8_11_St_MARTIN_44-683x1024.jpg\",\"height\":1024,\"width\":683,\"orientation\":\"portrait\"},\"full\":{\"url\":\"https:\/\/foire-st-martin.ch\/wp-content\/uploads\/2023\/03\/2022_8_11_St_MARTIN_44-scaled.jpg\",\"height\":2560,\"width\":1707,\"orientation\":\"portrait\"}},\"meta\":false,\"postlink\":\"https:\/\/foire-st-martin.ch\/pgc_simply_gallery\/2022-preparation-cortege-du-mardi\/2022_8_11_st_martin_44\/\"},{\"id\":2068,\"title\":\"2022_8_11_St_MARTIN_43\",\"url\":\"https:\/\/foire-st-martin.ch\/wp-content\/uploads\/2023\/03\/2022_8_11_St_MARTIN_43-scaled.jpg\",\"link\":\"https:\/\/foire-st-martin.ch\/pgc_simply_gallery\/2022-preparation-cortege-du-mardi\/2022_8_11_st_martin_43\/\",\"alt\":\"\",\"description\":\"\",\"caption\":\"\",\"mime\":\"image\/jpeg\",\"type\":\"image\",\"width\":1707,\"height\":2560,\"sizes\":{\"thumbnail\":{\"url\":\"https:\/\/foire-st-martin.ch\/wp-content\/uploads\/2023\/03\/2022_8_11_St_MARTIN_43-150x150.jpg\",\"height\":150,\"width\":150,\"orientation\":\"landscape\"},\"medium\":{\"url\":\"https:\/\/foire-st-martin.ch\/wp-content\/uploads\/2023\/03\/2022_8_11_St_MARTIN_43-200x300.jpg\",\"height\":300,\"width\":200,\"orientation\":\"portrait\"},\"large\":{\"url\":\"https:\/\/foire-st-martin.ch\/wp-content\/uploads\/2023\/03\/2022_8_11_St_MARTIN_43-683x1024.jpg\",\"height\":1024,\"width\":683,\"orientation\":\"portrait\"},\"full\":{\"url\":\"https:\/\/foire-st-martin.ch\/wp-content\/uploads\/2023\/03\/2022_8_11_St_MARTIN_43-scaled.jpg\",\"height\":2560,\"width\":1707,\"orientation\":\"portrait\"}},\"meta\":false,\"postlink\":\"https:\/\/foire-st-martin.ch\/pgc_simply_gallery\/2022-preparation-cortege-du-mardi\/2022_8_11_st_martin_43\/\"},{\"id\":2067,\"title\":\"2022_8_11_St_MARTIN_40\",\"url\":\"https:\/\/foire-st-martin.ch\/wp-content\/uploads\/2023\/03\/2022_8_11_St_MARTIN_40-scaled.jpg\",\"link\":\"https:\/\/foire-st-martin.ch\/pgc_simply_gallery\/2022-preparation-cortege-du-mardi\/2022_8_11_st_martin_40\/\",\"alt\":\"\",\"description\":\"\",\"caption\":\"\",\"mime\":\"image\/jpeg\",\"type\":\"image\",\"width\":2560,\"height\":1707,\"sizes\":{\"thumbnail\":{\"url\":\"https:\/\/foire-st-martin.ch\/wp-content\/uploads\/2023\/03\/2022_8_11_St_MARTIN_40-150x150.jpg\",\"height\":150,\"width\":150,\"orientation\":\"landscape\"},\"medium\":{\"url\":\"https:\/\/foire-st-martin.ch\/wp-content\/uploads\/2023\/03\/2022_8_11_St_MARTIN_40-300x200.jpg\",\"height\":200,\"width\":300,\"orientation\":\"landscape\"},\"large\":{\"url\":\"https:\/\/foire-st-martin.ch\/wp-content\/uploads\/2023\/03\/2022_8_11_St_MARTIN_40-1024x683.jpg\",\"height\":683,\"width\":1024,\"orientation\":\"landscape\"},\"full\":{\"url\":\"https:\/\/foire-st-martin.ch\/wp-content\/uploads\/2023\/03\/2022_8_11_St_MARTIN_40-scaled.jpg\",\"height\":1707,\"width\":2560,\"orientation\":\"landscape\"}},\"meta\":false,\"postlink\":\"https:\/\/foire-st-martin.ch\/pgc_simply_gallery\/2022-preparation-cortege-du-mardi\/2022_8_11_st_martin_40\/\"},{\"id\":2066,\"title\":\"2022_8_11_St_MARTIN_36\",\"url\":\"https:\/\/foire-st-martin.ch\/wp-content\/uploads\/2023\/03\/2022_8_11_St_MARTIN_36-scaled.jpg\",\"link\":\"https:\/\/foire-st-martin.ch\/pgc_simply_gallery\/2022-preparation-cortege-du-mardi\/2022_8_11_st_martin_36\/\",\"alt\":\"\",\"description\":\"\",\"caption\":\"\",\"mime\":\"image\/jpeg\",\"type\":\"image\",\"width\":1707,\"height\":2560,\"sizes\":{\"thumbnail\":{\"url\":\"https:\/\/foire-st-martin.ch\/wp-content\/uploads\/2023\/03\/2022_8_11_St_MARTIN_36-150x150.jpg\",\"height\":150,\"width\":150,\"orientation\":\"landscape\"},\"medium\":{\"url\":\"https:\/\/foire-st-martin.ch\/wp-content\/uploads\/2023\/03\/2022_8_11_St_MARTIN_36-200x300.jpg\",\"height\":300,\"width\":200,\"orientation\":\"portrait\"},\"large\":{\"url\":\"https:\/\/foire-st-martin.ch\/wp-content\/uploads\/2023\/03\/2022_8_11_St_MARTIN_36-683x1024.jpg\",\"height\":1024,\"width\":683,\"orientation\":\"portrait\"},\"full\":{\"url\":\"https:\/\/foire-st-martin.ch\/wp-content\/uploads\/2023\/03\/2022_8_11_St_MARTIN_36-scaled.jpg\",\"height\":2560,\"width\":1707,\"orientation\":\"portrait\"}},\"meta\":false,\"postlink\":\"https:\/\/foire-st-martin.ch\/pgc_simply_gallery\/2022-preparation-cortege-du-mardi\/2022_8_11_st_martin_36\/\"},{\"id\":2072,\"title\":\"2022_8_11_St_MARTIN_49\",\"url\":\"https:\/\/foire-st-martin.ch\/wp-content\/uploads\/2023\/03\/2022_8_11_St_MARTIN_49-scaled.jpg\",\"link\":\"https:\/\/foire-st-martin.ch\/pgc_simply_gallery\/2022-preparation-cortege-du-mardi\/2022_8_11_st_martin_49\/\",\"alt\":\"\",\"description\":\"\",\"caption\":\"\",\"mime\":\"image\/jpeg\",\"type\":\"image\",\"width\":2560,\"height\":1707,\"sizes\":{\"thumbnail\":{\"url\":\"https:\/\/foire-st-martin.ch\/wp-content\/uploads\/2023\/03\/2022_8_11_St_MARTIN_49-150x150.jpg\",\"height\":150,\"width\":150,\"orientation\":\"landscape\"},\"medium\":{\"url\":\"https:\/\/foire-st-martin.ch\/wp-content\/uploads\/2023\/03\/2022_8_11_St_MARTIN_49-300x200.jpg\",\"height\":200,\"width\":300,\"orientation\":\"landscape\"},\"large\":{\"url\":\"https:\/\/foire-st-martin.ch\/wp-content\/uploads\/2023\/03\/2022_8_11_St_MARTIN_49-1024x683.jpg\",\"height\":683,\"width\":1024,\"orientation\":\"landscape\"},\"full\":{\"url\":\"https:\/\/foire-st-martin.ch\/wp-content\/uploads\/2023\/03\/2022_8_11_St_MARTIN_49-scaled.jpg\",\"height\":1707,\"width\":2560,\"orientation\":\"landscape\"}},\"meta\":false,\"postlink\":\"https:\/\/foire-st-martin.ch\/pgc_simply_gallery\/2022-preparation-cortege-du-mardi\/2022_8_11_st_martin_49\/\"},{\"id\":2073,\"title\":\"2022_8_11_St_MARTIN_51\",\"url\":\"https:\/\/foire-st-martin.ch\/wp-content\/uploads\/2023\/03\/2022_8_11_St_MARTIN_51-scaled.jpg\",\"link\":\"https:\/\/foire-st-martin.ch\/pgc_simply_gallery\/2022-preparation-cortege-du-mardi\/2022_8_11_st_martin_51\/\",\"alt\":\"\",\"description\":\"\",\"caption\":\"\",\"mime\":\"image\/jpeg\",\"type\":\"image\",\"width\":2560,\"height\":1707,\"sizes\":{\"thumbnail\":{\"url\":\"https:\/\/foire-st-martin.ch\/wp-content\/uploads\/2023\/03\/2022_8_11_St_MARTIN_51-150x150.jpg\",\"height\":150,\"width\":150,\"orientation\":\"landscape\"},\"medium\":{\"url\":\"https:\/\/foire-st-martin.ch\/wp-content\/uploads\/2023\/03\/2022_8_11_St_MARTIN_51-300x200.jpg\",\"height\":200,\"width\":300,\"orientation\":\"landscape\"},\"large\":{\"url\":\"https:\/\/foire-st-martin.ch\/wp-content\/uploads\/2023\/03\/2022_8_11_St_MARTIN_51-1024x683.jpg\",\"height\":683,\"width\":1024,\"orientation\":\"landscape\"},\"full\":{\"url\":\"https:\/\/foire-st-martin.ch\/wp-content\/uploads\/2023\/03\/2022_8_11_St_MARTIN_51-scaled.jpg\",\"height\":1707,\"width\":2560,\"orientation\":\"landscape\"}},\"meta\":false,\"postlink\":\"https:\/\/foire-st-martin.ch\/pgc_simply_gallery\/2022-preparation-cortege-du-mardi\/2022_8_11_st_martin_51\/\"},{\"id\":2074,\"title\":\"2022_8_11_St_MARTIN_53\",\"url\":\"https:\/\/foire-st-martin.ch\/wp-content\/uploads\/2023\/03\/2022_8_11_St_MARTIN_53-scaled.jpg\",\"link\":\"https:\/\/foire-st-martin.ch\/pgc_simply_gallery\/2022-preparation-cortege-du-mardi\/2022_8_11_st_martin_53\/\",\"alt\":\"\",\"description\":\"\",\"caption\":\"\",\"mime\":\"image\/jpeg\",\"type\":\"image\",\"width\":2560,\"height\":1707,\"sizes\":{\"thumbnail\":{\"url\":\"https:\/\/foire-st-martin.ch\/wp-content\/uploads\/2023\/03\/2022_8_11_St_MARTIN_53-150x150.jpg\",\"height\":150,\"width\":150,\"orientation\":\"landscape\"},\"medium\":{\"url\":\"https:\/\/foire-st-martin.ch\/wp-content\/uploads\/2023\/03\/2022_8_11_St_MARTIN_53-300x200.jpg\",\"height\":200,\"width\":300,\"orientation\":\"landscape\"},\"large\":{\"url\":\"https:\/\/foire-st-martin.ch\/wp-content\/uploads\/2023\/03\/2022_8_11_St_MARTIN_53-1024x683.jpg\",\"height\":683,\"width\":1024,\"orientation\":\"landscape\"},\"full\":{\"url\":\"https:\/\/foire-st-martin.ch\/wp-content\/uploads\/2023\/03\/2022_8_11_St_MARTIN_53-scaled.jpg\",\"height\":1707,\"width\":2560,\"orientation\":\"landscape\"}},\"meta\":false,\"postlink\":\"https:\/\/foire-st-martin.ch\/pgc_simply_gallery\/2022-preparation-cortege-du-mardi\/2022_8_11_st_martin_53\/\"},{\"id\":2075,\"title\":\"2022_8_11_St_MARTIN_55\",\"url\":\"https:\/\/foire-st-martin.ch\/wp-content\/uploads\/2023\/03\/2022_8_11_St_MARTIN_55-scaled.jpg\",\"link\":\"https:\/\/foire-st-martin.ch\/pgc_simply_gallery\/2022-preparation-cortege-du-mardi\/2022_8_11_st_martin_55\/\",\"alt\":\"\",\"description\":\"\",\"caption\":\"\",\"mime\":\"image\/jpeg\",\"type\":\"image\",\"width\":2560,\"height\":1707,\"sizes\":{\"thumbnail\":{\"url\":\"https:\/\/foire-st-martin.ch\/wp-content\/uploads\/2023\/03\/2022_8_11_St_MARTIN_55-150x150.jpg\",\"height\":150,\"width\":150,\"orientation\":\"landscape\"},\"medium\":{\"url\":\"https:\/\/foire-st-martin.ch\/wp-content\/uploads\/2023\/03\/2022_8_11_St_MARTIN_55-300x200.jpg\",\"height\":200,\"width\":300,\"orientation\":\"landscape\"},\"large\":{\"url\":\"https:\/\/foire-st-martin.ch\/wp-content\/uploads\/2023\/03\/2022_8_11_St_MARTIN_55-1024x683.jpg\",\"height\":683,\"width\":1024,\"orientation\":\"landscape\"},\"full\":{\"url\":\"https:\/\/foire-st-martin.ch\/wp-content\/uploads\/2023\/03\/2022_8_11_St_MARTIN_55-scaled.jpg\",\"height\":1707,\"width\":2560,\"orientation\":\"landscape\"}},\"meta\":false,\"postlink\":\"https:\/\/foire-st-martin.ch\/pgc_simply_gallery\/2022-preparation-cortege-du-mardi\/2022_8_11_st_martin_55\/\"},{\"id\":2076,\"title\":\"2022_8_11_St_MARTIN_60\",\"url\":\"https:\/\/foire-st-martin.ch\/wp-content\/uploads\/2023\/03\/2022_8_11_St_MARTIN_60-scaled.jpg\",\"link\":\"https:\/\/foire-st-martin.ch\/pgc_simply_gallery\/2022-preparation-cortege-du-mardi\/2022_8_11_st_martin_60\/\",\"alt\":\"\",\"description\":\"\",\"caption\":\"\",\"mime\":\"image\/jpeg\",\"type\":\"image\",\"width\":1707,\"height\":2560,\"sizes\":{\"thumbnail\":{\"url\":\"https:\/\/foire-st-martin.ch\/wp-content\/uploads\/2023\/03\/2022_8_11_St_MARTIN_60-150x150.jpg\",\"height\":150,\"width\":150,\"orientation\":\"landscape\"},\"medium\":{\"url\":\"https:\/\/foire-st-martin.ch\/wp-content\/uploads\/2023\/03\/2022_8_11_St_MARTIN_60-200x300.jpg\",\"height\":300,\"width\":200,\"orientation\":\"portrait\"},\"large\":{\"url\":\"https:\/\/foire-st-martin.ch\/wp-content\/uploads\/2023\/03\/2022_8_11_St_MARTIN_60-683x1024.jpg\",\"height\":1024,\"width\":683,\"orientation\":\"portrait\"},\"full\":{\"url\":\"https:\/\/foire-st-martin.ch\/wp-content\/uploads\/2023\/03\/2022_8_11_St_MARTIN_60-scaled.jpg\",\"height\":2560,\"width\":1707,\"orientation\":\"portrait\"}},\"meta\":false,\"postlink\":\"https:\/\/foire-st-martin.ch\/pgc_simply_gallery\/2022-preparation-cortege-du-mardi\/2022_8_11_st_martin_60\/\"},{\"id\":2077,\"title\":\"2022_8_11_St_MARTIN_62\",\"url\":\"https:\/\/foire-st-martin.ch\/wp-content\/uploads\/2023\/03\/2022_8_11_St_MARTIN_62-scaled.jpg\",\"link\":\"https:\/\/foire-st-martin.ch\/pgc_simply_gallery\/2022-preparation-cortege-du-mardi\/2022_8_11_st_martin_62\/\",\"alt\":\"\",\"description\":\"\",\"caption\":\"\",\"mime\":\"image\/jpeg\",\"type\":\"image\",\"width\":1707,\"height\":2560,\"sizes\":{\"thumbnail\":{\"url\":\"https:\/\/foire-st-martin.ch\/wp-content\/uploads\/2023\/03\/2022_8_11_St_MARTIN_62-150x150.jpg\",\"height\":150,\"width\":150,\"orientation\":\"landscape\"},\"medium\":{\"url\":\"https:\/\/foire-st-martin.ch\/wp-content\/uploads\/2023\/03\/2022_8_11_St_MARTIN_62-200x300.jpg\",\"height\":300,\"width\":200,\"orientation\":\"portrait\"},\"large\":{\"url\":\"https:\/\/foire-st-martin.ch\/wp-content\/uploads\/2023\/03\/2022_8_11_St_MARTIN_62-683x1024.jpg\",\"height\":1024,\"width\":683,\"orientation\":\"portrait\"},\"full\":{\"url\":\"https:\/\/foire-st-martin.ch\/wp-content\/uploads\/2023\/03\/2022_8_11_St_MARTIN_62-scaled.jpg\",\"height\":2560,\"width\":1707,\"orientation\":\"portrait\"}},\"meta\":false,\"postlink\":\"https:\/\/foire-st-martin.ch\/pgc_simply_gallery\/2022-preparation-cortege-du-mardi\/2022_8_11_st_martin_62\/\"},{\"id\":2083,\"title\":\"2022_8_11_St_MARTIN_72\",\"url\":\"https:\/\/foire-st-martin.ch\/wp-content\/uploads\/2023\/03\/2022_8_11_St_MARTIN_72-scaled.jpg\",\"link\":\"https:\/\/foire-st-martin.ch\/pgc_simply_gallery\/2022-preparation-cortege-du-mardi\/2022_8_11_st_martin_72\/\",\"alt\":\"\",\"description\":\"\",\"caption\":\"\",\"mime\":\"image\/jpeg\",\"type\":\"image\",\"width\":1707,\"height\":2560,\"sizes\":{\"thumbnail\":{\"url\":\"https:\/\/foire-st-martin.ch\/wp-content\/uploads\/2023\/03\/2022_8_11_St_MARTIN_72-150x150.jpg\",\"height\":150,\"width\":150,\"orientation\":\"landscape\"},\"medium\":{\"url\":\"https:\/\/foire-st-martin.ch\/wp-content\/uploads\/2023\/03\/2022_8_11_St_MARTIN_72-200x300.jpg\",\"height\":300,\"width\":200,\"orientation\":\"portrait\"},\"large\":{\"url\":\"https:\/\/foire-st-martin.ch\/wp-content\/uploads\/2023\/03\/2022_8_11_St_MARTIN_72-683x1024.jpg\",\"height\":1024,\"width\":683,\"orientation\":\"portrait\"},\"full\":{\"url\":\"https:\/\/foire-st-martin.ch\/wp-content\/uploads\/2023\/03\/2022_8_11_St_MARTIN_72-scaled.jpg\",\"height\":2560,\"width\":1707,\"orientation\":\"portrait\"}},\"meta\":false,\"postlink\":\"https:\/\/foire-st-martin.ch\/pgc_simply_gallery\/2022-preparation-cortege-du-mardi\/2022_8_11_st_martin_72\/\"},{\"id\":2082,\"title\":\"2022_8_11_St_MARTIN_71\",\"url\":\"https:\/\/foire-st-martin.ch\/wp-content\/uploads\/2023\/03\/2022_8_11_St_MARTIN_71-scaled.jpg\",\"link\":\"https:\/\/foire-st-martin.ch\/pgc_simply_gallery\/2022-preparation-cortege-du-mardi\/2022_8_11_st_martin_71\/\",\"alt\":\"\",\"description\":\"\",\"caption\":\"\",\"mime\":\"image\/jpeg\",\"type\":\"image\",\"width\":2560,\"height\":1707,\"sizes\":{\"thumbnail\":{\"url\":\"https:\/\/foire-st-martin.ch\/wp-content\/uploads\/2023\/03\/2022_8_11_St_MARTIN_71-150x150.jpg\",\"height\":150,\"width\":150,\"orientation\":\"landscape\"},\"medium\":{\"url\":\"https:\/\/foire-st-martin.ch\/wp-content\/uploads\/2023\/03\/2022_8_11_St_MARTIN_71-300x200.jpg\",\"height\":200,\"width\":300,\"orientation\":\"landscape\"},\"large\":{\"url\":\"https:\/\/foire-st-martin.ch\/wp-content\/uploads\/2023\/03\/2022_8_11_St_MARTIN_71-1024x683.jpg\",\"height\":683,\"width\":1024,\"orientation\":\"landscape\"},\"full\":{\"url\":\"https:\/\/foire-st-martin.ch\/wp-content\/uploads\/2023\/03\/2022_8_11_St_MARTIN_71-scaled.jpg\",\"height\":1707,\"width\":2560,\"orientation\":\"landscape\"}},\"meta\":false,\"postlink\":\"https:\/\/foire-st-martin.ch\/pgc_simply_gallery\/2022-preparation-cortege-du-mardi\/2022_8_11_st_martin_71\/\"},{\"id\":2081,\"title\":\"2022_8_11_St_MARTIN_70\",\"url\":\"https:\/\/foire-st-martin.ch\/wp-content\/uploads\/2023\/03\/2022_8_11_St_MARTIN_70-scaled.jpg\",\"link\":\"https:\/\/foire-st-martin.ch\/pgc_simply_gallery\/2022-preparation-cortege-du-mardi\/2022_8_11_st_martin_70\/\",\"alt\":\"\",\"description\":\"\",\"caption\":\"\",\"mime\":\"image\/jpeg\",\"type\":\"image\",\"width\":2560,\"height\":1707,\"sizes\":{\"thumbnail\":{\"url\":\"https:\/\/foire-st-martin.ch\/wp-content\/uploads\/2023\/03\/2022_8_11_St_MARTIN_70-150x150.jpg\",\"height\":150,\"width\":150,\"orientation\":\"landscape\"},\"medium\":{\"url\":\"https:\/\/foire-st-martin.ch\/wp-content\/uploads\/2023\/03\/2022_8_11_St_MARTIN_70-300x200.jpg\",\"height\":200,\"width\":300,\"orientation\":\"landscape\"},\"large\":{\"url\":\"https:\/\/foire-st-martin.ch\/wp-content\/uploads\/2023\/03\/2022_8_11_St_MARTIN_70-1024x683.jpg\",\"height\":683,\"width\":1024,\"orientation\":\"landscape\"},\"full\":{\"url\":\"https:\/\/foire-st-martin.ch\/wp-content\/uploads\/2023\/03\/2022_8_11_St_MARTIN_70-scaled.jpg\",\"height\":1707,\"width\":2560,\"orientation\":\"landscape\"}},\"meta\":false,\"postlink\":\"https:\/\/foire-st-martin.ch\/pgc_simply_gallery\/2022-preparation-cortege-du-mardi\/2022_8_11_st_martin_70\/\"},{\"id\":2080,\"title\":\"2022_8_11_St_MARTIN_68\",\"url\":\"https:\/\/foire-st-martin.ch\/wp-content\/uploads\/2023\/03\/2022_8_11_St_MARTIN_68-scaled.jpg\",\"link\":\"https:\/\/foire-st-martin.ch\/pgc_simply_gallery\/2022-preparation-cortege-du-mardi\/2022_8_11_st_martin_68\/\",\"alt\":\"\",\"description\":\"\",\"caption\":\"\",\"mime\":\"image\/jpeg\",\"type\":\"image\",\"width\":2560,\"height\":1707,\"sizes\":{\"thumbnail\":{\"url\":\"https:\/\/foire-st-martin.ch\/wp-content\/uploads\/2023\/03\/2022_8_11_St_MARTIN_68-150x150.jpg\",\"height\":150,\"width\":150,\"orientation\":\"landscape\"},\"medium\":{\"url\":\"https:\/\/foire-st-martin.ch\/wp-content\/uploads\/2023\/03\/2022_8_11_St_MARTIN_68-300x200.jpg\",\"height\":200,\"width\":300,\"orientation\":\"landscape\"},\"large\":{\"url\":\"https:\/\/foire-st-martin.ch\/wp-content\/uploads\/2023\/03\/2022_8_11_St_MARTIN_68-1024x683.jpg\",\"height\":683,\"width\":1024,\"orientation\":\"landscape\"},\"full\":{\"url\":\"https:\/\/foire-st-martin.ch\/wp-content\/uploads\/2023\/03\/2022_8_11_St_MARTIN_68-scaled.jpg\",\"height\":1707,\"width\":2560,\"orientation\":\"landscape\"}},\"meta\":false,\"postlink\":\"https:\/\/foire-st-martin.ch\/pgc_simply_gallery\/2022-preparation-cortege-du-mardi\/2022_8_11_st_martin_68\/\"},{\"id\":2079,\"title\":\"2022_8_11_St_MARTIN_67\",\"url\":\"https:\/\/foire-st-martin.ch\/wp-content\/uploads\/2023\/03\/2022_8_11_St_MARTIN_67-scaled.jpg\",\"link\":\"https:\/\/foire-st-martin.ch\/pgc_simply_gallery\/2022-preparation-cortege-du-mardi\/2022_8_11_st_martin_67\/\",\"alt\":\"\",\"description\":\"\",\"caption\":\"\",\"mime\":\"image\/jpeg\",\"type\":\"image\",\"width\":1707,\"height\":2560,\"sizes\":{\"thumbnail\":{\"url\":\"https:\/\/foire-st-martin.ch\/wp-content\/uploads\/2023\/03\/2022_8_11_St_MARTIN_67-150x150.jpg\",\"height\":150,\"width\":150,\"orientation\":\"landscape\"},\"medium\":{\"url\":\"https:\/\/foire-st-martin.ch\/wp-content\/uploads\/2023\/03\/2022_8_11_St_MARTIN_67-200x300.jpg\",\"height\":300,\"width\":200,\"orientation\":\"portrait\"},\"large\":{\"url\":\"https:\/\/foire-st-martin.ch\/wp-content\/uploads\/2023\/03\/2022_8_11_St_MARTIN_67-683x1024.jpg\",\"height\":1024,\"width\":683,\"orientation\":\"portrait\"},\"full\":{\"url\":\"https:\/\/foire-st-martin.ch\/wp-content\/uploads\/2023\/03\/2022_8_11_St_MARTIN_67-scaled.jpg\",\"height\":2560,\"width\":1707,\"orientation\":\"portrait\"}},\"meta\":false,\"postlink\":\"https:\/\/foire-st-martin.ch\/pgc_simply_gallery\/2022-preparation-cortege-du-mardi\/2022_8_11_st_martin_67\/\"},{\"id\":2078,\"title\":\"2022_8_11_St_MARTIN_63\",\"url\":\"https:\/\/foire-st-martin.ch\/wp-content\/uploads\/2023\/03\/2022_8_11_St_MARTIN_63-scaled.jpg\",\"link\":\"https:\/\/foire-st-martin.ch\/pgc_simply_gallery\/2022-preparation-cortege-du-mardi\/2022_8_11_st_martin_63\/\",\"alt\":\"\",\"description\":\"\",\"caption\":\"\",\"mime\":\"image\/jpeg\",\"type\":\"image\",\"width\":1707,\"height\":2560,\"sizes\":{\"thumbnail\":{\"url\":\"https:\/\/foire-st-martin.ch\/wp-content\/uploads\/2023\/03\/2022_8_11_St_MARTIN_63-150x150.jpg\",\"height\":150,\"width\":150,\"orientation\":\"landscape\"},\"medium\":{\"url\":\"https:\/\/foire-st-martin.ch\/wp-content\/uploads\/2023\/03\/2022_8_11_St_MARTIN_63-200x300.jpg\",\"height\":300,\"width\":200,\"orientation\":\"portrait\"},\"large\":{\"url\":\"https:\/\/foire-st-martin.ch\/wp-content\/uploads\/2023\/03\/2022_8_11_St_MARTIN_63-683x1024.jpg\",\"height\":1024,\"width\":683,\"orientation\":\"portrait\"},\"full\":{\"url\":\"https:\/\/foire-st-martin.ch\/wp-content\/uploads\/2023\/03\/2022_8_11_St_MARTIN_63-scaled.jpg\",\"height\":2560,\"width\":1707,\"orientation\":\"portrait\"}},\"meta\":false,\"postlink\":\"https:\/\/foire-st-martin.ch\/pgc_simply_gallery\/2022-preparation-cortege-du-mardi\/2022_8_11_st_martin_63\/\"}],\"itemsMetaDataCollection\":[]}<\/script><script>(function(){if(window.PGC_SGB && window.PGC_SGB.searcher){window.PGC_SGB.searcher.initBlocks()}})()<\/script><\/div>[\/et_pb_code][\/et_pb_column][\/et_pb_row][et_pb_row module_class=&#8221;splitter&#8221; _builder_version=&#8221;4.18.0&#8243; _module_preset=&#8221;default&#8221; global_colors_info=&#8221;{}&#8221;][et_pb_column type=&#8221;4_4&#8243; _builder_version=&#8221;4.18.0&#8243; _module_preset=&#8221;default&#8221; global_colors_info=&#8221;{}&#8221;][et_pb_text _builder_version=&#8221;4.18.0&#8243; _module_preset=&#8221;default&#8221; global_colors_info=&#8221;{}&#8221;]<p>Le cort\u00e8ge depuis le Jardin Roussy vers la Grenette<\/p>[\/et_pb_text][\/et_pb_column][\/et_pb_row][et_pb_row _builder_version=&#8221;4.18.0&#8243; _module_preset=&#8221;default&#8221; global_colors_info=&#8221;{}&#8221;][et_pb_column type=&#8221;4_4&#8243; _builder_version=&#8221;4.18.0&#8243; _module_preset=&#8221;default&#8221; global_colors_info=&#8221;{}&#8221;][et_pb_code _builder_version=&#8221;4.18.0&#8243; _module_preset=&#8221;default&#8221; global_colors_info=&#8221;{}&#8221;]<div class=\"pgc-sgb-cb wp-block-pgcsimplygalleryblock-grid \" data-gallery-id=\"9d043006\"><div class=\"sgb-preloader\" id=\"pr_9d043006\">\n\t<div class=\"sgb-square\" style=\"background:#d4d4d4\"><\/div>\n\t<div class=\"sgb-square\" style=\"background:#d4d4d4\"><\/div>\n\t<div class=\"sgb-square\" style=\"background:#d4d4d4\"><\/div>\n\t<div class=\"sgb-square\" style=\"background:#d4d4d4\"><\/div><\/div><div class=\"simply-gallery-amp pgc_sgb_slider \" style=\"display: none;\"><div class=\"sgb-gallery\"><div class=\"sgb-item\"><a href=\"https:\/\/foire-st-martin.ch\/en\/2022_8_11_st_martin_83\/\"><img decoding=\"async\" alt=\"\" width=\"300\" height=\"200\" loading=\"lazy\" src=\"https:\/\/foire-st-martin.ch\/wp-content\/uploads\/2023\/03\/2022_8_11_St_MARTIN_83-300x200.jpg\"\/><\/a><\/div><div class=\"sgb-item\"><a href=\"https:\/\/foire-st-martin.ch\/en\/2022_8_11_st_martin_85\/\"><img decoding=\"async\" alt=\"\" width=\"200\" height=\"300\" loading=\"lazy\" src=\"https:\/\/foire-st-martin.ch\/wp-content\/uploads\/2023\/03\/2022_8_11_St_MARTIN_85-200x300.jpg\"\/><\/a><\/div><div class=\"sgb-item\"><a href=\"https:\/\/foire-st-martin.ch\/en\/2022_8_11_st_martin_87\/\"><img decoding=\"async\" alt=\"\" width=\"300\" height=\"200\" loading=\"lazy\" src=\"https:\/\/foire-st-martin.ch\/wp-content\/uploads\/2023\/03\/2022_8_11_St_MARTIN_87-300x200.jpg\"\/><\/a><\/div><div class=\"sgb-item\"><a href=\"https:\/\/foire-st-martin.ch\/en\/2022_8_11_st_martin_90\/\"><img decoding=\"async\" alt=\"\" width=\"200\" height=\"300\" loading=\"lazy\" src=\"https:\/\/foire-st-martin.ch\/wp-content\/uploads\/2023\/03\/2022_8_11_St_MARTIN_90-200x300.jpg\"\/><\/a><\/div><div class=\"sgb-item\"><a href=\"https:\/\/foire-st-martin.ch\/en\/2022_8_11_st_martin_93\/\"><img decoding=\"async\" alt=\"\" width=\"200\" height=\"300\" loading=\"lazy\" src=\"https:\/\/foire-st-martin.ch\/wp-content\/uploads\/2023\/03\/2022_8_11_St_MARTIN_93-200x300.jpg\"\/><\/a><\/div><div class=\"sgb-item\"><a href=\"https:\/\/foire-st-martin.ch\/en\/2022_8_11_st_martin_98\/\"><img decoding=\"async\" alt=\"\" width=\"300\" height=\"200\" loading=\"lazy\" src=\"https:\/\/foire-st-martin.ch\/wp-content\/uploads\/2023\/03\/2022_8_11_St_MARTIN_98-300x200.jpg\"\/><\/a><\/div><div class=\"sgb-item\"><a href=\"https:\/\/foire-st-martin.ch\/en\/2022_8_11_st_martin_120\/\"><img decoding=\"async\" alt=\"\" width=\"300\" height=\"200\" loading=\"lazy\" src=\"https:\/\/foire-st-martin.ch\/wp-content\/uploads\/2023\/03\/2022_8_11_St_MARTIN_120-300x200.jpg\"\/><\/a><\/div><div class=\"sgb-item\"><a href=\"https:\/\/foire-st-martin.ch\/en\/2022_8_11_st_martin_119\/\"><img decoding=\"async\" alt=\"\" width=\"300\" height=\"200\" loading=\"lazy\" src=\"https:\/\/foire-st-martin.ch\/wp-content\/uploads\/2023\/03\/2022_8_11_St_MARTIN_119-300x200.jpg\"\/><\/a><\/div><div class=\"sgb-item\"><a href=\"https:\/\/foire-st-martin.ch\/en\/2022_8_11_st_martin_118\/\"><img decoding=\"async\" alt=\"\" width=\"200\" height=\"300\" loading=\"lazy\" src=\"https:\/\/foire-st-martin.ch\/wp-content\/uploads\/2023\/03\/2022_8_11_St_MARTIN_118-200x300.jpg\"\/><\/a><\/div><div class=\"sgb-item\"><a href=\"https:\/\/foire-st-martin.ch\/en\/2022_8_11_st_martin_115\/\"><img decoding=\"async\" alt=\"\" width=\"300\" height=\"200\" loading=\"lazy\" src=\"https:\/\/foire-st-martin.ch\/wp-content\/uploads\/2023\/03\/2022_8_11_St_MARTIN_115-300x200.jpg\"\/><\/a><\/div><div class=\"sgb-item\"><a href=\"https:\/\/foire-st-martin.ch\/en\/2022_8_11_st_martin_114\/\"><img decoding=\"async\" alt=\"\" width=\"300\" height=\"200\" loading=\"lazy\" src=\"https:\/\/foire-st-martin.ch\/wp-content\/uploads\/2023\/03\/2022_8_11_St_MARTIN_114-300x200.jpg\"\/><\/a><\/div><div class=\"sgb-item\"><a href=\"https:\/\/foire-st-martin.ch\/en\/2022_8_11_st_martin_112\/\"><img decoding=\"async\" alt=\"\" width=\"300\" height=\"200\" loading=\"lazy\" src=\"https:\/\/foire-st-martin.ch\/wp-content\/uploads\/2023\/03\/2022_8_11_St_MARTIN_112-300x200.jpg\"\/><\/a><\/div><div class=\"sgb-item\"><a href=\"https:\/\/foire-st-martin.ch\/en\/2022_8_11_st_martin_108\/\"><img decoding=\"async\" alt=\"\" width=\"300\" height=\"200\" loading=\"lazy\" src=\"https:\/\/foire-st-martin.ch\/wp-content\/uploads\/2023\/03\/2022_8_11_St_MARTIN_108-300x200.jpg\"\/><\/a><\/div><div class=\"sgb-item\"><a href=\"https:\/\/foire-st-martin.ch\/en\/2022_8_11_st_martin_103\/\"><img decoding=\"async\" alt=\"\" width=\"300\" height=\"200\" loading=\"lazy\" src=\"https:\/\/foire-st-martin.ch\/wp-content\/uploads\/2023\/03\/2022_8_11_St_MARTIN_103-300x200.jpg\"\/><\/a><\/div><div class=\"sgb-item\"><a href=\"https:\/\/foire-st-martin.ch\/en\/2022_8_11_st_martin_122\/\"><img decoding=\"async\" alt=\"\" width=\"300\" height=\"200\" loading=\"lazy\" src=\"https:\/\/foire-st-martin.ch\/wp-content\/uploads\/2023\/03\/2022_8_11_St_MARTIN_122-300x200.jpg\"\/><\/a><\/div><div class=\"sgb-item\"><a href=\"https:\/\/foire-st-martin.ch\/en\/2022_8_11_st_martin_129\/\"><img decoding=\"async\" alt=\"\" width=\"200\" height=\"300\" loading=\"lazy\" src=\"https:\/\/foire-st-martin.ch\/wp-content\/uploads\/2023\/03\/2022_8_11_St_MARTIN_129-200x300.jpg\"\/><\/a><\/div><div class=\"sgb-item\"><a href=\"https:\/\/foire-st-martin.ch\/en\/2022_8_11_st_martin_134\/\"><img decoding=\"async\" alt=\"\" width=\"200\" height=\"300\" loading=\"lazy\" src=\"https:\/\/foire-st-martin.ch\/wp-content\/uploads\/2023\/03\/2022_8_11_St_MARTIN_134-200x300.jpg\"\/><\/a><\/div><div class=\"sgb-item\"><a href=\"https:\/\/foire-st-martin.ch\/en\/2022_8_11_st_martin_137\/\"><img decoding=\"async\" alt=\"\" width=\"200\" height=\"300\" loading=\"lazy\" src=\"https:\/\/foire-st-martin.ch\/wp-content\/uploads\/2023\/03\/2022_8_11_St_MARTIN_137-200x300.jpg\"\/><\/a><\/div><div class=\"sgb-item\"><a href=\"https:\/\/foire-st-martin.ch\/en\/2022_8_11_st_martin_141\/\"><img decoding=\"async\" alt=\"\" width=\"200\" height=\"300\" loading=\"lazy\" src=\"https:\/\/foire-st-martin.ch\/wp-content\/uploads\/2023\/03\/2022_8_11_St_MARTIN_141-200x300.jpg\"\/><\/a><\/div><div class=\"sgb-item\"><a href=\"https:\/\/foire-st-martin.ch\/en\/2022_8_11_st_martin_142\/\"><img decoding=\"async\" alt=\"\" width=\"200\" height=\"300\" loading=\"lazy\" src=\"https:\/\/foire-st-martin.ch\/wp-content\/uploads\/2023\/03\/2022_8_11_St_MARTIN_142-200x300.jpg\"\/><\/a><\/div><div class=\"sgb-item\"><a href=\"https:\/\/foire-st-martin.ch\/en\/2022_8_11_st_martin_143\/\"><img decoding=\"async\" alt=\"\" width=\"300\" height=\"200\" loading=\"lazy\" src=\"https:\/\/foire-st-martin.ch\/wp-content\/uploads\/2023\/03\/2022_8_11_St_MARTIN_143-300x200.jpg\"\/><\/a><\/div><div class=\"sgb-item\"><a href=\"https:\/\/foire-st-martin.ch\/en\/2022_8_11_st_martin_144\/\"><img decoding=\"async\" alt=\"\" width=\"300\" height=\"200\" loading=\"lazy\" src=\"https:\/\/foire-st-martin.ch\/wp-content\/uploads\/2023\/03\/2022_8_11_St_MARTIN_144-300x200.jpg\"\/><\/a><\/div><div class=\"sgb-item\"><a href=\"https:\/\/foire-st-martin.ch\/en\/2022_8_11_st_martin_145\/\"><img decoding=\"async\" alt=\"\" width=\"300\" height=\"200\" loading=\"lazy\" src=\"https:\/\/foire-st-martin.ch\/wp-content\/uploads\/2023\/03\/2022_8_11_St_MARTIN_145-300x200.jpg\"\/><\/a><\/div><div class=\"sgb-item\"><a href=\"https:\/\/foire-st-martin.ch\/en\/2022_8_11_st_martin_151\/\"><img decoding=\"async\" alt=\"\" width=\"300\" height=\"200\" loading=\"lazy\" src=\"https:\/\/foire-st-martin.ch\/wp-content\/uploads\/2023\/03\/2022_8_11_St_MARTIN_151-300x200.jpg\"\/><\/a><\/div><div class=\"sgb-item\"><a href=\"https:\/\/foire-st-martin.ch\/en\/2022_8_11_st_martin_156\/\"><img decoding=\"async\" alt=\"\" width=\"200\" height=\"300\" loading=\"lazy\" src=\"https:\/\/foire-st-martin.ch\/wp-content\/uploads\/2023\/03\/2022_8_11_St_MARTIN_156-200x300.jpg\"\/><\/a><\/div><div class=\"sgb-item\"><a href=\"https:\/\/foire-st-martin.ch\/en\/2022_8_11_st_martin_158\/\"><img decoding=\"async\" alt=\"\" width=\"200\" height=\"300\" loading=\"lazy\" src=\"https:\/\/foire-st-martin.ch\/wp-content\/uploads\/2023\/03\/2022_8_11_St_MARTIN_158-200x300.jpg\"\/><\/a><\/div><div class=\"sgb-item\"><a href=\"https:\/\/foire-st-martin.ch\/en\/2022_8_11_st_martin_159\/\"><img decoding=\"async\" alt=\"\" width=\"200\" height=\"300\" loading=\"lazy\" src=\"https:\/\/foire-st-martin.ch\/wp-content\/uploads\/2023\/03\/2022_8_11_St_MARTIN_159-200x300.jpg\"\/><\/a><\/div><div class=\"sgb-item\"><a href=\"https:\/\/foire-st-martin.ch\/en\/2022_8_11_st_martin_160\/\"><img decoding=\"async\" alt=\"\" width=\"200\" height=\"300\" loading=\"lazy\" src=\"https:\/\/foire-st-martin.ch\/wp-content\/uploads\/2023\/03\/2022_8_11_St_MARTIN_160-200x300.jpg\"\/><\/a><\/div><div class=\"sgb-item\"><a href=\"https:\/\/foire-st-martin.ch\/en\/2022_8_11_st_martin_161\/\"><img decoding=\"async\" alt=\"\" width=\"300\" height=\"200\" loading=\"lazy\" src=\"https:\/\/foire-st-martin.ch\/wp-content\/uploads\/2023\/03\/2022_8_11_St_MARTIN_161-300x200.jpg\"\/><\/a><\/div><div class=\"sgb-item\"><a href=\"https:\/\/foire-st-martin.ch\/en\/2022_8_11_st_martin_162\/\"><img decoding=\"async\" alt=\"\" width=\"200\" height=\"300\" loading=\"lazy\" src=\"https:\/\/foire-st-martin.ch\/wp-content\/uploads\/2023\/03\/2022_8_11_St_MARTIN_162-200x300.jpg\"\/><\/a><\/div><div class=\"sgb-item\"><a href=\"https:\/\/foire-st-martin.ch\/en\/2022_8_11_st_martin_163\/\"><img decoding=\"async\" alt=\"\" width=\"200\" height=\"300\" loading=\"lazy\" src=\"https:\/\/foire-st-martin.ch\/wp-content\/uploads\/2023\/03\/2022_8_11_St_MARTIN_163-200x300.jpg\"\/><\/a><\/div><div class=\"sgb-item\"><a href=\"https:\/\/foire-st-martin.ch\/en\/2022_8_11_st_martin_165\/\"><img decoding=\"async\" alt=\"\" width=\"200\" height=\"300\" loading=\"lazy\" src=\"https:\/\/foire-st-martin.ch\/wp-content\/uploads\/2023\/03\/2022_8_11_St_MARTIN_165-200x300.jpg\"\/><\/a><\/div><div class=\"sgb-item\"><a href=\"https:\/\/foire-st-martin.ch\/en\/2022_8_11_st_martin_166\/\"><img decoding=\"async\" alt=\"\" width=\"300\" height=\"200\" loading=\"lazy\" src=\"https:\/\/foire-st-martin.ch\/wp-content\/uploads\/2023\/03\/2022_8_11_St_MARTIN_166-300x200.jpg\"\/><\/a><\/div><div class=\"sgb-item\"><a href=\"https:\/\/foire-st-martin.ch\/en\/2022_8_11_st_martin_168\/\"><img decoding=\"async\" alt=\"\" width=\"300\" height=\"200\" loading=\"lazy\" src=\"https:\/\/foire-st-martin.ch\/wp-content\/uploads\/2023\/03\/2022_8_11_St_MARTIN_168-300x200.jpg\"\/><\/a><\/div><div class=\"sgb-item\"><a href=\"https:\/\/foire-st-martin.ch\/en\/2022_8_11_st_martin_170\/\"><img decoding=\"async\" alt=\"\" width=\"300\" height=\"200\" loading=\"lazy\" src=\"https:\/\/foire-st-martin.ch\/wp-content\/uploads\/2023\/03\/2022_8_11_St_MARTIN_170-300x200.jpg\"\/><\/a><\/div><div class=\"sgb-item\"><a href=\"https:\/\/foire-st-martin.ch\/en\/2022_8_11_st_martin_174\/\"><img decoding=\"async\" alt=\"\" width=\"200\" height=\"300\" loading=\"lazy\" src=\"https:\/\/foire-st-martin.ch\/wp-content\/uploads\/2023\/03\/2022_8_11_St_MARTIN_174-200x300.jpg\"\/><\/a><\/div><div class=\"sgb-item\"><a href=\"https:\/\/foire-st-martin.ch\/en\/2022_8_11_st_martin_175\/\"><img decoding=\"async\" alt=\"\" width=\"200\" height=\"300\" loading=\"lazy\" src=\"https:\/\/foire-st-martin.ch\/wp-content\/uploads\/2023\/03\/2022_8_11_St_MARTIN_175-200x300.jpg\"\/><\/a><\/div><div class=\"sgb-item\"><a href=\"https:\/\/foire-st-martin.ch\/en\/2022_8_11_st_martin_177\/\"><img decoding=\"async\" alt=\"\" width=\"200\" height=\"300\" loading=\"lazy\" src=\"https:\/\/foire-st-martin.ch\/wp-content\/uploads\/2023\/03\/2022_8_11_St_MARTIN_177-200x300.jpg\"\/><\/a><\/div><div class=\"sgb-item\"><a href=\"https:\/\/foire-st-martin.ch\/en\/2022_8_11_st_martin_178\/\"><img decoding=\"async\" alt=\"\" width=\"300\" height=\"200\" loading=\"lazy\" src=\"https:\/\/foire-st-martin.ch\/wp-content\/uploads\/2023\/03\/2022_8_11_St_MARTIN_178-300x200.jpg\"\/><\/a><\/div><div class=\"sgb-item\"><a href=\"https:\/\/foire-st-martin.ch\/en\/2022_8_11_st_martin_180\/\"><img decoding=\"async\" alt=\"\" width=\"300\" height=\"200\" loading=\"lazy\" src=\"https:\/\/foire-st-martin.ch\/wp-content\/uploads\/2023\/03\/2022_8_11_St_MARTIN_180-300x200.jpg\"\/><\/a><\/div><div class=\"sgb-item\"><a href=\"https:\/\/foire-st-martin.ch\/en\/2022_8_11_st_martin_181\/\"><img decoding=\"async\" alt=\"\" width=\"200\" height=\"300\" loading=\"lazy\" src=\"https:\/\/foire-st-martin.ch\/wp-content\/uploads\/2023\/03\/2022_8_11_St_MARTIN_181-200x300.jpg\"\/><\/a><\/div><div class=\"sgb-item\"><a href=\"https:\/\/foire-st-martin.ch\/en\/2022_8_11_st_martin_185\/\"><img decoding=\"async\" alt=\"\" width=\"200\" height=\"300\" loading=\"lazy\" src=\"https:\/\/foire-st-martin.ch\/wp-content\/uploads\/2023\/03\/2022_8_11_St_MARTIN_185-200x300.jpg\"\/><\/a><\/div><div class=\"sgb-item\"><a href=\"https:\/\/foire-st-martin.ch\/en\/2022_8_11_st_martin_186\/\"><img decoding=\"async\" alt=\"\" width=\"300\" height=\"200\" loading=\"lazy\" src=\"https:\/\/foire-st-martin.ch\/wp-content\/uploads\/2023\/03\/2022_8_11_St_MARTIN_186-300x200.jpg\"\/><\/a><\/div><div class=\"sgb-item\"><a href=\"https:\/\/foire-st-martin.ch\/en\/2022_8_11_st_martin_187\/\"><img decoding=\"async\" alt=\"\" width=\"200\" height=\"300\" loading=\"lazy\" src=\"https:\/\/foire-st-martin.ch\/wp-content\/uploads\/2023\/03\/2022_8_11_St_MARTIN_187-200x300.jpg\"\/><\/a><\/div><div class=\"sgb-item\"><a href=\"https:\/\/foire-st-martin.ch\/en\/2022_8_11_st_martin_188\/\"><img decoding=\"async\" alt=\"\" width=\"300\" height=\"200\" loading=\"lazy\" src=\"https:\/\/foire-st-martin.ch\/wp-content\/uploads\/2023\/03\/2022_8_11_St_MARTIN_188-300x200.jpg\"\/><\/a><\/div><div class=\"sgb-item\"><a href=\"https:\/\/foire-st-martin.ch\/en\/2022_8_11_st_martin_189\/\"><img decoding=\"async\" alt=\"\" width=\"300\" height=\"200\" loading=\"lazy\" src=\"https:\/\/foire-st-martin.ch\/wp-content\/uploads\/2023\/03\/2022_8_11_St_MARTIN_189-300x200.jpg\"\/><\/a><\/div><div class=\"sgb-item\"><a href=\"https:\/\/foire-st-martin.ch\/en\/2022_8_11_st_martin_191\/\"><img decoding=\"async\" alt=\"\" width=\"200\" height=\"300\" loading=\"lazy\" src=\"https:\/\/foire-st-martin.ch\/wp-content\/uploads\/2023\/03\/2022_8_11_St_MARTIN_191-200x300.jpg\"\/><\/a><\/div><div class=\"sgb-item\"><a href=\"https:\/\/foire-st-martin.ch\/en\/2022_8_11_st_martin_195\/\"><img decoding=\"async\" alt=\"\" width=\"300\" height=\"200\" loading=\"lazy\" src=\"https:\/\/foire-st-martin.ch\/wp-content\/uploads\/2023\/03\/2022_8_11_St_MARTIN_195-300x200.jpg\"\/><\/a><\/div><div class=\"sgb-item\"><a href=\"https:\/\/foire-st-martin.ch\/en\/2022_8_11_st_martin_197\/\"><img decoding=\"async\" alt=\"\" width=\"200\" height=\"300\" loading=\"lazy\" src=\"https:\/\/foire-st-martin.ch\/wp-content\/uploads\/2023\/03\/2022_8_11_St_MARTIN_197-200x300.jpg\"\/><\/a><\/div><div class=\"sgb-item\"><a href=\"https:\/\/foire-st-martin.ch\/en\/2022_8_11_st_martin_198\/\"><img decoding=\"async\" alt=\"\" width=\"200\" height=\"300\" loading=\"lazy\" src=\"https:\/\/foire-st-martin.ch\/wp-content\/uploads\/2023\/03\/2022_8_11_St_MARTIN_198-200x300.jpg\"\/><\/a><\/div><div class=\"sgb-item\"><a href=\"https:\/\/foire-st-martin.ch\/en\/2022_8_11_st_martin_202\/\"><img decoding=\"async\" alt=\"\" width=\"200\" height=\"300\" loading=\"lazy\" src=\"https:\/\/foire-st-martin.ch\/wp-content\/uploads\/2023\/03\/2022_8_11_St_MARTIN_202-200x300.jpg\"\/><\/a><\/div><div class=\"sgb-item\"><a href=\"https:\/\/foire-st-martin.ch\/en\/2022_8_11_st_martin_203\/\"><img decoding=\"async\" alt=\"\" width=\"300\" height=\"200\" loading=\"lazy\" src=\"https:\/\/foire-st-martin.ch\/wp-content\/uploads\/2023\/03\/2022_8_11_St_MARTIN_203-300x200.jpg\"\/><\/a><\/div><div class=\"sgb-item\"><a href=\"https:\/\/foire-st-martin.ch\/en\/2022_8_11_st_martin_205\/\"><img decoding=\"async\" alt=\"\" width=\"200\" height=\"300\" loading=\"lazy\" src=\"https:\/\/foire-st-martin.ch\/wp-content\/uploads\/2023\/03\/2022_8_11_St_MARTIN_205-200x300.jpg\"\/><\/a><\/div><div class=\"sgb-item\"><a href=\"https:\/\/foire-st-martin.ch\/en\/2022_8_11_st_martin_206\/\"><img decoding=\"async\" alt=\"\" width=\"300\" height=\"200\" loading=\"lazy\" src=\"https:\/\/foire-st-martin.ch\/wp-content\/uploads\/2023\/03\/2022_8_11_St_MARTIN_206-300x200.jpg\"\/><\/a><\/div><div class=\"sgb-item\"><a href=\"https:\/\/foire-st-martin.ch\/en\/2022_8_11_st_martin_207\/\"><img decoding=\"async\" alt=\"\" width=\"200\" height=\"300\" loading=\"lazy\" src=\"https:\/\/foire-st-martin.ch\/wp-content\/uploads\/2023\/03\/2022_8_11_St_MARTIN_207-200x300.jpg\"\/><\/a><\/div><div class=\"sgb-item\"><a href=\"https:\/\/foire-st-martin.ch\/en\/2022_8_11_st_martin_213\/\"><img decoding=\"async\" alt=\"\" width=\"300\" height=\"200\" loading=\"lazy\" src=\"https:\/\/foire-st-martin.ch\/wp-content\/uploads\/2023\/03\/2022_8_11_St_MARTIN_213-300x200.jpg\"\/><\/a><\/div><div class=\"sgb-item\"><a href=\"https:\/\/foire-st-martin.ch\/en\/2022_8_11_st_martin_220\/\"><img decoding=\"async\" alt=\"\" width=\"300\" height=\"200\" loading=\"lazy\" src=\"https:\/\/foire-st-martin.ch\/wp-content\/uploads\/2023\/03\/2022_8_11_St_MARTIN_220-300x200.jpg\"\/><\/a><\/div><div class=\"sgb-item\"><a href=\"https:\/\/foire-st-martin.ch\/en\/2022_8_11_st_martin_223\/\"><img decoding=\"async\" alt=\"\" width=\"200\" height=\"300\" loading=\"lazy\" src=\"https:\/\/foire-st-martin.ch\/wp-content\/uploads\/2023\/03\/2022_8_11_St_MARTIN_223-200x300.jpg\"\/><\/a><\/div><div class=\"sgb-item\"><a href=\"https:\/\/foire-st-martin.ch\/en\/2022_8_11_st_martin_224\/\"><img decoding=\"async\" alt=\"\" width=\"300\" height=\"200\" loading=\"lazy\" src=\"https:\/\/foire-st-martin.ch\/wp-content\/uploads\/2023\/03\/2022_8_11_St_MARTIN_224-300x200.jpg\"\/><\/a><\/div><div class=\"sgb-item\"><a href=\"https:\/\/foire-st-martin.ch\/en\/2022_8_11_st_martin_231\/\"><img decoding=\"async\" alt=\"\" width=\"300\" height=\"200\" loading=\"lazy\" src=\"https:\/\/foire-st-martin.ch\/wp-content\/uploads\/2023\/03\/2022_8_11_St_MARTIN_231-300x200.jpg\"\/><\/a><\/div><div class=\"sgb-item\"><a href=\"https:\/\/foire-st-martin.ch\/en\/2022_8_11_st_martin_235\/\"><img decoding=\"async\" alt=\"\" width=\"300\" height=\"200\" loading=\"lazy\" src=\"https:\/\/foire-st-martin.ch\/wp-content\/uploads\/2023\/03\/2022_8_11_St_MARTIN_235-300x200.jpg\"\/><\/a><\/div><div class=\"sgb-item\"><a href=\"https:\/\/foire-st-martin.ch\/en\/2022_8_11_st_martin_236\/\"><img decoding=\"async\" alt=\"\" width=\"300\" height=\"200\" loading=\"lazy\" src=\"https:\/\/foire-st-martin.ch\/wp-content\/uploads\/2023\/03\/2022_8_11_St_MARTIN_236-300x200.jpg\"\/><\/a><\/div><\/div><\/div><script type=\"application\/json\" class=\"sgb-data\">{\"galleryType\":\"pgc_sgb_grid\",\"galleryId\":\"9d043006\",\"images\":[{\"id\":2089,\"title\":\"2022_8_11_St_MARTIN_83\",\"url\":\"https:\/\/foire-st-martin.ch\/wp-content\/uploads\/2023\/03\/2022_8_11_St_MARTIN_83-scaled.jpg\",\"link\":\"https:\/\/foire-st-martin.ch\/2022_8_11_st_martin_83\/\",\"alt\":\"\",\"description\":\"\",\"caption\":\"\",\"mime\":\"image\/jpeg\",\"type\":\"image\",\"width\":2560,\"height\":1707,\"sizes\":{\"thumbnail\":{\"url\":\"https:\/\/foire-st-martin.ch\/wp-content\/uploads\/2023\/03\/2022_8_11_St_MARTIN_83-150x150.jpg\",\"height\":150,\"width\":150,\"orientation\":\"landscape\"},\"medium\":{\"url\":\"https:\/\/foire-st-martin.ch\/wp-content\/uploads\/2023\/03\/2022_8_11_St_MARTIN_83-300x200.jpg\",\"height\":200,\"width\":300,\"orientation\":\"landscape\"},\"large\":{\"url\":\"https:\/\/foire-st-martin.ch\/wp-content\/uploads\/2023\/03\/2022_8_11_St_MARTIN_83-1024x683.jpg\",\"height\":683,\"width\":1024,\"orientation\":\"landscape\"},\"full\":{\"url\":\"https:\/\/foire-st-martin.ch\/wp-content\/uploads\/2023\/03\/2022_8_11_St_MARTIN_83-scaled.jpg\",\"height\":1707,\"width\":2560,\"orientation\":\"landscape\"}},\"meta\":false,\"postlink\":\"https:\/\/foire-st-martin.ch\/2022_8_11_st_martin_83\/\"},{\"id\":2090,\"title\":\"2022_8_11_St_MARTIN_85\",\"url\":\"https:\/\/foire-st-martin.ch\/wp-content\/uploads\/2023\/03\/2022_8_11_St_MARTIN_85-scaled.jpg\",\"link\":\"https:\/\/foire-st-martin.ch\/2022_8_11_st_martin_85\/\",\"alt\":\"\",\"description\":\"\",\"caption\":\"\",\"mime\":\"image\/jpeg\",\"type\":\"image\",\"width\":1707,\"height\":2560,\"sizes\":{\"thumbnail\":{\"url\":\"https:\/\/foire-st-martin.ch\/wp-content\/uploads\/2023\/03\/2022_8_11_St_MARTIN_85-150x150.jpg\",\"height\":150,\"width\":150,\"orientation\":\"landscape\"},\"medium\":{\"url\":\"https:\/\/foire-st-martin.ch\/wp-content\/uploads\/2023\/03\/2022_8_11_St_MARTIN_85-200x300.jpg\",\"height\":300,\"width\":200,\"orientation\":\"portrait\"},\"large\":{\"url\":\"https:\/\/foire-st-martin.ch\/wp-content\/uploads\/2023\/03\/2022_8_11_St_MARTIN_85-683x1024.jpg\",\"height\":1024,\"width\":683,\"orientation\":\"portrait\"},\"full\":{\"url\":\"https:\/\/foire-st-martin.ch\/wp-content\/uploads\/2023\/03\/2022_8_11_St_MARTIN_85-scaled.jpg\",\"height\":2560,\"width\":1707,\"orientation\":\"portrait\"}},\"meta\":false,\"postlink\":\"https:\/\/foire-st-martin.ch\/2022_8_11_st_martin_85\/\"},{\"id\":2091,\"title\":\"2022_8_11_St_MARTIN_87\",\"url\":\"https:\/\/foire-st-martin.ch\/wp-content\/uploads\/2023\/03\/2022_8_11_St_MARTIN_87-scaled.jpg\",\"link\":\"https:\/\/foire-st-martin.ch\/2022_8_11_st_martin_87\/\",\"alt\":\"\",\"description\":\"\",\"caption\":\"\",\"mime\":\"image\/jpeg\",\"type\":\"image\",\"width\":2560,\"height\":1707,\"sizes\":{\"thumbnail\":{\"url\":\"https:\/\/foire-st-martin.ch\/wp-content\/uploads\/2023\/03\/2022_8_11_St_MARTIN_87-150x150.jpg\",\"height\":150,\"width\":150,\"orientation\":\"landscape\"},\"medium\":{\"url\":\"https:\/\/foire-st-martin.ch\/wp-content\/uploads\/2023\/03\/2022_8_11_St_MARTIN_87-300x200.jpg\",\"height\":200,\"width\":300,\"orientation\":\"landscape\"},\"large\":{\"url\":\"https:\/\/foire-st-martin.ch\/wp-content\/uploads\/2023\/03\/2022_8_11_St_MARTIN_87-1024x683.jpg\",\"height\":683,\"width\":1024,\"orientation\":\"landscape\"},\"full\":{\"url\":\"https:\/\/foire-st-martin.ch\/wp-content\/uploads\/2023\/03\/2022_8_11_St_MARTIN_87-scaled.jpg\",\"height\":1707,\"width\":2560,\"orientation\":\"landscape\"}},\"meta\":false,\"postlink\":\"https:\/\/foire-st-martin.ch\/2022_8_11_st_martin_87\/\"},{\"id\":2092,\"title\":\"2022_8_11_St_MARTIN_90\",\"url\":\"https:\/\/foire-st-martin.ch\/wp-content\/uploads\/2023\/03\/2022_8_11_St_MARTIN_90-scaled.jpg\",\"link\":\"https:\/\/foire-st-martin.ch\/2022_8_11_st_martin_90\/\",\"alt\":\"\",\"description\":\"\",\"caption\":\"\",\"mime\":\"image\/jpeg\",\"type\":\"image\",\"width\":1707,\"height\":2560,\"sizes\":{\"thumbnail\":{\"url\":\"https:\/\/foire-st-martin.ch\/wp-content\/uploads\/2023\/03\/2022_8_11_St_MARTIN_90-150x150.jpg\",\"height\":150,\"width\":150,\"orientation\":\"landscape\"},\"medium\":{\"url\":\"https:\/\/foire-st-martin.ch\/wp-content\/uploads\/2023\/03\/2022_8_11_St_MARTIN_90-200x300.jpg\",\"height\":300,\"width\":200,\"orientation\":\"portrait\"},\"large\":{\"url\":\"https:\/\/foire-st-martin.ch\/wp-content\/uploads\/2023\/03\/2022_8_11_St_MARTIN_90-683x1024.jpg\",\"height\":1024,\"width\":683,\"orientation\":\"portrait\"},\"full\":{\"url\":\"https:\/\/foire-st-martin.ch\/wp-content\/uploads\/2023\/03\/2022_8_11_St_MARTIN_90-scaled.jpg\",\"height\":2560,\"width\":1707,\"orientation\":\"portrait\"}},\"meta\":false,\"postlink\":\"https:\/\/foire-st-martin.ch\/2022_8_11_st_martin_90\/\"},{\"id\":2093,\"title\":\"2022_8_11_St_MARTIN_93\",\"url\":\"https:\/\/foire-st-martin.ch\/wp-content\/uploads\/2023\/03\/2022_8_11_St_MARTIN_93-scaled.jpg\",\"link\":\"https:\/\/foire-st-martin.ch\/2022_8_11_st_martin_93\/\",\"alt\":\"\",\"description\":\"\",\"caption\":\"\",\"mime\":\"image\/jpeg\",\"type\":\"image\",\"width\":1707,\"height\":2560,\"sizes\":{\"thumbnail\":{\"url\":\"https:\/\/foire-st-martin.ch\/wp-content\/uploads\/2023\/03\/2022_8_11_St_MARTIN_93-150x150.jpg\",\"height\":150,\"width\":150,\"orientation\":\"landscape\"},\"medium\":{\"url\":\"https:\/\/foire-st-martin.ch\/wp-content\/uploads\/2023\/03\/2022_8_11_St_MARTIN_93-200x300.jpg\",\"height\":300,\"width\":200,\"orientation\":\"portrait\"},\"large\":{\"url\":\"https:\/\/foire-st-martin.ch\/wp-content\/uploads\/2023\/03\/2022_8_11_St_MARTIN_93-683x1024.jpg\",\"height\":1024,\"width\":683,\"orientation\":\"portrait\"},\"full\":{\"url\":\"https:\/\/foire-st-martin.ch\/wp-content\/uploads\/2023\/03\/2022_8_11_St_MARTIN_93-scaled.jpg\",\"height\":2560,\"width\":1707,\"orientation\":\"portrait\"}},\"meta\":false,\"postlink\":\"https:\/\/foire-st-martin.ch\/2022_8_11_st_martin_93\/\"},{\"id\":2094,\"title\":\"2022_8_11_St_MARTIN_98\",\"url\":\"https:\/\/foire-st-martin.ch\/wp-content\/uploads\/2023\/03\/2022_8_11_St_MARTIN_98-scaled.jpg\",\"link\":\"https:\/\/foire-st-martin.ch\/2022_8_11_st_martin_98\/\",\"alt\":\"\",\"description\":\"\",\"caption\":\"\",\"mime\":\"image\/jpeg\",\"type\":\"image\",\"width\":2560,\"height\":1707,\"sizes\":{\"thumbnail\":{\"url\":\"https:\/\/foire-st-martin.ch\/wp-content\/uploads\/2023\/03\/2022_8_11_St_MARTIN_98-150x150.jpg\",\"height\":150,\"width\":150,\"orientation\":\"landscape\"},\"medium\":{\"url\":\"https:\/\/foire-st-martin.ch\/wp-content\/uploads\/2023\/03\/2022_8_11_St_MARTIN_98-300x200.jpg\",\"height\":200,\"width\":300,\"orientation\":\"landscape\"},\"large\":{\"url\":\"https:\/\/foire-st-martin.ch\/wp-content\/uploads\/2023\/03\/2022_8_11_St_MARTIN_98-1024x683.jpg\",\"height\":683,\"width\":1024,\"orientation\":\"landscape\"},\"full\":{\"url\":\"https:\/\/foire-st-martin.ch\/wp-content\/uploads\/2023\/03\/2022_8_11_St_MARTIN_98-scaled.jpg\",\"height\":1707,\"width\":2560,\"orientation\":\"landscape\"}},\"meta\":false,\"postlink\":\"https:\/\/foire-st-martin.ch\/2022_8_11_st_martin_98\/\"},{\"id\":2102,\"title\":\"2022_8_11_St_MARTIN_120\",\"url\":\"https:\/\/foire-st-martin.ch\/wp-content\/uploads\/2023\/03\/2022_8_11_St_MARTIN_120-scaled.jpg\",\"link\":\"https:\/\/foire-st-martin.ch\/2022_8_11_st_martin_120\/\",\"alt\":\"\",\"description\":\"\",\"caption\":\"\",\"mime\":\"image\/jpeg\",\"type\":\"image\",\"width\":2560,\"height\":1707,\"sizes\":{\"thumbnail\":{\"url\":\"https:\/\/foire-st-martin.ch\/wp-content\/uploads\/2023\/03\/2022_8_11_St_MARTIN_120-150x150.jpg\",\"height\":150,\"width\":150,\"orientation\":\"landscape\"},\"medium\":{\"url\":\"https:\/\/foire-st-martin.ch\/wp-content\/uploads\/2023\/03\/2022_8_11_St_MARTIN_120-300x200.jpg\",\"height\":200,\"width\":300,\"orientation\":\"landscape\"},\"large\":{\"url\":\"https:\/\/foire-st-martin.ch\/wp-content\/uploads\/2023\/03\/2022_8_11_St_MARTIN_120-1024x683.jpg\",\"height\":683,\"width\":1024,\"orientation\":\"landscape\"},\"full\":{\"url\":\"https:\/\/foire-st-martin.ch\/wp-content\/uploads\/2023\/03\/2022_8_11_St_MARTIN_120-scaled.jpg\",\"height\":1707,\"width\":2560,\"orientation\":\"landscape\"}},\"meta\":false,\"postlink\":\"https:\/\/foire-st-martin.ch\/2022_8_11_st_martin_120\/\"},{\"id\":2101,\"title\":\"2022_8_11_St_MARTIN_119\",\"url\":\"https:\/\/foire-st-martin.ch\/wp-content\/uploads\/2023\/03\/2022_8_11_St_MARTIN_119-scaled.jpg\",\"link\":\"https:\/\/foire-st-martin.ch\/2022_8_11_st_martin_119\/\",\"alt\":\"\",\"description\":\"\",\"caption\":\"\",\"mime\":\"image\/jpeg\",\"type\":\"image\",\"width\":2560,\"height\":1707,\"sizes\":{\"thumbnail\":{\"url\":\"https:\/\/foire-st-martin.ch\/wp-content\/uploads\/2023\/03\/2022_8_11_St_MARTIN_119-150x150.jpg\",\"height\":150,\"width\":150,\"orientation\":\"landscape\"},\"medium\":{\"url\":\"https:\/\/foire-st-martin.ch\/wp-content\/uploads\/2023\/03\/2022_8_11_St_MARTIN_119-300x200.jpg\",\"height\":200,\"width\":300,\"orientation\":\"landscape\"},\"large\":{\"url\":\"https:\/\/foire-st-martin.ch\/wp-content\/uploads\/2023\/03\/2022_8_11_St_MARTIN_119-1024x683.jpg\",\"height\":683,\"width\":1024,\"orientation\":\"landscape\"},\"full\":{\"url\":\"https:\/\/foire-st-martin.ch\/wp-content\/uploads\/2023\/03\/2022_8_11_St_MARTIN_119-scaled.jpg\",\"height\":1707,\"width\":2560,\"orientation\":\"landscape\"}},\"meta\":false,\"postlink\":\"https:\/\/foire-st-martin.ch\/2022_8_11_st_martin_119\/\"},{\"id\":2100,\"title\":\"2022_8_11_St_MARTIN_118\",\"url\":\"https:\/\/foire-st-martin.ch\/wp-content\/uploads\/2023\/03\/2022_8_11_St_MARTIN_118-scaled.jpg\",\"link\":\"https:\/\/foire-st-martin.ch\/2022_8_11_st_martin_118\/\",\"alt\":\"\",\"description\":\"\",\"caption\":\"\",\"mime\":\"image\/jpeg\",\"type\":\"image\",\"width\":1707,\"height\":2560,\"sizes\":{\"thumbnail\":{\"url\":\"https:\/\/foire-st-martin.ch\/wp-content\/uploads\/2023\/03\/2022_8_11_St_MARTIN_118-150x150.jpg\",\"height\":150,\"width\":150,\"orientation\":\"landscape\"},\"medium\":{\"url\":\"https:\/\/foire-st-martin.ch\/wp-content\/uploads\/2023\/03\/2022_8_11_St_MARTIN_118-200x300.jpg\",\"height\":300,\"width\":200,\"orientation\":\"portrait\"},\"large\":{\"url\":\"https:\/\/foire-st-martin.ch\/wp-content\/uploads\/2023\/03\/2022_8_11_St_MARTIN_118-683x1024.jpg\",\"height\":1024,\"width\":683,\"orientation\":\"portrait\"},\"full\":{\"url\":\"https:\/\/foire-st-martin.ch\/wp-content\/uploads\/2023\/03\/2022_8_11_St_MARTIN_118-scaled.jpg\",\"height\":2560,\"width\":1707,\"orientation\":\"portrait\"}},\"meta\":false,\"postlink\":\"https:\/\/foire-st-martin.ch\/2022_8_11_st_martin_118\/\"},{\"id\":2099,\"title\":\"2022_8_11_St_MARTIN_115\",\"url\":\"https:\/\/foire-st-martin.ch\/wp-content\/uploads\/2023\/03\/2022_8_11_St_MARTIN_115-scaled.jpg\",\"link\":\"https:\/\/foire-st-martin.ch\/2022_8_11_st_martin_115\/\",\"alt\":\"\",\"description\":\"\",\"caption\":\"\",\"mime\":\"image\/jpeg\",\"type\":\"image\",\"width\":2560,\"height\":1707,\"sizes\":{\"thumbnail\":{\"url\":\"https:\/\/foire-st-martin.ch\/wp-content\/uploads\/2023\/03\/2022_8_11_St_MARTIN_115-150x150.jpg\",\"height\":150,\"width\":150,\"orientation\":\"landscape\"},\"medium\":{\"url\":\"https:\/\/foire-st-martin.ch\/wp-content\/uploads\/2023\/03\/2022_8_11_St_MARTIN_115-300x200.jpg\",\"height\":200,\"width\":300,\"orientation\":\"landscape\"},\"large\":{\"url\":\"https:\/\/foire-st-martin.ch\/wp-content\/uploads\/2023\/03\/2022_8_11_St_MARTIN_115-1024x683.jpg\",\"height\":683,\"width\":1024,\"orientation\":\"landscape\"},\"full\":{\"url\":\"https:\/\/foire-st-martin.ch\/wp-content\/uploads\/2023\/03\/2022_8_11_St_MARTIN_115-scaled.jpg\",\"height\":1707,\"width\":2560,\"orientation\":\"landscape\"}},\"meta\":false,\"postlink\":\"https:\/\/foire-st-martin.ch\/2022_8_11_st_martin_115\/\"},{\"id\":2098,\"title\":\"2022_8_11_St_MARTIN_114\",\"url\":\"https:\/\/foire-st-martin.ch\/wp-content\/uploads\/2023\/03\/2022_8_11_St_MARTIN_114-scaled.jpg\",\"link\":\"https:\/\/foire-st-martin.ch\/2022_8_11_st_martin_114\/\",\"alt\":\"\",\"description\":\"\",\"caption\":\"\",\"mime\":\"image\/jpeg\",\"type\":\"image\",\"width\":2560,\"height\":1707,\"sizes\":{\"thumbnail\":{\"url\":\"https:\/\/foire-st-martin.ch\/wp-content\/uploads\/2023\/03\/2022_8_11_St_MARTIN_114-150x150.jpg\",\"height\":150,\"width\":150,\"orientation\":\"landscape\"},\"medium\":{\"url\":\"https:\/\/foire-st-martin.ch\/wp-content\/uploads\/2023\/03\/2022_8_11_St_MARTIN_114-300x200.jpg\",\"height\":200,\"width\":300,\"orientation\":\"landscape\"},\"large\":{\"url\":\"https:\/\/foire-st-martin.ch\/wp-content\/uploads\/2023\/03\/2022_8_11_St_MARTIN_114-1024x683.jpg\",\"height\":683,\"width\":1024,\"orientation\":\"landscape\"},\"full\":{\"url\":\"https:\/\/foire-st-martin.ch\/wp-content\/uploads\/2023\/03\/2022_8_11_St_MARTIN_114-scaled.jpg\",\"height\":1707,\"width\":2560,\"orientation\":\"landscape\"}},\"meta\":false,\"postlink\":\"https:\/\/foire-st-martin.ch\/2022_8_11_st_martin_114\/\"},{\"id\":2097,\"title\":\"2022_8_11_St_MARTIN_112\",\"url\":\"https:\/\/foire-st-martin.ch\/wp-content\/uploads\/2023\/03\/2022_8_11_St_MARTIN_112-scaled.jpg\",\"link\":\"https:\/\/foire-st-martin.ch\/2022_8_11_st_martin_112\/\",\"alt\":\"\",\"description\":\"\",\"caption\":\"\",\"mime\":\"image\/jpeg\",\"type\":\"image\",\"width\":2560,\"height\":1707,\"sizes\":{\"thumbnail\":{\"url\":\"https:\/\/foire-st-martin.ch\/wp-content\/uploads\/2023\/03\/2022_8_11_St_MARTIN_112-150x150.jpg\",\"height\":150,\"width\":150,\"orientation\":\"landscape\"},\"medium\":{\"url\":\"https:\/\/foire-st-martin.ch\/wp-content\/uploads\/2023\/03\/2022_8_11_St_MARTIN_112-300x200.jpg\",\"height\":200,\"width\":300,\"orientation\":\"landscape\"},\"large\":{\"url\":\"https:\/\/foire-st-martin.ch\/wp-content\/uploads\/2023\/03\/2022_8_11_St_MARTIN_112-1024x683.jpg\",\"height\":683,\"width\":1024,\"orientation\":\"landscape\"},\"full\":{\"url\":\"https:\/\/foire-st-martin.ch\/wp-content\/uploads\/2023\/03\/2022_8_11_St_MARTIN_112-scaled.jpg\",\"height\":1707,\"width\":2560,\"orientation\":\"landscape\"}},\"meta\":false,\"postlink\":\"https:\/\/foire-st-martin.ch\/2022_8_11_st_martin_112\/\"},{\"id\":2096,\"title\":\"2022_8_11_St_MARTIN_108\",\"url\":\"https:\/\/foire-st-martin.ch\/wp-content\/uploads\/2023\/03\/2022_8_11_St_MARTIN_108-scaled.jpg\",\"link\":\"https:\/\/foire-st-martin.ch\/2022_8_11_st_martin_108\/\",\"alt\":\"\",\"description\":\"\",\"caption\":\"\",\"mime\":\"image\/jpeg\",\"type\":\"image\",\"width\":2560,\"height\":1707,\"sizes\":{\"thumbnail\":{\"url\":\"https:\/\/foire-st-martin.ch\/wp-content\/uploads\/2023\/03\/2022_8_11_St_MARTIN_108-150x150.jpg\",\"height\":150,\"width\":150,\"orientation\":\"landscape\"},\"medium\":{\"url\":\"https:\/\/foire-st-martin.ch\/wp-content\/uploads\/2023\/03\/2022_8_11_St_MARTIN_108-300x200.jpg\",\"height\":200,\"width\":300,\"orientation\":\"landscape\"},\"large\":{\"url\":\"https:\/\/foire-st-martin.ch\/wp-content\/uploads\/2023\/03\/2022_8_11_St_MARTIN_108-1024x683.jpg\",\"height\":683,\"width\":1024,\"orientation\":\"landscape\"},\"full\":{\"url\":\"https:\/\/foire-st-martin.ch\/wp-content\/uploads\/2023\/03\/2022_8_11_St_MARTIN_108-scaled.jpg\",\"height\":1707,\"width\":2560,\"orientation\":\"landscape\"}},\"meta\":false,\"postlink\":\"https:\/\/foire-st-martin.ch\/2022_8_11_st_martin_108\/\"},{\"id\":2095,\"title\":\"2022_8_11_St_MARTIN_103\",\"url\":\"https:\/\/foire-st-martin.ch\/wp-content\/uploads\/2023\/03\/2022_8_11_St_MARTIN_103-scaled.jpg\",\"link\":\"https:\/\/foire-st-martin.ch\/2022_8_11_st_martin_103\/\",\"alt\":\"\",\"description\":\"\",\"caption\":\"\",\"mime\":\"image\/jpeg\",\"type\":\"image\",\"width\":2560,\"height\":1707,\"sizes\":{\"thumbnail\":{\"url\":\"https:\/\/foire-st-martin.ch\/wp-content\/uploads\/2023\/03\/2022_8_11_St_MARTIN_103-150x150.jpg\",\"height\":150,\"width\":150,\"orientation\":\"landscape\"},\"medium\":{\"url\":\"https:\/\/foire-st-martin.ch\/wp-content\/uploads\/2023\/03\/2022_8_11_St_MARTIN_103-300x200.jpg\",\"height\":200,\"width\":300,\"orientation\":\"landscape\"},\"large\":{\"url\":\"https:\/\/foire-st-martin.ch\/wp-content\/uploads\/2023\/03\/2022_8_11_St_MARTIN_103-1024x683.jpg\",\"height\":683,\"width\":1024,\"orientation\":\"landscape\"},\"full\":{\"url\":\"https:\/\/foire-st-martin.ch\/wp-content\/uploads\/2023\/03\/2022_8_11_St_MARTIN_103-scaled.jpg\",\"height\":1707,\"width\":2560,\"orientation\":\"landscape\"}},\"meta\":false,\"postlink\":\"https:\/\/foire-st-martin.ch\/2022_8_11_st_martin_103\/\"},{\"id\":2103,\"title\":\"2022_8_11_St_MARTIN_122\",\"url\":\"https:\/\/foire-st-martin.ch\/wp-content\/uploads\/2023\/03\/2022_8_11_St_MARTIN_122-scaled.jpg\",\"link\":\"https:\/\/foire-st-martin.ch\/2022_8_11_st_martin_122\/\",\"alt\":\"\",\"description\":\"\",\"caption\":\"\",\"mime\":\"image\/jpeg\",\"type\":\"image\",\"width\":2560,\"height\":1707,\"sizes\":{\"thumbnail\":{\"url\":\"https:\/\/foire-st-martin.ch\/wp-content\/uploads\/2023\/03\/2022_8_11_St_MARTIN_122-150x150.jpg\",\"height\":150,\"width\":150,\"orientation\":\"landscape\"},\"medium\":{\"url\":\"https:\/\/foire-st-martin.ch\/wp-content\/uploads\/2023\/03\/2022_8_11_St_MARTIN_122-300x200.jpg\",\"height\":200,\"width\":300,\"orientation\":\"landscape\"},\"large\":{\"url\":\"https:\/\/foire-st-martin.ch\/wp-content\/uploads\/2023\/03\/2022_8_11_St_MARTIN_122-1024x683.jpg\",\"height\":683,\"width\":1024,\"orientation\":\"landscape\"},\"full\":{\"url\":\"https:\/\/foire-st-martin.ch\/wp-content\/uploads\/2023\/03\/2022_8_11_St_MARTIN_122-scaled.jpg\",\"height\":1707,\"width\":2560,\"orientation\":\"landscape\"}},\"meta\":false,\"postlink\":\"https:\/\/foire-st-martin.ch\/2022_8_11_st_martin_122\/\"},{\"id\":2104,\"title\":\"2022_8_11_St_MARTIN_129\",\"url\":\"https:\/\/foire-st-martin.ch\/wp-content\/uploads\/2023\/03\/2022_8_11_St_MARTIN_129-scaled.jpg\",\"link\":\"https:\/\/foire-st-martin.ch\/2022_8_11_st_martin_129\/\",\"alt\":\"\",\"description\":\"\",\"caption\":\"\",\"mime\":\"image\/jpeg\",\"type\":\"image\",\"width\":1707,\"height\":2560,\"sizes\":{\"thumbnail\":{\"url\":\"https:\/\/foire-st-martin.ch\/wp-content\/uploads\/2023\/03\/2022_8_11_St_MARTIN_129-150x150.jpg\",\"height\":150,\"width\":150,\"orientation\":\"landscape\"},\"medium\":{\"url\":\"https:\/\/foire-st-martin.ch\/wp-content\/uploads\/2023\/03\/2022_8_11_St_MARTIN_129-200x300.jpg\",\"height\":300,\"width\":200,\"orientation\":\"portrait\"},\"large\":{\"url\":\"https:\/\/foire-st-martin.ch\/wp-content\/uploads\/2023\/03\/2022_8_11_St_MARTIN_129-683x1024.jpg\",\"height\":1024,\"width\":683,\"orientation\":\"portrait\"},\"full\":{\"url\":\"https:\/\/foire-st-martin.ch\/wp-content\/uploads\/2023\/03\/2022_8_11_St_MARTIN_129-scaled.jpg\",\"height\":2560,\"width\":1707,\"orientation\":\"portrait\"}},\"meta\":false,\"postlink\":\"https:\/\/foire-st-martin.ch\/2022_8_11_st_martin_129\/\"},{\"id\":2105,\"title\":\"2022_8_11_St_MARTIN_134\",\"url\":\"https:\/\/foire-st-martin.ch\/wp-content\/uploads\/2023\/03\/2022_8_11_St_MARTIN_134-scaled.jpg\",\"link\":\"https:\/\/foire-st-martin.ch\/2022_8_11_st_martin_134\/\",\"alt\":\"\",\"description\":\"\",\"caption\":\"\",\"mime\":\"image\/jpeg\",\"type\":\"image\",\"width\":1707,\"height\":2560,\"sizes\":{\"thumbnail\":{\"url\":\"https:\/\/foire-st-martin.ch\/wp-content\/uploads\/2023\/03\/2022_8_11_St_MARTIN_134-150x150.jpg\",\"height\":150,\"width\":150,\"orientation\":\"landscape\"},\"medium\":{\"url\":\"https:\/\/foire-st-martin.ch\/wp-content\/uploads\/2023\/03\/2022_8_11_St_MARTIN_134-200x300.jpg\",\"height\":300,\"width\":200,\"orientation\":\"portrait\"},\"large\":{\"url\":\"https:\/\/foire-st-martin.ch\/wp-content\/uploads\/2023\/03\/2022_8_11_St_MARTIN_134-683x1024.jpg\",\"height\":1024,\"width\":683,\"orientation\":\"portrait\"},\"full\":{\"url\":\"https:\/\/foire-st-martin.ch\/wp-content\/uploads\/2023\/03\/2022_8_11_St_MARTIN_134-scaled.jpg\",\"height\":2560,\"width\":1707,\"orientation\":\"portrait\"}},\"meta\":false,\"postlink\":\"https:\/\/foire-st-martin.ch\/2022_8_11_st_martin_134\/\"},{\"id\":2106,\"title\":\"2022_8_11_St_MARTIN_137\",\"url\":\"https:\/\/foire-st-martin.ch\/wp-content\/uploads\/2023\/03\/2022_8_11_St_MARTIN_137-scaled.jpg\",\"link\":\"https:\/\/foire-st-martin.ch\/2022_8_11_st_martin_137\/\",\"alt\":\"\",\"description\":\"\",\"caption\":\"\",\"mime\":\"image\/jpeg\",\"type\":\"image\",\"width\":1707,\"height\":2560,\"sizes\":{\"thumbnail\":{\"url\":\"https:\/\/foire-st-martin.ch\/wp-content\/uploads\/2023\/03\/2022_8_11_St_MARTIN_137-150x150.jpg\",\"height\":150,\"width\":150,\"orientation\":\"landscape\"},\"medium\":{\"url\":\"https:\/\/foire-st-martin.ch\/wp-content\/uploads\/2023\/03\/2022_8_11_St_MARTIN_137-200x300.jpg\",\"height\":300,\"width\":200,\"orientation\":\"portrait\"},\"large\":{\"url\":\"https:\/\/foire-st-martin.ch\/wp-content\/uploads\/2023\/03\/2022_8_11_St_MARTIN_137-683x1024.jpg\",\"height\":1024,\"width\":683,\"orientation\":\"portrait\"},\"full\":{\"url\":\"https:\/\/foire-st-martin.ch\/wp-content\/uploads\/2023\/03\/2022_8_11_St_MARTIN_137-scaled.jpg\",\"height\":2560,\"width\":1707,\"orientation\":\"portrait\"}},\"meta\":false,\"postlink\":\"https:\/\/foire-st-martin.ch\/2022_8_11_st_martin_137\/\"},{\"id\":2107,\"title\":\"2022_8_11_St_MARTIN_141\",\"url\":\"https:\/\/foire-st-martin.ch\/wp-content\/uploads\/2023\/03\/2022_8_11_St_MARTIN_141-scaled.jpg\",\"link\":\"https:\/\/foire-st-martin.ch\/2022_8_11_st_martin_141\/\",\"alt\":\"\",\"description\":\"\",\"caption\":\"\",\"mime\":\"image\/jpeg\",\"type\":\"image\",\"width\":1707,\"height\":2560,\"sizes\":{\"thumbnail\":{\"url\":\"https:\/\/foire-st-martin.ch\/wp-content\/uploads\/2023\/03\/2022_8_11_St_MARTIN_141-150x150.jpg\",\"height\":150,\"width\":150,\"orientation\":\"landscape\"},\"medium\":{\"url\":\"https:\/\/foire-st-martin.ch\/wp-content\/uploads\/2023\/03\/2022_8_11_St_MARTIN_141-200x300.jpg\",\"height\":300,\"width\":200,\"orientation\":\"portrait\"},\"large\":{\"url\":\"https:\/\/foire-st-martin.ch\/wp-content\/uploads\/2023\/03\/2022_8_11_St_MARTIN_141-683x1024.jpg\",\"height\":1024,\"width\":683,\"orientation\":\"portrait\"},\"full\":{\"url\":\"https:\/\/foire-st-martin.ch\/wp-content\/uploads\/2023\/03\/2022_8_11_St_MARTIN_141-scaled.jpg\",\"height\":2560,\"width\":1707,\"orientation\":\"portrait\"}},\"meta\":false,\"postlink\":\"https:\/\/foire-st-martin.ch\/2022_8_11_st_martin_141\/\"},{\"id\":2108,\"title\":\"2022_8_11_St_MARTIN_142\",\"url\":\"https:\/\/foire-st-martin.ch\/wp-content\/uploads\/2023\/03\/2022_8_11_St_MARTIN_142-scaled.jpg\",\"link\":\"https:\/\/foire-st-martin.ch\/2022_8_11_st_martin_142\/\",\"alt\":\"\",\"description\":\"\",\"caption\":\"\",\"mime\":\"image\/jpeg\",\"type\":\"image\",\"width\":1707,\"height\":2560,\"sizes\":{\"thumbnail\":{\"url\":\"https:\/\/foire-st-martin.ch\/wp-content\/uploads\/2023\/03\/2022_8_11_St_MARTIN_142-150x150.jpg\",\"height\":150,\"width\":150,\"orientation\":\"landscape\"},\"medium\":{\"url\":\"https:\/\/foire-st-martin.ch\/wp-content\/uploads\/2023\/03\/2022_8_11_St_MARTIN_142-200x300.jpg\",\"height\":300,\"width\":200,\"orientation\":\"portrait\"},\"large\":{\"url\":\"https:\/\/foire-st-martin.ch\/wp-content\/uploads\/2023\/03\/2022_8_11_St_MARTIN_142-683x1024.jpg\",\"height\":1024,\"width\":683,\"orientation\":\"portrait\"},\"full\":{\"url\":\"https:\/\/foire-st-martin.ch\/wp-content\/uploads\/2023\/03\/2022_8_11_St_MARTIN_142-scaled.jpg\",\"height\":2560,\"width\":1707,\"orientation\":\"portrait\"}},\"meta\":false,\"postlink\":\"https:\/\/foire-st-martin.ch\/2022_8_11_st_martin_142\/\"},{\"id\":2109,\"title\":\"2022_8_11_St_MARTIN_143\",\"url\":\"https:\/\/foire-st-martin.ch\/wp-content\/uploads\/2023\/03\/2022_8_11_St_MARTIN_143-scaled.jpg\",\"link\":\"https:\/\/foire-st-martin.ch\/2022_8_11_st_martin_143\/\",\"alt\":\"\",\"description\":\"\",\"caption\":\"\",\"mime\":\"image\/jpeg\",\"type\":\"image\",\"width\":2560,\"height\":1707,\"sizes\":{\"thumbnail\":{\"url\":\"https:\/\/foire-st-martin.ch\/wp-content\/uploads\/2023\/03\/2022_8_11_St_MARTIN_143-150x150.jpg\",\"height\":150,\"width\":150,\"orientation\":\"landscape\"},\"medium\":{\"url\":\"https:\/\/foire-st-martin.ch\/wp-content\/uploads\/2023\/03\/2022_8_11_St_MARTIN_143-300x200.jpg\",\"height\":200,\"width\":300,\"orientation\":\"landscape\"},\"large\":{\"url\":\"https:\/\/foire-st-martin.ch\/wp-content\/uploads\/2023\/03\/2022_8_11_St_MARTIN_143-1024x683.jpg\",\"height\":683,\"width\":1024,\"orientation\":\"landscape\"},\"full\":{\"url\":\"https:\/\/foire-st-martin.ch\/wp-content\/uploads\/2023\/03\/2022_8_11_St_MARTIN_143-scaled.jpg\",\"height\":1707,\"width\":2560,\"orientation\":\"landscape\"}},\"meta\":false,\"postlink\":\"https:\/\/foire-st-martin.ch\/2022_8_11_st_martin_143\/\"},{\"id\":2110,\"title\":\"2022_8_11_St_MARTIN_144\",\"url\":\"https:\/\/foire-st-martin.ch\/wp-content\/uploads\/2023\/03\/2022_8_11_St_MARTIN_144-scaled.jpg\",\"link\":\"https:\/\/foire-st-martin.ch\/2022_8_11_st_martin_144\/\",\"alt\":\"\",\"description\":\"\",\"caption\":\"\",\"mime\":\"image\/jpeg\",\"type\":\"image\",\"width\":2560,\"height\":1707,\"sizes\":{\"thumbnail\":{\"url\":\"https:\/\/foire-st-martin.ch\/wp-content\/uploads\/2023\/03\/2022_8_11_St_MARTIN_144-150x150.jpg\",\"height\":150,\"width\":150,\"orientation\":\"landscape\"},\"medium\":{\"url\":\"https:\/\/foire-st-martin.ch\/wp-content\/uploads\/2023\/03\/2022_8_11_St_MARTIN_144-300x200.jpg\",\"height\":200,\"width\":300,\"orientation\":\"landscape\"},\"large\":{\"url\":\"https:\/\/foire-st-martin.ch\/wp-content\/uploads\/2023\/03\/2022_8_11_St_MARTIN_144-1024x683.jpg\",\"height\":683,\"width\":1024,\"orientation\":\"landscape\"},\"full\":{\"url\":\"https:\/\/foire-st-martin.ch\/wp-content\/uploads\/2023\/03\/2022_8_11_St_MARTIN_144-scaled.jpg\",\"height\":1707,\"width\":2560,\"orientation\":\"landscape\"}},\"meta\":false,\"postlink\":\"https:\/\/foire-st-martin.ch\/2022_8_11_st_martin_144\/\"},{\"id\":2111,\"title\":\"2022_8_11_St_MARTIN_145\",\"url\":\"https:\/\/foire-st-martin.ch\/wp-content\/uploads\/2023\/03\/2022_8_11_St_MARTIN_145-scaled.jpg\",\"link\":\"https:\/\/foire-st-martin.ch\/2022_8_11_st_martin_145\/\",\"alt\":\"\",\"description\":\"\",\"caption\":\"\",\"mime\":\"image\/jpeg\",\"type\":\"image\",\"width\":2560,\"height\":1707,\"sizes\":{\"thumbnail\":{\"url\":\"https:\/\/foire-st-martin.ch\/wp-content\/uploads\/2023\/03\/2022_8_11_St_MARTIN_145-150x150.jpg\",\"height\":150,\"width\":150,\"orientation\":\"landscape\"},\"medium\":{\"url\":\"https:\/\/foire-st-martin.ch\/wp-content\/uploads\/2023\/03\/2022_8_11_St_MARTIN_145-300x200.jpg\",\"height\":200,\"width\":300,\"orientation\":\"landscape\"},\"large\":{\"url\":\"https:\/\/foire-st-martin.ch\/wp-content\/uploads\/2023\/03\/2022_8_11_St_MARTIN_145-1024x683.jpg\",\"height\":683,\"width\":1024,\"orientation\":\"landscape\"},\"full\":{\"url\":\"https:\/\/foire-st-martin.ch\/wp-content\/uploads\/2023\/03\/2022_8_11_St_MARTIN_145-scaled.jpg\",\"height\":1707,\"width\":2560,\"orientation\":\"landscape\"}},\"meta\":false,\"postlink\":\"https:\/\/foire-st-martin.ch\/2022_8_11_st_martin_145\/\"},{\"id\":2112,\"title\":\"2022_8_11_St_MARTIN_151\",\"url\":\"https:\/\/foire-st-martin.ch\/wp-content\/uploads\/2023\/03\/2022_8_11_St_MARTIN_151-scaled.jpg\",\"link\":\"https:\/\/foire-st-martin.ch\/2022_8_11_st_martin_151\/\",\"alt\":\"\",\"description\":\"\",\"caption\":\"\",\"mime\":\"image\/jpeg\",\"type\":\"image\",\"width\":2560,\"height\":1707,\"sizes\":{\"thumbnail\":{\"url\":\"https:\/\/foire-st-martin.ch\/wp-content\/uploads\/2023\/03\/2022_8_11_St_MARTIN_151-150x150.jpg\",\"height\":150,\"width\":150,\"orientation\":\"landscape\"},\"medium\":{\"url\":\"https:\/\/foire-st-martin.ch\/wp-content\/uploads\/2023\/03\/2022_8_11_St_MARTIN_151-300x200.jpg\",\"height\":200,\"width\":300,\"orientation\":\"landscape\"},\"large\":{\"url\":\"https:\/\/foire-st-martin.ch\/wp-content\/uploads\/2023\/03\/2022_8_11_St_MARTIN_151-1024x683.jpg\",\"height\":683,\"width\":1024,\"orientation\":\"landscape\"},\"full\":{\"url\":\"https:\/\/foire-st-martin.ch\/wp-content\/uploads\/2023\/03\/2022_8_11_St_MARTIN_151-scaled.jpg\",\"height\":1707,\"width\":2560,\"orientation\":\"landscape\"}},\"meta\":false,\"postlink\":\"https:\/\/foire-st-martin.ch\/2022_8_11_st_martin_151\/\"},{\"id\":2113,\"title\":\"2022_8_11_St_MARTIN_156\",\"url\":\"https:\/\/foire-st-martin.ch\/wp-content\/uploads\/2023\/03\/2022_8_11_St_MARTIN_156-scaled.jpg\",\"link\":\"https:\/\/foire-st-martin.ch\/2022_8_11_st_martin_156\/\",\"alt\":\"\",\"description\":\"\",\"caption\":\"\",\"mime\":\"image\/jpeg\",\"type\":\"image\",\"width\":1707,\"height\":2560,\"sizes\":{\"thumbnail\":{\"url\":\"https:\/\/foire-st-martin.ch\/wp-content\/uploads\/2023\/03\/2022_8_11_St_MARTIN_156-150x150.jpg\",\"height\":150,\"width\":150,\"orientation\":\"landscape\"},\"medium\":{\"url\":\"https:\/\/foire-st-martin.ch\/wp-content\/uploads\/2023\/03\/2022_8_11_St_MARTIN_156-200x300.jpg\",\"height\":300,\"width\":200,\"orientation\":\"portrait\"},\"large\":{\"url\":\"https:\/\/foire-st-martin.ch\/wp-content\/uploads\/2023\/03\/2022_8_11_St_MARTIN_156-683x1024.jpg\",\"height\":1024,\"width\":683,\"orientation\":\"portrait\"},\"full\":{\"url\":\"https:\/\/foire-st-martin.ch\/wp-content\/uploads\/2023\/03\/2022_8_11_St_MARTIN_156-scaled.jpg\",\"height\":2560,\"width\":1707,\"orientation\":\"portrait\"}},\"meta\":false,\"postlink\":\"https:\/\/foire-st-martin.ch\/2022_8_11_st_martin_156\/\"},{\"id\":2114,\"title\":\"2022_8_11_St_MARTIN_158\",\"url\":\"https:\/\/foire-st-martin.ch\/wp-content\/uploads\/2023\/03\/2022_8_11_St_MARTIN_158-scaled.jpg\",\"link\":\"https:\/\/foire-st-martin.ch\/2022_8_11_st_martin_158\/\",\"alt\":\"\",\"description\":\"\",\"caption\":\"\",\"mime\":\"image\/jpeg\",\"type\":\"image\",\"width\":1707,\"height\":2560,\"sizes\":{\"thumbnail\":{\"url\":\"https:\/\/foire-st-martin.ch\/wp-content\/uploads\/2023\/03\/2022_8_11_St_MARTIN_158-150x150.jpg\",\"height\":150,\"width\":150,\"orientation\":\"landscape\"},\"medium\":{\"url\":\"https:\/\/foire-st-martin.ch\/wp-content\/uploads\/2023\/03\/2022_8_11_St_MARTIN_158-200x300.jpg\",\"height\":300,\"width\":200,\"orientation\":\"portrait\"},\"large\":{\"url\":\"https:\/\/foire-st-martin.ch\/wp-content\/uploads\/2023\/03\/2022_8_11_St_MARTIN_158-683x1024.jpg\",\"height\":1024,\"width\":683,\"orientation\":\"portrait\"},\"full\":{\"url\":\"https:\/\/foire-st-martin.ch\/wp-content\/uploads\/2023\/03\/2022_8_11_St_MARTIN_158-scaled.jpg\",\"height\":2560,\"width\":1707,\"orientation\":\"portrait\"}},\"meta\":false,\"postlink\":\"https:\/\/foire-st-martin.ch\/2022_8_11_st_martin_158\/\"},{\"id\":2115,\"title\":\"2022_8_11_St_MARTIN_159\",\"url\":\"https:\/\/foire-st-martin.ch\/wp-content\/uploads\/2023\/03\/2022_8_11_St_MARTIN_159-scaled.jpg\",\"link\":\"https:\/\/foire-st-martin.ch\/2022_8_11_st_martin_159\/\",\"alt\":\"\",\"description\":\"\",\"caption\":\"\",\"mime\":\"image\/jpeg\",\"type\":\"image\",\"width\":1707,\"height\":2560,\"sizes\":{\"thumbnail\":{\"url\":\"https:\/\/foire-st-martin.ch\/wp-content\/uploads\/2023\/03\/2022_8_11_St_MARTIN_159-150x150.jpg\",\"height\":150,\"width\":150,\"orientation\":\"landscape\"},\"medium\":{\"url\":\"https:\/\/foire-st-martin.ch\/wp-content\/uploads\/2023\/03\/2022_8_11_St_MARTIN_159-200x300.jpg\",\"height\":300,\"width\":200,\"orientation\":\"portrait\"},\"large\":{\"url\":\"https:\/\/foire-st-martin.ch\/wp-content\/uploads\/2023\/03\/2022_8_11_St_MARTIN_159-683x1024.jpg\",\"height\":1024,\"width\":683,\"orientation\":\"portrait\"},\"full\":{\"url\":\"https:\/\/foire-st-martin.ch\/wp-content\/uploads\/2023\/03\/2022_8_11_St_MARTIN_159-scaled.jpg\",\"height\":2560,\"width\":1707,\"orientation\":\"portrait\"}},\"meta\":false,\"postlink\":\"https:\/\/foire-st-martin.ch\/2022_8_11_st_martin_159\/\"},{\"id\":2116,\"title\":\"2022_8_11_St_MARTIN_160\",\"url\":\"https:\/\/foire-st-martin.ch\/wp-content\/uploads\/2023\/03\/2022_8_11_St_MARTIN_160-scaled.jpg\",\"link\":\"https:\/\/foire-st-martin.ch\/2022_8_11_st_martin_160\/\",\"alt\":\"\",\"description\":\"\",\"caption\":\"\",\"mime\":\"image\/jpeg\",\"type\":\"image\",\"width\":1707,\"height\":2560,\"sizes\":{\"thumbnail\":{\"url\":\"https:\/\/foire-st-martin.ch\/wp-content\/uploads\/2023\/03\/2022_8_11_St_MARTIN_160-150x150.jpg\",\"height\":150,\"width\":150,\"orientation\":\"landscape\"},\"medium\":{\"url\":\"https:\/\/foire-st-martin.ch\/wp-content\/uploads\/2023\/03\/2022_8_11_St_MARTIN_160-200x300.jpg\",\"height\":300,\"width\":200,\"orientation\":\"portrait\"},\"large\":{\"url\":\"https:\/\/foire-st-martin.ch\/wp-content\/uploads\/2023\/03\/2022_8_11_St_MARTIN_160-683x1024.jpg\",\"height\":1024,\"width\":683,\"orientation\":\"portrait\"},\"full\":{\"url\":\"https:\/\/foire-st-martin.ch\/wp-content\/uploads\/2023\/03\/2022_8_11_St_MARTIN_160-scaled.jpg\",\"height\":2560,\"width\":1707,\"orientation\":\"portrait\"}},\"meta\":false,\"postlink\":\"https:\/\/foire-st-martin.ch\/2022_8_11_st_martin_160\/\"},{\"id\":2117,\"title\":\"2022_8_11_St_MARTIN_161\",\"url\":\"https:\/\/foire-st-martin.ch\/wp-content\/uploads\/2023\/03\/2022_8_11_St_MARTIN_161-scaled.jpg\",\"link\":\"https:\/\/foire-st-martin.ch\/2022_8_11_st_martin_161\/\",\"alt\":\"\",\"description\":\"\",\"caption\":\"\",\"mime\":\"image\/jpeg\",\"type\":\"image\",\"width\":2560,\"height\":1707,\"sizes\":{\"thumbnail\":{\"url\":\"https:\/\/foire-st-martin.ch\/wp-content\/uploads\/2023\/03\/2022_8_11_St_MARTIN_161-150x150.jpg\",\"height\":150,\"width\":150,\"orientation\":\"landscape\"},\"medium\":{\"url\":\"https:\/\/foire-st-martin.ch\/wp-content\/uploads\/2023\/03\/2022_8_11_St_MARTIN_161-300x200.jpg\",\"height\":200,\"width\":300,\"orientation\":\"landscape\"},\"large\":{\"url\":\"https:\/\/foire-st-martin.ch\/wp-content\/uploads\/2023\/03\/2022_8_11_St_MARTIN_161-1024x683.jpg\",\"height\":683,\"width\":1024,\"orientation\":\"landscape\"},\"full\":{\"url\":\"https:\/\/foire-st-martin.ch\/wp-content\/uploads\/2023\/03\/2022_8_11_St_MARTIN_161-scaled.jpg\",\"height\":1707,\"width\":2560,\"orientation\":\"landscape\"}},\"meta\":false,\"postlink\":\"https:\/\/foire-st-martin.ch\/2022_8_11_st_martin_161\/\"},{\"id\":2118,\"title\":\"2022_8_11_St_MARTIN_162\",\"url\":\"https:\/\/foire-st-martin.ch\/wp-content\/uploads\/2023\/03\/2022_8_11_St_MARTIN_162-scaled.jpg\",\"link\":\"https:\/\/foire-st-martin.ch\/2022_8_11_st_martin_162\/\",\"alt\":\"\",\"description\":\"\",\"caption\":\"\",\"mime\":\"image\/jpeg\",\"type\":\"image\",\"width\":1707,\"height\":2560,\"sizes\":{\"thumbnail\":{\"url\":\"https:\/\/foire-st-martin.ch\/wp-content\/uploads\/2023\/03\/2022_8_11_St_MARTIN_162-150x150.jpg\",\"height\":150,\"width\":150,\"orientation\":\"landscape\"},\"medium\":{\"url\":\"https:\/\/foire-st-martin.ch\/wp-content\/uploads\/2023\/03\/2022_8_11_St_MARTIN_162-200x300.jpg\",\"height\":300,\"width\":200,\"orientation\":\"portrait\"},\"large\":{\"url\":\"https:\/\/foire-st-martin.ch\/wp-content\/uploads\/2023\/03\/2022_8_11_St_MARTIN_162-683x1024.jpg\",\"height\":1024,\"width\":683,\"orientation\":\"portrait\"},\"full\":{\"url\":\"https:\/\/foire-st-martin.ch\/wp-content\/uploads\/2023\/03\/2022_8_11_St_MARTIN_162-scaled.jpg\",\"height\":2560,\"width\":1707,\"orientation\":\"portrait\"}},\"meta\":false,\"postlink\":\"https:\/\/foire-st-martin.ch\/2022_8_11_st_martin_162\/\"},{\"id\":2119,\"title\":\"2022_8_11_St_MARTIN_163\",\"url\":\"https:\/\/foire-st-martin.ch\/wp-content\/uploads\/2023\/03\/2022_8_11_St_MARTIN_163-scaled.jpg\",\"link\":\"https:\/\/foire-st-martin.ch\/2022_8_11_st_martin_163\/\",\"alt\":\"\",\"description\":\"\",\"caption\":\"\",\"mime\":\"image\/jpeg\",\"type\":\"image\",\"width\":1707,\"height\":2560,\"sizes\":{\"thumbnail\":{\"url\":\"https:\/\/foire-st-martin.ch\/wp-content\/uploads\/2023\/03\/2022_8_11_St_MARTIN_163-150x150.jpg\",\"height\":150,\"width\":150,\"orientation\":\"landscape\"},\"medium\":{\"url\":\"https:\/\/foire-st-martin.ch\/wp-content\/uploads\/2023\/03\/2022_8_11_St_MARTIN_163-200x300.jpg\",\"height\":300,\"width\":200,\"orientation\":\"portrait\"},\"large\":{\"url\":\"https:\/\/foire-st-martin.ch\/wp-content\/uploads\/2023\/03\/2022_8_11_St_MARTIN_163-683x1024.jpg\",\"height\":1024,\"width\":683,\"orientation\":\"portrait\"},\"full\":{\"url\":\"https:\/\/foire-st-martin.ch\/wp-content\/uploads\/2023\/03\/2022_8_11_St_MARTIN_163-scaled.jpg\",\"height\":2560,\"width\":1707,\"orientation\":\"portrait\"}},\"meta\":false,\"postlink\":\"https:\/\/foire-st-martin.ch\/2022_8_11_st_martin_163\/\"},{\"id\":2120,\"title\":\"2022_8_11_St_MARTIN_165\",\"url\":\"https:\/\/foire-st-martin.ch\/wp-content\/uploads\/2023\/03\/2022_8_11_St_MARTIN_165-scaled.jpg\",\"link\":\"https:\/\/foire-st-martin.ch\/2022_8_11_st_martin_165\/\",\"alt\":\"\",\"description\":\"\",\"caption\":\"\",\"mime\":\"image\/jpeg\",\"type\":\"image\",\"width\":1707,\"height\":2560,\"sizes\":{\"thumbnail\":{\"url\":\"https:\/\/foire-st-martin.ch\/wp-content\/uploads\/2023\/03\/2022_8_11_St_MARTIN_165-150x150.jpg\",\"height\":150,\"width\":150,\"orientation\":\"landscape\"},\"medium\":{\"url\":\"https:\/\/foire-st-martin.ch\/wp-content\/uploads\/2023\/03\/2022_8_11_St_MARTIN_165-200x300.jpg\",\"height\":300,\"width\":200,\"orientation\":\"portrait\"},\"large\":{\"url\":\"https:\/\/foire-st-martin.ch\/wp-content\/uploads\/2023\/03\/2022_8_11_St_MARTIN_165-683x1024.jpg\",\"height\":1024,\"width\":683,\"orientation\":\"portrait\"},\"full\":{\"url\":\"https:\/\/foire-st-martin.ch\/wp-content\/uploads\/2023\/03\/2022_8_11_St_MARTIN_165-scaled.jpg\",\"height\":2560,\"width\":1707,\"orientation\":\"portrait\"}},\"meta\":false,\"postlink\":\"https:\/\/foire-st-martin.ch\/2022_8_11_st_martin_165\/\"},{\"id\":2121,\"title\":\"2022_8_11_St_MARTIN_166\",\"url\":\"https:\/\/foire-st-martin.ch\/wp-content\/uploads\/2023\/03\/2022_8_11_St_MARTIN_166-scaled.jpg\",\"link\":\"https:\/\/foire-st-martin.ch\/2022_8_11_st_martin_166\/\",\"alt\":\"\",\"description\":\"\",\"caption\":\"\",\"mime\":\"image\/jpeg\",\"type\":\"image\",\"width\":2560,\"height\":1707,\"sizes\":{\"thumbnail\":{\"url\":\"https:\/\/foire-st-martin.ch\/wp-content\/uploads\/2023\/03\/2022_8_11_St_MARTIN_166-150x150.jpg\",\"height\":150,\"width\":150,\"orientation\":\"landscape\"},\"medium\":{\"url\":\"https:\/\/foire-st-martin.ch\/wp-content\/uploads\/2023\/03\/2022_8_11_St_MARTIN_166-300x200.jpg\",\"height\":200,\"width\":300,\"orientation\":\"landscape\"},\"large\":{\"url\":\"https:\/\/foire-st-martin.ch\/wp-content\/uploads\/2023\/03\/2022_8_11_St_MARTIN_166-1024x683.jpg\",\"height\":683,\"width\":1024,\"orientation\":\"landscape\"},\"full\":{\"url\":\"https:\/\/foire-st-martin.ch\/wp-content\/uploads\/2023\/03\/2022_8_11_St_MARTIN_166-scaled.jpg\",\"height\":1707,\"width\":2560,\"orientation\":\"landscape\"}},\"meta\":false,\"postlink\":\"https:\/\/foire-st-martin.ch\/2022_8_11_st_martin_166\/\"},{\"id\":2122,\"title\":\"2022_8_11_St_MARTIN_168\",\"url\":\"https:\/\/foire-st-martin.ch\/wp-content\/uploads\/2023\/03\/2022_8_11_St_MARTIN_168-scaled.jpg\",\"link\":\"https:\/\/foire-st-martin.ch\/2022_8_11_st_martin_168\/\",\"alt\":\"\",\"description\":\"\",\"caption\":\"\",\"mime\":\"image\/jpeg\",\"type\":\"image\",\"width\":2560,\"height\":1707,\"sizes\":{\"thumbnail\":{\"url\":\"https:\/\/foire-st-martin.ch\/wp-content\/uploads\/2023\/03\/2022_8_11_St_MARTIN_168-150x150.jpg\",\"height\":150,\"width\":150,\"orientation\":\"landscape\"},\"medium\":{\"url\":\"https:\/\/foire-st-martin.ch\/wp-content\/uploads\/2023\/03\/2022_8_11_St_MARTIN_168-300x200.jpg\",\"height\":200,\"width\":300,\"orientation\":\"landscape\"},\"large\":{\"url\":\"https:\/\/foire-st-martin.ch\/wp-content\/uploads\/2023\/03\/2022_8_11_St_MARTIN_168-1024x683.jpg\",\"height\":683,\"width\":1024,\"orientation\":\"landscape\"},\"full\":{\"url\":\"https:\/\/foire-st-martin.ch\/wp-content\/uploads\/2023\/03\/2022_8_11_St_MARTIN_168-scaled.jpg\",\"height\":1707,\"width\":2560,\"orientation\":\"landscape\"}},\"meta\":false,\"postlink\":\"https:\/\/foire-st-martin.ch\/2022_8_11_st_martin_168\/\"},{\"id\":2123,\"title\":\"2022_8_11_St_MARTIN_170\",\"url\":\"https:\/\/foire-st-martin.ch\/wp-content\/uploads\/2023\/03\/2022_8_11_St_MARTIN_170-scaled.jpg\",\"link\":\"https:\/\/foire-st-martin.ch\/2022_8_11_st_martin_170\/\",\"alt\":\"\",\"description\":\"\",\"caption\":\"\",\"mime\":\"image\/jpeg\",\"type\":\"image\",\"width\":2560,\"height\":1707,\"sizes\":{\"thumbnail\":{\"url\":\"https:\/\/foire-st-martin.ch\/wp-content\/uploads\/2023\/03\/2022_8_11_St_MARTIN_170-150x150.jpg\",\"height\":150,\"width\":150,\"orientation\":\"landscape\"},\"medium\":{\"url\":\"https:\/\/foire-st-martin.ch\/wp-content\/uploads\/2023\/03\/2022_8_11_St_MARTIN_170-300x200.jpg\",\"height\":200,\"width\":300,\"orientation\":\"landscape\"},\"large\":{\"url\":\"https:\/\/foire-st-martin.ch\/wp-content\/uploads\/2023\/03\/2022_8_11_St_MARTIN_170-1024x683.jpg\",\"height\":683,\"width\":1024,\"orientation\":\"landscape\"},\"full\":{\"url\":\"https:\/\/foire-st-martin.ch\/wp-content\/uploads\/2023\/03\/2022_8_11_St_MARTIN_170-scaled.jpg\",\"height\":1707,\"width\":2560,\"orientation\":\"landscape\"}},\"meta\":false,\"postlink\":\"https:\/\/foire-st-martin.ch\/2022_8_11_st_martin_170\/\"},{\"id\":2124,\"title\":\"2022_8_11_St_MARTIN_174\",\"url\":\"https:\/\/foire-st-martin.ch\/wp-content\/uploads\/2023\/03\/2022_8_11_St_MARTIN_174-scaled.jpg\",\"link\":\"https:\/\/foire-st-martin.ch\/2022_8_11_st_martin_174\/\",\"alt\":\"\",\"description\":\"\",\"caption\":\"\",\"mime\":\"image\/jpeg\",\"type\":\"image\",\"width\":1707,\"height\":2560,\"sizes\":{\"thumbnail\":{\"url\":\"https:\/\/foire-st-martin.ch\/wp-content\/uploads\/2023\/03\/2022_8_11_St_MARTIN_174-150x150.jpg\",\"height\":150,\"width\":150,\"orientation\":\"landscape\"},\"medium\":{\"url\":\"https:\/\/foire-st-martin.ch\/wp-content\/uploads\/2023\/03\/2022_8_11_St_MARTIN_174-200x300.jpg\",\"height\":300,\"width\":200,\"orientation\":\"portrait\"},\"large\":{\"url\":\"https:\/\/foire-st-martin.ch\/wp-content\/uploads\/2023\/03\/2022_8_11_St_MARTIN_174-683x1024.jpg\",\"height\":1024,\"width\":683,\"orientation\":\"portrait\"},\"full\":{\"url\":\"https:\/\/foire-st-martin.ch\/wp-content\/uploads\/2023\/03\/2022_8_11_St_MARTIN_174-scaled.jpg\",\"height\":2560,\"width\":1707,\"orientation\":\"portrait\"}},\"meta\":false,\"postlink\":\"https:\/\/foire-st-martin.ch\/2022_8_11_st_martin_174\/\"},{\"id\":2125,\"title\":\"2022_8_11_St_MARTIN_175\",\"url\":\"https:\/\/foire-st-martin.ch\/wp-content\/uploads\/2023\/03\/2022_8_11_St_MARTIN_175-scaled.jpg\",\"link\":\"https:\/\/foire-st-martin.ch\/2022_8_11_st_martin_175\/\",\"alt\":\"\",\"description\":\"\",\"caption\":\"\",\"mime\":\"image\/jpeg\",\"type\":\"image\",\"width\":1707,\"height\":2560,\"sizes\":{\"thumbnail\":{\"url\":\"https:\/\/foire-st-martin.ch\/wp-content\/uploads\/2023\/03\/2022_8_11_St_MARTIN_175-150x150.jpg\",\"height\":150,\"width\":150,\"orientation\":\"landscape\"},\"medium\":{\"url\":\"https:\/\/foire-st-martin.ch\/wp-content\/uploads\/2023\/03\/2022_8_11_St_MARTIN_175-200x300.jpg\",\"height\":300,\"width\":200,\"orientation\":\"portrait\"},\"large\":{\"url\":\"https:\/\/foire-st-martin.ch\/wp-content\/uploads\/2023\/03\/2022_8_11_St_MARTIN_175-683x1024.jpg\",\"height\":1024,\"width\":683,\"orientation\":\"portrait\"},\"full\":{\"url\":\"https:\/\/foire-st-martin.ch\/wp-content\/uploads\/2023\/03\/2022_8_11_St_MARTIN_175-scaled.jpg\",\"height\":2560,\"width\":1707,\"orientation\":\"portrait\"}},\"meta\":false,\"postlink\":\"https:\/\/foire-st-martin.ch\/2022_8_11_st_martin_175\/\"},{\"id\":2126,\"title\":\"2022_8_11_St_MARTIN_177\",\"url\":\"https:\/\/foire-st-martin.ch\/wp-content\/uploads\/2023\/03\/2022_8_11_St_MARTIN_177-scaled.jpg\",\"link\":\"https:\/\/foire-st-martin.ch\/2022_8_11_st_martin_177\/\",\"alt\":\"\",\"description\":\"\",\"caption\":\"\",\"mime\":\"image\/jpeg\",\"type\":\"image\",\"width\":1707,\"height\":2560,\"sizes\":{\"thumbnail\":{\"url\":\"https:\/\/foire-st-martin.ch\/wp-content\/uploads\/2023\/03\/2022_8_11_St_MARTIN_177-150x150.jpg\",\"height\":150,\"width\":150,\"orientation\":\"landscape\"},\"medium\":{\"url\":\"https:\/\/foire-st-martin.ch\/wp-content\/uploads\/2023\/03\/2022_8_11_St_MARTIN_177-200x300.jpg\",\"height\":300,\"width\":200,\"orientation\":\"portrait\"},\"large\":{\"url\":\"https:\/\/foire-st-martin.ch\/wp-content\/uploads\/2023\/03\/2022_8_11_St_MARTIN_177-683x1024.jpg\",\"height\":1024,\"width\":683,\"orientation\":\"portrait\"},\"full\":{\"url\":\"https:\/\/foire-st-martin.ch\/wp-content\/uploads\/2023\/03\/2022_8_11_St_MARTIN_177-scaled.jpg\",\"height\":2560,\"width\":1707,\"orientation\":\"portrait\"}},\"meta\":false,\"postlink\":\"https:\/\/foire-st-martin.ch\/2022_8_11_st_martin_177\/\"},{\"id\":2127,\"title\":\"2022_8_11_St_MARTIN_178\",\"url\":\"https:\/\/foire-st-martin.ch\/wp-content\/uploads\/2023\/03\/2022_8_11_St_MARTIN_178-scaled.jpg\",\"link\":\"https:\/\/foire-st-martin.ch\/2022_8_11_st_martin_178\/\",\"alt\":\"\",\"description\":\"\",\"caption\":\"\",\"mime\":\"image\/jpeg\",\"type\":\"image\",\"width\":2560,\"height\":1707,\"sizes\":{\"thumbnail\":{\"url\":\"https:\/\/foire-st-martin.ch\/wp-content\/uploads\/2023\/03\/2022_8_11_St_MARTIN_178-150x150.jpg\",\"height\":150,\"width\":150,\"orientation\":\"landscape\"},\"medium\":{\"url\":\"https:\/\/foire-st-martin.ch\/wp-content\/uploads\/2023\/03\/2022_8_11_St_MARTIN_178-300x200.jpg\",\"height\":200,\"width\":300,\"orientation\":\"landscape\"},\"large\":{\"url\":\"https:\/\/foire-st-martin.ch\/wp-content\/uploads\/2023\/03\/2022_8_11_St_MARTIN_178-1024x683.jpg\",\"height\":683,\"width\":1024,\"orientation\":\"landscape\"},\"full\":{\"url\":\"https:\/\/foire-st-martin.ch\/wp-content\/uploads\/2023\/03\/2022_8_11_St_MARTIN_178-scaled.jpg\",\"height\":1707,\"width\":2560,\"orientation\":\"landscape\"}},\"meta\":false,\"postlink\":\"https:\/\/foire-st-martin.ch\/2022_8_11_st_martin_178\/\"},{\"id\":2128,\"title\":\"2022_8_11_St_MARTIN_180\",\"url\":\"https:\/\/foire-st-martin.ch\/wp-content\/uploads\/2023\/03\/2022_8_11_St_MARTIN_180-scaled.jpg\",\"link\":\"https:\/\/foire-st-martin.ch\/2022_8_11_st_martin_180\/\",\"alt\":\"\",\"description\":\"\",\"caption\":\"\",\"mime\":\"image\/jpeg\",\"type\":\"image\",\"width\":2560,\"height\":1707,\"sizes\":{\"thumbnail\":{\"url\":\"https:\/\/foire-st-martin.ch\/wp-content\/uploads\/2023\/03\/2022_8_11_St_MARTIN_180-150x150.jpg\",\"height\":150,\"width\":150,\"orientation\":\"landscape\"},\"medium\":{\"url\":\"https:\/\/foire-st-martin.ch\/wp-content\/uploads\/2023\/03\/2022_8_11_St_MARTIN_180-300x200.jpg\",\"height\":200,\"width\":300,\"orientation\":\"landscape\"},\"large\":{\"url\":\"https:\/\/foire-st-martin.ch\/wp-content\/uploads\/2023\/03\/2022_8_11_St_MARTIN_180-1024x683.jpg\",\"height\":683,\"width\":1024,\"orientation\":\"landscape\"},\"full\":{\"url\":\"https:\/\/foire-st-martin.ch\/wp-content\/uploads\/2023\/03\/2022_8_11_St_MARTIN_180-scaled.jpg\",\"height\":1707,\"width\":2560,\"orientation\":\"landscape\"}},\"meta\":false,\"postlink\":\"https:\/\/foire-st-martin.ch\/2022_8_11_st_martin_180\/\"},{\"id\":2129,\"title\":\"2022_8_11_St_MARTIN_181\",\"url\":\"https:\/\/foire-st-martin.ch\/wp-content\/uploads\/2023\/03\/2022_8_11_St_MARTIN_181-scaled.jpg\",\"link\":\"https:\/\/foire-st-martin.ch\/2022_8_11_st_martin_181\/\",\"alt\":\"\",\"description\":\"\",\"caption\":\"\",\"mime\":\"image\/jpeg\",\"type\":\"image\",\"width\":1707,\"height\":2560,\"sizes\":{\"thumbnail\":{\"url\":\"https:\/\/foire-st-martin.ch\/wp-content\/uploads\/2023\/03\/2022_8_11_St_MARTIN_181-150x150.jpg\",\"height\":150,\"width\":150,\"orientation\":\"landscape\"},\"medium\":{\"url\":\"https:\/\/foire-st-martin.ch\/wp-content\/uploads\/2023\/03\/2022_8_11_St_MARTIN_181-200x300.jpg\",\"height\":300,\"width\":200,\"orientation\":\"portrait\"},\"large\":{\"url\":\"https:\/\/foire-st-martin.ch\/wp-content\/uploads\/2023\/03\/2022_8_11_St_MARTIN_181-683x1024.jpg\",\"height\":1024,\"width\":683,\"orientation\":\"portrait\"},\"full\":{\"url\":\"https:\/\/foire-st-martin.ch\/wp-content\/uploads\/2023\/03\/2022_8_11_St_MARTIN_181-scaled.jpg\",\"height\":2560,\"width\":1707,\"orientation\":\"portrait\"}},\"meta\":false,\"postlink\":\"https:\/\/foire-st-martin.ch\/2022_8_11_st_martin_181\/\"},{\"id\":2130,\"title\":\"2022_8_11_St_MARTIN_185\",\"url\":\"https:\/\/foire-st-martin.ch\/wp-content\/uploads\/2023\/03\/2022_8_11_St_MARTIN_185-scaled.jpg\",\"link\":\"https:\/\/foire-st-martin.ch\/2022_8_11_st_martin_185\/\",\"alt\":\"\",\"description\":\"\",\"caption\":\"\",\"mime\":\"image\/jpeg\",\"type\":\"image\",\"width\":1707,\"height\":2560,\"sizes\":{\"thumbnail\":{\"url\":\"https:\/\/foire-st-martin.ch\/wp-content\/uploads\/2023\/03\/2022_8_11_St_MARTIN_185-150x150.jpg\",\"height\":150,\"width\":150,\"orientation\":\"landscape\"},\"medium\":{\"url\":\"https:\/\/foire-st-martin.ch\/wp-content\/uploads\/2023\/03\/2022_8_11_St_MARTIN_185-200x300.jpg\",\"height\":300,\"width\":200,\"orientation\":\"portrait\"},\"large\":{\"url\":\"https:\/\/foire-st-martin.ch\/wp-content\/uploads\/2023\/03\/2022_8_11_St_MARTIN_185-683x1024.jpg\",\"height\":1024,\"width\":683,\"orientation\":\"portrait\"},\"full\":{\"url\":\"https:\/\/foire-st-martin.ch\/wp-content\/uploads\/2023\/03\/2022_8_11_St_MARTIN_185-scaled.jpg\",\"height\":2560,\"width\":1707,\"orientation\":\"portrait\"}},\"meta\":false,\"postlink\":\"https:\/\/foire-st-martin.ch\/2022_8_11_st_martin_185\/\"},{\"id\":2131,\"title\":\"2022_8_11_St_MARTIN_186\",\"url\":\"https:\/\/foire-st-martin.ch\/wp-content\/uploads\/2023\/03\/2022_8_11_St_MARTIN_186-scaled.jpg\",\"link\":\"https:\/\/foire-st-martin.ch\/2022_8_11_st_martin_186\/\",\"alt\":\"\",\"description\":\"\",\"caption\":\"\",\"mime\":\"image\/jpeg\",\"type\":\"image\",\"width\":2560,\"height\":1707,\"sizes\":{\"thumbnail\":{\"url\":\"https:\/\/foire-st-martin.ch\/wp-content\/uploads\/2023\/03\/2022_8_11_St_MARTIN_186-150x150.jpg\",\"height\":150,\"width\":150,\"orientation\":\"landscape\"},\"medium\":{\"url\":\"https:\/\/foire-st-martin.ch\/wp-content\/uploads\/2023\/03\/2022_8_11_St_MARTIN_186-300x200.jpg\",\"height\":200,\"width\":300,\"orientation\":\"landscape\"},\"large\":{\"url\":\"https:\/\/foire-st-martin.ch\/wp-content\/uploads\/2023\/03\/2022_8_11_St_MARTIN_186-1024x683.jpg\",\"height\":683,\"width\":1024,\"orientation\":\"landscape\"},\"full\":{\"url\":\"https:\/\/foire-st-martin.ch\/wp-content\/uploads\/2023\/03\/2022_8_11_St_MARTIN_186-scaled.jpg\",\"height\":1707,\"width\":2560,\"orientation\":\"landscape\"}},\"meta\":false,\"postlink\":\"https:\/\/foire-st-martin.ch\/2022_8_11_st_martin_186\/\"},{\"id\":2132,\"title\":\"2022_8_11_St_MARTIN_187\",\"url\":\"https:\/\/foire-st-martin.ch\/wp-content\/uploads\/2023\/03\/2022_8_11_St_MARTIN_187-scaled.jpg\",\"link\":\"https:\/\/foire-st-martin.ch\/2022_8_11_st_martin_187\/\",\"alt\":\"\",\"description\":\"\",\"caption\":\"\",\"mime\":\"image\/jpeg\",\"type\":\"image\",\"width\":1707,\"height\":2560,\"sizes\":{\"thumbnail\":{\"url\":\"https:\/\/foire-st-martin.ch\/wp-content\/uploads\/2023\/03\/2022_8_11_St_MARTIN_187-150x150.jpg\",\"height\":150,\"width\":150,\"orientation\":\"landscape\"},\"medium\":{\"url\":\"https:\/\/foire-st-martin.ch\/wp-content\/uploads\/2023\/03\/2022_8_11_St_MARTIN_187-200x300.jpg\",\"height\":300,\"width\":200,\"orientation\":\"portrait\"},\"large\":{\"url\":\"https:\/\/foire-st-martin.ch\/wp-content\/uploads\/2023\/03\/2022_8_11_St_MARTIN_187-683x1024.jpg\",\"height\":1024,\"width\":683,\"orientation\":\"portrait\"},\"full\":{\"url\":\"https:\/\/foire-st-martin.ch\/wp-content\/uploads\/2023\/03\/2022_8_11_St_MARTIN_187-scaled.jpg\",\"height\":2560,\"width\":1707,\"orientation\":\"portrait\"}},\"meta\":false,\"postlink\":\"https:\/\/foire-st-martin.ch\/2022_8_11_st_martin_187\/\"},{\"id\":2133,\"title\":\"2022_8_11_St_MARTIN_188\",\"url\":\"https:\/\/foire-st-martin.ch\/wp-content\/uploads\/2023\/03\/2022_8_11_St_MARTIN_188-scaled.jpg\",\"link\":\"https:\/\/foire-st-martin.ch\/2022_8_11_st_martin_188\/\",\"alt\":\"\",\"description\":\"\",\"caption\":\"\",\"mime\":\"image\/jpeg\",\"type\":\"image\",\"width\":2560,\"height\":1707,\"sizes\":{\"thumbnail\":{\"url\":\"https:\/\/foire-st-martin.ch\/wp-content\/uploads\/2023\/03\/2022_8_11_St_MARTIN_188-150x150.jpg\",\"height\":150,\"width\":150,\"orientation\":\"landscape\"},\"medium\":{\"url\":\"https:\/\/foire-st-martin.ch\/wp-content\/uploads\/2023\/03\/2022_8_11_St_MARTIN_188-300x200.jpg\",\"height\":200,\"width\":300,\"orientation\":\"landscape\"},\"large\":{\"url\":\"https:\/\/foire-st-martin.ch\/wp-content\/uploads\/2023\/03\/2022_8_11_St_MARTIN_188-1024x683.jpg\",\"height\":683,\"width\":1024,\"orientation\":\"landscape\"},\"full\":{\"url\":\"https:\/\/foire-st-martin.ch\/wp-content\/uploads\/2023\/03\/2022_8_11_St_MARTIN_188-scaled.jpg\",\"height\":1707,\"width\":2560,\"orientation\":\"landscape\"}},\"meta\":false,\"postlink\":\"https:\/\/foire-st-martin.ch\/2022_8_11_st_martin_188\/\"},{\"id\":2134,\"title\":\"2022_8_11_St_MARTIN_189\",\"url\":\"https:\/\/foire-st-martin.ch\/wp-content\/uploads\/2023\/03\/2022_8_11_St_MARTIN_189-scaled.jpg\",\"link\":\"https:\/\/foire-st-martin.ch\/2022_8_11_st_martin_189\/\",\"alt\":\"\",\"description\":\"\",\"caption\":\"\",\"mime\":\"image\/jpeg\",\"type\":\"image\",\"width\":2560,\"height\":1707,\"sizes\":{\"thumbnail\":{\"url\":\"https:\/\/foire-st-martin.ch\/wp-content\/uploads\/2023\/03\/2022_8_11_St_MARTIN_189-150x150.jpg\",\"height\":150,\"width\":150,\"orientation\":\"landscape\"},\"medium\":{\"url\":\"https:\/\/foire-st-martin.ch\/wp-content\/uploads\/2023\/03\/2022_8_11_St_MARTIN_189-300x200.jpg\",\"height\":200,\"width\":300,\"orientation\":\"landscape\"},\"large\":{\"url\":\"https:\/\/foire-st-martin.ch\/wp-content\/uploads\/2023\/03\/2022_8_11_St_MARTIN_189-1024x683.jpg\",\"height\":683,\"width\":1024,\"orientation\":\"landscape\"},\"full\":{\"url\":\"https:\/\/foire-st-martin.ch\/wp-content\/uploads\/2023\/03\/2022_8_11_St_MARTIN_189-scaled.jpg\",\"height\":1707,\"width\":2560,\"orientation\":\"landscape\"}},\"meta\":false,\"postlink\":\"https:\/\/foire-st-martin.ch\/2022_8_11_st_martin_189\/\"},{\"id\":2135,\"title\":\"2022_8_11_St_MARTIN_191\",\"url\":\"https:\/\/foire-st-martin.ch\/wp-content\/uploads\/2023\/03\/2022_8_11_St_MARTIN_191-scaled.jpg\",\"link\":\"https:\/\/foire-st-martin.ch\/2022_8_11_st_martin_191\/\",\"alt\":\"\",\"description\":\"\",\"caption\":\"\",\"mime\":\"image\/jpeg\",\"type\":\"image\",\"width\":1707,\"height\":2560,\"sizes\":{\"thumbnail\":{\"url\":\"https:\/\/foire-st-martin.ch\/wp-content\/uploads\/2023\/03\/2022_8_11_St_MARTIN_191-150x150.jpg\",\"height\":150,\"width\":150,\"orientation\":\"landscape\"},\"medium\":{\"url\":\"https:\/\/foire-st-martin.ch\/wp-content\/uploads\/2023\/03\/2022_8_11_St_MARTIN_191-200x300.jpg\",\"height\":300,\"width\":200,\"orientation\":\"portrait\"},\"large\":{\"url\":\"https:\/\/foire-st-martin.ch\/wp-content\/uploads\/2023\/03\/2022_8_11_St_MARTIN_191-683x1024.jpg\",\"height\":1024,\"width\":683,\"orientation\":\"portrait\"},\"full\":{\"url\":\"https:\/\/foire-st-martin.ch\/wp-content\/uploads\/2023\/03\/2022_8_11_St_MARTIN_191-scaled.jpg\",\"height\":2560,\"width\":1707,\"orientation\":\"portrait\"}},\"meta\":false,\"postlink\":\"https:\/\/foire-st-martin.ch\/2022_8_11_st_martin_191\/\"},{\"id\":2136,\"title\":\"2022_8_11_St_MARTIN_195\",\"url\":\"https:\/\/foire-st-martin.ch\/wp-content\/uploads\/2023\/03\/2022_8_11_St_MARTIN_195-scaled.jpg\",\"link\":\"https:\/\/foire-st-martin.ch\/2022_8_11_st_martin_195\/\",\"alt\":\"\",\"description\":\"\",\"caption\":\"\",\"mime\":\"image\/jpeg\",\"type\":\"image\",\"width\":2560,\"height\":1707,\"sizes\":{\"thumbnail\":{\"url\":\"https:\/\/foire-st-martin.ch\/wp-content\/uploads\/2023\/03\/2022_8_11_St_MARTIN_195-150x150.jpg\",\"height\":150,\"width\":150,\"orientation\":\"landscape\"},\"medium\":{\"url\":\"https:\/\/foire-st-martin.ch\/wp-content\/uploads\/2023\/03\/2022_8_11_St_MARTIN_195-300x200.jpg\",\"height\":200,\"width\":300,\"orientation\":\"landscape\"},\"large\":{\"url\":\"https:\/\/foire-st-martin.ch\/wp-content\/uploads\/2023\/03\/2022_8_11_St_MARTIN_195-1024x683.jpg\",\"height\":683,\"width\":1024,\"orientation\":\"landscape\"},\"full\":{\"url\":\"https:\/\/foire-st-martin.ch\/wp-content\/uploads\/2023\/03\/2022_8_11_St_MARTIN_195-scaled.jpg\",\"height\":1707,\"width\":2560,\"orientation\":\"landscape\"}},\"meta\":false,\"postlink\":\"https:\/\/foire-st-martin.ch\/2022_8_11_st_martin_195\/\"},{\"id\":2137,\"title\":\"2022_8_11_St_MARTIN_197\",\"url\":\"https:\/\/foire-st-martin.ch\/wp-content\/uploads\/2023\/03\/2022_8_11_St_MARTIN_197-scaled.jpg\",\"link\":\"https:\/\/foire-st-martin.ch\/2022_8_11_st_martin_197\/\",\"alt\":\"\",\"description\":\"\",\"caption\":\"\",\"mime\":\"image\/jpeg\",\"type\":\"image\",\"width\":1707,\"height\":2560,\"sizes\":{\"thumbnail\":{\"url\":\"https:\/\/foire-st-martin.ch\/wp-content\/uploads\/2023\/03\/2022_8_11_St_MARTIN_197-150x150.jpg\",\"height\":150,\"width\":150,\"orientation\":\"landscape\"},\"medium\":{\"url\":\"https:\/\/foire-st-martin.ch\/wp-content\/uploads\/2023\/03\/2022_8_11_St_MARTIN_197-200x300.jpg\",\"height\":300,\"width\":200,\"orientation\":\"portrait\"},\"large\":{\"url\":\"https:\/\/foire-st-martin.ch\/wp-content\/uploads\/2023\/03\/2022_8_11_St_MARTIN_197-683x1024.jpg\",\"height\":1024,\"width\":683,\"orientation\":\"portrait\"},\"full\":{\"url\":\"https:\/\/foire-st-martin.ch\/wp-content\/uploads\/2023\/03\/2022_8_11_St_MARTIN_197-scaled.jpg\",\"height\":2560,\"width\":1707,\"orientation\":\"portrait\"}},\"meta\":false,\"postlink\":\"https:\/\/foire-st-martin.ch\/2022_8_11_st_martin_197\/\"},{\"id\":2138,\"title\":\"2022_8_11_St_MARTIN_198\",\"url\":\"https:\/\/foire-st-martin.ch\/wp-content\/uploads\/2023\/03\/2022_8_11_St_MARTIN_198-scaled.jpg\",\"link\":\"https:\/\/foire-st-martin.ch\/2022_8_11_st_martin_198\/\",\"alt\":\"\",\"description\":\"\",\"caption\":\"\",\"mime\":\"image\/jpeg\",\"type\":\"image\",\"width\":1707,\"height\":2560,\"sizes\":{\"thumbnail\":{\"url\":\"https:\/\/foire-st-martin.ch\/wp-content\/uploads\/2023\/03\/2022_8_11_St_MARTIN_198-150x150.jpg\",\"height\":150,\"width\":150,\"orientation\":\"landscape\"},\"medium\":{\"url\":\"https:\/\/foire-st-martin.ch\/wp-content\/uploads\/2023\/03\/2022_8_11_St_MARTIN_198-200x300.jpg\",\"height\":300,\"width\":200,\"orientation\":\"portrait\"},\"large\":{\"url\":\"https:\/\/foire-st-martin.ch\/wp-content\/uploads\/2023\/03\/2022_8_11_St_MARTIN_198-683x1024.jpg\",\"height\":1024,\"width\":683,\"orientation\":\"portrait\"},\"full\":{\"url\":\"https:\/\/foire-st-martin.ch\/wp-content\/uploads\/2023\/03\/2022_8_11_St_MARTIN_198-scaled.jpg\",\"height\":2560,\"width\":1707,\"orientation\":\"portrait\"}},\"meta\":false,\"postlink\":\"https:\/\/foire-st-martin.ch\/2022_8_11_st_martin_198\/\"},{\"id\":2139,\"title\":\"2022_8_11_St_MARTIN_202\",\"url\":\"https:\/\/foire-st-martin.ch\/wp-content\/uploads\/2023\/03\/2022_8_11_St_MARTIN_202-scaled.jpg\",\"link\":\"https:\/\/foire-st-martin.ch\/2022_8_11_st_martin_202\/\",\"alt\":\"\",\"description\":\"\",\"caption\":\"\",\"mime\":\"image\/jpeg\",\"type\":\"image\",\"width\":1707,\"height\":2560,\"sizes\":{\"thumbnail\":{\"url\":\"https:\/\/foire-st-martin.ch\/wp-content\/uploads\/2023\/03\/2022_8_11_St_MARTIN_202-150x150.jpg\",\"height\":150,\"width\":150,\"orientation\":\"landscape\"},\"medium\":{\"url\":\"https:\/\/foire-st-martin.ch\/wp-content\/uploads\/2023\/03\/2022_8_11_St_MARTIN_202-200x300.jpg\",\"height\":300,\"width\":200,\"orientation\":\"portrait\"},\"large\":{\"url\":\"https:\/\/foire-st-martin.ch\/wp-content\/uploads\/2023\/03\/2022_8_11_St_MARTIN_202-683x1024.jpg\",\"height\":1024,\"width\":683,\"orientation\":\"portrait\"},\"full\":{\"url\":\"https:\/\/foire-st-martin.ch\/wp-content\/uploads\/2023\/03\/2022_8_11_St_MARTIN_202-scaled.jpg\",\"height\":2560,\"width\":1707,\"orientation\":\"portrait\"}},\"meta\":false,\"postlink\":\"https:\/\/foire-st-martin.ch\/2022_8_11_st_martin_202\/\"},{\"id\":2140,\"title\":\"2022_8_11_St_MARTIN_203\",\"url\":\"https:\/\/foire-st-martin.ch\/wp-content\/uploads\/2023\/03\/2022_8_11_St_MARTIN_203-scaled.jpg\",\"link\":\"https:\/\/foire-st-martin.ch\/2022_8_11_st_martin_203\/\",\"alt\":\"\",\"description\":\"\",\"caption\":\"\",\"mime\":\"image\/jpeg\",\"type\":\"image\",\"width\":2560,\"height\":1707,\"sizes\":{\"thumbnail\":{\"url\":\"https:\/\/foire-st-martin.ch\/wp-content\/uploads\/2023\/03\/2022_8_11_St_MARTIN_203-150x150.jpg\",\"height\":150,\"width\":150,\"orientation\":\"landscape\"},\"medium\":{\"url\":\"https:\/\/foire-st-martin.ch\/wp-content\/uploads\/2023\/03\/2022_8_11_St_MARTIN_203-300x200.jpg\",\"height\":200,\"width\":300,\"orientation\":\"landscape\"},\"large\":{\"url\":\"https:\/\/foire-st-martin.ch\/wp-content\/uploads\/2023\/03\/2022_8_11_St_MARTIN_203-1024x683.jpg\",\"height\":683,\"width\":1024,\"orientation\":\"landscape\"},\"full\":{\"url\":\"https:\/\/foire-st-martin.ch\/wp-content\/uploads\/2023\/03\/2022_8_11_St_MARTIN_203-scaled.jpg\",\"height\":1707,\"width\":2560,\"orientation\":\"landscape\"}},\"meta\":false,\"postlink\":\"https:\/\/foire-st-martin.ch\/2022_8_11_st_martin_203\/\"},{\"id\":2141,\"title\":\"2022_8_11_St_MARTIN_205\",\"url\":\"https:\/\/foire-st-martin.ch\/wp-content\/uploads\/2023\/03\/2022_8_11_St_MARTIN_205-scaled.jpg\",\"link\":\"https:\/\/foire-st-martin.ch\/2022_8_11_st_martin_205\/\",\"alt\":\"\",\"description\":\"\",\"caption\":\"\",\"mime\":\"image\/jpeg\",\"type\":\"image\",\"width\":1707,\"height\":2560,\"sizes\":{\"thumbnail\":{\"url\":\"https:\/\/foire-st-martin.ch\/wp-content\/uploads\/2023\/03\/2022_8_11_St_MARTIN_205-150x150.jpg\",\"height\":150,\"width\":150,\"orientation\":\"landscape\"},\"medium\":{\"url\":\"https:\/\/foire-st-martin.ch\/wp-content\/uploads\/2023\/03\/2022_8_11_St_MARTIN_205-200x300.jpg\",\"height\":300,\"width\":200,\"orientation\":\"portrait\"},\"large\":{\"url\":\"https:\/\/foire-st-martin.ch\/wp-content\/uploads\/2023\/03\/2022_8_11_St_MARTIN_205-683x1024.jpg\",\"height\":1024,\"width\":683,\"orientation\":\"portrait\"},\"full\":{\"url\":\"https:\/\/foire-st-martin.ch\/wp-content\/uploads\/2023\/03\/2022_8_11_St_MARTIN_205-scaled.jpg\",\"height\":2560,\"width\":1707,\"orientation\":\"portrait\"}},\"meta\":false,\"postlink\":\"https:\/\/foire-st-martin.ch\/2022_8_11_st_martin_205\/\"},{\"id\":2142,\"title\":\"2022_8_11_St_MARTIN_206\",\"url\":\"https:\/\/foire-st-martin.ch\/wp-content\/uploads\/2023\/03\/2022_8_11_St_MARTIN_206-scaled.jpg\",\"link\":\"https:\/\/foire-st-martin.ch\/2022_8_11_st_martin_206\/\",\"alt\":\"\",\"description\":\"\",\"caption\":\"\",\"mime\":\"image\/jpeg\",\"type\":\"image\",\"width\":2560,\"height\":1707,\"sizes\":{\"thumbnail\":{\"url\":\"https:\/\/foire-st-martin.ch\/wp-content\/uploads\/2023\/03\/2022_8_11_St_MARTIN_206-150x150.jpg\",\"height\":150,\"width\":150,\"orientation\":\"landscape\"},\"medium\":{\"url\":\"https:\/\/foire-st-martin.ch\/wp-content\/uploads\/2023\/03\/2022_8_11_St_MARTIN_206-300x200.jpg\",\"height\":200,\"width\":300,\"orientation\":\"landscape\"},\"large\":{\"url\":\"https:\/\/foire-st-martin.ch\/wp-content\/uploads\/2023\/03\/2022_8_11_St_MARTIN_206-1024x683.jpg\",\"height\":683,\"width\":1024,\"orientation\":\"landscape\"},\"full\":{\"url\":\"https:\/\/foire-st-martin.ch\/wp-content\/uploads\/2023\/03\/2022_8_11_St_MARTIN_206-scaled.jpg\",\"height\":1707,\"width\":2560,\"orientation\":\"landscape\"}},\"meta\":false,\"postlink\":\"https:\/\/foire-st-martin.ch\/2022_8_11_st_martin_206\/\"},{\"id\":2143,\"title\":\"2022_8_11_St_MARTIN_207\",\"url\":\"https:\/\/foire-st-martin.ch\/wp-content\/uploads\/2023\/03\/2022_8_11_St_MARTIN_207-scaled.jpg\",\"link\":\"https:\/\/foire-st-martin.ch\/2022_8_11_st_martin_207\/\",\"alt\":\"\",\"description\":\"\",\"caption\":\"\",\"mime\":\"image\/jpeg\",\"type\":\"image\",\"width\":1707,\"height\":2560,\"sizes\":{\"thumbnail\":{\"url\":\"https:\/\/foire-st-martin.ch\/wp-content\/uploads\/2023\/03\/2022_8_11_St_MARTIN_207-150x150.jpg\",\"height\":150,\"width\":150,\"orientation\":\"landscape\"},\"medium\":{\"url\":\"https:\/\/foire-st-martin.ch\/wp-content\/uploads\/2023\/03\/2022_8_11_St_MARTIN_207-200x300.jpg\",\"height\":300,\"width\":200,\"orientation\":\"portrait\"},\"large\":{\"url\":\"https:\/\/foire-st-martin.ch\/wp-content\/uploads\/2023\/03\/2022_8_11_St_MARTIN_207-683x1024.jpg\",\"height\":1024,\"width\":683,\"orientation\":\"portrait\"},\"full\":{\"url\":\"https:\/\/foire-st-martin.ch\/wp-content\/uploads\/2023\/03\/2022_8_11_St_MARTIN_207-scaled.jpg\",\"height\":2560,\"width\":1707,\"orientation\":\"portrait\"}},\"meta\":false,\"postlink\":\"https:\/\/foire-st-martin.ch\/2022_8_11_st_martin_207\/\"},{\"id\":2144,\"title\":\"2022_8_11_St_MARTIN_213\",\"url\":\"https:\/\/foire-st-martin.ch\/wp-content\/uploads\/2023\/03\/2022_8_11_St_MARTIN_213-scaled.jpg\",\"link\":\"https:\/\/foire-st-martin.ch\/2022_8_11_st_martin_213\/\",\"alt\":\"\",\"description\":\"\",\"caption\":\"\",\"mime\":\"image\/jpeg\",\"type\":\"image\",\"width\":2560,\"height\":1707,\"sizes\":{\"thumbnail\":{\"url\":\"https:\/\/foire-st-martin.ch\/wp-content\/uploads\/2023\/03\/2022_8_11_St_MARTIN_213-150x150.jpg\",\"height\":150,\"width\":150,\"orientation\":\"landscape\"},\"medium\":{\"url\":\"https:\/\/foire-st-martin.ch\/wp-content\/uploads\/2023\/03\/2022_8_11_St_MARTIN_213-300x200.jpg\",\"height\":200,\"width\":300,\"orientation\":\"landscape\"},\"large\":{\"url\":\"https:\/\/foire-st-martin.ch\/wp-content\/uploads\/2023\/03\/2022_8_11_St_MARTIN_213-1024x683.jpg\",\"height\":683,\"width\":1024,\"orientation\":\"landscape\"},\"full\":{\"url\":\"https:\/\/foire-st-martin.ch\/wp-content\/uploads\/2023\/03\/2022_8_11_St_MARTIN_213-scaled.jpg\",\"height\":1707,\"width\":2560,\"orientation\":\"landscape\"}},\"meta\":false,\"postlink\":\"https:\/\/foire-st-martin.ch\/2022_8_11_st_martin_213\/\"},{\"id\":2145,\"title\":\"2022_8_11_St_MARTIN_220\",\"url\":\"https:\/\/foire-st-martin.ch\/wp-content\/uploads\/2023\/03\/2022_8_11_St_MARTIN_220-scaled.jpg\",\"link\":\"https:\/\/foire-st-martin.ch\/2022_8_11_st_martin_220\/\",\"alt\":\"\",\"description\":\"\",\"caption\":\"\",\"mime\":\"image\/jpeg\",\"type\":\"image\",\"width\":2560,\"height\":1707,\"sizes\":{\"thumbnail\":{\"url\":\"https:\/\/foire-st-martin.ch\/wp-content\/uploads\/2023\/03\/2022_8_11_St_MARTIN_220-150x150.jpg\",\"height\":150,\"width\":150,\"orientation\":\"landscape\"},\"medium\":{\"url\":\"https:\/\/foire-st-martin.ch\/wp-content\/uploads\/2023\/03\/2022_8_11_St_MARTIN_220-300x200.jpg\",\"height\":200,\"width\":300,\"orientation\":\"landscape\"},\"large\":{\"url\":\"https:\/\/foire-st-martin.ch\/wp-content\/uploads\/2023\/03\/2022_8_11_St_MARTIN_220-1024x683.jpg\",\"height\":683,\"width\":1024,\"orientation\":\"landscape\"},\"full\":{\"url\":\"https:\/\/foire-st-martin.ch\/wp-content\/uploads\/2023\/03\/2022_8_11_St_MARTIN_220-scaled.jpg\",\"height\":1707,\"width\":2560,\"orientation\":\"landscape\"}},\"meta\":false,\"postlink\":\"https:\/\/foire-st-martin.ch\/2022_8_11_st_martin_220\/\"},{\"id\":2146,\"title\":\"2022_8_11_St_MARTIN_223\",\"url\":\"https:\/\/foire-st-martin.ch\/wp-content\/uploads\/2023\/03\/2022_8_11_St_MARTIN_223-scaled.jpg\",\"link\":\"https:\/\/foire-st-martin.ch\/2022_8_11_st_martin_223\/\",\"alt\":\"\",\"description\":\"\",\"caption\":\"\",\"mime\":\"image\/jpeg\",\"type\":\"image\",\"width\":1707,\"height\":2560,\"sizes\":{\"thumbnail\":{\"url\":\"https:\/\/foire-st-martin.ch\/wp-content\/uploads\/2023\/03\/2022_8_11_St_MARTIN_223-150x150.jpg\",\"height\":150,\"width\":150,\"orientation\":\"landscape\"},\"medium\":{\"url\":\"https:\/\/foire-st-martin.ch\/wp-content\/uploads\/2023\/03\/2022_8_11_St_MARTIN_223-200x300.jpg\",\"height\":300,\"width\":200,\"orientation\":\"portrait\"},\"large\":{\"url\":\"https:\/\/foire-st-martin.ch\/wp-content\/uploads\/2023\/03\/2022_8_11_St_MARTIN_223-683x1024.jpg\",\"height\":1024,\"width\":683,\"orientation\":\"portrait\"},\"full\":{\"url\":\"https:\/\/foire-st-martin.ch\/wp-content\/uploads\/2023\/03\/2022_8_11_St_MARTIN_223-scaled.jpg\",\"height\":2560,\"width\":1707,\"orientation\":\"portrait\"}},\"meta\":false,\"postlink\":\"https:\/\/foire-st-martin.ch\/2022_8_11_st_martin_223\/\"},{\"id\":2147,\"title\":\"2022_8_11_St_MARTIN_224\",\"url\":\"https:\/\/foire-st-martin.ch\/wp-content\/uploads\/2023\/03\/2022_8_11_St_MARTIN_224-scaled.jpg\",\"link\":\"https:\/\/foire-st-martin.ch\/2022_8_11_st_martin_224\/\",\"alt\":\"\",\"description\":\"\",\"caption\":\"\",\"mime\":\"image\/jpeg\",\"type\":\"image\",\"width\":2560,\"height\":1707,\"sizes\":{\"thumbnail\":{\"url\":\"https:\/\/foire-st-martin.ch\/wp-content\/uploads\/2023\/03\/2022_8_11_St_MARTIN_224-150x150.jpg\",\"height\":150,\"width\":150,\"orientation\":\"landscape\"},\"medium\":{\"url\":\"https:\/\/foire-st-martin.ch\/wp-content\/uploads\/2023\/03\/2022_8_11_St_MARTIN_224-300x200.jpg\",\"height\":200,\"width\":300,\"orientation\":\"landscape\"},\"large\":{\"url\":\"https:\/\/foire-st-martin.ch\/wp-content\/uploads\/2023\/03\/2022_8_11_St_MARTIN_224-1024x683.jpg\",\"height\":683,\"width\":1024,\"orientation\":\"landscape\"},\"full\":{\"url\":\"https:\/\/foire-st-martin.ch\/wp-content\/uploads\/2023\/03\/2022_8_11_St_MARTIN_224-scaled.jpg\",\"height\":1707,\"width\":2560,\"orientation\":\"landscape\"}},\"meta\":false,\"postlink\":\"https:\/\/foire-st-martin.ch\/2022_8_11_st_martin_224\/\"},{\"id\":2148,\"title\":\"2022_8_11_St_MARTIN_231\",\"url\":\"https:\/\/foire-st-martin.ch\/wp-content\/uploads\/2023\/03\/2022_8_11_St_MARTIN_231-scaled.jpg\",\"link\":\"https:\/\/foire-st-martin.ch\/2022_8_11_st_martin_231\/\",\"alt\":\"\",\"description\":\"\",\"caption\":\"\",\"mime\":\"image\/jpeg\",\"type\":\"image\",\"width\":2560,\"height\":1707,\"sizes\":{\"thumbnail\":{\"url\":\"https:\/\/foire-st-martin.ch\/wp-content\/uploads\/2023\/03\/2022_8_11_St_MARTIN_231-150x150.jpg\",\"height\":150,\"width\":150,\"orientation\":\"landscape\"},\"medium\":{\"url\":\"https:\/\/foire-st-martin.ch\/wp-content\/uploads\/2023\/03\/2022_8_11_St_MARTIN_231-300x200.jpg\",\"height\":200,\"width\":300,\"orientation\":\"landscape\"},\"large\":{\"url\":\"https:\/\/foire-st-martin.ch\/wp-content\/uploads\/2023\/03\/2022_8_11_St_MARTIN_231-1024x683.jpg\",\"height\":683,\"width\":1024,\"orientation\":\"landscape\"},\"full\":{\"url\":\"https:\/\/foire-st-martin.ch\/wp-content\/uploads\/2023\/03\/2022_8_11_St_MARTIN_231-scaled.jpg\",\"height\":1707,\"width\":2560,\"orientation\":\"landscape\"}},\"meta\":false,\"postlink\":\"https:\/\/foire-st-martin.ch\/2022_8_11_st_martin_231\/\"},{\"id\":2149,\"title\":\"2022_8_11_St_MARTIN_235\",\"url\":\"https:\/\/foire-st-martin.ch\/wp-content\/uploads\/2023\/03\/2022_8_11_St_MARTIN_235-scaled.jpg\",\"link\":\"https:\/\/foire-st-martin.ch\/2022_8_11_st_martin_235\/\",\"alt\":\"\",\"description\":\"\",\"caption\":\"\",\"mime\":\"image\/jpeg\",\"type\":\"image\",\"width\":2560,\"height\":1707,\"sizes\":{\"thumbnail\":{\"url\":\"https:\/\/foire-st-martin.ch\/wp-content\/uploads\/2023\/03\/2022_8_11_St_MARTIN_235-150x150.jpg\",\"height\":150,\"width\":150,\"orientation\":\"landscape\"},\"medium\":{\"url\":\"https:\/\/foire-st-martin.ch\/wp-content\/uploads\/2023\/03\/2022_8_11_St_MARTIN_235-300x200.jpg\",\"height\":200,\"width\":300,\"orientation\":\"landscape\"},\"large\":{\"url\":\"https:\/\/foire-st-martin.ch\/wp-content\/uploads\/2023\/03\/2022_8_11_St_MARTIN_235-1024x683.jpg\",\"height\":683,\"width\":1024,\"orientation\":\"landscape\"},\"full\":{\"url\":\"https:\/\/foire-st-martin.ch\/wp-content\/uploads\/2023\/03\/2022_8_11_St_MARTIN_235-scaled.jpg\",\"height\":1707,\"width\":2560,\"orientation\":\"landscape\"}},\"meta\":false,\"postlink\":\"https:\/\/foire-st-martin.ch\/2022_8_11_st_martin_235\/\"},{\"id\":2150,\"title\":\"2022_8_11_St_MARTIN_236\",\"url\":\"https:\/\/foire-st-martin.ch\/wp-content\/uploads\/2023\/03\/2022_8_11_St_MARTIN_236-scaled.jpg\",\"link\":\"https:\/\/foire-st-martin.ch\/2022_8_11_st_martin_236\/\",\"alt\":\"\",\"description\":\"\",\"caption\":\"\",\"mime\":\"image\/jpeg\",\"type\":\"image\",\"width\":2560,\"height\":1707,\"sizes\":{\"thumbnail\":{\"url\":\"https:\/\/foire-st-martin.ch\/wp-content\/uploads\/2023\/03\/2022_8_11_St_MARTIN_236-150x150.jpg\",\"height\":150,\"width\":150,\"orientation\":\"landscape\"},\"medium\":{\"url\":\"https:\/\/foire-st-martin.ch\/wp-content\/uploads\/2023\/03\/2022_8_11_St_MARTIN_236-300x200.jpg\",\"height\":200,\"width\":300,\"orientation\":\"landscape\"},\"large\":{\"url\":\"https:\/\/foire-st-martin.ch\/wp-content\/uploads\/2023\/03\/2022_8_11_St_MARTIN_236-1024x683.jpg\",\"height\":683,\"width\":1024,\"orientation\":\"landscape\"},\"full\":{\"url\":\"https:\/\/foire-st-martin.ch\/wp-content\/uploads\/2023\/03\/2022_8_11_St_MARTIN_236-scaled.jpg\",\"height\":1707,\"width\":2560,\"orientation\":\"landscape\"}},\"meta\":false,\"postlink\":\"https:\/\/foire-st-martin.ch\/2022_8_11_st_martin_236\/\"}],\"itemsMetaDataCollection\":[]}<\/script><script>(function(){if(window.PGC_SGB && window.PGC_SGB.searcher){window.PGC_SGB.searcher.initBlocks()}})()<\/script><\/div>[\/et_pb_code][\/et_pb_column][\/et_pb_row][et_pb_row module_class=&#8221;splitter&#8221; _builder_version=&#8221;4.18.0&#8243; _module_preset=&#8221;default&#8221; global_colors_info=&#8221;{}&#8221;][et_pb_column type=&#8221;4_4&#8243; _builder_version=&#8221;4.18.0&#8243; _module_preset=&#8221;default&#8221; global_colors_info=&#8221;{}&#8221;][et_pb_text _builder_version=&#8221;4.18.0&#8243; _module_preset=&#8221;default&#8221; global_colors_info=&#8221;{}&#8221;]<p>La c\u00e9r\u00e9monie \u00e0 la Grenette<\/p>[\/et_pb_text][\/et_pb_column][\/et_pb_row][et_pb_row _builder_version=&#8221;4.18.0&#8243; _module_preset=&#8221;default&#8221; global_colors_info=&#8221;{}&#8221;][et_pb_column type=&#8221;4_4&#8243; _builder_version=&#8221;4.18.0&#8243; _module_preset=&#8221;default&#8221; global_colors_info=&#8221;{}&#8221;][et_pb_code _builder_version=&#8221;4.18.0&#8243; _module_preset=&#8221;default&#8221; global_colors_info=&#8221;{}&#8221;]<div class=\"pgc-sgb-cb wp-block-pgcsimplygalleryblock-grid \" data-gallery-id=\"9d043006\"><div class=\"sgb-preloader\" id=\"pr_9d043006\">\n\t<div class=\"sgb-square\" style=\"background:#d4d4d4\"><\/div>\n\t<div class=\"sgb-square\" style=\"background:#d4d4d4\"><\/div>\n\t<div class=\"sgb-square\" style=\"background:#d4d4d4\"><\/div>\n\t<div class=\"sgb-square\" style=\"background:#d4d4d4\"><\/div><\/div><div class=\"simply-gallery-amp pgc_sgb_slider \" style=\"display: none;\"><div class=\"sgb-gallery\"><div class=\"sgb-item\"><a href=\"https:\/\/foire-st-martin.ch\/en\/2022_8_11_st_martin_377\/\"><img decoding=\"async\" alt=\"\" width=\"300\" height=\"200\" loading=\"lazy\" src=\"https:\/\/foire-st-martin.ch\/wp-content\/uploads\/2023\/03\/2022_8_11_St_MARTIN_377-300x200.jpg\"\/><\/a><\/div><div class=\"sgb-item\"><a href=\"https:\/\/foire-st-martin.ch\/en\/2022_8_11_st_martin_374\/\"><img decoding=\"async\" alt=\"\" width=\"300\" height=\"200\" loading=\"lazy\" src=\"https:\/\/foire-st-martin.ch\/wp-content\/uploads\/2023\/03\/2022_8_11_St_MARTIN_374-300x200.jpg\"\/><\/a><\/div><div class=\"sgb-item\"><a href=\"https:\/\/foire-st-martin.ch\/en\/2022_8_11_st_martin_373\/\"><img decoding=\"async\" alt=\"\" width=\"300\" height=\"200\" loading=\"lazy\" src=\"https:\/\/foire-st-martin.ch\/wp-content\/uploads\/2023\/03\/2022_8_11_St_MARTIN_373-300x200.jpg\"\/><\/a><\/div><div class=\"sgb-item\"><a href=\"https:\/\/foire-st-martin.ch\/en\/2022_8_11_st_martin_371\/\"><img decoding=\"async\" alt=\"\" width=\"200\" height=\"300\" loading=\"lazy\" src=\"https:\/\/foire-st-martin.ch\/wp-content\/uploads\/2023\/03\/2022_8_11_St_MARTIN_371-200x300.jpg\"\/><\/a><\/div><div class=\"sgb-item\"><a href=\"https:\/\/foire-st-martin.ch\/en\/2022_8_11_st_martin_370\/\"><img decoding=\"async\" alt=\"\" width=\"300\" height=\"200\" loading=\"lazy\" src=\"https:\/\/foire-st-martin.ch\/wp-content\/uploads\/2023\/03\/2022_8_11_St_MARTIN_370-300x200.jpg\"\/><\/a><\/div><div class=\"sgb-item\"><a href=\"https:\/\/foire-st-martin.ch\/en\/2022_8_11_st_martin_367\/\"><img decoding=\"async\" alt=\"\" width=\"300\" height=\"200\" loading=\"lazy\" src=\"https:\/\/foire-st-martin.ch\/wp-content\/uploads\/2023\/03\/2022_8_11_St_MARTIN_367-300x200.jpg\"\/><\/a><\/div><div class=\"sgb-item\"><a href=\"https:\/\/foire-st-martin.ch\/en\/2022_8_11_st_martin_364\/\"><img decoding=\"async\" alt=\"\" width=\"300\" height=\"200\" loading=\"lazy\" src=\"https:\/\/foire-st-martin.ch\/wp-content\/uploads\/2023\/03\/2022_8_11_St_MARTIN_364-300x200.jpg\"\/><\/a><\/div><div class=\"sgb-item\"><a href=\"https:\/\/foire-st-martin.ch\/en\/2022_8_11_st_martin_363\/\"><img decoding=\"async\" alt=\"\" width=\"300\" height=\"200\" loading=\"lazy\" src=\"https:\/\/foire-st-martin.ch\/wp-content\/uploads\/2023\/03\/2022_8_11_St_MARTIN_363-300x200.jpg\"\/><\/a><\/div><div class=\"sgb-item\"><a href=\"https:\/\/foire-st-martin.ch\/en\/2022_8_11_st_martin_356\/\"><img decoding=\"async\" alt=\"\" width=\"200\" height=\"300\" loading=\"lazy\" src=\"https:\/\/foire-st-martin.ch\/wp-content\/uploads\/2023\/03\/2022_8_11_St_MARTIN_356-200x300.jpg\"\/><\/a><\/div><div class=\"sgb-item\"><a href=\"https:\/\/foire-st-martin.ch\/en\/2022_8_11_st_martin_352\/\"><img decoding=\"async\" alt=\"\" width=\"200\" height=\"300\" loading=\"lazy\" src=\"https:\/\/foire-st-martin.ch\/wp-content\/uploads\/2023\/03\/2022_8_11_St_MARTIN_352-200x300.jpg\"\/><\/a><\/div><div class=\"sgb-item\"><a href=\"https:\/\/foire-st-martin.ch\/en\/2022_8_11_st_martin_344\/\"><img decoding=\"async\" alt=\"\" width=\"200\" height=\"300\" loading=\"lazy\" src=\"https:\/\/foire-st-martin.ch\/wp-content\/uploads\/2023\/03\/2022_8_11_St_MARTIN_344-200x300.jpg\"\/><\/a><\/div><div class=\"sgb-item\"><a href=\"https:\/\/foire-st-martin.ch\/en\/2022_8_11_st_martin_342\/\"><img decoding=\"async\" alt=\"\" width=\"300\" height=\"200\" loading=\"lazy\" src=\"https:\/\/foire-st-martin.ch\/wp-content\/uploads\/2023\/03\/2022_8_11_St_MARTIN_342-300x200.jpg\"\/><\/a><\/div><div class=\"sgb-item\"><a href=\"https:\/\/foire-st-martin.ch\/en\/2022_8_11_st_martin_338\/\"><img decoding=\"async\" alt=\"\" width=\"200\" height=\"300\" loading=\"lazy\" src=\"https:\/\/foire-st-martin.ch\/wp-content\/uploads\/2023\/03\/2022_8_11_St_MARTIN_338-200x300.jpg\"\/><\/a><\/div><div class=\"sgb-item\"><a href=\"https:\/\/foire-st-martin.ch\/en\/2022_8_11_st_martin_333\/\"><img decoding=\"async\" alt=\"\" width=\"200\" height=\"300\" loading=\"lazy\" src=\"https:\/\/foire-st-martin.ch\/wp-content\/uploads\/2023\/03\/2022_8_11_St_MARTIN_333-200x300.jpg\"\/><\/a><\/div><div class=\"sgb-item\"><a href=\"https:\/\/foire-st-martin.ch\/en\/2022_8_11_st_martin_328\/\"><img decoding=\"async\" alt=\"\" width=\"300\" height=\"200\" loading=\"lazy\" src=\"https:\/\/foire-st-martin.ch\/wp-content\/uploads\/2023\/03\/2022_8_11_St_MARTIN_328-300x200.jpg\"\/><\/a><\/div><div class=\"sgb-item\"><a href=\"https:\/\/foire-st-martin.ch\/en\/2022_8_11_st_martin_327\/\"><img decoding=\"async\" alt=\"\" width=\"200\" height=\"300\" loading=\"lazy\" src=\"https:\/\/foire-st-martin.ch\/wp-content\/uploads\/2023\/03\/2022_8_11_St_MARTIN_327-200x300.jpg\"\/><\/a><\/div><div class=\"sgb-item\"><a href=\"https:\/\/foire-st-martin.ch\/en\/2022_8_11_st_martin_325\/\"><img decoding=\"async\" alt=\"\" width=\"300\" height=\"200\" loading=\"lazy\" src=\"https:\/\/foire-st-martin.ch\/wp-content\/uploads\/2023\/03\/2022_8_11_St_MARTIN_325-300x200.jpg\"\/><\/a><\/div><div class=\"sgb-item\"><a href=\"https:\/\/foire-st-martin.ch\/en\/2022_8_11_st_martin_322\/\"><img decoding=\"async\" alt=\"\" width=\"300\" height=\"200\" loading=\"lazy\" src=\"https:\/\/foire-st-martin.ch\/wp-content\/uploads\/2023\/03\/2022_8_11_St_MARTIN_322-300x200.jpg\"\/><\/a><\/div><div class=\"sgb-item\"><a href=\"https:\/\/foire-st-martin.ch\/en\/2022_8_11_st_martin_315\/\"><img decoding=\"async\" alt=\"\" width=\"300\" height=\"200\" loading=\"lazy\" src=\"https:\/\/foire-st-martin.ch\/wp-content\/uploads\/2023\/03\/2022_8_11_St_MARTIN_315-300x200.jpg\"\/><\/a><\/div><div class=\"sgb-item\"><a href=\"https:\/\/foire-st-martin.ch\/en\/2022_8_11_st_martin_313\/\"><img decoding=\"async\" alt=\"\" width=\"300\" height=\"200\" loading=\"lazy\" src=\"https:\/\/foire-st-martin.ch\/wp-content\/uploads\/2023\/03\/2022_8_11_St_MARTIN_313-300x200.jpg\"\/><\/a><\/div><div class=\"sgb-item\"><a href=\"https:\/\/foire-st-martin.ch\/en\/2022_8_11_st_martin_308\/\"><img decoding=\"async\" alt=\"\" width=\"300\" height=\"200\" loading=\"lazy\" src=\"https:\/\/foire-st-martin.ch\/wp-content\/uploads\/2023\/03\/2022_8_11_St_MARTIN_308-300x200.jpg\"\/><\/a><\/div><div class=\"sgb-item\"><a href=\"https:\/\/foire-st-martin.ch\/en\/2022_8_11_st_martin_306\/\"><img decoding=\"async\" alt=\"\" width=\"200\" height=\"300\" loading=\"lazy\" src=\"https:\/\/foire-st-martin.ch\/wp-content\/uploads\/2023\/03\/2022_8_11_St_MARTIN_306-200x300.jpg\"\/><\/a><\/div><div class=\"sgb-item\"><a href=\"https:\/\/foire-st-martin.ch\/en\/2022_8_11_st_martin_303\/\"><img decoding=\"async\" alt=\"\" width=\"200\" height=\"300\" loading=\"lazy\" src=\"https:\/\/foire-st-martin.ch\/wp-content\/uploads\/2023\/03\/2022_8_11_St_MARTIN_303-200x300.jpg\"\/><\/a><\/div><div class=\"sgb-item\"><a href=\"https:\/\/foire-st-martin.ch\/en\/2022_8_11_st_martin_300\/\"><img decoding=\"async\" alt=\"\" width=\"200\" height=\"300\" loading=\"lazy\" src=\"https:\/\/foire-st-martin.ch\/wp-content\/uploads\/2023\/03\/2022_8_11_St_MARTIN_300-200x300.jpg\"\/><\/a><\/div><div class=\"sgb-item\"><a href=\"https:\/\/foire-st-martin.ch\/en\/2022_8_11_st_martin_298\/\"><img decoding=\"async\" alt=\"\" width=\"200\" height=\"300\" loading=\"lazy\" src=\"https:\/\/foire-st-martin.ch\/wp-content\/uploads\/2023\/03\/2022_8_11_St_MARTIN_298-200x300.jpg\"\/><\/a><\/div><div class=\"sgb-item\"><a href=\"https:\/\/foire-st-martin.ch\/en\/2022_8_11_st_martin_297\/\"><img decoding=\"async\" alt=\"\" width=\"300\" height=\"200\" loading=\"lazy\" src=\"https:\/\/foire-st-martin.ch\/wp-content\/uploads\/2023\/03\/2022_8_11_St_MARTIN_297-300x200.jpg\"\/><\/a><\/div><div class=\"sgb-item\"><a href=\"https:\/\/foire-st-martin.ch\/en\/2022_8_11_st_martin_281\/\"><img decoding=\"async\" alt=\"\" width=\"300\" height=\"200\" loading=\"lazy\" src=\"https:\/\/foire-st-martin.ch\/wp-content\/uploads\/2023\/03\/2022_8_11_St_MARTIN_281-300x200.jpg\"\/><\/a><\/div><div class=\"sgb-item\"><a href=\"https:\/\/foire-st-martin.ch\/en\/2022_8_11_st_martin_277\/\"><img decoding=\"async\" alt=\"\" width=\"300\" height=\"200\" loading=\"lazy\" src=\"https:\/\/foire-st-martin.ch\/wp-content\/uploads\/2023\/03\/2022_8_11_St_MARTIN_277-300x200.jpg\"\/><\/a><\/div><div class=\"sgb-item\"><a href=\"https:\/\/foire-st-martin.ch\/en\/2022_8_11_st_martin_271\/\"><img decoding=\"async\" alt=\"\" width=\"200\" height=\"300\" loading=\"lazy\" src=\"https:\/\/foire-st-martin.ch\/wp-content\/uploads\/2023\/03\/2022_8_11_St_MARTIN_271-200x300.jpg\"\/><\/a><\/div><div class=\"sgb-item\"><a href=\"https:\/\/foire-st-martin.ch\/en\/2022_8_11_st_martin_269\/\"><img decoding=\"async\" alt=\"\" width=\"300\" height=\"200\" loading=\"lazy\" src=\"https:\/\/foire-st-martin.ch\/wp-content\/uploads\/2023\/03\/2022_8_11_St_MARTIN_269-300x200.jpg\"\/><\/a><\/div><div class=\"sgb-item\"><a href=\"https:\/\/foire-st-martin.ch\/en\/2022_8_11_st_martin_263\/\"><img decoding=\"async\" alt=\"\" width=\"200\" height=\"300\" loading=\"lazy\" src=\"https:\/\/foire-st-martin.ch\/wp-content\/uploads\/2023\/03\/2022_8_11_St_MARTIN_263-200x300.jpg\"\/><\/a><\/div><div class=\"sgb-item\"><a href=\"https:\/\/foire-st-martin.ch\/en\/2022_8_11_st_martin_257\/\"><img decoding=\"async\" alt=\"\" width=\"200\" height=\"300\" loading=\"lazy\" src=\"https:\/\/foire-st-martin.ch\/wp-content\/uploads\/2023\/03\/2022_8_11_St_MARTIN_257-200x300.jpg\"\/><\/a><\/div><div class=\"sgb-item\"><a href=\"https:\/\/foire-st-martin.ch\/en\/2022_8_11_st_martin_256\/\"><img decoding=\"async\" alt=\"\" width=\"200\" height=\"300\" loading=\"lazy\" src=\"https:\/\/foire-st-martin.ch\/wp-content\/uploads\/2023\/03\/2022_8_11_St_MARTIN_256-200x300.jpg\"\/><\/a><\/div><div class=\"sgb-item\"><a href=\"https:\/\/foire-st-martin.ch\/en\/2022_8_11_st_martin_255\/\"><img decoding=\"async\" alt=\"\" width=\"300\" height=\"200\" loading=\"lazy\" src=\"https:\/\/foire-st-martin.ch\/wp-content\/uploads\/2023\/03\/2022_8_11_St_MARTIN_255-300x200.jpg\"\/><\/a><\/div><div class=\"sgb-item\"><a href=\"https:\/\/foire-st-martin.ch\/en\/2022_8_11_st_martin_249\/\"><img decoding=\"async\" alt=\"\" width=\"200\" height=\"300\" loading=\"lazy\" src=\"https:\/\/foire-st-martin.ch\/wp-content\/uploads\/2023\/03\/2022_8_11_St_MARTIN_249-200x300.jpg\"\/><\/a><\/div><div class=\"sgb-item\"><a href=\"https:\/\/foire-st-martin.ch\/en\/2022_8_11_st_martin_248\/\"><img decoding=\"async\" alt=\"\" width=\"200\" height=\"300\" loading=\"lazy\" src=\"https:\/\/foire-st-martin.ch\/wp-content\/uploads\/2023\/03\/2022_8_11_St_MARTIN_248-200x300.jpg\"\/><\/a><\/div><div class=\"sgb-item\"><a href=\"https:\/\/foire-st-martin.ch\/en\/2022_8_11_st_martin_244\/\"><img decoding=\"async\" alt=\"\" width=\"200\" height=\"300\" loading=\"lazy\" src=\"https:\/\/foire-st-martin.ch\/wp-content\/uploads\/2023\/03\/2022_8_11_St_MARTIN_244-200x300.jpg\"\/><\/a><\/div><div class=\"sgb-item\"><a href=\"https:\/\/foire-st-martin.ch\/en\/2022_8_11_st_martin_243\/\"><img decoding=\"async\" alt=\"\" width=\"300\" height=\"200\" loading=\"lazy\" src=\"https:\/\/foire-st-martin.ch\/wp-content\/uploads\/2023\/03\/2022_8_11_St_MARTIN_243-300x200.jpg\"\/><\/a><\/div><div class=\"sgb-item\"><a href=\"https:\/\/foire-st-martin.ch\/en\/2022_8_11_st_martin_242\/\"><img decoding=\"async\" alt=\"\" width=\"300\" height=\"200\" loading=\"lazy\" src=\"https:\/\/foire-st-martin.ch\/wp-content\/uploads\/2023\/03\/2022_8_11_St_MARTIN_242-300x200.jpg\"\/><\/a><\/div><\/div><\/div><script type=\"application\/json\" class=\"sgb-data\">{\"galleryType\":\"pgc_sgb_grid\",\"galleryId\":\"9d043006\",\"images\":[{\"id\":2250,\"title\":\"2022_8_11_St_MARTIN_377\",\"url\":\"https:\/\/foire-st-martin.ch\/wp-content\/uploads\/2023\/03\/2022_8_11_St_MARTIN_377.jpg\",\"link\":\"https:\/\/foire-st-martin.ch\/2022_8_11_st_martin_377\/\",\"alt\":\"\",\"description\":\"\",\"caption\":\"\",\"mime\":\"image\/jpeg\",\"type\":\"image\",\"width\":2508,\"height\":1672,\"sizes\":{\"thumbnail\":{\"url\":\"https:\/\/foire-st-martin.ch\/wp-content\/uploads\/2023\/03\/2022_8_11_St_MARTIN_377-150x150.jpg\",\"height\":150,\"width\":150,\"orientation\":\"landscape\"},\"medium\":{\"url\":\"https:\/\/foire-st-martin.ch\/wp-content\/uploads\/2023\/03\/2022_8_11_St_MARTIN_377-300x200.jpg\",\"height\":200,\"width\":300,\"orientation\":\"landscape\"},\"large\":{\"url\":\"https:\/\/foire-st-martin.ch\/wp-content\/uploads\/2023\/03\/2022_8_11_St_MARTIN_377-1024x683.jpg\",\"height\":683,\"width\":1024,\"orientation\":\"landscape\"},\"full\":{\"url\":\"https:\/\/foire-st-martin.ch\/wp-content\/uploads\/2023\/03\/2022_8_11_St_MARTIN_377.jpg\",\"height\":1672,\"width\":2508,\"orientation\":\"landscape\"}},\"meta\":false,\"postlink\":\"https:\/\/foire-st-martin.ch\/2022_8_11_st_martin_377\/\"},{\"id\":2249,\"title\":\"2022_8_11_St_MARTIN_374\",\"url\":\"https:\/\/foire-st-martin.ch\/wp-content\/uploads\/2023\/03\/2022_8_11_St_MARTIN_374.jpg\",\"link\":\"https:\/\/foire-st-martin.ch\/2022_8_11_st_martin_374\/\",\"alt\":\"\",\"description\":\"\",\"caption\":\"\",\"mime\":\"image\/jpeg\",\"type\":\"image\",\"width\":2508,\"height\":1672,\"sizes\":{\"thumbnail\":{\"url\":\"https:\/\/foire-st-martin.ch\/wp-content\/uploads\/2023\/03\/2022_8_11_St_MARTIN_374-150x150.jpg\",\"height\":150,\"width\":150,\"orientation\":\"landscape\"},\"medium\":{\"url\":\"https:\/\/foire-st-martin.ch\/wp-content\/uploads\/2023\/03\/2022_8_11_St_MARTIN_374-300x200.jpg\",\"height\":200,\"width\":300,\"orientation\":\"landscape\"},\"large\":{\"url\":\"https:\/\/foire-st-martin.ch\/wp-content\/uploads\/2023\/03\/2022_8_11_St_MARTIN_374-1024x683.jpg\",\"height\":683,\"width\":1024,\"orientation\":\"landscape\"},\"full\":{\"url\":\"https:\/\/foire-st-martin.ch\/wp-content\/uploads\/2023\/03\/2022_8_11_St_MARTIN_374.jpg\",\"height\":1672,\"width\":2508,\"orientation\":\"landscape\"}},\"meta\":false,\"postlink\":\"https:\/\/foire-st-martin.ch\/2022_8_11_st_martin_374\/\"},{\"id\":2248,\"title\":\"2022_8_11_St_MARTIN_373\",\"url\":\"https:\/\/foire-st-martin.ch\/wp-content\/uploads\/2023\/03\/2022_8_11_St_MARTIN_373.jpg\",\"link\":\"https:\/\/foire-st-martin.ch\/2022_8_11_st_martin_373\/\",\"alt\":\"\",\"description\":\"\",\"caption\":\"\",\"mime\":\"image\/jpeg\",\"type\":\"image\",\"width\":2508,\"height\":1672,\"sizes\":{\"thumbnail\":{\"url\":\"https:\/\/foire-st-martin.ch\/wp-content\/uploads\/2023\/03\/2022_8_11_St_MARTIN_373-150x150.jpg\",\"height\":150,\"width\":150,\"orientation\":\"landscape\"},\"medium\":{\"url\":\"https:\/\/foire-st-martin.ch\/wp-content\/uploads\/2023\/03\/2022_8_11_St_MARTIN_373-300x200.jpg\",\"height\":200,\"width\":300,\"orientation\":\"landscape\"},\"large\":{\"url\":\"https:\/\/foire-st-martin.ch\/wp-content\/uploads\/2023\/03\/2022_8_11_St_MARTIN_373-1024x683.jpg\",\"height\":683,\"width\":1024,\"orientation\":\"landscape\"},\"full\":{\"url\":\"https:\/\/foire-st-martin.ch\/wp-content\/uploads\/2023\/03\/2022_8_11_St_MARTIN_373.jpg\",\"height\":1672,\"width\":2508,\"orientation\":\"landscape\"}},\"meta\":false,\"postlink\":\"https:\/\/foire-st-martin.ch\/2022_8_11_st_martin_373\/\"},{\"id\":2247,\"title\":\"2022_8_11_St_MARTIN_371\",\"url\":\"https:\/\/foire-st-martin.ch\/wp-content\/uploads\/2023\/03\/2022_8_11_St_MARTIN_371-rotated.jpg\",\"link\":\"https:\/\/foire-st-martin.ch\/2022_8_11_st_martin_371\/\",\"alt\":\"\",\"description\":\"\",\"caption\":\"\",\"mime\":\"image\/jpeg\",\"type\":\"image\",\"width\":1672,\"height\":2508,\"sizes\":{\"thumbnail\":{\"url\":\"https:\/\/foire-st-martin.ch\/wp-content\/uploads\/2023\/03\/2022_8_11_St_MARTIN_371-150x150.jpg\",\"height\":150,\"width\":150,\"orientation\":\"landscape\"},\"medium\":{\"url\":\"https:\/\/foire-st-martin.ch\/wp-content\/uploads\/2023\/03\/2022_8_11_St_MARTIN_371-200x300.jpg\",\"height\":300,\"width\":200,\"orientation\":\"portrait\"},\"large\":{\"url\":\"https:\/\/foire-st-martin.ch\/wp-content\/uploads\/2023\/03\/2022_8_11_St_MARTIN_371-683x1024.jpg\",\"height\":1024,\"width\":683,\"orientation\":\"portrait\"},\"full\":{\"url\":\"https:\/\/foire-st-martin.ch\/wp-content\/uploads\/2023\/03\/2022_8_11_St_MARTIN_371-rotated.jpg\",\"height\":2508,\"width\":1672,\"orientation\":\"portrait\"}},\"meta\":false,\"postlink\":\"https:\/\/foire-st-martin.ch\/2022_8_11_st_martin_371\/\"},{\"id\":2246,\"title\":\"2022_8_11_St_MARTIN_370\",\"url\":\"https:\/\/foire-st-martin.ch\/wp-content\/uploads\/2023\/03\/2022_8_11_St_MARTIN_370.jpg\",\"link\":\"https:\/\/foire-st-martin.ch\/2022_8_11_st_martin_370\/\",\"alt\":\"\",\"description\":\"\",\"caption\":\"\",\"mime\":\"image\/jpeg\",\"type\":\"image\",\"width\":2508,\"height\":1672,\"sizes\":{\"thumbnail\":{\"url\":\"https:\/\/foire-st-martin.ch\/wp-content\/uploads\/2023\/03\/2022_8_11_St_MARTIN_370-150x150.jpg\",\"height\":150,\"width\":150,\"orientation\":\"landscape\"},\"medium\":{\"url\":\"https:\/\/foire-st-martin.ch\/wp-content\/uploads\/2023\/03\/2022_8_11_St_MARTIN_370-300x200.jpg\",\"height\":200,\"width\":300,\"orientation\":\"landscape\"},\"large\":{\"url\":\"https:\/\/foire-st-martin.ch\/wp-content\/uploads\/2023\/03\/2022_8_11_St_MARTIN_370-1024x683.jpg\",\"height\":683,\"width\":1024,\"orientation\":\"landscape\"},\"full\":{\"url\":\"https:\/\/foire-st-martin.ch\/wp-content\/uploads\/2023\/03\/2022_8_11_St_MARTIN_370.jpg\",\"height\":1672,\"width\":2508,\"orientation\":\"landscape\"}},\"meta\":false,\"postlink\":\"https:\/\/foire-st-martin.ch\/2022_8_11_st_martin_370\/\"},{\"id\":2245,\"title\":\"2022_8_11_St_MARTIN_367\",\"url\":\"https:\/\/foire-st-martin.ch\/wp-content\/uploads\/2023\/03\/2022_8_11_St_MARTIN_367.jpg\",\"link\":\"https:\/\/foire-st-martin.ch\/2022_8_11_st_martin_367\/\",\"alt\":\"\",\"description\":\"\",\"caption\":\"\",\"mime\":\"image\/jpeg\",\"type\":\"image\",\"width\":2508,\"height\":1672,\"sizes\":{\"thumbnail\":{\"url\":\"https:\/\/foire-st-martin.ch\/wp-content\/uploads\/2023\/03\/2022_8_11_St_MARTIN_367-150x150.jpg\",\"height\":150,\"width\":150,\"orientation\":\"landscape\"},\"medium\":{\"url\":\"https:\/\/foire-st-martin.ch\/wp-content\/uploads\/2023\/03\/2022_8_11_St_MARTIN_367-300x200.jpg\",\"height\":200,\"width\":300,\"orientation\":\"landscape\"},\"large\":{\"url\":\"https:\/\/foire-st-martin.ch\/wp-content\/uploads\/2023\/03\/2022_8_11_St_MARTIN_367-1024x683.jpg\",\"height\":683,\"width\":1024,\"orientation\":\"landscape\"},\"full\":{\"url\":\"https:\/\/foire-st-martin.ch\/wp-content\/uploads\/2023\/03\/2022_8_11_St_MARTIN_367.jpg\",\"height\":1672,\"width\":2508,\"orientation\":\"landscape\"}},\"meta\":false,\"postlink\":\"https:\/\/foire-st-martin.ch\/2022_8_11_st_martin_367\/\"},{\"id\":2244,\"title\":\"2022_8_11_St_MARTIN_364\",\"url\":\"https:\/\/foire-st-martin.ch\/wp-content\/uploads\/2023\/03\/2022_8_11_St_MARTIN_364.jpg\",\"link\":\"https:\/\/foire-st-martin.ch\/2022_8_11_st_martin_364\/\",\"alt\":\"\",\"description\":\"\",\"caption\":\"\",\"mime\":\"image\/jpeg\",\"type\":\"image\",\"width\":2508,\"height\":1672,\"sizes\":{\"thumbnail\":{\"url\":\"https:\/\/foire-st-martin.ch\/wp-content\/uploads\/2023\/03\/2022_8_11_St_MARTIN_364-150x150.jpg\",\"height\":150,\"width\":150,\"orientation\":\"landscape\"},\"medium\":{\"url\":\"https:\/\/foire-st-martin.ch\/wp-content\/uploads\/2023\/03\/2022_8_11_St_MARTIN_364-300x200.jpg\",\"height\":200,\"width\":300,\"orientation\":\"landscape\"},\"large\":{\"url\":\"https:\/\/foire-st-martin.ch\/wp-content\/uploads\/2023\/03\/2022_8_11_St_MARTIN_364-1024x683.jpg\",\"height\":683,\"width\":1024,\"orientation\":\"landscape\"},\"full\":{\"url\":\"https:\/\/foire-st-martin.ch\/wp-content\/uploads\/2023\/03\/2022_8_11_St_MARTIN_364.jpg\",\"height\":1672,\"width\":2508,\"orientation\":\"landscape\"}},\"meta\":false,\"postlink\":\"https:\/\/foire-st-martin.ch\/2022_8_11_st_martin_364\/\"},{\"id\":2243,\"title\":\"2022_8_11_St_MARTIN_363\",\"url\":\"https:\/\/foire-st-martin.ch\/wp-content\/uploads\/2023\/03\/2022_8_11_St_MARTIN_363.jpg\",\"link\":\"https:\/\/foire-st-martin.ch\/2022_8_11_st_martin_363\/\",\"alt\":\"\",\"description\":\"\",\"caption\":\"\",\"mime\":\"image\/jpeg\",\"type\":\"image\",\"width\":2508,\"height\":1672,\"sizes\":{\"thumbnail\":{\"url\":\"https:\/\/foire-st-martin.ch\/wp-content\/uploads\/2023\/03\/2022_8_11_St_MARTIN_363-150x150.jpg\",\"height\":150,\"width\":150,\"orientation\":\"landscape\"},\"medium\":{\"url\":\"https:\/\/foire-st-martin.ch\/wp-content\/uploads\/2023\/03\/2022_8_11_St_MARTIN_363-300x200.jpg\",\"height\":200,\"width\":300,\"orientation\":\"landscape\"},\"large\":{\"url\":\"https:\/\/foire-st-martin.ch\/wp-content\/uploads\/2023\/03\/2022_8_11_St_MARTIN_363-1024x683.jpg\",\"height\":683,\"width\":1024,\"orientation\":\"landscape\"},\"full\":{\"url\":\"https:\/\/foire-st-martin.ch\/wp-content\/uploads\/2023\/03\/2022_8_11_St_MARTIN_363.jpg\",\"height\":1672,\"width\":2508,\"orientation\":\"landscape\"}},\"meta\":false,\"postlink\":\"https:\/\/foire-st-martin.ch\/2022_8_11_st_martin_363\/\"},{\"id\":2242,\"title\":\"2022_8_11_St_MARTIN_356\",\"url\":\"https:\/\/foire-st-martin.ch\/wp-content\/uploads\/2023\/03\/2022_8_11_St_MARTIN_356-rotated.jpg\",\"link\":\"https:\/\/foire-st-martin.ch\/2022_8_11_st_martin_356\/\",\"alt\":\"\",\"description\":\"\",\"caption\":\"\",\"mime\":\"image\/jpeg\",\"type\":\"image\",\"width\":1672,\"height\":2508,\"sizes\":{\"thumbnail\":{\"url\":\"https:\/\/foire-st-martin.ch\/wp-content\/uploads\/2023\/03\/2022_8_11_St_MARTIN_356-150x150.jpg\",\"height\":150,\"width\":150,\"orientation\":\"landscape\"},\"medium\":{\"url\":\"https:\/\/foire-st-martin.ch\/wp-content\/uploads\/2023\/03\/2022_8_11_St_MARTIN_356-200x300.jpg\",\"height\":300,\"width\":200,\"orientation\":\"portrait\"},\"large\":{\"url\":\"https:\/\/foire-st-martin.ch\/wp-content\/uploads\/2023\/03\/2022_8_11_St_MARTIN_356-683x1024.jpg\",\"height\":1024,\"width\":683,\"orientation\":\"portrait\"},\"full\":{\"url\":\"https:\/\/foire-st-martin.ch\/wp-content\/uploads\/2023\/03\/2022_8_11_St_MARTIN_356-rotated.jpg\",\"height\":2508,\"width\":1672,\"orientation\":\"portrait\"}},\"meta\":false,\"postlink\":\"https:\/\/foire-st-martin.ch\/2022_8_11_st_martin_356\/\"},{\"id\":2241,\"title\":\"2022_8_11_St_MARTIN_352\",\"url\":\"https:\/\/foire-st-martin.ch\/wp-content\/uploads\/2023\/03\/2022_8_11_St_MARTIN_352-rotated.jpg\",\"link\":\"https:\/\/foire-st-martin.ch\/2022_8_11_st_martin_352\/\",\"alt\":\"\",\"description\":\"\",\"caption\":\"\",\"mime\":\"image\/jpeg\",\"type\":\"image\",\"width\":1672,\"height\":2508,\"sizes\":{\"thumbnail\":{\"url\":\"https:\/\/foire-st-martin.ch\/wp-content\/uploads\/2023\/03\/2022_8_11_St_MARTIN_352-150x150.jpg\",\"height\":150,\"width\":150,\"orientation\":\"landscape\"},\"medium\":{\"url\":\"https:\/\/foire-st-martin.ch\/wp-content\/uploads\/2023\/03\/2022_8_11_St_MARTIN_352-200x300.jpg\",\"height\":300,\"width\":200,\"orientation\":\"portrait\"},\"large\":{\"url\":\"https:\/\/foire-st-martin.ch\/wp-content\/uploads\/2023\/03\/2022_8_11_St_MARTIN_352-683x1024.jpg\",\"height\":1024,\"width\":683,\"orientation\":\"portrait\"},\"full\":{\"url\":\"https:\/\/foire-st-martin.ch\/wp-content\/uploads\/2023\/03\/2022_8_11_St_MARTIN_352-rotated.jpg\",\"height\":2508,\"width\":1672,\"orientation\":\"portrait\"}},\"meta\":false,\"postlink\":\"https:\/\/foire-st-martin.ch\/2022_8_11_st_martin_352\/\"},{\"id\":2240,\"title\":\"2022_8_11_St_MARTIN_344\",\"url\":\"https:\/\/foire-st-martin.ch\/wp-content\/uploads\/2023\/03\/2022_8_11_St_MARTIN_344-rotated.jpg\",\"link\":\"https:\/\/foire-st-martin.ch\/2022_8_11_st_martin_344\/\",\"alt\":\"\",\"description\":\"\",\"caption\":\"\",\"mime\":\"image\/jpeg\",\"type\":\"image\",\"width\":1672,\"height\":2508,\"sizes\":{\"thumbnail\":{\"url\":\"https:\/\/foire-st-martin.ch\/wp-content\/uploads\/2023\/03\/2022_8_11_St_MARTIN_344-150x150.jpg\",\"height\":150,\"width\":150,\"orientation\":\"landscape\"},\"medium\":{\"url\":\"https:\/\/foire-st-martin.ch\/wp-content\/uploads\/2023\/03\/2022_8_11_St_MARTIN_344-200x300.jpg\",\"height\":300,\"width\":200,\"orientation\":\"portrait\"},\"large\":{\"url\":\"https:\/\/foire-st-martin.ch\/wp-content\/uploads\/2023\/03\/2022_8_11_St_MARTIN_344-683x1024.jpg\",\"height\":1024,\"width\":683,\"orientation\":\"portrait\"},\"full\":{\"url\":\"https:\/\/foire-st-martin.ch\/wp-content\/uploads\/2023\/03\/2022_8_11_St_MARTIN_344-rotated.jpg\",\"height\":2508,\"width\":1672,\"orientation\":\"portrait\"}},\"meta\":false,\"postlink\":\"https:\/\/foire-st-martin.ch\/2022_8_11_st_martin_344\/\"},{\"id\":2239,\"title\":\"2022_8_11_St_MARTIN_342\",\"url\":\"https:\/\/foire-st-martin.ch\/wp-content\/uploads\/2023\/03\/2022_8_11_St_MARTIN_342.jpg\",\"link\":\"https:\/\/foire-st-martin.ch\/2022_8_11_st_martin_342\/\",\"alt\":\"\",\"description\":\"\",\"caption\":\"\",\"mime\":\"image\/jpeg\",\"type\":\"image\",\"width\":2508,\"height\":1672,\"sizes\":{\"thumbnail\":{\"url\":\"https:\/\/foire-st-martin.ch\/wp-content\/uploads\/2023\/03\/2022_8_11_St_MARTIN_342-150x150.jpg\",\"height\":150,\"width\":150,\"orientation\":\"landscape\"},\"medium\":{\"url\":\"https:\/\/foire-st-martin.ch\/wp-content\/uploads\/2023\/03\/2022_8_11_St_MARTIN_342-300x200.jpg\",\"height\":200,\"width\":300,\"orientation\":\"landscape\"},\"large\":{\"url\":\"https:\/\/foire-st-martin.ch\/wp-content\/uploads\/2023\/03\/2022_8_11_St_MARTIN_342-1024x683.jpg\",\"height\":683,\"width\":1024,\"orientation\":\"landscape\"},\"full\":{\"url\":\"https:\/\/foire-st-martin.ch\/wp-content\/uploads\/2023\/03\/2022_8_11_St_MARTIN_342.jpg\",\"height\":1672,\"width\":2508,\"orientation\":\"landscape\"}},\"meta\":false,\"postlink\":\"https:\/\/foire-st-martin.ch\/2022_8_11_st_martin_342\/\"},{\"id\":2238,\"title\":\"2022_8_11_St_MARTIN_338\",\"url\":\"https:\/\/foire-st-martin.ch\/wp-content\/uploads\/2023\/03\/2022_8_11_St_MARTIN_338-rotated.jpg\",\"link\":\"https:\/\/foire-st-martin.ch\/2022_8_11_st_martin_338\/\",\"alt\":\"\",\"description\":\"\",\"caption\":\"\",\"mime\":\"image\/jpeg\",\"type\":\"image\",\"width\":1672,\"height\":2508,\"sizes\":{\"thumbnail\":{\"url\":\"https:\/\/foire-st-martin.ch\/wp-content\/uploads\/2023\/03\/2022_8_11_St_MARTIN_338-150x150.jpg\",\"height\":150,\"width\":150,\"orientation\":\"landscape\"},\"medium\":{\"url\":\"https:\/\/foire-st-martin.ch\/wp-content\/uploads\/2023\/03\/2022_8_11_St_MARTIN_338-200x300.jpg\",\"height\":300,\"width\":200,\"orientation\":\"portrait\"},\"large\":{\"url\":\"https:\/\/foire-st-martin.ch\/wp-content\/uploads\/2023\/03\/2022_8_11_St_MARTIN_338-683x1024.jpg\",\"height\":1024,\"width\":683,\"orientation\":\"portrait\"},\"full\":{\"url\":\"https:\/\/foire-st-martin.ch\/wp-content\/uploads\/2023\/03\/2022_8_11_St_MARTIN_338-rotated.jpg\",\"height\":2508,\"width\":1672,\"orientation\":\"portrait\"}},\"meta\":false,\"postlink\":\"https:\/\/foire-st-martin.ch\/2022_8_11_st_martin_338\/\"},{\"id\":2237,\"title\":\"2022_8_11_St_MARTIN_333\",\"url\":\"https:\/\/foire-st-martin.ch\/wp-content\/uploads\/2023\/03\/2022_8_11_St_MARTIN_333-rotated.jpg\",\"link\":\"https:\/\/foire-st-martin.ch\/2022_8_11_st_martin_333\/\",\"alt\":\"\",\"description\":\"\",\"caption\":\"\",\"mime\":\"image\/jpeg\",\"type\":\"image\",\"width\":1672,\"height\":2508,\"sizes\":{\"thumbnail\":{\"url\":\"https:\/\/foire-st-martin.ch\/wp-content\/uploads\/2023\/03\/2022_8_11_St_MARTIN_333-150x150.jpg\",\"height\":150,\"width\":150,\"orientation\":\"landscape\"},\"medium\":{\"url\":\"https:\/\/foire-st-martin.ch\/wp-content\/uploads\/2023\/03\/2022_8_11_St_MARTIN_333-200x300.jpg\",\"height\":300,\"width\":200,\"orientation\":\"portrait\"},\"large\":{\"url\":\"https:\/\/foire-st-martin.ch\/wp-content\/uploads\/2023\/03\/2022_8_11_St_MARTIN_333-683x1024.jpg\",\"height\":1024,\"width\":683,\"orientation\":\"portrait\"},\"full\":{\"url\":\"https:\/\/foire-st-martin.ch\/wp-content\/uploads\/2023\/03\/2022_8_11_St_MARTIN_333-rotated.jpg\",\"height\":2508,\"width\":1672,\"orientation\":\"portrait\"}},\"meta\":false,\"postlink\":\"https:\/\/foire-st-martin.ch\/2022_8_11_st_martin_333\/\"},{\"id\":2236,\"title\":\"2022_8_11_St_MARTIN_328\",\"url\":\"https:\/\/foire-st-martin.ch\/wp-content\/uploads\/2023\/03\/2022_8_11_St_MARTIN_328.jpg\",\"link\":\"https:\/\/foire-st-martin.ch\/2022_8_11_st_martin_328\/\",\"alt\":\"\",\"description\":\"\",\"caption\":\"\",\"mime\":\"image\/jpeg\",\"type\":\"image\",\"width\":2508,\"height\":1672,\"sizes\":{\"thumbnail\":{\"url\":\"https:\/\/foire-st-martin.ch\/wp-content\/uploads\/2023\/03\/2022_8_11_St_MARTIN_328-150x150.jpg\",\"height\":150,\"width\":150,\"orientation\":\"landscape\"},\"medium\":{\"url\":\"https:\/\/foire-st-martin.ch\/wp-content\/uploads\/2023\/03\/2022_8_11_St_MARTIN_328-300x200.jpg\",\"height\":200,\"width\":300,\"orientation\":\"landscape\"},\"large\":{\"url\":\"https:\/\/foire-st-martin.ch\/wp-content\/uploads\/2023\/03\/2022_8_11_St_MARTIN_328-1024x683.jpg\",\"height\":683,\"width\":1024,\"orientation\":\"landscape\"},\"full\":{\"url\":\"https:\/\/foire-st-martin.ch\/wp-content\/uploads\/2023\/03\/2022_8_11_St_MARTIN_328.jpg\",\"height\":1672,\"width\":2508,\"orientation\":\"landscape\"}},\"meta\":false,\"postlink\":\"https:\/\/foire-st-martin.ch\/2022_8_11_st_martin_328\/\"},{\"id\":2235,\"title\":\"2022_8_11_St_MARTIN_327\",\"url\":\"https:\/\/foire-st-martin.ch\/wp-content\/uploads\/2023\/03\/2022_8_11_St_MARTIN_327-rotated.jpg\",\"link\":\"https:\/\/foire-st-martin.ch\/2022_8_11_st_martin_327\/\",\"alt\":\"\",\"description\":\"\",\"caption\":\"\",\"mime\":\"image\/jpeg\",\"type\":\"image\",\"width\":1672,\"height\":2508,\"sizes\":{\"thumbnail\":{\"url\":\"https:\/\/foire-st-martin.ch\/wp-content\/uploads\/2023\/03\/2022_8_11_St_MARTIN_327-150x150.jpg\",\"height\":150,\"width\":150,\"orientation\":\"landscape\"},\"medium\":{\"url\":\"https:\/\/foire-st-martin.ch\/wp-content\/uploads\/2023\/03\/2022_8_11_St_MARTIN_327-200x300.jpg\",\"height\":300,\"width\":200,\"orientation\":\"portrait\"},\"large\":{\"url\":\"https:\/\/foire-st-martin.ch\/wp-content\/uploads\/2023\/03\/2022_8_11_St_MARTIN_327-683x1024.jpg\",\"height\":1024,\"width\":683,\"orientation\":\"portrait\"},\"full\":{\"url\":\"https:\/\/foire-st-martin.ch\/wp-content\/uploads\/2023\/03\/2022_8_11_St_MARTIN_327-rotated.jpg\",\"height\":2508,\"width\":1672,\"orientation\":\"portrait\"}},\"meta\":false,\"postlink\":\"https:\/\/foire-st-martin.ch\/2022_8_11_st_martin_327\/\"},{\"id\":2234,\"title\":\"2022_8_11_St_MARTIN_325\",\"url\":\"https:\/\/foire-st-martin.ch\/wp-content\/uploads\/2023\/03\/2022_8_11_St_MARTIN_325.jpg\",\"link\":\"https:\/\/foire-st-martin.ch\/2022_8_11_st_martin_325\/\",\"alt\":\"\",\"description\":\"\",\"caption\":\"\",\"mime\":\"image\/jpeg\",\"type\":\"image\",\"width\":2508,\"height\":1672,\"sizes\":{\"thumbnail\":{\"url\":\"https:\/\/foire-st-martin.ch\/wp-content\/uploads\/2023\/03\/2022_8_11_St_MARTIN_325-150x150.jpg\",\"height\":150,\"width\":150,\"orientation\":\"landscape\"},\"medium\":{\"url\":\"https:\/\/foire-st-martin.ch\/wp-content\/uploads\/2023\/03\/2022_8_11_St_MARTIN_325-300x200.jpg\",\"height\":200,\"width\":300,\"orientation\":\"landscape\"},\"large\":{\"url\":\"https:\/\/foire-st-martin.ch\/wp-content\/uploads\/2023\/03\/2022_8_11_St_MARTIN_325-1024x683.jpg\",\"height\":683,\"width\":1024,\"orientation\":\"landscape\"},\"full\":{\"url\":\"https:\/\/foire-st-martin.ch\/wp-content\/uploads\/2023\/03\/2022_8_11_St_MARTIN_325.jpg\",\"height\":1672,\"width\":2508,\"orientation\":\"landscape\"}},\"meta\":false,\"postlink\":\"https:\/\/foire-st-martin.ch\/2022_8_11_st_martin_325\/\"},{\"id\":2233,\"title\":\"2022_8_11_St_MARTIN_322\",\"url\":\"https:\/\/foire-st-martin.ch\/wp-content\/uploads\/2023\/03\/2022_8_11_St_MARTIN_322.jpg\",\"link\":\"https:\/\/foire-st-martin.ch\/2022_8_11_st_martin_322\/\",\"alt\":\"\",\"description\":\"\",\"caption\":\"\",\"mime\":\"image\/jpeg\",\"type\":\"image\",\"width\":2508,\"height\":1672,\"sizes\":{\"thumbnail\":{\"url\":\"https:\/\/foire-st-martin.ch\/wp-content\/uploads\/2023\/03\/2022_8_11_St_MARTIN_322-150x150.jpg\",\"height\":150,\"width\":150,\"orientation\":\"landscape\"},\"medium\":{\"url\":\"https:\/\/foire-st-martin.ch\/wp-content\/uploads\/2023\/03\/2022_8_11_St_MARTIN_322-300x200.jpg\",\"height\":200,\"width\":300,\"orientation\":\"landscape\"},\"large\":{\"url\":\"https:\/\/foire-st-martin.ch\/wp-content\/uploads\/2023\/03\/2022_8_11_St_MARTIN_322-1024x683.jpg\",\"height\":683,\"width\":1024,\"orientation\":\"landscape\"},\"full\":{\"url\":\"https:\/\/foire-st-martin.ch\/wp-content\/uploads\/2023\/03\/2022_8_11_St_MARTIN_322.jpg\",\"height\":1672,\"width\":2508,\"orientation\":\"landscape\"}},\"meta\":false,\"postlink\":\"https:\/\/foire-st-martin.ch\/2022_8_11_st_martin_322\/\"},{\"id\":2232,\"title\":\"2022_8_11_St_MARTIN_315\",\"url\":\"https:\/\/foire-st-martin.ch\/wp-content\/uploads\/2023\/03\/2022_8_11_St_MARTIN_315.jpg\",\"link\":\"https:\/\/foire-st-martin.ch\/2022_8_11_st_martin_315\/\",\"alt\":\"\",\"description\":\"\",\"caption\":\"\",\"mime\":\"image\/jpeg\",\"type\":\"image\",\"width\":2508,\"height\":1672,\"sizes\":{\"thumbnail\":{\"url\":\"https:\/\/foire-st-martin.ch\/wp-content\/uploads\/2023\/03\/2022_8_11_St_MARTIN_315-150x150.jpg\",\"height\":150,\"width\":150,\"orientation\":\"landscape\"},\"medium\":{\"url\":\"https:\/\/foire-st-martin.ch\/wp-content\/uploads\/2023\/03\/2022_8_11_St_MARTIN_315-300x200.jpg\",\"height\":200,\"width\":300,\"orientation\":\"landscape\"},\"large\":{\"url\":\"https:\/\/foire-st-martin.ch\/wp-content\/uploads\/2023\/03\/2022_8_11_St_MARTIN_315-1024x683.jpg\",\"height\":683,\"width\":1024,\"orientation\":\"landscape\"},\"full\":{\"url\":\"https:\/\/foire-st-martin.ch\/wp-content\/uploads\/2023\/03\/2022_8_11_St_MARTIN_315.jpg\",\"height\":1672,\"width\":2508,\"orientation\":\"landscape\"}},\"meta\":false,\"postlink\":\"https:\/\/foire-st-martin.ch\/2022_8_11_st_martin_315\/\"},{\"id\":2231,\"title\":\"2022_8_11_St_MARTIN_313\",\"url\":\"https:\/\/foire-st-martin.ch\/wp-content\/uploads\/2023\/03\/2022_8_11_St_MARTIN_313.jpg\",\"link\":\"https:\/\/foire-st-martin.ch\/2022_8_11_st_martin_313\/\",\"alt\":\"\",\"description\":\"\",\"caption\":\"\",\"mime\":\"image\/jpeg\",\"type\":\"image\",\"width\":2508,\"height\":1672,\"sizes\":{\"thumbnail\":{\"url\":\"https:\/\/foire-st-martin.ch\/wp-content\/uploads\/2023\/03\/2022_8_11_St_MARTIN_313-150x150.jpg\",\"height\":150,\"width\":150,\"orientation\":\"landscape\"},\"medium\":{\"url\":\"https:\/\/foire-st-martin.ch\/wp-content\/uploads\/2023\/03\/2022_8_11_St_MARTIN_313-300x200.jpg\",\"height\":200,\"width\":300,\"orientation\":\"landscape\"},\"large\":{\"url\":\"https:\/\/foire-st-martin.ch\/wp-content\/uploads\/2023\/03\/2022_8_11_St_MARTIN_313-1024x683.jpg\",\"height\":683,\"width\":1024,\"orientation\":\"landscape\"},\"full\":{\"url\":\"https:\/\/foire-st-martin.ch\/wp-content\/uploads\/2023\/03\/2022_8_11_St_MARTIN_313.jpg\",\"height\":1672,\"width\":2508,\"orientation\":\"landscape\"}},\"meta\":false,\"postlink\":\"https:\/\/foire-st-martin.ch\/2022_8_11_st_martin_313\/\"},{\"id\":2230,\"title\":\"2022_8_11_St_MARTIN_308\",\"url\":\"https:\/\/foire-st-martin.ch\/wp-content\/uploads\/2023\/03\/2022_8_11_St_MARTIN_308.jpg\",\"link\":\"https:\/\/foire-st-martin.ch\/2022_8_11_st_martin_308\/\",\"alt\":\"\",\"description\":\"\",\"caption\":\"\",\"mime\":\"image\/jpeg\",\"type\":\"image\",\"width\":2508,\"height\":1672,\"sizes\":{\"thumbnail\":{\"url\":\"https:\/\/foire-st-martin.ch\/wp-content\/uploads\/2023\/03\/2022_8_11_St_MARTIN_308-150x150.jpg\",\"height\":150,\"width\":150,\"orientation\":\"landscape\"},\"medium\":{\"url\":\"https:\/\/foire-st-martin.ch\/wp-content\/uploads\/2023\/03\/2022_8_11_St_MARTIN_308-300x200.jpg\",\"height\":200,\"width\":300,\"orientation\":\"landscape\"},\"large\":{\"url\":\"https:\/\/foire-st-martin.ch\/wp-content\/uploads\/2023\/03\/2022_8_11_St_MARTIN_308-1024x683.jpg\",\"height\":683,\"width\":1024,\"orientation\":\"landscape\"},\"full\":{\"url\":\"https:\/\/foire-st-martin.ch\/wp-content\/uploads\/2023\/03\/2022_8_11_St_MARTIN_308.jpg\",\"height\":1672,\"width\":2508,\"orientation\":\"landscape\"}},\"meta\":false,\"postlink\":\"https:\/\/foire-st-martin.ch\/2022_8_11_st_martin_308\/\"},{\"id\":2229,\"title\":\"2022_8_11_St_MARTIN_306\",\"url\":\"https:\/\/foire-st-martin.ch\/wp-content\/uploads\/2023\/03\/2022_8_11_St_MARTIN_306-rotated.jpg\",\"link\":\"https:\/\/foire-st-martin.ch\/2022_8_11_st_martin_306\/\",\"alt\":\"\",\"description\":\"\",\"caption\":\"\",\"mime\":\"image\/jpeg\",\"type\":\"image\",\"width\":1672,\"height\":2508,\"sizes\":{\"thumbnail\":{\"url\":\"https:\/\/foire-st-martin.ch\/wp-content\/uploads\/2023\/03\/2022_8_11_St_MARTIN_306-150x150.jpg\",\"height\":150,\"width\":150,\"orientation\":\"landscape\"},\"medium\":{\"url\":\"https:\/\/foire-st-martin.ch\/wp-content\/uploads\/2023\/03\/2022_8_11_St_MARTIN_306-200x300.jpg\",\"height\":300,\"width\":200,\"orientation\":\"portrait\"},\"large\":{\"url\":\"https:\/\/foire-st-martin.ch\/wp-content\/uploads\/2023\/03\/2022_8_11_St_MARTIN_306-683x1024.jpg\",\"height\":1024,\"width\":683,\"orientation\":\"portrait\"},\"full\":{\"url\":\"https:\/\/foire-st-martin.ch\/wp-content\/uploads\/2023\/03\/2022_8_11_St_MARTIN_306-rotated.jpg\",\"height\":2508,\"width\":1672,\"orientation\":\"portrait\"}},\"meta\":false,\"postlink\":\"https:\/\/foire-st-martin.ch\/2022_8_11_st_martin_306\/\"},{\"id\":2228,\"title\":\"2022_8_11_St_MARTIN_303\",\"url\":\"https:\/\/foire-st-martin.ch\/wp-content\/uploads\/2023\/03\/2022_8_11_St_MARTIN_303-rotated.jpg\",\"link\":\"https:\/\/foire-st-martin.ch\/2022_8_11_st_martin_303\/\",\"alt\":\"\",\"description\":\"\",\"caption\":\"\",\"mime\":\"image\/jpeg\",\"type\":\"image\",\"width\":1672,\"height\":2508,\"sizes\":{\"thumbnail\":{\"url\":\"https:\/\/foire-st-martin.ch\/wp-content\/uploads\/2023\/03\/2022_8_11_St_MARTIN_303-150x150.jpg\",\"height\":150,\"width\":150,\"orientation\":\"landscape\"},\"medium\":{\"url\":\"https:\/\/foire-st-martin.ch\/wp-content\/uploads\/2023\/03\/2022_8_11_St_MARTIN_303-200x300.jpg\",\"height\":300,\"width\":200,\"orientation\":\"portrait\"},\"large\":{\"url\":\"https:\/\/foire-st-martin.ch\/wp-content\/uploads\/2023\/03\/2022_8_11_St_MARTIN_303-683x1024.jpg\",\"height\":1024,\"width\":683,\"orientation\":\"portrait\"},\"full\":{\"url\":\"https:\/\/foire-st-martin.ch\/wp-content\/uploads\/2023\/03\/2022_8_11_St_MARTIN_303-rotated.jpg\",\"height\":2508,\"width\":1672,\"orientation\":\"portrait\"}},\"meta\":false,\"postlink\":\"https:\/\/foire-st-martin.ch\/2022_8_11_st_martin_303\/\"},{\"id\":2227,\"title\":\"2022_8_11_St_MARTIN_300\",\"url\":\"https:\/\/foire-st-martin.ch\/wp-content\/uploads\/2023\/03\/2022_8_11_St_MARTIN_300-rotated.jpg\",\"link\":\"https:\/\/foire-st-martin.ch\/2022_8_11_st_martin_300\/\",\"alt\":\"\",\"description\":\"\",\"caption\":\"\",\"mime\":\"image\/jpeg\",\"type\":\"image\",\"width\":1672,\"height\":2508,\"sizes\":{\"thumbnail\":{\"url\":\"https:\/\/foire-st-martin.ch\/wp-content\/uploads\/2023\/03\/2022_8_11_St_MARTIN_300-150x150.jpg\",\"height\":150,\"width\":150,\"orientation\":\"landscape\"},\"medium\":{\"url\":\"https:\/\/foire-st-martin.ch\/wp-content\/uploads\/2023\/03\/2022_8_11_St_MARTIN_300-200x300.jpg\",\"height\":300,\"width\":200,\"orientation\":\"portrait\"},\"large\":{\"url\":\"https:\/\/foire-st-martin.ch\/wp-content\/uploads\/2023\/03\/2022_8_11_St_MARTIN_300-683x1024.jpg\",\"height\":1024,\"width\":683,\"orientation\":\"portrait\"},\"full\":{\"url\":\"https:\/\/foire-st-martin.ch\/wp-content\/uploads\/2023\/03\/2022_8_11_St_MARTIN_300-rotated.jpg\",\"height\":2508,\"width\":1672,\"orientation\":\"portrait\"}},\"meta\":false,\"postlink\":\"https:\/\/foire-st-martin.ch\/2022_8_11_st_martin_300\/\"},{\"id\":2226,\"title\":\"2022_8_11_St_MARTIN_298\",\"url\":\"https:\/\/foire-st-martin.ch\/wp-content\/uploads\/2023\/03\/2022_8_11_St_MARTIN_298-rotated.jpg\",\"link\":\"https:\/\/foire-st-martin.ch\/2022_8_11_st_martin_298\/\",\"alt\":\"\",\"description\":\"\",\"caption\":\"\",\"mime\":\"image\/jpeg\",\"type\":\"image\",\"width\":1672,\"height\":2508,\"sizes\":{\"thumbnail\":{\"url\":\"https:\/\/foire-st-martin.ch\/wp-content\/uploads\/2023\/03\/2022_8_11_St_MARTIN_298-150x150.jpg\",\"height\":150,\"width\":150,\"orientation\":\"landscape\"},\"medium\":{\"url\":\"https:\/\/foire-st-martin.ch\/wp-content\/uploads\/2023\/03\/2022_8_11_St_MARTIN_298-200x300.jpg\",\"height\":300,\"width\":200,\"orientation\":\"portrait\"},\"large\":{\"url\":\"https:\/\/foire-st-martin.ch\/wp-content\/uploads\/2023\/03\/2022_8_11_St_MARTIN_298-683x1024.jpg\",\"height\":1024,\"width\":683,\"orientation\":\"portrait\"},\"full\":{\"url\":\"https:\/\/foire-st-martin.ch\/wp-content\/uploads\/2023\/03\/2022_8_11_St_MARTIN_298-rotated.jpg\",\"height\":2508,\"width\":1672,\"orientation\":\"portrait\"}},\"meta\":false,\"postlink\":\"https:\/\/foire-st-martin.ch\/2022_8_11_st_martin_298\/\"},{\"id\":2225,\"title\":\"2022_8_11_St_MARTIN_297\",\"url\":\"https:\/\/foire-st-martin.ch\/wp-content\/uploads\/2023\/03\/2022_8_11_St_MARTIN_297.jpg\",\"link\":\"https:\/\/foire-st-martin.ch\/2022_8_11_st_martin_297\/\",\"alt\":\"\",\"description\":\"\",\"caption\":\"\",\"mime\":\"image\/jpeg\",\"type\":\"image\",\"width\":2508,\"height\":1672,\"sizes\":{\"thumbnail\":{\"url\":\"https:\/\/foire-st-martin.ch\/wp-content\/uploads\/2023\/03\/2022_8_11_St_MARTIN_297-150x150.jpg\",\"height\":150,\"width\":150,\"orientation\":\"landscape\"},\"medium\":{\"url\":\"https:\/\/foire-st-martin.ch\/wp-content\/uploads\/2023\/03\/2022_8_11_St_MARTIN_297-300x200.jpg\",\"height\":200,\"width\":300,\"orientation\":\"landscape\"},\"large\":{\"url\":\"https:\/\/foire-st-martin.ch\/wp-content\/uploads\/2023\/03\/2022_8_11_St_MARTIN_297-1024x683.jpg\",\"height\":683,\"width\":1024,\"orientation\":\"landscape\"},\"full\":{\"url\":\"https:\/\/foire-st-martin.ch\/wp-content\/uploads\/2023\/03\/2022_8_11_St_MARTIN_297.jpg\",\"height\":1672,\"width\":2508,\"orientation\":\"landscape\"}},\"meta\":false,\"postlink\":\"https:\/\/foire-st-martin.ch\/2022_8_11_st_martin_297\/\"},{\"id\":2224,\"title\":\"2022_8_11_St_MARTIN_281\",\"url\":\"https:\/\/foire-st-martin.ch\/wp-content\/uploads\/2023\/03\/2022_8_11_St_MARTIN_281.jpg\",\"link\":\"https:\/\/foire-st-martin.ch\/2022_8_11_st_martin_281\/\",\"alt\":\"\",\"description\":\"\",\"caption\":\"\",\"mime\":\"image\/jpeg\",\"type\":\"image\",\"width\":2508,\"height\":1672,\"sizes\":{\"thumbnail\":{\"url\":\"https:\/\/foire-st-martin.ch\/wp-content\/uploads\/2023\/03\/2022_8_11_St_MARTIN_281-150x150.jpg\",\"height\":150,\"width\":150,\"orientation\":\"landscape\"},\"medium\":{\"url\":\"https:\/\/foire-st-martin.ch\/wp-content\/uploads\/2023\/03\/2022_8_11_St_MARTIN_281-300x200.jpg\",\"height\":200,\"width\":300,\"orientation\":\"landscape\"},\"large\":{\"url\":\"https:\/\/foire-st-martin.ch\/wp-content\/uploads\/2023\/03\/2022_8_11_St_MARTIN_281-1024x683.jpg\",\"height\":683,\"width\":1024,\"orientation\":\"landscape\"},\"full\":{\"url\":\"https:\/\/foire-st-martin.ch\/wp-content\/uploads\/2023\/03\/2022_8_11_St_MARTIN_281.jpg\",\"height\":1672,\"width\":2508,\"orientation\":\"landscape\"}},\"meta\":false,\"postlink\":\"https:\/\/foire-st-martin.ch\/2022_8_11_st_martin_281\/\"},{\"id\":2223,\"title\":\"2022_8_11_St_MARTIN_277\",\"url\":\"https:\/\/foire-st-martin.ch\/wp-content\/uploads\/2023\/03\/2022_8_11_St_MARTIN_277.jpg\",\"link\":\"https:\/\/foire-st-martin.ch\/2022_8_11_st_martin_277\/\",\"alt\":\"\",\"description\":\"\",\"caption\":\"\",\"mime\":\"image\/jpeg\",\"type\":\"image\",\"width\":2508,\"height\":1672,\"sizes\":{\"thumbnail\":{\"url\":\"https:\/\/foire-st-martin.ch\/wp-content\/uploads\/2023\/03\/2022_8_11_St_MARTIN_277-150x150.jpg\",\"height\":150,\"width\":150,\"orientation\":\"landscape\"},\"medium\":{\"url\":\"https:\/\/foire-st-martin.ch\/wp-content\/uploads\/2023\/03\/2022_8_11_St_MARTIN_277-300x200.jpg\",\"height\":200,\"width\":300,\"orientation\":\"landscape\"},\"large\":{\"url\":\"https:\/\/foire-st-martin.ch\/wp-content\/uploads\/2023\/03\/2022_8_11_St_MARTIN_277-1024x683.jpg\",\"height\":683,\"width\":1024,\"orientation\":\"landscape\"},\"full\":{\"url\":\"https:\/\/foire-st-martin.ch\/wp-content\/uploads\/2023\/03\/2022_8_11_St_MARTIN_277.jpg\",\"height\":1672,\"width\":2508,\"orientation\":\"landscape\"}},\"meta\":false,\"postlink\":\"https:\/\/foire-st-martin.ch\/2022_8_11_st_martin_277\/\"},{\"id\":2222,\"title\":\"2022_8_11_St_MARTIN_271\",\"url\":\"https:\/\/foire-st-martin.ch\/wp-content\/uploads\/2023\/03\/2022_8_11_St_MARTIN_271-rotated.jpg\",\"link\":\"https:\/\/foire-st-martin.ch\/2022_8_11_st_martin_271\/\",\"alt\":\"\",\"description\":\"\",\"caption\":\"\",\"mime\":\"image\/jpeg\",\"type\":\"image\",\"width\":1672,\"height\":2508,\"sizes\":{\"thumbnail\":{\"url\":\"https:\/\/foire-st-martin.ch\/wp-content\/uploads\/2023\/03\/2022_8_11_St_MARTIN_271-150x150.jpg\",\"height\":150,\"width\":150,\"orientation\":\"landscape\"},\"medium\":{\"url\":\"https:\/\/foire-st-martin.ch\/wp-content\/uploads\/2023\/03\/2022_8_11_St_MARTIN_271-200x300.jpg\",\"height\":300,\"width\":200,\"orientation\":\"portrait\"},\"large\":{\"url\":\"https:\/\/foire-st-martin.ch\/wp-content\/uploads\/2023\/03\/2022_8_11_St_MARTIN_271-683x1024.jpg\",\"height\":1024,\"width\":683,\"orientation\":\"portrait\"},\"full\":{\"url\":\"https:\/\/foire-st-martin.ch\/wp-content\/uploads\/2023\/03\/2022_8_11_St_MARTIN_271-rotated.jpg\",\"height\":2508,\"width\":1672,\"orientation\":\"portrait\"}},\"meta\":false,\"postlink\":\"https:\/\/foire-st-martin.ch\/2022_8_11_st_martin_271\/\"},{\"id\":2221,\"title\":\"2022_8_11_St_MARTIN_269\",\"url\":\"https:\/\/foire-st-martin.ch\/wp-content\/uploads\/2023\/03\/2022_8_11_St_MARTIN_269.jpg\",\"link\":\"https:\/\/foire-st-martin.ch\/2022_8_11_st_martin_269\/\",\"alt\":\"\",\"description\":\"\",\"caption\":\"\",\"mime\":\"image\/jpeg\",\"type\":\"image\",\"width\":2508,\"height\":1672,\"sizes\":{\"thumbnail\":{\"url\":\"https:\/\/foire-st-martin.ch\/wp-content\/uploads\/2023\/03\/2022_8_11_St_MARTIN_269-150x150.jpg\",\"height\":150,\"width\":150,\"orientation\":\"landscape\"},\"medium\":{\"url\":\"https:\/\/foire-st-martin.ch\/wp-content\/uploads\/2023\/03\/2022_8_11_St_MARTIN_269-300x200.jpg\",\"height\":200,\"width\":300,\"orientation\":\"landscape\"},\"large\":{\"url\":\"https:\/\/foire-st-martin.ch\/wp-content\/uploads\/2023\/03\/2022_8_11_St_MARTIN_269-1024x683.jpg\",\"height\":683,\"width\":1024,\"orientation\":\"landscape\"},\"full\":{\"url\":\"https:\/\/foire-st-martin.ch\/wp-content\/uploads\/2023\/03\/2022_8_11_St_MARTIN_269.jpg\",\"height\":1672,\"width\":2508,\"orientation\":\"landscape\"}},\"meta\":false,\"postlink\":\"https:\/\/foire-st-martin.ch\/2022_8_11_st_martin_269\/\"},{\"id\":2220,\"title\":\"2022_8_11_St_MARTIN_263\",\"url\":\"https:\/\/foire-st-martin.ch\/wp-content\/uploads\/2023\/03\/2022_8_11_St_MARTIN_263-rotated.jpg\",\"link\":\"https:\/\/foire-st-martin.ch\/2022_8_11_st_martin_263\/\",\"alt\":\"\",\"description\":\"\",\"caption\":\"\",\"mime\":\"image\/jpeg\",\"type\":\"image\",\"width\":1672,\"height\":2508,\"sizes\":{\"thumbnail\":{\"url\":\"https:\/\/foire-st-martin.ch\/wp-content\/uploads\/2023\/03\/2022_8_11_St_MARTIN_263-150x150.jpg\",\"height\":150,\"width\":150,\"orientation\":\"landscape\"},\"medium\":{\"url\":\"https:\/\/foire-st-martin.ch\/wp-content\/uploads\/2023\/03\/2022_8_11_St_MARTIN_263-200x300.jpg\",\"height\":300,\"width\":200,\"orientation\":\"portrait\"},\"large\":{\"url\":\"https:\/\/foire-st-martin.ch\/wp-content\/uploads\/2023\/03\/2022_8_11_St_MARTIN_263-683x1024.jpg\",\"height\":1024,\"width\":683,\"orientation\":\"portrait\"},\"full\":{\"url\":\"https:\/\/foire-st-martin.ch\/wp-content\/uploads\/2023\/03\/2022_8_11_St_MARTIN_263-rotated.jpg\",\"height\":2508,\"width\":1672,\"orientation\":\"portrait\"}},\"meta\":false,\"postlink\":\"https:\/\/foire-st-martin.ch\/2022_8_11_st_martin_263\/\"},{\"id\":2219,\"title\":\"2022_8_11_St_MARTIN_257\",\"url\":\"https:\/\/foire-st-martin.ch\/wp-content\/uploads\/2023\/03\/2022_8_11_St_MARTIN_257-rotated.jpg\",\"link\":\"https:\/\/foire-st-martin.ch\/2022_8_11_st_martin_257\/\",\"alt\":\"\",\"description\":\"\",\"caption\":\"\",\"mime\":\"image\/jpeg\",\"type\":\"image\",\"width\":1672,\"height\":2508,\"sizes\":{\"thumbnail\":{\"url\":\"https:\/\/foire-st-martin.ch\/wp-content\/uploads\/2023\/03\/2022_8_11_St_MARTIN_257-150x150.jpg\",\"height\":150,\"width\":150,\"orientation\":\"landscape\"},\"medium\":{\"url\":\"https:\/\/foire-st-martin.ch\/wp-content\/uploads\/2023\/03\/2022_8_11_St_MARTIN_257-200x300.jpg\",\"height\":300,\"width\":200,\"orientation\":\"portrait\"},\"large\":{\"url\":\"https:\/\/foire-st-martin.ch\/wp-content\/uploads\/2023\/03\/2022_8_11_St_MARTIN_257-683x1024.jpg\",\"height\":1024,\"width\":683,\"orientation\":\"portrait\"},\"full\":{\"url\":\"https:\/\/foire-st-martin.ch\/wp-content\/uploads\/2023\/03\/2022_8_11_St_MARTIN_257-rotated.jpg\",\"height\":2508,\"width\":1672,\"orientation\":\"portrait\"}},\"meta\":false,\"postlink\":\"https:\/\/foire-st-martin.ch\/2022_8_11_st_martin_257\/\"},{\"id\":2218,\"title\":\"2022_8_11_St_MARTIN_256\",\"url\":\"https:\/\/foire-st-martin.ch\/wp-content\/uploads\/2023\/03\/2022_8_11_St_MARTIN_256-rotated.jpg\",\"link\":\"https:\/\/foire-st-martin.ch\/2022_8_11_st_martin_256\/\",\"alt\":\"\",\"description\":\"\",\"caption\":\"\",\"mime\":\"image\/jpeg\",\"type\":\"image\",\"width\":1672,\"height\":2508,\"sizes\":{\"thumbnail\":{\"url\":\"https:\/\/foire-st-martin.ch\/wp-content\/uploads\/2023\/03\/2022_8_11_St_MARTIN_256-150x150.jpg\",\"height\":150,\"width\":150,\"orientation\":\"landscape\"},\"medium\":{\"url\":\"https:\/\/foire-st-martin.ch\/wp-content\/uploads\/2023\/03\/2022_8_11_St_MARTIN_256-200x300.jpg\",\"height\":300,\"width\":200,\"orientation\":\"portrait\"},\"large\":{\"url\":\"https:\/\/foire-st-martin.ch\/wp-content\/uploads\/2023\/03\/2022_8_11_St_MARTIN_256-683x1024.jpg\",\"height\":1024,\"width\":683,\"orientation\":\"portrait\"},\"full\":{\"url\":\"https:\/\/foire-st-martin.ch\/wp-content\/uploads\/2023\/03\/2022_8_11_St_MARTIN_256-rotated.jpg\",\"height\":2508,\"width\":1672,\"orientation\":\"portrait\"}},\"meta\":false,\"postlink\":\"https:\/\/foire-st-martin.ch\/2022_8_11_st_martin_256\/\"},{\"id\":2217,\"title\":\"2022_8_11_St_MARTIN_255\",\"url\":\"https:\/\/foire-st-martin.ch\/wp-content\/uploads\/2023\/03\/2022_8_11_St_MARTIN_255.jpg\",\"link\":\"https:\/\/foire-st-martin.ch\/2022_8_11_st_martin_255\/\",\"alt\":\"\",\"description\":\"\",\"caption\":\"\",\"mime\":\"image\/jpeg\",\"type\":\"image\",\"width\":2508,\"height\":1672,\"sizes\":{\"thumbnail\":{\"url\":\"https:\/\/foire-st-martin.ch\/wp-content\/uploads\/2023\/03\/2022_8_11_St_MARTIN_255-150x150.jpg\",\"height\":150,\"width\":150,\"orientation\":\"landscape\"},\"medium\":{\"url\":\"https:\/\/foire-st-martin.ch\/wp-content\/uploads\/2023\/03\/2022_8_11_St_MARTIN_255-300x200.jpg\",\"height\":200,\"width\":300,\"orientation\":\"landscape\"},\"large\":{\"url\":\"https:\/\/foire-st-martin.ch\/wp-content\/uploads\/2023\/03\/2022_8_11_St_MARTIN_255-1024x683.jpg\",\"height\":683,\"width\":1024,\"orientation\":\"landscape\"},\"full\":{\"url\":\"https:\/\/foire-st-martin.ch\/wp-content\/uploads\/2023\/03\/2022_8_11_St_MARTIN_255.jpg\",\"height\":1672,\"width\":2508,\"orientation\":\"landscape\"}},\"meta\":false,\"postlink\":\"https:\/\/foire-st-martin.ch\/2022_8_11_st_martin_255\/\"},{\"id\":2216,\"title\":\"2022_8_11_St_MARTIN_249\",\"url\":\"https:\/\/foire-st-martin.ch\/wp-content\/uploads\/2023\/03\/2022_8_11_St_MARTIN_249-rotated.jpg\",\"link\":\"https:\/\/foire-st-martin.ch\/2022_8_11_st_martin_249\/\",\"alt\":\"\",\"description\":\"\",\"caption\":\"\",\"mime\":\"image\/jpeg\",\"type\":\"image\",\"width\":1672,\"height\":2508,\"sizes\":{\"thumbnail\":{\"url\":\"https:\/\/foire-st-martin.ch\/wp-content\/uploads\/2023\/03\/2022_8_11_St_MARTIN_249-150x150.jpg\",\"height\":150,\"width\":150,\"orientation\":\"landscape\"},\"medium\":{\"url\":\"https:\/\/foire-st-martin.ch\/wp-content\/uploads\/2023\/03\/2022_8_11_St_MARTIN_249-200x300.jpg\",\"height\":300,\"width\":200,\"orientation\":\"portrait\"},\"large\":{\"url\":\"https:\/\/foire-st-martin.ch\/wp-content\/uploads\/2023\/03\/2022_8_11_St_MARTIN_249-683x1024.jpg\",\"height\":1024,\"width\":683,\"orientation\":\"portrait\"},\"full\":{\"url\":\"https:\/\/foire-st-martin.ch\/wp-content\/uploads\/2023\/03\/2022_8_11_St_MARTIN_249-rotated.jpg\",\"height\":2508,\"width\":1672,\"orientation\":\"portrait\"}},\"meta\":false,\"postlink\":\"https:\/\/foire-st-martin.ch\/2022_8_11_st_martin_249\/\"},{\"id\":2215,\"title\":\"2022_8_11_St_MARTIN_248\",\"url\":\"https:\/\/foire-st-martin.ch\/wp-content\/uploads\/2023\/03\/2022_8_11_St_MARTIN_248-rotated.jpg\",\"link\":\"https:\/\/foire-st-martin.ch\/2022_8_11_st_martin_248\/\",\"alt\":\"\",\"description\":\"\",\"caption\":\"\",\"mime\":\"image\/jpeg\",\"type\":\"image\",\"width\":1672,\"height\":2508,\"sizes\":{\"thumbnail\":{\"url\":\"https:\/\/foire-st-martin.ch\/wp-content\/uploads\/2023\/03\/2022_8_11_St_MARTIN_248-150x150.jpg\",\"height\":150,\"width\":150,\"orientation\":\"landscape\"},\"medium\":{\"url\":\"https:\/\/foire-st-martin.ch\/wp-content\/uploads\/2023\/03\/2022_8_11_St_MARTIN_248-200x300.jpg\",\"height\":300,\"width\":200,\"orientation\":\"portrait\"},\"large\":{\"url\":\"https:\/\/foire-st-martin.ch\/wp-content\/uploads\/2023\/03\/2022_8_11_St_MARTIN_248-683x1024.jpg\",\"height\":1024,\"width\":683,\"orientation\":\"portrait\"},\"full\":{\"url\":\"https:\/\/foire-st-martin.ch\/wp-content\/uploads\/2023\/03\/2022_8_11_St_MARTIN_248-rotated.jpg\",\"height\":2508,\"width\":1672,\"orientation\":\"portrait\"}},\"meta\":false,\"postlink\":\"https:\/\/foire-st-martin.ch\/2022_8_11_st_martin_248\/\"},{\"id\":2214,\"title\":\"2022_8_11_St_MARTIN_244\",\"url\":\"https:\/\/foire-st-martin.ch\/wp-content\/uploads\/2023\/03\/2022_8_11_St_MARTIN_244-rotated.jpg\",\"link\":\"https:\/\/foire-st-martin.ch\/2022_8_11_st_martin_244\/\",\"alt\":\"\",\"description\":\"\",\"caption\":\"\",\"mime\":\"image\/jpeg\",\"type\":\"image\",\"width\":1672,\"height\":2508,\"sizes\":{\"thumbnail\":{\"url\":\"https:\/\/foire-st-martin.ch\/wp-content\/uploads\/2023\/03\/2022_8_11_St_MARTIN_244-150x150.jpg\",\"height\":150,\"width\":150,\"orientation\":\"landscape\"},\"medium\":{\"url\":\"https:\/\/foire-st-martin.ch\/wp-content\/uploads\/2023\/03\/2022_8_11_St_MARTIN_244-200x300.jpg\",\"height\":300,\"width\":200,\"orientation\":\"portrait\"},\"large\":{\"url\":\"https:\/\/foire-st-martin.ch\/wp-content\/uploads\/2023\/03\/2022_8_11_St_MARTIN_244-683x1024.jpg\",\"height\":1024,\"width\":683,\"orientation\":\"portrait\"},\"full\":{\"url\":\"https:\/\/foire-st-martin.ch\/wp-content\/uploads\/2023\/03\/2022_8_11_St_MARTIN_244-rotated.jpg\",\"height\":2508,\"width\":1672,\"orientation\":\"portrait\"}},\"meta\":false,\"postlink\":\"https:\/\/foire-st-martin.ch\/2022_8_11_st_martin_244\/\"},{\"id\":2213,\"title\":\"2022_8_11_St_MARTIN_243\",\"url\":\"https:\/\/foire-st-martin.ch\/wp-content\/uploads\/2023\/03\/2022_8_11_St_MARTIN_243.jpg\",\"link\":\"https:\/\/foire-st-martin.ch\/2022_8_11_st_martin_243\/\",\"alt\":\"\",\"description\":\"\",\"caption\":\"\",\"mime\":\"image\/jpeg\",\"type\":\"image\",\"width\":2508,\"height\":1672,\"sizes\":{\"thumbnail\":{\"url\":\"https:\/\/foire-st-martin.ch\/wp-content\/uploads\/2023\/03\/2022_8_11_St_MARTIN_243-150x150.jpg\",\"height\":150,\"width\":150,\"orientation\":\"landscape\"},\"medium\":{\"url\":\"https:\/\/foire-st-martin.ch\/wp-content\/uploads\/2023\/03\/2022_8_11_St_MARTIN_243-300x200.jpg\",\"height\":200,\"width\":300,\"orientation\":\"landscape\"},\"large\":{\"url\":\"https:\/\/foire-st-martin.ch\/wp-content\/uploads\/2023\/03\/2022_8_11_St_MARTIN_243-1024x683.jpg\",\"height\":683,\"width\":1024,\"orientation\":\"landscape\"},\"full\":{\"url\":\"https:\/\/foire-st-martin.ch\/wp-content\/uploads\/2023\/03\/2022_8_11_St_MARTIN_243.jpg\",\"height\":1672,\"width\":2508,\"orientation\":\"landscape\"}},\"meta\":false,\"postlink\":\"https:\/\/foire-st-martin.ch\/2022_8_11_st_martin_243\/\"},{\"id\":2212,\"title\":\"2022_8_11_St_MARTIN_242\",\"url\":\"https:\/\/foire-st-martin.ch\/wp-content\/uploads\/2023\/03\/2022_8_11_St_MARTIN_242.jpg\",\"link\":\"https:\/\/foire-st-martin.ch\/2022_8_11_st_martin_242\/\",\"alt\":\"\",\"description\":\"\",\"caption\":\"\",\"mime\":\"image\/jpeg\",\"type\":\"image\",\"width\":2508,\"height\":1672,\"sizes\":{\"thumbnail\":{\"url\":\"https:\/\/foire-st-martin.ch\/wp-content\/uploads\/2023\/03\/2022_8_11_St_MARTIN_242-150x150.jpg\",\"height\":150,\"width\":150,\"orientation\":\"landscape\"},\"medium\":{\"url\":\"https:\/\/foire-st-martin.ch\/wp-content\/uploads\/2023\/03\/2022_8_11_St_MARTIN_242-300x200.jpg\",\"height\":200,\"width\":300,\"orientation\":\"landscape\"},\"large\":{\"url\":\"https:\/\/foire-st-martin.ch\/wp-content\/uploads\/2023\/03\/2022_8_11_St_MARTIN_242-1024x683.jpg\",\"height\":683,\"width\":1024,\"orientation\":\"landscape\"},\"full\":{\"url\":\"https:\/\/foire-st-martin.ch\/wp-content\/uploads\/2023\/03\/2022_8_11_St_MARTIN_242.jpg\",\"height\":1672,\"width\":2508,\"orientation\":\"landscape\"}},\"meta\":false,\"postlink\":\"https:\/\/foire-st-martin.ch\/2022_8_11_st_martin_242\/\"}],\"itemsMetaDataCollection\":[]}<\/script><script>(function(){if(window.PGC_SGB && window.PGC_SGB.searcher){window.PGC_SGB.searcher.initBlocks()}})()<\/script><\/div>[\/et_pb_code][\/et_pb_column][\/et_pb_row][et_pb_row module_class=&#8221;splitter&#8221; _builder_version=&#8221;4.18.0&#8243; _module_preset=&#8221;default&#8221; global_colors_info=&#8221;{}&#8221;][et_pb_column type=&#8221;4_4&#8243; _builder_version=&#8221;4.18.0&#8243; _module_preset=&#8221;default&#8221; global_colors_info=&#8221;{}&#8221;][et_pb_text _builder_version=&#8221;4.18.0&#8243; _module_preset=&#8221;default&#8221; global_colors_info=&#8221;{}&#8221;]<p>La Foire<\/p>[\/et_pb_text][\/et_pb_column][\/et_pb_row][et_pb_row _builder_version=&#8221;4.18.0&#8243; _module_preset=&#8221;default&#8221; global_colors_info=&#8221;{}&#8221;][et_pb_column type=&#8221;4_4&#8243; _builder_version=&#8221;4.18.0&#8243; _module_preset=&#8221;default&#8221; global_colors_info=&#8221;{}&#8221;][et_pb_code _builder_version=&#8221;4.18.0&#8243; _module_preset=&#8221;default&#8221; global_colors_info=&#8221;{}&#8221;]<div class=\"pgc-sgb-cb wp-block-pgcsimplygalleryblock-grid \" data-gallery-id=\"9d043006\"><div class=\"sgb-preloader\" id=\"pr_9d043006\">\n\t<div class=\"sgb-square\" style=\"background:#d4d4d4\"><\/div>\n\t<div class=\"sgb-square\" style=\"background:#d4d4d4\"><\/div>\n\t<div class=\"sgb-square\" style=\"background:#d4d4d4\"><\/div>\n\t<div class=\"sgb-square\" style=\"background:#d4d4d4\"><\/div><\/div><div class=\"simply-gallery-amp pgc_sgb_slider \" style=\"display: none;\"><div class=\"sgb-gallery\"><div class=\"sgb-item\"><a href=\"https:\/\/foire-st-martin.ch\/en\/img_4057\/\"><img decoding=\"async\" alt=\"\" width=\"300\" height=\"225\" loading=\"lazy\" src=\"https:\/\/foire-st-martin.ch\/wp-content\/uploads\/2023\/03\/IMG_4057-300x225.jpeg\"\/><\/a><\/div><div class=\"sgb-item\"><a href=\"https:\/\/foire-st-martin.ch\/en\/img_4056\/\"><img decoding=\"async\" alt=\"\" width=\"300\" height=\"225\" loading=\"lazy\" src=\"https:\/\/foire-st-martin.ch\/wp-content\/uploads\/2023\/03\/IMG_4056-300x225.jpeg\"\/><\/a><\/div><div class=\"sgb-item\"><a href=\"https:\/\/foire-st-martin.ch\/en\/img_4044\/\"><img decoding=\"async\" alt=\"\" width=\"300\" height=\"225\" loading=\"lazy\" src=\"https:\/\/foire-st-martin.ch\/wp-content\/uploads\/2023\/03\/IMG_4044-300x225.jpeg\"\/><\/a><\/div><div class=\"sgb-item\"><a href=\"https:\/\/foire-st-martin.ch\/en\/img_4043\/\"><img decoding=\"async\" alt=\"\" width=\"300\" height=\"225\" loading=\"lazy\" src=\"https:\/\/foire-st-martin.ch\/wp-content\/uploads\/2023\/03\/IMG_4043-300x225.jpeg\"\/><\/a><\/div><div class=\"sgb-item\"><a href=\"https:\/\/foire-st-martin.ch\/en\/img_4041\/\"><img decoding=\"async\" alt=\"\" width=\"300\" height=\"225\" loading=\"lazy\" src=\"https:\/\/foire-st-martin.ch\/wp-content\/uploads\/2023\/03\/IMG_4041-300x225.jpeg\"\/><\/a><\/div><div class=\"sgb-item\"><a href=\"https:\/\/foire-st-martin.ch\/en\/img_4038\/\"><img decoding=\"async\" alt=\"\" width=\"300\" height=\"225\" loading=\"lazy\" src=\"https:\/\/foire-st-martin.ch\/wp-content\/uploads\/2023\/03\/IMG_4038-300x225.jpeg\"\/><\/a><\/div><div class=\"sgb-item\"><a href=\"https:\/\/foire-st-martin.ch\/en\/img_4036\/\"><img decoding=\"async\" alt=\"\" width=\"300\" height=\"225\" loading=\"lazy\" src=\"https:\/\/foire-st-martin.ch\/wp-content\/uploads\/2023\/03\/IMG_4036-300x225.jpeg\"\/><\/a><\/div><div class=\"sgb-item\"><a href=\"https:\/\/foire-st-martin.ch\/en\/img_4035\/\"><img decoding=\"async\" alt=\"\" width=\"225\" height=\"300\" loading=\"lazy\" src=\"https:\/\/foire-st-martin.ch\/wp-content\/uploads\/2023\/03\/IMG_4035-225x300.jpeg\"\/><\/a><\/div><div class=\"sgb-item\"><a href=\"https:\/\/foire-st-martin.ch\/en\/img_4019\/\"><img decoding=\"async\" alt=\"\" width=\"300\" height=\"225\" loading=\"lazy\" src=\"https:\/\/foire-st-martin.ch\/wp-content\/uploads\/2023\/03\/IMG_4019-300x225.jpeg\"\/><\/a><\/div><div class=\"sgb-item\"><a href=\"https:\/\/foire-st-martin.ch\/en\/img_4017\/\"><img decoding=\"async\" alt=\"\" width=\"300\" height=\"225\" loading=\"lazy\" src=\"https:\/\/foire-st-martin.ch\/wp-content\/uploads\/2023\/03\/IMG_4017-300x225.jpeg\"\/><\/a><\/div><div class=\"sgb-item\"><a href=\"https:\/\/foire-st-martin.ch\/en\/img_4014\/\"><img decoding=\"async\" alt=\"\" width=\"300\" height=\"225\" loading=\"lazy\" src=\"https:\/\/foire-st-martin.ch\/wp-content\/uploads\/2023\/03\/IMG_4014-300x225.jpeg\"\/><\/a><\/div><div class=\"sgb-item\"><a href=\"https:\/\/foire-st-martin.ch\/en\/img_4013\/\"><img decoding=\"async\" alt=\"\" width=\"300\" height=\"225\" loading=\"lazy\" src=\"https:\/\/foire-st-martin.ch\/wp-content\/uploads\/2023\/03\/IMG_4013-300x225.jpeg\"\/><\/a><\/div><div class=\"sgb-item\"><a href=\"https:\/\/foire-st-martin.ch\/en\/img_4010\/\"><img decoding=\"async\" alt=\"\" width=\"300\" height=\"225\" loading=\"lazy\" src=\"https:\/\/foire-st-martin.ch\/wp-content\/uploads\/2023\/03\/IMG_4010-300x225.jpeg\"\/><\/a><\/div><div class=\"sgb-item\"><a href=\"https:\/\/foire-st-martin.ch\/en\/img_3996\/\"><img decoding=\"async\" alt=\"\" width=\"300\" height=\"225\" loading=\"lazy\" src=\"https:\/\/foire-st-martin.ch\/wp-content\/uploads\/2023\/03\/IMG_3996-300x225.jpeg\"\/><\/a><\/div><div class=\"sgb-item\"><a href=\"https:\/\/foire-st-martin.ch\/en\/img_3995\/\"><img decoding=\"async\" alt=\"\" width=\"300\" height=\"225\" loading=\"lazy\" src=\"https:\/\/foire-st-martin.ch\/wp-content\/uploads\/2023\/03\/IMG_3995-300x225.jpeg\"\/><\/a><\/div><div class=\"sgb-item\"><a href=\"https:\/\/foire-st-martin.ch\/en\/img_3993\/\"><img decoding=\"async\" alt=\"\" width=\"225\" height=\"300\" loading=\"lazy\" src=\"https:\/\/foire-st-martin.ch\/wp-content\/uploads\/2023\/03\/IMG_3993-225x300.jpeg\"\/><\/a><\/div><div class=\"sgb-item\"><a href=\"https:\/\/foire-st-martin.ch\/en\/img_3992\/\"><img decoding=\"async\" alt=\"\" width=\"300\" height=\"225\" loading=\"lazy\" src=\"https:\/\/foire-st-martin.ch\/wp-content\/uploads\/2023\/03\/IMG_3992-300x225.jpeg\"\/><\/a><\/div><div class=\"sgb-item\"><a href=\"https:\/\/foire-st-martin.ch\/en\/img_3989\/\"><img decoding=\"async\" alt=\"\" width=\"300\" height=\"225\" loading=\"lazy\" src=\"https:\/\/foire-st-martin.ch\/wp-content\/uploads\/2023\/03\/IMG_3989-300x225.jpeg\"\/><\/a><\/div><div class=\"sgb-item\"><a href=\"https:\/\/foire-st-martin.ch\/en\/img_3987\/\"><img decoding=\"async\" alt=\"\" width=\"300\" height=\"225\" loading=\"lazy\" src=\"https:\/\/foire-st-martin.ch\/wp-content\/uploads\/2023\/03\/IMG_3987-300x225.jpeg\"\/><\/a><\/div><div class=\"sgb-item\"><a href=\"https:\/\/foire-st-martin.ch\/en\/img_3986\/\"><img decoding=\"async\" alt=\"\" width=\"300\" height=\"225\" loading=\"lazy\" src=\"https:\/\/foire-st-martin.ch\/wp-content\/uploads\/2023\/03\/IMG_3986-300x225.jpeg\"\/><\/a><\/div><div class=\"sgb-item\"><a href=\"https:\/\/foire-st-martin.ch\/en\/img_3985\/\"><img decoding=\"async\" alt=\"\" width=\"300\" height=\"225\" loading=\"lazy\" src=\"https:\/\/foire-st-martin.ch\/wp-content\/uploads\/2023\/03\/IMG_3985-300x225.jpeg\"\/><\/a><\/div><div class=\"sgb-item\"><a href=\"https:\/\/foire-st-martin.ch\/en\/img_3984\/\"><img decoding=\"async\" alt=\"\" width=\"300\" height=\"225\" loading=\"lazy\" src=\"https:\/\/foire-st-martin.ch\/wp-content\/uploads\/2023\/03\/IMG_3984-300x225.jpeg\"\/><\/a><\/div><div class=\"sgb-item\"><a href=\"https:\/\/foire-st-martin.ch\/en\/img_3983\/\"><img decoding=\"async\" alt=\"\" width=\"300\" height=\"225\" loading=\"lazy\" src=\"https:\/\/foire-st-martin.ch\/wp-content\/uploads\/2023\/03\/IMG_3983-300x225.jpeg\"\/><\/a><\/div><div class=\"sgb-item\"><a href=\"https:\/\/foire-st-martin.ch\/en\/img_3982\/\"><img decoding=\"async\" alt=\"\" width=\"300\" height=\"225\" loading=\"lazy\" src=\"https:\/\/foire-st-martin.ch\/wp-content\/uploads\/2023\/03\/IMG_3982-300x225.jpeg\"\/><\/a><\/div><div class=\"sgb-item\"><a href=\"https:\/\/foire-st-martin.ch\/en\/img_3980\/\"><img decoding=\"async\" alt=\"\" width=\"300\" height=\"225\" loading=\"lazy\" src=\"https:\/\/foire-st-martin.ch\/wp-content\/uploads\/2023\/03\/IMG_3980-300x225.jpeg\"\/><\/a><\/div><div class=\"sgb-item\"><a href=\"https:\/\/foire-st-martin.ch\/en\/img_3978\/\"><img decoding=\"async\" alt=\"\" width=\"300\" height=\"225\" loading=\"lazy\" src=\"https:\/\/foire-st-martin.ch\/wp-content\/uploads\/2023\/03\/IMG_3978-300x225.jpeg\"\/><\/a><\/div><div class=\"sgb-item\"><a href=\"https:\/\/foire-st-martin.ch\/en\/img_3977\/\"><img decoding=\"async\" alt=\"\" width=\"300\" height=\"225\" loading=\"lazy\" src=\"https:\/\/foire-st-martin.ch\/wp-content\/uploads\/2023\/03\/IMG_3977-300x225.jpeg\"\/><\/a><\/div><div class=\"sgb-item\"><a href=\"https:\/\/foire-st-martin.ch\/en\/img_3976\/\"><img decoding=\"async\" alt=\"\" width=\"300\" height=\"225\" loading=\"lazy\" src=\"https:\/\/foire-st-martin.ch\/wp-content\/uploads\/2023\/03\/IMG_3976-300x225.jpeg\"\/><\/a><\/div><div class=\"sgb-item\"><a href=\"https:\/\/foire-st-martin.ch\/en\/img_3975\/\"><img decoding=\"async\" alt=\"\" width=\"300\" height=\"225\" loading=\"lazy\" src=\"https:\/\/foire-st-martin.ch\/wp-content\/uploads\/2023\/03\/IMG_3975-300x225.jpeg\"\/><\/a><\/div><div class=\"sgb-item\"><a href=\"https:\/\/foire-st-martin.ch\/en\/img_3974\/\"><img decoding=\"async\" alt=\"\" width=\"300\" height=\"225\" loading=\"lazy\" src=\"https:\/\/foire-st-martin.ch\/wp-content\/uploads\/2023\/03\/IMG_3974-300x225.jpeg\"\/><\/a><\/div><div class=\"sgb-item\"><a href=\"https:\/\/foire-st-martin.ch\/en\/img_3973\/\"><img decoding=\"async\" alt=\"\" width=\"300\" height=\"225\" loading=\"lazy\" src=\"https:\/\/foire-st-martin.ch\/wp-content\/uploads\/2023\/03\/IMG_3973-300x225.jpeg\"\/><\/a><\/div><div class=\"sgb-item\"><a href=\"https:\/\/foire-st-martin.ch\/en\/bba70645-0c96-4575-a0c1-930f896ec80d\/\"><img decoding=\"async\" alt=\"\" width=\"240\" height=\"300\" loading=\"lazy\" src=\"https:\/\/foire-st-martin.ch\/wp-content\/uploads\/2023\/03\/BBA70645-0C96-4575-A0C1-930F896EC80D-240x300.jpg\"\/><\/a><\/div><div class=\"sgb-item\"><a href=\"https:\/\/foire-st-martin.ch\/en\/b6ec0d66-ad15-409a-ace4-f853ca48cc26\/\"><img decoding=\"async\" alt=\"\" width=\"300\" height=\"225\" loading=\"lazy\" src=\"https:\/\/foire-st-martin.ch\/wp-content\/uploads\/2023\/03\/B6EC0D66-AD15-409A-ACE4-F853CA48CC26-300x225.jpg\"\/><\/a><\/div><div class=\"sgb-item\"><a href=\"https:\/\/foire-st-martin.ch\/en\/7247b376-4e8f-419d-a9cc-2ce1b5be82d6\/\"><img decoding=\"async\" alt=\"\" width=\"240\" height=\"300\" loading=\"lazy\" src=\"https:\/\/foire-st-martin.ch\/wp-content\/uploads\/2023\/03\/7247B376-4E8F-419D-A9CC-2CE1B5BE82D6-240x300.jpg\"\/><\/a><\/div><div class=\"sgb-item\"><a href=\"https:\/\/foire-st-martin.ch\/en\/3fc4b748-8c9b-4a05-a301-5bbc367cd96f\/\"><img decoding=\"async\" alt=\"\" width=\"240\" height=\"300\" loading=\"lazy\" src=\"https:\/\/foire-st-martin.ch\/wp-content\/uploads\/2023\/03\/3FC4B748-8C9B-4A05-A301-5BBC367CD96F-240x300.jpg\"\/><\/a><\/div><\/div><\/div><script type=\"application\/json\" class=\"sgb-data\">{\"galleryType\":\"pgc_sgb_grid\",\"galleryId\":\"9d043006\",\"images\":[{\"id\":2189,\"title\":\"IMG_4057\",\"url\":\"https:\/\/foire-st-martin.ch\/wp-content\/uploads\/2023\/03\/IMG_4057.jpeg\",\"link\":\"https:\/\/foire-st-martin.ch\/img_4057\/\",\"alt\":\"\",\"description\":\"\",\"caption\":\"\",\"mime\":\"image\/jpeg\",\"type\":\"image\",\"width\":2048,\"height\":1536,\"sizes\":{\"thumbnail\":{\"url\":\"https:\/\/foire-st-martin.ch\/wp-content\/uploads\/2023\/03\/IMG_4057-150x150.jpeg\",\"height\":150,\"width\":150,\"orientation\":\"landscape\"},\"medium\":{\"url\":\"https:\/\/foire-st-martin.ch\/wp-content\/uploads\/2023\/03\/IMG_4057-300x225.jpeg\",\"height\":225,\"width\":300,\"orientation\":\"landscape\"},\"large\":{\"url\":\"https:\/\/foire-st-martin.ch\/wp-content\/uploads\/2023\/03\/IMG_4057-1024x768.jpeg\",\"height\":768,\"width\":1024,\"orientation\":\"landscape\"},\"full\":{\"url\":\"https:\/\/foire-st-martin.ch\/wp-content\/uploads\/2023\/03\/IMG_4057.jpeg\",\"height\":1536,\"width\":2048,\"orientation\":\"landscape\"}},\"meta\":false,\"postlink\":\"https:\/\/foire-st-martin.ch\/img_4057\/\"},{\"id\":2188,\"title\":\"IMG_4056\",\"url\":\"https:\/\/foire-st-martin.ch\/wp-content\/uploads\/2023\/03\/IMG_4056.jpeg\",\"link\":\"https:\/\/foire-st-martin.ch\/img_4056\/\",\"alt\":\"\",\"description\":\"\",\"caption\":\"\",\"mime\":\"image\/jpeg\",\"type\":\"image\",\"width\":2048,\"height\":1536,\"sizes\":{\"thumbnail\":{\"url\":\"https:\/\/foire-st-martin.ch\/wp-content\/uploads\/2023\/03\/IMG_4056-150x150.jpeg\",\"height\":150,\"width\":150,\"orientation\":\"landscape\"},\"medium\":{\"url\":\"https:\/\/foire-st-martin.ch\/wp-content\/uploads\/2023\/03\/IMG_4056-300x225.jpeg\",\"height\":225,\"width\":300,\"orientation\":\"landscape\"},\"large\":{\"url\":\"https:\/\/foire-st-martin.ch\/wp-content\/uploads\/2023\/03\/IMG_4056-1024x768.jpeg\",\"height\":768,\"width\":1024,\"orientation\":\"landscape\"},\"full\":{\"url\":\"https:\/\/foire-st-martin.ch\/wp-content\/uploads\/2023\/03\/IMG_4056.jpeg\",\"height\":1536,\"width\":2048,\"orientation\":\"landscape\"}},\"meta\":false,\"postlink\":\"https:\/\/foire-st-martin.ch\/img_4056\/\"},{\"id\":2187,\"title\":\"IMG_4044\",\"url\":\"https:\/\/foire-st-martin.ch\/wp-content\/uploads\/2023\/03\/IMG_4044.jpeg\",\"link\":\"https:\/\/foire-st-martin.ch\/img_4044\/\",\"alt\":\"\",\"description\":\"\",\"caption\":\"\",\"mime\":\"image\/jpeg\",\"type\":\"image\",\"width\":2048,\"height\":1536,\"sizes\":{\"thumbnail\":{\"url\":\"https:\/\/foire-st-martin.ch\/wp-content\/uploads\/2023\/03\/IMG_4044-150x150.jpeg\",\"height\":150,\"width\":150,\"orientation\":\"landscape\"},\"medium\":{\"url\":\"https:\/\/foire-st-martin.ch\/wp-content\/uploads\/2023\/03\/IMG_4044-300x225.jpeg\",\"height\":225,\"width\":300,\"orientation\":\"landscape\"},\"large\":{\"url\":\"https:\/\/foire-st-martin.ch\/wp-content\/uploads\/2023\/03\/IMG_4044-1024x768.jpeg\",\"height\":768,\"width\":1024,\"orientation\":\"landscape\"},\"full\":{\"url\":\"https:\/\/foire-st-martin.ch\/wp-content\/uploads\/2023\/03\/IMG_4044.jpeg\",\"height\":1536,\"width\":2048,\"orientation\":\"landscape\"}},\"meta\":false,\"postlink\":\"https:\/\/foire-st-martin.ch\/img_4044\/\"},{\"id\":2186,\"title\":\"IMG_4043\",\"url\":\"https:\/\/foire-st-martin.ch\/wp-content\/uploads\/2023\/03\/IMG_4043.jpeg\",\"link\":\"https:\/\/foire-st-martin.ch\/img_4043\/\",\"alt\":\"\",\"description\":\"\",\"caption\":\"\",\"mime\":\"image\/jpeg\",\"type\":\"image\",\"width\":2048,\"height\":1536,\"sizes\":{\"thumbnail\":{\"url\":\"https:\/\/foire-st-martin.ch\/wp-content\/uploads\/2023\/03\/IMG_4043-150x150.jpeg\",\"height\":150,\"width\":150,\"orientation\":\"landscape\"},\"medium\":{\"url\":\"https:\/\/foire-st-martin.ch\/wp-content\/uploads\/2023\/03\/IMG_4043-300x225.jpeg\",\"height\":225,\"width\":300,\"orientation\":\"landscape\"},\"large\":{\"url\":\"https:\/\/foire-st-martin.ch\/wp-content\/uploads\/2023\/03\/IMG_4043-1024x768.jpeg\",\"height\":768,\"width\":1024,\"orientation\":\"landscape\"},\"full\":{\"url\":\"https:\/\/foire-st-martin.ch\/wp-content\/uploads\/2023\/03\/IMG_4043.jpeg\",\"height\":1536,\"width\":2048,\"orientation\":\"landscape\"}},\"meta\":false,\"postlink\":\"https:\/\/foire-st-martin.ch\/img_4043\/\"},{\"id\":2185,\"title\":\"IMG_4041\",\"url\":\"https:\/\/foire-st-martin.ch\/wp-content\/uploads\/2023\/03\/IMG_4041.jpeg\",\"link\":\"https:\/\/foire-st-martin.ch\/img_4041\/\",\"alt\":\"\",\"description\":\"\",\"caption\":\"\",\"mime\":\"image\/jpeg\",\"type\":\"image\",\"width\":2048,\"height\":1536,\"sizes\":{\"thumbnail\":{\"url\":\"https:\/\/foire-st-martin.ch\/wp-content\/uploads\/2023\/03\/IMG_4041-150x150.jpeg\",\"height\":150,\"width\":150,\"orientation\":\"landscape\"},\"medium\":{\"url\":\"https:\/\/foire-st-martin.ch\/wp-content\/uploads\/2023\/03\/IMG_4041-300x225.jpeg\",\"height\":225,\"width\":300,\"orientation\":\"landscape\"},\"large\":{\"url\":\"https:\/\/foire-st-martin.ch\/wp-content\/uploads\/2023\/03\/IMG_4041-1024x768.jpeg\",\"height\":768,\"width\":1024,\"orientation\":\"landscape\"},\"full\":{\"url\":\"https:\/\/foire-st-martin.ch\/wp-content\/uploads\/2023\/03\/IMG_4041.jpeg\",\"height\":1536,\"width\":2048,\"orientation\":\"landscape\"}},\"meta\":false,\"postlink\":\"https:\/\/foire-st-martin.ch\/img_4041\/\"},{\"id\":2184,\"title\":\"IMG_4038\",\"url\":\"https:\/\/foire-st-martin.ch\/wp-content\/uploads\/2023\/03\/IMG_4038.jpeg\",\"link\":\"https:\/\/foire-st-martin.ch\/img_4038\/\",\"alt\":\"\",\"description\":\"\",\"caption\":\"\",\"mime\":\"image\/jpeg\",\"type\":\"image\",\"width\":2048,\"height\":1536,\"sizes\":{\"thumbnail\":{\"url\":\"https:\/\/foire-st-martin.ch\/wp-content\/uploads\/2023\/03\/IMG_4038-150x150.jpeg\",\"height\":150,\"width\":150,\"orientation\":\"landscape\"},\"medium\":{\"url\":\"https:\/\/foire-st-martin.ch\/wp-content\/uploads\/2023\/03\/IMG_4038-300x225.jpeg\",\"height\":225,\"width\":300,\"orientation\":\"landscape\"},\"large\":{\"url\":\"https:\/\/foire-st-martin.ch\/wp-content\/uploads\/2023\/03\/IMG_4038-1024x768.jpeg\",\"height\":768,\"width\":1024,\"orientation\":\"landscape\"},\"full\":{\"url\":\"https:\/\/foire-st-martin.ch\/wp-content\/uploads\/2023\/03\/IMG_4038.jpeg\",\"height\":1536,\"width\":2048,\"orientation\":\"landscape\"}},\"meta\":false,\"postlink\":\"https:\/\/foire-st-martin.ch\/img_4038\/\"},{\"id\":2183,\"title\":\"IMG_4036\",\"url\":\"https:\/\/foire-st-martin.ch\/wp-content\/uploads\/2023\/03\/IMG_4036.jpeg\",\"link\":\"https:\/\/foire-st-martin.ch\/img_4036\/\",\"alt\":\"\",\"description\":\"\",\"caption\":\"\",\"mime\":\"image\/jpeg\",\"type\":\"image\",\"width\":2048,\"height\":1536,\"sizes\":{\"thumbnail\":{\"url\":\"https:\/\/foire-st-martin.ch\/wp-content\/uploads\/2023\/03\/IMG_4036-150x150.jpeg\",\"height\":150,\"width\":150,\"orientation\":\"landscape\"},\"medium\":{\"url\":\"https:\/\/foire-st-martin.ch\/wp-content\/uploads\/2023\/03\/IMG_4036-300x225.jpeg\",\"height\":225,\"width\":300,\"orientation\":\"landscape\"},\"large\":{\"url\":\"https:\/\/foire-st-martin.ch\/wp-content\/uploads\/2023\/03\/IMG_4036-1024x768.jpeg\",\"height\":768,\"width\":1024,\"orientation\":\"landscape\"},\"full\":{\"url\":\"https:\/\/foire-st-martin.ch\/wp-content\/uploads\/2023\/03\/IMG_4036.jpeg\",\"height\":1536,\"width\":2048,\"orientation\":\"landscape\"}},\"meta\":false,\"postlink\":\"https:\/\/foire-st-martin.ch\/img_4036\/\"},{\"id\":2182,\"title\":\"IMG_4035\",\"url\":\"https:\/\/foire-st-martin.ch\/wp-content\/uploads\/2023\/03\/IMG_4035.jpeg\",\"link\":\"https:\/\/foire-st-martin.ch\/img_4035\/\",\"alt\":\"\",\"description\":\"\",\"caption\":\"\",\"mime\":\"image\/jpeg\",\"type\":\"image\",\"width\":1536,\"height\":2048,\"sizes\":{\"thumbnail\":{\"url\":\"https:\/\/foire-st-martin.ch\/wp-content\/uploads\/2023\/03\/IMG_4035-150x150.jpeg\",\"height\":150,\"width\":150,\"orientation\":\"landscape\"},\"medium\":{\"url\":\"https:\/\/foire-st-martin.ch\/wp-content\/uploads\/2023\/03\/IMG_4035-225x300.jpeg\",\"height\":300,\"width\":225,\"orientation\":\"portrait\"},\"large\":{\"url\":\"https:\/\/foire-st-martin.ch\/wp-content\/uploads\/2023\/03\/IMG_4035-768x1024.jpeg\",\"height\":1024,\"width\":768,\"orientation\":\"portrait\"},\"full\":{\"url\":\"https:\/\/foire-st-martin.ch\/wp-content\/uploads\/2023\/03\/IMG_4035.jpeg\",\"height\":2048,\"width\":1536,\"orientation\":\"portrait\"}},\"meta\":false,\"postlink\":\"https:\/\/foire-st-martin.ch\/img_4035\/\"},{\"id\":2181,\"title\":\"IMG_4019\",\"url\":\"https:\/\/foire-st-martin.ch\/wp-content\/uploads\/2023\/03\/IMG_4019.jpeg\",\"link\":\"https:\/\/foire-st-martin.ch\/img_4019\/\",\"alt\":\"\",\"description\":\"\",\"caption\":\"\",\"mime\":\"image\/jpeg\",\"type\":\"image\",\"width\":2048,\"height\":1536,\"sizes\":{\"thumbnail\":{\"url\":\"https:\/\/foire-st-martin.ch\/wp-content\/uploads\/2023\/03\/IMG_4019-150x150.jpeg\",\"height\":150,\"width\":150,\"orientation\":\"landscape\"},\"medium\":{\"url\":\"https:\/\/foire-st-martin.ch\/wp-content\/uploads\/2023\/03\/IMG_4019-300x225.jpeg\",\"height\":225,\"width\":300,\"orientation\":\"landscape\"},\"large\":{\"url\":\"https:\/\/foire-st-martin.ch\/wp-content\/uploads\/2023\/03\/IMG_4019-1024x768.jpeg\",\"height\":768,\"width\":1024,\"orientation\":\"landscape\"},\"full\":{\"url\":\"https:\/\/foire-st-martin.ch\/wp-content\/uploads\/2023\/03\/IMG_4019.jpeg\",\"height\":1536,\"width\":2048,\"orientation\":\"landscape\"}},\"meta\":false,\"postlink\":\"https:\/\/foire-st-martin.ch\/img_4019\/\"},{\"id\":2180,\"title\":\"IMG_4017\",\"url\":\"https:\/\/foire-st-martin.ch\/wp-content\/uploads\/2023\/03\/IMG_4017.jpeg\",\"link\":\"https:\/\/foire-st-martin.ch\/img_4017\/\",\"alt\":\"\",\"description\":\"\",\"caption\":\"\",\"mime\":\"image\/jpeg\",\"type\":\"image\",\"width\":2048,\"height\":1536,\"sizes\":{\"thumbnail\":{\"url\":\"https:\/\/foire-st-martin.ch\/wp-content\/uploads\/2023\/03\/IMG_4017-150x150.jpeg\",\"height\":150,\"width\":150,\"orientation\":\"landscape\"},\"medium\":{\"url\":\"https:\/\/foire-st-martin.ch\/wp-content\/uploads\/2023\/03\/IMG_4017-300x225.jpeg\",\"height\":225,\"width\":300,\"orientation\":\"landscape\"},\"large\":{\"url\":\"https:\/\/foire-st-martin.ch\/wp-content\/uploads\/2023\/03\/IMG_4017-1024x768.jpeg\",\"height\":768,\"width\":1024,\"orientation\":\"landscape\"},\"full\":{\"url\":\"https:\/\/foire-st-martin.ch\/wp-content\/uploads\/2023\/03\/IMG_4017.jpeg\",\"height\":1536,\"width\":2048,\"orientation\":\"landscape\"}},\"meta\":false,\"postlink\":\"https:\/\/foire-st-martin.ch\/img_4017\/\"},{\"id\":2179,\"title\":\"IMG_4014\",\"url\":\"https:\/\/foire-st-martin.ch\/wp-content\/uploads\/2023\/03\/IMG_4014.jpeg\",\"link\":\"https:\/\/foire-st-martin.ch\/img_4014\/\",\"alt\":\"\",\"description\":\"\",\"caption\":\"\",\"mime\":\"image\/jpeg\",\"type\":\"image\",\"width\":2048,\"height\":1536,\"sizes\":{\"thumbnail\":{\"url\":\"https:\/\/foire-st-martin.ch\/wp-content\/uploads\/2023\/03\/IMG_4014-150x150.jpeg\",\"height\":150,\"width\":150,\"orientation\":\"landscape\"},\"medium\":{\"url\":\"https:\/\/foire-st-martin.ch\/wp-content\/uploads\/2023\/03\/IMG_4014-300x225.jpeg\",\"height\":225,\"width\":300,\"orientation\":\"landscape\"},\"large\":{\"url\":\"https:\/\/foire-st-martin.ch\/wp-content\/uploads\/2023\/03\/IMG_4014-1024x768.jpeg\",\"height\":768,\"width\":1024,\"orientation\":\"landscape\"},\"full\":{\"url\":\"https:\/\/foire-st-martin.ch\/wp-content\/uploads\/2023\/03\/IMG_4014.jpeg\",\"height\":1536,\"width\":2048,\"orientation\":\"landscape\"}},\"meta\":false,\"postlink\":\"https:\/\/foire-st-martin.ch\/img_4014\/\"},{\"id\":2178,\"title\":\"IMG_4013\",\"url\":\"https:\/\/foire-st-martin.ch\/wp-content\/uploads\/2023\/03\/IMG_4013.jpeg\",\"link\":\"https:\/\/foire-st-martin.ch\/img_4013\/\",\"alt\":\"\",\"description\":\"\",\"caption\":\"\",\"mime\":\"image\/jpeg\",\"type\":\"image\",\"width\":2048,\"height\":1536,\"sizes\":{\"thumbnail\":{\"url\":\"https:\/\/foire-st-martin.ch\/wp-content\/uploads\/2023\/03\/IMG_4013-150x150.jpeg\",\"height\":150,\"width\":150,\"orientation\":\"landscape\"},\"medium\":{\"url\":\"https:\/\/foire-st-martin.ch\/wp-content\/uploads\/2023\/03\/IMG_4013-300x225.jpeg\",\"height\":225,\"width\":300,\"orientation\":\"landscape\"},\"large\":{\"url\":\"https:\/\/foire-st-martin.ch\/wp-content\/uploads\/2023\/03\/IMG_4013-1024x768.jpeg\",\"height\":768,\"width\":1024,\"orientation\":\"landscape\"},\"full\":{\"url\":\"https:\/\/foire-st-martin.ch\/wp-content\/uploads\/2023\/03\/IMG_4013.jpeg\",\"height\":1536,\"width\":2048,\"orientation\":\"landscape\"}},\"meta\":false,\"postlink\":\"https:\/\/foire-st-martin.ch\/img_4013\/\"},{\"id\":2177,\"title\":\"IMG_4010\",\"url\":\"https:\/\/foire-st-martin.ch\/wp-content\/uploads\/2023\/03\/IMG_4010.jpeg\",\"link\":\"https:\/\/foire-st-martin.ch\/img_4010\/\",\"alt\":\"\",\"description\":\"\",\"caption\":\"\",\"mime\":\"image\/jpeg\",\"type\":\"image\",\"width\":2048,\"height\":1536,\"sizes\":{\"thumbnail\":{\"url\":\"https:\/\/foire-st-martin.ch\/wp-content\/uploads\/2023\/03\/IMG_4010-150x150.jpeg\",\"height\":150,\"width\":150,\"orientation\":\"landscape\"},\"medium\":{\"url\":\"https:\/\/foire-st-martin.ch\/wp-content\/uploads\/2023\/03\/IMG_4010-300x225.jpeg\",\"height\":225,\"width\":300,\"orientation\":\"landscape\"},\"large\":{\"url\":\"https:\/\/foire-st-martin.ch\/wp-content\/uploads\/2023\/03\/IMG_4010-1024x768.jpeg\",\"height\":768,\"width\":1024,\"orientation\":\"landscape\"},\"full\":{\"url\":\"https:\/\/foire-st-martin.ch\/wp-content\/uploads\/2023\/03\/IMG_4010.jpeg\",\"height\":1536,\"width\":2048,\"orientation\":\"landscape\"}},\"meta\":false,\"postlink\":\"https:\/\/foire-st-martin.ch\/img_4010\/\"},{\"id\":2176,\"title\":\"IMG_3996\",\"url\":\"https:\/\/foire-st-martin.ch\/wp-content\/uploads\/2023\/03\/IMG_3996.jpeg\",\"link\":\"https:\/\/foire-st-martin.ch\/img_3996\/\",\"alt\":\"\",\"description\":\"\",\"caption\":\"\",\"mime\":\"image\/jpeg\",\"type\":\"image\",\"width\":2048,\"height\":1536,\"sizes\":{\"thumbnail\":{\"url\":\"https:\/\/foire-st-martin.ch\/wp-content\/uploads\/2023\/03\/IMG_3996-150x150.jpeg\",\"height\":150,\"width\":150,\"orientation\":\"landscape\"},\"medium\":{\"url\":\"https:\/\/foire-st-martin.ch\/wp-content\/uploads\/2023\/03\/IMG_3996-300x225.jpeg\",\"height\":225,\"width\":300,\"orientation\":\"landscape\"},\"large\":{\"url\":\"https:\/\/foire-st-martin.ch\/wp-content\/uploads\/2023\/03\/IMG_3996-1024x768.jpeg\",\"height\":768,\"width\":1024,\"orientation\":\"landscape\"},\"full\":{\"url\":\"https:\/\/foire-st-martin.ch\/wp-content\/uploads\/2023\/03\/IMG_3996.jpeg\",\"height\":1536,\"width\":2048,\"orientation\":\"landscape\"}},\"meta\":false,\"postlink\":\"https:\/\/foire-st-martin.ch\/img_3996\/\"},{\"id\":2175,\"title\":\"IMG_3995\",\"url\":\"https:\/\/foire-st-martin.ch\/wp-content\/uploads\/2023\/03\/IMG_3995.jpeg\",\"link\":\"https:\/\/foire-st-martin.ch\/img_3995\/\",\"alt\":\"\",\"description\":\"\",\"caption\":\"\",\"mime\":\"image\/jpeg\",\"type\":\"image\",\"width\":2048,\"height\":1536,\"sizes\":{\"thumbnail\":{\"url\":\"https:\/\/foire-st-martin.ch\/wp-content\/uploads\/2023\/03\/IMG_3995-150x150.jpeg\",\"height\":150,\"width\":150,\"orientation\":\"landscape\"},\"medium\":{\"url\":\"https:\/\/foire-st-martin.ch\/wp-content\/uploads\/2023\/03\/IMG_3995-300x225.jpeg\",\"height\":225,\"width\":300,\"orientation\":\"landscape\"},\"large\":{\"url\":\"https:\/\/foire-st-martin.ch\/wp-content\/uploads\/2023\/03\/IMG_3995-1024x768.jpeg\",\"height\":768,\"width\":1024,\"orientation\":\"landscape\"},\"full\":{\"url\":\"https:\/\/foire-st-martin.ch\/wp-content\/uploads\/2023\/03\/IMG_3995.jpeg\",\"height\":1536,\"width\":2048,\"orientation\":\"landscape\"}},\"meta\":false,\"postlink\":\"https:\/\/foire-st-martin.ch\/img_3995\/\"},{\"id\":2174,\"title\":\"IMG_3993\",\"url\":\"https:\/\/foire-st-martin.ch\/wp-content\/uploads\/2023\/03\/IMG_3993.jpeg\",\"link\":\"https:\/\/foire-st-martin.ch\/img_3993\/\",\"alt\":\"\",\"description\":\"\",\"caption\":\"\",\"mime\":\"image\/jpeg\",\"type\":\"image\",\"width\":1536,\"height\":2048,\"sizes\":{\"thumbnail\":{\"url\":\"https:\/\/foire-st-martin.ch\/wp-content\/uploads\/2023\/03\/IMG_3993-150x150.jpeg\",\"height\":150,\"width\":150,\"orientation\":\"landscape\"},\"medium\":{\"url\":\"https:\/\/foire-st-martin.ch\/wp-content\/uploads\/2023\/03\/IMG_3993-225x300.jpeg\",\"height\":300,\"width\":225,\"orientation\":\"portrait\"},\"large\":{\"url\":\"https:\/\/foire-st-martin.ch\/wp-content\/uploads\/2023\/03\/IMG_3993-768x1024.jpeg\",\"height\":1024,\"width\":768,\"orientation\":\"portrait\"},\"full\":{\"url\":\"https:\/\/foire-st-martin.ch\/wp-content\/uploads\/2023\/03\/IMG_3993.jpeg\",\"height\":2048,\"width\":1536,\"orientation\":\"portrait\"}},\"meta\":false,\"postlink\":\"https:\/\/foire-st-martin.ch\/img_3993\/\"},{\"id\":2173,\"title\":\"IMG_3992\",\"url\":\"https:\/\/foire-st-martin.ch\/wp-content\/uploads\/2023\/03\/IMG_3992.jpeg\",\"link\":\"https:\/\/foire-st-martin.ch\/img_3992\/\",\"alt\":\"\",\"description\":\"\",\"caption\":\"\",\"mime\":\"image\/jpeg\",\"type\":\"image\",\"width\":2048,\"height\":1536,\"sizes\":{\"thumbnail\":{\"url\":\"https:\/\/foire-st-martin.ch\/wp-content\/uploads\/2023\/03\/IMG_3992-150x150.jpeg\",\"height\":150,\"width\":150,\"orientation\":\"landscape\"},\"medium\":{\"url\":\"https:\/\/foire-st-martin.ch\/wp-content\/uploads\/2023\/03\/IMG_3992-300x225.jpeg\",\"height\":225,\"width\":300,\"orientation\":\"landscape\"},\"large\":{\"url\":\"https:\/\/foire-st-martin.ch\/wp-content\/uploads\/2023\/03\/IMG_3992-1024x768.jpeg\",\"height\":768,\"width\":1024,\"orientation\":\"landscape\"},\"full\":{\"url\":\"https:\/\/foire-st-martin.ch\/wp-content\/uploads\/2023\/03\/IMG_3992.jpeg\",\"height\":1536,\"width\":2048,\"orientation\":\"landscape\"}},\"meta\":false,\"postlink\":\"https:\/\/foire-st-martin.ch\/img_3992\/\"},{\"id\":2172,\"title\":\"IMG_3989\",\"url\":\"https:\/\/foire-st-martin.ch\/wp-content\/uploads\/2023\/03\/IMG_3989.jpeg\",\"link\":\"https:\/\/foire-st-martin.ch\/img_3989\/\",\"alt\":\"\",\"description\":\"\",\"caption\":\"\",\"mime\":\"image\/jpeg\",\"type\":\"image\",\"width\":2048,\"height\":1536,\"sizes\":{\"thumbnail\":{\"url\":\"https:\/\/foire-st-martin.ch\/wp-content\/uploads\/2023\/03\/IMG_3989-150x150.jpeg\",\"height\":150,\"width\":150,\"orientation\":\"landscape\"},\"medium\":{\"url\":\"https:\/\/foire-st-martin.ch\/wp-content\/uploads\/2023\/03\/IMG_3989-300x225.jpeg\",\"height\":225,\"width\":300,\"orientation\":\"landscape\"},\"large\":{\"url\":\"https:\/\/foire-st-martin.ch\/wp-content\/uploads\/2023\/03\/IMG_3989-1024x768.jpeg\",\"height\":768,\"width\":1024,\"orientation\":\"landscape\"},\"full\":{\"url\":\"https:\/\/foire-st-martin.ch\/wp-content\/uploads\/2023\/03\/IMG_3989.jpeg\",\"height\":1536,\"width\":2048,\"orientation\":\"landscape\"}},\"meta\":false,\"postlink\":\"https:\/\/foire-st-martin.ch\/img_3989\/\"},{\"id\":2171,\"title\":\"IMG_3987\",\"url\":\"https:\/\/foire-st-martin.ch\/wp-content\/uploads\/2023\/03\/IMG_3987.jpeg\",\"link\":\"https:\/\/foire-st-martin.ch\/img_3987\/\",\"alt\":\"\",\"description\":\"\",\"caption\":\"\",\"mime\":\"image\/jpeg\",\"type\":\"image\",\"width\":2048,\"height\":1536,\"sizes\":{\"thumbnail\":{\"url\":\"https:\/\/foire-st-martin.ch\/wp-content\/uploads\/2023\/03\/IMG_3987-150x150.jpeg\",\"height\":150,\"width\":150,\"orientation\":\"landscape\"},\"medium\":{\"url\":\"https:\/\/foire-st-martin.ch\/wp-content\/uploads\/2023\/03\/IMG_3987-300x225.jpeg\",\"height\":225,\"width\":300,\"orientation\":\"landscape\"},\"large\":{\"url\":\"https:\/\/foire-st-martin.ch\/wp-content\/uploads\/2023\/03\/IMG_3987-1024x768.jpeg\",\"height\":768,\"width\":1024,\"orientation\":\"landscape\"},\"full\":{\"url\":\"https:\/\/foire-st-martin.ch\/wp-content\/uploads\/2023\/03\/IMG_3987.jpeg\",\"height\":1536,\"width\":2048,\"orientation\":\"landscape\"}},\"meta\":false,\"postlink\":\"https:\/\/foire-st-martin.ch\/img_3987\/\"},{\"id\":2170,\"title\":\"IMG_3986\",\"url\":\"https:\/\/foire-st-martin.ch\/wp-content\/uploads\/2023\/03\/IMG_3986.jpeg\",\"link\":\"https:\/\/foire-st-martin.ch\/img_3986\/\",\"alt\":\"\",\"description\":\"\",\"caption\":\"\",\"mime\":\"image\/jpeg\",\"type\":\"image\",\"width\":2048,\"height\":1536,\"sizes\":{\"thumbnail\":{\"url\":\"https:\/\/foire-st-martin.ch\/wp-content\/uploads\/2023\/03\/IMG_3986-150x150.jpeg\",\"height\":150,\"width\":150,\"orientation\":\"landscape\"},\"medium\":{\"url\":\"https:\/\/foire-st-martin.ch\/wp-content\/uploads\/2023\/03\/IMG_3986-300x225.jpeg\",\"height\":225,\"width\":300,\"orientation\":\"landscape\"},\"large\":{\"url\":\"https:\/\/foire-st-martin.ch\/wp-content\/uploads\/2023\/03\/IMG_3986-1024x768.jpeg\",\"height\":768,\"width\":1024,\"orientation\":\"landscape\"},\"full\":{\"url\":\"https:\/\/foire-st-martin.ch\/wp-content\/uploads\/2023\/03\/IMG_3986.jpeg\",\"height\":1536,\"width\":2048,\"orientation\":\"landscape\"}},\"meta\":false,\"postlink\":\"https:\/\/foire-st-martin.ch\/img_3986\/\"},{\"id\":2169,\"title\":\"IMG_3985\",\"url\":\"https:\/\/foire-st-martin.ch\/wp-content\/uploads\/2023\/03\/IMG_3985.jpeg\",\"link\":\"https:\/\/foire-st-martin.ch\/img_3985\/\",\"alt\":\"\",\"description\":\"\",\"caption\":\"\",\"mime\":\"image\/jpeg\",\"type\":\"image\",\"width\":2048,\"height\":1536,\"sizes\":{\"thumbnail\":{\"url\":\"https:\/\/foire-st-martin.ch\/wp-content\/uploads\/2023\/03\/IMG_3985-150x150.jpeg\",\"height\":150,\"width\":150,\"orientation\":\"landscape\"},\"medium\":{\"url\":\"https:\/\/foire-st-martin.ch\/wp-content\/uploads\/2023\/03\/IMG_3985-300x225.jpeg\",\"height\":225,\"width\":300,\"orientation\":\"landscape\"},\"large\":{\"url\":\"https:\/\/foire-st-martin.ch\/wp-content\/uploads\/2023\/03\/IMG_3985-1024x768.jpeg\",\"height\":768,\"width\":1024,\"orientation\":\"landscape\"},\"full\":{\"url\":\"https:\/\/foire-st-martin.ch\/wp-content\/uploads\/2023\/03\/IMG_3985.jpeg\",\"height\":1536,\"width\":2048,\"orientation\":\"landscape\"}},\"meta\":false,\"postlink\":\"https:\/\/foire-st-martin.ch\/img_3985\/\"},{\"id\":2168,\"title\":\"IMG_3984\",\"url\":\"https:\/\/foire-st-martin.ch\/wp-content\/uploads\/2023\/03\/IMG_3984.jpeg\",\"link\":\"https:\/\/foire-st-martin.ch\/img_3984\/\",\"alt\":\"\",\"description\":\"\",\"caption\":\"\",\"mime\":\"image\/jpeg\",\"type\":\"image\",\"width\":2048,\"height\":1536,\"sizes\":{\"thumbnail\":{\"url\":\"https:\/\/foire-st-martin.ch\/wp-content\/uploads\/2023\/03\/IMG_3984-150x150.jpeg\",\"height\":150,\"width\":150,\"orientation\":\"landscape\"},\"medium\":{\"url\":\"https:\/\/foire-st-martin.ch\/wp-content\/uploads\/2023\/03\/IMG_3984-300x225.jpeg\",\"height\":225,\"width\":300,\"orientation\":\"landscape\"},\"large\":{\"url\":\"https:\/\/foire-st-martin.ch\/wp-content\/uploads\/2023\/03\/IMG_3984-1024x768.jpeg\",\"height\":768,\"width\":1024,\"orientation\":\"landscape\"},\"full\":{\"url\":\"https:\/\/foire-st-martin.ch\/wp-content\/uploads\/2023\/03\/IMG_3984.jpeg\",\"height\":1536,\"width\":2048,\"orientation\":\"landscape\"}},\"meta\":false,\"postlink\":\"https:\/\/foire-st-martin.ch\/img_3984\/\"},{\"id\":2167,\"title\":\"IMG_3983\",\"url\":\"https:\/\/foire-st-martin.ch\/wp-content\/uploads\/2023\/03\/IMG_3983.jpeg\",\"link\":\"https:\/\/foire-st-martin.ch\/img_3983\/\",\"alt\":\"\",\"description\":\"\",\"caption\":\"\",\"mime\":\"image\/jpeg\",\"type\":\"image\",\"width\":2048,\"height\":1536,\"sizes\":{\"thumbnail\":{\"url\":\"https:\/\/foire-st-martin.ch\/wp-content\/uploads\/2023\/03\/IMG_3983-150x150.jpeg\",\"height\":150,\"width\":150,\"orientation\":\"landscape\"},\"medium\":{\"url\":\"https:\/\/foire-st-martin.ch\/wp-content\/uploads\/2023\/03\/IMG_3983-300x225.jpeg\",\"height\":225,\"width\":300,\"orientation\":\"landscape\"},\"large\":{\"url\":\"https:\/\/foire-st-martin.ch\/wp-content\/uploads\/2023\/03\/IMG_3983-1024x768.jpeg\",\"height\":768,\"width\":1024,\"orientation\":\"landscape\"},\"full\":{\"url\":\"https:\/\/foire-st-martin.ch\/wp-content\/uploads\/2023\/03\/IMG_3983.jpeg\",\"height\":1536,\"width\":2048,\"orientation\":\"landscape\"}},\"meta\":false,\"postlink\":\"https:\/\/foire-st-martin.ch\/img_3983\/\"},{\"id\":2166,\"title\":\"IMG_3982\",\"url\":\"https:\/\/foire-st-martin.ch\/wp-content\/uploads\/2023\/03\/IMG_3982.jpeg\",\"link\":\"https:\/\/foire-st-martin.ch\/img_3982\/\",\"alt\":\"\",\"description\":\"\",\"caption\":\"\",\"mime\":\"image\/jpeg\",\"type\":\"image\",\"width\":2048,\"height\":1536,\"sizes\":{\"thumbnail\":{\"url\":\"https:\/\/foire-st-martin.ch\/wp-content\/uploads\/2023\/03\/IMG_3982-150x150.jpeg\",\"height\":150,\"width\":150,\"orientation\":\"landscape\"},\"medium\":{\"url\":\"https:\/\/foire-st-martin.ch\/wp-content\/uploads\/2023\/03\/IMG_3982-300x225.jpeg\",\"height\":225,\"width\":300,\"orientation\":\"landscape\"},\"large\":{\"url\":\"https:\/\/foire-st-martin.ch\/wp-content\/uploads\/2023\/03\/IMG_3982-1024x768.jpeg\",\"height\":768,\"width\":1024,\"orientation\":\"landscape\"},\"full\":{\"url\":\"https:\/\/foire-st-martin.ch\/wp-content\/uploads\/2023\/03\/IMG_3982.jpeg\",\"height\":1536,\"width\":2048,\"orientation\":\"landscape\"}},\"meta\":false,\"postlink\":\"https:\/\/foire-st-martin.ch\/img_3982\/\"},{\"id\":2165,\"title\":\"IMG_3980\",\"url\":\"https:\/\/foire-st-martin.ch\/wp-content\/uploads\/2023\/03\/IMG_3980.jpeg\",\"link\":\"https:\/\/foire-st-martin.ch\/img_3980\/\",\"alt\":\"\",\"description\":\"\",\"caption\":\"\",\"mime\":\"image\/jpeg\",\"type\":\"image\",\"width\":2048,\"height\":1536,\"sizes\":{\"thumbnail\":{\"url\":\"https:\/\/foire-st-martin.ch\/wp-content\/uploads\/2023\/03\/IMG_3980-150x150.jpeg\",\"height\":150,\"width\":150,\"orientation\":\"landscape\"},\"medium\":{\"url\":\"https:\/\/foire-st-martin.ch\/wp-content\/uploads\/2023\/03\/IMG_3980-300x225.jpeg\",\"height\":225,\"width\":300,\"orientation\":\"landscape\"},\"large\":{\"url\":\"https:\/\/foire-st-martin.ch\/wp-content\/uploads\/2023\/03\/IMG_3980-1024x768.jpeg\",\"height\":768,\"width\":1024,\"orientation\":\"landscape\"},\"full\":{\"url\":\"https:\/\/foire-st-martin.ch\/wp-content\/uploads\/2023\/03\/IMG_3980.jpeg\",\"height\":1536,\"width\":2048,\"orientation\":\"landscape\"}},\"meta\":false,\"postlink\":\"https:\/\/foire-st-martin.ch\/img_3980\/\"},{\"id\":2164,\"title\":\"IMG_3978\",\"url\":\"https:\/\/foire-st-martin.ch\/wp-content\/uploads\/2023\/03\/IMG_3978.jpeg\",\"link\":\"https:\/\/foire-st-martin.ch\/img_3978\/\",\"alt\":\"\",\"description\":\"\",\"caption\":\"\",\"mime\":\"image\/jpeg\",\"type\":\"image\",\"width\":2048,\"height\":1536,\"sizes\":{\"thumbnail\":{\"url\":\"https:\/\/foire-st-martin.ch\/wp-content\/uploads\/2023\/03\/IMG_3978-150x150.jpeg\",\"height\":150,\"width\":150,\"orientation\":\"landscape\"},\"medium\":{\"url\":\"https:\/\/foire-st-martin.ch\/wp-content\/uploads\/2023\/03\/IMG_3978-300x225.jpeg\",\"height\":225,\"width\":300,\"orientation\":\"landscape\"},\"large\":{\"url\":\"https:\/\/foire-st-martin.ch\/wp-content\/uploads\/2023\/03\/IMG_3978-1024x768.jpeg\",\"height\":768,\"width\":1024,\"orientation\":\"landscape\"},\"full\":{\"url\":\"https:\/\/foire-st-martin.ch\/wp-content\/uploads\/2023\/03\/IMG_3978.jpeg\",\"height\":1536,\"width\":2048,\"orientation\":\"landscape\"}},\"meta\":false,\"postlink\":\"https:\/\/foire-st-martin.ch\/img_3978\/\"},{\"id\":2163,\"title\":\"IMG_3977\",\"url\":\"https:\/\/foire-st-martin.ch\/wp-content\/uploads\/2023\/03\/IMG_3977.jpeg\",\"link\":\"https:\/\/foire-st-martin.ch\/img_3977\/\",\"alt\":\"\",\"description\":\"\",\"caption\":\"\",\"mime\":\"image\/jpeg\",\"type\":\"image\",\"width\":2048,\"height\":1536,\"sizes\":{\"thumbnail\":{\"url\":\"https:\/\/foire-st-martin.ch\/wp-content\/uploads\/2023\/03\/IMG_3977-150x150.jpeg\",\"height\":150,\"width\":150,\"orientation\":\"landscape\"},\"medium\":{\"url\":\"https:\/\/foire-st-martin.ch\/wp-content\/uploads\/2023\/03\/IMG_3977-300x225.jpeg\",\"height\":225,\"width\":300,\"orientation\":\"landscape\"},\"large\":{\"url\":\"https:\/\/foire-st-martin.ch\/wp-content\/uploads\/2023\/03\/IMG_3977-1024x768.jpeg\",\"height\":768,\"width\":1024,\"orientation\":\"landscape\"},\"full\":{\"url\":\"https:\/\/foire-st-martin.ch\/wp-content\/uploads\/2023\/03\/IMG_3977.jpeg\",\"height\":1536,\"width\":2048,\"orientation\":\"landscape\"}},\"meta\":false,\"postlink\":\"https:\/\/foire-st-martin.ch\/img_3977\/\"},{\"id\":2162,\"title\":\"IMG_3976\",\"url\":\"https:\/\/foire-st-martin.ch\/wp-content\/uploads\/2023\/03\/IMG_3976.jpeg\",\"link\":\"https:\/\/foire-st-martin.ch\/img_3976\/\",\"alt\":\"\",\"description\":\"\",\"caption\":\"\",\"mime\":\"image\/jpeg\",\"type\":\"image\",\"width\":2048,\"height\":1536,\"sizes\":{\"thumbnail\":{\"url\":\"https:\/\/foire-st-martin.ch\/wp-content\/uploads\/2023\/03\/IMG_3976-150x150.jpeg\",\"height\":150,\"width\":150,\"orientation\":\"landscape\"},\"medium\":{\"url\":\"https:\/\/foire-st-martin.ch\/wp-content\/uploads\/2023\/03\/IMG_3976-300x225.jpeg\",\"height\":225,\"width\":300,\"orientation\":\"landscape\"},\"large\":{\"url\":\"https:\/\/foire-st-martin.ch\/wp-content\/uploads\/2023\/03\/IMG_3976-1024x768.jpeg\",\"height\":768,\"width\":1024,\"orientation\":\"landscape\"},\"full\":{\"url\":\"https:\/\/foire-st-martin.ch\/wp-content\/uploads\/2023\/03\/IMG_3976.jpeg\",\"height\":1536,\"width\":2048,\"orientation\":\"landscape\"}},\"meta\":false,\"postlink\":\"https:\/\/foire-st-martin.ch\/img_3976\/\"},{\"id\":2161,\"title\":\"IMG_3975\",\"url\":\"https:\/\/foire-st-martin.ch\/wp-content\/uploads\/2023\/03\/IMG_3975.jpeg\",\"link\":\"https:\/\/foire-st-martin.ch\/img_3975\/\",\"alt\":\"\",\"description\":\"\",\"caption\":\"\",\"mime\":\"image\/jpeg\",\"type\":\"image\",\"width\":2048,\"height\":1536,\"sizes\":{\"thumbnail\":{\"url\":\"https:\/\/foire-st-martin.ch\/wp-content\/uploads\/2023\/03\/IMG_3975-150x150.jpeg\",\"height\":150,\"width\":150,\"orientation\":\"landscape\"},\"medium\":{\"url\":\"https:\/\/foire-st-martin.ch\/wp-content\/uploads\/2023\/03\/IMG_3975-300x225.jpeg\",\"height\":225,\"width\":300,\"orientation\":\"landscape\"},\"large\":{\"url\":\"https:\/\/foire-st-martin.ch\/wp-content\/uploads\/2023\/03\/IMG_3975-1024x768.jpeg\",\"height\":768,\"width\":1024,\"orientation\":\"landscape\"},\"full\":{\"url\":\"https:\/\/foire-st-martin.ch\/wp-content\/uploads\/2023\/03\/IMG_3975.jpeg\",\"height\":1536,\"width\":2048,\"orientation\":\"landscape\"}},\"meta\":false,\"postlink\":\"https:\/\/foire-st-martin.ch\/img_3975\/\"},{\"id\":2160,\"title\":\"IMG_3974\",\"url\":\"https:\/\/foire-st-martin.ch\/wp-content\/uploads\/2023\/03\/IMG_3974.jpeg\",\"link\":\"https:\/\/foire-st-martin.ch\/img_3974\/\",\"alt\":\"\",\"description\":\"\",\"caption\":\"\",\"mime\":\"image\/jpeg\",\"type\":\"image\",\"width\":2048,\"height\":1536,\"sizes\":{\"thumbnail\":{\"url\":\"https:\/\/foire-st-martin.ch\/wp-content\/uploads\/2023\/03\/IMG_3974-150x150.jpeg\",\"height\":150,\"width\":150,\"orientation\":\"landscape\"},\"medium\":{\"url\":\"https:\/\/foire-st-martin.ch\/wp-content\/uploads\/2023\/03\/IMG_3974-300x225.jpeg\",\"height\":225,\"width\":300,\"orientation\":\"landscape\"},\"large\":{\"url\":\"https:\/\/foire-st-martin.ch\/wp-content\/uploads\/2023\/03\/IMG_3974-1024x768.jpeg\",\"height\":768,\"width\":1024,\"orientation\":\"landscape\"},\"full\":{\"url\":\"https:\/\/foire-st-martin.ch\/wp-content\/uploads\/2023\/03\/IMG_3974.jpeg\",\"height\":1536,\"width\":2048,\"orientation\":\"landscape\"}},\"meta\":false,\"postlink\":\"https:\/\/foire-st-martin.ch\/img_3974\/\"},{\"id\":2159,\"title\":\"IMG_3973\",\"url\":\"https:\/\/foire-st-martin.ch\/wp-content\/uploads\/2023\/03\/IMG_3973.jpeg\",\"link\":\"https:\/\/foire-st-martin.ch\/img_3973\/\",\"alt\":\"\",\"description\":\"\",\"caption\":\"\",\"mime\":\"image\/jpeg\",\"type\":\"image\",\"width\":2048,\"height\":1536,\"sizes\":{\"thumbnail\":{\"url\":\"https:\/\/foire-st-martin.ch\/wp-content\/uploads\/2023\/03\/IMG_3973-150x150.jpeg\",\"height\":150,\"width\":150,\"orientation\":\"landscape\"},\"medium\":{\"url\":\"https:\/\/foire-st-martin.ch\/wp-content\/uploads\/2023\/03\/IMG_3973-300x225.jpeg\",\"height\":225,\"width\":300,\"orientation\":\"landscape\"},\"large\":{\"url\":\"https:\/\/foire-st-martin.ch\/wp-content\/uploads\/2023\/03\/IMG_3973-1024x768.jpeg\",\"height\":768,\"width\":1024,\"orientation\":\"landscape\"},\"full\":{\"url\":\"https:\/\/foire-st-martin.ch\/wp-content\/uploads\/2023\/03\/IMG_3973.jpeg\",\"height\":1536,\"width\":2048,\"orientation\":\"landscape\"}},\"meta\":false,\"postlink\":\"https:\/\/foire-st-martin.ch\/img_3973\/\"},{\"id\":2158,\"title\":\"BBA70645-0C96-4575-A0C1-930F896EC80D\",\"url\":\"https:\/\/foire-st-martin.ch\/wp-content\/uploads\/2023\/03\/BBA70645-0C96-4575-A0C1-930F896EC80D.jpg\",\"link\":\"https:\/\/foire-st-martin.ch\/bba70645-0c96-4575-a0c1-930f896ec80d\/\",\"alt\":\"\",\"description\":\"\",\"caption\":\"\",\"mime\":\"image\/jpeg\",\"type\":\"image\",\"width\":1440,\"height\":1799,\"sizes\":{\"thumbnail\":{\"url\":\"https:\/\/foire-st-martin.ch\/wp-content\/uploads\/2023\/03\/BBA70645-0C96-4575-A0C1-930F896EC80D-150x150.jpg\",\"height\":150,\"width\":150,\"orientation\":\"landscape\"},\"medium\":{\"url\":\"https:\/\/foire-st-martin.ch\/wp-content\/uploads\/2023\/03\/BBA70645-0C96-4575-A0C1-930F896EC80D-240x300.jpg\",\"height\":300,\"width\":240,\"orientation\":\"portrait\"},\"large\":{\"url\":\"https:\/\/foire-st-martin.ch\/wp-content\/uploads\/2023\/03\/BBA70645-0C96-4575-A0C1-930F896EC80D-820x1024.jpg\",\"height\":1024,\"width\":820,\"orientation\":\"portrait\"},\"full\":{\"url\":\"https:\/\/foire-st-martin.ch\/wp-content\/uploads\/2023\/03\/BBA70645-0C96-4575-A0C1-930F896EC80D.jpg\",\"height\":1799,\"width\":1440,\"orientation\":\"portrait\"}},\"meta\":false,\"postlink\":\"https:\/\/foire-st-martin.ch\/bba70645-0c96-4575-a0c1-930f896ec80d\/\"},{\"id\":2157,\"title\":\"B6EC0D66-AD15-409A-ACE4-F853CA48CC26\",\"url\":\"https:\/\/foire-st-martin.ch\/wp-content\/uploads\/2023\/03\/B6EC0D66-AD15-409A-ACE4-F853CA48CC26.jpg\",\"link\":\"https:\/\/foire-st-martin.ch\/b6ec0d66-ad15-409a-ace4-f853ca48cc26\/\",\"alt\":\"\",\"description\":\"\",\"caption\":\"\",\"mime\":\"image\/jpeg\",\"type\":\"image\",\"width\":1440,\"height\":1081,\"sizes\":{\"thumbnail\":{\"url\":\"https:\/\/foire-st-martin.ch\/wp-content\/uploads\/2023\/03\/B6EC0D66-AD15-409A-ACE4-F853CA48CC26-150x150.jpg\",\"height\":150,\"width\":150,\"orientation\":\"landscape\"},\"medium\":{\"url\":\"https:\/\/foire-st-martin.ch\/wp-content\/uploads\/2023\/03\/B6EC0D66-AD15-409A-ACE4-F853CA48CC26-300x225.jpg\",\"height\":225,\"width\":300,\"orientation\":\"landscape\"},\"large\":{\"url\":\"https:\/\/foire-st-martin.ch\/wp-content\/uploads\/2023\/03\/B6EC0D66-AD15-409A-ACE4-F853CA48CC26-1024x769.jpg\",\"height\":769,\"width\":1024,\"orientation\":\"landscape\"},\"full\":{\"url\":\"https:\/\/foire-st-martin.ch\/wp-content\/uploads\/2023\/03\/B6EC0D66-AD15-409A-ACE4-F853CA48CC26.jpg\",\"height\":1081,\"width\":1440,\"orientation\":\"landscape\"}},\"meta\":false,\"postlink\":\"https:\/\/foire-st-martin.ch\/b6ec0d66-ad15-409a-ace4-f853ca48cc26\/\"},{\"id\":2156,\"title\":\"7247B376-4E8F-419D-A9CC-2CE1B5BE82D6\",\"url\":\"https:\/\/foire-st-martin.ch\/wp-content\/uploads\/2023\/03\/7247B376-4E8F-419D-A9CC-2CE1B5BE82D6.jpg\",\"link\":\"https:\/\/foire-st-martin.ch\/7247b376-4e8f-419d-a9cc-2ce1b5be82d6\/\",\"alt\":\"\",\"description\":\"\",\"caption\":\"\",\"mime\":\"image\/jpeg\",\"type\":\"image\",\"width\":1440,\"height\":1800,\"sizes\":{\"thumbnail\":{\"url\":\"https:\/\/foire-st-martin.ch\/wp-content\/uploads\/2023\/03\/7247B376-4E8F-419D-A9CC-2CE1B5BE82D6-150x150.jpg\",\"height\":150,\"width\":150,\"orientation\":\"landscape\"},\"medium\":{\"url\":\"https:\/\/foire-st-martin.ch\/wp-content\/uploads\/2023\/03\/7247B376-4E8F-419D-A9CC-2CE1B5BE82D6-240x300.jpg\",\"height\":300,\"width\":240,\"orientation\":\"portrait\"},\"large\":{\"url\":\"https:\/\/foire-st-martin.ch\/wp-content\/uploads\/2023\/03\/7247B376-4E8F-419D-A9CC-2CE1B5BE82D6-819x1024.jpg\",\"height\":1024,\"width\":819,\"orientation\":\"portrait\"},\"full\":{\"url\":\"https:\/\/foire-st-martin.ch\/wp-content\/uploads\/2023\/03\/7247B376-4E8F-419D-A9CC-2CE1B5BE82D6.jpg\",\"height\":1800,\"width\":1440,\"orientation\":\"portrait\"}},\"meta\":false,\"postlink\":\"https:\/\/foire-st-martin.ch\/7247b376-4e8f-419d-a9cc-2ce1b5be82d6\/\"},{\"id\":2155,\"title\":\"3FC4B748-8C9B-4A05-A301-5BBC367CD96F\",\"url\":\"https:\/\/foire-st-martin.ch\/wp-content\/uploads\/2023\/03\/3FC4B748-8C9B-4A05-A301-5BBC367CD96F.jpg\",\"link\":\"https:\/\/foire-st-martin.ch\/3fc4b748-8c9b-4a05-a301-5bbc367cd96f\/\",\"alt\":\"\",\"description\":\"\",\"caption\":\"\",\"mime\":\"image\/jpeg\",\"type\":\"image\",\"width\":1440,\"height\":1799,\"sizes\":{\"thumbnail\":{\"url\":\"https:\/\/foire-st-martin.ch\/wp-content\/uploads\/2023\/03\/3FC4B748-8C9B-4A05-A301-5BBC367CD96F-150x150.jpg\",\"height\":150,\"width\":150,\"orientation\":\"landscape\"},\"medium\":{\"url\":\"https:\/\/foire-st-martin.ch\/wp-content\/uploads\/2023\/03\/3FC4B748-8C9B-4A05-A301-5BBC367CD96F-240x300.jpg\",\"height\":300,\"width\":240,\"orientation\":\"portrait\"},\"large\":{\"url\":\"https:\/\/foire-st-martin.ch\/wp-content\/uploads\/2023\/03\/3FC4B748-8C9B-4A05-A301-5BBC367CD96F-820x1024.jpg\",\"height\":1024,\"width\":820,\"orientation\":\"portrait\"},\"full\":{\"url\":\"https:\/\/foire-st-martin.ch\/wp-content\/uploads\/2023\/03\/3FC4B748-8C9B-4A05-A301-5BBC367CD96F.jpg\",\"height\":1799,\"width\":1440,\"orientation\":\"portrait\"}},\"meta\":false,\"postlink\":\"https:\/\/foire-st-martin.ch\/3fc4b748-8c9b-4a05-a301-5bbc367cd96f\/\"}],\"itemsMetaDataCollection\":[]}<\/script><script>(function(){if(window.PGC_SGB && window.PGC_SGB.searcher){window.PGC_SGB.searcher.initBlocks()}})()<\/script><\/div>[\/et_pb_code][\/et_pb_column][\/et_pb_row][et_pb_row module_class=&#8221;splitter&#8221; _builder_version=&#8221;4.18.0&#8243; _module_preset=&#8221;default&#8221; global_colors_info=&#8221;{}&#8221;][et_pb_column type=&#8221;4_4&#8243; _builder_version=&#8221;4.18.0&#8243; _module_preset=&#8221;default&#8221; global_colors_info=&#8221;{}&#8221;][et_pb_text _builder_version=&#8221;4.18.0&#8243; _module_preset=&#8221;default&#8221; global_colors_info=&#8221;{}&#8221;]<p>Vid\u00e9os<\/p>[\/et_pb_text][\/et_pb_column][\/et_pb_row][et_pb_row _builder_version=&#8221;4.18.0&#8243; _module_preset=&#8221;default&#8221; global_colors_info=&#8221;{}&#8221;][et_pb_column type=&#8221;4_4&#8243; _builder_version=&#8221;4.18.0&#8243; _module_preset=&#8221;default&#8221; global_colors_info=&#8221;{}&#8221;][et_pb_code _builder_version=&#8221;4.18.0&#8243; _module_preset=&#8221;default&#8221; global_colors_info=&#8221;{}&#8221;]<div class=\"pgc-sgb-cb wp-block-pgcsimplygalleryblock-grid \" data-gallery-id=\"9d043006\"><div class=\"sgb-preloader\" id=\"pr_9d043006\">\n\t<div class=\"sgb-square\" style=\"background:#d4d4d4\"><\/div>\n\t<div class=\"sgb-square\" style=\"background:#d4d4d4\"><\/div>\n\t<div class=\"sgb-square\" style=\"background:#d4d4d4\"><\/div>\n\t<div class=\"sgb-square\" style=\"background:#d4d4d4\"><\/div><\/div><div class=\"simply-gallery-amp pgc_sgb_slider \" style=\"display: none;\"><div class=\"sgb-gallery\"><div class=\"sgb-item\"><video controls  src=\"https:\/\/foire-st-martin.ch\/wp-content\/uploads\/2023\/03\/IMG_4011.mp4\"><\/video><\/div><div class=\"sgb-item\"><video controls  src=\"https:\/\/foire-st-martin.ch\/wp-content\/uploads\/2023\/03\/IMG_3972.mp4\"><\/video><\/div><div class=\"sgb-item\"><video controls  src=\"https:\/\/foire-st-martin.ch\/wp-content\/uploads\/2023\/03\/IMG_3971.mp4\"><\/video><\/div><div class=\"sgb-item\"><video controls  src=\"https:\/\/foire-st-martin.ch\/wp-content\/uploads\/2023\/03\/IMG_3970.mp4\"><\/video><\/div><div class=\"sgb-item\"><video controls  src=\"https:\/\/foire-st-martin.ch\/wp-content\/uploads\/2023\/03\/IMG_3961.mp4\"><\/video><\/div><div class=\"sgb-item\"><video controls  src=\"https:\/\/foire-st-martin.ch\/wp-content\/uploads\/2023\/03\/IMG_3960.mp4\"><\/video><\/div><div class=\"sgb-item\"><video controls  src=\"https:\/\/foire-st-martin.ch\/wp-content\/uploads\/2023\/03\/IMG_3959.mp4\"><\/video><\/div><div class=\"sgb-item\"><video controls  src=\"https:\/\/foire-st-martin.ch\/wp-content\/uploads\/2023\/03\/IMG_3958.mp4\"><\/video><\/div><div class=\"sgb-item\"><video controls  src=\"https:\/\/foire-st-martin.ch\/wp-content\/uploads\/2023\/03\/IMG_3957.mp4\"><\/video><\/div><div class=\"sgb-item\"><video controls  src=\"https:\/\/foire-st-martin.ch\/wp-content\/uploads\/2023\/03\/IMG_3955.mp4\"><\/video><\/div><div class=\"sgb-item\"><video controls  src=\"https:\/\/foire-st-martin.ch\/wp-content\/uploads\/2023\/03\/IMG_3954.mp4\"><\/video><\/div><\/div><\/div><script type=\"application\/json\" class=\"sgb-data\">{\"galleryType\":\"pgc_sgb_grid\",\"galleryId\":\"9d043006\",\"images\":[{\"id\":2292,\"title\":\"IMG_4011\",\"url\":\"https:\/\/foire-st-martin.ch\/wp-content\/uploads\/2023\/03\/IMG_4011.mp4\",\"link\":\"https:\/\/foire-st-martin.ch\/img_4011\/\",\"alt\":\"\",\"description\":\"\",\"caption\":\"\",\"mime\":\"video\/mp4\",\"type\":\"video\",\"image\":{\"src\":\"https:\/\/foire-st-martin.ch\/wp-includes\/images\/media\/video.png\",\"width\":48,\"height\":64},\"thumb\":{\"src\":\"https:\/\/foire-st-martin.ch\/wp-includes\/images\/media\/video.png\",\"width\":48,\"height\":64},\"width\":1280,\"height\":720,\"fileLength\":\"0:18\",\"meta\":{\"artist\":false,\"album\":false,\"bitrate\":false,\"bitrate_mode\":false},\"postlink\":\"https:\/\/foire-st-martin.ch\/img_4011\/\"},{\"id\":2291,\"title\":\"IMG_3972\",\"url\":\"https:\/\/foire-st-martin.ch\/wp-content\/uploads\/2023\/03\/IMG_3972.mp4\",\"link\":\"https:\/\/foire-st-martin.ch\/img_3972\/\",\"alt\":\"\",\"description\":\"\",\"caption\":\"\",\"mime\":\"video\/mp4\",\"type\":\"video\",\"image\":{\"src\":\"https:\/\/foire-st-martin.ch\/wp-includes\/images\/media\/video.png\",\"width\":48,\"height\":64},\"thumb\":{\"src\":\"https:\/\/foire-st-martin.ch\/wp-includes\/images\/media\/video.png\",\"width\":48,\"height\":64},\"width\":1280,\"height\":720,\"fileLength\":\"1:36\",\"meta\":{\"artist\":false,\"album\":false,\"bitrate\":false,\"bitrate_mode\":false},\"postlink\":\"https:\/\/foire-st-martin.ch\/img_3972\/\"},{\"id\":2290,\"title\":\"IMG_3971\",\"url\":\"https:\/\/foire-st-martin.ch\/wp-content\/uploads\/2023\/03\/IMG_3971.mp4\",\"link\":\"https:\/\/foire-st-martin.ch\/img_3971\/\",\"alt\":\"\",\"description\":\"\",\"caption\":\"\",\"mime\":\"video\/mp4\",\"type\":\"video\",\"image\":{\"src\":\"https:\/\/foire-st-martin.ch\/wp-includes\/images\/media\/video.png\",\"width\":48,\"height\":64},\"thumb\":{\"src\":\"https:\/\/foire-st-martin.ch\/wp-includes\/images\/media\/video.png\",\"width\":48,\"height\":64},\"width\":1280,\"height\":720,\"fileLength\":\"0:41\",\"meta\":{\"artist\":false,\"album\":false,\"bitrate\":false,\"bitrate_mode\":false},\"postlink\":\"https:\/\/foire-st-martin.ch\/img_3971\/\"},{\"id\":2289,\"title\":\"IMG_3970\",\"url\":\"https:\/\/foire-st-martin.ch\/wp-content\/uploads\/2023\/03\/IMG_3970.mp4\",\"link\":\"https:\/\/foire-st-martin.ch\/img_3970\/\",\"alt\":\"\",\"description\":\"\",\"caption\":\"\",\"mime\":\"video\/mp4\",\"type\":\"video\",\"image\":{\"src\":\"https:\/\/foire-st-martin.ch\/wp-includes\/images\/media\/video.png\",\"width\":48,\"height\":64},\"thumb\":{\"src\":\"https:\/\/foire-st-martin.ch\/wp-includes\/images\/media\/video.png\",\"width\":48,\"height\":64},\"width\":1280,\"height\":720,\"fileLength\":\"0:29\",\"meta\":{\"artist\":false,\"album\":false,\"bitrate\":false,\"bitrate_mode\":false},\"postlink\":\"https:\/\/foire-st-martin.ch\/img_3970\/\"},{\"id\":2287,\"title\":\"IMG_3961\",\"url\":\"https:\/\/foire-st-martin.ch\/wp-content\/uploads\/2023\/03\/IMG_3961.mp4\",\"link\":\"https:\/\/foire-st-martin.ch\/img_3961\/\",\"alt\":\"\",\"description\":\"\",\"caption\":\"\",\"mime\":\"video\/mp4\",\"type\":\"video\",\"image\":{\"src\":\"https:\/\/foire-st-martin.ch\/wp-includes\/images\/media\/video.png\",\"width\":48,\"height\":64},\"thumb\":{\"src\":\"https:\/\/foire-st-martin.ch\/wp-includes\/images\/media\/video.png\",\"width\":48,\"height\":64},\"width\":1280,\"height\":720,\"fileLength\":\"0:13\",\"meta\":{\"artist\":false,\"album\":false,\"bitrate\":false,\"bitrate_mode\":false},\"postlink\":\"https:\/\/foire-st-martin.ch\/img_3961\/\"},{\"id\":2286,\"title\":\"IMG_3960\",\"url\":\"https:\/\/foire-st-martin.ch\/wp-content\/uploads\/2023\/03\/IMG_3960.mp4\",\"link\":\"https:\/\/foire-st-martin.ch\/img_3960\/\",\"alt\":\"\",\"description\":\"\",\"caption\":\"\",\"mime\":\"video\/mp4\",\"type\":\"video\",\"image\":{\"src\":\"https:\/\/foire-st-martin.ch\/wp-includes\/images\/media\/video.png\",\"width\":48,\"height\":64},\"thumb\":{\"src\":\"https:\/\/foire-st-martin.ch\/wp-includes\/images\/media\/video.png\",\"width\":48,\"height\":64},\"width\":1280,\"height\":720,\"fileLength\":\"0:15\",\"meta\":{\"artist\":false,\"album\":false,\"bitrate\":false,\"bitrate_mode\":false},\"postlink\":\"https:\/\/foire-st-martin.ch\/img_3960\/\"},{\"id\":2285,\"title\":\"IMG_3959\",\"url\":\"https:\/\/foire-st-martin.ch\/wp-content\/uploads\/2023\/03\/IMG_3959.mp4\",\"link\":\"https:\/\/foire-st-martin.ch\/img_3959\/\",\"alt\":\"\",\"description\":\"\",\"caption\":\"\",\"mime\":\"video\/mp4\",\"type\":\"video\",\"image\":{\"src\":\"https:\/\/foire-st-martin.ch\/wp-includes\/images\/media\/video.png\",\"width\":48,\"height\":64},\"thumb\":{\"src\":\"https:\/\/foire-st-martin.ch\/wp-includes\/images\/media\/video.png\",\"width\":48,\"height\":64},\"width\":1280,\"height\":720,\"fileLength\":\"0:20\",\"meta\":{\"artist\":false,\"album\":false,\"bitrate\":false,\"bitrate_mode\":false},\"postlink\":\"https:\/\/foire-st-martin.ch\/img_3959\/\"},{\"id\":2284,\"title\":\"IMG_3958\",\"url\":\"https:\/\/foire-st-martin.ch\/wp-content\/uploads\/2023\/03\/IMG_3958.mp4\",\"link\":\"https:\/\/foire-st-martin.ch\/img_3958\/\",\"alt\":\"\",\"description\":\"\",\"caption\":\"\",\"mime\":\"video\/mp4\",\"type\":\"video\",\"image\":{\"src\":\"https:\/\/foire-st-martin.ch\/wp-includes\/images\/media\/video.png\",\"width\":48,\"height\":64},\"thumb\":{\"src\":\"https:\/\/foire-st-martin.ch\/wp-includes\/images\/media\/video.png\",\"width\":48,\"height\":64},\"width\":1280,\"height\":720,\"fileLength\":\"0:17\",\"meta\":{\"artist\":false,\"album\":false,\"bitrate\":false,\"bitrate_mode\":false},\"postlink\":\"https:\/\/foire-st-martin.ch\/img_3958\/\"},{\"id\":2283,\"title\":\"IMG_3957\",\"url\":\"https:\/\/foire-st-martin.ch\/wp-content\/uploads\/2023\/03\/IMG_3957.mp4\",\"link\":\"https:\/\/foire-st-martin.ch\/img_3957\/\",\"alt\":\"\",\"description\":\"\",\"caption\":\"\",\"mime\":\"video\/mp4\",\"type\":\"video\",\"image\":{\"src\":\"https:\/\/foire-st-martin.ch\/wp-includes\/images\/media\/video.png\",\"width\":48,\"height\":64},\"thumb\":{\"src\":\"https:\/\/foire-st-martin.ch\/wp-includes\/images\/media\/video.png\",\"width\":48,\"height\":64},\"width\":1280,\"height\":720,\"fileLength\":\"0:19\",\"meta\":{\"artist\":false,\"album\":false,\"bitrate\":false,\"bitrate_mode\":false},\"postlink\":\"https:\/\/foire-st-martin.ch\/img_3957\/\"},{\"id\":2282,\"title\":\"IMG_3955\",\"url\":\"https:\/\/foire-st-martin.ch\/wp-content\/uploads\/2023\/03\/IMG_3955.mp4\",\"link\":\"https:\/\/foire-st-martin.ch\/img_3955\/\",\"alt\":\"\",\"description\":\"\",\"caption\":\"\",\"mime\":\"video\/mp4\",\"type\":\"video\",\"image\":{\"src\":\"https:\/\/foire-st-martin.ch\/wp-includes\/images\/media\/video.png\",\"width\":48,\"height\":64},\"thumb\":{\"src\":\"https:\/\/foire-st-martin.ch\/wp-includes\/images\/media\/video.png\",\"width\":48,\"height\":64},\"width\":1280,\"height\":720,\"fileLength\":\"0:17\",\"meta\":{\"artist\":false,\"album\":false,\"bitrate\":false,\"bitrate_mode\":false},\"postlink\":\"https:\/\/foire-st-martin.ch\/img_3955\/\"},{\"id\":2281,\"title\":\"IMG_3954\",\"url\":\"https:\/\/foire-st-martin.ch\/wp-content\/uploads\/2023\/03\/IMG_3954.mp4\",\"link\":\"https:\/\/foire-st-martin.ch\/img_3954\/\",\"alt\":\"\",\"description\":\"\",\"caption\":\"\",\"mime\":\"video\/mp4\",\"type\":\"video\",\"image\":{\"src\":\"https:\/\/foire-st-martin.ch\/wp-includes\/images\/media\/video.png\",\"width\":48,\"height\":64},\"thumb\":{\"src\":\"https:\/\/foire-st-martin.ch\/wp-includes\/images\/media\/video.png\",\"width\":48,\"height\":64},\"width\":1280,\"height\":720,\"fileLength\":\"0:28\",\"meta\":{\"artist\":false,\"album\":false,\"bitrate\":false,\"bitrate_mode\":false},\"postlink\":\"https:\/\/foire-st-martin.ch\/img_3954\/\"}],\"itemsMetaDataCollection\":[]}<\/script><script>(function(){if(window.PGC_SGB && window.PGC_SGB.searcher){window.PGC_SGB.searcher.initBlocks()}})()<\/script><\/div>[\/et_pb_code][\/et_pb_column][\/et_pb_row][et_pb_row column_structure=&#8221;1_2,1_2&#8243; module_class=&#8221;prevnextbtn&#8221; _builder_version=&#8221;4.18.0&#8243; _module_preset=&#8221;default&#8221; global_colors_info=&#8221;{}&#8221;][et_pb_column type=&#8221;1_2&#8243; _builder_version=&#8221;4.18.0&#8243; _module_preset=&#8221;default&#8221; global_colors_info=&#8221;{}&#8221;][et_pb_button button_text=&#8221;2019&#8243; _builder_version=&#8221;4.18.0&#8243; _module_preset=&#8221;default&#8221; global_colors_info=&#8221;{}&#8221;][\/et_pb_button][\/et_pb_column][et_pb_column type=&#8221;1_2&#8243; _builder_version=&#8221;4.18.0&#8243; _module_preset=&#8221;default&#8221; global_colors_info=&#8221;{}&#8221;][\/et_pb_column][\/et_pb_row][\/et_pb_section]\n","protected":false},"excerpt":{"rendered":"<p>La Foire de la Saint-Martin 2022Le cort\u00e8ge aux flambeaux &#038; la Veill\u00e9e du B\u0153uf<div class=\"pgc-sgb-cb wp-block-pgcsimplygalleryblock-masonry \" data-gallery-id=\"f1c37340\"><div class=\"sgb-preloader\" id=\"pr_f1c37340\">\n\t<div class=\"sgb-square\" style=\"background:#d4d4d4\"><\/div>\n\t<div class=\"sgb-square\" style=\"background:#d4d4d4\"><\/div>\n\t<div class=\"sgb-square\" style=\"background:#d4d4d4\"><\/div>\n\t<div class=\"sgb-square\" style=\"background:#d4d4d4\"><\/div><\/div><div class=\"simply-gallery-amp pgc_sgb_slider \" style=\"display: none;\"><div class=\"sgb-gallery\"><div class=\"sgb-item\"><a href=\"https:\/\/foire-st-martin.ch\/en\/pgc_simply_gallery\/2022-cortege-aux-flambeaux\/thumbnail_img_3884\/\"><img decoding=\"async\" alt=\"\" width=\"300\" height=\"225\" loading=\"lazy\" src=\"https:\/\/foire-st-martin.ch\/wp-content\/uploads\/2022\/11\/thumbnail_IMG_3884-300x225.jpg\"\/><\/a><\/div><div class=\"sgb-item\"><a href=\"https:\/\/foire-st-martin.ch\/en\/pgc_simply_gallery\/2022-cortege-aux-flambeaux\/thumbnail_img_3883\/\"><img decoding=\"async\" alt=\"\" width=\"300\" height=\"225\" loading=\"lazy\" src=\"https:\/\/foire-st-martin.ch\/wp-content\/uploads\/2022\/11\/thumbnail_IMG_3883-300x225.jpg\"\/><\/a><\/div><div class=\"sgb-item\"><a href=\"https:\/\/foire-st-martin.ch\/en\/pgc_simply_gallery\/2022-cortege-aux-flambeaux\/thumbnail_img_3881\/\"><img decoding=\"async\" alt=\"\" width=\"300\" height=\"225\" loading=\"lazy\" src=\"https:\/\/foire-st-martin.ch\/wp-content\/uploads\/2022\/11\/thumbnail_IMG_3881-300x225.jpg\"\/><\/a><\/div><div class=\"sgb-item\"><a href=\"https:\/\/foire-st-martin.ch\/en\/pgc_simply_gallery\/2022-cortege-aux-flambeaux\/thumbnail_img_3880\/\"><img decoding=\"async\" alt=\"\" width=\"300\" height=\"225\" loading=\"lazy\" src=\"https:\/\/foire-st-martin.ch\/wp-content\/uploads\/2022\/11\/thumbnail_IMG_3880-300x225.jpg\"\/><\/a><\/div><div class=\"sgb-item\"><a href=\"https:\/\/foire-st-martin.ch\/en\/pgc_simply_gallery\/2022-cortege-aux-flambeaux\/thumbnail_photo-2022-11-10-09-03-284\/\"><img decoding=\"async\" alt=\"\" width=\"225\" height=\"300\" loading=\"lazy\" src=\"https:\/\/foire-st-martin.ch\/wp-content\/uploads\/2022\/11\/thumbnail_PHOTO-2022-11-10-09-03-284-225x300.jpg\"\/><\/a><\/div><div class=\"sgb-item\"><a href=\"https:\/\/foire-st-martin.ch\/en\/pgc_simply_gallery\/2022-cortege-aux-flambeaux\/314908128_10159326688082549_7577736155985133077_n\/\"><img decoding=\"async\" alt=\"\" width=\"300\" height=\"225\" loading=\"lazy\" src=\"https:\/\/foire-st-martin.ch\/wp-content\/uploads\/2022\/11\/314908128_10159326688082549_7577736155985133077_n-300x225.jpg\"\/><\/a><\/div><div class=\"sgb-item\"><a href=\"https:\/\/foire-st-martin.ch\/en\/pgc_simply_gallery\/2022-cortege-aux-flambeaux\/thumbnail_photo-2022-11-10-09-03-283\/\"><img decoding=\"async\" alt=\"\" width=\"269\" height=\"300\" loading=\"lazy\" src=\"https:\/\/foire-st-martin.ch\/wp-content\/uploads\/2022\/11\/thumbnail_PHOTO-2022-11-10-09-03-283-269x300.jpg\"\/><\/a><\/div><div class=\"sgb-item\"><a href=\"https:\/\/foire-st-martin.ch\/en\/pgc_simply_gallery\/2022-cortege-aux-flambeaux\/thumbnail_photo-2022-11-10-09-03-282\/\"><img decoding=\"async\" alt=\"\" width=\"225\" height=\"300\" loading=\"lazy\" src=\"https:\/\/foire-st-martin.ch\/wp-content\/uploads\/2022\/11\/thumbnail_PHOTO-2022-11-10-09-03-282-225x300.jpg\"\/><\/a><\/div><div class=\"sgb-item\"><a href=\"https:\/\/foire-st-martin.ch\/en\/pgc_simply_gallery\/2022-cortege-aux-flambeaux\/thumbnail_photo-2022-11-10-09-02-201\/\"><img decoding=\"async\" alt=\"\" width=\"225\" height=\"300\" loading=\"lazy\" src=\"https:\/\/foire-st-martin.ch\/wp-content\/uploads\/2022\/11\/thumbnail_PHOTO-2022-11-10-09-02-201-225x300.jpg\"\/><\/a><\/div><div class=\"sgb-item\"><a href=\"https:\/\/foire-st-martin.ch\/en\/pgc_simply_gallery\/2022-cortege-aux-flambeaux\/thumbnail_photo-2022-11-10-09-02-20\/\"><img decoding=\"async\" alt=\"\" width=\"225\" height=\"300\" loading=\"lazy\" src=\"https:\/\/foire-st-martin.ch\/wp-content\/uploads\/2022\/11\/thumbnail_PHOTO-2022-11-10-09-02-20-225x300.jpg\"\/><\/a><\/div><div class=\"sgb-item\"><a href=\"https:\/\/foire-st-martin.ch\/en\/pgc_simply_gallery\/2022-cortege-aux-flambeaux\/thumbnail_photo-2022-11-07-17-45-56\/\"><img decoding=\"async\" alt=\"\" width=\"300\" height=\"225\" loading=\"lazy\" src=\"https:\/\/foire-st-martin.ch\/wp-content\/uploads\/2022\/11\/thumbnail_PHOTO-2022-11-07-17-45-56-300x225.jpg\"\/><\/a><\/div><div class=\"sgb-item\"><a href=\"https:\/\/foire-st-martin.ch\/en\/pgc_simply_gallery\/2022-cortege-aux-flambeaux\/314958381_2480681622072034_3818901536431290832_n\/\"><img decoding=\"async\" alt=\"\" width=\"300\" height=\"225\" loading=\"lazy\" src=\"https:\/\/foire-st-martin.ch\/wp-content\/uploads\/2022\/11\/314958381_2480681622072034_3818901536431290832_n-300x225.jpg\"\/><\/a><\/div><div class=\"sgb-item\"><a href=\"https:\/\/foire-st-martin.ch\/en\/pgc_simply_gallery\/2022-cortege-aux-flambeaux\/314925066_2480681652072031_3426916267117414815_n\/\"><img decoding=\"async\" alt=\"\" width=\"300\" height=\"225\" loading=\"lazy\" src=\"https:\/\/foire-st-martin.ch\/wp-content\/uploads\/2022\/11\/314925066_2480681652072031_3426916267117414815_n-300x225.jpg\"\/><\/a><\/div><div class=\"sgb-item\"><a href=\"https:\/\/foire-st-martin.ch\/en\/pgc_simply_gallery\/2022-cortege-aux-flambeaux\/314913958_2480681632072033_2598656621891875974_n\/\"><img decoding=\"async\" alt=\"\" width=\"300\" height=\"225\" loading=\"lazy\" src=\"https:\/\/foire-st-martin.ch\/wp-content\/uploads\/2022\/11\/314913958_2480681632072033_2598656621891875974_n-300x225.jpg\"\/><\/a><\/div><div class=\"sgb-item\"><a href=\"https:\/\/foire-st-martin.ch\/en\/pgc_simply_gallery\/2022-cortege-aux-flambeaux\/314909962_10159326688147549_3539696507539526451_n\/\"><img decoding=\"async\" alt=\"\" width=\"300\" height=\"225\" loading=\"lazy\" src=\"https:\/\/foire-st-martin.ch\/wp-content\/uploads\/2022\/11\/314909962_10159326688147549_3539696507539526451_n-300x225.jpg\"\/><\/a><\/div><\/div><\/div><script type=\"application\/json\" class=\"sgb-data\">{\"galleryType\":\"pgc_sgb_masonry\",\"galleryId\":\"f1c37340\",\"images\":[{\"id\":1991,\"title\":\"thumbnail_IMG_3884\",\"url\":\"https:\/\/foire-st-martin.ch\/wp-content\/uploads\/2022\/11\/thumbnail_IMG_3884.jpg\",\"link\":\"https:\/\/foire-st-martin.ch\/pgc_simply_gallery\/2022-cortege-aux-flambeaux\/thumbnail_img_3884\/\",\"alt\":\"\",\"description\":\"\",\"caption\":\"\",\"mime\":\"image\/jpeg\",\"type\":\"image\",\"width\":1280,\"height\":960,\"sizes\":{\"thumbnail\":{\"url\":\"https:\/\/foire-st-martin.ch\/wp-content\/uploads\/2022\/11\/thumbnail_IMG_3884-150x150.jpg\",\"height\":150,\"width\":150,\"orientation\":\"landscape\"},\"medium\":{\"url\":\"https:\/\/foire-st-martin.ch\/wp-content\/uploads\/2022\/11\/thumbnail_IMG_3884-300x225.jpg\",\"height\":225,\"width\":300,\"orientation\":\"landscape\"},\"large\":{\"url\":\"https:\/\/foire-st-martin.ch\/wp-content\/uploads\/2022\/11\/thumbnail_IMG_3884-1024x768.jpg\",\"height\":768,\"width\":1024,\"orientation\":\"landscape\"},\"full\":{\"url\":\"https:\/\/foire-st-martin.ch\/wp-content\/uploads\/2022\/11\/thumbnail_IMG_3884.jpg\",\"height\":960,\"width\":1280,\"orientation\":\"landscape\"}},\"meta\":false,\"postlink\":\"https:\/\/foire-st-martin.ch\/pgc_simply_gallery\/2022-cortege-aux-flambeaux\/thumbnail_img_3884\/\"},{\"id\":1994,\"title\":\"thumbnail_IMG_3883\",\"url\":\"https:\/\/foire-st-martin.ch\/wp-content\/uploads\/2022\/11\/thumbnail_IMG_3883.jpg\",\"link\":\"https:\/\/foire-st-martin.ch\/pgc_simply_gallery\/2022-cortege-aux-flambeaux\/thumbnail_img_3883\/\",\"alt\":\"\",\"description\":\"\",\"caption\":\"\",\"mime\":\"image\/jpeg\",\"type\":\"image\",\"width\":1280,\"height\":960,\"sizes\":{\"thumbnail\":{\"url\":\"https:\/\/foire-st-martin.ch\/wp-content\/uploads\/2022\/11\/thumbnail_IMG_3883-150x150.jpg\",\"height\":150,\"width\":150,\"orientation\":\"landscape\"},\"medium\":{\"url\":\"https:\/\/foire-st-martin.ch\/wp-content\/uploads\/2022\/11\/thumbnail_IMG_3883-300x225.jpg\",\"height\":225,\"width\":300,\"orientation\":\"landscape\"},\"large\":{\"url\":\"https:\/\/foire-st-martin.ch\/wp-content\/uploads\/2022\/11\/thumbnail_IMG_3883-1024x768.jpg\",\"height\":768,\"width\":1024,\"orientation\":\"landscape\"},\"full\":{\"url\":\"https:\/\/foire-st-martin.ch\/wp-content\/uploads\/2022\/11\/thumbnail_IMG_3883.jpg\",\"height\":960,\"width\":1280,\"orientation\":\"landscape\"}},\"meta\":false,\"postlink\":\"https:\/\/foire-st-martin.ch\/pgc_simply_gallery\/2022-cortege-aux-flambeaux\/thumbnail_img_3883\/\"},{\"id\":1993,\"title\":\"thumbnail_IMG_3881\",\"url\":\"https:\/\/foire-st-martin.ch\/wp-content\/uploads\/2022\/11\/thumbnail_IMG_3881.jpg\",\"link\":\"https:\/\/foire-st-martin.ch\/pgc_simply_gallery\/2022-cortege-aux-flambeaux\/thumbnail_img_3881\/\",\"alt\":\"\",\"description\":\"\",\"caption\":\"\",\"mime\":\"image\/jpeg\",\"type\":\"image\",\"width\":1280,\"height\":960,\"sizes\":{\"thumbnail\":{\"url\":\"https:\/\/foire-st-martin.ch\/wp-content\/uploads\/2022\/11\/thumbnail_IMG_3881-150x150.jpg\",\"height\":150,\"width\":150,\"orientation\":\"landscape\"},\"medium\":{\"url\":\"https:\/\/foire-st-martin.ch\/wp-content\/uploads\/2022\/11\/thumbnail_IMG_3881-300x225.jpg\",\"height\":225,\"width\":300,\"orientation\":\"landscape\"},\"large\":{\"url\":\"https:\/\/foire-st-martin.ch\/wp-content\/uploads\/2022\/11\/thumbnail_IMG_3881-1024x768.jpg\",\"height\":768,\"width\":1024,\"orientation\":\"landscape\"},\"full\":{\"url\":\"https:\/\/foire-st-martin.ch\/wp-content\/uploads\/2022\/11\/thumbnail_IMG_3881.jpg\",\"height\":960,\"width\":1280,\"orientation\":\"landscape\"}},\"meta\":false,\"postlink\":\"https:\/\/foire-st-martin.ch\/pgc_simply_gallery\/2022-cortege-aux-flambeaux\/thumbnail_img_3881\/\"},{\"id\":1992,\"title\":\"thumbnail_IMG_3880\",\"url\":\"https:\/\/foire-st-martin.ch\/wp-content\/uploads\/2022\/11\/thumbnail_IMG_3880.jpg\",\"link\":\"https:\/\/foire-st-martin.ch\/pgc_simply_gallery\/2022-cortege-aux-flambeaux\/thumbnail_img_3880\/\",\"alt\":\"\",\"description\":\"\",\"caption\":\"\",\"mime\":\"image\/jpeg\",\"type\":\"image\",\"width\":1280,\"height\":960,\"sizes\":{\"thumbnail\":{\"url\":\"https:\/\/foire-st-martin.ch\/wp-content\/uploads\/2022\/11\/thumbnail_IMG_3880-150x150.jpg\",\"height\":150,\"width\":150,\"orientation\":\"landscape\"},\"medium\":{\"url\":\"https:\/\/foire-st-martin.ch\/wp-content\/uploads\/2022\/11\/thumbnail_IMG_3880-300x225.jpg\",\"height\":225,\"width\":300,\"orientation\":\"landscape\"},\"large\":{\"url\":\"https:\/\/foire-st-martin.ch\/wp-content\/uploads\/2022\/11\/thumbnail_IMG_3880-1024x768.jpg\",\"height\":768,\"width\":1024,\"orientation\":\"landscape\"},\"full\":{\"url\":\"https:\/\/foire-st-martin.ch\/wp-content\/uploads\/2022\/11\/thumbnail_IMG_3880.jpg\",\"height\":960,\"width\":1280,\"orientation\":\"landscape\"}},\"meta\":false,\"postlink\":\"https:\/\/foire-st-martin.ch\/pgc_simply_gallery\/2022-cortege-aux-flambeaux\/thumbnail_img_3880\/\"},{\"id\":1984,\"title\":\"thumbnail_PHOTO-2022-11-10-09-03-284\",\"url\":\"https:\/\/foire-st-martin.ch\/wp-content\/uploads\/2022\/11\/thumbnail_PHOTO-2022-11-10-09-03-284.jpg\",\"link\":\"https:\/\/foire-st-martin.ch\/pgc_simply_gallery\/2022-cortege-aux-flambeaux\/thumbnail_photo-2022-11-10-09-03-284\/\",\"alt\":\"\",\"description\":\"\",\"caption\":\"\",\"mime\":\"image\/jpeg\",\"type\":\"image\",\"width\":768,\"height\":1024,\"sizes\":{\"thumbnail\":{\"url\":\"https:\/\/foire-st-martin.ch\/wp-content\/uploads\/2022\/11\/thumbnail_PHOTO-2022-11-10-09-03-284-150x150.jpg\",\"height\":150,\"width\":150,\"orientation\":\"landscape\"},\"medium\":{\"url\":\"https:\/\/foire-st-martin.ch\/wp-content\/uploads\/2022\/11\/thumbnail_PHOTO-2022-11-10-09-03-284-225x300.jpg\",\"height\":300,\"width\":225,\"orientation\":\"portrait\"},\"full\":{\"url\":\"https:\/\/foire-st-martin.ch\/wp-content\/uploads\/2022\/11\/thumbnail_PHOTO-2022-11-10-09-03-284.jpg\",\"height\":1024,\"width\":768,\"orientation\":\"portrait\"}},\"meta\":false,\"postlink\":\"https:\/\/foire-st-martin.ch\/pgc_simply_gallery\/2022-cortege-aux-flambeaux\/thumbnail_photo-2022-11-10-09-03-284\/\"},{\"id\":1974,\"title\":\"314908128_10159326688082549_7577736155985133077_n\",\"url\":\"https:\/\/foire-st-martin.ch\/wp-content\/uploads\/2022\/11\/314908128_10159326688082549_7577736155985133077_n.jpg\",\"link\":\"https:\/\/foire-st-martin.ch\/pgc_simply_gallery\/2022-cortege-aux-flambeaux\/314908128_10159326688082549_7577736155985133077_n\/\",\"alt\":\"\",\"description\":\"\",\"caption\":\"\",\"mime\":\"image\/jpeg\",\"type\":\"image\",\"width\":2048,\"height\":1536,\"sizes\":{\"thumbnail\":{\"url\":\"https:\/\/foire-st-martin.ch\/wp-content\/uploads\/2022\/11\/314908128_10159326688082549_7577736155985133077_n-150x150.jpg\",\"height\":150,\"width\":150,\"orientation\":\"landscape\"},\"medium\":{\"url\":\"https:\/\/foire-st-martin.ch\/wp-content\/uploads\/2022\/11\/314908128_10159326688082549_7577736155985133077_n-300x225.jpg\",\"height\":225,\"width\":300,\"orientation\":\"landscape\"},\"large\":{\"url\":\"https:\/\/foire-st-martin.ch\/wp-content\/uploads\/2022\/11\/314908128_10159326688082549_7577736155985133077_n-1024x768.jpg\",\"height\":768,\"width\":1024,\"orientation\":\"landscape\"},\"full\":{\"url\":\"https:\/\/foire-st-martin.ch\/wp-content\/uploads\/2022\/11\/314908128_10159326688082549_7577736155985133077_n.jpg\",\"height\":1536,\"width\":2048,\"orientation\":\"landscape\"}},\"meta\":false,\"postlink\":\"https:\/\/foire-st-martin.ch\/pgc_simply_gallery\/2022-cortege-aux-flambeaux\/314908128_10159326688082549_7577736155985133077_n\/\"},{\"id\":1983,\"title\":\"thumbnail_PHOTO-2022-11-10-09-03-283\",\"url\":\"https:\/\/foire-st-martin.ch\/wp-content\/uploads\/2022\/11\/thumbnail_PHOTO-2022-11-10-09-03-283.jpg\",\"link\":\"https:\/\/foire-st-martin.ch\/pgc_simply_gallery\/2022-cortege-aux-flambeaux\/thumbnail_photo-2022-11-10-09-03-283\/\",\"alt\":\"\",\"description\":\"\",\"caption\":\"\",\"mime\":\"image\/jpeg\",\"type\":\"image\",\"width\":917,\"height\":1024,\"sizes\":{\"thumbnail\":{\"url\":\"https:\/\/foire-st-martin.ch\/wp-content\/uploads\/2022\/11\/thumbnail_PHOTO-2022-11-10-09-03-283-150x150.jpg\",\"height\":150,\"width\":150,\"orientation\":\"landscape\"},\"medium\":{\"url\":\"https:\/\/foire-st-martin.ch\/wp-content\/uploads\/2022\/11\/thumbnail_PHOTO-2022-11-10-09-03-283-269x300.jpg\",\"height\":300,\"width\":269,\"orientation\":\"portrait\"},\"full\":{\"url\":\"https:\/\/foire-st-martin.ch\/wp-content\/uploads\/2022\/11\/thumbnail_PHOTO-2022-11-10-09-03-283.jpg\",\"height\":1024,\"width\":917,\"orientation\":\"portrait\"}},\"meta\":false,\"postlink\":\"https:\/\/foire-st-martin.ch\/pgc_simply_gallery\/2022-cortege-aux-flambeaux\/thumbnail_photo-2022-11-10-09-03-283\/\"},{\"id\":1982,\"title\":\"thumbnail_PHOTO-2022-11-10-09-03-282\",\"url\":\"https:\/\/foire-st-martin.ch\/wp-content\/uploads\/2022\/11\/thumbnail_PHOTO-2022-11-10-09-03-282.jpg\",\"link\":\"https:\/\/foire-st-martin.ch\/pgc_simply_gallery\/2022-cortege-aux-flambeaux\/thumbnail_photo-2022-11-10-09-03-282\/\",\"alt\":\"\",\"description\":\"\",\"caption\":\"\",\"mime\":\"image\/jpeg\",\"type\":\"image\",\"width\":768,\"height\":1024,\"sizes\":{\"thumbnail\":{\"url\":\"https:\/\/foire-st-martin.ch\/wp-content\/uploads\/2022\/11\/thumbnail_PHOTO-2022-11-10-09-03-282-150x150.jpg\",\"height\":150,\"width\":150,\"orientation\":\"landscape\"},\"medium\":{\"url\":\"https:\/\/foire-st-martin.ch\/wp-content\/uploads\/2022\/11\/thumbnail_PHOTO-2022-11-10-09-03-282-225x300.jpg\",\"height\":300,\"width\":225,\"orientation\":\"portrait\"},\"full\":{\"url\":\"https:\/\/foire-st-martin.ch\/wp-content\/uploads\/2022\/11\/thumbnail_PHOTO-2022-11-10-09-03-282.jpg\",\"height\":1024,\"width\":768,\"orientation\":\"portrait\"}},\"meta\":false,\"postlink\":\"https:\/\/foire-st-martin.ch\/pgc_simply_gallery\/2022-cortege-aux-flambeaux\/thumbnail_photo-2022-11-10-09-03-282\/\"},{\"id\":1981,\"title\":\"thumbnail_PHOTO-2022-11-10-09-02-201\",\"url\":\"https:\/\/foire-st-martin.ch\/wp-content\/uploads\/2022\/11\/thumbnail_PHOTO-2022-11-10-09-02-201.jpg\",\"link\":\"https:\/\/foire-st-martin.ch\/pgc_simply_gallery\/2022-cortege-aux-flambeaux\/thumbnail_photo-2022-11-10-09-02-201\/\",\"alt\":\"\",\"description\":\"\",\"caption\":\"\",\"mime\":\"image\/jpeg\",\"type\":\"image\",\"width\":768,\"height\":1024,\"sizes\":{\"thumbnail\":{\"url\":\"https:\/\/foire-st-martin.ch\/wp-content\/uploads\/2022\/11\/thumbnail_PHOTO-2022-11-10-09-02-201-150x150.jpg\",\"height\":150,\"width\":150,\"orientation\":\"landscape\"},\"medium\":{\"url\":\"https:\/\/foire-st-martin.ch\/wp-content\/uploads\/2022\/11\/thumbnail_PHOTO-2022-11-10-09-02-201-225x300.jpg\",\"height\":300,\"width\":225,\"orientation\":\"portrait\"},\"full\":{\"url\":\"https:\/\/foire-st-martin.ch\/wp-content\/uploads\/2022\/11\/thumbnail_PHOTO-2022-11-10-09-02-201.jpg\",\"height\":1024,\"width\":768,\"orientation\":\"portrait\"}},\"meta\":false,\"postlink\":\"https:\/\/foire-st-martin.ch\/pgc_simply_gallery\/2022-cortege-aux-flambeaux\/thumbnail_photo-2022-11-10-09-02-201\/\"},{\"id\":1980,\"title\":\"thumbnail_PHOTO-2022-11-10-09-02-20\",\"url\":\"https:\/\/foire-st-martin.ch\/wp-content\/uploads\/2022\/11\/thumbnail_PHOTO-2022-11-10-09-02-20.jpg\",\"link\":\"https:\/\/foire-st-martin.ch\/pgc_simply_gallery\/2022-cortege-aux-flambeaux\/thumbnail_photo-2022-11-10-09-02-20\/\",\"alt\":\"\",\"description\":\"\",\"caption\":\"\",\"mime\":\"image\/jpeg\",\"type\":\"image\",\"width\":768,\"height\":1024,\"sizes\":{\"thumbnail\":{\"url\":\"https:\/\/foire-st-martin.ch\/wp-content\/uploads\/2022\/11\/thumbnail_PHOTO-2022-11-10-09-02-20-150x150.jpg\",\"height\":150,\"width\":150,\"orientation\":\"landscape\"},\"medium\":{\"url\":\"https:\/\/foire-st-martin.ch\/wp-content\/uploads\/2022\/11\/thumbnail_PHOTO-2022-11-10-09-02-20-225x300.jpg\",\"height\":300,\"width\":225,\"orientation\":\"portrait\"},\"full\":{\"url\":\"https:\/\/foire-st-martin.ch\/wp-content\/uploads\/2022\/11\/thumbnail_PHOTO-2022-11-10-09-02-20.jpg\",\"height\":1024,\"width\":768,\"orientation\":\"portrait\"}},\"meta\":false,\"postlink\":\"https:\/\/foire-st-martin.ch\/pgc_simply_gallery\/2022-cortege-aux-flambeaux\/thumbnail_photo-2022-11-10-09-02-20\/\"},{\"id\":1979,\"title\":\"thumbnail_PHOTO-2022-11-07-17-45-56\",\"url\":\"https:\/\/foire-st-martin.ch\/wp-content\/uploads\/2022\/11\/thumbnail_PHOTO-2022-11-07-17-45-56.jpg\",\"link\":\"https:\/\/foire-st-martin.ch\/pgc_simply_gallery\/2022-cortege-aux-flambeaux\/thumbnail_photo-2022-11-07-17-45-56\/\",\"alt\":\"\",\"description\":\"\",\"caption\":\"\",\"mime\":\"image\/jpeg\",\"type\":\"image\",\"width\":1280,\"height\":960,\"sizes\":{\"thumbnail\":{\"url\":\"https:\/\/foire-st-martin.ch\/wp-content\/uploads\/2022\/11\/thumbnail_PHOTO-2022-11-07-17-45-56-150x150.jpg\",\"height\":150,\"width\":150,\"orientation\":\"landscape\"},\"medium\":{\"url\":\"https:\/\/foire-st-martin.ch\/wp-content\/uploads\/2022\/11\/thumbnail_PHOTO-2022-11-07-17-45-56-300x225.jpg\",\"height\":225,\"width\":300,\"orientation\":\"landscape\"},\"large\":{\"url\":\"https:\/\/foire-st-martin.ch\/wp-content\/uploads\/2022\/11\/thumbnail_PHOTO-2022-11-07-17-45-56-1024x768.jpg\",\"height\":768,\"width\":1024,\"orientation\":\"landscape\"},\"full\":{\"url\":\"https:\/\/foire-st-martin.ch\/wp-content\/uploads\/2022\/11\/thumbnail_PHOTO-2022-11-07-17-45-56.jpg\",\"height\":960,\"width\":1280,\"orientation\":\"landscape\"}},\"meta\":false,\"postlink\":\"https:\/\/foire-st-martin.ch\/pgc_simply_gallery\/2022-cortege-aux-flambeaux\/thumbnail_photo-2022-11-07-17-45-56\/\"},{\"id\":1978,\"title\":\"314958381_2480681622072034_3818901536431290832_n\",\"url\":\"https:\/\/foire-st-martin.ch\/wp-content\/uploads\/2022\/11\/314958381_2480681622072034_3818901536431290832_n.jpg\",\"link\":\"https:\/\/foire-st-martin.ch\/pgc_simply_gallery\/2022-cortege-aux-flambeaux\/314958381_2480681622072034_3818901536431290832_n\/\",\"alt\":\"\",\"description\":\"\",\"caption\":\"\",\"mime\":\"image\/jpeg\",\"type\":\"image\",\"width\":1286,\"height\":965,\"sizes\":{\"thumbnail\":{\"url\":\"https:\/\/foire-st-martin.ch\/wp-content\/uploads\/2022\/11\/314958381_2480681622072034_3818901536431290832_n-150x150.jpg\",\"height\":150,\"width\":150,\"orientation\":\"landscape\"},\"medium\":{\"url\":\"https:\/\/foire-st-martin.ch\/wp-content\/uploads\/2022\/11\/314958381_2480681622072034_3818901536431290832_n-300x225.jpg\",\"height\":225,\"width\":300,\"orientation\":\"landscape\"},\"large\":{\"url\":\"https:\/\/foire-st-martin.ch\/wp-content\/uploads\/2022\/11\/314958381_2480681622072034_3818901536431290832_n-1024x768.jpg\",\"height\":768,\"width\":1024,\"orientation\":\"landscape\"},\"full\":{\"url\":\"https:\/\/foire-st-martin.ch\/wp-content\/uploads\/2022\/11\/314958381_2480681622072034_3818901536431290832_n.jpg\",\"height\":965,\"width\":1286,\"orientation\":\"landscape\"}},\"meta\":false,\"postlink\":\"https:\/\/foire-st-martin.ch\/pgc_simply_gallery\/2022-cortege-aux-flambeaux\/314958381_2480681622072034_3818901536431290832_n\/\"},{\"id\":1977,\"title\":\"314925066_2480681652072031_3426916267117414815_n\",\"url\":\"https:\/\/foire-st-martin.ch\/wp-content\/uploads\/2022\/11\/314925066_2480681652072031_3426916267117414815_n.jpg\",\"link\":\"https:\/\/foire-st-martin.ch\/pgc_simply_gallery\/2022-cortege-aux-flambeaux\/314925066_2480681652072031_3426916267117414815_n\/\",\"alt\":\"\",\"description\":\"\",\"caption\":\"\",\"mime\":\"image\/jpeg\",\"type\":\"image\",\"width\":2048,\"height\":1536,\"sizes\":{\"thumbnail\":{\"url\":\"https:\/\/foire-st-martin.ch\/wp-content\/uploads\/2022\/11\/314925066_2480681652072031_3426916267117414815_n-150x150.jpg\",\"height\":150,\"width\":150,\"orientation\":\"landscape\"},\"medium\":{\"url\":\"https:\/\/foire-st-martin.ch\/wp-content\/uploads\/2022\/11\/314925066_2480681652072031_3426916267117414815_n-300x225.jpg\",\"height\":225,\"width\":300,\"orientation\":\"landscape\"},\"large\":{\"url\":\"https:\/\/foire-st-martin.ch\/wp-content\/uploads\/2022\/11\/314925066_2480681652072031_3426916267117414815_n-1024x768.jpg\",\"height\":768,\"width\":1024,\"orientation\":\"landscape\"},\"full\":{\"url\":\"https:\/\/foire-st-martin.ch\/wp-content\/uploads\/2022\/11\/314925066_2480681652072031_3426916267117414815_n.jpg\",\"height\":1536,\"width\":2048,\"orientation\":\"landscape\"}},\"meta\":false,\"postlink\":\"https:\/\/foire-st-martin.ch\/pgc_simply_gallery\/2022-cortege-aux-flambeaux\/314925066_2480681652072031_3426916267117414815_n\/\"},{\"id\":1976,\"title\":\"314913958_2480681632072033_2598656621891875974_n\",\"url\":\"https:\/\/foire-st-martin.ch\/wp-content\/uploads\/2022\/11\/314913958_2480681632072033_2598656621891875974_n.jpg\",\"link\":\"https:\/\/foire-st-martin.ch\/pgc_simply_gallery\/2022-cortege-aux-flambeaux\/314913958_2480681632072033_2598656621891875974_n\/\",\"alt\":\"\",\"description\":\"\",\"caption\":\"\",\"mime\":\"image\/jpeg\",\"type\":\"image\",\"width\":1286,\"height\":965,\"sizes\":{\"thumbnail\":{\"url\":\"https:\/\/foire-st-martin.ch\/wp-content\/uploads\/2022\/11\/314913958_2480681632072033_2598656621891875974_n-150x150.jpg\",\"height\":150,\"width\":150,\"orientation\":\"landscape\"},\"medium\":{\"url\":\"https:\/\/foire-st-martin.ch\/wp-content\/uploads\/2022\/11\/314913958_2480681632072033_2598656621891875974_n-300x225.jpg\",\"height\":225,\"width\":300,\"orientation\":\"landscape\"},\"large\":{\"url\":\"https:\/\/foire-st-martin.ch\/wp-content\/uploads\/2022\/11\/314913958_2480681632072033_2598656621891875974_n-1024x768.jpg\",\"height\":768,\"width\":1024,\"orientation\":\"landscape\"},\"full\":{\"url\":\"https:\/\/foire-st-martin.ch\/wp-content\/uploads\/2022\/11\/314913958_2480681632072033_2598656621891875974_n.jpg\",\"height\":965,\"width\":1286,\"orientation\":\"landscape\"}},\"meta\":false,\"postlink\":\"https:\/\/foire-st-martin.ch\/pgc_simply_gallery\/2022-cortege-aux-flambeaux\/314913958_2480681632072033_2598656621891875974_n\/\"},{\"id\":1975,\"title\":\"314909962_10159326688147549_3539696507539526451_n\",\"url\":\"https:\/\/foire-st-martin.ch\/wp-content\/uploads\/2022\/11\/314909962_10159326688147549_3539696507539526451_n.jpg\",\"link\":\"https:\/\/foire-st-martin.ch\/pgc_simply_gallery\/2022-cortege-aux-flambeaux\/314909962_10159326688147549_3539696507539526451_n\/\",\"alt\":\"\",\"description\":\"\",\"caption\":\"\",\"mime\":\"image\/jpeg\",\"type\":\"image\",\"width\":2048,\"height\":1536,\"sizes\":{\"thumbnail\":{\"url\":\"https:\/\/foire-st-martin.ch\/wp-content\/uploads\/2022\/11\/314909962_10159326688147549_3539696507539526451_n-150x150.jpg\",\"height\":150,\"width\":150,\"orientation\":\"landscape\"},\"medium\":{\"url\":\"https:\/\/foire-st-martin.ch\/wp-content\/uploads\/2022\/11\/314909962_10159326688147549_3539696507539526451_n-300x225.jpg\",\"height\":225,\"width\":300,\"orientation\":\"landscape\"},\"large\":{\"url\":\"https:\/\/foire-st-martin.ch\/wp-content\/uploads\/2022\/11\/314909962_10159326688147549_3539696507539526451_n-1024x768.jpg\",\"height\":768,\"width\":1024,\"orientation\":\"landscape\"},\"full\":{\"url\":\"https:\/\/foire-st-martin.ch\/wp-content\/uploads\/2022\/11\/314909962_10159326688147549_3539696507539526451_n.jpg\",\"height\":1536,\"width\":2048,\"orientation\":\"landscape\"}},\"meta\":false,\"postlink\":\"https:\/\/foire-st-martin.ch\/pgc_simply_gallery\/2022-cortege-aux-flambeaux\/314909962_10159326688147549_3539696507539526451_n\/\"}],\"itemsMetaDataCollection\":[]}<\/script><script>(function(){if(window.PGC_SGB && window.PGC_SGB.searcher){window.PGC_SGB.searcher.initBlocks()}})()<\/script><\/div>Pr\u00e9paration cort\u00e8ge du mardi<div class=\"pgc-sgb-cb wp-block-pgcsimplygalleryblock-grid \" data-gallery-id=\"9d043006\"><div class=\"sgb-preloader\" id=\"pr_9d043006\">\n\t<div class=\"sgb-square\" style=\"background:#d4d4d4\"><\/div>\n\t<div class=\"sgb-square\" style=\"background:#d4d4d4\"><\/div>\n\t<div class=\"sgb-square\" style=\"background:#d4d4d4\"><\/div>\n\t<div class=\"sgb-square\" style=\"background:#d4d4d4\"><\/div><\/div><div class=\"simply-gallery-amp pgc_sgb_slider \" style=\"display: none;\"><div class=\"sgb-gallery\"><div class=\"sgb-item\"><a href=\"https:\/\/foire-st-martin.ch\/en\/pgc_simply_gallery\/2022-preparation-cortege-du-mardi\/img_3952\/\"><img decoding=\"async\" alt=\"\" width=\"300\" height=\"225\" loading=\"lazy\" src=\"https:\/\/foire-st-martin.ch\/wp-content\/uploads\/2023\/03\/IMG_3952-300x225.jpeg\"\/><\/a><\/div><div class=\"sgb-item\"><a href=\"https:\/\/foire-st-martin.ch\/en\/pgc_simply_gallery\/2022-preparation-cortege-du-mardi\/img_3950\/\"><img decoding=\"async\" alt=\"\" width=\"225\" height=\"300\" loading=\"lazy\" src=\"https:\/\/foire-st-martin.ch\/wp-content\/uploads\/2023\/03\/IMG_3950-225x300.jpeg\"\/><\/a><\/div><div class=\"sgb-item\"><a href=\"https:\/\/foire-st-martin.ch\/en\/pgc_simply_gallery\/2022-preparation-cortege-du-mardi\/img_3947\/\"><img decoding=\"async\" alt=\"\" width=\"300\" height=\"225\" loading=\"lazy\" src=\"https:\/\/foire-st-martin.ch\/wp-content\/uploads\/2023\/03\/IMG_3947-300x225.jpeg\"\/><\/a><\/div><div class=\"sgb-item\"><a href=\"https:\/\/foire-st-martin.ch\/en\/pgc_simply_gallery\/2022-preparation-cortege-du-mardi\/img_3945\/\"><img decoding=\"async\" alt=\"\" width=\"225\" height=\"300\" loading=\"lazy\" src=\"https:\/\/foire-st-martin.ch\/wp-content\/uploads\/2023\/03\/IMG_3945-225x300.jpeg\"\/><\/a><\/div><div class=\"sgb-item\"><a href=\"https:\/\/foire-st-martin.ch\/en\/pgc_simply_gallery\/2022-preparation-cortege-du-mardi\/img_3940\/\"><img decoding=\"async\" alt=\"\" width=\"300\" height=\"225\" loading=\"lazy\" src=\"https:\/\/foire-st-martin.ch\/wp-content\/uploads\/2023\/03\/IMG_3940-300x225.jpeg\"\/><\/a><\/div><div class=\"sgb-item\"><a href=\"https:\/\/foire-st-martin.ch\/en\/pgc_simply_gallery\/2022-preparation-cortege-du-mardi\/img_3938\/\"><img decoding=\"async\" alt=\"\" width=\"300\" height=\"225\" loading=\"lazy\" src=\"https:\/\/foire-st-martin.ch\/wp-content\/uploads\/2023\/03\/IMG_3938-300x225.jpeg\"\/><\/a><\/div><div class=\"sgb-item\"><a href=\"https:\/\/foire-st-martin.ch\/en\/pgc_simply_gallery\/2022-preparation-cortege-du-mardi\/img_3934\/\"><img decoding=\"async\" alt=\"\" width=\"300\" height=\"225\" loading=\"lazy\" src=\"https:\/\/foire-st-martin.ch\/wp-content\/uploads\/2023\/03\/IMG_3934-300x225.jpeg\"\/><\/a><\/div><div class=\"sgb-item\"><a href=\"https:\/\/foire-st-martin.ch\/en\/pgc_simply_gallery\/2022-preparation-cortege-du-mardi\/img_3933\/\"><img decoding=\"async\" alt=\"\" width=\"225\" height=\"300\" loading=\"lazy\" src=\"https:\/\/foire-st-martin.ch\/wp-content\/uploads\/2023\/03\/IMG_3933-225x300.jpeg\"\/><\/a><\/div><div class=\"sgb-item\"><a href=\"https:\/\/foire-st-martin.ch\/en\/pgc_simply_gallery\/2022-preparation-cortege-du-mardi\/img_3931\/\"><img decoding=\"async\" alt=\"\" width=\"300\" height=\"225\" loading=\"lazy\" src=\"https:\/\/foire-st-martin.ch\/wp-content\/uploads\/2023\/03\/IMG_3931-300x225.jpeg\"\/><\/a><\/div><div class=\"sgb-item\"><a href=\"https:\/\/foire-st-martin.ch\/en\/pgc_simply_gallery\/2022-preparation-cortege-du-mardi\/img_3929\/\"><img decoding=\"async\" alt=\"\" width=\"300\" height=\"225\" loading=\"lazy\" src=\"https:\/\/foire-st-martin.ch\/wp-content\/uploads\/2023\/03\/IMG_3929-300x225.jpeg\"\/><\/a><\/div><div class=\"sgb-item\"><a href=\"https:\/\/foire-st-martin.ch\/en\/pgc_simply_gallery\/2022-preparation-cortege-du-mardi\/img_3927\/\"><img decoding=\"async\" alt=\"\" width=\"300\" height=\"225\" loading=\"lazy\" src=\"https:\/\/foire-st-martin.ch\/wp-content\/uploads\/2023\/03\/IMG_3927-300x225.jpeg\"\/><\/a><\/div><div class=\"sgb-item\"><a href=\"https:\/\/foire-st-martin.ch\/en\/pgc_simply_gallery\/2022-preparation-cortege-du-mardi\/img_3924\/\"><img decoding=\"async\" alt=\"\" width=\"300\" height=\"225\" loading=\"lazy\" src=\"https:\/\/foire-st-martin.ch\/wp-content\/uploads\/2023\/03\/IMG_3924-300x225.jpeg\"\/><\/a><\/div><div class=\"sgb-item\"><a href=\"https:\/\/foire-st-martin.ch\/en\/pgc_simply_gallery\/2022-preparation-cortege-du-mardi\/img_3922\/\"><img decoding=\"async\" alt=\"\" width=\"300\" height=\"225\" loading=\"lazy\" src=\"https:\/\/foire-st-martin.ch\/wp-content\/uploads\/2023\/03\/IMG_3922-300x225.jpeg\"\/><\/a><\/div><div class=\"sgb-item\"><a href=\"https:\/\/foire-st-martin.ch\/en\/pgc_simply_gallery\/2022-preparation-cortege-du-mardi\/img_3919\/\"><img decoding=\"async\" alt=\"\" width=\"300\" height=\"225\" loading=\"lazy\" src=\"https:\/\/foire-st-martin.ch\/wp-content\/uploads\/2023\/03\/IMG_3919-300x225.jpeg\"\/><\/a><\/div><div class=\"sgb-item\"><a href=\"https:\/\/foire-st-martin.ch\/en\/pgc_simply_gallery\/2022-preparation-cortege-du-mardi\/img_3918\/\"><img decoding=\"async\" alt=\"\" width=\"300\" height=\"225\" loading=\"lazy\" src=\"https:\/\/foire-st-martin.ch\/wp-content\/uploads\/2023\/03\/IMG_3918-300x225.jpeg\"\/><\/a><\/div><div class=\"sgb-item\"><a href=\"https:\/\/foire-st-martin.ch\/en\/pgc_simply_gallery\/2022-preparation-cortege-du-mardi\/img_3917\/\"><img decoding=\"async\" alt=\"\" width=\"225\" height=\"300\" loading=\"lazy\" src=\"https:\/\/foire-st-martin.ch\/wp-content\/uploads\/2023\/03\/IMG_3917-225x300.jpeg\"\/><\/a><\/div><div class=\"sgb-item\"><a href=\"https:\/\/foire-st-martin.ch\/en\/pgc_simply_gallery\/2022-preparation-cortege-du-mardi\/img_3916\/\"><img decoding=\"async\" alt=\"\" width=\"300\" height=\"225\" loading=\"lazy\" src=\"https:\/\/foire-st-martin.ch\/wp-content\/uploads\/2023\/03\/IMG_3916-300x225.jpeg\"\/><\/a><\/div><div class=\"sgb-item\"><a href=\"https:\/\/foire-st-martin.ch\/en\/pgc_simply_gallery\/2022-preparation-cortege-du-mardi\/img_3914\/\"><img decoding=\"async\" alt=\"\" width=\"300\" height=\"225\" loading=\"lazy\" src=\"https:\/\/foire-st-martin.ch\/wp-content\/uploads\/2023\/03\/IMG_3914-300x225.jpeg\"\/><\/a><\/div><div class=\"sgb-item\"><a href=\"https:\/\/foire-st-martin.ch\/en\/pgc_simply_gallery\/2022-preparation-cortege-du-mardi\/img_3911\/\"><img decoding=\"async\" alt=\"\" width=\"300\" height=\"225\" loading=\"lazy\" src=\"https:\/\/foire-st-martin.ch\/wp-content\/uploads\/2023\/03\/IMG_3911-300x225.jpeg\"\/><\/a><\/div><div class=\"sgb-item\"><a href=\"https:\/\/foire-st-martin.ch\/en\/pgc_simply_gallery\/2022-preparation-cortege-du-mardi\/img_3910\/\"><img decoding=\"async\" alt=\"\" width=\"300\" height=\"225\" loading=\"lazy\" src=\"https:\/\/foire-st-martin.ch\/wp-content\/uploads\/2023\/03\/IMG_3910-300x225.jpeg\"\/><\/a><\/div><div class=\"sgb-item\"><a href=\"https:\/\/foire-st-martin.ch\/en\/pgc_simply_gallery\/2022-preparation-cortege-du-mardi\/img_3907\/\"><img decoding=\"async\" alt=\"\" width=\"300\" height=\"225\" loading=\"lazy\" src=\"https:\/\/foire-st-martin.ch\/wp-content\/uploads\/2023\/03\/IMG_3907-300x225.jpeg\"\/><\/a><\/div><div class=\"sgb-item\"><a href=\"https:\/\/foire-st-martin.ch\/en\/pgc_simply_gallery\/2022-preparation-cortege-du-mardi\/img_3905\/\"><img decoding=\"async\" alt=\"\" width=\"300\" height=\"225\" loading=\"lazy\" src=\"https:\/\/foire-st-martin.ch\/wp-content\/uploads\/2023\/03\/IMG_3905-300x225.jpeg\"\/><\/a><\/div><div class=\"sgb-item\"><a href=\"https:\/\/foire-st-martin.ch\/en\/pgc_simply_gallery\/2022-preparation-cortege-du-mardi\/img_3901\/\"><img decoding=\"async\" alt=\"\" width=\"300\" height=\"225\" loading=\"lazy\" src=\"https:\/\/foire-st-martin.ch\/wp-content\/uploads\/2023\/03\/IMG_3901-300x225.jpeg\"\/><\/a><\/div><div class=\"sgb-item\"><a href=\"https:\/\/foire-st-martin.ch\/en\/pgc_simply_gallery\/2022-preparation-cortege-du-mardi\/img_3897\/\"><img decoding=\"async\" alt=\"\" width=\"300\" height=\"225\" loading=\"lazy\" src=\"https:\/\/foire-st-martin.ch\/wp-content\/uploads\/2023\/03\/IMG_3897-300x225.jpeg\"\/><\/a><\/div><div class=\"sgb-item\"><a href=\"https:\/\/foire-st-martin.ch\/en\/pgc_simply_gallery\/2022-preparation-cortege-du-mardi\/img_3896\/\"><img decoding=\"async\" alt=\"\" width=\"300\" height=\"225\" loading=\"lazy\" src=\"https:\/\/foire-st-martin.ch\/wp-content\/uploads\/2023\/03\/IMG_3896-300x225.jpeg\"\/><\/a><\/div><div class=\"sgb-item\"><a href=\"https:\/\/foire-st-martin.ch\/en\/pgc_simply_gallery\/2022-preparation-cortege-du-mardi\/img_3895\/\"><img decoding=\"async\" alt=\"\" width=\"300\" height=\"225\" loading=\"lazy\" src=\"https:\/\/foire-st-martin.ch\/wp-content\/uploads\/2023\/03\/IMG_3895-300x225.jpeg\"\/><\/a><\/div><div class=\"sgb-item\"><a href=\"https:\/\/foire-st-martin.ch\/en\/pgc_simply_gallery\/2022-preparation-cortege-du-mardi\/2022_8_11_st_martin_74\/\"><img decoding=\"async\" alt=\"\" width=\"200\" height=\"300\" loading=\"lazy\" src=\"https:\/\/foire-st-martin.ch\/wp-content\/uploads\/2023\/03\/2022_8_11_St_MARTIN_74-200x300.jpg\"\/><\/a><\/div><div class=\"sgb-item\"><a href=\"https:\/\/foire-st-martin.ch\/en\/pgc_simply_gallery\/2022-preparation-cortege-du-mardi\/2022_8_11_st_martin_75\/\"><img decoding=\"async\" alt=\"\" width=\"300\" height=\"200\" loading=\"lazy\" src=\"https:\/\/foire-st-martin.ch\/wp-content\/uploads\/2023\/03\/2022_8_11_St_MARTIN_75-300x200.jpg\"\/><\/a><\/div><div class=\"sgb-item\"><a href=\"https:\/\/foire-st-martin.ch\/en\/pgc_simply_gallery\/2022-preparation-cortege-du-mardi\/2022_8_11_st_martin_76\/\"><img decoding=\"async\" alt=\"\" width=\"200\" height=\"300\" loading=\"lazy\" src=\"https:\/\/foire-st-martin.ch\/wp-content\/uploads\/2023\/03\/2022_8_11_St_MARTIN_76-200x300.jpg\"\/><\/a><\/div><div class=\"sgb-item\"><a href=\"https:\/\/foire-st-martin.ch\/en\/pgc_simply_gallery\/2022-preparation-cortege-du-mardi\/2022_8_11_st_martin_81\/\"><img decoding=\"async\" alt=\"\" width=\"300\" height=\"200\" loading=\"lazy\" src=\"https:\/\/foire-st-martin.ch\/wp-content\/uploads\/2023\/03\/2022_8_11_St_MARTIN_81-300x200.jpg\"\/><\/a><\/div><div class=\"sgb-item\"><a href=\"https:\/\/foire-st-martin.ch\/en\/pgc_simply_gallery\/2022-preparation-cortege-du-mardi\/2022_8_11_st_martin_13\/\"><img decoding=\"async\" alt=\"\" width=\"200\" height=\"300\" loading=\"lazy\" src=\"https:\/\/foire-st-martin.ch\/wp-content\/uploads\/2023\/03\/2022_8_11_St_MARTIN_13-200x300.jpg\"\/><\/a><\/div><div class=\"sgb-item\"><a href=\"https:\/\/foire-st-martin.ch\/en\/pgc_simply_gallery\/2022-preparation-cortege-du-mardi\/2022_8_11_st_martin_12\/\"><img decoding=\"async\" alt=\"\" width=\"200\" height=\"300\" loading=\"lazy\" src=\"https:\/\/foire-st-martin.ch\/wp-content\/uploads\/2023\/03\/2022_8_11_St_MARTIN_12-200x300.jpg\"\/><\/a><\/div><div class=\"sgb-item\"><a href=\"https:\/\/foire-st-martin.ch\/en\/pgc_simply_gallery\/2022-preparation-cortege-du-mardi\/2022_8_11_st_martin_09\/\"><img decoding=\"async\" alt=\"\" width=\"300\" height=\"200\" loading=\"lazy\" src=\"https:\/\/foire-st-martin.ch\/wp-content\/uploads\/2023\/03\/2022_8_11_St_MARTIN_09-300x200.jpg\"\/><\/a><\/div><div class=\"sgb-item\"><a href=\"https:\/\/foire-st-martin.ch\/en\/pgc_simply_gallery\/2022-preparation-cortege-du-mardi\/2022_8_11_st_martin_06\/\"><img decoding=\"async\" alt=\"\" width=\"200\" height=\"300\" loading=\"lazy\" src=\"https:\/\/foire-st-martin.ch\/wp-content\/uploads\/2023\/03\/2022_8_11_St_MARTIN_06-200x300.jpg\"\/><\/a><\/div><div class=\"sgb-item\"><a href=\"https:\/\/foire-st-martin.ch\/en\/pgc_simply_gallery\/2022-preparation-cortege-du-mardi\/2022_8_11_st_martin_03\/\"><img decoding=\"async\" alt=\"\" width=\"200\" height=\"300\" loading=\"lazy\" src=\"https:\/\/foire-st-martin.ch\/wp-content\/uploads\/2023\/03\/2022_8_11_St_MARTIN_03-200x300.jpg\"\/><\/a><\/div><div class=\"sgb-item\"><a href=\"https:\/\/foire-st-martin.ch\/en\/pgc_simply_gallery\/2022-preparation-cortege-du-mardi\/2022_8_11_st_martin_01\/\"><img decoding=\"async\" alt=\"\" width=\"200\" height=\"300\" loading=\"lazy\" src=\"https:\/\/foire-st-martin.ch\/wp-content\/uploads\/2023\/03\/2022_8_11_St_MARTIN_01-200x300.jpg\"\/><\/a><\/div><div class=\"sgb-item\"><a href=\"https:\/\/foire-st-martin.ch\/en\/pgc_simply_gallery\/2022-preparation-cortege-du-mardi\/2022_8_11_st_martin_16\/\"><img decoding=\"async\" alt=\"\" width=\"200\" height=\"300\" loading=\"lazy\" src=\"https:\/\/foire-st-martin.ch\/wp-content\/uploads\/2023\/03\/2022_8_11_St_MARTIN_16-200x300.jpg\"\/><\/a><\/div><div class=\"sgb-item\"><a href=\"https:\/\/foire-st-martin.ch\/en\/pgc_simply_gallery\/2022-preparation-cortege-du-mardi\/2022_8_11_st_martin_18\/\"><img decoding=\"async\" alt=\"\" width=\"200\" height=\"300\" loading=\"lazy\" src=\"https:\/\/foire-st-martin.ch\/wp-content\/uploads\/2023\/03\/2022_8_11_St_MARTIN_18-200x300.jpg\"\/><\/a><\/div><div class=\"sgb-item\"><a href=\"https:\/\/foire-st-martin.ch\/en\/pgc_simply_gallery\/2022-preparation-cortege-du-mardi\/2022_8_11_st_martin_20\/\"><img decoding=\"async\" alt=\"\" width=\"200\" height=\"300\" loading=\"lazy\" src=\"https:\/\/foire-st-martin.ch\/wp-content\/uploads\/2023\/03\/2022_8_11_St_MARTIN_20-200x300.jpg\"\/><\/a><\/div><div class=\"sgb-item\"><a href=\"https:\/\/foire-st-martin.ch\/en\/pgc_simply_gallery\/2022-preparation-cortege-du-mardi\/2022_8_11_st_martin_29\/\"><img decoding=\"async\" alt=\"\" width=\"300\" height=\"200\" loading=\"lazy\" src=\"https:\/\/foire-st-martin.ch\/wp-content\/uploads\/2023\/03\/2022_8_11_St_MARTIN_29-300x200.jpg\"\/><\/a><\/div><div class=\"sgb-item\"><a href=\"https:\/\/foire-st-martin.ch\/en\/pgc_simply_gallery\/2022-preparation-cortege-du-mardi\/2022_8_11_st_martin_30\/\"><img decoding=\"async\" alt=\"\" width=\"300\" height=\"200\" loading=\"lazy\" src=\"https:\/\/foire-st-martin.ch\/wp-content\/uploads\/2023\/03\/2022_8_11_St_MARTIN_30-300x200.jpg\"\/><\/a><\/div><div class=\"sgb-item\"><a href=\"https:\/\/foire-st-martin.ch\/en\/pgc_simply_gallery\/2022-preparation-cortege-du-mardi\/2022_8_11_st_martin_31\/\"><img decoding=\"async\" alt=\"\" width=\"300\" height=\"200\" loading=\"lazy\" src=\"https:\/\/foire-st-martin.ch\/wp-content\/uploads\/2023\/03\/2022_8_11_St_MARTIN_31-300x200.jpg\"\/><\/a><\/div><div class=\"sgb-item\"><a href=\"https:\/\/foire-st-martin.ch\/en\/pgc_simply_gallery\/2022-preparation-cortege-du-mardi\/2022_8_11_st_martin_47\/\"><img decoding=\"async\" alt=\"\" width=\"300\" height=\"200\" loading=\"lazy\" src=\"https:\/\/foire-st-martin.ch\/wp-content\/uploads\/2023\/03\/2022_8_11_St_MARTIN_47-300x200.jpg\"\/><\/a><\/div><div class=\"sgb-item\"><a href=\"https:\/\/foire-st-martin.ch\/en\/pgc_simply_gallery\/2022-preparation-cortege-du-mardi\/2022_8_11_st_martin_45\/\"><img decoding=\"async\" alt=\"\" width=\"200\" height=\"300\" loading=\"lazy\" src=\"https:\/\/foire-st-martin.ch\/wp-content\/uploads\/2023\/03\/2022_8_11_St_MARTIN_45-200x300.jpg\"\/><\/a><\/div><div class=\"sgb-item\"><a href=\"https:\/\/foire-st-martin.ch\/en\/pgc_simply_gallery\/2022-preparation-cortege-du-mardi\/2022_8_11_st_martin_44\/\"><img decoding=\"async\" alt=\"\" width=\"200\" height=\"300\" loading=\"lazy\" src=\"https:\/\/foire-st-martin.ch\/wp-content\/uploads\/2023\/03\/2022_8_11_St_MARTIN_44-200x300.jpg\"\/><\/a><\/div><div class=\"sgb-item\"><a href=\"https:\/\/foire-st-martin.ch\/en\/pgc_simply_gallery\/2022-preparation-cortege-du-mardi\/2022_8_11_st_martin_43\/\"><img decoding=\"async\" alt=\"\" width=\"200\" height=\"300\" loading=\"lazy\" src=\"https:\/\/foire-st-martin.ch\/wp-content\/uploads\/2023\/03\/2022_8_11_St_MARTIN_43-200x300.jpg\"\/><\/a><\/div><div class=\"sgb-item\"><a href=\"https:\/\/foire-st-martin.ch\/en\/pgc_simply_gallery\/2022-preparation-cortege-du-mardi\/2022_8_11_st_martin_40\/\"><img decoding=\"async\" alt=\"\" width=\"300\" height=\"200\" loading=\"lazy\" src=\"https:\/\/foire-st-martin.ch\/wp-content\/uploads\/2023\/03\/2022_8_11_St_MARTIN_40-300x200.jpg\"\/><\/a><\/div><div class=\"sgb-item\"><a href=\"https:\/\/foire-st-martin.ch\/en\/pgc_simply_gallery\/2022-preparation-cortege-du-mardi\/2022_8_11_st_martin_36\/\"><img decoding=\"async\" alt=\"\" width=\"200\" height=\"300\" loading=\"lazy\" src=\"https:\/\/foire-st-martin.ch\/wp-content\/uploads\/2023\/03\/2022_8_11_St_MARTIN_36-200x300.jpg\"\/><\/a><\/div><div class=\"sgb-item\"><a href=\"https:\/\/foire-st-martin.ch\/en\/pgc_simply_gallery\/2022-preparation-cortege-du-mardi\/2022_8_11_st_martin_49\/\"><img decoding=\"async\" alt=\"\" width=\"300\" height=\"200\" loading=\"lazy\" src=\"https:\/\/foire-st-martin.ch\/wp-content\/uploads\/2023\/03\/2022_8_11_St_MARTIN_49-300x200.jpg\"\/><\/a><\/div><div class=\"sgb-item\"><a href=\"https:\/\/foire-st-martin.ch\/en\/pgc_simply_gallery\/2022-preparation-cortege-du-mardi\/2022_8_11_st_martin_51\/\"><img decoding=\"async\" alt=\"\" width=\"300\" height=\"200\" loading=\"lazy\" src=\"https:\/\/foire-st-martin.ch\/wp-content\/uploads\/2023\/03\/2022_8_11_St_MARTIN_51-300x200.jpg\"\/><\/a><\/div><div class=\"sgb-item\"><a href=\"https:\/\/foire-st-martin.ch\/en\/pgc_simply_gallery\/2022-preparation-cortege-du-mardi\/2022_8_11_st_martin_53\/\"><img decoding=\"async\" alt=\"\" width=\"300\" height=\"200\" loading=\"lazy\" src=\"https:\/\/foire-st-martin.ch\/wp-content\/uploads\/2023\/03\/2022_8_11_St_MARTIN_53-300x200.jpg\"\/><\/a><\/div><div class=\"sgb-item\"><a href=\"https:\/\/foire-st-martin.ch\/en\/pgc_simply_gallery\/2022-preparation-cortege-du-mardi\/2022_8_11_st_martin_55\/\"><img decoding=\"async\" alt=\"\" width=\"300\" height=\"200\" loading=\"lazy\" src=\"https:\/\/foire-st-martin.ch\/wp-content\/uploads\/2023\/03\/2022_8_11_St_MARTIN_55-300x200.jpg\"\/><\/a><\/div><div class=\"sgb-item\"><a href=\"https:\/\/foire-st-martin.ch\/en\/pgc_simply_gallery\/2022-preparation-cortege-du-mardi\/2022_8_11_st_martin_60\/\"><img decoding=\"async\" alt=\"\" width=\"200\" height=\"300\" loading=\"lazy\" src=\"https:\/\/foire-st-martin.ch\/wp-content\/uploads\/2023\/03\/2022_8_11_St_MARTIN_60-200x300.jpg\"\/><\/a><\/div><div class=\"sgb-item\"><a href=\"https:\/\/foire-st-martin.ch\/en\/pgc_simply_gallery\/2022-preparation-cortege-du-mardi\/2022_8_11_st_martin_62\/\"><img decoding=\"async\" alt=\"\" width=\"200\" height=\"300\" loading=\"lazy\" src=\"https:\/\/foire-st-martin.ch\/wp-content\/uploads\/2023\/03\/2022_8_11_St_MARTIN_62-200x300.jpg\"\/><\/a><\/div><div class=\"sgb-item\"><a href=\"https:\/\/foire-st-martin.ch\/en\/pgc_simply_gallery\/2022-preparation-cortege-du-mardi\/2022_8_11_st_martin_72\/\"><img decoding=\"async\" alt=\"\" width=\"200\" height=\"300\" loading=\"lazy\" src=\"https:\/\/foire-st-martin.ch\/wp-content\/uploads\/2023\/03\/2022_8_11_St_MARTIN_72-200x300.jpg\"\/><\/a><\/div><div class=\"sgb-item\"><a href=\"https:\/\/foire-st-martin.ch\/en\/pgc_simply_gallery\/2022-preparation-cortege-du-mardi\/2022_8_11_st_martin_71\/\"><img decoding=\"async\" alt=\"\" width=\"300\" height=\"200\" loading=\"lazy\" src=\"https:\/\/foire-st-martin.ch\/wp-content\/uploads\/2023\/03\/2022_8_11_St_MARTIN_71-300x200.jpg\"\/><\/a><\/div><div class=\"sgb-item\"><a href=\"https:\/\/foire-st-martin.ch\/en\/pgc_simply_gallery\/2022-preparation-cortege-du-mardi\/2022_8_11_st_martin_70\/\"><img decoding=\"async\" alt=\"\" width=\"300\" height=\"200\" loading=\"lazy\" src=\"https:\/\/foire-st-martin.ch\/wp-content\/uploads\/2023\/03\/2022_8_11_St_MARTIN_70-300x200.jpg\"\/><\/a><\/div><div class=\"sgb-item\"><a href=\"https:\/\/foire-st-martin.ch\/en\/pgc_simply_gallery\/2022-preparation-cortege-du-mardi\/2022_8_11_st_martin_68\/\"><img decoding=\"async\" alt=\"\" width=\"300\" height=\"200\" loading=\"lazy\" src=\"https:\/\/foire-st-martin.ch\/wp-content\/uploads\/2023\/03\/2022_8_11_St_MARTIN_68-300x200.jpg\"\/><\/a><\/div><div class=\"sgb-item\"><a href=\"https:\/\/foire-st-martin.ch\/en\/pgc_simply_gallery\/2022-preparation-cortege-du-mardi\/2022_8_11_st_martin_67\/\"><img decoding=\"async\" alt=\"\" width=\"200\" height=\"300\" loading=\"lazy\" src=\"https:\/\/foire-st-martin.ch\/wp-content\/uploads\/2023\/03\/2022_8_11_St_MARTIN_67-200x300.jpg\"\/><\/a><\/div><div class=\"sgb-item\"><a href=\"https:\/\/foire-st-martin.ch\/en\/pgc_simply_gallery\/2022-preparation-cortege-du-mardi\/2022_8_11_st_martin_63\/\"><img decoding=\"async\" alt=\"\" width=\"200\" height=\"300\" loading=\"lazy\" src=\"https:\/\/foire-st-martin.ch\/wp-content\/uploads\/2023\/03\/2022_8_11_St_MARTIN_63-200x300.jpg\"\/><\/a><\/div><\/div><\/div><script type=\"application\/json\" class=\"sgb-data\">{\"galleryType\":\"pgc_sgb_grid\",\"galleryId\":\"9d043006\",\"images\":[{\"id\":2280,\"title\":\"IMG_3952\",\"url\":\"https:\/\/foire-st-martin.ch\/wp-content\/uploads\/2023\/03\/IMG_3952.jpeg\",\"link\":\"https:\/\/foire-st-martin.ch\/pgc_simply_gallery\/2022-preparation-cortege-du-mardi\/img_3952\/\",\"alt\":\"\",\"description\":\"\",\"caption\":\"\",\"mime\":\"image\/jpeg\",\"type\":\"image\",\"width\":2048,\"height\":1536,\"sizes\":{\"thumbnail\":{\"url\":\"https:\/\/foire-st-martin.ch\/wp-content\/uploads\/2023\/03\/IMG_3952-150x150.jpeg\",\"height\":150,\"width\":150,\"orientation\":\"landscape\"},\"medium\":{\"url\":\"https:\/\/foire-st-martin.ch\/wp-content\/uploads\/2023\/03\/IMG_3952-300x225.jpeg\",\"height\":225,\"width\":300,\"orientation\":\"landscape\"},\"large\":{\"url\":\"https:\/\/foire-st-martin.ch\/wp-content\/uploads\/2023\/03\/IMG_3952-1024x768.jpeg\",\"height\":768,\"width\":1024,\"orientation\":\"landscape\"},\"full\":{\"url\":\"https:\/\/foire-st-martin.ch\/wp-content\/uploads\/2023\/03\/IMG_3952.jpeg\",\"height\":1536,\"width\":2048,\"orientation\":\"landscape\"}},\"meta\":false,\"postlink\":\"https:\/\/foire-st-martin.ch\/pgc_simply_gallery\/2022-preparation-cortege-du-mardi\/img_3952\/\"},{\"id\":2279,\"title\":\"IMG_3950\",\"url\":\"https:\/\/foire-st-martin.ch\/wp-content\/uploads\/2023\/03\/IMG_3950.jpeg\",\"link\":\"https:\/\/foire-st-martin.ch\/pgc_simply_gallery\/2022-preparation-cortege-du-mardi\/img_3950\/\",\"alt\":\"\",\"description\":\"\",\"caption\":\"\",\"mime\":\"image\/jpeg\",\"type\":\"image\",\"width\":1536,\"height\":2048,\"sizes\":{\"thumbnail\":{\"url\":\"https:\/\/foire-st-martin.ch\/wp-content\/uploads\/2023\/03\/IMG_3950-150x150.jpeg\",\"height\":150,\"width\":150,\"orientation\":\"landscape\"},\"medium\":{\"url\":\"https:\/\/foire-st-martin.ch\/wp-content\/uploads\/2023\/03\/IMG_3950-225x300.jpeg\",\"height\":300,\"width\":225,\"orientation\":\"portrait\"},\"large\":{\"url\":\"https:\/\/foire-st-martin.ch\/wp-content\/uploads\/2023\/03\/IMG_3950-768x1024.jpeg\",\"height\":1024,\"width\":768,\"orientation\":\"portrait\"},\"full\":{\"url\":\"https:\/\/foire-st-martin.ch\/wp-content\/uploads\/2023\/03\/IMG_3950.jpeg\",\"height\":2048,\"width\":1536,\"orientation\":\"portrait\"}},\"meta\":false,\"postlink\":\"https:\/\/foire-st-martin.ch\/pgc_simply_gallery\/2022-preparation-cortege-du-mardi\/img_3950\/\"},{\"id\":2278,\"title\":\"IMG_3947\",\"url\":\"https:\/\/foire-st-martin.ch\/wp-content\/uploads\/2023\/03\/IMG_3947.jpeg\",\"link\":\"https:\/\/foire-st-martin.ch\/pgc_simply_gallery\/2022-preparation-cortege-du-mardi\/img_3947\/\",\"alt\":\"\",\"description\":\"\",\"caption\":\"\",\"mime\":\"image\/jpeg\",\"type\":\"image\",\"width\":2048,\"height\":1536,\"sizes\":{\"thumbnail\":{\"url\":\"https:\/\/foire-st-martin.ch\/wp-content\/uploads\/2023\/03\/IMG_3947-150x150.jpeg\",\"height\":150,\"width\":150,\"orientation\":\"landscape\"},\"medium\":{\"url\":\"https:\/\/foire-st-martin.ch\/wp-content\/uploads\/2023\/03\/IMG_3947-300x225.jpeg\",\"height\":225,\"width\":300,\"orientation\":\"landscape\"},\"large\":{\"url\":\"https:\/\/foire-st-martin.ch\/wp-content\/uploads\/2023\/03\/IMG_3947-1024x768.jpeg\",\"height\":768,\"width\":1024,\"orientation\":\"landscape\"},\"full\":{\"url\":\"https:\/\/foire-st-martin.ch\/wp-content\/uploads\/2023\/03\/IMG_3947.jpeg\",\"height\":1536,\"width\":2048,\"orientation\":\"landscape\"}},\"meta\":false,\"postlink\":\"https:\/\/foire-st-martin.ch\/pgc_simply_gallery\/2022-preparation-cortege-du-mardi\/img_3947\/\"},{\"id\":2277,\"title\":\"IMG_3945\",\"url\":\"https:\/\/foire-st-martin.ch\/wp-content\/uploads\/2023\/03\/IMG_3945.jpeg\",\"link\":\"https:\/\/foire-st-martin.ch\/pgc_simply_gallery\/2022-preparation-cortege-du-mardi\/img_3945\/\",\"alt\":\"\",\"description\":\"\",\"caption\":\"\",\"mime\":\"image\/jpeg\",\"type\":\"image\",\"width\":1536,\"height\":2048,\"sizes\":{\"thumbnail\":{\"url\":\"https:\/\/foire-st-martin.ch\/wp-content\/uploads\/2023\/03\/IMG_3945-150x150.jpeg\",\"height\":150,\"width\":150,\"orientation\":\"landscape\"},\"medium\":{\"url\":\"https:\/\/foire-st-martin.ch\/wp-content\/uploads\/2023\/03\/IMG_3945-225x300.jpeg\",\"height\":300,\"width\":225,\"orientation\":\"portrait\"},\"large\":{\"url\":\"https:\/\/foire-st-martin.ch\/wp-content\/uploads\/2023\/03\/IMG_3945-768x1024.jpeg\",\"height\":1024,\"width\":768,\"orientation\":\"portrait\"},\"full\":{\"url\":\"https:\/\/foire-st-martin.ch\/wp-content\/uploads\/2023\/03\/IMG_3945.jpeg\",\"height\":2048,\"width\":1536,\"orientation\":\"portrait\"}},\"meta\":false,\"postlink\":\"https:\/\/foire-st-martin.ch\/pgc_simply_gallery\/2022-preparation-cortege-du-mardi\/img_3945\/\"},{\"id\":2276,\"title\":\"IMG_3940\",\"url\":\"https:\/\/foire-st-martin.ch\/wp-content\/uploads\/2023\/03\/IMG_3940.jpeg\",\"link\":\"https:\/\/foire-st-martin.ch\/pgc_simply_gallery\/2022-preparation-cortege-du-mardi\/img_3940\/\",\"alt\":\"\",\"description\":\"\",\"caption\":\"\",\"mime\":\"image\/jpeg\",\"type\":\"image\",\"width\":2048,\"height\":1536,\"sizes\":{\"thumbnail\":{\"url\":\"https:\/\/foire-st-martin.ch\/wp-content\/uploads\/2023\/03\/IMG_3940-150x150.jpeg\",\"height\":150,\"width\":150,\"orientation\":\"landscape\"},\"medium\":{\"url\":\"https:\/\/foire-st-martin.ch\/wp-content\/uploads\/2023\/03\/IMG_3940-300x225.jpeg\",\"height\":225,\"width\":300,\"orientation\":\"landscape\"},\"large\":{\"url\":\"https:\/\/foire-st-martin.ch\/wp-content\/uploads\/2023\/03\/IMG_3940-1024x768.jpeg\",\"height\":768,\"width\":1024,\"orientation\":\"landscape\"},\"full\":{\"url\":\"https:\/\/foire-st-martin.ch\/wp-content\/uploads\/2023\/03\/IMG_3940.jpeg\",\"height\":1536,\"width\":2048,\"orientation\":\"landscape\"}},\"meta\":false,\"postlink\":\"https:\/\/foire-st-martin.ch\/pgc_simply_gallery\/2022-preparation-cortege-du-mardi\/img_3940\/\"},{\"id\":2275,\"title\":\"IMG_3938\",\"url\":\"https:\/\/foire-st-martin.ch\/wp-content\/uploads\/2023\/03\/IMG_3938.jpeg\",\"link\":\"https:\/\/foire-st-martin.ch\/pgc_simply_gallery\/2022-preparation-cortege-du-mardi\/img_3938\/\",\"alt\":\"\",\"description\":\"\",\"caption\":\"\",\"mime\":\"image\/jpeg\",\"type\":\"image\",\"width\":2048,\"height\":1536,\"sizes\":{\"thumbnail\":{\"url\":\"https:\/\/foire-st-martin.ch\/wp-content\/uploads\/2023\/03\/IMG_3938-150x150.jpeg\",\"height\":150,\"width\":150,\"orientation\":\"landscape\"},\"medium\":{\"url\":\"https:\/\/foire-st-martin.ch\/wp-content\/uploads\/2023\/03\/IMG_3938-300x225.jpeg\",\"height\":225,\"width\":300,\"orientation\":\"landscape\"},\"large\":{\"url\":\"https:\/\/foire-st-martin.ch\/wp-content\/uploads\/2023\/03\/IMG_3938-1024x768.jpeg\",\"height\":768,\"width\":1024,\"orientation\":\"landscape\"},\"full\":{\"url\":\"https:\/\/foire-st-martin.ch\/wp-content\/uploads\/2023\/03\/IMG_3938.jpeg\",\"height\":1536,\"width\":2048,\"orientation\":\"landscape\"}},\"meta\":false,\"postlink\":\"https:\/\/foire-st-martin.ch\/pgc_simply_gallery\/2022-preparation-cortege-du-mardi\/img_3938\/\"},{\"id\":2274,\"title\":\"IMG_3934\",\"url\":\"https:\/\/foire-st-martin.ch\/wp-content\/uploads\/2023\/03\/IMG_3934.jpeg\",\"link\":\"https:\/\/foire-st-martin.ch\/pgc_simply_gallery\/2022-preparation-cortege-du-mardi\/img_3934\/\",\"alt\":\"\",\"description\":\"\",\"caption\":\"\",\"mime\":\"image\/jpeg\",\"type\":\"image\",\"width\":2048,\"height\":1536,\"sizes\":{\"thumbnail\":{\"url\":\"https:\/\/foire-st-martin.ch\/wp-content\/uploads\/2023\/03\/IMG_3934-150x150.jpeg\",\"height\":150,\"width\":150,\"orientation\":\"landscape\"},\"medium\":{\"url\":\"https:\/\/foire-st-martin.ch\/wp-content\/uploads\/2023\/03\/IMG_3934-300x225.jpeg\",\"height\":225,\"width\":300,\"orientation\":\"landscape\"},\"large\":{\"url\":\"https:\/\/foire-st-martin.ch\/wp-content\/uploads\/2023\/03\/IMG_3934-1024x768.jpeg\",\"height\":768,\"width\":1024,\"orientation\":\"landscape\"},\"full\":{\"url\":\"https:\/\/foire-st-martin.ch\/wp-content\/uploads\/2023\/03\/IMG_3934.jpeg\",\"height\":1536,\"width\":2048,\"orientation\":\"landscape\"}},\"meta\":false,\"postlink\":\"https:\/\/foire-st-martin.ch\/pgc_simply_gallery\/2022-preparation-cortege-du-mardi\/img_3934\/\"},{\"id\":2273,\"title\":\"IMG_3933\",\"url\":\"https:\/\/foire-st-martin.ch\/wp-content\/uploads\/2023\/03\/IMG_3933.jpeg\",\"link\":\"https:\/\/foire-st-martin.ch\/pgc_simply_gallery\/2022-preparation-cortege-du-mardi\/img_3933\/\",\"alt\":\"\",\"description\":\"\",\"caption\":\"\",\"mime\":\"image\/jpeg\",\"type\":\"image\",\"width\":1536,\"height\":2048,\"sizes\":{\"thumbnail\":{\"url\":\"https:\/\/foire-st-martin.ch\/wp-content\/uploads\/2023\/03\/IMG_3933-150x150.jpeg\",\"height\":150,\"width\":150,\"orientation\":\"landscape\"},\"medium\":{\"url\":\"https:\/\/foire-st-martin.ch\/wp-content\/uploads\/2023\/03\/IMG_3933-225x300.jpeg\",\"height\":300,\"width\":225,\"orientation\":\"portrait\"},\"large\":{\"url\":\"https:\/\/foire-st-martin.ch\/wp-content\/uploads\/2023\/03\/IMG_3933-768x1024.jpeg\",\"height\":1024,\"width\":768,\"orientation\":\"portrait\"},\"full\":{\"url\":\"https:\/\/foire-st-martin.ch\/wp-content\/uploads\/2023\/03\/IMG_3933.jpeg\",\"height\":2048,\"width\":1536,\"orientation\":\"portrait\"}},\"meta\":false,\"postlink\":\"https:\/\/foire-st-martin.ch\/pgc_simply_gallery\/2022-preparation-cortege-du-mardi\/img_3933\/\"},{\"id\":2272,\"title\":\"IMG_3931\",\"url\":\"https:\/\/foire-st-martin.ch\/wp-content\/uploads\/2023\/03\/IMG_3931.jpeg\",\"link\":\"https:\/\/foire-st-martin.ch\/pgc_simply_gallery\/2022-preparation-cortege-du-mardi\/img_3931\/\",\"alt\":\"\",\"description\":\"\",\"caption\":\"\",\"mime\":\"image\/jpeg\",\"type\":\"image\",\"width\":2048,\"height\":1536,\"sizes\":{\"thumbnail\":{\"url\":\"https:\/\/foire-st-martin.ch\/wp-content\/uploads\/2023\/03\/IMG_3931-150x150.jpeg\",\"height\":150,\"width\":150,\"orientation\":\"landscape\"},\"medium\":{\"url\":\"https:\/\/foire-st-martin.ch\/wp-content\/uploads\/2023\/03\/IMG_3931-300x225.jpeg\",\"height\":225,\"width\":300,\"orientation\":\"landscape\"},\"large\":{\"url\":\"https:\/\/foire-st-martin.ch\/wp-content\/uploads\/2023\/03\/IMG_3931-1024x768.jpeg\",\"height\":768,\"width\":1024,\"orientation\":\"landscape\"},\"full\":{\"url\":\"https:\/\/foire-st-martin.ch\/wp-content\/uploads\/2023\/03\/IMG_3931.jpeg\",\"height\":1536,\"width\":2048,\"orientation\":\"landscape\"}},\"meta\":false,\"postlink\":\"https:\/\/foire-st-martin.ch\/pgc_simply_gallery\/2022-preparation-cortege-du-mardi\/img_3931\/\"},{\"id\":2271,\"title\":\"IMG_3929\",\"url\":\"https:\/\/foire-st-martin.ch\/wp-content\/uploads\/2023\/03\/IMG_3929.jpeg\",\"link\":\"https:\/\/foire-st-martin.ch\/pgc_simply_gallery\/2022-preparation-cortege-du-mardi\/img_3929\/\",\"alt\":\"\",\"description\":\"\",\"caption\":\"\",\"mime\":\"image\/jpeg\",\"type\":\"image\",\"width\":2048,\"height\":1536,\"sizes\":{\"thumbnail\":{\"url\":\"https:\/\/foire-st-martin.ch\/wp-content\/uploads\/2023\/03\/IMG_3929-150x150.jpeg\",\"height\":150,\"width\":150,\"orientation\":\"landscape\"},\"medium\":{\"url\":\"https:\/\/foire-st-martin.ch\/wp-content\/uploads\/2023\/03\/IMG_3929-300x225.jpeg\",\"height\":225,\"width\":300,\"orientation\":\"landscape\"},\"large\":{\"url\":\"https:\/\/foire-st-martin.ch\/wp-content\/uploads\/2023\/03\/IMG_3929-1024x768.jpeg\",\"height\":768,\"width\":1024,\"orientation\":\"landscape\"},\"full\":{\"url\":\"https:\/\/foire-st-martin.ch\/wp-content\/uploads\/2023\/03\/IMG_3929.jpeg\",\"height\":1536,\"width\":2048,\"orientation\":\"landscape\"}},\"meta\":false,\"postlink\":\"https:\/\/foire-st-martin.ch\/pgc_simply_gallery\/2022-preparation-cortege-du-mardi\/img_3929\/\"},{\"id\":2270,\"title\":\"IMG_3927\",\"url\":\"https:\/\/foire-st-martin.ch\/wp-content\/uploads\/2023\/03\/IMG_3927.jpeg\",\"link\":\"https:\/\/foire-st-martin.ch\/pgc_simply_gallery\/2022-preparation-cortege-du-mardi\/img_3927\/\",\"alt\":\"\",\"description\":\"\",\"caption\":\"\",\"mime\":\"image\/jpeg\",\"type\":\"image\",\"width\":2048,\"height\":1536,\"sizes\":{\"thumbnail\":{\"url\":\"https:\/\/foire-st-martin.ch\/wp-content\/uploads\/2023\/03\/IMG_3927-150x150.jpeg\",\"height\":150,\"width\":150,\"orientation\":\"landscape\"},\"medium\":{\"url\":\"https:\/\/foire-st-martin.ch\/wp-content\/uploads\/2023\/03\/IMG_3927-300x225.jpeg\",\"height\":225,\"width\":300,\"orientation\":\"landscape\"},\"large\":{\"url\":\"https:\/\/foire-st-martin.ch\/wp-content\/uploads\/2023\/03\/IMG_3927-1024x768.jpeg\",\"height\":768,\"width\":1024,\"orientation\":\"landscape\"},\"full\":{\"url\":\"https:\/\/foire-st-martin.ch\/wp-content\/uploads\/2023\/03\/IMG_3927.jpeg\",\"height\":1536,\"width\":2048,\"orientation\":\"landscape\"}},\"meta\":false,\"postlink\":\"https:\/\/foire-st-martin.ch\/pgc_simply_gallery\/2022-preparation-cortege-du-mardi\/img_3927\/\"},{\"id\":2269,\"title\":\"IMG_3924\",\"url\":\"https:\/\/foire-st-martin.ch\/wp-content\/uploads\/2023\/03\/IMG_3924.jpeg\",\"link\":\"https:\/\/foire-st-martin.ch\/pgc_simply_gallery\/2022-preparation-cortege-du-mardi\/img_3924\/\",\"alt\":\"\",\"description\":\"\",\"caption\":\"\",\"mime\":\"image\/jpeg\",\"type\":\"image\",\"width\":2048,\"height\":1536,\"sizes\":{\"thumbnail\":{\"url\":\"https:\/\/foire-st-martin.ch\/wp-content\/uploads\/2023\/03\/IMG_3924-150x150.jpeg\",\"height\":150,\"width\":150,\"orientation\":\"landscape\"},\"medium\":{\"url\":\"https:\/\/foire-st-martin.ch\/wp-content\/uploads\/2023\/03\/IMG_3924-300x225.jpeg\",\"height\":225,\"width\":300,\"orientation\":\"landscape\"},\"large\":{\"url\":\"https:\/\/foire-st-martin.ch\/wp-content\/uploads\/2023\/03\/IMG_3924-1024x768.jpeg\",\"height\":768,\"width\":1024,\"orientation\":\"landscape\"},\"full\":{\"url\":\"https:\/\/foire-st-martin.ch\/wp-content\/uploads\/2023\/03\/IMG_3924.jpeg\",\"height\":1536,\"width\":2048,\"orientation\":\"landscape\"}},\"meta\":false,\"postlink\":\"https:\/\/foire-st-martin.ch\/pgc_simply_gallery\/2022-preparation-cortege-du-mardi\/img_3924\/\"},{\"id\":2268,\"title\":\"IMG_3922\",\"url\":\"https:\/\/foire-st-martin.ch\/wp-content\/uploads\/2023\/03\/IMG_3922.jpeg\",\"link\":\"https:\/\/foire-st-martin.ch\/pgc_simply_gallery\/2022-preparation-cortege-du-mardi\/img_3922\/\",\"alt\":\"\",\"description\":\"\",\"caption\":\"\",\"mime\":\"image\/jpeg\",\"type\":\"image\",\"width\":2048,\"height\":1536,\"sizes\":{\"thumbnail\":{\"url\":\"https:\/\/foire-st-martin.ch\/wp-content\/uploads\/2023\/03\/IMG_3922-150x150.jpeg\",\"height\":150,\"width\":150,\"orientation\":\"landscape\"},\"medium\":{\"url\":\"https:\/\/foire-st-martin.ch\/wp-content\/uploads\/2023\/03\/IMG_3922-300x225.jpeg\",\"height\":225,\"width\":300,\"orientation\":\"landscape\"},\"large\":{\"url\":\"https:\/\/foire-st-martin.ch\/wp-content\/uploads\/2023\/03\/IMG_3922-1024x768.jpeg\",\"height\":768,\"width\":1024,\"orientation\":\"landscape\"},\"full\":{\"url\":\"https:\/\/foire-st-martin.ch\/wp-content\/uploads\/2023\/03\/IMG_3922.jpeg\",\"height\":1536,\"width\":2048,\"orientation\":\"landscape\"}},\"meta\":false,\"postlink\":\"https:\/\/foire-st-martin.ch\/pgc_simply_gallery\/2022-preparation-cortege-du-mardi\/img_3922\/\"},{\"id\":2267,\"title\":\"IMG_3919\",\"url\":\"https:\/\/foire-st-martin.ch\/wp-content\/uploads\/2023\/03\/IMG_3919.jpeg\",\"link\":\"https:\/\/foire-st-martin.ch\/pgc_simply_gallery\/2022-preparation-cortege-du-mardi\/img_3919\/\",\"alt\":\"\",\"description\":\"\",\"caption\":\"\",\"mime\":\"image\/jpeg\",\"type\":\"image\",\"width\":2048,\"height\":1536,\"sizes\":{\"thumbnail\":{\"url\":\"https:\/\/foire-st-martin.ch\/wp-content\/uploads\/2023\/03\/IMG_3919-150x150.jpeg\",\"height\":150,\"width\":150,\"orientation\":\"landscape\"},\"medium\":{\"url\":\"https:\/\/foire-st-martin.ch\/wp-content\/uploads\/2023\/03\/IMG_3919-300x225.jpeg\",\"height\":225,\"width\":300,\"orientation\":\"landscape\"},\"large\":{\"url\":\"https:\/\/foire-st-martin.ch\/wp-content\/uploads\/2023\/03\/IMG_3919-1024x768.jpeg\",\"height\":768,\"width\":1024,\"orientation\":\"landscape\"},\"full\":{\"url\":\"https:\/\/foire-st-martin.ch\/wp-content\/uploads\/2023\/03\/IMG_3919.jpeg\",\"height\":1536,\"width\":2048,\"orientation\":\"landscape\"}},\"meta\":false,\"postlink\":\"https:\/\/foire-st-martin.ch\/pgc_simply_gallery\/2022-preparation-cortege-du-mardi\/img_3919\/\"},{\"id\":2266,\"title\":\"IMG_3918\",\"url\":\"https:\/\/foire-st-martin.ch\/wp-content\/uploads\/2023\/03\/IMG_3918.jpeg\",\"link\":\"https:\/\/foire-st-martin.ch\/pgc_simply_gallery\/2022-preparation-cortege-du-mardi\/img_3918\/\",\"alt\":\"\",\"description\":\"\",\"caption\":\"\",\"mime\":\"image\/jpeg\",\"type\":\"image\",\"width\":2048,\"height\":1536,\"sizes\":{\"thumbnail\":{\"url\":\"https:\/\/foire-st-martin.ch\/wp-content\/uploads\/2023\/03\/IMG_3918-150x150.jpeg\",\"height\":150,\"width\":150,\"orientation\":\"landscape\"},\"medium\":{\"url\":\"https:\/\/foire-st-martin.ch\/wp-content\/uploads\/2023\/03\/IMG_3918-300x225.jpeg\",\"height\":225,\"width\":300,\"orientation\":\"landscape\"},\"large\":{\"url\":\"https:\/\/foire-st-martin.ch\/wp-content\/uploads\/2023\/03\/IMG_3918-1024x768.jpeg\",\"height\":768,\"width\":1024,\"orientation\":\"landscape\"},\"full\":{\"url\":\"https:\/\/foire-st-martin.ch\/wp-content\/uploads\/2023\/03\/IMG_3918.jpeg\",\"height\":1536,\"width\":2048,\"orientation\":\"landscape\"}},\"meta\":false,\"postlink\":\"https:\/\/foire-st-martin.ch\/pgc_simply_gallery\/2022-preparation-cortege-du-mardi\/img_3918\/\"},{\"id\":2265,\"title\":\"IMG_3917\",\"url\":\"https:\/\/foire-st-martin.ch\/wp-content\/uploads\/2023\/03\/IMG_3917.jpeg\",\"link\":\"https:\/\/foire-st-martin.ch\/pgc_simply_gallery\/2022-preparation-cortege-du-mardi\/img_3917\/\",\"alt\":\"\",\"description\":\"\",\"caption\":\"\",\"mime\":\"image\/jpeg\",\"type\":\"image\",\"width\":1536,\"height\":2048,\"sizes\":{\"thumbnail\":{\"url\":\"https:\/\/foire-st-martin.ch\/wp-content\/uploads\/2023\/03\/IMG_3917-150x150.jpeg\",\"height\":150,\"width\":150,\"orientation\":\"landscape\"},\"medium\":{\"url\":\"https:\/\/foire-st-martin.ch\/wp-content\/uploads\/2023\/03\/IMG_3917-225x300.jpeg\",\"height\":300,\"width\":225,\"orientation\":\"portrait\"},\"large\":{\"url\":\"https:\/\/foire-st-martin.ch\/wp-content\/uploads\/2023\/03\/IMG_3917-768x1024.jpeg\",\"height\":1024,\"width\":768,\"orientation\":\"portrait\"},\"full\":{\"url\":\"https:\/\/foire-st-martin.ch\/wp-content\/uploads\/2023\/03\/IMG_3917.jpeg\",\"height\":2048,\"width\":1536,\"orientation\":\"portrait\"}},\"meta\":false,\"postlink\":\"https:\/\/foire-st-martin.ch\/pgc_simply_gallery\/2022-preparation-cortege-du-mardi\/img_3917\/\"},{\"id\":2264,\"title\":\"IMG_3916\",\"url\":\"https:\/\/foire-st-martin.ch\/wp-content\/uploads\/2023\/03\/IMG_3916.jpeg\",\"link\":\"https:\/\/foire-st-martin.ch\/pgc_simply_gallery\/2022-preparation-cortege-du-mardi\/img_3916\/\",\"alt\":\"\",\"description\":\"\",\"caption\":\"\",\"mime\":\"image\/jpeg\",\"type\":\"image\",\"width\":2048,\"height\":1536,\"sizes\":{\"thumbnail\":{\"url\":\"https:\/\/foire-st-martin.ch\/wp-content\/uploads\/2023\/03\/IMG_3916-150x150.jpeg\",\"height\":150,\"width\":150,\"orientation\":\"landscape\"},\"medium\":{\"url\":\"https:\/\/foire-st-martin.ch\/wp-content\/uploads\/2023\/03\/IMG_3916-300x225.jpeg\",\"height\":225,\"width\":300,\"orientation\":\"landscape\"},\"large\":{\"url\":\"https:\/\/foire-st-martin.ch\/wp-content\/uploads\/2023\/03\/IMG_3916-1024x768.jpeg\",\"height\":768,\"width\":1024,\"orientation\":\"landscape\"},\"full\":{\"url\":\"https:\/\/foire-st-martin.ch\/wp-content\/uploads\/2023\/03\/IMG_3916.jpeg\",\"height\":1536,\"width\":2048,\"orientation\":\"landscape\"}},\"meta\":false,\"postlink\":\"https:\/\/foire-st-martin.ch\/pgc_simply_gallery\/2022-preparation-cortege-du-mardi\/img_3916\/\"},{\"id\":2263,\"title\":\"IMG_3914\",\"url\":\"https:\/\/foire-st-martin.ch\/wp-content\/uploads\/2023\/03\/IMG_3914.jpeg\",\"link\":\"https:\/\/foire-st-martin.ch\/pgc_simply_gallery\/2022-preparation-cortege-du-mardi\/img_3914\/\",\"alt\":\"\",\"description\":\"\",\"caption\":\"\",\"mime\":\"image\/jpeg\",\"type\":\"image\",\"width\":2048,\"height\":1536,\"sizes\":{\"thumbnail\":{\"url\":\"https:\/\/foire-st-martin.ch\/wp-content\/uploads\/2023\/03\/IMG_3914-150x150.jpeg\",\"height\":150,\"width\":150,\"orientation\":\"landscape\"},\"medium\":{\"url\":\"https:\/\/foire-st-martin.ch\/wp-content\/uploads\/2023\/03\/IMG_3914-300x225.jpeg\",\"height\":225,\"width\":300,\"orientation\":\"landscape\"},\"large\":{\"url\":\"https:\/\/foire-st-martin.ch\/wp-content\/uploads\/2023\/03\/IMG_3914-1024x768.jpeg\",\"height\":768,\"width\":1024,\"orientation\":\"landscape\"},\"full\":{\"url\":\"https:\/\/foire-st-martin.ch\/wp-content\/uploads\/2023\/03\/IMG_3914.jpeg\",\"height\":1536,\"width\":2048,\"orientation\":\"landscape\"}},\"meta\":false,\"postlink\":\"https:\/\/foire-st-martin.ch\/pgc_simply_gallery\/2022-preparation-cortege-du-mardi\/img_3914\/\"},{\"id\":2262,\"title\":\"IMG_3911\",\"url\":\"https:\/\/foire-st-martin.ch\/wp-content\/uploads\/2023\/03\/IMG_3911.jpeg\",\"link\":\"https:\/\/foire-st-martin.ch\/pgc_simply_gallery\/2022-preparation-cortege-du-mardi\/img_3911\/\",\"alt\":\"\",\"description\":\"\",\"caption\":\"\",\"mime\":\"image\/jpeg\",\"type\":\"image\",\"width\":2048,\"height\":1536,\"sizes\":{\"thumbnail\":{\"url\":\"https:\/\/foire-st-martin.ch\/wp-content\/uploads\/2023\/03\/IMG_3911-150x150.jpeg\",\"height\":150,\"width\":150,\"orientation\":\"landscape\"},\"medium\":{\"url\":\"https:\/\/foire-st-martin.ch\/wp-content\/uploads\/2023\/03\/IMG_3911-300x225.jpeg\",\"height\":225,\"width\":300,\"orientation\":\"landscape\"},\"large\":{\"url\":\"https:\/\/foire-st-martin.ch\/wp-content\/uploads\/2023\/03\/IMG_3911-1024x768.jpeg\",\"height\":768,\"width\":1024,\"orientation\":\"landscape\"},\"full\":{\"url\":\"https:\/\/foire-st-martin.ch\/wp-content\/uploads\/2023\/03\/IMG_3911.jpeg\",\"height\":1536,\"width\":2048,\"orientation\":\"landscape\"}},\"meta\":false,\"postlink\":\"https:\/\/foire-st-martin.ch\/pgc_simply_gallery\/2022-preparation-cortege-du-mardi\/img_3911\/\"},{\"id\":2261,\"title\":\"IMG_3910\",\"url\":\"https:\/\/foire-st-martin.ch\/wp-content\/uploads\/2023\/03\/IMG_3910.jpeg\",\"link\":\"https:\/\/foire-st-martin.ch\/pgc_simply_gallery\/2022-preparation-cortege-du-mardi\/img_3910\/\",\"alt\":\"\",\"description\":\"\",\"caption\":\"\",\"mime\":\"image\/jpeg\",\"type\":\"image\",\"width\":2048,\"height\":1536,\"sizes\":{\"thumbnail\":{\"url\":\"https:\/\/foire-st-martin.ch\/wp-content\/uploads\/2023\/03\/IMG_3910-150x150.jpeg\",\"height\":150,\"width\":150,\"orientation\":\"landscape\"},\"medium\":{\"url\":\"https:\/\/foire-st-martin.ch\/wp-content\/uploads\/2023\/03\/IMG_3910-300x225.jpeg\",\"height\":225,\"width\":300,\"orientation\":\"landscape\"},\"large\":{\"url\":\"https:\/\/foire-st-martin.ch\/wp-content\/uploads\/2023\/03\/IMG_3910-1024x768.jpeg\",\"height\":768,\"width\":1024,\"orientation\":\"landscape\"},\"full\":{\"url\":\"https:\/\/foire-st-martin.ch\/wp-content\/uploads\/2023\/03\/IMG_3910.jpeg\",\"height\":1536,\"width\":2048,\"orientation\":\"landscape\"}},\"meta\":false,\"postlink\":\"https:\/\/foire-st-martin.ch\/pgc_simply_gallery\/2022-preparation-cortege-du-mardi\/img_3910\/\"},{\"id\":2259,\"title\":\"IMG_3907\",\"url\":\"https:\/\/foire-st-martin.ch\/wp-content\/uploads\/2023\/03\/IMG_3907.jpeg\",\"link\":\"https:\/\/foire-st-martin.ch\/pgc_simply_gallery\/2022-preparation-cortege-du-mardi\/img_3907\/\",\"alt\":\"\",\"description\":\"\",\"caption\":\"\",\"mime\":\"image\/jpeg\",\"type\":\"image\",\"width\":2048,\"height\":1536,\"sizes\":{\"thumbnail\":{\"url\":\"https:\/\/foire-st-martin.ch\/wp-content\/uploads\/2023\/03\/IMG_3907-150x150.jpeg\",\"height\":150,\"width\":150,\"orientation\":\"landscape\"},\"medium\":{\"url\":\"https:\/\/foire-st-martin.ch\/wp-content\/uploads\/2023\/03\/IMG_3907-300x225.jpeg\",\"height\":225,\"width\":300,\"orientation\":\"landscape\"},\"large\":{\"url\":\"https:\/\/foire-st-martin.ch\/wp-content\/uploads\/2023\/03\/IMG_3907-1024x768.jpeg\",\"height\":768,\"width\":1024,\"orientation\":\"landscape\"},\"full\":{\"url\":\"https:\/\/foire-st-martin.ch\/wp-content\/uploads\/2023\/03\/IMG_3907.jpeg\",\"height\":1536,\"width\":2048,\"orientation\":\"landscape\"}},\"meta\":false,\"postlink\":\"https:\/\/foire-st-martin.ch\/pgc_simply_gallery\/2022-preparation-cortege-du-mardi\/img_3907\/\"},{\"id\":2258,\"title\":\"IMG_3905\",\"url\":\"https:\/\/foire-st-martin.ch\/wp-content\/uploads\/2023\/03\/IMG_3905.jpeg\",\"link\":\"https:\/\/foire-st-martin.ch\/pgc_simply_gallery\/2022-preparation-cortege-du-mardi\/img_3905\/\",\"alt\":\"\",\"description\":\"\",\"caption\":\"\",\"mime\":\"image\/jpeg\",\"type\":\"image\",\"width\":2048,\"height\":1536,\"sizes\":{\"thumbnail\":{\"url\":\"https:\/\/foire-st-martin.ch\/wp-content\/uploads\/2023\/03\/IMG_3905-150x150.jpeg\",\"height\":150,\"width\":150,\"orientation\":\"landscape\"},\"medium\":{\"url\":\"https:\/\/foire-st-martin.ch\/wp-content\/uploads\/2023\/03\/IMG_3905-300x225.jpeg\",\"height\":225,\"width\":300,\"orientation\":\"landscape\"},\"large\":{\"url\":\"https:\/\/foire-st-martin.ch\/wp-content\/uploads\/2023\/03\/IMG_3905-1024x768.jpeg\",\"height\":768,\"width\":1024,\"orientation\":\"landscape\"},\"full\":{\"url\":\"https:\/\/foire-st-martin.ch\/wp-content\/uploads\/2023\/03\/IMG_3905.jpeg\",\"height\":1536,\"width\":2048,\"orientation\":\"landscape\"}},\"meta\":false,\"postlink\":\"https:\/\/foire-st-martin.ch\/pgc_simply_gallery\/2022-preparation-cortege-du-mardi\/img_3905\/\"},{\"id\":2257,\"title\":\"IMG_3901\",\"url\":\"https:\/\/foire-st-martin.ch\/wp-content\/uploads\/2023\/03\/IMG_3901.jpeg\",\"link\":\"https:\/\/foire-st-martin.ch\/pgc_simply_gallery\/2022-preparation-cortege-du-mardi\/img_3901\/\",\"alt\":\"\",\"description\":\"\",\"caption\":\"\",\"mime\":\"image\/jpeg\",\"type\":\"image\",\"width\":2048,\"height\":1536,\"sizes\":{\"thumbnail\":{\"url\":\"https:\/\/foire-st-martin.ch\/wp-content\/uploads\/2023\/03\/IMG_3901-150x150.jpeg\",\"height\":150,\"width\":150,\"orientation\":\"landscape\"},\"medium\":{\"url\":\"https:\/\/foire-st-martin.ch\/wp-content\/uploads\/2023\/03\/IMG_3901-300x225.jpeg\",\"height\":225,\"width\":300,\"orientation\":\"landscape\"},\"large\":{\"url\":\"https:\/\/foire-st-martin.ch\/wp-content\/uploads\/2023\/03\/IMG_3901-1024x768.jpeg\",\"height\":768,\"width\":1024,\"orientation\":\"landscape\"},\"full\":{\"url\":\"https:\/\/foire-st-martin.ch\/wp-content\/uploads\/2023\/03\/IMG_3901.jpeg\",\"height\":1536,\"width\":2048,\"orientation\":\"landscape\"}},\"meta\":false,\"postlink\":\"https:\/\/foire-st-martin.ch\/pgc_simply_gallery\/2022-preparation-cortege-du-mardi\/img_3901\/\"},{\"id\":2256,\"title\":\"IMG_3897\",\"url\":\"https:\/\/foire-st-martin.ch\/wp-content\/uploads\/2023\/03\/IMG_3897.jpeg\",\"link\":\"https:\/\/foire-st-martin.ch\/pgc_simply_gallery\/2022-preparation-cortege-du-mardi\/img_3897\/\",\"alt\":\"\",\"description\":\"\",\"caption\":\"\",\"mime\":\"image\/jpeg\",\"type\":\"image\",\"width\":2048,\"height\":1536,\"sizes\":{\"thumbnail\":{\"url\":\"https:\/\/foire-st-martin.ch\/wp-content\/uploads\/2023\/03\/IMG_3897-150x150.jpeg\",\"height\":150,\"width\":150,\"orientation\":\"landscape\"},\"medium\":{\"url\":\"https:\/\/foire-st-martin.ch\/wp-content\/uploads\/2023\/03\/IMG_3897-300x225.jpeg\",\"height\":225,\"width\":300,\"orientation\":\"landscape\"},\"large\":{\"url\":\"https:\/\/foire-st-martin.ch\/wp-content\/uploads\/2023\/03\/IMG_3897-1024x768.jpeg\",\"height\":768,\"width\":1024,\"orientation\":\"landscape\"},\"full\":{\"url\":\"https:\/\/foire-st-martin.ch\/wp-content\/uploads\/2023\/03\/IMG_3897.jpeg\",\"height\":1536,\"width\":2048,\"orientation\":\"landscape\"}},\"meta\":false,\"postlink\":\"https:\/\/foire-st-martin.ch\/pgc_simply_gallery\/2022-preparation-cortege-du-mardi\/img_3897\/\"},{\"id\":2255,\"title\":\"IMG_3896\",\"url\":\"https:\/\/foire-st-martin.ch\/wp-content\/uploads\/2023\/03\/IMG_3896.jpeg\",\"link\":\"https:\/\/foire-st-martin.ch\/pgc_simply_gallery\/2022-preparation-cortege-du-mardi\/img_3896\/\",\"alt\":\"\",\"description\":\"\",\"caption\":\"\",\"mime\":\"image\/jpeg\",\"type\":\"image\",\"width\":2048,\"height\":1536,\"sizes\":{\"thumbnail\":{\"url\":\"https:\/\/foire-st-martin.ch\/wp-content\/uploads\/2023\/03\/IMG_3896-150x150.jpeg\",\"height\":150,\"width\":150,\"orientation\":\"landscape\"},\"medium\":{\"url\":\"https:\/\/foire-st-martin.ch\/wp-content\/uploads\/2023\/03\/IMG_3896-300x225.jpeg\",\"height\":225,\"width\":300,\"orientation\":\"landscape\"},\"large\":{\"url\":\"https:\/\/foire-st-martin.ch\/wp-content\/uploads\/2023\/03\/IMG_3896-1024x768.jpeg\",\"height\":768,\"width\":1024,\"orientation\":\"landscape\"},\"full\":{\"url\":\"https:\/\/foire-st-martin.ch\/wp-content\/uploads\/2023\/03\/IMG_3896.jpeg\",\"height\":1536,\"width\":2048,\"orientation\":\"landscape\"}},\"meta\":false,\"postlink\":\"https:\/\/foire-st-martin.ch\/pgc_simply_gallery\/2022-preparation-cortege-du-mardi\/img_3896\/\"},{\"id\":2254,\"title\":\"IMG_3895\",\"url\":\"https:\/\/foire-st-martin.ch\/wp-content\/uploads\/2023\/03\/IMG_3895.jpeg\",\"link\":\"https:\/\/foire-st-martin.ch\/pgc_simply_gallery\/2022-preparation-cortege-du-mardi\/img_3895\/\",\"alt\":\"\",\"description\":\"\",\"caption\":\"\",\"mime\":\"image\/jpeg\",\"type\":\"image\",\"width\":2048,\"height\":1536,\"sizes\":{\"thumbnail\":{\"url\":\"https:\/\/foire-st-martin.ch\/wp-content\/uploads\/2023\/03\/IMG_3895-150x150.jpeg\",\"height\":150,\"width\":150,\"orientation\":\"landscape\"},\"medium\":{\"url\":\"https:\/\/foire-st-martin.ch\/wp-content\/uploads\/2023\/03\/IMG_3895-300x225.jpeg\",\"height\":225,\"width\":300,\"orientation\":\"landscape\"},\"large\":{\"url\":\"https:\/\/foire-st-martin.ch\/wp-content\/uploads\/2023\/03\/IMG_3895-1024x768.jpeg\",\"height\":768,\"width\":1024,\"orientation\":\"landscape\"},\"full\":{\"url\":\"https:\/\/foire-st-martin.ch\/wp-content\/uploads\/2023\/03\/IMG_3895.jpeg\",\"height\":1536,\"width\":2048,\"orientation\":\"landscape\"}},\"meta\":false,\"postlink\":\"https:\/\/foire-st-martin.ch\/pgc_simply_gallery\/2022-preparation-cortege-du-mardi\/img_3895\/\"},{\"id\":2050,\"title\":\"2022_8_11_St_MARTIN_74\",\"url\":\"https:\/\/foire-st-martin.ch\/wp-content\/uploads\/2023\/03\/2022_8_11_St_MARTIN_74-scaled.jpg\",\"link\":\"https:\/\/foire-st-martin.ch\/pgc_simply_gallery\/2022-preparation-cortege-du-mardi\/2022_8_11_st_martin_74\/\",\"alt\":\"\",\"description\":\"\",\"caption\":\"\",\"mime\":\"image\/jpeg\",\"type\":\"image\",\"width\":1707,\"height\":2560,\"sizes\":{\"thumbnail\":{\"url\":\"https:\/\/foire-st-martin.ch\/wp-content\/uploads\/2023\/03\/2022_8_11_St_MARTIN_74-150x150.jpg\",\"height\":150,\"width\":150,\"orientation\":\"landscape\"},\"medium\":{\"url\":\"https:\/\/foire-st-martin.ch\/wp-content\/uploads\/2023\/03\/2022_8_11_St_MARTIN_74-200x300.jpg\",\"height\":300,\"width\":200,\"orientation\":\"portrait\"},\"large\":{\"url\":\"https:\/\/foire-st-martin.ch\/wp-content\/uploads\/2023\/03\/2022_8_11_St_MARTIN_74-683x1024.jpg\",\"height\":1024,\"width\":683,\"orientation\":\"portrait\"},\"full\":{\"url\":\"https:\/\/foire-st-martin.ch\/wp-content\/uploads\/2023\/03\/2022_8_11_St_MARTIN_74-scaled.jpg\",\"height\":2560,\"width\":1707,\"orientation\":\"portrait\"}},\"meta\":false,\"postlink\":\"https:\/\/foire-st-martin.ch\/pgc_simply_gallery\/2022-preparation-cortege-du-mardi\/2022_8_11_st_martin_74\/\"},{\"id\":2051,\"title\":\"2022_8_11_St_MARTIN_75\",\"url\":\"https:\/\/foire-st-martin.ch\/wp-content\/uploads\/2023\/03\/2022_8_11_St_MARTIN_75-scaled.jpg\",\"link\":\"https:\/\/foire-st-martin.ch\/pgc_simply_gallery\/2022-preparation-cortege-du-mardi\/2022_8_11_st_martin_75\/\",\"alt\":\"\",\"description\":\"\",\"caption\":\"\",\"mime\":\"image\/jpeg\",\"type\":\"image\",\"width\":2560,\"height\":1707,\"sizes\":{\"thumbnail\":{\"url\":\"https:\/\/foire-st-martin.ch\/wp-content\/uploads\/2023\/03\/2022_8_11_St_MARTIN_75-150x150.jpg\",\"height\":150,\"width\":150,\"orientation\":\"landscape\"},\"medium\":{\"url\":\"https:\/\/foire-st-martin.ch\/wp-content\/uploads\/2023\/03\/2022_8_11_St_MARTIN_75-300x200.jpg\",\"height\":200,\"width\":300,\"orientation\":\"landscape\"},\"large\":{\"url\":\"https:\/\/foire-st-martin.ch\/wp-content\/uploads\/2023\/03\/2022_8_11_St_MARTIN_75-1024x683.jpg\",\"height\":683,\"width\":1024,\"orientation\":\"landscape\"},\"full\":{\"url\":\"https:\/\/foire-st-martin.ch\/wp-content\/uploads\/2023\/03\/2022_8_11_St_MARTIN_75-scaled.jpg\",\"height\":1707,\"width\":2560,\"orientation\":\"landscape\"}},\"meta\":false,\"postlink\":\"https:\/\/foire-st-martin.ch\/pgc_simply_gallery\/2022-preparation-cortege-du-mardi\/2022_8_11_st_martin_75\/\"},{\"id\":2052,\"title\":\"2022_8_11_St_MARTIN_76\",\"url\":\"https:\/\/foire-st-martin.ch\/wp-content\/uploads\/2023\/03\/2022_8_11_St_MARTIN_76-scaled.jpg\",\"link\":\"https:\/\/foire-st-martin.ch\/pgc_simply_gallery\/2022-preparation-cortege-du-mardi\/2022_8_11_st_martin_76\/\",\"alt\":\"\",\"description\":\"\",\"caption\":\"\",\"mime\":\"image\/jpeg\",\"type\":\"image\",\"width\":1707,\"height\":2560,\"sizes\":{\"thumbnail\":{\"url\":\"https:\/\/foire-st-martin.ch\/wp-content\/uploads\/2023\/03\/2022_8_11_St_MARTIN_76-150x150.jpg\",\"height\":150,\"width\":150,\"orientation\":\"landscape\"},\"medium\":{\"url\":\"https:\/\/foire-st-martin.ch\/wp-content\/uploads\/2023\/03\/2022_8_11_St_MARTIN_76-200x300.jpg\",\"height\":300,\"width\":200,\"orientation\":\"portrait\"},\"large\":{\"url\":\"https:\/\/foire-st-martin.ch\/wp-content\/uploads\/2023\/03\/2022_8_11_St_MARTIN_76-683x1024.jpg\",\"height\":1024,\"width\":683,\"orientation\":\"portrait\"},\"full\":{\"url\":\"https:\/\/foire-st-martin.ch\/wp-content\/uploads\/2023\/03\/2022_8_11_St_MARTIN_76-scaled.jpg\",\"height\":2560,\"width\":1707,\"orientation\":\"portrait\"}},\"meta\":false,\"postlink\":\"https:\/\/foire-st-martin.ch\/pgc_simply_gallery\/2022-preparation-cortege-du-mardi\/2022_8_11_st_martin_76\/\"},{\"id\":2053,\"title\":\"2022_8_11_St_MARTIN_81\",\"url\":\"https:\/\/foire-st-martin.ch\/wp-content\/uploads\/2023\/03\/2022_8_11_St_MARTIN_81-scaled.jpg\",\"link\":\"https:\/\/foire-st-martin.ch\/pgc_simply_gallery\/2022-preparation-cortege-du-mardi\/2022_8_11_st_martin_81\/\",\"alt\":\"\",\"description\":\"\",\"caption\":\"\",\"mime\":\"image\/jpeg\",\"type\":\"image\",\"width\":2560,\"height\":1707,\"sizes\":{\"thumbnail\":{\"url\":\"https:\/\/foire-st-martin.ch\/wp-content\/uploads\/2023\/03\/2022_8_11_St_MARTIN_81-150x150.jpg\",\"height\":150,\"width\":150,\"orientation\":\"landscape\"},\"medium\":{\"url\":\"https:\/\/foire-st-martin.ch\/wp-content\/uploads\/2023\/03\/2022_8_11_St_MARTIN_81-300x200.jpg\",\"height\":200,\"width\":300,\"orientation\":\"landscape\"},\"large\":{\"url\":\"https:\/\/foire-st-martin.ch\/wp-content\/uploads\/2023\/03\/2022_8_11_St_MARTIN_81-1024x683.jpg\",\"height\":683,\"width\":1024,\"orientation\":\"landscape\"},\"full\":{\"url\":\"https:\/\/foire-st-martin.ch\/wp-content\/uploads\/2023\/03\/2022_8_11_St_MARTIN_81-scaled.jpg\",\"height\":1707,\"width\":2560,\"orientation\":\"landscape\"}},\"meta\":false,\"postlink\":\"https:\/\/foire-st-martin.ch\/pgc_simply_gallery\/2022-preparation-cortege-du-mardi\/2022_8_11_st_martin_81\/\"},{\"id\":2059,\"title\":\"2022_8_11_St_MARTIN_13\",\"url\":\"https:\/\/foire-st-martin.ch\/wp-content\/uploads\/2023\/03\/2022_8_11_St_MARTIN_13-scaled.jpg\",\"link\":\"https:\/\/foire-st-martin.ch\/pgc_simply_gallery\/2022-preparation-cortege-du-mardi\/2022_8_11_st_martin_13\/\",\"alt\":\"\",\"description\":\"\",\"caption\":\"\",\"mime\":\"image\/jpeg\",\"type\":\"image\",\"width\":1707,\"height\":2560,\"sizes\":{\"thumbnail\":{\"url\":\"https:\/\/foire-st-martin.ch\/wp-content\/uploads\/2023\/03\/2022_8_11_St_MARTIN_13-150x150.jpg\",\"height\":150,\"width\":150,\"orientation\":\"landscape\"},\"medium\":{\"url\":\"https:\/\/foire-st-martin.ch\/wp-content\/uploads\/2023\/03\/2022_8_11_St_MARTIN_13-200x300.jpg\",\"height\":300,\"width\":200,\"orientation\":\"portrait\"},\"large\":{\"url\":\"https:\/\/foire-st-martin.ch\/wp-content\/uploads\/2023\/03\/2022_8_11_St_MARTIN_13-683x1024.jpg\",\"height\":1024,\"width\":683,\"orientation\":\"portrait\"},\"full\":{\"url\":\"https:\/\/foire-st-martin.ch\/wp-content\/uploads\/2023\/03\/2022_8_11_St_MARTIN_13-scaled.jpg\",\"height\":2560,\"width\":1707,\"orientation\":\"portrait\"}},\"meta\":false,\"postlink\":\"https:\/\/foire-st-martin.ch\/pgc_simply_gallery\/2022-preparation-cortege-du-mardi\/2022_8_11_st_martin_13\/\"},{\"id\":2058,\"title\":\"2022_8_11_St_MARTIN_12\",\"url\":\"https:\/\/foire-st-martin.ch\/wp-content\/uploads\/2023\/03\/2022_8_11_St_MARTIN_12-scaled.jpg\",\"link\":\"https:\/\/foire-st-martin.ch\/pgc_simply_gallery\/2022-preparation-cortege-du-mardi\/2022_8_11_st_martin_12\/\",\"alt\":\"\",\"description\":\"\",\"caption\":\"\",\"mime\":\"image\/jpeg\",\"type\":\"image\",\"width\":1707,\"height\":2560,\"sizes\":{\"thumbnail\":{\"url\":\"https:\/\/foire-st-martin.ch\/wp-content\/uploads\/2023\/03\/2022_8_11_St_MARTIN_12-150x150.jpg\",\"height\":150,\"width\":150,\"orientation\":\"landscape\"},\"medium\":{\"url\":\"https:\/\/foire-st-martin.ch\/wp-content\/uploads\/2023\/03\/2022_8_11_St_MARTIN_12-200x300.jpg\",\"height\":300,\"width\":200,\"orientation\":\"portrait\"},\"large\":{\"url\":\"https:\/\/foire-st-martin.ch\/wp-content\/uploads\/2023\/03\/2022_8_11_St_MARTIN_12-683x1024.jpg\",\"height\":1024,\"width\":683,\"orientation\":\"portrait\"},\"full\":{\"url\":\"https:\/\/foire-st-martin.ch\/wp-content\/uploads\/2023\/03\/2022_8_11_St_MARTIN_12-scaled.jpg\",\"height\":2560,\"width\":1707,\"orientation\":\"portrait\"}},\"meta\":false,\"postlink\":\"https:\/\/foire-st-martin.ch\/pgc_simply_gallery\/2022-preparation-cortege-du-mardi\/2022_8_11_st_martin_12\/\"},{\"id\":2057,\"title\":\"2022_8_11_St_MARTIN_09\",\"url\":\"https:\/\/foire-st-martin.ch\/wp-content\/uploads\/2023\/03\/2022_8_11_St_MARTIN_09-scaled.jpg\",\"link\":\"https:\/\/foire-st-martin.ch\/pgc_simply_gallery\/2022-preparation-cortege-du-mardi\/2022_8_11_st_martin_09\/\",\"alt\":\"\",\"description\":\"\",\"caption\":\"\",\"mime\":\"image\/jpeg\",\"type\":\"image\",\"width\":2560,\"height\":1707,\"sizes\":{\"thumbnail\":{\"url\":\"https:\/\/foire-st-martin.ch\/wp-content\/uploads\/2023\/03\/2022_8_11_St_MARTIN_09-150x150.jpg\",\"height\":150,\"width\":150,\"orientation\":\"landscape\"},\"medium\":{\"url\":\"https:\/\/foire-st-martin.ch\/wp-content\/uploads\/2023\/03\/2022_8_11_St_MARTIN_09-300x200.jpg\",\"height\":200,\"width\":300,\"orientation\":\"landscape\"},\"large\":{\"url\":\"https:\/\/foire-st-martin.ch\/wp-content\/uploads\/2023\/03\/2022_8_11_St_MARTIN_09-1024x683.jpg\",\"height\":683,\"width\":1024,\"orientation\":\"landscape\"},\"full\":{\"url\":\"https:\/\/foire-st-martin.ch\/wp-content\/uploads\/2023\/03\/2022_8_11_St_MARTIN_09-scaled.jpg\",\"height\":1707,\"width\":2560,\"orientation\":\"landscape\"}},\"meta\":false,\"postlink\":\"https:\/\/foire-st-martin.ch\/pgc_simply_gallery\/2022-preparation-cortege-du-mardi\/2022_8_11_st_martin_09\/\"},{\"id\":2056,\"title\":\"2022_8_11_St_MARTIN_06\",\"url\":\"https:\/\/foire-st-martin.ch\/wp-content\/uploads\/2023\/03\/2022_8_11_St_MARTIN_06-scaled.jpg\",\"link\":\"https:\/\/foire-st-martin.ch\/pgc_simply_gallery\/2022-preparation-cortege-du-mardi\/2022_8_11_st_martin_06\/\",\"alt\":\"\",\"description\":\"\",\"caption\":\"\",\"mime\":\"image\/jpeg\",\"type\":\"image\",\"width\":1707,\"height\":2560,\"sizes\":{\"thumbnail\":{\"url\":\"https:\/\/foire-st-martin.ch\/wp-content\/uploads\/2023\/03\/2022_8_11_St_MARTIN_06-150x150.jpg\",\"height\":150,\"width\":150,\"orientation\":\"landscape\"},\"medium\":{\"url\":\"https:\/\/foire-st-martin.ch\/wp-content\/uploads\/2023\/03\/2022_8_11_St_MARTIN_06-200x300.jpg\",\"height\":300,\"width\":200,\"orientation\":\"portrait\"},\"large\":{\"url\":\"https:\/\/foire-st-martin.ch\/wp-content\/uploads\/2023\/03\/2022_8_11_St_MARTIN_06-683x1024.jpg\",\"height\":1024,\"width\":683,\"orientation\":\"portrait\"},\"full\":{\"url\":\"https:\/\/foire-st-martin.ch\/wp-content\/uploads\/2023\/03\/2022_8_11_St_MARTIN_06-scaled.jpg\",\"height\":2560,\"width\":1707,\"orientation\":\"portrait\"}},\"meta\":false,\"postlink\":\"https:\/\/foire-st-martin.ch\/pgc_simply_gallery\/2022-preparation-cortege-du-mardi\/2022_8_11_st_martin_06\/\"},{\"id\":2055,\"title\":\"2022_8_11_St_MARTIN_03\",\"url\":\"https:\/\/foire-st-martin.ch\/wp-content\/uploads\/2023\/03\/2022_8_11_St_MARTIN_03-scaled.jpg\",\"link\":\"https:\/\/foire-st-martin.ch\/pgc_simply_gallery\/2022-preparation-cortege-du-mardi\/2022_8_11_st_martin_03\/\",\"alt\":\"\",\"description\":\"\",\"caption\":\"\",\"mime\":\"image\/jpeg\",\"type\":\"image\",\"width\":1707,\"height\":2560,\"sizes\":{\"thumbnail\":{\"url\":\"https:\/\/foire-st-martin.ch\/wp-content\/uploads\/2023\/03\/2022_8_11_St_MARTIN_03-150x150.jpg\",\"height\":150,\"width\":150,\"orientation\":\"landscape\"},\"medium\":{\"url\":\"https:\/\/foire-st-martin.ch\/wp-content\/uploads\/2023\/03\/2022_8_11_St_MARTIN_03-200x300.jpg\",\"height\":300,\"width\":200,\"orientation\":\"portrait\"},\"large\":{\"url\":\"https:\/\/foire-st-martin.ch\/wp-content\/uploads\/2023\/03\/2022_8_11_St_MARTIN_03-683x1024.jpg\",\"height\":1024,\"width\":683,\"orientation\":\"portrait\"},\"full\":{\"url\":\"https:\/\/foire-st-martin.ch\/wp-content\/uploads\/2023\/03\/2022_8_11_St_MARTIN_03-scaled.jpg\",\"height\":2560,\"width\":1707,\"orientation\":\"portrait\"}},\"meta\":false,\"postlink\":\"https:\/\/foire-st-martin.ch\/pgc_simply_gallery\/2022-preparation-cortege-du-mardi\/2022_8_11_st_martin_03\/\"},{\"id\":2054,\"title\":\"2022_8_11_St_MARTIN_01\",\"url\":\"https:\/\/foire-st-martin.ch\/wp-content\/uploads\/2023\/03\/2022_8_11_St_MARTIN_01-scaled.jpg\",\"link\":\"https:\/\/foire-st-martin.ch\/pgc_simply_gallery\/2022-preparation-cortege-du-mardi\/2022_8_11_st_martin_01\/\",\"alt\":\"\",\"description\":\"\",\"caption\":\"\",\"mime\":\"image\/jpeg\",\"type\":\"image\",\"width\":1707,\"height\":2560,\"sizes\":{\"thumbnail\":{\"url\":\"https:\/\/foire-st-martin.ch\/wp-content\/uploads\/2023\/03\/2022_8_11_St_MARTIN_01-150x150.jpg\",\"height\":150,\"width\":150,\"orientation\":\"landscape\"},\"medium\":{\"url\":\"https:\/\/foire-st-martin.ch\/wp-content\/uploads\/2023\/03\/2022_8_11_St_MARTIN_01-200x300.jpg\",\"height\":300,\"width\":200,\"orientation\":\"portrait\"},\"large\":{\"url\":\"https:\/\/foire-st-martin.ch\/wp-content\/uploads\/2023\/03\/2022_8_11_St_MARTIN_01-683x1024.jpg\",\"height\":1024,\"width\":683,\"orientation\":\"portrait\"},\"full\":{\"url\":\"https:\/\/foire-st-martin.ch\/wp-content\/uploads\/2023\/03\/2022_8_11_St_MARTIN_01-scaled.jpg\",\"height\":2560,\"width\":1707,\"orientation\":\"portrait\"}},\"meta\":false,\"postlink\":\"https:\/\/foire-st-martin.ch\/pgc_simply_gallery\/2022-preparation-cortege-du-mardi\/2022_8_11_st_martin_01\/\"},{\"id\":2060,\"title\":\"2022_8_11_St_MARTIN_16\",\"url\":\"https:\/\/foire-st-martin.ch\/wp-content\/uploads\/2023\/03\/2022_8_11_St_MARTIN_16-scaled.jpg\",\"link\":\"https:\/\/foire-st-martin.ch\/pgc_simply_gallery\/2022-preparation-cortege-du-mardi\/2022_8_11_st_martin_16\/\",\"alt\":\"\",\"description\":\"\",\"caption\":\"\",\"mime\":\"image\/jpeg\",\"type\":\"image\",\"width\":1707,\"height\":2560,\"sizes\":{\"thumbnail\":{\"url\":\"https:\/\/foire-st-martin.ch\/wp-content\/uploads\/2023\/03\/2022_8_11_St_MARTIN_16-150x150.jpg\",\"height\":150,\"width\":150,\"orientation\":\"landscape\"},\"medium\":{\"url\":\"https:\/\/foire-st-martin.ch\/wp-content\/uploads\/2023\/03\/2022_8_11_St_MARTIN_16-200x300.jpg\",\"height\":300,\"width\":200,\"orientation\":\"portrait\"},\"large\":{\"url\":\"https:\/\/foire-st-martin.ch\/wp-content\/uploads\/2023\/03\/2022_8_11_St_MARTIN_16-683x1024.jpg\",\"height\":1024,\"width\":683,\"orientation\":\"portrait\"},\"full\":{\"url\":\"https:\/\/foire-st-martin.ch\/wp-content\/uploads\/2023\/03\/2022_8_11_St_MARTIN_16-scaled.jpg\",\"height\":2560,\"width\":1707,\"orientation\":\"portrait\"}},\"meta\":false,\"postlink\":\"https:\/\/foire-st-martin.ch\/pgc_simply_gallery\/2022-preparation-cortege-du-mardi\/2022_8_11_st_martin_16\/\"},{\"id\":2061,\"title\":\"2022_8_11_St_MARTIN_18\",\"url\":\"https:\/\/foire-st-martin.ch\/wp-content\/uploads\/2023\/03\/2022_8_11_St_MARTIN_18-scaled.jpg\",\"link\":\"https:\/\/foire-st-martin.ch\/pgc_simply_gallery\/2022-preparation-cortege-du-mardi\/2022_8_11_st_martin_18\/\",\"alt\":\"\",\"description\":\"\",\"caption\":\"\",\"mime\":\"image\/jpeg\",\"type\":\"image\",\"width\":1707,\"height\":2560,\"sizes\":{\"thumbnail\":{\"url\":\"https:\/\/foire-st-martin.ch\/wp-content\/uploads\/2023\/03\/2022_8_11_St_MARTIN_18-150x150.jpg\",\"height\":150,\"width\":150,\"orientation\":\"landscape\"},\"medium\":{\"url\":\"https:\/\/foire-st-martin.ch\/wp-content\/uploads\/2023\/03\/2022_8_11_St_MARTIN_18-200x300.jpg\",\"height\":300,\"width\":200,\"orientation\":\"portrait\"},\"large\":{\"url\":\"https:\/\/foire-st-martin.ch\/wp-content\/uploads\/2023\/03\/2022_8_11_St_MARTIN_18-683x1024.jpg\",\"height\":1024,\"width\":683,\"orientation\":\"portrait\"},\"full\":{\"url\":\"https:\/\/foire-st-martin.ch\/wp-content\/uploads\/2023\/03\/2022_8_11_St_MARTIN_18-scaled.jpg\",\"height\":2560,\"width\":1707,\"orientation\":\"portrait\"}},\"meta\":false,\"postlink\":\"https:\/\/foire-st-martin.ch\/pgc_simply_gallery\/2022-preparation-cortege-du-mardi\/2022_8_11_st_martin_18\/\"},{\"id\":2062,\"title\":\"2022_8_11_St_MARTIN_20\",\"url\":\"https:\/\/foire-st-martin.ch\/wp-content\/uploads\/2023\/03\/2022_8_11_St_MARTIN_20-scaled.jpg\",\"link\":\"https:\/\/foire-st-martin.ch\/pgc_simply_gallery\/2022-preparation-cortege-du-mardi\/2022_8_11_st_martin_20\/\",\"alt\":\"\",\"description\":\"\",\"caption\":\"\",\"mime\":\"image\/jpeg\",\"type\":\"image\",\"width\":1707,\"height\":2560,\"sizes\":{\"thumbnail\":{\"url\":\"https:\/\/foire-st-martin.ch\/wp-content\/uploads\/2023\/03\/2022_8_11_St_MARTIN_20-150x150.jpg\",\"height\":150,\"width\":150,\"orientation\":\"landscape\"},\"medium\":{\"url\":\"https:\/\/foire-st-martin.ch\/wp-content\/uploads\/2023\/03\/2022_8_11_St_MARTIN_20-200x300.jpg\",\"height\":300,\"width\":200,\"orientation\":\"portrait\"},\"large\":{\"url\":\"https:\/\/foire-st-martin.ch\/wp-content\/uploads\/2023\/03\/2022_8_11_St_MARTIN_20-683x1024.jpg\",\"height\":1024,\"width\":683,\"orientation\":\"portrait\"},\"full\":{\"url\":\"https:\/\/foire-st-martin.ch\/wp-content\/uploads\/2023\/03\/2022_8_11_St_MARTIN_20-scaled.jpg\",\"height\":2560,\"width\":1707,\"orientation\":\"portrait\"}},\"meta\":false,\"postlink\":\"https:\/\/foire-st-martin.ch\/pgc_simply_gallery\/2022-preparation-cortege-du-mardi\/2022_8_11_st_martin_20\/\"},{\"id\":2063,\"title\":\"2022_8_11_St_MARTIN_29\",\"url\":\"https:\/\/foire-st-martin.ch\/wp-content\/uploads\/2023\/03\/2022_8_11_St_MARTIN_29-scaled.jpg\",\"link\":\"https:\/\/foire-st-martin.ch\/pgc_simply_gallery\/2022-preparation-cortege-du-mardi\/2022_8_11_st_martin_29\/\",\"alt\":\"\",\"description\":\"\",\"caption\":\"\",\"mime\":\"image\/jpeg\",\"type\":\"image\",\"width\":2560,\"height\":1707,\"sizes\":{\"thumbnail\":{\"url\":\"https:\/\/foire-st-martin.ch\/wp-content\/uploads\/2023\/03\/2022_8_11_St_MARTIN_29-150x150.jpg\",\"height\":150,\"width\":150,\"orientation\":\"landscape\"},\"medium\":{\"url\":\"https:\/\/foire-st-martin.ch\/wp-content\/uploads\/2023\/03\/2022_8_11_St_MARTIN_29-300x200.jpg\",\"height\":200,\"width\":300,\"orientation\":\"landscape\"},\"large\":{\"url\":\"https:\/\/foire-st-martin.ch\/wp-content\/uploads\/2023\/03\/2022_8_11_St_MARTIN_29-1024x683.jpg\",\"height\":683,\"width\":1024,\"orientation\":\"landscape\"},\"full\":{\"url\":\"https:\/\/foire-st-martin.ch\/wp-content\/uploads\/2023\/03\/2022_8_11_St_MARTIN_29-scaled.jpg\",\"height\":1707,\"width\":2560,\"orientation\":\"landscape\"}},\"meta\":false,\"postlink\":\"https:\/\/foire-st-martin.ch\/pgc_simply_gallery\/2022-preparation-cortege-du-mardi\/2022_8_11_st_martin_29\/\"},{\"id\":2064,\"title\":\"2022_8_11_St_MARTIN_30\",\"url\":\"https:\/\/foire-st-martin.ch\/wp-content\/uploads\/2023\/03\/2022_8_11_St_MARTIN_30-scaled.jpg\",\"link\":\"https:\/\/foire-st-martin.ch\/pgc_simply_gallery\/2022-preparation-cortege-du-mardi\/2022_8_11_st_martin_30\/\",\"alt\":\"\",\"description\":\"\",\"caption\":\"\",\"mime\":\"image\/jpeg\",\"type\":\"image\",\"width\":2560,\"height\":1707,\"sizes\":{\"thumbnail\":{\"url\":\"https:\/\/foire-st-martin.ch\/wp-content\/uploads\/2023\/03\/2022_8_11_St_MARTIN_30-150x150.jpg\",\"height\":150,\"width\":150,\"orientation\":\"landscape\"},\"medium\":{\"url\":\"https:\/\/foire-st-martin.ch\/wp-content\/uploads\/2023\/03\/2022_8_11_St_MARTIN_30-300x200.jpg\",\"height\":200,\"width\":300,\"orientation\":\"landscape\"},\"large\":{\"url\":\"https:\/\/foire-st-martin.ch\/wp-content\/uploads\/2023\/03\/2022_8_11_St_MARTIN_30-1024x683.jpg\",\"height\":683,\"width\":1024,\"orientation\":\"landscape\"},\"full\":{\"url\":\"https:\/\/foire-st-martin.ch\/wp-content\/uploads\/2023\/03\/2022_8_11_St_MARTIN_30-scaled.jpg\",\"height\":1707,\"width\":2560,\"orientation\":\"landscape\"}},\"meta\":false,\"postlink\":\"https:\/\/foire-st-martin.ch\/pgc_simply_gallery\/2022-preparation-cortege-du-mardi\/2022_8_11_st_martin_30\/\"},{\"id\":2065,\"title\":\"2022_8_11_St_MARTIN_31\",\"url\":\"https:\/\/foire-st-martin.ch\/wp-content\/uploads\/2023\/03\/2022_8_11_St_MARTIN_31-scaled.jpg\",\"link\":\"https:\/\/foire-st-martin.ch\/pgc_simply_gallery\/2022-preparation-cortege-du-mardi\/2022_8_11_st_martin_31\/\",\"alt\":\"\",\"description\":\"\",\"caption\":\"\",\"mime\":\"image\/jpeg\",\"type\":\"image\",\"width\":2560,\"height\":1707,\"sizes\":{\"thumbnail\":{\"url\":\"https:\/\/foire-st-martin.ch\/wp-content\/uploads\/2023\/03\/2022_8_11_St_MARTIN_31-150x150.jpg\",\"height\":150,\"width\":150,\"orientation\":\"landscape\"},\"medium\":{\"url\":\"https:\/\/foire-st-martin.ch\/wp-content\/uploads\/2023\/03\/2022_8_11_St_MARTIN_31-300x200.jpg\",\"height\":200,\"width\":300,\"orientation\":\"landscape\"},\"large\":{\"url\":\"https:\/\/foire-st-martin.ch\/wp-content\/uploads\/2023\/03\/2022_8_11_St_MARTIN_31-1024x683.jpg\",\"height\":683,\"width\":1024,\"orientation\":\"landscape\"},\"full\":{\"url\":\"https:\/\/foire-st-martin.ch\/wp-content\/uploads\/2023\/03\/2022_8_11_St_MARTIN_31-scaled.jpg\",\"height\":1707,\"width\":2560,\"orientation\":\"landscape\"}},\"meta\":false,\"postlink\":\"https:\/\/foire-st-martin.ch\/pgc_simply_gallery\/2022-preparation-cortege-du-mardi\/2022_8_11_st_martin_31\/\"},{\"id\":2071,\"title\":\"2022_8_11_St_MARTIN_47\",\"url\":\"https:\/\/foire-st-martin.ch\/wp-content\/uploads\/2023\/03\/2022_8_11_St_MARTIN_47-scaled.jpg\",\"link\":\"https:\/\/foire-st-martin.ch\/pgc_simply_gallery\/2022-preparation-cortege-du-mardi\/2022_8_11_st_martin_47\/\",\"alt\":\"\",\"description\":\"\",\"caption\":\"\",\"mime\":\"image\/jpeg\",\"type\":\"image\",\"width\":2560,\"height\":1707,\"sizes\":{\"thumbnail\":{\"url\":\"https:\/\/foire-st-martin.ch\/wp-content\/uploads\/2023\/03\/2022_8_11_St_MARTIN_47-150x150.jpg\",\"height\":150,\"width\":150,\"orientation\":\"landscape\"},\"medium\":{\"url\":\"https:\/\/foire-st-martin.ch\/wp-content\/uploads\/2023\/03\/2022_8_11_St_MARTIN_47-300x200.jpg\",\"height\":200,\"width\":300,\"orientation\":\"landscape\"},\"large\":{\"url\":\"https:\/\/foire-st-martin.ch\/wp-content\/uploads\/2023\/03\/2022_8_11_St_MARTIN_47-1024x683.jpg\",\"height\":683,\"width\":1024,\"orientation\":\"landscape\"},\"full\":{\"url\":\"https:\/\/foire-st-martin.ch\/wp-content\/uploads\/2023\/03\/2022_8_11_St_MARTIN_47-scaled.jpg\",\"height\":1707,\"width\":2560,\"orientation\":\"landscape\"}},\"meta\":false,\"postlink\":\"https:\/\/foire-st-martin.ch\/pgc_simply_gallery\/2022-preparation-cortege-du-mardi\/2022_8_11_st_martin_47\/\"},{\"id\":2070,\"title\":\"2022_8_11_St_MARTIN_45\",\"url\":\"https:\/\/foire-st-martin.ch\/wp-content\/uploads\/2023\/03\/2022_8_11_St_MARTIN_45-scaled.jpg\",\"link\":\"https:\/\/foire-st-martin.ch\/pgc_simply_gallery\/2022-preparation-cortege-du-mardi\/2022_8_11_st_martin_45\/\",\"alt\":\"\",\"description\":\"\",\"caption\":\"\",\"mime\":\"image\/jpeg\",\"type\":\"image\",\"width\":1707,\"height\":2560,\"sizes\":{\"thumbnail\":{\"url\":\"https:\/\/foire-st-martin.ch\/wp-content\/uploads\/2023\/03\/2022_8_11_St_MARTIN_45-150x150.jpg\",\"height\":150,\"width\":150,\"orientation\":\"landscape\"},\"medium\":{\"url\":\"https:\/\/foire-st-martin.ch\/wp-content\/uploads\/2023\/03\/2022_8_11_St_MARTIN_45-200x300.jpg\",\"height\":300,\"width\":200,\"orientation\":\"portrait\"},\"large\":{\"url\":\"https:\/\/foire-st-martin.ch\/wp-content\/uploads\/2023\/03\/2022_8_11_St_MARTIN_45-683x1024.jpg\",\"height\":1024,\"width\":683,\"orientation\":\"portrait\"},\"full\":{\"url\":\"https:\/\/foire-st-martin.ch\/wp-content\/uploads\/2023\/03\/2022_8_11_St_MARTIN_45-scaled.jpg\",\"height\":2560,\"width\":1707,\"orientation\":\"portrait\"}},\"meta\":false,\"postlink\":\"https:\/\/foire-st-martin.ch\/pgc_simply_gallery\/2022-preparation-cortege-du-mardi\/2022_8_11_st_martin_45\/\"},{\"id\":2069,\"title\":\"2022_8_11_St_MARTIN_44\",\"url\":\"https:\/\/foire-st-martin.ch\/wp-content\/uploads\/2023\/03\/2022_8_11_St_MARTIN_44-scaled.jpg\",\"link\":\"https:\/\/foire-st-martin.ch\/pgc_simply_gallery\/2022-preparation-cortege-du-mardi\/2022_8_11_st_martin_44\/\",\"alt\":\"\",\"description\":\"\",\"caption\":\"\",\"mime\":\"image\/jpeg\",\"type\":\"image\",\"width\":1707,\"height\":2560,\"sizes\":{\"thumbnail\":{\"url\":\"https:\/\/foire-st-martin.ch\/wp-content\/uploads\/2023\/03\/2022_8_11_St_MARTIN_44-150x150.jpg\",\"height\":150,\"width\":150,\"orientation\":\"landscape\"},\"medium\":{\"url\":\"https:\/\/foire-st-martin.ch\/wp-content\/uploads\/2023\/03\/2022_8_11_St_MARTIN_44-200x300.jpg\",\"height\":300,\"width\":200,\"orientation\":\"portrait\"},\"large\":{\"url\":\"https:\/\/foire-st-martin.ch\/wp-content\/uploads\/2023\/03\/2022_8_11_St_MARTIN_44-683x1024.jpg\",\"height\":1024,\"width\":683,\"orientation\":\"portrait\"},\"full\":{\"url\":\"https:\/\/foire-st-martin.ch\/wp-content\/uploads\/2023\/03\/2022_8_11_St_MARTIN_44-scaled.jpg\",\"height\":2560,\"width\":1707,\"orientation\":\"portrait\"}},\"meta\":false,\"postlink\":\"https:\/\/foire-st-martin.ch\/pgc_simply_gallery\/2022-preparation-cortege-du-mardi\/2022_8_11_st_martin_44\/\"},{\"id\":2068,\"title\":\"2022_8_11_St_MARTIN_43\",\"url\":\"https:\/\/foire-st-martin.ch\/wp-content\/uploads\/2023\/03\/2022_8_11_St_MARTIN_43-scaled.jpg\",\"link\":\"https:\/\/foire-st-martin.ch\/pgc_simply_gallery\/2022-preparation-cortege-du-mardi\/2022_8_11_st_martin_43\/\",\"alt\":\"\",\"description\":\"\",\"caption\":\"\",\"mime\":\"image\/jpeg\",\"type\":\"image\",\"width\":1707,\"height\":2560,\"sizes\":{\"thumbnail\":{\"url\":\"https:\/\/foire-st-martin.ch\/wp-content\/uploads\/2023\/03\/2022_8_11_St_MARTIN_43-150x150.jpg\",\"height\":150,\"width\":150,\"orientation\":\"landscape\"},\"medium\":{\"url\":\"https:\/\/foire-st-martin.ch\/wp-content\/uploads\/2023\/03\/2022_8_11_St_MARTIN_43-200x300.jpg\",\"height\":300,\"width\":200,\"orientation\":\"portrait\"},\"large\":{\"url\":\"https:\/\/foire-st-martin.ch\/wp-content\/uploads\/2023\/03\/2022_8_11_St_MARTIN_43-683x1024.jpg\",\"height\":1024,\"width\":683,\"orientation\":\"portrait\"},\"full\":{\"url\":\"https:\/\/foire-st-martin.ch\/wp-content\/uploads\/2023\/03\/2022_8_11_St_MARTIN_43-scaled.jpg\",\"height\":2560,\"width\":1707,\"orientation\":\"portrait\"}},\"meta\":false,\"postlink\":\"https:\/\/foire-st-martin.ch\/pgc_simply_gallery\/2022-preparation-cortege-du-mardi\/2022_8_11_st_martin_43\/\"},{\"id\":2067,\"title\":\"2022_8_11_St_MARTIN_40\",\"url\":\"https:\/\/foire-st-martin.ch\/wp-content\/uploads\/2023\/03\/2022_8_11_St_MARTIN_40-scaled.jpg\",\"link\":\"https:\/\/foire-st-martin.ch\/pgc_simply_gallery\/2022-preparation-cortege-du-mardi\/2022_8_11_st_martin_40\/\",\"alt\":\"\",\"description\":\"\",\"caption\":\"\",\"mime\":\"image\/jpeg\",\"type\":\"image\",\"width\":2560,\"height\":1707,\"sizes\":{\"thumbnail\":{\"url\":\"https:\/\/foire-st-martin.ch\/wp-content\/uploads\/2023\/03\/2022_8_11_St_MARTIN_40-150x150.jpg\",\"height\":150,\"width\":150,\"orientation\":\"landscape\"},\"medium\":{\"url\":\"https:\/\/foire-st-martin.ch\/wp-content\/uploads\/2023\/03\/2022_8_11_St_MARTIN_40-300x200.jpg\",\"height\":200,\"width\":300,\"orientation\":\"landscape\"},\"large\":{\"url\":\"https:\/\/foire-st-martin.ch\/wp-content\/uploads\/2023\/03\/2022_8_11_St_MARTIN_40-1024x683.jpg\",\"height\":683,\"width\":1024,\"orientation\":\"landscape\"},\"full\":{\"url\":\"https:\/\/foire-st-martin.ch\/wp-content\/uploads\/2023\/03\/2022_8_11_St_MARTIN_40-scaled.jpg\",\"height\":1707,\"width\":2560,\"orientation\":\"landscape\"}},\"meta\":false,\"postlink\":\"https:\/\/foire-st-martin.ch\/pgc_simply_gallery\/2022-preparation-cortege-du-mardi\/2022_8_11_st_martin_40\/\"},{\"id\":2066,\"title\":\"2022_8_11_St_MARTIN_36\",\"url\":\"https:\/\/foire-st-martin.ch\/wp-content\/uploads\/2023\/03\/2022_8_11_St_MARTIN_36-scaled.jpg\",\"link\":\"https:\/\/foire-st-martin.ch\/pgc_simply_gallery\/2022-preparation-cortege-du-mardi\/2022_8_11_st_martin_36\/\",\"alt\":\"\",\"description\":\"\",\"caption\":\"\",\"mime\":\"image\/jpeg\",\"type\":\"image\",\"width\":1707,\"height\":2560,\"sizes\":{\"thumbnail\":{\"url\":\"https:\/\/foire-st-martin.ch\/wp-content\/uploads\/2023\/03\/2022_8_11_St_MARTIN_36-150x150.jpg\",\"height\":150,\"width\":150,\"orientation\":\"landscape\"},\"medium\":{\"url\":\"https:\/\/foire-st-martin.ch\/wp-content\/uploads\/2023\/03\/2022_8_11_St_MARTIN_36-200x300.jpg\",\"height\":300,\"width\":200,\"orientation\":\"portrait\"},\"large\":{\"url\":\"https:\/\/foire-st-martin.ch\/wp-content\/uploads\/2023\/03\/2022_8_11_St_MARTIN_36-683x1024.jpg\",\"height\":1024,\"width\":683,\"orientation\":\"portrait\"},\"full\":{\"url\":\"https:\/\/foire-st-martin.ch\/wp-content\/uploads\/2023\/03\/2022_8_11_St_MARTIN_36-scaled.jpg\",\"height\":2560,\"width\":1707,\"orientation\":\"portrait\"}},\"meta\":false,\"postlink\":\"https:\/\/foire-st-martin.ch\/pgc_simply_gallery\/2022-preparation-cortege-du-mardi\/2022_8_11_st_martin_36\/\"},{\"id\":2072,\"title\":\"2022_8_11_St_MARTIN_49\",\"url\":\"https:\/\/foire-st-martin.ch\/wp-content\/uploads\/2023\/03\/2022_8_11_St_MARTIN_49-scaled.jpg\",\"link\":\"https:\/\/foire-st-martin.ch\/pgc_simply_gallery\/2022-preparation-cortege-du-mardi\/2022_8_11_st_martin_49\/\",\"alt\":\"\",\"description\":\"\",\"caption\":\"\",\"mime\":\"image\/jpeg\",\"type\":\"image\",\"width\":2560,\"height\":1707,\"sizes\":{\"thumbnail\":{\"url\":\"https:\/\/foire-st-martin.ch\/wp-content\/uploads\/2023\/03\/2022_8_11_St_MARTIN_49-150x150.jpg\",\"height\":150,\"width\":150,\"orientation\":\"landscape\"},\"medium\":{\"url\":\"https:\/\/foire-st-martin.ch\/wp-content\/uploads\/2023\/03\/2022_8_11_St_MARTIN_49-300x200.jpg\",\"height\":200,\"width\":300,\"orientation\":\"landscape\"},\"large\":{\"url\":\"https:\/\/foire-st-martin.ch\/wp-content\/uploads\/2023\/03\/2022_8_11_St_MARTIN_49-1024x683.jpg\",\"height\":683,\"width\":1024,\"orientation\":\"landscape\"},\"full\":{\"url\":\"https:\/\/foire-st-martin.ch\/wp-content\/uploads\/2023\/03\/2022_8_11_St_MARTIN_49-scaled.jpg\",\"height\":1707,\"width\":2560,\"orientation\":\"landscape\"}},\"meta\":false,\"postlink\":\"https:\/\/foire-st-martin.ch\/pgc_simply_gallery\/2022-preparation-cortege-du-mardi\/2022_8_11_st_martin_49\/\"},{\"id\":2073,\"title\":\"2022_8_11_St_MARTIN_51\",\"url\":\"https:\/\/foire-st-martin.ch\/wp-content\/uploads\/2023\/03\/2022_8_11_St_MARTIN_51-scaled.jpg\",\"link\":\"https:\/\/foire-st-martin.ch\/pgc_simply_gallery\/2022-preparation-cortege-du-mardi\/2022_8_11_st_martin_51\/\",\"alt\":\"\",\"description\":\"\",\"caption\":\"\",\"mime\":\"image\/jpeg\",\"type\":\"image\",\"width\":2560,\"height\":1707,\"sizes\":{\"thumbnail\":{\"url\":\"https:\/\/foire-st-martin.ch\/wp-content\/uploads\/2023\/03\/2022_8_11_St_MARTIN_51-150x150.jpg\",\"height\":150,\"width\":150,\"orientation\":\"landscape\"},\"medium\":{\"url\":\"https:\/\/foire-st-martin.ch\/wp-content\/uploads\/2023\/03\/2022_8_11_St_MARTIN_51-300x200.jpg\",\"height\":200,\"width\":300,\"orientation\":\"landscape\"},\"large\":{\"url\":\"https:\/\/foire-st-martin.ch\/wp-content\/uploads\/2023\/03\/2022_8_11_St_MARTIN_51-1024x683.jpg\",\"height\":683,\"width\":1024,\"orientation\":\"landscape\"},\"full\":{\"url\":\"https:\/\/foire-st-martin.ch\/wp-content\/uploads\/2023\/03\/2022_8_11_St_MARTIN_51-scaled.jpg\",\"height\":1707,\"width\":2560,\"orientation\":\"landscape\"}},\"meta\":false,\"postlink\":\"https:\/\/foire-st-martin.ch\/pgc_simply_gallery\/2022-preparation-cortege-du-mardi\/2022_8_11_st_martin_51\/\"},{\"id\":2074,\"title\":\"2022_8_11_St_MARTIN_53\",\"url\":\"https:\/\/foire-st-martin.ch\/wp-content\/uploads\/2023\/03\/2022_8_11_St_MARTIN_53-scaled.jpg\",\"link\":\"https:\/\/foire-st-martin.ch\/pgc_simply_gallery\/2022-preparation-cortege-du-mardi\/2022_8_11_st_martin_53\/\",\"alt\":\"\",\"description\":\"\",\"caption\":\"\",\"mime\":\"image\/jpeg\",\"type\":\"image\",\"width\":2560,\"height\":1707,\"sizes\":{\"thumbnail\":{\"url\":\"https:\/\/foire-st-martin.ch\/wp-content\/uploads\/2023\/03\/2022_8_11_St_MARTIN_53-150x150.jpg\",\"height\":150,\"width\":150,\"orientation\":\"landscape\"},\"medium\":{\"url\":\"https:\/\/foire-st-martin.ch\/wp-content\/uploads\/2023\/03\/2022_8_11_St_MARTIN_53-300x200.jpg\",\"height\":200,\"width\":300,\"orientation\":\"landscape\"},\"large\":{\"url\":\"https:\/\/foire-st-martin.ch\/wp-content\/uploads\/2023\/03\/2022_8_11_St_MARTIN_53-1024x683.jpg\",\"height\":683,\"width\":1024,\"orientation\":\"landscape\"},\"full\":{\"url\":\"https:\/\/foire-st-martin.ch\/wp-content\/uploads\/2023\/03\/2022_8_11_St_MARTIN_53-scaled.jpg\",\"height\":1707,\"width\":2560,\"orientation\":\"landscape\"}},\"meta\":false,\"postlink\":\"https:\/\/foire-st-martin.ch\/pgc_simply_gallery\/2022-preparation-cortege-du-mardi\/2022_8_11_st_martin_53\/\"},{\"id\":2075,\"title\":\"2022_8_11_St_MARTIN_55\",\"url\":\"https:\/\/foire-st-martin.ch\/wp-content\/uploads\/2023\/03\/2022_8_11_St_MARTIN_55-scaled.jpg\",\"link\":\"https:\/\/foire-st-martin.ch\/pgc_simply_gallery\/2022-preparation-cortege-du-mardi\/2022_8_11_st_martin_55\/\",\"alt\":\"\",\"description\":\"\",\"caption\":\"\",\"mime\":\"image\/jpeg\",\"type\":\"image\",\"width\":2560,\"height\":1707,\"sizes\":{\"thumbnail\":{\"url\":\"https:\/\/foire-st-martin.ch\/wp-content\/uploads\/2023\/03\/2022_8_11_St_MARTIN_55-150x150.jpg\",\"height\":150,\"width\":150,\"orientation\":\"landscape\"},\"medium\":{\"url\":\"https:\/\/foire-st-martin.ch\/wp-content\/uploads\/2023\/03\/2022_8_11_St_MARTIN_55-300x200.jpg\",\"height\":200,\"width\":300,\"orientation\":\"landscape\"},\"large\":{\"url\":\"https:\/\/foire-st-martin.ch\/wp-content\/uploads\/2023\/03\/2022_8_11_St_MARTIN_55-1024x683.jpg\",\"height\":683,\"width\":1024,\"orientation\":\"landscape\"},\"full\":{\"url\":\"https:\/\/foire-st-martin.ch\/wp-content\/uploads\/2023\/03\/2022_8_11_St_MARTIN_55-scaled.jpg\",\"height\":1707,\"width\":2560,\"orientation\":\"landscape\"}},\"meta\":false,\"postlink\":\"https:\/\/foire-st-martin.ch\/pgc_simply_gallery\/2022-preparation-cortege-du-mardi\/2022_8_11_st_martin_55\/\"},{\"id\":2076,\"title\":\"2022_8_11_St_MARTIN_60\",\"url\":\"https:\/\/foire-st-martin.ch\/wp-content\/uploads\/2023\/03\/2022_8_11_St_MARTIN_60-scaled.jpg\",\"link\":\"https:\/\/foire-st-martin.ch\/pgc_simply_gallery\/2022-preparation-cortege-du-mardi\/2022_8_11_st_martin_60\/\",\"alt\":\"\",\"description\":\"\",\"caption\":\"\",\"mime\":\"image\/jpeg\",\"type\":\"image\",\"width\":1707,\"height\":2560,\"sizes\":{\"thumbnail\":{\"url\":\"https:\/\/foire-st-martin.ch\/wp-content\/uploads\/2023\/03\/2022_8_11_St_MARTIN_60-150x150.jpg\",\"height\":150,\"width\":150,\"orientation\":\"landscape\"},\"medium\":{\"url\":\"https:\/\/foire-st-martin.ch\/wp-content\/uploads\/2023\/03\/2022_8_11_St_MARTIN_60-200x300.jpg\",\"height\":300,\"width\":200,\"orientation\":\"portrait\"},\"large\":{\"url\":\"https:\/\/foire-st-martin.ch\/wp-content\/uploads\/2023\/03\/2022_8_11_St_MARTIN_60-683x1024.jpg\",\"height\":1024,\"width\":683,\"orientation\":\"portrait\"},\"full\":{\"url\":\"https:\/\/foire-st-martin.ch\/wp-content\/uploads\/2023\/03\/2022_8_11_St_MARTIN_60-scaled.jpg\",\"height\":2560,\"width\":1707,\"orientation\":\"portrait\"}},\"meta\":false,\"postlink\":\"https:\/\/foire-st-martin.ch\/pgc_simply_gallery\/2022-preparation-cortege-du-mardi\/2022_8_11_st_martin_60\/\"},{\"id\":2077,\"title\":\"2022_8_11_St_MARTIN_62\",\"url\":\"https:\/\/foire-st-martin.ch\/wp-content\/uploads\/2023\/03\/2022_8_11_St_MARTIN_62-scaled.jpg\",\"link\":\"https:\/\/foire-st-martin.ch\/pgc_simply_gallery\/2022-preparation-cortege-du-mardi\/2022_8_11_st_martin_62\/\",\"alt\":\"\",\"description\":\"\",\"caption\":\"\",\"mime\":\"image\/jpeg\",\"type\":\"image\",\"width\":1707,\"height\":2560,\"sizes\":{\"thumbnail\":{\"url\":\"https:\/\/foire-st-martin.ch\/wp-content\/uploads\/2023\/03\/2022_8_11_St_MARTIN_62-150x150.jpg\",\"height\":150,\"width\":150,\"orientation\":\"landscape\"},\"medium\":{\"url\":\"https:\/\/foire-st-martin.ch\/wp-content\/uploads\/2023\/03\/2022_8_11_St_MARTIN_62-200x300.jpg\",\"height\":300,\"width\":200,\"orientation\":\"portrait\"},\"large\":{\"url\":\"https:\/\/foire-st-martin.ch\/wp-content\/uploads\/2023\/03\/2022_8_11_St_MARTIN_62-683x1024.jpg\",\"height\":1024,\"width\":683,\"orientation\":\"portrait\"},\"full\":{\"url\":\"https:\/\/foire-st-martin.ch\/wp-content\/uploads\/2023\/03\/2022_8_11_St_MARTIN_62-scaled.jpg\",\"height\":2560,\"width\":1707,\"orientation\":\"portrait\"}},\"meta\":false,\"postlink\":\"https:\/\/foire-st-martin.ch\/pgc_simply_gallery\/2022-preparation-cortege-du-mardi\/2022_8_11_st_martin_62\/\"},{\"id\":2083,\"title\":\"2022_8_11_St_MARTIN_72\",\"url\":\"https:\/\/foire-st-martin.ch\/wp-content\/uploads\/2023\/03\/2022_8_11_St_MARTIN_72-scaled.jpg\",\"link\":\"https:\/\/foire-st-martin.ch\/pgc_simply_gallery\/2022-preparation-cortege-du-mardi\/2022_8_11_st_martin_72\/\",\"alt\":\"\",\"description\":\"\",\"caption\":\"\",\"mime\":\"image\/jpeg\",\"type\":\"image\",\"width\":1707,\"height\":2560,\"sizes\":{\"thumbnail\":{\"url\":\"https:\/\/foire-st-martin.ch\/wp-content\/uploads\/2023\/03\/2022_8_11_St_MARTIN_72-150x150.jpg\",\"height\":150,\"width\":150,\"orientation\":\"landscape\"},\"medium\":{\"url\":\"https:\/\/foire-st-martin.ch\/wp-content\/uploads\/2023\/03\/2022_8_11_St_MARTIN_72-200x300.jpg\",\"height\":300,\"width\":200,\"orientation\":\"portrait\"},\"large\":{\"url\":\"https:\/\/foire-st-martin.ch\/wp-content\/uploads\/2023\/03\/2022_8_11_St_MARTIN_72-683x1024.jpg\",\"height\":1024,\"width\":683,\"orientation\":\"portrait\"},\"full\":{\"url\":\"https:\/\/foire-st-martin.ch\/wp-content\/uploads\/2023\/03\/2022_8_11_St_MARTIN_72-scaled.jpg\",\"height\":2560,\"width\":1707,\"orientation\":\"portrait\"}},\"meta\":false,\"postlink\":\"https:\/\/foire-st-martin.ch\/pgc_simply_gallery\/2022-preparation-cortege-du-mardi\/2022_8_11_st_martin_72\/\"},{\"id\":2082,\"title\":\"2022_8_11_St_MARTIN_71\",\"url\":\"https:\/\/foire-st-martin.ch\/wp-content\/uploads\/2023\/03\/2022_8_11_St_MARTIN_71-scaled.jpg\",\"link\":\"https:\/\/foire-st-martin.ch\/pgc_simply_gallery\/2022-preparation-cortege-du-mardi\/2022_8_11_st_martin_71\/\",\"alt\":\"\",\"description\":\"\",\"caption\":\"\",\"mime\":\"image\/jpeg\",\"type\":\"image\",\"width\":2560,\"height\":1707,\"sizes\":{\"thumbnail\":{\"url\":\"https:\/\/foire-st-martin.ch\/wp-content\/uploads\/2023\/03\/2022_8_11_St_MARTIN_71-150x150.jpg\",\"height\":150,\"width\":150,\"orientation\":\"landscape\"},\"medium\":{\"url\":\"https:\/\/foire-st-martin.ch\/wp-content\/uploads\/2023\/03\/2022_8_11_St_MARTIN_71-300x200.jpg\",\"height\":200,\"width\":300,\"orientation\":\"landscape\"},\"large\":{\"url\":\"https:\/\/foire-st-martin.ch\/wp-content\/uploads\/2023\/03\/2022_8_11_St_MARTIN_71-1024x683.jpg\",\"height\":683,\"width\":1024,\"orientation\":\"landscape\"},\"full\":{\"url\":\"https:\/\/foire-st-martin.ch\/wp-content\/uploads\/2023\/03\/2022_8_11_St_MARTIN_71-scaled.jpg\",\"height\":1707,\"width\":2560,\"orientation\":\"landscape\"}},\"meta\":false,\"postlink\":\"https:\/\/foire-st-martin.ch\/pgc_simply_gallery\/2022-preparation-cortege-du-mardi\/2022_8_11_st_martin_71\/\"},{\"id\":2081,\"title\":\"2022_8_11_St_MARTIN_70\",\"url\":\"https:\/\/foire-st-martin.ch\/wp-content\/uploads\/2023\/03\/2022_8_11_St_MARTIN_70-scaled.jpg\",\"link\":\"https:\/\/foire-st-martin.ch\/pgc_simply_gallery\/2022-preparation-cortege-du-mardi\/2022_8_11_st_martin_70\/\",\"alt\":\"\",\"description\":\"\",\"caption\":\"\",\"mime\":\"image\/jpeg\",\"type\":\"image\",\"width\":2560,\"height\":1707,\"sizes\":{\"thumbnail\":{\"url\":\"https:\/\/foire-st-martin.ch\/wp-content\/uploads\/2023\/03\/2022_8_11_St_MARTIN_70-150x150.jpg\",\"height\":150,\"width\":150,\"orientation\":\"landscape\"},\"medium\":{\"url\":\"https:\/\/foire-st-martin.ch\/wp-content\/uploads\/2023\/03\/2022_8_11_St_MARTIN_70-300x200.jpg\",\"height\":200,\"width\":300,\"orientation\":\"landscape\"},\"large\":{\"url\":\"https:\/\/foire-st-martin.ch\/wp-content\/uploads\/2023\/03\/2022_8_11_St_MARTIN_70-1024x683.jpg\",\"height\":683,\"width\":1024,\"orientation\":\"landscape\"},\"full\":{\"url\":\"https:\/\/foire-st-martin.ch\/wp-content\/uploads\/2023\/03\/2022_8_11_St_MARTIN_70-scaled.jpg\",\"height\":1707,\"width\":2560,\"orientation\":\"landscape\"}},\"meta\":false,\"postlink\":\"https:\/\/foire-st-martin.ch\/pgc_simply_gallery\/2022-preparation-cortege-du-mardi\/2022_8_11_st_martin_70\/\"},{\"id\":2080,\"title\":\"2022_8_11_St_MARTIN_68\",\"url\":\"https:\/\/foire-st-martin.ch\/wp-content\/uploads\/2023\/03\/2022_8_11_St_MARTIN_68-scaled.jpg\",\"link\":\"https:\/\/foire-st-martin.ch\/pgc_simply_gallery\/2022-preparation-cortege-du-mardi\/2022_8_11_st_martin_68\/\",\"alt\":\"\",\"description\":\"\",\"caption\":\"\",\"mime\":\"image\/jpeg\",\"type\":\"image\",\"width\":2560,\"height\":1707,\"sizes\":{\"thumbnail\":{\"url\":\"https:\/\/foire-st-martin.ch\/wp-content\/uploads\/2023\/03\/2022_8_11_St_MARTIN_68-150x150.jpg\",\"height\":150,\"width\":150,\"orientation\":\"landscape\"},\"medium\":{\"url\":\"https:\/\/foire-st-martin.ch\/wp-content\/uploads\/2023\/03\/2022_8_11_St_MARTIN_68-300x200.jpg\",\"height\":200,\"width\":300,\"orientation\":\"landscape\"},\"large\":{\"url\":\"https:\/\/foire-st-martin.ch\/wp-content\/uploads\/2023\/03\/2022_8_11_St_MARTIN_68-1024x683.jpg\",\"height\":683,\"width\":1024,\"orientation\":\"landscape\"},\"full\":{\"url\":\"https:\/\/foire-st-martin.ch\/wp-content\/uploads\/2023\/03\/2022_8_11_St_MARTIN_68-scaled.jpg\",\"height\":1707,\"width\":2560,\"orientation\":\"landscape\"}},\"meta\":false,\"postlink\":\"https:\/\/foire-st-martin.ch\/pgc_simply_gallery\/2022-preparation-cortege-du-mardi\/2022_8_11_st_martin_68\/\"},{\"id\":2079,\"title\":\"2022_8_11_St_MARTIN_67\",\"url\":\"https:\/\/foire-st-martin.ch\/wp-content\/uploads\/2023\/03\/2022_8_11_St_MARTIN_67-scaled.jpg\",\"link\":\"https:\/\/foire-st-martin.ch\/pgc_simply_gallery\/2022-preparation-cortege-du-mardi\/2022_8_11_st_martin_67\/\",\"alt\":\"\",\"description\":\"\",\"caption\":\"\",\"mime\":\"image\/jpeg\",\"type\":\"image\",\"width\":1707,\"height\":2560,\"sizes\":{\"thumbnail\":{\"url\":\"https:\/\/foire-st-martin.ch\/wp-content\/uploads\/2023\/03\/2022_8_11_St_MARTIN_67-150x150.jpg\",\"height\":150,\"width\":150,\"orientation\":\"landscape\"},\"medium\":{\"url\":\"https:\/\/foire-st-martin.ch\/wp-content\/uploads\/2023\/03\/2022_8_11_St_MARTIN_67-200x300.jpg\",\"height\":300,\"width\":200,\"orientation\":\"portrait\"},\"large\":{\"url\":\"https:\/\/foire-st-martin.ch\/wp-content\/uploads\/2023\/03\/2022_8_11_St_MARTIN_67-683x1024.jpg\",\"height\":1024,\"width\":683,\"orientation\":\"portrait\"},\"full\":{\"url\":\"https:\/\/foire-st-martin.ch\/wp-content\/uploads\/2023\/03\/2022_8_11_St_MARTIN_67-scaled.jpg\",\"height\":2560,\"width\":1707,\"orientation\":\"portrait\"}},\"meta\":false,\"postlink\":\"https:\/\/foire-st-martin.ch\/pgc_simply_gallery\/2022-preparation-cortege-du-mardi\/2022_8_11_st_martin_67\/\"},{\"id\":2078,\"title\":\"2022_8_11_St_MARTIN_63\",\"url\":\"https:\/\/foire-st-martin.ch\/wp-content\/uploads\/2023\/03\/2022_8_11_St_MARTIN_63-scaled.jpg\",\"link\":\"https:\/\/foire-st-martin.ch\/pgc_simply_gallery\/2022-preparation-cortege-du-mardi\/2022_8_11_st_martin_63\/\",\"alt\":\"\",\"description\":\"\",\"caption\":\"\",\"mime\":\"image\/jpeg\",\"type\":\"image\",\"width\":1707,\"height\":2560,\"sizes\":{\"thumbnail\":{\"url\":\"https:\/\/foire-st-martin.ch\/wp-content\/uploads\/2023\/03\/2022_8_11_St_MARTIN_63-150x150.jpg\",\"height\":150,\"width\":150,\"orientation\":\"landscape\"},\"medium\":{\"url\":\"https:\/\/foire-st-martin.ch\/wp-content\/uploads\/2023\/03\/2022_8_11_St_MARTIN_63-200x300.jpg\",\"height\":300,\"width\":200,\"orientation\":\"portrait\"},\"large\":{\"url\":\"https:\/\/foire-st-martin.ch\/wp-content\/uploads\/2023\/03\/2022_8_11_St_MARTIN_63-683x1024.jpg\",\"height\":1024,\"width\":683,\"orientation\":\"portrait\"},\"full\":{\"url\":\"https:\/\/foire-st-martin.ch\/wp-content\/uploads\/2023\/03\/2022_8_11_St_MARTIN_63-scaled.jpg\",\"height\":2560,\"width\":1707,\"orientation\":\"portrait\"}},\"meta\":false,\"postlink\":\"https:\/\/foire-st-martin.ch\/pgc_simply_gallery\/2022-preparation-cortege-du-mardi\/2022_8_11_st_martin_63\/\"}],\"itemsMetaDataCollection\":[]}<\/script><script>(function(){if(window.PGC_SGB && window.PGC_SGB.searcher){window.PGC_SGB.searcher.initBlocks()}})()<\/script><\/div>Le cort\u00e8ge depuis le Jardin Roussy vers la Grenette<div class=\"pgc-sgb-cb wp-block-pgcsimplygalleryblock-grid \" data-gallery-id=\"9d043006\"><div class=\"sgb-preloader\" id=\"pr_9d043006\">\n\t<div class=\"sgb-square\" style=\"background:#d4d4d4\"><\/div>\n\t<div class=\"sgb-square\" style=\"background:#d4d4d4\"><\/div>\n\t<div class=\"sgb-square\" style=\"background:#d4d4d4\"><\/div>\n\t<div class=\"sgb-square\" style=\"background:#d4d4d4\"><\/div><\/div><div class=\"simply-gallery-amp pgc_sgb_slider \" style=\"display: none;\"><div class=\"sgb-gallery\"><div class=\"sgb-item\"><a href=\"https:\/\/foire-st-martin.ch\/en\/2022_8_11_st_martin_83\/\"><img decoding=\"async\" alt=\"\" width=\"300\" height=\"200\" loading=\"lazy\" src=\"https:\/\/foire-st-martin.ch\/wp-content\/uploads\/2023\/03\/2022_8_11_St_MARTIN_83-300x200.jpg\"\/><\/a><\/div><div class=\"sgb-item\"><a href=\"https:\/\/foire-st-martin.ch\/en\/2022_8_11_st_martin_85\/\"><img decoding=\"async\" alt=\"\" width=\"200\" height=\"300\" loading=\"lazy\" src=\"https:\/\/foire-st-martin.ch\/wp-content\/uploads\/2023\/03\/2022_8_11_St_MARTIN_85-200x300.jpg\"\/><\/a><\/div><div class=\"sgb-item\"><a href=\"https:\/\/foire-st-martin.ch\/en\/2022_8_11_st_martin_87\/\"><img decoding=\"async\" alt=\"\" width=\"300\" height=\"200\" loading=\"lazy\" src=\"https:\/\/foire-st-martin.ch\/wp-content\/uploads\/2023\/03\/2022_8_11_St_MARTIN_87-300x200.jpg\"\/><\/a><\/div><div class=\"sgb-item\"><a href=\"https:\/\/foire-st-martin.ch\/en\/2022_8_11_st_martin_90\/\"><img decoding=\"async\" alt=\"\" width=\"200\" height=\"300\" loading=\"lazy\" src=\"https:\/\/foire-st-martin.ch\/wp-content\/uploads\/2023\/03\/2022_8_11_St_MARTIN_90-200x300.jpg\"\/><\/a><\/div><div class=\"sgb-item\"><a href=\"https:\/\/foire-st-martin.ch\/en\/2022_8_11_st_martin_93\/\"><img decoding=\"async\" alt=\"\" width=\"200\" height=\"300\" loading=\"lazy\" src=\"https:\/\/foire-st-martin.ch\/wp-content\/uploads\/2023\/03\/2022_8_11_St_MARTIN_93-200x300.jpg\"\/><\/a><\/div><div class=\"sgb-item\"><a href=\"https:\/\/foire-st-martin.ch\/en\/2022_8_11_st_martin_98\/\"><img decoding=\"async\" alt=\"\" width=\"300\" height=\"200\" loading=\"lazy\" src=\"https:\/\/foire-st-martin.ch\/wp-content\/uploads\/2023\/03\/2022_8_11_St_MARTIN_98-300x200.jpg\"\/><\/a><\/div><div class=\"sgb-item\"><a href=\"https:\/\/foire-st-martin.ch\/en\/2022_8_11_st_martin_120\/\"><img decoding=\"async\" alt=\"\" width=\"300\" height=\"200\" loading=\"lazy\" src=\"https:\/\/foire-st-martin.ch\/wp-content\/uploads\/2023\/03\/2022_8_11_St_MARTIN_120-300x200.jpg\"\/><\/a><\/div><div class=\"sgb-item\"><a href=\"https:\/\/foire-st-martin.ch\/en\/2022_8_11_st_martin_119\/\"><img decoding=\"async\" alt=\"\" width=\"300\" height=\"200\" loading=\"lazy\" src=\"https:\/\/foire-st-martin.ch\/wp-content\/uploads\/2023\/03\/2022_8_11_St_MARTIN_119-300x200.jpg\"\/><\/a><\/div><div class=\"sgb-item\"><a href=\"https:\/\/foire-st-martin.ch\/en\/2022_8_11_st_martin_118\/\"><img decoding=\"async\" alt=\"\" width=\"200\" height=\"300\" loading=\"lazy\" src=\"https:\/\/foire-st-martin.ch\/wp-content\/uploads\/2023\/03\/2022_8_11_St_MARTIN_118-200x300.jpg\"\/><\/a><\/div><div class=\"sgb-item\"><a href=\"https:\/\/foire-st-martin.ch\/en\/2022_8_11_st_martin_115\/\"><img decoding=\"async\" alt=\"\" width=\"300\" height=\"200\" loading=\"lazy\" src=\"https:\/\/foire-st-martin.ch\/wp-content\/uploads\/2023\/03\/2022_8_11_St_MARTIN_115-300x200.jpg\"\/><\/a><\/div><div class=\"sgb-item\"><a href=\"https:\/\/foire-st-martin.ch\/en\/2022_8_11_st_martin_114\/\"><img decoding=\"async\" alt=\"\" width=\"300\" height=\"200\" loading=\"lazy\" src=\"https:\/\/foire-st-martin.ch\/wp-content\/uploads\/2023\/03\/2022_8_11_St_MARTIN_114-300x200.jpg\"\/><\/a><\/div><div class=\"sgb-item\"><a href=\"https:\/\/foire-st-martin.ch\/en\/2022_8_11_st_martin_112\/\"><img decoding=\"async\" alt=\"\" width=\"300\" height=\"200\" loading=\"lazy\" src=\"https:\/\/foire-st-martin.ch\/wp-content\/uploads\/2023\/03\/2022_8_11_St_MARTIN_112-300x200.jpg\"\/><\/a><\/div><div class=\"sgb-item\"><a href=\"https:\/\/foire-st-martin.ch\/en\/2022_8_11_st_martin_108\/\"><img decoding=\"async\" alt=\"\" width=\"300\" height=\"200\" loading=\"lazy\" src=\"https:\/\/foire-st-martin.ch\/wp-content\/uploads\/2023\/03\/2022_8_11_St_MARTIN_108-300x200.jpg\"\/><\/a><\/div><div class=\"sgb-item\"><a href=\"https:\/\/foire-st-martin.ch\/en\/2022_8_11_st_martin_103\/\"><img decoding=\"async\" alt=\"\" width=\"300\" height=\"200\" loading=\"lazy\" src=\"https:\/\/foire-st-martin.ch\/wp-content\/uploads\/2023\/03\/2022_8_11_St_MARTIN_103-300x200.jpg\"\/><\/a><\/div><div class=\"sgb-item\"><a href=\"https:\/\/foire-st-martin.ch\/en\/2022_8_11_st_martin_122\/\"><img decoding=\"async\" alt=\"\" width=\"300\" height=\"200\" loading=\"lazy\" src=\"https:\/\/foire-st-martin.ch\/wp-content\/uploads\/2023\/03\/2022_8_11_St_MARTIN_122-300x200.jpg\"\/><\/a><\/div><div class=\"sgb-item\"><a href=\"https:\/\/foire-st-martin.ch\/en\/2022_8_11_st_martin_129\/\"><img decoding=\"async\" alt=\"\" width=\"200\" height=\"300\" loading=\"lazy\" src=\"https:\/\/foire-st-martin.ch\/wp-content\/uploads\/2023\/03\/2022_8_11_St_MARTIN_129-200x300.jpg\"\/><\/a><\/div><div class=\"sgb-item\"><a href=\"https:\/\/foire-st-martin.ch\/en\/2022_8_11_st_martin_134\/\"><img decoding=\"async\" alt=\"\" width=\"200\" height=\"300\" loading=\"lazy\" src=\"https:\/\/foire-st-martin.ch\/wp-content\/uploads\/2023\/03\/2022_8_11_St_MARTIN_134-200x300.jpg\"\/><\/a><\/div><div class=\"sgb-item\"><a href=\"https:\/\/foire-st-martin.ch\/en\/2022_8_11_st_martin_137\/\"><img decoding=\"async\" alt=\"\" width=\"200\" height=\"300\" loading=\"lazy\" src=\"https:\/\/foire-st-martin.ch\/wp-content\/uploads\/2023\/03\/2022_8_11_St_MARTIN_137-200x300.jpg\"\/><\/a><\/div><div class=\"sgb-item\"><a href=\"https:\/\/foire-st-martin.ch\/en\/2022_8_11_st_martin_141\/\"><img decoding=\"async\" alt=\"\" width=\"200\" height=\"300\" loading=\"lazy\" src=\"https:\/\/foire-st-martin.ch\/wp-content\/uploads\/2023\/03\/2022_8_11_St_MARTIN_141-200x300.jpg\"\/><\/a><\/div><div class=\"sgb-item\"><a href=\"https:\/\/foire-st-martin.ch\/en\/2022_8_11_st_martin_142\/\"><img decoding=\"async\" alt=\"\" width=\"200\" height=\"300\" loading=\"lazy\" src=\"https:\/\/foire-st-martin.ch\/wp-content\/uploads\/2023\/03\/2022_8_11_St_MARTIN_142-200x300.jpg\"\/><\/a><\/div><div class=\"sgb-item\"><a href=\"https:\/\/foire-st-martin.ch\/en\/2022_8_11_st_martin_143\/\"><img decoding=\"async\" alt=\"\" width=\"300\" height=\"200\" loading=\"lazy\" src=\"https:\/\/foire-st-martin.ch\/wp-content\/uploads\/2023\/03\/2022_8_11_St_MARTIN_143-300x200.jpg\"\/><\/a><\/div><div class=\"sgb-item\"><a href=\"https:\/\/foire-st-martin.ch\/en\/2022_8_11_st_martin_144\/\"><img decoding=\"async\" alt=\"\" width=\"300\" height=\"200\" loading=\"lazy\" src=\"https:\/\/foire-st-martin.ch\/wp-content\/uploads\/2023\/03\/2022_8_11_St_MARTIN_144-300x200.jpg\"\/><\/a><\/div><div class=\"sgb-item\"><a href=\"https:\/\/foire-st-martin.ch\/en\/2022_8_11_st_martin_145\/\"><img decoding=\"async\" alt=\"\" width=\"300\" height=\"200\" loading=\"lazy\" src=\"https:\/\/foire-st-martin.ch\/wp-content\/uploads\/2023\/03\/2022_8_11_St_MARTIN_145-300x200.jpg\"\/><\/a><\/div><div class=\"sgb-item\"><a href=\"https:\/\/foire-st-martin.ch\/en\/2022_8_11_st_martin_151\/\"><img decoding=\"async\" alt=\"\" width=\"300\" height=\"200\" loading=\"lazy\" src=\"https:\/\/foire-st-martin.ch\/wp-content\/uploads\/2023\/03\/2022_8_11_St_MARTIN_151-300x200.jpg\"\/><\/a><\/div><div class=\"sgb-item\"><a href=\"https:\/\/foire-st-martin.ch\/en\/2022_8_11_st_martin_156\/\"><img decoding=\"async\" alt=\"\" width=\"200\" height=\"300\" loading=\"lazy\" src=\"https:\/\/foire-st-martin.ch\/wp-content\/uploads\/2023\/03\/2022_8_11_St_MARTIN_156-200x300.jpg\"\/><\/a><\/div><div class=\"sgb-item\"><a href=\"https:\/\/foire-st-martin.ch\/en\/2022_8_11_st_martin_158\/\"><img decoding=\"async\" alt=\"\" width=\"200\" height=\"300\" loading=\"lazy\" src=\"https:\/\/foire-st-martin.ch\/wp-content\/uploads\/2023\/03\/2022_8_11_St_MARTIN_158-200x300.jpg\"\/><\/a><\/div><div class=\"sgb-item\"><a href=\"https:\/\/foire-st-martin.ch\/en\/2022_8_11_st_martin_159\/\"><img decoding=\"async\" alt=\"\" width=\"200\" height=\"300\" loading=\"lazy\" src=\"https:\/\/foire-st-martin.ch\/wp-content\/uploads\/2023\/03\/2022_8_11_St_MARTIN_159-200x300.jpg\"\/><\/a><\/div><div class=\"sgb-item\"><a href=\"https:\/\/foire-st-martin.ch\/en\/2022_8_11_st_martin_160\/\"><img decoding=\"async\" alt=\"\" width=\"200\" height=\"300\" loading=\"lazy\" src=\"https:\/\/foire-st-martin.ch\/wp-content\/uploads\/2023\/03\/2022_8_11_St_MARTIN_160-200x300.jpg\"\/><\/a><\/div><div class=\"sgb-item\"><a href=\"https:\/\/foire-st-martin.ch\/en\/2022_8_11_st_martin_161\/\"><img decoding=\"async\" alt=\"\" width=\"300\" height=\"200\" loading=\"lazy\" src=\"https:\/\/foire-st-martin.ch\/wp-content\/uploads\/2023\/03\/2022_8_11_St_MARTIN_161-300x200.jpg\"\/><\/a><\/div><div class=\"sgb-item\"><a href=\"https:\/\/foire-st-martin.ch\/en\/2022_8_11_st_martin_162\/\"><img decoding=\"async\" alt=\"\" width=\"200\" height=\"300\" loading=\"lazy\" src=\"https:\/\/foire-st-martin.ch\/wp-content\/uploads\/2023\/03\/2022_8_11_St_MARTIN_162-200x300.jpg\"\/><\/a><\/div><div class=\"sgb-item\"><a href=\"https:\/\/foire-st-martin.ch\/en\/2022_8_11_st_martin_163\/\"><img decoding=\"async\" alt=\"\" width=\"200\" height=\"300\" loading=\"lazy\" src=\"https:\/\/foire-st-martin.ch\/wp-content\/uploads\/2023\/03\/2022_8_11_St_MARTIN_163-200x300.jpg\"\/><\/a><\/div><div class=\"sgb-item\"><a href=\"https:\/\/foire-st-martin.ch\/en\/2022_8_11_st_martin_165\/\"><img decoding=\"async\" alt=\"\" width=\"200\" height=\"300\" loading=\"lazy\" src=\"https:\/\/foire-st-martin.ch\/wp-content\/uploads\/2023\/03\/2022_8_11_St_MARTIN_165-200x300.jpg\"\/><\/a><\/div><div class=\"sgb-item\"><a href=\"https:\/\/foire-st-martin.ch\/en\/2022_8_11_st_martin_166\/\"><img decoding=\"async\" alt=\"\" width=\"300\" height=\"200\" loading=\"lazy\" src=\"https:\/\/foire-st-martin.ch\/wp-content\/uploads\/2023\/03\/2022_8_11_St_MARTIN_166-300x200.jpg\"\/><\/a><\/div><div class=\"sgb-item\"><a href=\"https:\/\/foire-st-martin.ch\/en\/2022_8_11_st_martin_168\/\"><img decoding=\"async\" alt=\"\" width=\"300\" height=\"200\" loading=\"lazy\" src=\"https:\/\/foire-st-martin.ch\/wp-content\/uploads\/2023\/03\/2022_8_11_St_MARTIN_168-300x200.jpg\"\/><\/a><\/div><div class=\"sgb-item\"><a href=\"https:\/\/foire-st-martin.ch\/en\/2022_8_11_st_martin_170\/\"><img decoding=\"async\" alt=\"\" width=\"300\" height=\"200\" loading=\"lazy\" src=\"https:\/\/foire-st-martin.ch\/wp-content\/uploads\/2023\/03\/2022_8_11_St_MARTIN_170-300x200.jpg\"\/><\/a><\/div><div class=\"sgb-item\"><a href=\"https:\/\/foire-st-martin.ch\/en\/2022_8_11_st_martin_174\/\"><img decoding=\"async\" alt=\"\" width=\"200\" height=\"300\" loading=\"lazy\" src=\"https:\/\/foire-st-martin.ch\/wp-content\/uploads\/2023\/03\/2022_8_11_St_MARTIN_174-200x300.jpg\"\/><\/a><\/div><div class=\"sgb-item\"><a href=\"https:\/\/foire-st-martin.ch\/en\/2022_8_11_st_martin_175\/\"><img decoding=\"async\" alt=\"\" width=\"200\" height=\"300\" loading=\"lazy\" src=\"https:\/\/foire-st-martin.ch\/wp-content\/uploads\/2023\/03\/2022_8_11_St_MARTIN_175-200x300.jpg\"\/><\/a><\/div><div class=\"sgb-item\"><a href=\"https:\/\/foire-st-martin.ch\/en\/2022_8_11_st_martin_177\/\"><img decoding=\"async\" alt=\"\" width=\"200\" height=\"300\" loading=\"lazy\" src=\"https:\/\/foire-st-martin.ch\/wp-content\/uploads\/2023\/03\/2022_8_11_St_MARTIN_177-200x300.jpg\"\/><\/a><\/div><div class=\"sgb-item\"><a href=\"https:\/\/foire-st-martin.ch\/en\/2022_8_11_st_martin_178\/\"><img decoding=\"async\" alt=\"\" width=\"300\" height=\"200\" loading=\"lazy\" src=\"https:\/\/foire-st-martin.ch\/wp-content\/uploads\/2023\/03\/2022_8_11_St_MARTIN_178-300x200.jpg\"\/><\/a><\/div><div class=\"sgb-item\"><a href=\"https:\/\/foire-st-martin.ch\/en\/2022_8_11_st_martin_180\/\"><img decoding=\"async\" alt=\"\" width=\"300\" height=\"200\" loading=\"lazy\" src=\"https:\/\/foire-st-martin.ch\/wp-content\/uploads\/2023\/03\/2022_8_11_St_MARTIN_180-300x200.jpg\"\/><\/a><\/div><div class=\"sgb-item\"><a href=\"https:\/\/foire-st-martin.ch\/en\/2022_8_11_st_martin_181\/\"><img decoding=\"async\" alt=\"\" width=\"200\" height=\"300\" loading=\"lazy\" src=\"https:\/\/foire-st-martin.ch\/wp-content\/uploads\/2023\/03\/2022_8_11_St_MARTIN_181-200x300.jpg\"\/><\/a><\/div><div class=\"sgb-item\"><a href=\"https:\/\/foire-st-martin.ch\/en\/2022_8_11_st_martin_185\/\"><img decoding=\"async\" alt=\"\" width=\"200\" height=\"300\" loading=\"lazy\" src=\"https:\/\/foire-st-martin.ch\/wp-content\/uploads\/2023\/03\/2022_8_11_St_MARTIN_185-200x300.jpg\"\/><\/a><\/div><div class=\"sgb-item\"><a href=\"https:\/\/foire-st-martin.ch\/en\/2022_8_11_st_martin_186\/\"><img decoding=\"async\" alt=\"\" width=\"300\" height=\"200\" loading=\"lazy\" src=\"https:\/\/foire-st-martin.ch\/wp-content\/uploads\/2023\/03\/2022_8_11_St_MARTIN_186-300x200.jpg\"\/><\/a><\/div><div class=\"sgb-item\"><a href=\"https:\/\/foire-st-martin.ch\/en\/2022_8_11_st_martin_187\/\"><img decoding=\"async\" alt=\"\" width=\"200\" height=\"300\" loading=\"lazy\" src=\"https:\/\/foire-st-martin.ch\/wp-content\/uploads\/2023\/03\/2022_8_11_St_MARTIN_187-200x300.jpg\"\/><\/a><\/div><div class=\"sgb-item\"><a href=\"https:\/\/foire-st-martin.ch\/en\/2022_8_11_st_martin_188\/\"><img decoding=\"async\" alt=\"\" width=\"300\" height=\"200\" loading=\"lazy\" src=\"https:\/\/foire-st-martin.ch\/wp-content\/uploads\/2023\/03\/2022_8_11_St_MARTIN_188-300x200.jpg\"\/><\/a><\/div><div class=\"sgb-item\"><a href=\"https:\/\/foire-st-martin.ch\/en\/2022_8_11_st_martin_189\/\"><img decoding=\"async\" alt=\"\" width=\"300\" height=\"200\" loading=\"lazy\" src=\"https:\/\/foire-st-martin.ch\/wp-content\/uploads\/2023\/03\/2022_8_11_St_MARTIN_189-300x200.jpg\"\/><\/a><\/div><div class=\"sgb-item\"><a href=\"https:\/\/foire-st-martin.ch\/en\/2022_8_11_st_martin_191\/\"><img decoding=\"async\" alt=\"\" width=\"200\" height=\"300\" loading=\"lazy\" src=\"https:\/\/foire-st-martin.ch\/wp-content\/uploads\/2023\/03\/2022_8_11_St_MARTIN_191-200x300.jpg\"\/><\/a><\/div><div class=\"sgb-item\"><a href=\"https:\/\/foire-st-martin.ch\/en\/2022_8_11_st_martin_195\/\"><img decoding=\"async\" alt=\"\" width=\"300\" height=\"200\" loading=\"lazy\" src=\"https:\/\/foire-st-martin.ch\/wp-content\/uploads\/2023\/03\/2022_8_11_St_MARTIN_195-300x200.jpg\"\/><\/a><\/div><div class=\"sgb-item\"><a href=\"https:\/\/foire-st-martin.ch\/en\/2022_8_11_st_martin_197\/\"><img decoding=\"async\" alt=\"\" width=\"200\" height=\"300\" loading=\"lazy\" src=\"https:\/\/foire-st-martin.ch\/wp-content\/uploads\/2023\/03\/2022_8_11_St_MARTIN_197-200x300.jpg\"\/><\/a><\/div><div class=\"sgb-item\"><a href=\"https:\/\/foire-st-martin.ch\/en\/2022_8_11_st_martin_198\/\"><img decoding=\"async\" alt=\"\" width=\"200\" height=\"300\" loading=\"lazy\" src=\"https:\/\/foire-st-martin.ch\/wp-content\/uploads\/2023\/03\/2022_8_11_St_MARTIN_198-200x300.jpg\"\/><\/a><\/div><div class=\"sgb-item\"><a href=\"https:\/\/foire-st-martin.ch\/en\/2022_8_11_st_martin_202\/\"><img decoding=\"async\" alt=\"\" width=\"200\" height=\"300\" loading=\"lazy\" src=\"https:\/\/foire-st-martin.ch\/wp-content\/uploads\/2023\/03\/2022_8_11_St_MARTIN_202-200x300.jpg\"\/><\/a><\/div><div class=\"sgb-item\"><a href=\"https:\/\/foire-st-martin.ch\/en\/2022_8_11_st_martin_203\/\"><img decoding=\"async\" alt=\"\" width=\"300\" height=\"200\" loading=\"lazy\" src=\"https:\/\/foire-st-martin.ch\/wp-content\/uploads\/2023\/03\/2022_8_11_St_MARTIN_203-300x200.jpg\"\/><\/a><\/div><div class=\"sgb-item\"><a href=\"https:\/\/foire-st-martin.ch\/en\/2022_8_11_st_martin_205\/\"><img decoding=\"async\" alt=\"\" width=\"200\" height=\"300\" loading=\"lazy\" src=\"https:\/\/foire-st-martin.ch\/wp-content\/uploads\/2023\/03\/2022_8_11_St_MARTIN_205-200x300.jpg\"\/><\/a><\/div><div class=\"sgb-item\"><a href=\"https:\/\/foire-st-martin.ch\/en\/2022_8_11_st_martin_206\/\"><img decoding=\"async\" alt=\"\" width=\"300\" height=\"200\" loading=\"lazy\" src=\"https:\/\/foire-st-martin.ch\/wp-content\/uploads\/2023\/03\/2022_8_11_St_MARTIN_206-300x200.jpg\"\/><\/a><\/div><div class=\"sgb-item\"><a href=\"https:\/\/foire-st-martin.ch\/en\/2022_8_11_st_martin_207\/\"><img decoding=\"async\" alt=\"\" width=\"200\" height=\"300\" loading=\"lazy\" src=\"https:\/\/foire-st-martin.ch\/wp-content\/uploads\/2023\/03\/2022_8_11_St_MARTIN_207-200x300.jpg\"\/><\/a><\/div><div class=\"sgb-item\"><a href=\"https:\/\/foire-st-martin.ch\/en\/2022_8_11_st_martin_213\/\"><img decoding=\"async\" alt=\"\" width=\"300\" height=\"200\" loading=\"lazy\" src=\"https:\/\/foire-st-martin.ch\/wp-content\/uploads\/2023\/03\/2022_8_11_St_MARTIN_213-300x200.jpg\"\/><\/a><\/div><div class=\"sgb-item\"><a href=\"https:\/\/foire-st-martin.ch\/en\/2022_8_11_st_martin_220\/\"><img decoding=\"async\" alt=\"\" width=\"300\" height=\"200\" loading=\"lazy\" src=\"https:\/\/foire-st-martin.ch\/wp-content\/uploads\/2023\/03\/2022_8_11_St_MARTIN_220-300x200.jpg\"\/><\/a><\/div><div class=\"sgb-item\"><a href=\"https:\/\/foire-st-martin.ch\/en\/2022_8_11_st_martin_223\/\"><img decoding=\"async\" alt=\"\" width=\"200\" height=\"300\" loading=\"lazy\" src=\"https:\/\/foire-st-martin.ch\/wp-content\/uploads\/2023\/03\/2022_8_11_St_MARTIN_223-200x300.jpg\"\/><\/a><\/div><div class=\"sgb-item\"><a href=\"https:\/\/foire-st-martin.ch\/en\/2022_8_11_st_martin_224\/\"><img decoding=\"async\" alt=\"\" width=\"300\" height=\"200\" loading=\"lazy\" src=\"https:\/\/foire-st-martin.ch\/wp-content\/uploads\/2023\/03\/2022_8_11_St_MARTIN_224-300x200.jpg\"\/><\/a><\/div><div class=\"sgb-item\"><a href=\"https:\/\/foire-st-martin.ch\/en\/2022_8_11_st_martin_231\/\"><img decoding=\"async\" alt=\"\" width=\"300\" height=\"200\" loading=\"lazy\" src=\"https:\/\/foire-st-martin.ch\/wp-content\/uploads\/2023\/03\/2022_8_11_St_MARTIN_231-300x200.jpg\"\/><\/a><\/div><div class=\"sgb-item\"><a href=\"https:\/\/foire-st-martin.ch\/en\/2022_8_11_st_martin_235\/\"><img decoding=\"async\" alt=\"\" width=\"300\" height=\"200\" loading=\"lazy\" src=\"https:\/\/foire-st-martin.ch\/wp-content\/uploads\/2023\/03\/2022_8_11_St_MARTIN_235-300x200.jpg\"\/><\/a><\/div><div class=\"sgb-item\"><a href=\"https:\/\/foire-st-martin.ch\/en\/2022_8_11_st_martin_236\/\"><img decoding=\"async\" alt=\"\" width=\"300\" height=\"200\" loading=\"lazy\" src=\"https:\/\/foire-st-martin.ch\/wp-content\/uploads\/2023\/03\/2022_8_11_St_MARTIN_236-300x200.jpg\"\/><\/a><\/div><\/div><\/div><script type=\"application\/json\" class=\"sgb-data\">{\"galleryType\":\"pgc_sgb_grid\",\"galleryId\":\"9d043006\",\"images\":[{\"id\":2089,\"title\":\"2022_8_11_St_MARTIN_83\",\"url\":\"https:\/\/foire-st-martin.ch\/wp-content\/uploads\/2023\/03\/2022_8_11_St_MARTIN_83-scaled.jpg\",\"link\":\"https:\/\/foire-st-martin.ch\/2022_8_11_st_martin_83\/\",\"alt\":\"\",\"description\":\"\",\"caption\":\"\",\"mime\":\"image\/jpeg\",\"type\":\"image\",\"width\":2560,\"height\":1707,\"sizes\":{\"thumbnail\":{\"url\":\"https:\/\/foire-st-martin.ch\/wp-content\/uploads\/2023\/03\/2022_8_11_St_MARTIN_83-150x150.jpg\",\"height\":150,\"width\":150,\"orientation\":\"landscape\"},\"medium\":{\"url\":\"https:\/\/foire-st-martin.ch\/wp-content\/uploads\/2023\/03\/2022_8_11_St_MARTIN_83-300x200.jpg\",\"height\":200,\"width\":300,\"orientation\":\"landscape\"},\"large\":{\"url\":\"https:\/\/foire-st-martin.ch\/wp-content\/uploads\/2023\/03\/2022_8_11_St_MARTIN_83-1024x683.jpg\",\"height\":683,\"width\":1024,\"orientation\":\"landscape\"},\"full\":{\"url\":\"https:\/\/foire-st-martin.ch\/wp-content\/uploads\/2023\/03\/2022_8_11_St_MARTIN_83-scaled.jpg\",\"height\":1707,\"width\":2560,\"orientation\":\"landscape\"}},\"meta\":false,\"postlink\":\"https:\/\/foire-st-martin.ch\/2022_8_11_st_martin_83\/\"},{\"id\":2090,\"title\":\"2022_8_11_St_MARTIN_85\",\"url\":\"https:\/\/foire-st-martin.ch\/wp-content\/uploads\/2023\/03\/2022_8_11_St_MARTIN_85-scaled.jpg\",\"link\":\"https:\/\/foire-st-martin.ch\/2022_8_11_st_martin_85\/\",\"alt\":\"\",\"description\":\"\",\"caption\":\"\",\"mime\":\"image\/jpeg\",\"type\":\"image\",\"width\":1707,\"height\":2560,\"sizes\":{\"thumbnail\":{\"url\":\"https:\/\/foire-st-martin.ch\/wp-content\/uploads\/2023\/03\/2022_8_11_St_MARTIN_85-150x150.jpg\",\"height\":150,\"width\":150,\"orientation\":\"landscape\"},\"medium\":{\"url\":\"https:\/\/foire-st-martin.ch\/wp-content\/uploads\/2023\/03\/2022_8_11_St_MARTIN_85-200x300.jpg\",\"height\":300,\"width\":200,\"orientation\":\"portrait\"},\"large\":{\"url\":\"https:\/\/foire-st-martin.ch\/wp-content\/uploads\/2023\/03\/2022_8_11_St_MARTIN_85-683x1024.jpg\",\"height\":1024,\"width\":683,\"orientation\":\"portrait\"},\"full\":{\"url\":\"https:\/\/foire-st-martin.ch\/wp-content\/uploads\/2023\/03\/2022_8_11_St_MARTIN_85-scaled.jpg\",\"height\":2560,\"width\":1707,\"orientation\":\"portrait\"}},\"meta\":false,\"postlink\":\"https:\/\/foire-st-martin.ch\/2022_8_11_st_martin_85\/\"},{\"id\":2091,\"title\":\"2022_8_11_St_MARTIN_87\",\"url\":\"https:\/\/foire-st-martin.ch\/wp-content\/uploads\/2023\/03\/2022_8_11_St_MARTIN_87-scaled.jpg\",\"link\":\"https:\/\/foire-st-martin.ch\/2022_8_11_st_martin_87\/\",\"alt\":\"\",\"description\":\"\",\"caption\":\"\",\"mime\":\"image\/jpeg\",\"type\":\"image\",\"width\":2560,\"height\":1707,\"sizes\":{\"thumbnail\":{\"url\":\"https:\/\/foire-st-martin.ch\/wp-content\/uploads\/2023\/03\/2022_8_11_St_MARTIN_87-150x150.jpg\",\"height\":150,\"width\":150,\"orientation\":\"landscape\"},\"medium\":{\"url\":\"https:\/\/foire-st-martin.ch\/wp-content\/uploads\/2023\/03\/2022_8_11_St_MARTIN_87-300x200.jpg\",\"height\":200,\"width\":300,\"orientation\":\"landscape\"},\"large\":{\"url\":\"https:\/\/foire-st-martin.ch\/wp-content\/uploads\/2023\/03\/2022_8_11_St_MARTIN_87-1024x683.jpg\",\"height\":683,\"width\":1024,\"orientation\":\"landscape\"},\"full\":{\"url\":\"https:\/\/foire-st-martin.ch\/wp-content\/uploads\/2023\/03\/2022_8_11_St_MARTIN_87-scaled.jpg\",\"height\":1707,\"width\":2560,\"orientation\":\"landscape\"}},\"meta\":false,\"postlink\":\"https:\/\/foire-st-martin.ch\/2022_8_11_st_martin_87\/\"},{\"id\":2092,\"title\":\"2022_8_11_St_MARTIN_90\",\"url\":\"https:\/\/foire-st-martin.ch\/wp-content\/uploads\/2023\/03\/2022_8_11_St_MARTIN_90-scaled.jpg\",\"link\":\"https:\/\/foire-st-martin.ch\/2022_8_11_st_martin_90\/\",\"alt\":\"\",\"description\":\"\",\"caption\":\"\",\"mime\":\"image\/jpeg\",\"type\":\"image\",\"width\":1707,\"height\":2560,\"sizes\":{\"thumbnail\":{\"url\":\"https:\/\/foire-st-martin.ch\/wp-content\/uploads\/2023\/03\/2022_8_11_St_MARTIN_90-150x150.jpg\",\"height\":150,\"width\":150,\"orientation\":\"landscape\"},\"medium\":{\"url\":\"https:\/\/foire-st-martin.ch\/wp-content\/uploads\/2023\/03\/2022_8_11_St_MARTIN_90-200x300.jpg\",\"height\":300,\"width\":200,\"orientation\":\"portrait\"},\"large\":{\"url\":\"https:\/\/foire-st-martin.ch\/wp-content\/uploads\/2023\/03\/2022_8_11_St_MARTIN_90-683x1024.jpg\",\"height\":1024,\"width\":683,\"orientation\":\"portrait\"},\"full\":{\"url\":\"https:\/\/foire-st-martin.ch\/wp-content\/uploads\/2023\/03\/2022_8_11_St_MARTIN_90-scaled.jpg\",\"height\":2560,\"width\":1707,\"orientation\":\"portrait\"}},\"meta\":false,\"postlink\":\"https:\/\/foire-st-martin.ch\/2022_8_11_st_martin_90\/\"},{\"id\":2093,\"title\":\"2022_8_11_St_MARTIN_93\",\"url\":\"https:\/\/foire-st-martin.ch\/wp-content\/uploads\/2023\/03\/2022_8_11_St_MARTIN_93-scaled.jpg\",\"link\":\"https:\/\/foire-st-martin.ch\/2022_8_11_st_martin_93\/\",\"alt\":\"\",\"description\":\"\",\"caption\":\"\",\"mime\":\"image\/jpeg\",\"type\":\"image\",\"width\":1707,\"height\":2560,\"sizes\":{\"thumbnail\":{\"url\":\"https:\/\/foire-st-martin.ch\/wp-content\/uploads\/2023\/03\/2022_8_11_St_MARTIN_93-150x150.jpg\",\"height\":150,\"width\":150,\"orientation\":\"landscape\"},\"medium\":{\"url\":\"https:\/\/foire-st-martin.ch\/wp-content\/uploads\/2023\/03\/2022_8_11_St_MARTIN_93-200x300.jpg\",\"height\":300,\"width\":200,\"orientation\":\"portrait\"},\"large\":{\"url\":\"https:\/\/foire-st-martin.ch\/wp-content\/uploads\/2023\/03\/2022_8_11_St_MARTIN_93-683x1024.jpg\",\"height\":1024,\"width\":683,\"orientation\":\"portrait\"},\"full\":{\"url\":\"https:\/\/foire-st-martin.ch\/wp-content\/uploads\/2023\/03\/2022_8_11_St_MARTIN_93-scaled.jpg\",\"height\":2560,\"width\":1707,\"orientation\":\"portrait\"}},\"meta\":false,\"postlink\":\"https:\/\/foire-st-martin.ch\/2022_8_11_st_martin_93\/\"},{\"id\":2094,\"title\":\"2022_8_11_St_MARTIN_98\",\"url\":\"https:\/\/foire-st-martin.ch\/wp-content\/uploads\/2023\/03\/2022_8_11_St_MARTIN_98-scaled.jpg\",\"link\":\"https:\/\/foire-st-martin.ch\/2022_8_11_st_martin_98\/\",\"alt\":\"\",\"description\":\"\",\"caption\":\"\",\"mime\":\"image\/jpeg\",\"type\":\"image\",\"width\":2560,\"height\":1707,\"sizes\":{\"thumbnail\":{\"url\":\"https:\/\/foire-st-martin.ch\/wp-content\/uploads\/2023\/03\/2022_8_11_St_MARTIN_98-150x150.jpg\",\"height\":150,\"width\":150,\"orientation\":\"landscape\"},\"medium\":{\"url\":\"https:\/\/foire-st-martin.ch\/wp-content\/uploads\/2023\/03\/2022_8_11_St_MARTIN_98-300x200.jpg\",\"height\":200,\"width\":300,\"orientation\":\"landscape\"},\"large\":{\"url\":\"https:\/\/foire-st-martin.ch\/wp-content\/uploads\/2023\/03\/2022_8_11_St_MARTIN_98-1024x683.jpg\",\"height\":683,\"width\":1024,\"orientation\":\"landscape\"},\"full\":{\"url\":\"https:\/\/foire-st-martin.ch\/wp-content\/uploads\/2023\/03\/2022_8_11_St_MARTIN_98-scaled.jpg\",\"height\":1707,\"width\":2560,\"orientation\":\"landscape\"}},\"meta\":false,\"postlink\":\"https:\/\/foire-st-martin.ch\/2022_8_11_st_martin_98\/\"},{\"id\":2102,\"title\":\"2022_8_11_St_MARTIN_120\",\"url\":\"https:\/\/foire-st-martin.ch\/wp-content\/uploads\/2023\/03\/2022_8_11_St_MARTIN_120-scaled.jpg\",\"link\":\"https:\/\/foire-st-martin.ch\/2022_8_11_st_martin_120\/\",\"alt\":\"\",\"description\":\"\",\"caption\":\"\",\"mime\":\"image\/jpeg\",\"type\":\"image\",\"width\":2560,\"height\":1707,\"sizes\":{\"thumbnail\":{\"url\":\"https:\/\/foire-st-martin.ch\/wp-content\/uploads\/2023\/03\/2022_8_11_St_MARTIN_120-150x150.jpg\",\"height\":150,\"width\":150,\"orientation\":\"landscape\"},\"medium\":{\"url\":\"https:\/\/foire-st-martin.ch\/wp-content\/uploads\/2023\/03\/2022_8_11_St_MARTIN_120-300x200.jpg\",\"height\":200,\"width\":300,\"orientation\":\"landscape\"},\"large\":{\"url\":\"https:\/\/foire-st-martin.ch\/wp-content\/uploads\/2023\/03\/2022_8_11_St_MARTIN_120-1024x683.jpg\",\"height\":683,\"width\":1024,\"orientation\":\"landscape\"},\"full\":{\"url\":\"https:\/\/foire-st-martin.ch\/wp-content\/uploads\/2023\/03\/2022_8_11_St_MARTIN_120-scaled.jpg\",\"height\":1707,\"width\":2560,\"orientation\":\"landscape\"}},\"meta\":false,\"postlink\":\"https:\/\/foire-st-martin.ch\/2022_8_11_st_martin_120\/\"},{\"id\":2101,\"title\":\"2022_8_11_St_MARTIN_119\",\"url\":\"https:\/\/foire-st-martin.ch\/wp-content\/uploads\/2023\/03\/2022_8_11_St_MARTIN_119-scaled.jpg\",\"link\":\"https:\/\/foire-st-martin.ch\/2022_8_11_st_martin_119\/\",\"alt\":\"\",\"description\":\"\",\"caption\":\"\",\"mime\":\"image\/jpeg\",\"type\":\"image\",\"width\":2560,\"height\":1707,\"sizes\":{\"thumbnail\":{\"url\":\"https:\/\/foire-st-martin.ch\/wp-content\/uploads\/2023\/03\/2022_8_11_St_MARTIN_119-150x150.jpg\",\"height\":150,\"width\":150,\"orientation\":\"landscape\"},\"medium\":{\"url\":\"https:\/\/foire-st-martin.ch\/wp-content\/uploads\/2023\/03\/2022_8_11_St_MARTIN_119-300x200.jpg\",\"height\":200,\"width\":300,\"orientation\":\"landscape\"},\"large\":{\"url\":\"https:\/\/foire-st-martin.ch\/wp-content\/uploads\/2023\/03\/2022_8_11_St_MARTIN_119-1024x683.jpg\",\"height\":683,\"width\":1024,\"orientation\":\"landscape\"},\"full\":{\"url\":\"https:\/\/foire-st-martin.ch\/wp-content\/uploads\/2023\/03\/2022_8_11_St_MARTIN_119-scaled.jpg\",\"height\":1707,\"width\":2560,\"orientation\":\"landscape\"}},\"meta\":false,\"postlink\":\"https:\/\/foire-st-martin.ch\/2022_8_11_st_martin_119\/\"},{\"id\":2100,\"title\":\"2022_8_11_St_MARTIN_118\",\"url\":\"https:\/\/foire-st-martin.ch\/wp-content\/uploads\/2023\/03\/2022_8_11_St_MARTIN_118-scaled.jpg\",\"link\":\"https:\/\/foire-st-martin.ch\/2022_8_11_st_martin_118\/\",\"alt\":\"\",\"description\":\"\",\"caption\":\"\",\"mime\":\"image\/jpeg\",\"type\":\"image\",\"width\":1707,\"height\":2560,\"sizes\":{\"thumbnail\":{\"url\":\"https:\/\/foire-st-martin.ch\/wp-content\/uploads\/2023\/03\/2022_8_11_St_MARTIN_118-150x150.jpg\",\"height\":150,\"width\":150,\"orientation\":\"landscape\"},\"medium\":{\"url\":\"https:\/\/foire-st-martin.ch\/wp-content\/uploads\/2023\/03\/2022_8_11_St_MARTIN_118-200x300.jpg\",\"height\":300,\"width\":200,\"orientation\":\"portrait\"},\"large\":{\"url\":\"https:\/\/foire-st-martin.ch\/wp-content\/uploads\/2023\/03\/2022_8_11_St_MARTIN_118-683x1024.jpg\",\"height\":1024,\"width\":683,\"orientation\":\"portrait\"},\"full\":{\"url\":\"https:\/\/foire-st-martin.ch\/wp-content\/uploads\/2023\/03\/2022_8_11_St_MARTIN_118-scaled.jpg\",\"height\":2560,\"width\":1707,\"orientation\":\"portrait\"}},\"meta\":false,\"postlink\":\"https:\/\/foire-st-martin.ch\/2022_8_11_st_martin_118\/\"},{\"id\":2099,\"title\":\"2022_8_11_St_MARTIN_115\",\"url\":\"https:\/\/foire-st-martin.ch\/wp-content\/uploads\/2023\/03\/2022_8_11_St_MARTIN_115-scaled.jpg\",\"link\":\"https:\/\/foire-st-martin.ch\/2022_8_11_st_martin_115\/\",\"alt\":\"\",\"description\":\"\",\"caption\":\"\",\"mime\":\"image\/jpeg\",\"type\":\"image\",\"width\":2560,\"height\":1707,\"sizes\":{\"thumbnail\":{\"url\":\"https:\/\/foire-st-martin.ch\/wp-content\/uploads\/2023\/03\/2022_8_11_St_MARTIN_115-150x150.jpg\",\"height\":150,\"width\":150,\"orientation\":\"landscape\"},\"medium\":{\"url\":\"https:\/\/foire-st-martin.ch\/wp-content\/uploads\/2023\/03\/2022_8_11_St_MARTIN_115-300x200.jpg\",\"height\":200,\"width\":300,\"orientation\":\"landscape\"},\"large\":{\"url\":\"https:\/\/foire-st-martin.ch\/wp-content\/uploads\/2023\/03\/2022_8_11_St_MARTIN_115-1024x683.jpg\",\"height\":683,\"width\":1024,\"orientation\":\"landscape\"},\"full\":{\"url\":\"https:\/\/foire-st-martin.ch\/wp-content\/uploads\/2023\/03\/2022_8_11_St_MARTIN_115-scaled.jpg\",\"height\":1707,\"width\":2560,\"orientation\":\"landscape\"}},\"meta\":false,\"postlink\":\"https:\/\/foire-st-martin.ch\/2022_8_11_st_martin_115\/\"},{\"id\":2098,\"title\":\"2022_8_11_St_MARTIN_114\",\"url\":\"https:\/\/foire-st-martin.ch\/wp-content\/uploads\/2023\/03\/2022_8_11_St_MARTIN_114-scaled.jpg\",\"link\":\"https:\/\/foire-st-martin.ch\/2022_8_11_st_martin_114\/\",\"alt\":\"\",\"description\":\"\",\"caption\":\"\",\"mime\":\"image\/jpeg\",\"type\":\"image\",\"width\":2560,\"height\":1707,\"sizes\":{\"thumbnail\":{\"url\":\"https:\/\/foire-st-martin.ch\/wp-content\/uploads\/2023\/03\/2022_8_11_St_MARTIN_114-150x150.jpg\",\"height\":150,\"width\":150,\"orientation\":\"landscape\"},\"medium\":{\"url\":\"https:\/\/foire-st-martin.ch\/wp-content\/uploads\/2023\/03\/2022_8_11_St_MARTIN_114-300x200.jpg\",\"height\":200,\"width\":300,\"orientation\":\"landscape\"},\"large\":{\"url\":\"https:\/\/foire-st-martin.ch\/wp-content\/uploads\/2023\/03\/2022_8_11_St_MARTIN_114-1024x683.jpg\",\"height\":683,\"width\":1024,\"orientation\":\"landscape\"},\"full\":{\"url\":\"https:\/\/foire-st-martin.ch\/wp-content\/uploads\/2023\/03\/2022_8_11_St_MARTIN_114-scaled.jpg\",\"height\":1707,\"width\":2560,\"orientation\":\"landscape\"}},\"meta\":false,\"postlink\":\"https:\/\/foire-st-martin.ch\/2022_8_11_st_martin_114\/\"},{\"id\":2097,\"title\":\"2022_8_11_St_MARTIN_112\",\"url\":\"https:\/\/foire-st-martin.ch\/wp-content\/uploads\/2023\/03\/2022_8_11_St_MARTIN_112-scaled.jpg\",\"link\":\"https:\/\/foire-st-martin.ch\/2022_8_11_st_martin_112\/\",\"alt\":\"\",\"description\":\"\",\"caption\":\"\",\"mime\":\"image\/jpeg\",\"type\":\"image\",\"width\":2560,\"height\":1707,\"sizes\":{\"thumbnail\":{\"url\":\"https:\/\/foire-st-martin.ch\/wp-content\/uploads\/2023\/03\/2022_8_11_St_MARTIN_112-150x150.jpg\",\"height\":150,\"width\":150,\"orientation\":\"landscape\"},\"medium\":{\"url\":\"https:\/\/foire-st-martin.ch\/wp-content\/uploads\/2023\/03\/2022_8_11_St_MARTIN_112-300x200.jpg\",\"height\":200,\"width\":300,\"orientation\":\"landscape\"},\"large\":{\"url\":\"https:\/\/foire-st-martin.ch\/wp-content\/uploads\/2023\/03\/2022_8_11_St_MARTIN_112-1024x683.jpg\",\"height\":683,\"width\":1024,\"orientation\":\"landscape\"},\"full\":{\"url\":\"https:\/\/foire-st-martin.ch\/wp-content\/uploads\/2023\/03\/2022_8_11_St_MARTIN_112-scaled.jpg\",\"height\":1707,\"width\":2560,\"orientation\":\"landscape\"}},\"meta\":false,\"postlink\":\"https:\/\/foire-st-martin.ch\/2022_8_11_st_martin_112\/\"},{\"id\":2096,\"title\":\"2022_8_11_St_MARTIN_108\",\"url\":\"https:\/\/foire-st-martin.ch\/wp-content\/uploads\/2023\/03\/2022_8_11_St_MARTIN_108-scaled.jpg\",\"link\":\"https:\/\/foire-st-martin.ch\/2022_8_11_st_martin_108\/\",\"alt\":\"\",\"description\":\"\",\"caption\":\"\",\"mime\":\"image\/jpeg\",\"type\":\"image\",\"width\":2560,\"height\":1707,\"sizes\":{\"thumbnail\":{\"url\":\"https:\/\/foire-st-martin.ch\/wp-content\/uploads\/2023\/03\/2022_8_11_St_MARTIN_108-150x150.jpg\",\"height\":150,\"width\":150,\"orientation\":\"landscape\"},\"medium\":{\"url\":\"https:\/\/foire-st-martin.ch\/wp-content\/uploads\/2023\/03\/2022_8_11_St_MARTIN_108-300x200.jpg\",\"height\":200,\"width\":300,\"orientation\":\"landscape\"},\"large\":{\"url\":\"https:\/\/foire-st-martin.ch\/wp-content\/uploads\/2023\/03\/2022_8_11_St_MARTIN_108-1024x683.jpg\",\"height\":683,\"width\":1024,\"orientation\":\"landscape\"},\"full\":{\"url\":\"https:\/\/foire-st-martin.ch\/wp-content\/uploads\/2023\/03\/2022_8_11_St_MARTIN_108-scaled.jpg\",\"height\":1707,\"width\":2560,\"orientation\":\"landscape\"}},\"meta\":false,\"postlink\":\"https:\/\/foire-st-martin.ch\/2022_8_11_st_martin_108\/\"},{\"id\":2095,\"title\":\"2022_8_11_St_MARTIN_103\",\"url\":\"https:\/\/foire-st-martin.ch\/wp-content\/uploads\/2023\/03\/2022_8_11_St_MARTIN_103-scaled.jpg\",\"link\":\"https:\/\/foire-st-martin.ch\/2022_8_11_st_martin_103\/\",\"alt\":\"\",\"description\":\"\",\"caption\":\"\",\"mime\":\"image\/jpeg\",\"type\":\"image\",\"width\":2560,\"height\":1707,\"sizes\":{\"thumbnail\":{\"url\":\"https:\/\/foire-st-martin.ch\/wp-content\/uploads\/2023\/03\/2022_8_11_St_MARTIN_103-150x150.jpg\",\"height\":150,\"width\":150,\"orientation\":\"landscape\"},\"medium\":{\"url\":\"https:\/\/foire-st-martin.ch\/wp-content\/uploads\/2023\/03\/2022_8_11_St_MARTIN_103-300x200.jpg\",\"height\":200,\"width\":300,\"orientation\":\"landscape\"},\"large\":{\"url\":\"https:\/\/foire-st-martin.ch\/wp-content\/uploads\/2023\/03\/2022_8_11_St_MARTIN_103-1024x683.jpg\",\"height\":683,\"width\":1024,\"orientation\":\"landscape\"},\"full\":{\"url\":\"https:\/\/foire-st-martin.ch\/wp-content\/uploads\/2023\/03\/2022_8_11_St_MARTIN_103-scaled.jpg\",\"height\":1707,\"width\":2560,\"orientation\":\"landscape\"}},\"meta\":false,\"postlink\":\"https:\/\/foire-st-martin.ch\/2022_8_11_st_martin_103\/\"},{\"id\":2103,\"title\":\"2022_8_11_St_MARTIN_122\",\"url\":\"https:\/\/foire-st-martin.ch\/wp-content\/uploads\/2023\/03\/2022_8_11_St_MARTIN_122-scaled.jpg\",\"link\":\"https:\/\/foire-st-martin.ch\/2022_8_11_st_martin_122\/\",\"alt\":\"\",\"description\":\"\",\"caption\":\"\",\"mime\":\"image\/jpeg\",\"type\":\"image\",\"width\":2560,\"height\":1707,\"sizes\":{\"thumbnail\":{\"url\":\"https:\/\/foire-st-martin.ch\/wp-content\/uploads\/2023\/03\/2022_8_11_St_MARTIN_122-150x150.jpg\",\"height\":150,\"width\":150,\"orientation\":\"landscape\"},\"medium\":{\"url\":\"https:\/\/foire-st-martin.ch\/wp-content\/uploads\/2023\/03\/2022_8_11_St_MARTIN_122-300x200.jpg\",\"height\":200,\"width\":300,\"orientation\":\"landscape\"},\"large\":{\"url\":\"https:\/\/foire-st-martin.ch\/wp-content\/uploads\/2023\/03\/2022_8_11_St_MARTIN_122-1024x683.jpg\",\"height\":683,\"width\":1024,\"orientation\":\"landscape\"},\"full\":{\"url\":\"https:\/\/foire-st-martin.ch\/wp-content\/uploads\/2023\/03\/2022_8_11_St_MARTIN_122-scaled.jpg\",\"height\":1707,\"width\":2560,\"orientation\":\"landscape\"}},\"meta\":false,\"postlink\":\"https:\/\/foire-st-martin.ch\/2022_8_11_st_martin_122\/\"},{\"id\":2104,\"title\":\"2022_8_11_St_MARTIN_129\",\"url\":\"https:\/\/foire-st-martin.ch\/wp-content\/uploads\/2023\/03\/2022_8_11_St_MARTIN_129-scaled.jpg\",\"link\":\"https:\/\/foire-st-martin.ch\/2022_8_11_st_martin_129\/\",\"alt\":\"\",\"description\":\"\",\"caption\":\"\",\"mime\":\"image\/jpeg\",\"type\":\"image\",\"width\":1707,\"height\":2560,\"sizes\":{\"thumbnail\":{\"url\":\"https:\/\/foire-st-martin.ch\/wp-content\/uploads\/2023\/03\/2022_8_11_St_MARTIN_129-150x150.jpg\",\"height\":150,\"width\":150,\"orientation\":\"landscape\"},\"medium\":{\"url\":\"https:\/\/foire-st-martin.ch\/wp-content\/uploads\/2023\/03\/2022_8_11_St_MARTIN_129-200x300.jpg\",\"height\":300,\"width\":200,\"orientation\":\"portrait\"},\"large\":{\"url\":\"https:\/\/foire-st-martin.ch\/wp-content\/uploads\/2023\/03\/2022_8_11_St_MARTIN_129-683x1024.jpg\",\"height\":1024,\"width\":683,\"orientation\":\"portrait\"},\"full\":{\"url\":\"https:\/\/foire-st-martin.ch\/wp-content\/uploads\/2023\/03\/2022_8_11_St_MARTIN_129-scaled.jpg\",\"height\":2560,\"width\":1707,\"orientation\":\"portrait\"}},\"meta\":false,\"postlink\":\"https:\/\/foire-st-martin.ch\/2022_8_11_st_martin_129\/\"},{\"id\":2105,\"title\":\"2022_8_11_St_MARTIN_134\",\"url\":\"https:\/\/foire-st-martin.ch\/wp-content\/uploads\/2023\/03\/2022_8_11_St_MARTIN_134-scaled.jpg\",\"link\":\"https:\/\/foire-st-martin.ch\/2022_8_11_st_martin_134\/\",\"alt\":\"\",\"description\":\"\",\"caption\":\"\",\"mime\":\"image\/jpeg\",\"type\":\"image\",\"width\":1707,\"height\":2560,\"sizes\":{\"thumbnail\":{\"url\":\"https:\/\/foire-st-martin.ch\/wp-content\/uploads\/2023\/03\/2022_8_11_St_MARTIN_134-150x150.jpg\",\"height\":150,\"width\":150,\"orientation\":\"landscape\"},\"medium\":{\"url\":\"https:\/\/foire-st-martin.ch\/wp-content\/uploads\/2023\/03\/2022_8_11_St_MARTIN_134-200x300.jpg\",\"height\":300,\"width\":200,\"orientation\":\"portrait\"},\"large\":{\"url\":\"https:\/\/foire-st-martin.ch\/wp-content\/uploads\/2023\/03\/2022_8_11_St_MARTIN_134-683x1024.jpg\",\"height\":1024,\"width\":683,\"orientation\":\"portrait\"},\"full\":{\"url\":\"https:\/\/foire-st-martin.ch\/wp-content\/uploads\/2023\/03\/2022_8_11_St_MARTIN_134-scaled.jpg\",\"height\":2560,\"width\":1707,\"orientation\":\"portrait\"}},\"meta\":false,\"postlink\":\"https:\/\/foire-st-martin.ch\/2022_8_11_st_martin_134\/\"},{\"id\":2106,\"title\":\"2022_8_11_St_MARTIN_137\",\"url\":\"https:\/\/foire-st-martin.ch\/wp-content\/uploads\/2023\/03\/2022_8_11_St_MARTIN_137-scaled.jpg\",\"link\":\"https:\/\/foire-st-martin.ch\/2022_8_11_st_martin_137\/\",\"alt\":\"\",\"description\":\"\",\"caption\":\"\",\"mime\":\"image\/jpeg\",\"type\":\"image\",\"width\":1707,\"height\":2560,\"sizes\":{\"thumbnail\":{\"url\":\"https:\/\/foire-st-martin.ch\/wp-content\/uploads\/2023\/03\/2022_8_11_St_MARTIN_137-150x150.jpg\",\"height\":150,\"width\":150,\"orientation\":\"landscape\"},\"medium\":{\"url\":\"https:\/\/foire-st-martin.ch\/wp-content\/uploads\/2023\/03\/2022_8_11_St_MARTIN_137-200x300.jpg\",\"height\":300,\"width\":200,\"orientation\":\"portrait\"},\"large\":{\"url\":\"https:\/\/foire-st-martin.ch\/wp-content\/uploads\/2023\/03\/2022_8_11_St_MARTIN_137-683x1024.jpg\",\"height\":1024,\"width\":683,\"orientation\":\"portrait\"},\"full\":{\"url\":\"https:\/\/foire-st-martin.ch\/wp-content\/uploads\/2023\/03\/2022_8_11_St_MARTIN_137-scaled.jpg\",\"height\":2560,\"width\":1707,\"orientation\":\"portrait\"}},\"meta\":false,\"postlink\":\"https:\/\/foire-st-martin.ch\/2022_8_11_st_martin_137\/\"},{\"id\":2107,\"title\":\"2022_8_11_St_MARTIN_141\",\"url\":\"https:\/\/foire-st-martin.ch\/wp-content\/uploads\/2023\/03\/2022_8_11_St_MARTIN_141-scaled.jpg\",\"link\":\"https:\/\/foire-st-martin.ch\/2022_8_11_st_martin_141\/\",\"alt\":\"\",\"description\":\"\",\"caption\":\"\",\"mime\":\"image\/jpeg\",\"type\":\"image\",\"width\":1707,\"height\":2560,\"sizes\":{\"thumbnail\":{\"url\":\"https:\/\/foire-st-martin.ch\/wp-content\/uploads\/2023\/03\/2022_8_11_St_MARTIN_141-150x150.jpg\",\"height\":150,\"width\":150,\"orientation\":\"landscape\"},\"medium\":{\"url\":\"https:\/\/foire-st-martin.ch\/wp-content\/uploads\/2023\/03\/2022_8_11_St_MARTIN_141-200x300.jpg\",\"height\":300,\"width\":200,\"orientation\":\"portrait\"},\"large\":{\"url\":\"https:\/\/foire-st-martin.ch\/wp-content\/uploads\/2023\/03\/2022_8_11_St_MARTIN_141-683x1024.jpg\",\"height\":1024,\"width\":683,\"orientation\":\"portrait\"},\"full\":{\"url\":\"https:\/\/foire-st-martin.ch\/wp-content\/uploads\/2023\/03\/2022_8_11_St_MARTIN_141-scaled.jpg\",\"height\":2560,\"width\":1707,\"orientation\":\"portrait\"}},\"meta\":false,\"postlink\":\"https:\/\/foire-st-martin.ch\/2022_8_11_st_martin_141\/\"},{\"id\":2108,\"title\":\"2022_8_11_St_MARTIN_142\",\"url\":\"https:\/\/foire-st-martin.ch\/wp-content\/uploads\/2023\/03\/2022_8_11_St_MARTIN_142-scaled.jpg\",\"link\":\"https:\/\/foire-st-martin.ch\/2022_8_11_st_martin_142\/\",\"alt\":\"\",\"description\":\"\",\"caption\":\"\",\"mime\":\"image\/jpeg\",\"type\":\"image\",\"width\":1707,\"height\":2560,\"sizes\":{\"thumbnail\":{\"url\":\"https:\/\/foire-st-martin.ch\/wp-content\/uploads\/2023\/03\/2022_8_11_St_MARTIN_142-150x150.jpg\",\"height\":150,\"width\":150,\"orientation\":\"landscape\"},\"medium\":{\"url\":\"https:\/\/foire-st-martin.ch\/wp-content\/uploads\/2023\/03\/2022_8_11_St_MARTIN_142-200x300.jpg\",\"height\":300,\"width\":200,\"orientation\":\"portrait\"},\"large\":{\"url\":\"https:\/\/foire-st-martin.ch\/wp-content\/uploads\/2023\/03\/2022_8_11_St_MARTIN_142-683x1024.jpg\",\"height\":1024,\"width\":683,\"orientation\":\"portrait\"},\"full\":{\"url\":\"https:\/\/foire-st-martin.ch\/wp-content\/uploads\/2023\/03\/2022_8_11_St_MARTIN_142-scaled.jpg\",\"height\":2560,\"width\":1707,\"orientation\":\"portrait\"}},\"meta\":false,\"postlink\":\"https:\/\/foire-st-martin.ch\/2022_8_11_st_martin_142\/\"},{\"id\":2109,\"title\":\"2022_8_11_St_MARTIN_143\",\"url\":\"https:\/\/foire-st-martin.ch\/wp-content\/uploads\/2023\/03\/2022_8_11_St_MARTIN_143-scaled.jpg\",\"link\":\"https:\/\/foire-st-martin.ch\/2022_8_11_st_martin_143\/\",\"alt\":\"\",\"description\":\"\",\"caption\":\"\",\"mime\":\"image\/jpeg\",\"type\":\"image\",\"width\":2560,\"height\":1707,\"sizes\":{\"thumbnail\":{\"url\":\"https:\/\/foire-st-martin.ch\/wp-content\/uploads\/2023\/03\/2022_8_11_St_MARTIN_143-150x150.jpg\",\"height\":150,\"width\":150,\"orientation\":\"landscape\"},\"medium\":{\"url\":\"https:\/\/foire-st-martin.ch\/wp-content\/uploads\/2023\/03\/2022_8_11_St_MARTIN_143-300x200.jpg\",\"height\":200,\"width\":300,\"orientation\":\"landscape\"},\"large\":{\"url\":\"https:\/\/foire-st-martin.ch\/wp-content\/uploads\/2023\/03\/2022_8_11_St_MARTIN_143-1024x683.jpg\",\"height\":683,\"width\":1024,\"orientation\":\"landscape\"},\"full\":{\"url\":\"https:\/\/foire-st-martin.ch\/wp-content\/uploads\/2023\/03\/2022_8_11_St_MARTIN_143-scaled.jpg\",\"height\":1707,\"width\":2560,\"orientation\":\"landscape\"}},\"meta\":false,\"postlink\":\"https:\/\/foire-st-martin.ch\/2022_8_11_st_martin_143\/\"},{\"id\":2110,\"title\":\"2022_8_11_St_MARTIN_144\",\"url\":\"https:\/\/foire-st-martin.ch\/wp-content\/uploads\/2023\/03\/2022_8_11_St_MARTIN_144-scaled.jpg\",\"link\":\"https:\/\/foire-st-martin.ch\/2022_8_11_st_martin_144\/\",\"alt\":\"\",\"description\":\"\",\"caption\":\"\",\"mime\":\"image\/jpeg\",\"type\":\"image\",\"width\":2560,\"height\":1707,\"sizes\":{\"thumbnail\":{\"url\":\"https:\/\/foire-st-martin.ch\/wp-content\/uploads\/2023\/03\/2022_8_11_St_MARTIN_144-150x150.jpg\",\"height\":150,\"width\":150,\"orientation\":\"landscape\"},\"medium\":{\"url\":\"https:\/\/foire-st-martin.ch\/wp-content\/uploads\/2023\/03\/2022_8_11_St_MARTIN_144-300x200.jpg\",\"height\":200,\"width\":300,\"orientation\":\"landscape\"},\"large\":{\"url\":\"https:\/\/foire-st-martin.ch\/wp-content\/uploads\/2023\/03\/2022_8_11_St_MARTIN_144-1024x683.jpg\",\"height\":683,\"width\":1024,\"orientation\":\"landscape\"},\"full\":{\"url\":\"https:\/\/foire-st-martin.ch\/wp-content\/uploads\/2023\/03\/2022_8_11_St_MARTIN_144-scaled.jpg\",\"height\":1707,\"width\":2560,\"orientation\":\"landscape\"}},\"meta\":false,\"postlink\":\"https:\/\/foire-st-martin.ch\/2022_8_11_st_martin_144\/\"},{\"id\":2111,\"title\":\"2022_8_11_St_MARTIN_145\",\"url\":\"https:\/\/foire-st-martin.ch\/wp-content\/uploads\/2023\/03\/2022_8_11_St_MARTIN_145-scaled.jpg\",\"link\":\"https:\/\/foire-st-martin.ch\/2022_8_11_st_martin_145\/\",\"alt\":\"\",\"description\":\"\",\"caption\":\"\",\"mime\":\"image\/jpeg\",\"type\":\"image\",\"width\":2560,\"height\":1707,\"sizes\":{\"thumbnail\":{\"url\":\"https:\/\/foire-st-martin.ch\/wp-content\/uploads\/2023\/03\/2022_8_11_St_MARTIN_145-150x150.jpg\",\"height\":150,\"width\":150,\"orientation\":\"landscape\"},\"medium\":{\"url\":\"https:\/\/foire-st-martin.ch\/wp-content\/uploads\/2023\/03\/2022_8_11_St_MARTIN_145-300x200.jpg\",\"height\":200,\"width\":300,\"orientation\":\"landscape\"},\"large\":{\"url\":\"https:\/\/foire-st-martin.ch\/wp-content\/uploads\/2023\/03\/2022_8_11_St_MARTIN_145-1024x683.jpg\",\"height\":683,\"width\":1024,\"orientation\":\"landscape\"},\"full\":{\"url\":\"https:\/\/foire-st-martin.ch\/wp-content\/uploads\/2023\/03\/2022_8_11_St_MARTIN_145-scaled.jpg\",\"height\":1707,\"width\":2560,\"orientation\":\"landscape\"}},\"meta\":false,\"postlink\":\"https:\/\/foire-st-martin.ch\/2022_8_11_st_martin_145\/\"},{\"id\":2112,\"title\":\"2022_8_11_St_MARTIN_151\",\"url\":\"https:\/\/foire-st-martin.ch\/wp-content\/uploads\/2023\/03\/2022_8_11_St_MARTIN_151-scaled.jpg\",\"link\":\"https:\/\/foire-st-martin.ch\/2022_8_11_st_martin_151\/\",\"alt\":\"\",\"description\":\"\",\"caption\":\"\",\"mime\":\"image\/jpeg\",\"type\":\"image\",\"width\":2560,\"height\":1707,\"sizes\":{\"thumbnail\":{\"url\":\"https:\/\/foire-st-martin.ch\/wp-content\/uploads\/2023\/03\/2022_8_11_St_MARTIN_151-150x150.jpg\",\"height\":150,\"width\":150,\"orientation\":\"landscape\"},\"medium\":{\"url\":\"https:\/\/foire-st-martin.ch\/wp-content\/uploads\/2023\/03\/2022_8_11_St_MARTIN_151-300x200.jpg\",\"height\":200,\"width\":300,\"orientation\":\"landscape\"},\"large\":{\"url\":\"https:\/\/foire-st-martin.ch\/wp-content\/uploads\/2023\/03\/2022_8_11_St_MARTIN_151-1024x683.jpg\",\"height\":683,\"width\":1024,\"orientation\":\"landscape\"},\"full\":{\"url\":\"https:\/\/foire-st-martin.ch\/wp-content\/uploads\/2023\/03\/2022_8_11_St_MARTIN_151-scaled.jpg\",\"height\":1707,\"width\":2560,\"orientation\":\"landscape\"}},\"meta\":false,\"postlink\":\"https:\/\/foire-st-martin.ch\/2022_8_11_st_martin_151\/\"},{\"id\":2113,\"title\":\"2022_8_11_St_MARTIN_156\",\"url\":\"https:\/\/foire-st-martin.ch\/wp-content\/uploads\/2023\/03\/2022_8_11_St_MARTIN_156-scaled.jpg\",\"link\":\"https:\/\/foire-st-martin.ch\/2022_8_11_st_martin_156\/\",\"alt\":\"\",\"description\":\"\",\"caption\":\"\",\"mime\":\"image\/jpeg\",\"type\":\"image\",\"width\":1707,\"height\":2560,\"sizes\":{\"thumbnail\":{\"url\":\"https:\/\/foire-st-martin.ch\/wp-content\/uploads\/2023\/03\/2022_8_11_St_MARTIN_156-150x150.jpg\",\"height\":150,\"width\":150,\"orientation\":\"landscape\"},\"medium\":{\"url\":\"https:\/\/foire-st-martin.ch\/wp-content\/uploads\/2023\/03\/2022_8_11_St_MARTIN_156-200x300.jpg\",\"height\":300,\"width\":200,\"orientation\":\"portrait\"},\"large\":{\"url\":\"https:\/\/foire-st-martin.ch\/wp-content\/uploads\/2023\/03\/2022_8_11_St_MARTIN_156-683x1024.jpg\",\"height\":1024,\"width\":683,\"orientation\":\"portrait\"},\"full\":{\"url\":\"https:\/\/foire-st-martin.ch\/wp-content\/uploads\/2023\/03\/2022_8_11_St_MARTIN_156-scaled.jpg\",\"height\":2560,\"width\":1707,\"orientation\":\"portrait\"}},\"meta\":false,\"postlink\":\"https:\/\/foire-st-martin.ch\/2022_8_11_st_martin_156\/\"},{\"id\":2114,\"title\":\"2022_8_11_St_MARTIN_158\",\"url\":\"https:\/\/foire-st-martin.ch\/wp-content\/uploads\/2023\/03\/2022_8_11_St_MARTIN_158-scaled.jpg\",\"link\":\"https:\/\/foire-st-martin.ch\/2022_8_11_st_martin_158\/\",\"alt\":\"\",\"description\":\"\",\"caption\":\"\",\"mime\":\"image\/jpeg\",\"type\":\"image\",\"width\":1707,\"height\":2560,\"sizes\":{\"thumbnail\":{\"url\":\"https:\/\/foire-st-martin.ch\/wp-content\/uploads\/2023\/03\/2022_8_11_St_MARTIN_158-150x150.jpg\",\"height\":150,\"width\":150,\"orientation\":\"landscape\"},\"medium\":{\"url\":\"https:\/\/foire-st-martin.ch\/wp-content\/uploads\/2023\/03\/2022_8_11_St_MARTIN_158-200x300.jpg\",\"height\":300,\"width\":200,\"orientation\":\"portrait\"},\"large\":{\"url\":\"https:\/\/foire-st-martin.ch\/wp-content\/uploads\/2023\/03\/2022_8_11_St_MARTIN_158-683x1024.jpg\",\"height\":1024,\"width\":683,\"orientation\":\"portrait\"},\"full\":{\"url\":\"https:\/\/foire-st-martin.ch\/wp-content\/uploads\/2023\/03\/2022_8_11_St_MARTIN_158-scaled.jpg\",\"height\":2560,\"width\":1707,\"orientation\":\"portrait\"}},\"meta\":false,\"postlink\":\"https:\/\/foire-st-martin.ch\/2022_8_11_st_martin_158\/\"},{\"id\":2115,\"title\":\"2022_8_11_St_MARTIN_159\",\"url\":\"https:\/\/foire-st-martin.ch\/wp-content\/uploads\/2023\/03\/2022_8_11_St_MARTIN_159-scaled.jpg\",\"link\":\"https:\/\/foire-st-martin.ch\/2022_8_11_st_martin_159\/\",\"alt\":\"\",\"description\":\"\",\"caption\":\"\",\"mime\":\"image\/jpeg\",\"type\":\"image\",\"width\":1707,\"height\":2560,\"sizes\":{\"thumbnail\":{\"url\":\"https:\/\/foire-st-martin.ch\/wp-content\/uploads\/2023\/03\/2022_8_11_St_MARTIN_159-150x150.jpg\",\"height\":150,\"width\":150,\"orientation\":\"landscape\"},\"medium\":{\"url\":\"https:\/\/foire-st-martin.ch\/wp-content\/uploads\/2023\/03\/2022_8_11_St_MARTIN_159-200x300.jpg\",\"height\":300,\"width\":200,\"orientation\":\"portrait\"},\"large\":{\"url\":\"https:\/\/foire-st-martin.ch\/wp-content\/uploads\/2023\/03\/2022_8_11_St_MARTIN_159-683x1024.jpg\",\"height\":1024,\"width\":683,\"orientation\":\"portrait\"},\"full\":{\"url\":\"https:\/\/foire-st-martin.ch\/wp-content\/uploads\/2023\/03\/2022_8_11_St_MARTIN_159-scaled.jpg\",\"height\":2560,\"width\":1707,\"orientation\":\"portrait\"}},\"meta\":false,\"postlink\":\"https:\/\/foire-st-martin.ch\/2022_8_11_st_martin_159\/\"},{\"id\":2116,\"title\":\"2022_8_11_St_MARTIN_160\",\"url\":\"https:\/\/foire-st-martin.ch\/wp-content\/uploads\/2023\/03\/2022_8_11_St_MARTIN_160-scaled.jpg\",\"link\":\"https:\/\/foire-st-martin.ch\/2022_8_11_st_martin_160\/\",\"alt\":\"\",\"description\":\"\",\"caption\":\"\",\"mime\":\"image\/jpeg\",\"type\":\"image\",\"width\":1707,\"height\":2560,\"sizes\":{\"thumbnail\":{\"url\":\"https:\/\/foire-st-martin.ch\/wp-content\/uploads\/2023\/03\/2022_8_11_St_MARTIN_160-150x150.jpg\",\"height\":150,\"width\":150,\"orientation\":\"landscape\"},\"medium\":{\"url\":\"https:\/\/foire-st-martin.ch\/wp-content\/uploads\/2023\/03\/2022_8_11_St_MARTIN_160-200x300.jpg\",\"height\":300,\"width\":200,\"orientation\":\"portrait\"},\"large\":{\"url\":\"https:\/\/foire-st-martin.ch\/wp-content\/uploads\/2023\/03\/2022_8_11_St_MARTIN_160-683x1024.jpg\",\"height\":1024,\"width\":683,\"orientation\":\"portrait\"},\"full\":{\"url\":\"https:\/\/foire-st-martin.ch\/wp-content\/uploads\/2023\/03\/2022_8_11_St_MARTIN_160-scaled.jpg\",\"height\":2560,\"width\":1707,\"orientation\":\"portrait\"}},\"meta\":false,\"postlink\":\"https:\/\/foire-st-martin.ch\/2022_8_11_st_martin_160\/\"},{\"id\":2117,\"title\":\"2022_8_11_St_MARTIN_161\",\"url\":\"https:\/\/foire-st-martin.ch\/wp-content\/uploads\/2023\/03\/2022_8_11_St_MARTIN_161-scaled.jpg\",\"link\":\"https:\/\/foire-st-martin.ch\/2022_8_11_st_martin_161\/\",\"alt\":\"\",\"description\":\"\",\"caption\":\"\",\"mime\":\"image\/jpeg\",\"type\":\"image\",\"width\":2560,\"height\":1707,\"sizes\":{\"thumbnail\":{\"url\":\"https:\/\/foire-st-martin.ch\/wp-content\/uploads\/2023\/03\/2022_8_11_St_MARTIN_161-150x150.jpg\",\"height\":150,\"width\":150,\"orientation\":\"landscape\"},\"medium\":{\"url\":\"https:\/\/foire-st-martin.ch\/wp-content\/uploads\/2023\/03\/2022_8_11_St_MARTIN_161-300x200.jpg\",\"height\":200,\"width\":300,\"orientation\":\"landscape\"},\"large\":{\"url\":\"https:\/\/foire-st-martin.ch\/wp-content\/uploads\/2023\/03\/2022_8_11_St_MARTIN_161-1024x683.jpg\",\"height\":683,\"width\":1024,\"orientation\":\"landscape\"},\"full\":{\"url\":\"https:\/\/foire-st-martin.ch\/wp-content\/uploads\/2023\/03\/2022_8_11_St_MARTIN_161-scaled.jpg\",\"height\":1707,\"width\":2560,\"orientation\":\"landscape\"}},\"meta\":false,\"postlink\":\"https:\/\/foire-st-martin.ch\/2022_8_11_st_martin_161\/\"},{\"id\":2118,\"title\":\"2022_8_11_St_MARTIN_162\",\"url\":\"https:\/\/foire-st-martin.ch\/wp-content\/uploads\/2023\/03\/2022_8_11_St_MARTIN_162-scaled.jpg\",\"link\":\"https:\/\/foire-st-martin.ch\/2022_8_11_st_martin_162\/\",\"alt\":\"\",\"description\":\"\",\"caption\":\"\",\"mime\":\"image\/jpeg\",\"type\":\"image\",\"width\":1707,\"height\":2560,\"sizes\":{\"thumbnail\":{\"url\":\"https:\/\/foire-st-martin.ch\/wp-content\/uploads\/2023\/03\/2022_8_11_St_MARTIN_162-150x150.jpg\",\"height\":150,\"width\":150,\"orientation\":\"landscape\"},\"medium\":{\"url\":\"https:\/\/foire-st-martin.ch\/wp-content\/uploads\/2023\/03\/2022_8_11_St_MARTIN_162-200x300.jpg\",\"height\":300,\"width\":200,\"orientation\":\"portrait\"},\"large\":{\"url\":\"https:\/\/foire-st-martin.ch\/wp-content\/uploads\/2023\/03\/2022_8_11_St_MARTIN_162-683x1024.jpg\",\"height\":1024,\"width\":683,\"orientation\":\"portrait\"},\"full\":{\"url\":\"https:\/\/foire-st-martin.ch\/wp-content\/uploads\/2023\/03\/2022_8_11_St_MARTIN_162-scaled.jpg\",\"height\":2560,\"width\":1707,\"orientation\":\"portrait\"}},\"meta\":false,\"postlink\":\"https:\/\/foire-st-martin.ch\/2022_8_11_st_martin_162\/\"},{\"id\":2119,\"title\":\"2022_8_11_St_MARTIN_163\",\"url\":\"https:\/\/foire-st-martin.ch\/wp-content\/uploads\/2023\/03\/2022_8_11_St_MARTIN_163-scaled.jpg\",\"link\":\"https:\/\/foire-st-martin.ch\/2022_8_11_st_martin_163\/\",\"alt\":\"\",\"description\":\"\",\"caption\":\"\",\"mime\":\"image\/jpeg\",\"type\":\"image\",\"width\":1707,\"height\":2560,\"sizes\":{\"thumbnail\":{\"url\":\"https:\/\/foire-st-martin.ch\/wp-content\/uploads\/2023\/03\/2022_8_11_St_MARTIN_163-150x150.jpg\",\"height\":150,\"width\":150,\"orientation\":\"landscape\"},\"medium\":{\"url\":\"https:\/\/foire-st-martin.ch\/wp-content\/uploads\/2023\/03\/2022_8_11_St_MARTIN_163-200x300.jpg\",\"height\":300,\"width\":200,\"orientation\":\"portrait\"},\"large\":{\"url\":\"https:\/\/foire-st-martin.ch\/wp-content\/uploads\/2023\/03\/2022_8_11_St_MARTIN_163-683x1024.jpg\",\"height\":1024,\"width\":683,\"orientation\":\"portrait\"},\"full\":{\"url\":\"https:\/\/foire-st-martin.ch\/wp-content\/uploads\/2023\/03\/2022_8_11_St_MARTIN_163-scaled.jpg\",\"height\":2560,\"width\":1707,\"orientation\":\"portrait\"}},\"meta\":false,\"postlink\":\"https:\/\/foire-st-martin.ch\/2022_8_11_st_martin_163\/\"},{\"id\":2120,\"title\":\"2022_8_11_St_MARTIN_165\",\"url\":\"https:\/\/foire-st-martin.ch\/wp-content\/uploads\/2023\/03\/2022_8_11_St_MARTIN_165-scaled.jpg\",\"link\":\"https:\/\/foire-st-martin.ch\/2022_8_11_st_martin_165\/\",\"alt\":\"\",\"description\":\"\",\"caption\":\"\",\"mime\":\"image\/jpeg\",\"type\":\"image\",\"width\":1707,\"height\":2560,\"sizes\":{\"thumbnail\":{\"url\":\"https:\/\/foire-st-martin.ch\/wp-content\/uploads\/2023\/03\/2022_8_11_St_MARTIN_165-150x150.jpg\",\"height\":150,\"width\":150,\"orientation\":\"landscape\"},\"medium\":{\"url\":\"https:\/\/foire-st-martin.ch\/wp-content\/uploads\/2023\/03\/2022_8_11_St_MARTIN_165-200x300.jpg\",\"height\":300,\"width\":200,\"orientation\":\"portrait\"},\"large\":{\"url\":\"https:\/\/foire-st-martin.ch\/wp-content\/uploads\/2023\/03\/2022_8_11_St_MARTIN_165-683x1024.jpg\",\"height\":1024,\"width\":683,\"orientation\":\"portrait\"},\"full\":{\"url\":\"https:\/\/foire-st-martin.ch\/wp-content\/uploads\/2023\/03\/2022_8_11_St_MARTIN_165-scaled.jpg\",\"height\":2560,\"width\":1707,\"orientation\":\"portrait\"}},\"meta\":false,\"postlink\":\"https:\/\/foire-st-martin.ch\/2022_8_11_st_martin_165\/\"},{\"id\":2121,\"title\":\"2022_8_11_St_MARTIN_166\",\"url\":\"https:\/\/foire-st-martin.ch\/wp-content\/uploads\/2023\/03\/2022_8_11_St_MARTIN_166-scaled.jpg\",\"link\":\"https:\/\/foire-st-martin.ch\/2022_8_11_st_martin_166\/\",\"alt\":\"\",\"description\":\"\",\"caption\":\"\",\"mime\":\"image\/jpeg\",\"type\":\"image\",\"width\":2560,\"height\":1707,\"sizes\":{\"thumbnail\":{\"url\":\"https:\/\/foire-st-martin.ch\/wp-content\/uploads\/2023\/03\/2022_8_11_St_MARTIN_166-150x150.jpg\",\"height\":150,\"width\":150,\"orientation\":\"landscape\"},\"medium\":{\"url\":\"https:\/\/foire-st-martin.ch\/wp-content\/uploads\/2023\/03\/2022_8_11_St_MARTIN_166-300x200.jpg\",\"height\":200,\"width\":300,\"orientation\":\"landscape\"},\"large\":{\"url\":\"https:\/\/foire-st-martin.ch\/wp-content\/uploads\/2023\/03\/2022_8_11_St_MARTIN_166-1024x683.jpg\",\"height\":683,\"width\":1024,\"orientation\":\"landscape\"},\"full\":{\"url\":\"https:\/\/foire-st-martin.ch\/wp-content\/uploads\/2023\/03\/2022_8_11_St_MARTIN_166-scaled.jpg\",\"height\":1707,\"width\":2560,\"orientation\":\"landscape\"}},\"meta\":false,\"postlink\":\"https:\/\/foire-st-martin.ch\/2022_8_11_st_martin_166\/\"},{\"id\":2122,\"title\":\"2022_8_11_St_MARTIN_168\",\"url\":\"https:\/\/foire-st-martin.ch\/wp-content\/uploads\/2023\/03\/2022_8_11_St_MARTIN_168-scaled.jpg\",\"link\":\"https:\/\/foire-st-martin.ch\/2022_8_11_st_martin_168\/\",\"alt\":\"\",\"description\":\"\",\"caption\":\"\",\"mime\":\"image\/jpeg\",\"type\":\"image\",\"width\":2560,\"height\":1707,\"sizes\":{\"thumbnail\":{\"url\":\"https:\/\/foire-st-martin.ch\/wp-content\/uploads\/2023\/03\/2022_8_11_St_MARTIN_168-150x150.jpg\",\"height\":150,\"width\":150,\"orientation\":\"landscape\"},\"medium\":{\"url\":\"https:\/\/foire-st-martin.ch\/wp-content\/uploads\/2023\/03\/2022_8_11_St_MARTIN_168-300x200.jpg\",\"height\":200,\"width\":300,\"orientation\":\"landscape\"},\"large\":{\"url\":\"https:\/\/foire-st-martin.ch\/wp-content\/uploads\/2023\/03\/2022_8_11_St_MARTIN_168-1024x683.jpg\",\"height\":683,\"width\":1024,\"orientation\":\"landscape\"},\"full\":{\"url\":\"https:\/\/foire-st-martin.ch\/wp-content\/uploads\/2023\/03\/2022_8_11_St_MARTIN_168-scaled.jpg\",\"height\":1707,\"width\":2560,\"orientation\":\"landscape\"}},\"meta\":false,\"postlink\":\"https:\/\/foire-st-martin.ch\/2022_8_11_st_martin_168\/\"},{\"id\":2123,\"title\":\"2022_8_11_St_MARTIN_170\",\"url\":\"https:\/\/foire-st-martin.ch\/wp-content\/uploads\/2023\/03\/2022_8_11_St_MARTIN_170-scaled.jpg\",\"link\":\"https:\/\/foire-st-martin.ch\/2022_8_11_st_martin_170\/\",\"alt\":\"\",\"description\":\"\",\"caption\":\"\",\"mime\":\"image\/jpeg\",\"type\":\"image\",\"width\":2560,\"height\":1707,\"sizes\":{\"thumbnail\":{\"url\":\"https:\/\/foire-st-martin.ch\/wp-content\/uploads\/2023\/03\/2022_8_11_St_MARTIN_170-150x150.jpg\",\"height\":150,\"width\":150,\"orientation\":\"landscape\"},\"medium\":{\"url\":\"https:\/\/foire-st-martin.ch\/wp-content\/uploads\/2023\/03\/2022_8_11_St_MARTIN_170-300x200.jpg\",\"height\":200,\"width\":300,\"orientation\":\"landscape\"},\"large\":{\"url\":\"https:\/\/foire-st-martin.ch\/wp-content\/uploads\/2023\/03\/2022_8_11_St_MARTIN_170-1024x683.jpg\",\"height\":683,\"width\":1024,\"orientation\":\"landscape\"},\"full\":{\"url\":\"https:\/\/foire-st-martin.ch\/wp-content\/uploads\/2023\/03\/2022_8_11_St_MARTIN_170-scaled.jpg\",\"height\":1707,\"width\":2560,\"orientation\":\"landscape\"}},\"meta\":false,\"postlink\":\"https:\/\/foire-st-martin.ch\/2022_8_11_st_martin_170\/\"},{\"id\":2124,\"title\":\"2022_8_11_St_MARTIN_174\",\"url\":\"https:\/\/foire-st-martin.ch\/wp-content\/uploads\/2023\/03\/2022_8_11_St_MARTIN_174-scaled.jpg\",\"link\":\"https:\/\/foire-st-martin.ch\/2022_8_11_st_martin_174\/\",\"alt\":\"\",\"description\":\"\",\"caption\":\"\",\"mime\":\"image\/jpeg\",\"type\":\"image\",\"width\":1707,\"height\":2560,\"sizes\":{\"thumbnail\":{\"url\":\"https:\/\/foire-st-martin.ch\/wp-content\/uploads\/2023\/03\/2022_8_11_St_MARTIN_174-150x150.jpg\",\"height\":150,\"width\":150,\"orientation\":\"landscape\"},\"medium\":{\"url\":\"https:\/\/foire-st-martin.ch\/wp-content\/uploads\/2023\/03\/2022_8_11_St_MARTIN_174-200x300.jpg\",\"height\":300,\"width\":200,\"orientation\":\"portrait\"},\"large\":{\"url\":\"https:\/\/foire-st-martin.ch\/wp-content\/uploads\/2023\/03\/2022_8_11_St_MARTIN_174-683x1024.jpg\",\"height\":1024,\"width\":683,\"orientation\":\"portrait\"},\"full\":{\"url\":\"https:\/\/foire-st-martin.ch\/wp-content\/uploads\/2023\/03\/2022_8_11_St_MARTIN_174-scaled.jpg\",\"height\":2560,\"width\":1707,\"orientation\":\"portrait\"}},\"meta\":false,\"postlink\":\"https:\/\/foire-st-martin.ch\/2022_8_11_st_martin_174\/\"},{\"id\":2125,\"title\":\"2022_8_11_St_MARTIN_175\",\"url\":\"https:\/\/foire-st-martin.ch\/wp-content\/uploads\/2023\/03\/2022_8_11_St_MARTIN_175-scaled.jpg\",\"link\":\"https:\/\/foire-st-martin.ch\/2022_8_11_st_martin_175\/\",\"alt\":\"\",\"description\":\"\",\"caption\":\"\",\"mime\":\"image\/jpeg\",\"type\":\"image\",\"width\":1707,\"height\":2560,\"sizes\":{\"thumbnail\":{\"url\":\"https:\/\/foire-st-martin.ch\/wp-content\/uploads\/2023\/03\/2022_8_11_St_MARTIN_175-150x150.jpg\",\"height\":150,\"width\":150,\"orientation\":\"landscape\"},\"medium\":{\"url\":\"https:\/\/foire-st-martin.ch\/wp-content\/uploads\/2023\/03\/2022_8_11_St_MARTIN_175-200x300.jpg\",\"height\":300,\"width\":200,\"orientation\":\"portrait\"},\"large\":{\"url\":\"https:\/\/foire-st-martin.ch\/wp-content\/uploads\/2023\/03\/2022_8_11_St_MARTIN_175-683x1024.jpg\",\"height\":1024,\"width\":683,\"orientation\":\"portrait\"},\"full\":{\"url\":\"https:\/\/foire-st-martin.ch\/wp-content\/uploads\/2023\/03\/2022_8_11_St_MARTIN_175-scaled.jpg\",\"height\":2560,\"width\":1707,\"orientation\":\"portrait\"}},\"meta\":false,\"postlink\":\"https:\/\/foire-st-martin.ch\/2022_8_11_st_martin_175\/\"},{\"id\":2126,\"title\":\"2022_8_11_St_MARTIN_177\",\"url\":\"https:\/\/foire-st-martin.ch\/wp-content\/uploads\/2023\/03\/2022_8_11_St_MARTIN_177-scaled.jpg\",\"link\":\"https:\/\/foire-st-martin.ch\/2022_8_11_st_martin_177\/\",\"alt\":\"\",\"description\":\"\",\"caption\":\"\",\"mime\":\"image\/jpeg\",\"type\":\"image\",\"width\":1707,\"height\":2560,\"sizes\":{\"thumbnail\":{\"url\":\"https:\/\/foire-st-martin.ch\/wp-content\/uploads\/2023\/03\/2022_8_11_St_MARTIN_177-150x150.jpg\",\"height\":150,\"width\":150,\"orientation\":\"landscape\"},\"medium\":{\"url\":\"https:\/\/foire-st-martin.ch\/wp-content\/uploads\/2023\/03\/2022_8_11_St_MARTIN_177-200x300.jpg\",\"height\":300,\"width\":200,\"orientation\":\"portrait\"},\"large\":{\"url\":\"https:\/\/foire-st-martin.ch\/wp-content\/uploads\/2023\/03\/2022_8_11_St_MARTIN_177-683x1024.jpg\",\"height\":1024,\"width\":683,\"orientation\":\"portrait\"},\"full\":{\"url\":\"https:\/\/foire-st-martin.ch\/wp-content\/uploads\/2023\/03\/2022_8_11_St_MARTIN_177-scaled.jpg\",\"height\":2560,\"width\":1707,\"orientation\":\"portrait\"}},\"meta\":false,\"postlink\":\"https:\/\/foire-st-martin.ch\/2022_8_11_st_martin_177\/\"},{\"id\":2127,\"title\":\"2022_8_11_St_MARTIN_178\",\"url\":\"https:\/\/foire-st-martin.ch\/wp-content\/uploads\/2023\/03\/2022_8_11_St_MARTIN_178-scaled.jpg\",\"link\":\"https:\/\/foire-st-martin.ch\/2022_8_11_st_martin_178\/\",\"alt\":\"\",\"description\":\"\",\"caption\":\"\",\"mime\":\"image\/jpeg\",\"type\":\"image\",\"width\":2560,\"height\":1707,\"sizes\":{\"thumbnail\":{\"url\":\"https:\/\/foire-st-martin.ch\/wp-content\/uploads\/2023\/03\/2022_8_11_St_MARTIN_178-150x150.jpg\",\"height\":150,\"width\":150,\"orientation\":\"landscape\"},\"medium\":{\"url\":\"https:\/\/foire-st-martin.ch\/wp-content\/uploads\/2023\/03\/2022_8_11_St_MARTIN_178-300x200.jpg\",\"height\":200,\"width\":300,\"orientation\":\"landscape\"},\"large\":{\"url\":\"https:\/\/foire-st-martin.ch\/wp-content\/uploads\/2023\/03\/2022_8_11_St_MARTIN_178-1024x683.jpg\",\"height\":683,\"width\":1024,\"orientation\":\"landscape\"},\"full\":{\"url\":\"https:\/\/foire-st-martin.ch\/wp-content\/uploads\/2023\/03\/2022_8_11_St_MARTIN_178-scaled.jpg\",\"height\":1707,\"width\":2560,\"orientation\":\"landscape\"}},\"meta\":false,\"postlink\":\"https:\/\/foire-st-martin.ch\/2022_8_11_st_martin_178\/\"},{\"id\":2128,\"title\":\"2022_8_11_St_MARTIN_180\",\"url\":\"https:\/\/foire-st-martin.ch\/wp-content\/uploads\/2023\/03\/2022_8_11_St_MARTIN_180-scaled.jpg\",\"link\":\"https:\/\/foire-st-martin.ch\/2022_8_11_st_martin_180\/\",\"alt\":\"\",\"description\":\"\",\"caption\":\"\",\"mime\":\"image\/jpeg\",\"type\":\"image\",\"width\":2560,\"height\":1707,\"sizes\":{\"thumbnail\":{\"url\":\"https:\/\/foire-st-martin.ch\/wp-content\/uploads\/2023\/03\/2022_8_11_St_MARTIN_180-150x150.jpg\",\"height\":150,\"width\":150,\"orientation\":\"landscape\"},\"medium\":{\"url\":\"https:\/\/foire-st-martin.ch\/wp-content\/uploads\/2023\/03\/2022_8_11_St_MARTIN_180-300x200.jpg\",\"height\":200,\"width\":300,\"orientation\":\"landscape\"},\"large\":{\"url\":\"https:\/\/foire-st-martin.ch\/wp-content\/uploads\/2023\/03\/2022_8_11_St_MARTIN_180-1024x683.jpg\",\"height\":683,\"width\":1024,\"orientation\":\"landscape\"},\"full\":{\"url\":\"https:\/\/foire-st-martin.ch\/wp-content\/uploads\/2023\/03\/2022_8_11_St_MARTIN_180-scaled.jpg\",\"height\":1707,\"width\":2560,\"orientation\":\"landscape\"}},\"meta\":false,\"postlink\":\"https:\/\/foire-st-martin.ch\/2022_8_11_st_martin_180\/\"},{\"id\":2129,\"title\":\"2022_8_11_St_MARTIN_181\",\"url\":\"https:\/\/foire-st-martin.ch\/wp-content\/uploads\/2023\/03\/2022_8_11_St_MARTIN_181-scaled.jpg\",\"link\":\"https:\/\/foire-st-martin.ch\/2022_8_11_st_martin_181\/\",\"alt\":\"\",\"description\":\"\",\"caption\":\"\",\"mime\":\"image\/jpeg\",\"type\":\"image\",\"width\":1707,\"height\":2560,\"sizes\":{\"thumbnail\":{\"url\":\"https:\/\/foire-st-martin.ch\/wp-content\/uploads\/2023\/03\/2022_8_11_St_MARTIN_181-150x150.jpg\",\"height\":150,\"width\":150,\"orientation\":\"landscape\"},\"medium\":{\"url\":\"https:\/\/foire-st-martin.ch\/wp-content\/uploads\/2023\/03\/2022_8_11_St_MARTIN_181-200x300.jpg\",\"height\":300,\"width\":200,\"orientation\":\"portrait\"},\"large\":{\"url\":\"https:\/\/foire-st-martin.ch\/wp-content\/uploads\/2023\/03\/2022_8_11_St_MARTIN_181-683x1024.jpg\",\"height\":1024,\"width\":683,\"orientation\":\"portrait\"},\"full\":{\"url\":\"https:\/\/foire-st-martin.ch\/wp-content\/uploads\/2023\/03\/2022_8_11_St_MARTIN_181-scaled.jpg\",\"height\":2560,\"width\":1707,\"orientation\":\"portrait\"}},\"meta\":false,\"postlink\":\"https:\/\/foire-st-martin.ch\/2022_8_11_st_martin_181\/\"},{\"id\":2130,\"title\":\"2022_8_11_St_MARTIN_185\",\"url\":\"https:\/\/foire-st-martin.ch\/wp-content\/uploads\/2023\/03\/2022_8_11_St_MARTIN_185-scaled.jpg\",\"link\":\"https:\/\/foire-st-martin.ch\/2022_8_11_st_martin_185\/\",\"alt\":\"\",\"description\":\"\",\"caption\":\"\",\"mime\":\"image\/jpeg\",\"type\":\"image\",\"width\":1707,\"height\":2560,\"sizes\":{\"thumbnail\":{\"url\":\"https:\/\/foire-st-martin.ch\/wp-content\/uploads\/2023\/03\/2022_8_11_St_MARTIN_185-150x150.jpg\",\"height\":150,\"width\":150,\"orientation\":\"landscape\"},\"medium\":{\"url\":\"https:\/\/foire-st-martin.ch\/wp-content\/uploads\/2023\/03\/2022_8_11_St_MARTIN_185-200x300.jpg\",\"height\":300,\"width\":200,\"orientation\":\"portrait\"},\"large\":{\"url\":\"https:\/\/foire-st-martin.ch\/wp-content\/uploads\/2023\/03\/2022_8_11_St_MARTIN_185-683x1024.jpg\",\"height\":1024,\"width\":683,\"orientation\":\"portrait\"},\"full\":{\"url\":\"https:\/\/foire-st-martin.ch\/wp-content\/uploads\/2023\/03\/2022_8_11_St_MARTIN_185-scaled.jpg\",\"height\":2560,\"width\":1707,\"orientation\":\"portrait\"}},\"meta\":false,\"postlink\":\"https:\/\/foire-st-martin.ch\/2022_8_11_st_martin_185\/\"},{\"id\":2131,\"title\":\"2022_8_11_St_MARTIN_186\",\"url\":\"https:\/\/foire-st-martin.ch\/wp-content\/uploads\/2023\/03\/2022_8_11_St_MARTIN_186-scaled.jpg\",\"link\":\"https:\/\/foire-st-martin.ch\/2022_8_11_st_martin_186\/\",\"alt\":\"\",\"description\":\"\",\"caption\":\"\",\"mime\":\"image\/jpeg\",\"type\":\"image\",\"width\":2560,\"height\":1707,\"sizes\":{\"thumbnail\":{\"url\":\"https:\/\/foire-st-martin.ch\/wp-content\/uploads\/2023\/03\/2022_8_11_St_MARTIN_186-150x150.jpg\",\"height\":150,\"width\":150,\"orientation\":\"landscape\"},\"medium\":{\"url\":\"https:\/\/foire-st-martin.ch\/wp-content\/uploads\/2023\/03\/2022_8_11_St_MARTIN_186-300x200.jpg\",\"height\":200,\"width\":300,\"orientation\":\"landscape\"},\"large\":{\"url\":\"https:\/\/foire-st-martin.ch\/wp-content\/uploads\/2023\/03\/2022_8_11_St_MARTIN_186-1024x683.jpg\",\"height\":683,\"width\":1024,\"orientation\":\"landscape\"},\"full\":{\"url\":\"https:\/\/foire-st-martin.ch\/wp-content\/uploads\/2023\/03\/2022_8_11_St_MARTIN_186-scaled.jpg\",\"height\":1707,\"width\":2560,\"orientation\":\"landscape\"}},\"meta\":false,\"postlink\":\"https:\/\/foire-st-martin.ch\/2022_8_11_st_martin_186\/\"},{\"id\":2132,\"title\":\"2022_8_11_St_MARTIN_187\",\"url\":\"https:\/\/foire-st-martin.ch\/wp-content\/uploads\/2023\/03\/2022_8_11_St_MARTIN_187-scaled.jpg\",\"link\":\"https:\/\/foire-st-martin.ch\/2022_8_11_st_martin_187\/\",\"alt\":\"\",\"description\":\"\",\"caption\":\"\",\"mime\":\"image\/jpeg\",\"type\":\"image\",\"width\":1707,\"height\":2560,\"sizes\":{\"thumbnail\":{\"url\":\"https:\/\/foire-st-martin.ch\/wp-content\/uploads\/2023\/03\/2022_8_11_St_MARTIN_187-150x150.jpg\",\"height\":150,\"width\":150,\"orientation\":\"landscape\"},\"medium\":{\"url\":\"https:\/\/foire-st-martin.ch\/wp-content\/uploads\/2023\/03\/2022_8_11_St_MARTIN_187-200x300.jpg\",\"height\":300,\"width\":200,\"orientation\":\"portrait\"},\"large\":{\"url\":\"https:\/\/foire-st-martin.ch\/wp-content\/uploads\/2023\/03\/2022_8_11_St_MARTIN_187-683x1024.jpg\",\"height\":1024,\"width\":683,\"orientation\":\"portrait\"},\"full\":{\"url\":\"https:\/\/foire-st-martin.ch\/wp-content\/uploads\/2023\/03\/2022_8_11_St_MARTIN_187-scaled.jpg\",\"height\":2560,\"width\":1707,\"orientation\":\"portrait\"}},\"meta\":false,\"postlink\":\"https:\/\/foire-st-martin.ch\/2022_8_11_st_martin_187\/\"},{\"id\":2133,\"title\":\"2022_8_11_St_MARTIN_188\",\"url\":\"https:\/\/foire-st-martin.ch\/wp-content\/uploads\/2023\/03\/2022_8_11_St_MARTIN_188-scaled.jpg\",\"link\":\"https:\/\/foire-st-martin.ch\/2022_8_11_st_martin_188\/\",\"alt\":\"\",\"description\":\"\",\"caption\":\"\",\"mime\":\"image\/jpeg\",\"type\":\"image\",\"width\":2560,\"height\":1707,\"sizes\":{\"thumbnail\":{\"url\":\"https:\/\/foire-st-martin.ch\/wp-content\/uploads\/2023\/03\/2022_8_11_St_MARTIN_188-150x150.jpg\",\"height\":150,\"width\":150,\"orientation\":\"landscape\"},\"medium\":{\"url\":\"https:\/\/foire-st-martin.ch\/wp-content\/uploads\/2023\/03\/2022_8_11_St_MARTIN_188-300x200.jpg\",\"height\":200,\"width\":300,\"orientation\":\"landscape\"},\"large\":{\"url\":\"https:\/\/foire-st-martin.ch\/wp-content\/uploads\/2023\/03\/2022_8_11_St_MARTIN_188-1024x683.jpg\",\"height\":683,\"width\":1024,\"orientation\":\"landscape\"},\"full\":{\"url\":\"https:\/\/foire-st-martin.ch\/wp-content\/uploads\/2023\/03\/2022_8_11_St_MARTIN_188-scaled.jpg\",\"height\":1707,\"width\":2560,\"orientation\":\"landscape\"}},\"meta\":false,\"postlink\":\"https:\/\/foire-st-martin.ch\/2022_8_11_st_martin_188\/\"},{\"id\":2134,\"title\":\"2022_8_11_St_MARTIN_189\",\"url\":\"https:\/\/foire-st-martin.ch\/wp-content\/uploads\/2023\/03\/2022_8_11_St_MARTIN_189-scaled.jpg\",\"link\":\"https:\/\/foire-st-martin.ch\/2022_8_11_st_martin_189\/\",\"alt\":\"\",\"description\":\"\",\"caption\":\"\",\"mime\":\"image\/jpeg\",\"type\":\"image\",\"width\":2560,\"height\":1707,\"sizes\":{\"thumbnail\":{\"url\":\"https:\/\/foire-st-martin.ch\/wp-content\/uploads\/2023\/03\/2022_8_11_St_MARTIN_189-150x150.jpg\",\"height\":150,\"width\":150,\"orientation\":\"landscape\"},\"medium\":{\"url\":\"https:\/\/foire-st-martin.ch\/wp-content\/uploads\/2023\/03\/2022_8_11_St_MARTIN_189-300x200.jpg\",\"height\":200,\"width\":300,\"orientation\":\"landscape\"},\"large\":{\"url\":\"https:\/\/foire-st-martin.ch\/wp-content\/uploads\/2023\/03\/2022_8_11_St_MARTIN_189-1024x683.jpg\",\"height\":683,\"width\":1024,\"orientation\":\"landscape\"},\"full\":{\"url\":\"https:\/\/foire-st-martin.ch\/wp-content\/uploads\/2023\/03\/2022_8_11_St_MARTIN_189-scaled.jpg\",\"height\":1707,\"width\":2560,\"orientation\":\"landscape\"}},\"meta\":false,\"postlink\":\"https:\/\/foire-st-martin.ch\/2022_8_11_st_martin_189\/\"},{\"id\":2135,\"title\":\"2022_8_11_St_MARTIN_191\",\"url\":\"https:\/\/foire-st-martin.ch\/wp-content\/uploads\/2023\/03\/2022_8_11_St_MARTIN_191-scaled.jpg\",\"link\":\"https:\/\/foire-st-martin.ch\/2022_8_11_st_martin_191\/\",\"alt\":\"\",\"description\":\"\",\"caption\":\"\",\"mime\":\"image\/jpeg\",\"type\":\"image\",\"width\":1707,\"height\":2560,\"sizes\":{\"thumbnail\":{\"url\":\"https:\/\/foire-st-martin.ch\/wp-content\/uploads\/2023\/03\/2022_8_11_St_MARTIN_191-150x150.jpg\",\"height\":150,\"width\":150,\"orientation\":\"landscape\"},\"medium\":{\"url\":\"https:\/\/foire-st-martin.ch\/wp-content\/uploads\/2023\/03\/2022_8_11_St_MARTIN_191-200x300.jpg\",\"height\":300,\"width\":200,\"orientation\":\"portrait\"},\"large\":{\"url\":\"https:\/\/foire-st-martin.ch\/wp-content\/uploads\/2023\/03\/2022_8_11_St_MARTIN_191-683x1024.jpg\",\"height\":1024,\"width\":683,\"orientation\":\"portrait\"},\"full\":{\"url\":\"https:\/\/foire-st-martin.ch\/wp-content\/uploads\/2023\/03\/2022_8_11_St_MARTIN_191-scaled.jpg\",\"height\":2560,\"width\":1707,\"orientation\":\"portrait\"}},\"meta\":false,\"postlink\":\"https:\/\/foire-st-martin.ch\/2022_8_11_st_martin_191\/\"},{\"id\":2136,\"title\":\"2022_8_11_St_MARTIN_195\",\"url\":\"https:\/\/foire-st-martin.ch\/wp-content\/uploads\/2023\/03\/2022_8_11_St_MARTIN_195-scaled.jpg\",\"link\":\"https:\/\/foire-st-martin.ch\/2022_8_11_st_martin_195\/\",\"alt\":\"\",\"description\":\"\",\"caption\":\"\",\"mime\":\"image\/jpeg\",\"type\":\"image\",\"width\":2560,\"height\":1707,\"sizes\":{\"thumbnail\":{\"url\":\"https:\/\/foire-st-martin.ch\/wp-content\/uploads\/2023\/03\/2022_8_11_St_MARTIN_195-150x150.jpg\",\"height\":150,\"width\":150,\"orientation\":\"landscape\"},\"medium\":{\"url\":\"https:\/\/foire-st-martin.ch\/wp-content\/uploads\/2023\/03\/2022_8_11_St_MARTIN_195-300x200.jpg\",\"height\":200,\"width\":300,\"orientation\":\"landscape\"},\"large\":{\"url\":\"https:\/\/foire-st-martin.ch\/wp-content\/uploads\/2023\/03\/2022_8_11_St_MARTIN_195-1024x683.jpg\",\"height\":683,\"width\":1024,\"orientation\":\"landscape\"},\"full\":{\"url\":\"https:\/\/foire-st-martin.ch\/wp-content\/uploads\/2023\/03\/2022_8_11_St_MARTIN_195-scaled.jpg\",\"height\":1707,\"width\":2560,\"orientation\":\"landscape\"}},\"meta\":false,\"postlink\":\"https:\/\/foire-st-martin.ch\/2022_8_11_st_martin_195\/\"},{\"id\":2137,\"title\":\"2022_8_11_St_MARTIN_197\",\"url\":\"https:\/\/foire-st-martin.ch\/wp-content\/uploads\/2023\/03\/2022_8_11_St_MARTIN_197-scaled.jpg\",\"link\":\"https:\/\/foire-st-martin.ch\/2022_8_11_st_martin_197\/\",\"alt\":\"\",\"description\":\"\",\"caption\":\"\",\"mime\":\"image\/jpeg\",\"type\":\"image\",\"width\":1707,\"height\":2560,\"sizes\":{\"thumbnail\":{\"url\":\"https:\/\/foire-st-martin.ch\/wp-content\/uploads\/2023\/03\/2022_8_11_St_MARTIN_197-150x150.jpg\",\"height\":150,\"width\":150,\"orientation\":\"landscape\"},\"medium\":{\"url\":\"https:\/\/foire-st-martin.ch\/wp-content\/uploads\/2023\/03\/2022_8_11_St_MARTIN_197-200x300.jpg\",\"height\":300,\"width\":200,\"orientation\":\"portrait\"},\"large\":{\"url\":\"https:\/\/foire-st-martin.ch\/wp-content\/uploads\/2023\/03\/2022_8_11_St_MARTIN_197-683x1024.jpg\",\"height\":1024,\"width\":683,\"orientation\":\"portrait\"},\"full\":{\"url\":\"https:\/\/foire-st-martin.ch\/wp-content\/uploads\/2023\/03\/2022_8_11_St_MARTIN_197-scaled.jpg\",\"height\":2560,\"width\":1707,\"orientation\":\"portrait\"}},\"meta\":false,\"postlink\":\"https:\/\/foire-st-martin.ch\/2022_8_11_st_martin_197\/\"},{\"id\":2138,\"title\":\"2022_8_11_St_MARTIN_198\",\"url\":\"https:\/\/foire-st-martin.ch\/wp-content\/uploads\/2023\/03\/2022_8_11_St_MARTIN_198-scaled.jpg\",\"link\":\"https:\/\/foire-st-martin.ch\/2022_8_11_st_martin_198\/\",\"alt\":\"\",\"description\":\"\",\"caption\":\"\",\"mime\":\"image\/jpeg\",\"type\":\"image\",\"width\":1707,\"height\":2560,\"sizes\":{\"thumbnail\":{\"url\":\"https:\/\/foire-st-martin.ch\/wp-content\/uploads\/2023\/03\/2022_8_11_St_MARTIN_198-150x150.jpg\",\"height\":150,\"width\":150,\"orientation\":\"landscape\"},\"medium\":{\"url\":\"https:\/\/foire-st-martin.ch\/wp-content\/uploads\/2023\/03\/2022_8_11_St_MARTIN_198-200x300.jpg\",\"height\":300,\"width\":200,\"orientation\":\"portrait\"},\"large\":{\"url\":\"https:\/\/foire-st-martin.ch\/wp-content\/uploads\/2023\/03\/2022_8_11_St_MARTIN_198-683x1024.jpg\",\"height\":1024,\"width\":683,\"orientation\":\"portrait\"},\"full\":{\"url\":\"https:\/\/foire-st-martin.ch\/wp-content\/uploads\/2023\/03\/2022_8_11_St_MARTIN_198-scaled.jpg\",\"height\":2560,\"width\":1707,\"orientation\":\"portrait\"}},\"meta\":false,\"postlink\":\"https:\/\/foire-st-martin.ch\/2022_8_11_st_martin_198\/\"},{\"id\":2139,\"title\":\"2022_8_11_St_MARTIN_202\",\"url\":\"https:\/\/foire-st-martin.ch\/wp-content\/uploads\/2023\/03\/2022_8_11_St_MARTIN_202-scaled.jpg\",\"link\":\"https:\/\/foire-st-martin.ch\/2022_8_11_st_martin_202\/\",\"alt\":\"\",\"description\":\"\",\"caption\":\"\",\"mime\":\"image\/jpeg\",\"type\":\"image\",\"width\":1707,\"height\":2560,\"sizes\":{\"thumbnail\":{\"url\":\"https:\/\/foire-st-martin.ch\/wp-content\/uploads\/2023\/03\/2022_8_11_St_MARTIN_202-150x150.jpg\",\"height\":150,\"width\":150,\"orientation\":\"landscape\"},\"medium\":{\"url\":\"https:\/\/foire-st-martin.ch\/wp-content\/uploads\/2023\/03\/2022_8_11_St_MARTIN_202-200x300.jpg\",\"height\":300,\"width\":200,\"orientation\":\"portrait\"},\"large\":{\"url\":\"https:\/\/foire-st-martin.ch\/wp-content\/uploads\/2023\/03\/2022_8_11_St_MARTIN_202-683x1024.jpg\",\"height\":1024,\"width\":683,\"orientation\":\"portrait\"},\"full\":{\"url\":\"https:\/\/foire-st-martin.ch\/wp-content\/uploads\/2023\/03\/2022_8_11_St_MARTIN_202-scaled.jpg\",\"height\":2560,\"width\":1707,\"orientation\":\"portrait\"}},\"meta\":false,\"postlink\":\"https:\/\/foire-st-martin.ch\/2022_8_11_st_martin_202\/\"},{\"id\":2140,\"title\":\"2022_8_11_St_MARTIN_203\",\"url\":\"https:\/\/foire-st-martin.ch\/wp-content\/uploads\/2023\/03\/2022_8_11_St_MARTIN_203-scaled.jpg\",\"link\":\"https:\/\/foire-st-martin.ch\/2022_8_11_st_martin_203\/\",\"alt\":\"\",\"description\":\"\",\"caption\":\"\",\"mime\":\"image\/jpeg\",\"type\":\"image\",\"width\":2560,\"height\":1707,\"sizes\":{\"thumbnail\":{\"url\":\"https:\/\/foire-st-martin.ch\/wp-content\/uploads\/2023\/03\/2022_8_11_St_MARTIN_203-150x150.jpg\",\"height\":150,\"width\":150,\"orientation\":\"landscape\"},\"medium\":{\"url\":\"https:\/\/foire-st-martin.ch\/wp-content\/uploads\/2023\/03\/2022_8_11_St_MARTIN_203-300x200.jpg\",\"height\":200,\"width\":300,\"orientation\":\"landscape\"},\"large\":{\"url\":\"https:\/\/foire-st-martin.ch\/wp-content\/uploads\/2023\/03\/2022_8_11_St_MARTIN_203-1024x683.jpg\",\"height\":683,\"width\":1024,\"orientation\":\"landscape\"},\"full\":{\"url\":\"https:\/\/foire-st-martin.ch\/wp-content\/uploads\/2023\/03\/2022_8_11_St_MARTIN_203-scaled.jpg\",\"height\":1707,\"width\":2560,\"orientation\":\"landscape\"}},\"meta\":false,\"postlink\":\"https:\/\/foire-st-martin.ch\/2022_8_11_st_martin_203\/\"},{\"id\":2141,\"title\":\"2022_8_11_St_MARTIN_205\",\"url\":\"https:\/\/foire-st-martin.ch\/wp-content\/uploads\/2023\/03\/2022_8_11_St_MARTIN_205-scaled.jpg\",\"link\":\"https:\/\/foire-st-martin.ch\/2022_8_11_st_martin_205\/\",\"alt\":\"\",\"description\":\"\",\"caption\":\"\",\"mime\":\"image\/jpeg\",\"type\":\"image\",\"width\":1707,\"height\":2560,\"sizes\":{\"thumbnail\":{\"url\":\"https:\/\/foire-st-martin.ch\/wp-content\/uploads\/2023\/03\/2022_8_11_St_MARTIN_205-150x150.jpg\",\"height\":150,\"width\":150,\"orientation\":\"landscape\"},\"medium\":{\"url\":\"https:\/\/foire-st-martin.ch\/wp-content\/uploads\/2023\/03\/2022_8_11_St_MARTIN_205-200x300.jpg\",\"height\":300,\"width\":200,\"orientation\":\"portrait\"},\"large\":{\"url\":\"https:\/\/foire-st-martin.ch\/wp-content\/uploads\/2023\/03\/2022_8_11_St_MARTIN_205-683x1024.jpg\",\"height\":1024,\"width\":683,\"orientation\":\"portrait\"},\"full\":{\"url\":\"https:\/\/foire-st-martin.ch\/wp-content\/uploads\/2023\/03\/2022_8_11_St_MARTIN_205-scaled.jpg\",\"height\":2560,\"width\":1707,\"orientation\":\"portrait\"}},\"meta\":false,\"postlink\":\"https:\/\/foire-st-martin.ch\/2022_8_11_st_martin_205\/\"},{\"id\":2142,\"title\":\"2022_8_11_St_MARTIN_206\",\"url\":\"https:\/\/foire-st-martin.ch\/wp-content\/uploads\/2023\/03\/2022_8_11_St_MARTIN_206-scaled.jpg\",\"link\":\"https:\/\/foire-st-martin.ch\/2022_8_11_st_martin_206\/\",\"alt\":\"\",\"description\":\"\",\"caption\":\"\",\"mime\":\"image\/jpeg\",\"type\":\"image\",\"width\":2560,\"height\":1707,\"sizes\":{\"thumbnail\":{\"url\":\"https:\/\/foire-st-martin.ch\/wp-content\/uploads\/2023\/03\/2022_8_11_St_MARTIN_206-150x150.jpg\",\"height\":150,\"width\":150,\"orientation\":\"landscape\"},\"medium\":{\"url\":\"https:\/\/foire-st-martin.ch\/wp-content\/uploads\/2023\/03\/2022_8_11_St_MARTIN_206-300x200.jpg\",\"height\":200,\"width\":300,\"orientation\":\"landscape\"},\"large\":{\"url\":\"https:\/\/foire-st-martin.ch\/wp-content\/uploads\/2023\/03\/2022_8_11_St_MARTIN_206-1024x683.jpg\",\"height\":683,\"width\":1024,\"orientation\":\"landscape\"},\"full\":{\"url\":\"https:\/\/foire-st-martin.ch\/wp-content\/uploads\/2023\/03\/2022_8_11_St_MARTIN_206-scaled.jpg\",\"height\":1707,\"width\":2560,\"orientation\":\"landscape\"}},\"meta\":false,\"postlink\":\"https:\/\/foire-st-martin.ch\/2022_8_11_st_martin_206\/\"},{\"id\":2143,\"title\":\"2022_8_11_St_MARTIN_207\",\"url\":\"https:\/\/foire-st-martin.ch\/wp-content\/uploads\/2023\/03\/2022_8_11_St_MARTIN_207-scaled.jpg\",\"link\":\"https:\/\/foire-st-martin.ch\/2022_8_11_st_martin_207\/\",\"alt\":\"\",\"description\":\"\",\"caption\":\"\",\"mime\":\"image\/jpeg\",\"type\":\"image\",\"width\":1707,\"height\":2560,\"sizes\":{\"thumbnail\":{\"url\":\"https:\/\/foire-st-martin.ch\/wp-content\/uploads\/2023\/03\/2022_8_11_St_MARTIN_207-150x150.jpg\",\"height\":150,\"width\":150,\"orientation\":\"landscape\"},\"medium\":{\"url\":\"https:\/\/foire-st-martin.ch\/wp-content\/uploads\/2023\/03\/2022_8_11_St_MARTIN_207-200x300.jpg\",\"height\":300,\"width\":200,\"orientation\":\"portrait\"},\"large\":{\"url\":\"https:\/\/foire-st-martin.ch\/wp-content\/uploads\/2023\/03\/2022_8_11_St_MARTIN_207-683x1024.jpg\",\"height\":1024,\"width\":683,\"orientation\":\"portrait\"},\"full\":{\"url\":\"https:\/\/foire-st-martin.ch\/wp-content\/uploads\/2023\/03\/2022_8_11_St_MARTIN_207-scaled.jpg\",\"height\":2560,\"width\":1707,\"orientation\":\"portrait\"}},\"meta\":false,\"postlink\":\"https:\/\/foire-st-martin.ch\/2022_8_11_st_martin_207\/\"},{\"id\":2144,\"title\":\"2022_8_11_St_MARTIN_213\",\"url\":\"https:\/\/foire-st-martin.ch\/wp-content\/uploads\/2023\/03\/2022_8_11_St_MARTIN_213-scaled.jpg\",\"link\":\"https:\/\/foire-st-martin.ch\/2022_8_11_st_martin_213\/\",\"alt\":\"\",\"description\":\"\",\"caption\":\"\",\"mime\":\"image\/jpeg\",\"type\":\"image\",\"width\":2560,\"height\":1707,\"sizes\":{\"thumbnail\":{\"url\":\"https:\/\/foire-st-martin.ch\/wp-content\/uploads\/2023\/03\/2022_8_11_St_MARTIN_213-150x150.jpg\",\"height\":150,\"width\":150,\"orientation\":\"landscape\"},\"medium\":{\"url\":\"https:\/\/foire-st-martin.ch\/wp-content\/uploads\/2023\/03\/2022_8_11_St_MARTIN_213-300x200.jpg\",\"height\":200,\"width\":300,\"orientation\":\"landscape\"},\"large\":{\"url\":\"https:\/\/foire-st-martin.ch\/wp-content\/uploads\/2023\/03\/2022_8_11_St_MARTIN_213-1024x683.jpg\",\"height\":683,\"width\":1024,\"orientation\":\"landscape\"},\"full\":{\"url\":\"https:\/\/foire-st-martin.ch\/wp-content\/uploads\/2023\/03\/2022_8_11_St_MARTIN_213-scaled.jpg\",\"height\":1707,\"width\":2560,\"orientation\":\"landscape\"}},\"meta\":false,\"postlink\":\"https:\/\/foire-st-martin.ch\/2022_8_11_st_martin_213\/\"},{\"id\":2145,\"title\":\"2022_8_11_St_MARTIN_220\",\"url\":\"https:\/\/foire-st-martin.ch\/wp-content\/uploads\/2023\/03\/2022_8_11_St_MARTIN_220-scaled.jpg\",\"link\":\"https:\/\/foire-st-martin.ch\/2022_8_11_st_martin_220\/\",\"alt\":\"\",\"description\":\"\",\"caption\":\"\",\"mime\":\"image\/jpeg\",\"type\":\"image\",\"width\":2560,\"height\":1707,\"sizes\":{\"thumbnail\":{\"url\":\"https:\/\/foire-st-martin.ch\/wp-content\/uploads\/2023\/03\/2022_8_11_St_MARTIN_220-150x150.jpg\",\"height\":150,\"width\":150,\"orientation\":\"landscape\"},\"medium\":{\"url\":\"https:\/\/foire-st-martin.ch\/wp-content\/uploads\/2023\/03\/2022_8_11_St_MARTIN_220-300x200.jpg\",\"height\":200,\"width\":300,\"orientation\":\"landscape\"},\"large\":{\"url\":\"https:\/\/foire-st-martin.ch\/wp-content\/uploads\/2023\/03\/2022_8_11_St_MARTIN_220-1024x683.jpg\",\"height\":683,\"width\":1024,\"orientation\":\"landscape\"},\"full\":{\"url\":\"https:\/\/foire-st-martin.ch\/wp-content\/uploads\/2023\/03\/2022_8_11_St_MARTIN_220-scaled.jpg\",\"height\":1707,\"width\":2560,\"orientation\":\"landscape\"}},\"meta\":false,\"postlink\":\"https:\/\/foire-st-martin.ch\/2022_8_11_st_martin_220\/\"},{\"id\":2146,\"title\":\"2022_8_11_St_MARTIN_223\",\"url\":\"https:\/\/foire-st-martin.ch\/wp-content\/uploads\/2023\/03\/2022_8_11_St_MARTIN_223-scaled.jpg\",\"link\":\"https:\/\/foire-st-martin.ch\/2022_8_11_st_martin_223\/\",\"alt\":\"\",\"description\":\"\",\"caption\":\"\",\"mime\":\"image\/jpeg\",\"type\":\"image\",\"width\":1707,\"height\":2560,\"sizes\":{\"thumbnail\":{\"url\":\"https:\/\/foire-st-martin.ch\/wp-content\/uploads\/2023\/03\/2022_8_11_St_MARTIN_223-150x150.jpg\",\"height\":150,\"width\":150,\"orientation\":\"landscape\"},\"medium\":{\"url\":\"https:\/\/foire-st-martin.ch\/wp-content\/uploads\/2023\/03\/2022_8_11_St_MARTIN_223-200x300.jpg\",\"height\":300,\"width\":200,\"orientation\":\"portrait\"},\"large\":{\"url\":\"https:\/\/foire-st-martin.ch\/wp-content\/uploads\/2023\/03\/2022_8_11_St_MARTIN_223-683x1024.jpg\",\"height\":1024,\"width\":683,\"orientation\":\"portrait\"},\"full\":{\"url\":\"https:\/\/foire-st-martin.ch\/wp-content\/uploads\/2023\/03\/2022_8_11_St_MARTIN_223-scaled.jpg\",\"height\":2560,\"width\":1707,\"orientation\":\"portrait\"}},\"meta\":false,\"postlink\":\"https:\/\/foire-st-martin.ch\/2022_8_11_st_martin_223\/\"},{\"id\":2147,\"title\":\"2022_8_11_St_MARTIN_224\",\"url\":\"https:\/\/foire-st-martin.ch\/wp-content\/uploads\/2023\/03\/2022_8_11_St_MARTIN_224-scaled.jpg\",\"link\":\"https:\/\/foire-st-martin.ch\/2022_8_11_st_martin_224\/\",\"alt\":\"\",\"description\":\"\",\"caption\":\"\",\"mime\":\"image\/jpeg\",\"type\":\"image\",\"width\":2560,\"height\":1707,\"sizes\":{\"thumbnail\":{\"url\":\"https:\/\/foire-st-martin.ch\/wp-content\/uploads\/2023\/03\/2022_8_11_St_MARTIN_224-150x150.jpg\",\"height\":150,\"width\":150,\"orientation\":\"landscape\"},\"medium\":{\"url\":\"https:\/\/foire-st-martin.ch\/wp-content\/uploads\/2023\/03\/2022_8_11_St_MARTIN_224-300x200.jpg\",\"height\":200,\"width\":300,\"orientation\":\"landscape\"},\"large\":{\"url\":\"https:\/\/foire-st-martin.ch\/wp-content\/uploads\/2023\/03\/2022_8_11_St_MARTIN_224-1024x683.jpg\",\"height\":683,\"width\":1024,\"orientation\":\"landscape\"},\"full\":{\"url\":\"https:\/\/foire-st-martin.ch\/wp-content\/uploads\/2023\/03\/2022_8_11_St_MARTIN_224-scaled.jpg\",\"height\":1707,\"width\":2560,\"orientation\":\"landscape\"}},\"meta\":false,\"postlink\":\"https:\/\/foire-st-martin.ch\/2022_8_11_st_martin_224\/\"},{\"id\":2148,\"title\":\"2022_8_11_St_MARTIN_231\",\"url\":\"https:\/\/foire-st-martin.ch\/wp-content\/uploads\/2023\/03\/2022_8_11_St_MARTIN_231-scaled.jpg\",\"link\":\"https:\/\/foire-st-martin.ch\/2022_8_11_st_martin_231\/\",\"alt\":\"\",\"description\":\"\",\"caption\":\"\",\"mime\":\"image\/jpeg\",\"type\":\"image\",\"width\":2560,\"height\":1707,\"sizes\":{\"thumbnail\":{\"url\":\"https:\/\/foire-st-martin.ch\/wp-content\/uploads\/2023\/03\/2022_8_11_St_MARTIN_231-150x150.jpg\",\"height\":150,\"width\":150,\"orientation\":\"landscape\"},\"medium\":{\"url\":\"https:\/\/foire-st-martin.ch\/wp-content\/uploads\/2023\/03\/2022_8_11_St_MARTIN_231-300x200.jpg\",\"height\":200,\"width\":300,\"orientation\":\"landscape\"},\"large\":{\"url\":\"https:\/\/foire-st-martin.ch\/wp-content\/uploads\/2023\/03\/2022_8_11_St_MARTIN_231-1024x683.jpg\",\"height\":683,\"width\":1024,\"orientation\":\"landscape\"},\"full\":{\"url\":\"https:\/\/foire-st-martin.ch\/wp-content\/uploads\/2023\/03\/2022_8_11_St_MARTIN_231-scaled.jpg\",\"height\":1707,\"width\":2560,\"orientation\":\"landscape\"}},\"meta\":false,\"postlink\":\"https:\/\/foire-st-martin.ch\/2022_8_11_st_martin_231\/\"},{\"id\":2149,\"title\":\"2022_8_11_St_MARTIN_235\",\"url\":\"https:\/\/foire-st-martin.ch\/wp-content\/uploads\/2023\/03\/2022_8_11_St_MARTIN_235-scaled.jpg\",\"link\":\"https:\/\/foire-st-martin.ch\/2022_8_11_st_martin_235\/\",\"alt\":\"\",\"description\":\"\",\"caption\":\"\",\"mime\":\"image\/jpeg\",\"type\":\"image\",\"width\":2560,\"height\":1707,\"sizes\":{\"thumbnail\":{\"url\":\"https:\/\/foire-st-martin.ch\/wp-content\/uploads\/2023\/03\/2022_8_11_St_MARTIN_235-150x150.jpg\",\"height\":150,\"width\":150,\"orientation\":\"landscape\"},\"medium\":{\"url\":\"https:\/\/foire-st-martin.ch\/wp-content\/uploads\/2023\/03\/2022_8_11_St_MARTIN_235-300x200.jpg\",\"height\":200,\"width\":300,\"orientation\":\"landscape\"},\"large\":{\"url\":\"https:\/\/foire-st-martin.ch\/wp-content\/uploads\/2023\/03\/2022_8_11_St_MARTIN_235-1024x683.jpg\",\"height\":683,\"width\":1024,\"orientation\":\"landscape\"},\"full\":{\"url\":\"https:\/\/foire-st-martin.ch\/wp-content\/uploads\/2023\/03\/2022_8_11_St_MARTIN_235-scaled.jpg\",\"height\":1707,\"width\":2560,\"orientation\":\"landscape\"}},\"meta\":false,\"postlink\":\"https:\/\/foire-st-martin.ch\/2022_8_11_st_martin_235\/\"},{\"id\":2150,\"title\":\"2022_8_11_St_MARTIN_236\",\"url\":\"https:\/\/foire-st-martin.ch\/wp-content\/uploads\/2023\/03\/2022_8_11_St_MARTIN_236-scaled.jpg\",\"link\":\"https:\/\/foire-st-martin.ch\/2022_8_11_st_martin_236\/\",\"alt\":\"\",\"description\":\"\",\"caption\":\"\",\"mime\":\"image\/jpeg\",\"type\":\"image\",\"width\":2560,\"height\":1707,\"sizes\":{\"thumbnail\":{\"url\":\"https:\/\/foire-st-martin.ch\/wp-content\/uploads\/2023\/03\/2022_8_11_St_MARTIN_236-150x150.jpg\",\"height\":150,\"width\":150,\"orientation\":\"landscape\"},\"medium\":{\"url\":\"https:\/\/foire-st-martin.ch\/wp-content\/uploads\/2023\/03\/2022_8_11_St_MARTIN_236-300x200.jpg\",\"height\":200,\"width\":300,\"orientation\":\"landscape\"},\"large\":{\"url\":\"https:\/\/foire-st-martin.ch\/wp-content\/uploads\/2023\/03\/2022_8_11_St_MARTIN_236-1024x683.jpg\",\"height\":683,\"width\":1024,\"orientation\":\"landscape\"},\"full\":{\"url\":\"https:\/\/foire-st-martin.ch\/wp-content\/uploads\/2023\/03\/2022_8_11_St_MARTIN_236-scaled.jpg\",\"height\":1707,\"width\":2560,\"orientation\":\"landscape\"}},\"meta\":false,\"postlink\":\"https:\/\/foire-st-martin.ch\/2022_8_11_st_martin_236\/\"}],\"itemsMetaDataCollection\":[]}<\/script><script>(function(){if(window.PGC_SGB && window.PGC_SGB.searcher){window.PGC_SGB.searcher.initBlocks()}})()<\/script><\/div>La c\u00e9r\u00e9monie \u00e0 la Grenette<div class=\"pgc-sgb-cb wp-block-pgcsimplygalleryblock-grid \" data-gallery-id=\"9d043006\"><div class=\"sgb-preloader\" id=\"pr_9d043006\">\n\t<div class=\"sgb-square\" style=\"background:#d4d4d4\"><\/div>\n\t<div class=\"sgb-square\" style=\"background:#d4d4d4\"><\/div>\n\t<div class=\"sgb-square\" style=\"background:#d4d4d4\"><\/div>\n\t<div class=\"sgb-square\" style=\"background:#d4d4d4\"><\/div><\/div><div class=\"simply-gallery-amp pgc_sgb_slider \" style=\"display: none;\"><div class=\"sgb-gallery\"><div class=\"sgb-item\"><a href=\"https:\/\/foire-st-martin.ch\/en\/2022_8_11_st_martin_377\/\"><img decoding=\"async\" alt=\"\" width=\"300\" height=\"200\" loading=\"lazy\" src=\"https:\/\/foire-st-martin.ch\/wp-content\/uploads\/2023\/03\/2022_8_11_St_MARTIN_377-300x200.jpg\"\/><\/a><\/div><div class=\"sgb-item\"><a href=\"https:\/\/foire-st-martin.ch\/en\/2022_8_11_st_martin_374\/\"><img decoding=\"async\" alt=\"\" width=\"300\" height=\"200\" loading=\"lazy\" src=\"https:\/\/foire-st-martin.ch\/wp-content\/uploads\/2023\/03\/2022_8_11_St_MARTIN_374-300x200.jpg\"\/><\/a><\/div><div class=\"sgb-item\"><a href=\"https:\/\/foire-st-martin.ch\/en\/2022_8_11_st_martin_373\/\"><img decoding=\"async\" alt=\"\" width=\"300\" height=\"200\" loading=\"lazy\" src=\"https:\/\/foire-st-martin.ch\/wp-content\/uploads\/2023\/03\/2022_8_11_St_MARTIN_373-300x200.jpg\"\/><\/a><\/div><div class=\"sgb-item\"><a href=\"https:\/\/foire-st-martin.ch\/en\/2022_8_11_st_martin_371\/\"><img decoding=\"async\" alt=\"\" width=\"200\" height=\"300\" loading=\"lazy\" src=\"https:\/\/foire-st-martin.ch\/wp-content\/uploads\/2023\/03\/2022_8_11_St_MARTIN_371-200x300.jpg\"\/><\/a><\/div><div class=\"sgb-item\"><a href=\"https:\/\/foire-st-martin.ch\/en\/2022_8_11_st_martin_370\/\"><img decoding=\"async\" alt=\"\" width=\"300\" height=\"200\" loading=\"lazy\" src=\"https:\/\/foire-st-martin.ch\/wp-content\/uploads\/2023\/03\/2022_8_11_St_MARTIN_370-300x200.jpg\"\/><\/a><\/div><div class=\"sgb-item\"><a href=\"https:\/\/foire-st-martin.ch\/en\/2022_8_11_st_martin_367\/\"><img decoding=\"async\" alt=\"\" width=\"300\" height=\"200\" loading=\"lazy\" src=\"https:\/\/foire-st-martin.ch\/wp-content\/uploads\/2023\/03\/2022_8_11_St_MARTIN_367-300x200.jpg\"\/><\/a><\/div><div class=\"sgb-item\"><a href=\"https:\/\/foire-st-martin.ch\/en\/2022_8_11_st_martin_364\/\"><img decoding=\"async\" alt=\"\" width=\"300\" height=\"200\" loading=\"lazy\" src=\"https:\/\/foire-st-martin.ch\/wp-content\/uploads\/2023\/03\/2022_8_11_St_MARTIN_364-300x200.jpg\"\/><\/a><\/div><div class=\"sgb-item\"><a href=\"https:\/\/foire-st-martin.ch\/en\/2022_8_11_st_martin_363\/\"><img decoding=\"async\" alt=\"\" width=\"300\" height=\"200\" loading=\"lazy\" src=\"https:\/\/foire-st-martin.ch\/wp-content\/uploads\/2023\/03\/2022_8_11_St_MARTIN_363-300x200.jpg\"\/><\/a><\/div><div class=\"sgb-item\"><a href=\"https:\/\/foire-st-martin.ch\/en\/2022_8_11_st_martin_356\/\"><img decoding=\"async\" alt=\"\" width=\"200\" height=\"300\" loading=\"lazy\" src=\"https:\/\/foire-st-martin.ch\/wp-content\/uploads\/2023\/03\/2022_8_11_St_MARTIN_356-200x300.jpg\"\/><\/a><\/div><div class=\"sgb-item\"><a href=\"https:\/\/foire-st-martin.ch\/en\/2022_8_11_st_martin_352\/\"><img decoding=\"async\" alt=\"\" width=\"200\" height=\"300\" loading=\"lazy\" src=\"https:\/\/foire-st-martin.ch\/wp-content\/uploads\/2023\/03\/2022_8_11_St_MARTIN_352-200x300.jpg\"\/><\/a><\/div><div class=\"sgb-item\"><a href=\"https:\/\/foire-st-martin.ch\/en\/2022_8_11_st_martin_344\/\"><img decoding=\"async\" alt=\"\" width=\"200\" height=\"300\" loading=\"lazy\" src=\"https:\/\/foire-st-martin.ch\/wp-content\/uploads\/2023\/03\/2022_8_11_St_MARTIN_344-200x300.jpg\"\/><\/a><\/div><div class=\"sgb-item\"><a href=\"https:\/\/foire-st-martin.ch\/en\/2022_8_11_st_martin_342\/\"><img decoding=\"async\" alt=\"\" width=\"300\" height=\"200\" loading=\"lazy\" src=\"https:\/\/foire-st-martin.ch\/wp-content\/uploads\/2023\/03\/2022_8_11_St_MARTIN_342-300x200.jpg\"\/><\/a><\/div><div class=\"sgb-item\"><a href=\"https:\/\/foire-st-martin.ch\/en\/2022_8_11_st_martin_338\/\"><img decoding=\"async\" alt=\"\" width=\"200\" height=\"300\" loading=\"lazy\" src=\"https:\/\/foire-st-martin.ch\/wp-content\/uploads\/2023\/03\/2022_8_11_St_MARTIN_338-200x300.jpg\"\/><\/a><\/div><div class=\"sgb-item\"><a href=\"https:\/\/foire-st-martin.ch\/en\/2022_8_11_st_martin_333\/\"><img decoding=\"async\" alt=\"\" width=\"200\" height=\"300\" loading=\"lazy\" src=\"https:\/\/foire-st-martin.ch\/wp-content\/uploads\/2023\/03\/2022_8_11_St_MARTIN_333-200x300.jpg\"\/><\/a><\/div><div class=\"sgb-item\"><a href=\"https:\/\/foire-st-martin.ch\/en\/2022_8_11_st_martin_328\/\"><img decoding=\"async\" alt=\"\" width=\"300\" height=\"200\" loading=\"lazy\" src=\"https:\/\/foire-st-martin.ch\/wp-content\/uploads\/2023\/03\/2022_8_11_St_MARTIN_328-300x200.jpg\"\/><\/a><\/div><div class=\"sgb-item\"><a href=\"https:\/\/foire-st-martin.ch\/en\/2022_8_11_st_martin_327\/\"><img decoding=\"async\" alt=\"\" width=\"200\" height=\"300\" loading=\"lazy\" src=\"https:\/\/foire-st-martin.ch\/wp-content\/uploads\/2023\/03\/2022_8_11_St_MARTIN_327-200x300.jpg\"\/><\/a><\/div><div class=\"sgb-item\"><a href=\"https:\/\/foire-st-martin.ch\/en\/2022_8_11_st_martin_325\/\"><img decoding=\"async\" alt=\"\" width=\"300\" height=\"200\" loading=\"lazy\" src=\"https:\/\/foire-st-martin.ch\/wp-content\/uploads\/2023\/03\/2022_8_11_St_MARTIN_325-300x200.jpg\"\/><\/a><\/div><div class=\"sgb-item\"><a href=\"https:\/\/foire-st-martin.ch\/en\/2022_8_11_st_martin_322\/\"><img decoding=\"async\" alt=\"\" width=\"300\" height=\"200\" loading=\"lazy\" src=\"https:\/\/foire-st-martin.ch\/wp-content\/uploads\/2023\/03\/2022_8_11_St_MARTIN_322-300x200.jpg\"\/><\/a><\/div><div class=\"sgb-item\"><a href=\"https:\/\/foire-st-martin.ch\/en\/2022_8_11_st_martin_315\/\"><img decoding=\"async\" alt=\"\" width=\"300\" height=\"200\" loading=\"lazy\" src=\"https:\/\/foire-st-martin.ch\/wp-content\/uploads\/2023\/03\/2022_8_11_St_MARTIN_315-300x200.jpg\"\/><\/a><\/div><div class=\"sgb-item\"><a href=\"https:\/\/foire-st-martin.ch\/en\/2022_8_11_st_martin_313\/\"><img decoding=\"async\" alt=\"\" width=\"300\" height=\"200\" loading=\"lazy\" src=\"https:\/\/foire-st-martin.ch\/wp-content\/uploads\/2023\/03\/2022_8_11_St_MARTIN_313-300x200.jpg\"\/><\/a><\/div><div class=\"sgb-item\"><a href=\"https:\/\/foire-st-martin.ch\/en\/2022_8_11_st_martin_308\/\"><img decoding=\"async\" alt=\"\" width=\"300\" height=\"200\" loading=\"lazy\" src=\"https:\/\/foire-st-martin.ch\/wp-content\/uploads\/2023\/03\/2022_8_11_St_MARTIN_308-300x200.jpg\"\/><\/a><\/div><div class=\"sgb-item\"><a href=\"https:\/\/foire-st-martin.ch\/en\/2022_8_11_st_martin_306\/\"><img decoding=\"async\" alt=\"\" width=\"200\" height=\"300\" loading=\"lazy\" src=\"https:\/\/foire-st-martin.ch\/wp-content\/uploads\/2023\/03\/2022_8_11_St_MARTIN_306-200x300.jpg\"\/><\/a><\/div><div class=\"sgb-item\"><a href=\"https:\/\/foire-st-martin.ch\/en\/2022_8_11_st_martin_303\/\"><img decoding=\"async\" alt=\"\" width=\"200\" height=\"300\" loading=\"lazy\" src=\"https:\/\/foire-st-martin.ch\/wp-content\/uploads\/2023\/03\/2022_8_11_St_MARTIN_303-200x300.jpg\"\/><\/a><\/div><div class=\"sgb-item\"><a href=\"https:\/\/foire-st-martin.ch\/en\/2022_8_11_st_martin_300\/\"><img decoding=\"async\" alt=\"\" width=\"200\" height=\"300\" loading=\"lazy\" src=\"https:\/\/foire-st-martin.ch\/wp-content\/uploads\/2023\/03\/2022_8_11_St_MARTIN_300-200x300.jpg\"\/><\/a><\/div><div class=\"sgb-item\"><a href=\"https:\/\/foire-st-martin.ch\/en\/2022_8_11_st_martin_298\/\"><img decoding=\"async\" alt=\"\" width=\"200\" height=\"300\" loading=\"lazy\" src=\"https:\/\/foire-st-martin.ch\/wp-content\/uploads\/2023\/03\/2022_8_11_St_MARTIN_298-200x300.jpg\"\/><\/a><\/div><div class=\"sgb-item\"><a href=\"https:\/\/foire-st-martin.ch\/en\/2022_8_11_st_martin_297\/\"><img decoding=\"async\" alt=\"\" width=\"300\" height=\"200\" loading=\"lazy\" src=\"https:\/\/foire-st-martin.ch\/wp-content\/uploads\/2023\/03\/2022_8_11_St_MARTIN_297-300x200.jpg\"\/><\/a><\/div><div class=\"sgb-item\"><a href=\"https:\/\/foire-st-martin.ch\/en\/2022_8_11_st_martin_281\/\"><img decoding=\"async\" alt=\"\" width=\"300\" height=\"200\" loading=\"lazy\" src=\"https:\/\/foire-st-martin.ch\/wp-content\/uploads\/2023\/03\/2022_8_11_St_MARTIN_281-300x200.jpg\"\/><\/a><\/div><div class=\"sgb-item\"><a href=\"https:\/\/foire-st-martin.ch\/en\/2022_8_11_st_martin_277\/\"><img decoding=\"async\" alt=\"\" width=\"300\" height=\"200\" loading=\"lazy\" src=\"https:\/\/foire-st-martin.ch\/wp-content\/uploads\/2023\/03\/2022_8_11_St_MARTIN_277-300x200.jpg\"\/><\/a><\/div><div class=\"sgb-item\"><a href=\"https:\/\/foire-st-martin.ch\/en\/2022_8_11_st_martin_271\/\"><img decoding=\"async\" alt=\"\" width=\"200\" height=\"300\" loading=\"lazy\" src=\"https:\/\/foire-st-martin.ch\/wp-content\/uploads\/2023\/03\/2022_8_11_St_MARTIN_271-200x300.jpg\"\/><\/a><\/div><div class=\"sgb-item\"><a href=\"https:\/\/foire-st-martin.ch\/en\/2022_8_11_st_martin_269\/\"><img decoding=\"async\" alt=\"\" width=\"300\" height=\"200\" loading=\"lazy\" src=\"https:\/\/foire-st-martin.ch\/wp-content\/uploads\/2023\/03\/2022_8_11_St_MARTIN_269-300x200.jpg\"\/><\/a><\/div><div class=\"sgb-item\"><a href=\"https:\/\/foire-st-martin.ch\/en\/2022_8_11_st_martin_263\/\"><img decoding=\"async\" alt=\"\" width=\"200\" height=\"300\" loading=\"lazy\" src=\"https:\/\/foire-st-martin.ch\/wp-content\/uploads\/2023\/03\/2022_8_11_St_MARTIN_263-200x300.jpg\"\/><\/a><\/div><div class=\"sgb-item\"><a href=\"https:\/\/foire-st-martin.ch\/en\/2022_8_11_st_martin_257\/\"><img decoding=\"async\" alt=\"\" width=\"200\" height=\"300\" loading=\"lazy\" src=\"https:\/\/foire-st-martin.ch\/wp-content\/uploads\/2023\/03\/2022_8_11_St_MARTIN_257-200x300.jpg\"\/><\/a><\/div><div class=\"sgb-item\"><a href=\"https:\/\/foire-st-martin.ch\/en\/2022_8_11_st_martin_256\/\"><img decoding=\"async\" alt=\"\" width=\"200\" height=\"300\" loading=\"lazy\" src=\"https:\/\/foire-st-martin.ch\/wp-content\/uploads\/2023\/03\/2022_8_11_St_MARTIN_256-200x300.jpg\"\/><\/a><\/div><div class=\"sgb-item\"><a href=\"https:\/\/foire-st-martin.ch\/en\/2022_8_11_st_martin_255\/\"><img decoding=\"async\" alt=\"\" width=\"300\" height=\"200\" loading=\"lazy\" src=\"https:\/\/foire-st-martin.ch\/wp-content\/uploads\/2023\/03\/2022_8_11_St_MARTIN_255-300x200.jpg\"\/><\/a><\/div><div class=\"sgb-item\"><a href=\"https:\/\/foire-st-martin.ch\/en\/2022_8_11_st_martin_249\/\"><img decoding=\"async\" alt=\"\" width=\"200\" height=\"300\" loading=\"lazy\" src=\"https:\/\/foire-st-martin.ch\/wp-content\/uploads\/2023\/03\/2022_8_11_St_MARTIN_249-200x300.jpg\"\/><\/a><\/div><div class=\"sgb-item\"><a href=\"https:\/\/foire-st-martin.ch\/en\/2022_8_11_st_martin_248\/\"><img decoding=\"async\" alt=\"\" width=\"200\" height=\"300\" loading=\"lazy\" src=\"https:\/\/foire-st-martin.ch\/wp-content\/uploads\/2023\/03\/2022_8_11_St_MARTIN_248-200x300.jpg\"\/><\/a><\/div><div class=\"sgb-item\"><a href=\"https:\/\/foire-st-martin.ch\/en\/2022_8_11_st_martin_244\/\"><img decoding=\"async\" alt=\"\" width=\"200\" height=\"300\" loading=\"lazy\" src=\"https:\/\/foire-st-martin.ch\/wp-content\/uploads\/2023\/03\/2022_8_11_St_MARTIN_244-200x300.jpg\"\/><\/a><\/div><div class=\"sgb-item\"><a href=\"https:\/\/foire-st-martin.ch\/en\/2022_8_11_st_martin_243\/\"><img decoding=\"async\" alt=\"\" width=\"300\" height=\"200\" loading=\"lazy\" src=\"https:\/\/foire-st-martin.ch\/wp-content\/uploads\/2023\/03\/2022_8_11_St_MARTIN_243-300x200.jpg\"\/><\/a><\/div><div class=\"sgb-item\"><a href=\"https:\/\/foire-st-martin.ch\/en\/2022_8_11_st_martin_242\/\"><img decoding=\"async\" alt=\"\" width=\"300\" height=\"200\" loading=\"lazy\" src=\"https:\/\/foire-st-martin.ch\/wp-content\/uploads\/2023\/03\/2022_8_11_St_MARTIN_242-300x200.jpg\"\/><\/a><\/div><\/div><\/div><script type=\"application\/json\" class=\"sgb-data\">{\"galleryType\":\"pgc_sgb_grid\",\"galleryId\":\"9d043006\",\"images\":[{\"id\":2250,\"title\":\"2022_8_11_St_MARTIN_377\",\"url\":\"https:\/\/foire-st-martin.ch\/wp-content\/uploads\/2023\/03\/2022_8_11_St_MARTIN_377.jpg\",\"link\":\"https:\/\/foire-st-martin.ch\/2022_8_11_st_martin_377\/\",\"alt\":\"\",\"description\":\"\",\"caption\":\"\",\"mime\":\"image\/jpeg\",\"type\":\"image\",\"width\":2508,\"height\":1672,\"sizes\":{\"thumbnail\":{\"url\":\"https:\/\/foire-st-martin.ch\/wp-content\/uploads\/2023\/03\/2022_8_11_St_MARTIN_377-150x150.jpg\",\"height\":150,\"width\":150,\"orientation\":\"landscape\"},\"medium\":{\"url\":\"https:\/\/foire-st-martin.ch\/wp-content\/uploads\/2023\/03\/2022_8_11_St_MARTIN_377-300x200.jpg\",\"height\":200,\"width\":300,\"orientation\":\"landscape\"},\"large\":{\"url\":\"https:\/\/foire-st-martin.ch\/wp-content\/uploads\/2023\/03\/2022_8_11_St_MARTIN_377-1024x683.jpg\",\"height\":683,\"width\":1024,\"orientation\":\"landscape\"},\"full\":{\"url\":\"https:\/\/foire-st-martin.ch\/wp-content\/uploads\/2023\/03\/2022_8_11_St_MARTIN_377.jpg\",\"height\":1672,\"width\":2508,\"orientation\":\"landscape\"}},\"meta\":false,\"postlink\":\"https:\/\/foire-st-martin.ch\/2022_8_11_st_martin_377\/\"},{\"id\":2249,\"title\":\"2022_8_11_St_MARTIN_374\",\"url\":\"https:\/\/foire-st-martin.ch\/wp-content\/uploads\/2023\/03\/2022_8_11_St_MARTIN_374.jpg\",\"link\":\"https:\/\/foire-st-martin.ch\/2022_8_11_st_martin_374\/\",\"alt\":\"\",\"description\":\"\",\"caption\":\"\",\"mime\":\"image\/jpeg\",\"type\":\"image\",\"width\":2508,\"height\":1672,\"sizes\":{\"thumbnail\":{\"url\":\"https:\/\/foire-st-martin.ch\/wp-content\/uploads\/2023\/03\/2022_8_11_St_MARTIN_374-150x150.jpg\",\"height\":150,\"width\":150,\"orientation\":\"landscape\"},\"medium\":{\"url\":\"https:\/\/foire-st-martin.ch\/wp-content\/uploads\/2023\/03\/2022_8_11_St_MARTIN_374-300x200.jpg\",\"height\":200,\"width\":300,\"orientation\":\"landscape\"},\"large\":{\"url\":\"https:\/\/foire-st-martin.ch\/wp-content\/uploads\/2023\/03\/2022_8_11_St_MARTIN_374-1024x683.jpg\",\"height\":683,\"width\":1024,\"orientation\":\"landscape\"},\"full\":{\"url\":\"https:\/\/foire-st-martin.ch\/wp-content\/uploads\/2023\/03\/2022_8_11_St_MARTIN_374.jpg\",\"height\":1672,\"width\":2508,\"orientation\":\"landscape\"}},\"meta\":false,\"postlink\":\"https:\/\/foire-st-martin.ch\/2022_8_11_st_martin_374\/\"},{\"id\":2248,\"title\":\"2022_8_11_St_MARTIN_373\",\"url\":\"https:\/\/foire-st-martin.ch\/wp-content\/uploads\/2023\/03\/2022_8_11_St_MARTIN_373.jpg\",\"link\":\"https:\/\/foire-st-martin.ch\/2022_8_11_st_martin_373\/\",\"alt\":\"\",\"description\":\"\",\"caption\":\"\",\"mime\":\"image\/jpeg\",\"type\":\"image\",\"width\":2508,\"height\":1672,\"sizes\":{\"thumbnail\":{\"url\":\"https:\/\/foire-st-martin.ch\/wp-content\/uploads\/2023\/03\/2022_8_11_St_MARTIN_373-150x150.jpg\",\"height\":150,\"width\":150,\"orientation\":\"landscape\"},\"medium\":{\"url\":\"https:\/\/foire-st-martin.ch\/wp-content\/uploads\/2023\/03\/2022_8_11_St_MARTIN_373-300x200.jpg\",\"height\":200,\"width\":300,\"orientation\":\"landscape\"},\"large\":{\"url\":\"https:\/\/foire-st-martin.ch\/wp-content\/uploads\/2023\/03\/2022_8_11_St_MARTIN_373-1024x683.jpg\",\"height\":683,\"width\":1024,\"orientation\":\"landscape\"},\"full\":{\"url\":\"https:\/\/foire-st-martin.ch\/wp-content\/uploads\/2023\/03\/2022_8_11_St_MARTIN_373.jpg\",\"height\":1672,\"width\":2508,\"orientation\":\"landscape\"}},\"meta\":false,\"postlink\":\"https:\/\/foire-st-martin.ch\/2022_8_11_st_martin_373\/\"},{\"id\":2247,\"title\":\"2022_8_11_St_MARTIN_371\",\"url\":\"https:\/\/foire-st-martin.ch\/wp-content\/uploads\/2023\/03\/2022_8_11_St_MARTIN_371-rotated.jpg\",\"link\":\"https:\/\/foire-st-martin.ch\/2022_8_11_st_martin_371\/\",\"alt\":\"\",\"description\":\"\",\"caption\":\"\",\"mime\":\"image\/jpeg\",\"type\":\"image\",\"width\":1672,\"height\":2508,\"sizes\":{\"thumbnail\":{\"url\":\"https:\/\/foire-st-martin.ch\/wp-content\/uploads\/2023\/03\/2022_8_11_St_MARTIN_371-150x150.jpg\",\"height\":150,\"width\":150,\"orientation\":\"landscape\"},\"medium\":{\"url\":\"https:\/\/foire-st-martin.ch\/wp-content\/uploads\/2023\/03\/2022_8_11_St_MARTIN_371-200x300.jpg\",\"height\":300,\"width\":200,\"orientation\":\"portrait\"},\"large\":{\"url\":\"https:\/\/foire-st-martin.ch\/wp-content\/uploads\/2023\/03\/2022_8_11_St_MARTIN_371-683x1024.jpg\",\"height\":1024,\"width\":683,\"orientation\":\"portrait\"},\"full\":{\"url\":\"https:\/\/foire-st-martin.ch\/wp-content\/uploads\/2023\/03\/2022_8_11_St_MARTIN_371-rotated.jpg\",\"height\":2508,\"width\":1672,\"orientation\":\"portrait\"}},\"meta\":false,\"postlink\":\"https:\/\/foire-st-martin.ch\/2022_8_11_st_martin_371\/\"},{\"id\":2246,\"title\":\"2022_8_11_St_MARTIN_370\",\"url\":\"https:\/\/foire-st-martin.ch\/wp-content\/uploads\/2023\/03\/2022_8_11_St_MARTIN_370.jpg\",\"link\":\"https:\/\/foire-st-martin.ch\/2022_8_11_st_martin_370\/\",\"alt\":\"\",\"description\":\"\",\"caption\":\"\",\"mime\":\"image\/jpeg\",\"type\":\"image\",\"width\":2508,\"height\":1672,\"sizes\":{\"thumbnail\":{\"url\":\"https:\/\/foire-st-martin.ch\/wp-content\/uploads\/2023\/03\/2022_8_11_St_MARTIN_370-150x150.jpg\",\"height\":150,\"width\":150,\"orientation\":\"landscape\"},\"medium\":{\"url\":\"https:\/\/foire-st-martin.ch\/wp-content\/uploads\/2023\/03\/2022_8_11_St_MARTIN_370-300x200.jpg\",\"height\":200,\"width\":300,\"orientation\":\"landscape\"},\"large\":{\"url\":\"https:\/\/foire-st-martin.ch\/wp-content\/uploads\/2023\/03\/2022_8_11_St_MARTIN_370-1024x683.jpg\",\"height\":683,\"width\":1024,\"orientation\":\"landscape\"},\"full\":{\"url\":\"https:\/\/foire-st-martin.ch\/wp-content\/uploads\/2023\/03\/2022_8_11_St_MARTIN_370.jpg\",\"height\":1672,\"width\":2508,\"orientation\":\"landscape\"}},\"meta\":false,\"postlink\":\"https:\/\/foire-st-martin.ch\/2022_8_11_st_martin_370\/\"},{\"id\":2245,\"title\":\"2022_8_11_St_MARTIN_367\",\"url\":\"https:\/\/foire-st-martin.ch\/wp-content\/uploads\/2023\/03\/2022_8_11_St_MARTIN_367.jpg\",\"link\":\"https:\/\/foire-st-martin.ch\/2022_8_11_st_martin_367\/\",\"alt\":\"\",\"description\":\"\",\"caption\":\"\",\"mime\":\"image\/jpeg\",\"type\":\"image\",\"width\":2508,\"height\":1672,\"sizes\":{\"thumbnail\":{\"url\":\"https:\/\/foire-st-martin.ch\/wp-content\/uploads\/2023\/03\/2022_8_11_St_MARTIN_367-150x150.jpg\",\"height\":150,\"width\":150,\"orientation\":\"landscape\"},\"medium\":{\"url\":\"https:\/\/foire-st-martin.ch\/wp-content\/uploads\/2023\/03\/2022_8_11_St_MARTIN_367-300x200.jpg\",\"height\":200,\"width\":300,\"orientation\":\"landscape\"},\"large\":{\"url\":\"https:\/\/foire-st-martin.ch\/wp-content\/uploads\/2023\/03\/2022_8_11_St_MARTIN_367-1024x683.jpg\",\"height\":683,\"width\":1024,\"orientation\":\"landscape\"},\"full\":{\"url\":\"https:\/\/foire-st-martin.ch\/wp-content\/uploads\/2023\/03\/2022_8_11_St_MARTIN_367.jpg\",\"height\":1672,\"width\":2508,\"orientation\":\"landscape\"}},\"meta\":false,\"postlink\":\"https:\/\/foire-st-martin.ch\/2022_8_11_st_martin_367\/\"},{\"id\":2244,\"title\":\"2022_8_11_St_MARTIN_364\",\"url\":\"https:\/\/foire-st-martin.ch\/wp-content\/uploads\/2023\/03\/2022_8_11_St_MARTIN_364.jpg\",\"link\":\"https:\/\/foire-st-martin.ch\/2022_8_11_st_martin_364\/\",\"alt\":\"\",\"description\":\"\",\"caption\":\"\",\"mime\":\"image\/jpeg\",\"type\":\"image\",\"width\":2508,\"height\":1672,\"sizes\":{\"thumbnail\":{\"url\":\"https:\/\/foire-st-martin.ch\/wp-content\/uploads\/2023\/03\/2022_8_11_St_MARTIN_364-150x150.jpg\",\"height\":150,\"width\":150,\"orientation\":\"landscape\"},\"medium\":{\"url\":\"https:\/\/foire-st-martin.ch\/wp-content\/uploads\/2023\/03\/2022_8_11_St_MARTIN_364-300x200.jpg\",\"height\":200,\"width\":300,\"orientation\":\"landscape\"},\"large\":{\"url\":\"https:\/\/foire-st-martin.ch\/wp-content\/uploads\/2023\/03\/2022_8_11_St_MARTIN_364-1024x683.jpg\",\"height\":683,\"width\":1024,\"orientation\":\"landscape\"},\"full\":{\"url\":\"https:\/\/foire-st-martin.ch\/wp-content\/uploads\/2023\/03\/2022_8_11_St_MARTIN_364.jpg\",\"height\":1672,\"width\":2508,\"orientation\":\"landscape\"}},\"meta\":false,\"postlink\":\"https:\/\/foire-st-martin.ch\/2022_8_11_st_martin_364\/\"},{\"id\":2243,\"title\":\"2022_8_11_St_MARTIN_363\",\"url\":\"https:\/\/foire-st-martin.ch\/wp-content\/uploads\/2023\/03\/2022_8_11_St_MARTIN_363.jpg\",\"link\":\"https:\/\/foire-st-martin.ch\/2022_8_11_st_martin_363\/\",\"alt\":\"\",\"description\":\"\",\"caption\":\"\",\"mime\":\"image\/jpeg\",\"type\":\"image\",\"width\":2508,\"height\":1672,\"sizes\":{\"thumbnail\":{\"url\":\"https:\/\/foire-st-martin.ch\/wp-content\/uploads\/2023\/03\/2022_8_11_St_MARTIN_363-150x150.jpg\",\"height\":150,\"width\":150,\"orientation\":\"landscape\"},\"medium\":{\"url\":\"https:\/\/foire-st-martin.ch\/wp-content\/uploads\/2023\/03\/2022_8_11_St_MARTIN_363-300x200.jpg\",\"height\":200,\"width\":300,\"orientation\":\"landscape\"},\"large\":{\"url\":\"https:\/\/foire-st-martin.ch\/wp-content\/uploads\/2023\/03\/2022_8_11_St_MARTIN_363-1024x683.jpg\",\"height\":683,\"width\":1024,\"orientation\":\"landscape\"},\"full\":{\"url\":\"https:\/\/foire-st-martin.ch\/wp-content\/uploads\/2023\/03\/2022_8_11_St_MARTIN_363.jpg\",\"height\":1672,\"width\":2508,\"orientation\":\"landscape\"}},\"meta\":false,\"postlink\":\"https:\/\/foire-st-martin.ch\/2022_8_11_st_martin_363\/\"},{\"id\":2242,\"title\":\"2022_8_11_St_MARTIN_356\",\"url\":\"https:\/\/foire-st-martin.ch\/wp-content\/uploads\/2023\/03\/2022_8_11_St_MARTIN_356-rotated.jpg\",\"link\":\"https:\/\/foire-st-martin.ch\/2022_8_11_st_martin_356\/\",\"alt\":\"\",\"description\":\"\",\"caption\":\"\",\"mime\":\"image\/jpeg\",\"type\":\"image\",\"width\":1672,\"height\":2508,\"sizes\":{\"thumbnail\":{\"url\":\"https:\/\/foire-st-martin.ch\/wp-content\/uploads\/2023\/03\/2022_8_11_St_MARTIN_356-150x150.jpg\",\"height\":150,\"width\":150,\"orientation\":\"landscape\"},\"medium\":{\"url\":\"https:\/\/foire-st-martin.ch\/wp-content\/uploads\/2023\/03\/2022_8_11_St_MARTIN_356-200x300.jpg\",\"height\":300,\"width\":200,\"orientation\":\"portrait\"},\"large\":{\"url\":\"https:\/\/foire-st-martin.ch\/wp-content\/uploads\/2023\/03\/2022_8_11_St_MARTIN_356-683x1024.jpg\",\"height\":1024,\"width\":683,\"orientation\":\"portrait\"},\"full\":{\"url\":\"https:\/\/foire-st-martin.ch\/wp-content\/uploads\/2023\/03\/2022_8_11_St_MARTIN_356-rotated.jpg\",\"height\":2508,\"width\":1672,\"orientation\":\"portrait\"}},\"meta\":false,\"postlink\":\"https:\/\/foire-st-martin.ch\/2022_8_11_st_martin_356\/\"},{\"id\":2241,\"title\":\"2022_8_11_St_MARTIN_352\",\"url\":\"https:\/\/foire-st-martin.ch\/wp-content\/uploads\/2023\/03\/2022_8_11_St_MARTIN_352-rotated.jpg\",\"link\":\"https:\/\/foire-st-martin.ch\/2022_8_11_st_martin_352\/\",\"alt\":\"\",\"description\":\"\",\"caption\":\"\",\"mime\":\"image\/jpeg\",\"type\":\"image\",\"width\":1672,\"height\":2508,\"sizes\":{\"thumbnail\":{\"url\":\"https:\/\/foire-st-martin.ch\/wp-content\/uploads\/2023\/03\/2022_8_11_St_MARTIN_352-150x150.jpg\",\"height\":150,\"width\":150,\"orientation\":\"landscape\"},\"medium\":{\"url\":\"https:\/\/foire-st-martin.ch\/wp-content\/uploads\/2023\/03\/2022_8_11_St_MARTIN_352-200x300.jpg\",\"height\":300,\"width\":200,\"orientation\":\"portrait\"},\"large\":{\"url\":\"https:\/\/foire-st-martin.ch\/wp-content\/uploads\/2023\/03\/2022_8_11_St_MARTIN_352-683x1024.jpg\",\"height\":1024,\"width\":683,\"orientation\":\"portrait\"},\"full\":{\"url\":\"https:\/\/foire-st-martin.ch\/wp-content\/uploads\/2023\/03\/2022_8_11_St_MARTIN_352-rotated.jpg\",\"height\":2508,\"width\":1672,\"orientation\":\"portrait\"}},\"meta\":false,\"postlink\":\"https:\/\/foire-st-martin.ch\/2022_8_11_st_martin_352\/\"},{\"id\":2240,\"title\":\"2022_8_11_St_MARTIN_344\",\"url\":\"https:\/\/foire-st-martin.ch\/wp-content\/uploads\/2023\/03\/2022_8_11_St_MARTIN_344-rotated.jpg\",\"link\":\"https:\/\/foire-st-martin.ch\/2022_8_11_st_martin_344\/\",\"alt\":\"\",\"description\":\"\",\"caption\":\"\",\"mime\":\"image\/jpeg\",\"type\":\"image\",\"width\":1672,\"height\":2508,\"sizes\":{\"thumbnail\":{\"url\":\"https:\/\/foire-st-martin.ch\/wp-content\/uploads\/2023\/03\/2022_8_11_St_MARTIN_344-150x150.jpg\",\"height\":150,\"width\":150,\"orientation\":\"landscape\"},\"medium\":{\"url\":\"https:\/\/foire-st-martin.ch\/wp-content\/uploads\/2023\/03\/2022_8_11_St_MARTIN_344-200x300.jpg\",\"height\":300,\"width\":200,\"orientation\":\"portrait\"},\"large\":{\"url\":\"https:\/\/foire-st-martin.ch\/wp-content\/uploads\/2023\/03\/2022_8_11_St_MARTIN_344-683x1024.jpg\",\"height\":1024,\"width\":683,\"orientation\":\"portrait\"},\"full\":{\"url\":\"https:\/\/foire-st-martin.ch\/wp-content\/uploads\/2023\/03\/2022_8_11_St_MARTIN_344-rotated.jpg\",\"height\":2508,\"width\":1672,\"orientation\":\"portrait\"}},\"meta\":false,\"postlink\":\"https:\/\/foire-st-martin.ch\/2022_8_11_st_martin_344\/\"},{\"id\":2239,\"title\":\"2022_8_11_St_MARTIN_342\",\"url\":\"https:\/\/foire-st-martin.ch\/wp-content\/uploads\/2023\/03\/2022_8_11_St_MARTIN_342.jpg\",\"link\":\"https:\/\/foire-st-martin.ch\/2022_8_11_st_martin_342\/\",\"alt\":\"\",\"description\":\"\",\"caption\":\"\",\"mime\":\"image\/jpeg\",\"type\":\"image\",\"width\":2508,\"height\":1672,\"sizes\":{\"thumbnail\":{\"url\":\"https:\/\/foire-st-martin.ch\/wp-content\/uploads\/2023\/03\/2022_8_11_St_MARTIN_342-150x150.jpg\",\"height\":150,\"width\":150,\"orientation\":\"landscape\"},\"medium\":{\"url\":\"https:\/\/foire-st-martin.ch\/wp-content\/uploads\/2023\/03\/2022_8_11_St_MARTIN_342-300x200.jpg\",\"height\":200,\"width\":300,\"orientation\":\"landscape\"},\"large\":{\"url\":\"https:\/\/foire-st-martin.ch\/wp-content\/uploads\/2023\/03\/2022_8_11_St_MARTIN_342-1024x683.jpg\",\"height\":683,\"width\":1024,\"orientation\":\"landscape\"},\"full\":{\"url\":\"https:\/\/foire-st-martin.ch\/wp-content\/uploads\/2023\/03\/2022_8_11_St_MARTIN_342.jpg\",\"height\":1672,\"width\":2508,\"orientation\":\"landscape\"}},\"meta\":false,\"postlink\":\"https:\/\/foire-st-martin.ch\/2022_8_11_st_martin_342\/\"},{\"id\":2238,\"title\":\"2022_8_11_St_MARTIN_338\",\"url\":\"https:\/\/foire-st-martin.ch\/wp-content\/uploads\/2023\/03\/2022_8_11_St_MARTIN_338-rotated.jpg\",\"link\":\"https:\/\/foire-st-martin.ch\/2022_8_11_st_martin_338\/\",\"alt\":\"\",\"description\":\"\",\"caption\":\"\",\"mime\":\"image\/jpeg\",\"type\":\"image\",\"width\":1672,\"height\":2508,\"sizes\":{\"thumbnail\":{\"url\":\"https:\/\/foire-st-martin.ch\/wp-content\/uploads\/2023\/03\/2022_8_11_St_MARTIN_338-150x150.jpg\",\"height\":150,\"width\":150,\"orientation\":\"landscape\"},\"medium\":{\"url\":\"https:\/\/foire-st-martin.ch\/wp-content\/uploads\/2023\/03\/2022_8_11_St_MARTIN_338-200x300.jpg\",\"height\":300,\"width\":200,\"orientation\":\"portrait\"},\"large\":{\"url\":\"https:\/\/foire-st-martin.ch\/wp-content\/uploads\/2023\/03\/2022_8_11_St_MARTIN_338-683x1024.jpg\",\"height\":1024,\"width\":683,\"orientation\":\"portrait\"},\"full\":{\"url\":\"https:\/\/foire-st-martin.ch\/wp-content\/uploads\/2023\/03\/2022_8_11_St_MARTIN_338-rotated.jpg\",\"height\":2508,\"width\":1672,\"orientation\":\"portrait\"}},\"meta\":false,\"postlink\":\"https:\/\/foire-st-martin.ch\/2022_8_11_st_martin_338\/\"},{\"id\":2237,\"title\":\"2022_8_11_St_MARTIN_333\",\"url\":\"https:\/\/foire-st-martin.ch\/wp-content\/uploads\/2023\/03\/2022_8_11_St_MARTIN_333-rotated.jpg\",\"link\":\"https:\/\/foire-st-martin.ch\/2022_8_11_st_martin_333\/\",\"alt\":\"\",\"description\":\"\",\"caption\":\"\",\"mime\":\"image\/jpeg\",\"type\":\"image\",\"width\":1672,\"height\":2508,\"sizes\":{\"thumbnail\":{\"url\":\"https:\/\/foire-st-martin.ch\/wp-content\/uploads\/2023\/03\/2022_8_11_St_MARTIN_333-150x150.jpg\",\"height\":150,\"width\":150,\"orientation\":\"landscape\"},\"medium\":{\"url\":\"https:\/\/foire-st-martin.ch\/wp-content\/uploads\/2023\/03\/2022_8_11_St_MARTIN_333-200x300.jpg\",\"height\":300,\"width\":200,\"orientation\":\"portrait\"},\"large\":{\"url\":\"https:\/\/foire-st-martin.ch\/wp-content\/uploads\/2023\/03\/2022_8_11_St_MARTIN_333-683x1024.jpg\",\"height\":1024,\"width\":683,\"orientation\":\"portrait\"},\"full\":{\"url\":\"https:\/\/foire-st-martin.ch\/wp-content\/uploads\/2023\/03\/2022_8_11_St_MARTIN_333-rotated.jpg\",\"height\":2508,\"width\":1672,\"orientation\":\"portrait\"}},\"meta\":false,\"postlink\":\"https:\/\/foire-st-martin.ch\/2022_8_11_st_martin_333\/\"},{\"id\":2236,\"title\":\"2022_8_11_St_MARTIN_328\",\"url\":\"https:\/\/foire-st-martin.ch\/wp-content\/uploads\/2023\/03\/2022_8_11_St_MARTIN_328.jpg\",\"link\":\"https:\/\/foire-st-martin.ch\/2022_8_11_st_martin_328\/\",\"alt\":\"\",\"description\":\"\",\"caption\":\"\",\"mime\":\"image\/jpeg\",\"type\":\"image\",\"width\":2508,\"height\":1672,\"sizes\":{\"thumbnail\":{\"url\":\"https:\/\/foire-st-martin.ch\/wp-content\/uploads\/2023\/03\/2022_8_11_St_MARTIN_328-150x150.jpg\",\"height\":150,\"width\":150,\"orientation\":\"landscape\"},\"medium\":{\"url\":\"https:\/\/foire-st-martin.ch\/wp-content\/uploads\/2023\/03\/2022_8_11_St_MARTIN_328-300x200.jpg\",\"height\":200,\"width\":300,\"orientation\":\"landscape\"},\"large\":{\"url\":\"https:\/\/foire-st-martin.ch\/wp-content\/uploads\/2023\/03\/2022_8_11_St_MARTIN_328-1024x683.jpg\",\"height\":683,\"width\":1024,\"orientation\":\"landscape\"},\"full\":{\"url\":\"https:\/\/foire-st-martin.ch\/wp-content\/uploads\/2023\/03\/2022_8_11_St_MARTIN_328.jpg\",\"height\":1672,\"width\":2508,\"orientation\":\"landscape\"}},\"meta\":false,\"postlink\":\"https:\/\/foire-st-martin.ch\/2022_8_11_st_martin_328\/\"},{\"id\":2235,\"title\":\"2022_8_11_St_MARTIN_327\",\"url\":\"https:\/\/foire-st-martin.ch\/wp-content\/uploads\/2023\/03\/2022_8_11_St_MARTIN_327-rotated.jpg\",\"link\":\"https:\/\/foire-st-martin.ch\/2022_8_11_st_martin_327\/\",\"alt\":\"\",\"description\":\"\",\"caption\":\"\",\"mime\":\"image\/jpeg\",\"type\":\"image\",\"width\":1672,\"height\":2508,\"sizes\":{\"thumbnail\":{\"url\":\"https:\/\/foire-st-martin.ch\/wp-content\/uploads\/2023\/03\/2022_8_11_St_MARTIN_327-150x150.jpg\",\"height\":150,\"width\":150,\"orientation\":\"landscape\"},\"medium\":{\"url\":\"https:\/\/foire-st-martin.ch\/wp-content\/uploads\/2023\/03\/2022_8_11_St_MARTIN_327-200x300.jpg\",\"height\":300,\"width\":200,\"orientation\":\"portrait\"},\"large\":{\"url\":\"https:\/\/foire-st-martin.ch\/wp-content\/uploads\/2023\/03\/2022_8_11_St_MARTIN_327-683x1024.jpg\",\"height\":1024,\"width\":683,\"orientation\":\"portrait\"},\"full\":{\"url\":\"https:\/\/foire-st-martin.ch\/wp-content\/uploads\/2023\/03\/2022_8_11_St_MARTIN_327-rotated.jpg\",\"height\":2508,\"width\":1672,\"orientation\":\"portrait\"}},\"meta\":false,\"postlink\":\"https:\/\/foire-st-martin.ch\/2022_8_11_st_martin_327\/\"},{\"id\":2234,\"title\":\"2022_8_11_St_MARTIN_325\",\"url\":\"https:\/\/foire-st-martin.ch\/wp-content\/uploads\/2023\/03\/2022_8_11_St_MARTIN_325.jpg\",\"link\":\"https:\/\/foire-st-martin.ch\/2022_8_11_st_martin_325\/\",\"alt\":\"\",\"description\":\"\",\"caption\":\"\",\"mime\":\"image\/jpeg\",\"type\":\"image\",\"width\":2508,\"height\":1672,\"sizes\":{\"thumbnail\":{\"url\":\"https:\/\/foire-st-martin.ch\/wp-content\/uploads\/2023\/03\/2022_8_11_St_MARTIN_325-150x150.jpg\",\"height\":150,\"width\":150,\"orientation\":\"landscape\"},\"medium\":{\"url\":\"https:\/\/foire-st-martin.ch\/wp-content\/uploads\/2023\/03\/2022_8_11_St_MARTIN_325-300x200.jpg\",\"height\":200,\"width\":300,\"orientation\":\"landscape\"},\"large\":{\"url\":\"https:\/\/foire-st-martin.ch\/wp-content\/uploads\/2023\/03\/2022_8_11_St_MARTIN_325-1024x683.jpg\",\"height\":683,\"width\":1024,\"orientation\":\"landscape\"},\"full\":{\"url\":\"https:\/\/foire-st-martin.ch\/wp-content\/uploads\/2023\/03\/2022_8_11_St_MARTIN_325.jpg\",\"height\":1672,\"width\":2508,\"orientation\":\"landscape\"}},\"meta\":false,\"postlink\":\"https:\/\/foire-st-martin.ch\/2022_8_11_st_martin_325\/\"},{\"id\":2233,\"title\":\"2022_8_11_St_MARTIN_322\",\"url\":\"https:\/\/foire-st-martin.ch\/wp-content\/uploads\/2023\/03\/2022_8_11_St_MARTIN_322.jpg\",\"link\":\"https:\/\/foire-st-martin.ch\/2022_8_11_st_martin_322\/\",\"alt\":\"\",\"description\":\"\",\"caption\":\"\",\"mime\":\"image\/jpeg\",\"type\":\"image\",\"width\":2508,\"height\":1672,\"sizes\":{\"thumbnail\":{\"url\":\"https:\/\/foire-st-martin.ch\/wp-content\/uploads\/2023\/03\/2022_8_11_St_MARTIN_322-150x150.jpg\",\"height\":150,\"width\":150,\"orientation\":\"landscape\"},\"medium\":{\"url\":\"https:\/\/foire-st-martin.ch\/wp-content\/uploads\/2023\/03\/2022_8_11_St_MARTIN_322-300x200.jpg\",\"height\":200,\"width\":300,\"orientation\":\"landscape\"},\"large\":{\"url\":\"https:\/\/foire-st-martin.ch\/wp-content\/uploads\/2023\/03\/2022_8_11_St_MARTIN_322-1024x683.jpg\",\"height\":683,\"width\":1024,\"orientation\":\"landscape\"},\"full\":{\"url\":\"https:\/\/foire-st-martin.ch\/wp-content\/uploads\/2023\/03\/2022_8_11_St_MARTIN_322.jpg\",\"height\":1672,\"width\":2508,\"orientation\":\"landscape\"}},\"meta\":false,\"postlink\":\"https:\/\/foire-st-martin.ch\/2022_8_11_st_martin_322\/\"},{\"id\":2232,\"title\":\"2022_8_11_St_MARTIN_315\",\"url\":\"https:\/\/foire-st-martin.ch\/wp-content\/uploads\/2023\/03\/2022_8_11_St_MARTIN_315.jpg\",\"link\":\"https:\/\/foire-st-martin.ch\/2022_8_11_st_martin_315\/\",\"alt\":\"\",\"description\":\"\",\"caption\":\"\",\"mime\":\"image\/jpeg\",\"type\":\"image\",\"width\":2508,\"height\":1672,\"sizes\":{\"thumbnail\":{\"url\":\"https:\/\/foire-st-martin.ch\/wp-content\/uploads\/2023\/03\/2022_8_11_St_MARTIN_315-150x150.jpg\",\"height\":150,\"width\":150,\"orientation\":\"landscape\"},\"medium\":{\"url\":\"https:\/\/foire-st-martin.ch\/wp-content\/uploads\/2023\/03\/2022_8_11_St_MARTIN_315-300x200.jpg\",\"height\":200,\"width\":300,\"orientation\":\"landscape\"},\"large\":{\"url\":\"https:\/\/foire-st-martin.ch\/wp-content\/uploads\/2023\/03\/2022_8_11_St_MARTIN_315-1024x683.jpg\",\"height\":683,\"width\":1024,\"orientation\":\"landscape\"},\"full\":{\"url\":\"https:\/\/foire-st-martin.ch\/wp-content\/uploads\/2023\/03\/2022_8_11_St_MARTIN_315.jpg\",\"height\":1672,\"width\":2508,\"orientation\":\"landscape\"}},\"meta\":false,\"postlink\":\"https:\/\/foire-st-martin.ch\/2022_8_11_st_martin_315\/\"},{\"id\":2231,\"title\":\"2022_8_11_St_MARTIN_313\",\"url\":\"https:\/\/foire-st-martin.ch\/wp-content\/uploads\/2023\/03\/2022_8_11_St_MARTIN_313.jpg\",\"link\":\"https:\/\/foire-st-martin.ch\/2022_8_11_st_martin_313\/\",\"alt\":\"\",\"description\":\"\",\"caption\":\"\",\"mime\":\"image\/jpeg\",\"type\":\"image\",\"width\":2508,\"height\":1672,\"sizes\":{\"thumbnail\":{\"url\":\"https:\/\/foire-st-martin.ch\/wp-content\/uploads\/2023\/03\/2022_8_11_St_MARTIN_313-150x150.jpg\",\"height\":150,\"width\":150,\"orientation\":\"landscape\"},\"medium\":{\"url\":\"https:\/\/foire-st-martin.ch\/wp-content\/uploads\/2023\/03\/2022_8_11_St_MARTIN_313-300x200.jpg\",\"height\":200,\"width\":300,\"orientation\":\"landscape\"},\"large\":{\"url\":\"https:\/\/foire-st-martin.ch\/wp-content\/uploads\/2023\/03\/2022_8_11_St_MARTIN_313-1024x683.jpg\",\"height\":683,\"width\":1024,\"orientation\":\"landscape\"},\"full\":{\"url\":\"https:\/\/foire-st-martin.ch\/wp-content\/uploads\/2023\/03\/2022_8_11_St_MARTIN_313.jpg\",\"height\":1672,\"width\":2508,\"orientation\":\"landscape\"}},\"meta\":false,\"postlink\":\"https:\/\/foire-st-martin.ch\/2022_8_11_st_martin_313\/\"},{\"id\":2230,\"title\":\"2022_8_11_St_MARTIN_308\",\"url\":\"https:\/\/foire-st-martin.ch\/wp-content\/uploads\/2023\/03\/2022_8_11_St_MARTIN_308.jpg\",\"link\":\"https:\/\/foire-st-martin.ch\/2022_8_11_st_martin_308\/\",\"alt\":\"\",\"description\":\"\",\"caption\":\"\",\"mime\":\"image\/jpeg\",\"type\":\"image\",\"width\":2508,\"height\":1672,\"sizes\":{\"thumbnail\":{\"url\":\"https:\/\/foire-st-martin.ch\/wp-content\/uploads\/2023\/03\/2022_8_11_St_MARTIN_308-150x150.jpg\",\"height\":150,\"width\":150,\"orientation\":\"landscape\"},\"medium\":{\"url\":\"https:\/\/foire-st-martin.ch\/wp-content\/uploads\/2023\/03\/2022_8_11_St_MARTIN_308-300x200.jpg\",\"height\":200,\"width\":300,\"orientation\":\"landscape\"},\"large\":{\"url\":\"https:\/\/foire-st-martin.ch\/wp-content\/uploads\/2023\/03\/2022_8_11_St_MARTIN_308-1024x683.jpg\",\"height\":683,\"width\":1024,\"orientation\":\"landscape\"},\"full\":{\"url\":\"https:\/\/foire-st-martin.ch\/wp-content\/uploads\/2023\/03\/2022_8_11_St_MARTIN_308.jpg\",\"height\":1672,\"width\":2508,\"orientation\":\"landscape\"}},\"meta\":false,\"postlink\":\"https:\/\/foire-st-martin.ch\/2022_8_11_st_martin_308\/\"},{\"id\":2229,\"title\":\"2022_8_11_St_MARTIN_306\",\"url\":\"https:\/\/foire-st-martin.ch\/wp-content\/uploads\/2023\/03\/2022_8_11_St_MARTIN_306-rotated.jpg\",\"link\":\"https:\/\/foire-st-martin.ch\/2022_8_11_st_martin_306\/\",\"alt\":\"\",\"description\":\"\",\"caption\":\"\",\"mime\":\"image\/jpeg\",\"type\":\"image\",\"width\":1672,\"height\":2508,\"sizes\":{\"thumbnail\":{\"url\":\"https:\/\/foire-st-martin.ch\/wp-content\/uploads\/2023\/03\/2022_8_11_St_MARTIN_306-150x150.jpg\",\"height\":150,\"width\":150,\"orientation\":\"landscape\"},\"medium\":{\"url\":\"https:\/\/foire-st-martin.ch\/wp-content\/uploads\/2023\/03\/2022_8_11_St_MARTIN_306-200x300.jpg\",\"height\":300,\"width\":200,\"orientation\":\"portrait\"},\"large\":{\"url\":\"https:\/\/foire-st-martin.ch\/wp-content\/uploads\/2023\/03\/2022_8_11_St_MARTIN_306-683x1024.jpg\",\"height\":1024,\"width\":683,\"orientation\":\"portrait\"},\"full\":{\"url\":\"https:\/\/foire-st-martin.ch\/wp-content\/uploads\/2023\/03\/2022_8_11_St_MARTIN_306-rotated.jpg\",\"height\":2508,\"width\":1672,\"orientation\":\"portrait\"}},\"meta\":false,\"postlink\":\"https:\/\/foire-st-martin.ch\/2022_8_11_st_martin_306\/\"},{\"id\":2228,\"title\":\"2022_8_11_St_MARTIN_303\",\"url\":\"https:\/\/foire-st-martin.ch\/wp-content\/uploads\/2023\/03\/2022_8_11_St_MARTIN_303-rotated.jpg\",\"link\":\"https:\/\/foire-st-martin.ch\/2022_8_11_st_martin_303\/\",\"alt\":\"\",\"description\":\"\",\"caption\":\"\",\"mime\":\"image\/jpeg\",\"type\":\"image\",\"width\":1672,\"height\":2508,\"sizes\":{\"thumbnail\":{\"url\":\"https:\/\/foire-st-martin.ch\/wp-content\/uploads\/2023\/03\/2022_8_11_St_MARTIN_303-150x150.jpg\",\"height\":150,\"width\":150,\"orientation\":\"landscape\"},\"medium\":{\"url\":\"https:\/\/foire-st-martin.ch\/wp-content\/uploads\/2023\/03\/2022_8_11_St_MARTIN_303-200x300.jpg\",\"height\":300,\"width\":200,\"orientation\":\"portrait\"},\"large\":{\"url\":\"https:\/\/foire-st-martin.ch\/wp-content\/uploads\/2023\/03\/2022_8_11_St_MARTIN_303-683x1024.jpg\",\"height\":1024,\"width\":683,\"orientation\":\"portrait\"},\"full\":{\"url\":\"https:\/\/foire-st-martin.ch\/wp-content\/uploads\/2023\/03\/2022_8_11_St_MARTIN_303-rotated.jpg\",\"height\":2508,\"width\":1672,\"orientation\":\"portrait\"}},\"meta\":false,\"postlink\":\"https:\/\/foire-st-martin.ch\/2022_8_11_st_martin_303\/\"},{\"id\":2227,\"title\":\"2022_8_11_St_MARTIN_300\",\"url\":\"https:\/\/foire-st-martin.ch\/wp-content\/uploads\/2023\/03\/2022_8_11_St_MARTIN_300-rotated.jpg\",\"link\":\"https:\/\/foire-st-martin.ch\/2022_8_11_st_martin_300\/\",\"alt\":\"\",\"description\":\"\",\"caption\":\"\",\"mime\":\"image\/jpeg\",\"type\":\"image\",\"width\":1672,\"height\":2508,\"sizes\":{\"thumbnail\":{\"url\":\"https:\/\/foire-st-martin.ch\/wp-content\/uploads\/2023\/03\/2022_8_11_St_MARTIN_300-150x150.jpg\",\"height\":150,\"width\":150,\"orientation\":\"landscape\"},\"medium\":{\"url\":\"https:\/\/foire-st-martin.ch\/wp-content\/uploads\/2023\/03\/2022_8_11_St_MARTIN_300-200x300.jpg\",\"height\":300,\"width\":200,\"orientation\":\"portrait\"},\"large\":{\"url\":\"https:\/\/foire-st-martin.ch\/wp-content\/uploads\/2023\/03\/2022_8_11_St_MARTIN_300-683x1024.jpg\",\"height\":1024,\"width\":683,\"orientation\":\"portrait\"},\"full\":{\"url\":\"https:\/\/foire-st-martin.ch\/wp-content\/uploads\/2023\/03\/2022_8_11_St_MARTIN_300-rotated.jpg\",\"height\":2508,\"width\":1672,\"orientation\":\"portrait\"}},\"meta\":false,\"postlink\":\"https:\/\/foire-st-martin.ch\/2022_8_11_st_martin_300\/\"},{\"id\":2226,\"title\":\"2022_8_11_St_MARTIN_298\",\"url\":\"https:\/\/foire-st-martin.ch\/wp-content\/uploads\/2023\/03\/2022_8_11_St_MARTIN_298-rotated.jpg\",\"link\":\"https:\/\/foire-st-martin.ch\/2022_8_11_st_martin_298\/\",\"alt\":\"\",\"description\":\"\",\"caption\":\"\",\"mime\":\"image\/jpeg\",\"type\":\"image\",\"width\":1672,\"height\":2508,\"sizes\":{\"thumbnail\":{\"url\":\"https:\/\/foire-st-martin.ch\/wp-content\/uploads\/2023\/03\/2022_8_11_St_MARTIN_298-150x150.jpg\",\"height\":150,\"width\":150,\"orientation\":\"landscape\"},\"medium\":{\"url\":\"https:\/\/foire-st-martin.ch\/wp-content\/uploads\/2023\/03\/2022_8_11_St_MARTIN_298-200x300.jpg\",\"height\":300,\"width\":200,\"orientation\":\"portrait\"},\"large\":{\"url\":\"https:\/\/foire-st-martin.ch\/wp-content\/uploads\/2023\/03\/2022_8_11_St_MARTIN_298-683x1024.jpg\",\"height\":1024,\"width\":683,\"orientation\":\"portrait\"},\"full\":{\"url\":\"https:\/\/foire-st-martin.ch\/wp-content\/uploads\/2023\/03\/2022_8_11_St_MARTIN_298-rotated.jpg\",\"height\":2508,\"width\":1672,\"orientation\":\"portrait\"}},\"meta\":false,\"postlink\":\"https:\/\/foire-st-martin.ch\/2022_8_11_st_martin_298\/\"},{\"id\":2225,\"title\":\"2022_8_11_St_MARTIN_297\",\"url\":\"https:\/\/foire-st-martin.ch\/wp-content\/uploads\/2023\/03\/2022_8_11_St_MARTIN_297.jpg\",\"link\":\"https:\/\/foire-st-martin.ch\/2022_8_11_st_martin_297\/\",\"alt\":\"\",\"description\":\"\",\"caption\":\"\",\"mime\":\"image\/jpeg\",\"type\":\"image\",\"width\":2508,\"height\":1672,\"sizes\":{\"thumbnail\":{\"url\":\"https:\/\/foire-st-martin.ch\/wp-content\/uploads\/2023\/03\/2022_8_11_St_MARTIN_297-150x150.jpg\",\"height\":150,\"width\":150,\"orientation\":\"landscape\"},\"medium\":{\"url\":\"https:\/\/foire-st-martin.ch\/wp-content\/uploads\/2023\/03\/2022_8_11_St_MARTIN_297-300x200.jpg\",\"height\":200,\"width\":300,\"orientation\":\"landscape\"},\"large\":{\"url\":\"https:\/\/foire-st-martin.ch\/wp-content\/uploads\/2023\/03\/2022_8_11_St_MARTIN_297-1024x683.jpg\",\"height\":683,\"width\":1024,\"orientation\":\"landscape\"},\"full\":{\"url\":\"https:\/\/foire-st-martin.ch\/wp-content\/uploads\/2023\/03\/2022_8_11_St_MARTIN_297.jpg\",\"height\":1672,\"width\":2508,\"orientation\":\"landscape\"}},\"meta\":false,\"postlink\":\"https:\/\/foire-st-martin.ch\/2022_8_11_st_martin_297\/\"},{\"id\":2224,\"title\":\"2022_8_11_St_MARTIN_281\",\"url\":\"https:\/\/foire-st-martin.ch\/wp-content\/uploads\/2023\/03\/2022_8_11_St_MARTIN_281.jpg\",\"link\":\"https:\/\/foire-st-martin.ch\/2022_8_11_st_martin_281\/\",\"alt\":\"\",\"description\":\"\",\"caption\":\"\",\"mime\":\"image\/jpeg\",\"type\":\"image\",\"width\":2508,\"height\":1672,\"sizes\":{\"thumbnail\":{\"url\":\"https:\/\/foire-st-martin.ch\/wp-content\/uploads\/2023\/03\/2022_8_11_St_MARTIN_281-150x150.jpg\",\"height\":150,\"width\":150,\"orientation\":\"landscape\"},\"medium\":{\"url\":\"https:\/\/foire-st-martin.ch\/wp-content\/uploads\/2023\/03\/2022_8_11_St_MARTIN_281-300x200.jpg\",\"height\":200,\"width\":300,\"orientation\":\"landscape\"},\"large\":{\"url\":\"https:\/\/foire-st-martin.ch\/wp-content\/uploads\/2023\/03\/2022_8_11_St_MARTIN_281-1024x683.jpg\",\"height\":683,\"width\":1024,\"orientation\":\"landscape\"},\"full\":{\"url\":\"https:\/\/foire-st-martin.ch\/wp-content\/uploads\/2023\/03\/2022_8_11_St_MARTIN_281.jpg\",\"height\":1672,\"width\":2508,\"orientation\":\"landscape\"}},\"meta\":false,\"postlink\":\"https:\/\/foire-st-martin.ch\/2022_8_11_st_martin_281\/\"},{\"id\":2223,\"title\":\"2022_8_11_St_MARTIN_277\",\"url\":\"https:\/\/foire-st-martin.ch\/wp-content\/uploads\/2023\/03\/2022_8_11_St_MARTIN_277.jpg\",\"link\":\"https:\/\/foire-st-martin.ch\/2022_8_11_st_martin_277\/\",\"alt\":\"\",\"description\":\"\",\"caption\":\"\",\"mime\":\"image\/jpeg\",\"type\":\"image\",\"width\":2508,\"height\":1672,\"sizes\":{\"thumbnail\":{\"url\":\"https:\/\/foire-st-martin.ch\/wp-content\/uploads\/2023\/03\/2022_8_11_St_MARTIN_277-150x150.jpg\",\"height\":150,\"width\":150,\"orientation\":\"landscape\"},\"medium\":{\"url\":\"https:\/\/foire-st-martin.ch\/wp-content\/uploads\/2023\/03\/2022_8_11_St_MARTIN_277-300x200.jpg\",\"height\":200,\"width\":300,\"orientation\":\"landscape\"},\"large\":{\"url\":\"https:\/\/foire-st-martin.ch\/wp-content\/uploads\/2023\/03\/2022_8_11_St_MARTIN_277-1024x683.jpg\",\"height\":683,\"width\":1024,\"orientation\":\"landscape\"},\"full\":{\"url\":\"https:\/\/foire-st-martin.ch\/wp-content\/uploads\/2023\/03\/2022_8_11_St_MARTIN_277.jpg\",\"height\":1672,\"width\":2508,\"orientation\":\"landscape\"}},\"meta\":false,\"postlink\":\"https:\/\/foire-st-martin.ch\/2022_8_11_st_martin_277\/\"},{\"id\":2222,\"title\":\"2022_8_11_St_MARTIN_271\",\"url\":\"https:\/\/foire-st-martin.ch\/wp-content\/uploads\/2023\/03\/2022_8_11_St_MARTIN_271-rotated.jpg\",\"link\":\"https:\/\/foire-st-martin.ch\/2022_8_11_st_martin_271\/\",\"alt\":\"\",\"description\":\"\",\"caption\":\"\",\"mime\":\"image\/jpeg\",\"type\":\"image\",\"width\":1672,\"height\":2508,\"sizes\":{\"thumbnail\":{\"url\":\"https:\/\/foire-st-martin.ch\/wp-content\/uploads\/2023\/03\/2022_8_11_St_MARTIN_271-150x150.jpg\",\"height\":150,\"width\":150,\"orientation\":\"landscape\"},\"medium\":{\"url\":\"https:\/\/foire-st-martin.ch\/wp-content\/uploads\/2023\/03\/2022_8_11_St_MARTIN_271-200x300.jpg\",\"height\":300,\"width\":200,\"orientation\":\"portrait\"},\"large\":{\"url\":\"https:\/\/foire-st-martin.ch\/wp-content\/uploads\/2023\/03\/2022_8_11_St_MARTIN_271-683x1024.jpg\",\"height\":1024,\"width\":683,\"orientation\":\"portrait\"},\"full\":{\"url\":\"https:\/\/foire-st-martin.ch\/wp-content\/uploads\/2023\/03\/2022_8_11_St_MARTIN_271-rotated.jpg\",\"height\":2508,\"width\":1672,\"orientation\":\"portrait\"}},\"meta\":false,\"postlink\":\"https:\/\/foire-st-martin.ch\/2022_8_11_st_martin_271\/\"},{\"id\":2221,\"title\":\"2022_8_11_St_MARTIN_269\",\"url\":\"https:\/\/foire-st-martin.ch\/wp-content\/uploads\/2023\/03\/2022_8_11_St_MARTIN_269.jpg\",\"link\":\"https:\/\/foire-st-martin.ch\/2022_8_11_st_martin_269\/\",\"alt\":\"\",\"description\":\"\",\"caption\":\"\",\"mime\":\"image\/jpeg\",\"type\":\"image\",\"width\":2508,\"height\":1672,\"sizes\":{\"thumbnail\":{\"url\":\"https:\/\/foire-st-martin.ch\/wp-content\/uploads\/2023\/03\/2022_8_11_St_MARTIN_269-150x150.jpg\",\"height\":150,\"width\":150,\"orientation\":\"landscape\"},\"medium\":{\"url\":\"https:\/\/foire-st-martin.ch\/wp-content\/uploads\/2023\/03\/2022_8_11_St_MARTIN_269-300x200.jpg\",\"height\":200,\"width\":300,\"orientation\":\"landscape\"},\"large\":{\"url\":\"https:\/\/foire-st-martin.ch\/wp-content\/uploads\/2023\/03\/2022_8_11_St_MARTIN_269-1024x683.jpg\",\"height\":683,\"width\":1024,\"orientation\":\"landscape\"},\"full\":{\"url\":\"https:\/\/foire-st-martin.ch\/wp-content\/uploads\/2023\/03\/2022_8_11_St_MARTIN_269.jpg\",\"height\":1672,\"width\":2508,\"orientation\":\"landscape\"}},\"meta\":false,\"postlink\":\"https:\/\/foire-st-martin.ch\/2022_8_11_st_martin_269\/\"},{\"id\":2220,\"title\":\"2022_8_11_St_MARTIN_263\",\"url\":\"https:\/\/foire-st-martin.ch\/wp-content\/uploads\/2023\/03\/2022_8_11_St_MARTIN_263-rotated.jpg\",\"link\":\"https:\/\/foire-st-martin.ch\/2022_8_11_st_martin_263\/\",\"alt\":\"\",\"description\":\"\",\"caption\":\"\",\"mime\":\"image\/jpeg\",\"type\":\"image\",\"width\":1672,\"height\":2508,\"sizes\":{\"thumbnail\":{\"url\":\"https:\/\/foire-st-martin.ch\/wp-content\/uploads\/2023\/03\/2022_8_11_St_MARTIN_263-150x150.jpg\",\"height\":150,\"width\":150,\"orientation\":\"landscape\"},\"medium\":{\"url\":\"https:\/\/foire-st-martin.ch\/wp-content\/uploads\/2023\/03\/2022_8_11_St_MARTIN_263-200x300.jpg\",\"height\":300,\"width\":200,\"orientation\":\"portrait\"},\"large\":{\"url\":\"https:\/\/foire-st-martin.ch\/wp-content\/uploads\/2023\/03\/2022_8_11_St_MARTIN_263-683x1024.jpg\",\"height\":1024,\"width\":683,\"orientation\":\"portrait\"},\"full\":{\"url\":\"https:\/\/foire-st-martin.ch\/wp-content\/uploads\/2023\/03\/2022_8_11_St_MARTIN_263-rotated.jpg\",\"height\":2508,\"width\":1672,\"orientation\":\"portrait\"}},\"meta\":false,\"postlink\":\"https:\/\/foire-st-martin.ch\/2022_8_11_st_martin_263\/\"},{\"id\":2219,\"title\":\"2022_8_11_St_MARTIN_257\",\"url\":\"https:\/\/foire-st-martin.ch\/wp-content\/uploads\/2023\/03\/2022_8_11_St_MARTIN_257-rotated.jpg\",\"link\":\"https:\/\/foire-st-martin.ch\/2022_8_11_st_martin_257\/\",\"alt\":\"\",\"description\":\"\",\"caption\":\"\",\"mime\":\"image\/jpeg\",\"type\":\"image\",\"width\":1672,\"height\":2508,\"sizes\":{\"thumbnail\":{\"url\":\"https:\/\/foire-st-martin.ch\/wp-content\/uploads\/2023\/03\/2022_8_11_St_MARTIN_257-150x150.jpg\",\"height\":150,\"width\":150,\"orientation\":\"landscape\"},\"medium\":{\"url\":\"https:\/\/foire-st-martin.ch\/wp-content\/uploads\/2023\/03\/2022_8_11_St_MARTIN_257-200x300.jpg\",\"height\":300,\"width\":200,\"orientation\":\"portrait\"},\"large\":{\"url\":\"https:\/\/foire-st-martin.ch\/wp-content\/uploads\/2023\/03\/2022_8_11_St_MARTIN_257-683x1024.jpg\",\"height\":1024,\"width\":683,\"orientation\":\"portrait\"},\"full\":{\"url\":\"https:\/\/foire-st-martin.ch\/wp-content\/uploads\/2023\/03\/2022_8_11_St_MARTIN_257-rotated.jpg\",\"height\":2508,\"width\":1672,\"orientation\":\"portrait\"}},\"meta\":false,\"postlink\":\"https:\/\/foire-st-martin.ch\/2022_8_11_st_martin_257\/\"},{\"id\":2218,\"title\":\"2022_8_11_St_MARTIN_256\",\"url\":\"https:\/\/foire-st-martin.ch\/wp-content\/uploads\/2023\/03\/2022_8_11_St_MARTIN_256-rotated.jpg\",\"link\":\"https:\/\/foire-st-martin.ch\/2022_8_11_st_martin_256\/\",\"alt\":\"\",\"description\":\"\",\"caption\":\"\",\"mime\":\"image\/jpeg\",\"type\":\"image\",\"width\":1672,\"height\":2508,\"sizes\":{\"thumbnail\":{\"url\":\"https:\/\/foire-st-martin.ch\/wp-content\/uploads\/2023\/03\/2022_8_11_St_MARTIN_256-150x150.jpg\",\"height\":150,\"width\":150,\"orientation\":\"landscape\"},\"medium\":{\"url\":\"https:\/\/foire-st-martin.ch\/wp-content\/uploads\/2023\/03\/2022_8_11_St_MARTIN_256-200x300.jpg\",\"height\":300,\"width\":200,\"orientation\":\"portrait\"},\"large\":{\"url\":\"https:\/\/foire-st-martin.ch\/wp-content\/uploads\/2023\/03\/2022_8_11_St_MARTIN_256-683x1024.jpg\",\"height\":1024,\"width\":683,\"orientation\":\"portrait\"},\"full\":{\"url\":\"https:\/\/foire-st-martin.ch\/wp-content\/uploads\/2023\/03\/2022_8_11_St_MARTIN_256-rotated.jpg\",\"height\":2508,\"width\":1672,\"orientation\":\"portrait\"}},\"meta\":false,\"postlink\":\"https:\/\/foire-st-martin.ch\/2022_8_11_st_martin_256\/\"},{\"id\":2217,\"title\":\"2022_8_11_St_MARTIN_255\",\"url\":\"https:\/\/foire-st-martin.ch\/wp-content\/uploads\/2023\/03\/2022_8_11_St_MARTIN_255.jpg\",\"link\":\"https:\/\/foire-st-martin.ch\/2022_8_11_st_martin_255\/\",\"alt\":\"\",\"description\":\"\",\"caption\":\"\",\"mime\":\"image\/jpeg\",\"type\":\"image\",\"width\":2508,\"height\":1672,\"sizes\":{\"thumbnail\":{\"url\":\"https:\/\/foire-st-martin.ch\/wp-content\/uploads\/2023\/03\/2022_8_11_St_MARTIN_255-150x150.jpg\",\"height\":150,\"width\":150,\"orientation\":\"landscape\"},\"medium\":{\"url\":\"https:\/\/foire-st-martin.ch\/wp-content\/uploads\/2023\/03\/2022_8_11_St_MARTIN_255-300x200.jpg\",\"height\":200,\"width\":300,\"orientation\":\"landscape\"},\"large\":{\"url\":\"https:\/\/foire-st-martin.ch\/wp-content\/uploads\/2023\/03\/2022_8_11_St_MARTIN_255-1024x683.jpg\",\"height\":683,\"width\":1024,\"orientation\":\"landscape\"},\"full\":{\"url\":\"https:\/\/foire-st-martin.ch\/wp-content\/uploads\/2023\/03\/2022_8_11_St_MARTIN_255.jpg\",\"height\":1672,\"width\":2508,\"orientation\":\"landscape\"}},\"meta\":false,\"postlink\":\"https:\/\/foire-st-martin.ch\/2022_8_11_st_martin_255\/\"},{\"id\":2216,\"title\":\"2022_8_11_St_MARTIN_249\",\"url\":\"https:\/\/foire-st-martin.ch\/wp-content\/uploads\/2023\/03\/2022_8_11_St_MARTIN_249-rotated.jpg\",\"link\":\"https:\/\/foire-st-martin.ch\/2022_8_11_st_martin_249\/\",\"alt\":\"\",\"description\":\"\",\"caption\":\"\",\"mime\":\"image\/jpeg\",\"type\":\"image\",\"width\":1672,\"height\":2508,\"sizes\":{\"thumbnail\":{\"url\":\"https:\/\/foire-st-martin.ch\/wp-content\/uploads\/2023\/03\/2022_8_11_St_MARTIN_249-150x150.jpg\",\"height\":150,\"width\":150,\"orientation\":\"landscape\"},\"medium\":{\"url\":\"https:\/\/foire-st-martin.ch\/wp-content\/uploads\/2023\/03\/2022_8_11_St_MARTIN_249-200x300.jpg\",\"height\":300,\"width\":200,\"orientation\":\"portrait\"},\"large\":{\"url\":\"https:\/\/foire-st-martin.ch\/wp-content\/uploads\/2023\/03\/2022_8_11_St_MARTIN_249-683x1024.jpg\",\"height\":1024,\"width\":683,\"orientation\":\"portrait\"},\"full\":{\"url\":\"https:\/\/foire-st-martin.ch\/wp-content\/uploads\/2023\/03\/2022_8_11_St_MARTIN_249-rotated.jpg\",\"height\":2508,\"width\":1672,\"orientation\":\"portrait\"}},\"meta\":false,\"postlink\":\"https:\/\/foire-st-martin.ch\/2022_8_11_st_martin_249\/\"},{\"id\":2215,\"title\":\"2022_8_11_St_MARTIN_248\",\"url\":\"https:\/\/foire-st-martin.ch\/wp-content\/uploads\/2023\/03\/2022_8_11_St_MARTIN_248-rotated.jpg\",\"link\":\"https:\/\/foire-st-martin.ch\/2022_8_11_st_martin_248\/\",\"alt\":\"\",\"description\":\"\",\"caption\":\"\",\"mime\":\"image\/jpeg\",\"type\":\"image\",\"width\":1672,\"height\":2508,\"sizes\":{\"thumbnail\":{\"url\":\"https:\/\/foire-st-martin.ch\/wp-content\/uploads\/2023\/03\/2022_8_11_St_MARTIN_248-150x150.jpg\",\"height\":150,\"width\":150,\"orientation\":\"landscape\"},\"medium\":{\"url\":\"https:\/\/foire-st-martin.ch\/wp-content\/uploads\/2023\/03\/2022_8_11_St_MARTIN_248-200x300.jpg\",\"height\":300,\"width\":200,\"orientation\":\"portrait\"},\"large\":{\"url\":\"https:\/\/foire-st-martin.ch\/wp-content\/uploads\/2023\/03\/2022_8_11_St_MARTIN_248-683x1024.jpg\",\"height\":1024,\"width\":683,\"orientation\":\"portrait\"},\"full\":{\"url\":\"https:\/\/foire-st-martin.ch\/wp-content\/uploads\/2023\/03\/2022_8_11_St_MARTIN_248-rotated.jpg\",\"height\":2508,\"width\":1672,\"orientation\":\"portrait\"}},\"meta\":false,\"postlink\":\"https:\/\/foire-st-martin.ch\/2022_8_11_st_martin_248\/\"},{\"id\":2214,\"title\":\"2022_8_11_St_MARTIN_244\",\"url\":\"https:\/\/foire-st-martin.ch\/wp-content\/uploads\/2023\/03\/2022_8_11_St_MARTIN_244-rotated.jpg\",\"link\":\"https:\/\/foire-st-martin.ch\/2022_8_11_st_martin_244\/\",\"alt\":\"\",\"description\":\"\",\"caption\":\"\",\"mime\":\"image\/jpeg\",\"type\":\"image\",\"width\":1672,\"height\":2508,\"sizes\":{\"thumbnail\":{\"url\":\"https:\/\/foire-st-martin.ch\/wp-content\/uploads\/2023\/03\/2022_8_11_St_MARTIN_244-150x150.jpg\",\"height\":150,\"width\":150,\"orientation\":\"landscape\"},\"medium\":{\"url\":\"https:\/\/foire-st-martin.ch\/wp-content\/uploads\/2023\/03\/2022_8_11_St_MARTIN_244-200x300.jpg\",\"height\":300,\"width\":200,\"orientation\":\"portrait\"},\"large\":{\"url\":\"https:\/\/foire-st-martin.ch\/wp-content\/uploads\/2023\/03\/2022_8_11_St_MARTIN_244-683x1024.jpg\",\"height\":1024,\"width\":683,\"orientation\":\"portrait\"},\"full\":{\"url\":\"https:\/\/foire-st-martin.ch\/wp-content\/uploads\/2023\/03\/2022_8_11_St_MARTIN_244-rotated.jpg\",\"height\":2508,\"width\":1672,\"orientation\":\"portrait\"}},\"meta\":false,\"postlink\":\"https:\/\/foire-st-martin.ch\/2022_8_11_st_martin_244\/\"},{\"id\":2213,\"title\":\"2022_8_11_St_MARTIN_243\",\"url\":\"https:\/\/foire-st-martin.ch\/wp-content\/uploads\/2023\/03\/2022_8_11_St_MARTIN_243.jpg\",\"link\":\"https:\/\/foire-st-martin.ch\/2022_8_11_st_martin_243\/\",\"alt\":\"\",\"description\":\"\",\"caption\":\"\",\"mime\":\"image\/jpeg\",\"type\":\"image\",\"width\":2508,\"height\":1672,\"sizes\":{\"thumbnail\":{\"url\":\"https:\/\/foire-st-martin.ch\/wp-content\/uploads\/2023\/03\/2022_8_11_St_MARTIN_243-150x150.jpg\",\"height\":150,\"width\":150,\"orientation\":\"landscape\"},\"medium\":{\"url\":\"https:\/\/foire-st-martin.ch\/wp-content\/uploads\/2023\/03\/2022_8_11_St_MARTIN_243-300x200.jpg\",\"height\":200,\"width\":300,\"orientation\":\"landscape\"},\"large\":{\"url\":\"https:\/\/foire-st-martin.ch\/wp-content\/uploads\/2023\/03\/2022_8_11_St_MARTIN_243-1024x683.jpg\",\"height\":683,\"width\":1024,\"orientation\":\"landscape\"},\"full\":{\"url\":\"https:\/\/foire-st-martin.ch\/wp-content\/uploads\/2023\/03\/2022_8_11_St_MARTIN_243.jpg\",\"height\":1672,\"width\":2508,\"orientation\":\"landscape\"}},\"meta\":false,\"postlink\":\"https:\/\/foire-st-martin.ch\/2022_8_11_st_martin_243\/\"},{\"id\":2212,\"title\":\"2022_8_11_St_MARTIN_242\",\"url\":\"https:\/\/foire-st-martin.ch\/wp-content\/uploads\/2023\/03\/2022_8_11_St_MARTIN_242.jpg\",\"link\":\"https:\/\/foire-st-martin.ch\/2022_8_11_st_martin_242\/\",\"alt\":\"\",\"description\":\"\",\"caption\":\"\",\"mime\":\"image\/jpeg\",\"type\":\"image\",\"width\":2508,\"height\":1672,\"sizes\":{\"thumbnail\":{\"url\":\"https:\/\/foire-st-martin.ch\/wp-content\/uploads\/2023\/03\/2022_8_11_St_MARTIN_242-150x150.jpg\",\"height\":150,\"width\":150,\"orientation\":\"landscape\"},\"medium\":{\"url\":\"https:\/\/foire-st-martin.ch\/wp-content\/uploads\/2023\/03\/2022_8_11_St_MARTIN_242-300x200.jpg\",\"height\":200,\"width\":300,\"orientation\":\"landscape\"},\"large\":{\"url\":\"https:\/\/foire-st-martin.ch\/wp-content\/uploads\/2023\/03\/2022_8_11_St_MARTIN_242-1024x683.jpg\",\"height\":683,\"width\":1024,\"orientation\":\"landscape\"},\"full\":{\"url\":\"https:\/\/foire-st-martin.ch\/wp-content\/uploads\/2023\/03\/2022_8_11_St_MARTIN_242.jpg\",\"height\":1672,\"width\":2508,\"orientation\":\"landscape\"}},\"meta\":false,\"postlink\":\"https:\/\/foire-st-martin.ch\/2022_8_11_st_martin_242\/\"}],\"itemsMetaDataCollection\":[]}<\/script><script>(function(){if(window.PGC_SGB && window.PGC_SGB.searcher){window.PGC_SGB.searcher.initBlocks()}})()<\/script><\/div>La Foire<div class=\"pgc-sgb-cb wp-block-pgcsimplygalleryblock-grid \" data-gallery-id=\"9d043006\"><div class=\"sgb-preloader\" id=\"pr_9d043006\">\n\t<div class=\"sgb-square\" style=\"background:#d4d4d4\"><\/div>\n\t<div class=\"sgb-square\" style=\"background:#d4d4d4\"><\/div>\n\t<div class=\"sgb-square\" style=\"background:#d4d4d4\"><\/div>\n\t<div class=\"sgb-square\" style=\"background:#d4d4d4\"><\/div><\/div><div class=\"simply-gallery-amp pgc_sgb_slider \" style=\"display: none;\"><div class=\"sgb-gallery\"><div class=\"sgb-item\"><a href=\"https:\/\/foire-st-martin.ch\/en\/img_4057\/\"><img decoding=\"async\" alt=\"\" width=\"300\" height=\"225\" loading=\"lazy\" src=\"https:\/\/foire-st-martin.ch\/wp-content\/uploads\/2023\/03\/IMG_4057-300x225.jpeg\"\/><\/a><\/div><div class=\"sgb-item\"><a href=\"https:\/\/foire-st-martin.ch\/en\/img_4056\/\"><img decoding=\"async\" alt=\"\" width=\"300\" height=\"225\" loading=\"lazy\" src=\"https:\/\/foire-st-martin.ch\/wp-content\/uploads\/2023\/03\/IMG_4056-300x225.jpeg\"\/><\/a><\/div><div class=\"sgb-item\"><a href=\"https:\/\/foire-st-martin.ch\/en\/img_4044\/\"><img decoding=\"async\" alt=\"\" width=\"300\" height=\"225\" loading=\"lazy\" src=\"https:\/\/foire-st-martin.ch\/wp-content\/uploads\/2023\/03\/IMG_4044-300x225.jpeg\"\/><\/a><\/div><div class=\"sgb-item\"><a href=\"https:\/\/foire-st-martin.ch\/en\/img_4043\/\"><img decoding=\"async\" alt=\"\" width=\"300\" height=\"225\" loading=\"lazy\" src=\"https:\/\/foire-st-martin.ch\/wp-content\/uploads\/2023\/03\/IMG_4043-300x225.jpeg\"\/><\/a><\/div><div class=\"sgb-item\"><a href=\"https:\/\/foire-st-martin.ch\/en\/img_4041\/\"><img decoding=\"async\" alt=\"\" width=\"300\" height=\"225\" loading=\"lazy\" src=\"https:\/\/foire-st-martin.ch\/wp-content\/uploads\/2023\/03\/IMG_4041-300x225.jpeg\"\/><\/a><\/div><div class=\"sgb-item\"><a href=\"https:\/\/foire-st-martin.ch\/en\/img_4038\/\"><img decoding=\"async\" alt=\"\" width=\"300\" height=\"225\" loading=\"lazy\" src=\"https:\/\/foire-st-martin.ch\/wp-content\/uploads\/2023\/03\/IMG_4038-300x225.jpeg\"\/><\/a><\/div><div class=\"sgb-item\"><a href=\"https:\/\/foire-st-martin.ch\/en\/img_4036\/\"><img decoding=\"async\" alt=\"\" width=\"300\" height=\"225\" loading=\"lazy\" src=\"https:\/\/foire-st-martin.ch\/wp-content\/uploads\/2023\/03\/IMG_4036-300x225.jpeg\"\/><\/a><\/div><div class=\"sgb-item\"><a href=\"https:\/\/foire-st-martin.ch\/en\/img_4035\/\"><img decoding=\"async\" alt=\"\" width=\"225\" height=\"300\" loading=\"lazy\" src=\"https:\/\/foire-st-martin.ch\/wp-content\/uploads\/2023\/03\/IMG_4035-225x300.jpeg\"\/><\/a><\/div><div class=\"sgb-item\"><a href=\"https:\/\/foire-st-martin.ch\/en\/img_4019\/\"><img decoding=\"async\" alt=\"\" width=\"300\" height=\"225\" loading=\"lazy\" src=\"https:\/\/foire-st-martin.ch\/wp-content\/uploads\/2023\/03\/IMG_4019-300x225.jpeg\"\/><\/a><\/div><div class=\"sgb-item\"><a href=\"https:\/\/foire-st-martin.ch\/en\/img_4017\/\"><img decoding=\"async\" alt=\"\" width=\"300\" height=\"225\" loading=\"lazy\" src=\"https:\/\/foire-st-martin.ch\/wp-content\/uploads\/2023\/03\/IMG_4017-300x225.jpeg\"\/><\/a><\/div><div class=\"sgb-item\"><a href=\"https:\/\/foire-st-martin.ch\/en\/img_4014\/\"><img decoding=\"async\" alt=\"\" width=\"300\" height=\"225\" loading=\"lazy\" src=\"https:\/\/foire-st-martin.ch\/wp-content\/uploads\/2023\/03\/IMG_4014-300x225.jpeg\"\/><\/a><\/div><div class=\"sgb-item\"><a href=\"https:\/\/foire-st-martin.ch\/en\/img_4013\/\"><img decoding=\"async\" alt=\"\" width=\"300\" height=\"225\" loading=\"lazy\" src=\"https:\/\/foire-st-martin.ch\/wp-content\/uploads\/2023\/03\/IMG_4013-300x225.jpeg\"\/><\/a><\/div><div class=\"sgb-item\"><a href=\"https:\/\/foire-st-martin.ch\/en\/img_4010\/\"><img decoding=\"async\" alt=\"\" width=\"300\" height=\"225\" loading=\"lazy\" src=\"https:\/\/foire-st-martin.ch\/wp-content\/uploads\/2023\/03\/IMG_4010-300x225.jpeg\"\/><\/a><\/div><div class=\"sgb-item\"><a href=\"https:\/\/foire-st-martin.ch\/en\/img_3996\/\"><img decoding=\"async\" alt=\"\" width=\"300\" height=\"225\" loading=\"lazy\" src=\"https:\/\/foire-st-martin.ch\/wp-content\/uploads\/2023\/03\/IMG_3996-300x225.jpeg\"\/><\/a><\/div><div class=\"sgb-item\"><a href=\"https:\/\/foire-st-martin.ch\/en\/img_3995\/\"><img decoding=\"async\" alt=\"\" width=\"300\" height=\"225\" loading=\"lazy\" src=\"https:\/\/foire-st-martin.ch\/wp-content\/uploads\/2023\/03\/IMG_3995-300x225.jpeg\"\/><\/a><\/div><div class=\"sgb-item\"><a href=\"https:\/\/foire-st-martin.ch\/en\/img_3993\/\"><img decoding=\"async\" alt=\"\" width=\"225\" height=\"300\" loading=\"lazy\" src=\"https:\/\/foire-st-martin.ch\/wp-content\/uploads\/2023\/03\/IMG_3993-225x300.jpeg\"\/><\/a><\/div><div class=\"sgb-item\"><a href=\"https:\/\/foire-st-martin.ch\/en\/img_3992\/\"><img decoding=\"async\" alt=\"\" width=\"300\" height=\"225\" loading=\"lazy\" src=\"https:\/\/foire-st-martin.ch\/wp-content\/uploads\/2023\/03\/IMG_3992-300x225.jpeg\"\/><\/a><\/div><div class=\"sgb-item\"><a href=\"https:\/\/foire-st-martin.ch\/en\/img_3989\/\"><img decoding=\"async\" alt=\"\" width=\"300\" height=\"225\" loading=\"lazy\" src=\"https:\/\/foire-st-martin.ch\/wp-content\/uploads\/2023\/03\/IMG_3989-300x225.jpeg\"\/><\/a><\/div><div class=\"sgb-item\"><a href=\"https:\/\/foire-st-martin.ch\/en\/img_3987\/\"><img decoding=\"async\" alt=\"\" width=\"300\" height=\"225\" loading=\"lazy\" src=\"https:\/\/foire-st-martin.ch\/wp-content\/uploads\/2023\/03\/IMG_3987-300x225.jpeg\"\/><\/a><\/div><div class=\"sgb-item\"><a href=\"https:\/\/foire-st-martin.ch\/en\/img_3986\/\"><img decoding=\"async\" alt=\"\" width=\"300\" height=\"225\" loading=\"lazy\" src=\"https:\/\/foire-st-martin.ch\/wp-content\/uploads\/2023\/03\/IMG_3986-300x225.jpeg\"\/><\/a><\/div><div class=\"sgb-item\"><a href=\"https:\/\/foire-st-martin.ch\/en\/img_3985\/\"><img decoding=\"async\" alt=\"\" width=\"300\" height=\"225\" loading=\"lazy\" src=\"https:\/\/foire-st-martin.ch\/wp-content\/uploads\/2023\/03\/IMG_3985-300x225.jpeg\"\/><\/a><\/div><div class=\"sgb-item\"><a href=\"https:\/\/foire-st-martin.ch\/en\/img_3984\/\"><img decoding=\"async\" alt=\"\" width=\"300\" height=\"225\" loading=\"lazy\" src=\"https:\/\/foire-st-martin.ch\/wp-content\/uploads\/2023\/03\/IMG_3984-300x225.jpeg\"\/><\/a><\/div><div class=\"sgb-item\"><a href=\"https:\/\/foire-st-martin.ch\/en\/img_3983\/\"><img decoding=\"async\" alt=\"\" width=\"300\" height=\"225\" loading=\"lazy\" src=\"https:\/\/foire-st-martin.ch\/wp-content\/uploads\/2023\/03\/IMG_3983-300x225.jpeg\"\/><\/a><\/div><div class=\"sgb-item\"><a href=\"https:\/\/foire-st-martin.ch\/en\/img_3982\/\"><img decoding=\"async\" alt=\"\" width=\"300\" height=\"225\" loading=\"lazy\" src=\"https:\/\/foire-st-martin.ch\/wp-content\/uploads\/2023\/03\/IMG_3982-300x225.jpeg\"\/><\/a><\/div><div class=\"sgb-item\"><a href=\"https:\/\/foire-st-martin.ch\/en\/img_3980\/\"><img decoding=\"async\" alt=\"\" width=\"300\" height=\"225\" loading=\"lazy\" src=\"https:\/\/foire-st-martin.ch\/wp-content\/uploads\/2023\/03\/IMG_3980-300x225.jpeg\"\/><\/a><\/div><div class=\"sgb-item\"><a href=\"https:\/\/foire-st-martin.ch\/en\/img_3978\/\"><img decoding=\"async\" alt=\"\" width=\"300\" height=\"225\" loading=\"lazy\" src=\"https:\/\/foire-st-martin.ch\/wp-content\/uploads\/2023\/03\/IMG_3978-300x225.jpeg\"\/><\/a><\/div><div class=\"sgb-item\"><a href=\"https:\/\/foire-st-martin.ch\/en\/img_3977\/\"><img decoding=\"async\" alt=\"\" width=\"300\" height=\"225\" loading=\"lazy\" src=\"https:\/\/foire-st-martin.ch\/wp-content\/uploads\/2023\/03\/IMG_3977-300x225.jpeg\"\/><\/a><\/div><div class=\"sgb-item\"><a href=\"https:\/\/foire-st-martin.ch\/en\/img_3976\/\"><img decoding=\"async\" alt=\"\" width=\"300\" height=\"225\" loading=\"lazy\" src=\"https:\/\/foire-st-martin.ch\/wp-content\/uploads\/2023\/03\/IMG_3976-300x225.jpeg\"\/><\/a><\/div><div class=\"sgb-item\"><a href=\"https:\/\/foire-st-martin.ch\/en\/img_3975\/\"><img decoding=\"async\" alt=\"\" width=\"300\" height=\"225\" loading=\"lazy\" src=\"https:\/\/foire-st-martin.ch\/wp-content\/uploads\/2023\/03\/IMG_3975-300x225.jpeg\"\/><\/a><\/div><div class=\"sgb-item\"><a href=\"https:\/\/foire-st-martin.ch\/en\/img_3974\/\"><img decoding=\"async\" alt=\"\" width=\"300\" height=\"225\" loading=\"lazy\" src=\"https:\/\/foire-st-martin.ch\/wp-content\/uploads\/2023\/03\/IMG_3974-300x225.jpeg\"\/><\/a><\/div><div class=\"sgb-item\"><a href=\"https:\/\/foire-st-martin.ch\/en\/img_3973\/\"><img decoding=\"async\" alt=\"\" width=\"300\" height=\"225\" loading=\"lazy\" src=\"https:\/\/foire-st-martin.ch\/wp-content\/uploads\/2023\/03\/IMG_3973-300x225.jpeg\"\/><\/a><\/div><div class=\"sgb-item\"><a href=\"https:\/\/foire-st-martin.ch\/en\/bba70645-0c96-4575-a0c1-930f896ec80d\/\"><img decoding=\"async\" alt=\"\" width=\"240\" height=\"300\" loading=\"lazy\" src=\"https:\/\/foire-st-martin.ch\/wp-content\/uploads\/2023\/03\/BBA70645-0C96-4575-A0C1-930F896EC80D-240x300.jpg\"\/><\/a><\/div><div class=\"sgb-item\"><a href=\"https:\/\/foire-st-martin.ch\/en\/b6ec0d66-ad15-409a-ace4-f853ca48cc26\/\"><img decoding=\"async\" alt=\"\" width=\"300\" height=\"225\" loading=\"lazy\" src=\"https:\/\/foire-st-martin.ch\/wp-content\/uploads\/2023\/03\/B6EC0D66-AD15-409A-ACE4-F853CA48CC26-300x225.jpg\"\/><\/a><\/div><div class=\"sgb-item\"><a href=\"https:\/\/foire-st-martin.ch\/en\/7247b376-4e8f-419d-a9cc-2ce1b5be82d6\/\"><img decoding=\"async\" alt=\"\" width=\"240\" height=\"300\" loading=\"lazy\" src=\"https:\/\/foire-st-martin.ch\/wp-content\/uploads\/2023\/03\/7247B376-4E8F-419D-A9CC-2CE1B5BE82D6-240x300.jpg\"\/><\/a><\/div><div class=\"sgb-item\"><a href=\"https:\/\/foire-st-martin.ch\/en\/3fc4b748-8c9b-4a05-a301-5bbc367cd96f\/\"><img decoding=\"async\" alt=\"\" width=\"240\" height=\"300\" loading=\"lazy\" src=\"https:\/\/foire-st-martin.ch\/wp-content\/uploads\/2023\/03\/3FC4B748-8C9B-4A05-A301-5BBC367CD96F-240x300.jpg\"\/><\/a><\/div><\/div><\/div><script type=\"application\/json\" class=\"sgb-data\">{\"galleryType\":\"pgc_sgb_grid\",\"galleryId\":\"9d043006\",\"images\":[{\"id\":2189,\"title\":\"IMG_4057\",\"url\":\"https:\/\/foire-st-martin.ch\/wp-content\/uploads\/2023\/03\/IMG_4057.jpeg\",\"link\":\"https:\/\/foire-st-martin.ch\/img_4057\/\",\"alt\":\"\",\"description\":\"\",\"caption\":\"\",\"mime\":\"image\/jpeg\",\"type\":\"image\",\"width\":2048,\"height\":1536,\"sizes\":{\"thumbnail\":{\"url\":\"https:\/\/foire-st-martin.ch\/wp-content\/uploads\/2023\/03\/IMG_4057-150x150.jpeg\",\"height\":150,\"width\":150,\"orientation\":\"landscape\"},\"medium\":{\"url\":\"https:\/\/foire-st-martin.ch\/wp-content\/uploads\/2023\/03\/IMG_4057-300x225.jpeg\",\"height\":225,\"width\":300,\"orientation\":\"landscape\"},\"large\":{\"url\":\"https:\/\/foire-st-martin.ch\/wp-content\/uploads\/2023\/03\/IMG_4057-1024x768.jpeg\",\"height\":768,\"width\":1024,\"orientation\":\"landscape\"},\"full\":{\"url\":\"https:\/\/foire-st-martin.ch\/wp-content\/uploads\/2023\/03\/IMG_4057.jpeg\",\"height\":1536,\"width\":2048,\"orientation\":\"landscape\"}},\"meta\":false,\"postlink\":\"https:\/\/foire-st-martin.ch\/img_4057\/\"},{\"id\":2188,\"title\":\"IMG_4056\",\"url\":\"https:\/\/foire-st-martin.ch\/wp-content\/uploads\/2023\/03\/IMG_4056.jpeg\",\"link\":\"https:\/\/foire-st-martin.ch\/img_4056\/\",\"alt\":\"\",\"description\":\"\",\"caption\":\"\",\"mime\":\"image\/jpeg\",\"type\":\"image\",\"width\":2048,\"height\":1536,\"sizes\":{\"thumbnail\":{\"url\":\"https:\/\/foire-st-martin.ch\/wp-content\/uploads\/2023\/03\/IMG_4056-150x150.jpeg\",\"height\":150,\"width\":150,\"orientation\":\"landscape\"},\"medium\":{\"url\":\"https:\/\/foire-st-martin.ch\/wp-content\/uploads\/2023\/03\/IMG_4056-300x225.jpeg\",\"height\":225,\"width\":300,\"orientation\":\"landscape\"},\"large\":{\"url\":\"https:\/\/foire-st-martin.ch\/wp-content\/uploads\/2023\/03\/IMG_4056-1024x768.jpeg\",\"height\":768,\"width\":1024,\"orientation\":\"landscape\"},\"full\":{\"url\":\"https:\/\/foire-st-martin.ch\/wp-content\/uploads\/2023\/03\/IMG_4056.jpeg\",\"height\":1536,\"width\":2048,\"orientation\":\"landscape\"}},\"meta\":false,\"postlink\":\"https:\/\/foire-st-martin.ch\/img_4056\/\"},{\"id\":2187,\"title\":\"IMG_4044\",\"url\":\"https:\/\/foire-st-martin.ch\/wp-content\/uploads\/2023\/03\/IMG_4044.jpeg\",\"link\":\"https:\/\/foire-st-martin.ch\/img_4044\/\",\"alt\":\"\",\"description\":\"\",\"caption\":\"\",\"mime\":\"image\/jpeg\",\"type\":\"image\",\"width\":2048,\"height\":1536,\"sizes\":{\"thumbnail\":{\"url\":\"https:\/\/foire-st-martin.ch\/wp-content\/uploads\/2023\/03\/IMG_4044-150x150.jpeg\",\"height\":150,\"width\":150,\"orientation\":\"landscape\"},\"medium\":{\"url\":\"https:\/\/foire-st-martin.ch\/wp-content\/uploads\/2023\/03\/IMG_4044-300x225.jpeg\",\"height\":225,\"width\":300,\"orientation\":\"landscape\"},\"large\":{\"url\":\"https:\/\/foire-st-martin.ch\/wp-content\/uploads\/2023\/03\/IMG_4044-1024x768.jpeg\",\"height\":768,\"width\":1024,\"orientation\":\"landscape\"},\"full\":{\"url\":\"https:\/\/foire-st-martin.ch\/wp-content\/uploads\/2023\/03\/IMG_4044.jpeg\",\"height\":1536,\"width\":2048,\"orientation\":\"landscape\"}},\"meta\":false,\"postlink\":\"https:\/\/foire-st-martin.ch\/img_4044\/\"},{\"id\":2186,\"title\":\"IMG_4043\",\"url\":\"https:\/\/foire-st-martin.ch\/wp-content\/uploads\/2023\/03\/IMG_4043.jpeg\",\"link\":\"https:\/\/foire-st-martin.ch\/img_4043\/\",\"alt\":\"\",\"description\":\"\",\"caption\":\"\",\"mime\":\"image\/jpeg\",\"type\":\"image\",\"width\":2048,\"height\":1536,\"sizes\":{\"thumbnail\":{\"url\":\"https:\/\/foire-st-martin.ch\/wp-content\/uploads\/2023\/03\/IMG_4043-150x150.jpeg\",\"height\":150,\"width\":150,\"orientation\":\"landscape\"},\"medium\":{\"url\":\"https:\/\/foire-st-martin.ch\/wp-content\/uploads\/2023\/03\/IMG_4043-300x225.jpeg\",\"height\":225,\"width\":300,\"orientation\":\"landscape\"},\"large\":{\"url\":\"https:\/\/foire-st-martin.ch\/wp-content\/uploads\/2023\/03\/IMG_4043-1024x768.jpeg\",\"height\":768,\"width\":1024,\"orientation\":\"landscape\"},\"full\":{\"url\":\"https:\/\/foire-st-martin.ch\/wp-content\/uploads\/2023\/03\/IMG_4043.jpeg\",\"height\":1536,\"width\":2048,\"orientation\":\"landscape\"}},\"meta\":false,\"postlink\":\"https:\/\/foire-st-martin.ch\/img_4043\/\"},{\"id\":2185,\"title\":\"IMG_4041\",\"url\":\"https:\/\/foire-st-martin.ch\/wp-content\/uploads\/2023\/03\/IMG_4041.jpeg\",\"link\":\"https:\/\/foire-st-martin.ch\/img_4041\/\",\"alt\":\"\",\"description\":\"\",\"caption\":\"\",\"mime\":\"image\/jpeg\",\"type\":\"image\",\"width\":2048,\"height\":1536,\"sizes\":{\"thumbnail\":{\"url\":\"https:\/\/foire-st-martin.ch\/wp-content\/uploads\/2023\/03\/IMG_4041-150x150.jpeg\",\"height\":150,\"width\":150,\"orientation\":\"landscape\"},\"medium\":{\"url\":\"https:\/\/foire-st-martin.ch\/wp-content\/uploads\/2023\/03\/IMG_4041-300x225.jpeg\",\"height\":225,\"width\":300,\"orientation\":\"landscape\"},\"large\":{\"url\":\"https:\/\/foire-st-martin.ch\/wp-content\/uploads\/2023\/03\/IMG_4041-1024x768.jpeg\",\"height\":768,\"width\":1024,\"orientation\":\"landscape\"},\"full\":{\"url\":\"https:\/\/foire-st-martin.ch\/wp-content\/uploads\/2023\/03\/IMG_4041.jpeg\",\"height\":1536,\"width\":2048,\"orientation\":\"landscape\"}},\"meta\":false,\"postlink\":\"https:\/\/foire-st-martin.ch\/img_4041\/\"},{\"id\":2184,\"title\":\"IMG_4038\",\"url\":\"https:\/\/foire-st-martin.ch\/wp-content\/uploads\/2023\/03\/IMG_4038.jpeg\",\"link\":\"https:\/\/foire-st-martin.ch\/img_4038\/\",\"alt\":\"\",\"description\":\"\",\"caption\":\"\",\"mime\":\"image\/jpeg\",\"type\":\"image\",\"width\":2048,\"height\":1536,\"sizes\":{\"thumbnail\":{\"url\":\"https:\/\/foire-st-martin.ch\/wp-content\/uploads\/2023\/03\/IMG_4038-150x150.jpeg\",\"height\":150,\"width\":150,\"orientation\":\"landscape\"},\"medium\":{\"url\":\"https:\/\/foire-st-martin.ch\/wp-content\/uploads\/2023\/03\/IMG_4038-300x225.jpeg\",\"height\":225,\"width\":300,\"orientation\":\"landscape\"},\"large\":{\"url\":\"https:\/\/foire-st-martin.ch\/wp-content\/uploads\/2023\/03\/IMG_4038-1024x768.jpeg\",\"height\":768,\"width\":1024,\"orientation\":\"landscape\"},\"full\":{\"url\":\"https:\/\/foire-st-martin.ch\/wp-content\/uploads\/2023\/03\/IMG_4038.jpeg\",\"height\":1536,\"width\":2048,\"orientation\":\"landscape\"}},\"meta\":false,\"postlink\":\"https:\/\/foire-st-martin.ch\/img_4038\/\"},{\"id\":2183,\"title\":\"IMG_4036\",\"url\":\"https:\/\/foire-st-martin.ch\/wp-content\/uploads\/2023\/03\/IMG_4036.jpeg\",\"link\":\"https:\/\/foire-st-martin.ch\/img_4036\/\",\"alt\":\"\",\"description\":\"\",\"caption\":\"\",\"mime\":\"image\/jpeg\",\"type\":\"image\",\"width\":2048,\"height\":1536,\"sizes\":{\"thumbnail\":{\"url\":\"https:\/\/foire-st-martin.ch\/wp-content\/uploads\/2023\/03\/IMG_4036-150x150.jpeg\",\"height\":150,\"width\":150,\"orientation\":\"landscape\"},\"medium\":{\"url\":\"https:\/\/foire-st-martin.ch\/wp-content\/uploads\/2023\/03\/IMG_4036-300x225.jpeg\",\"height\":225,\"width\":300,\"orientation\":\"landscape\"},\"large\":{\"url\":\"https:\/\/foire-st-martin.ch\/wp-content\/uploads\/2023\/03\/IMG_4036-1024x768.jpeg\",\"height\":768,\"width\":1024,\"orientation\":\"landscape\"},\"full\":{\"url\":\"https:\/\/foire-st-martin.ch\/wp-content\/uploads\/2023\/03\/IMG_4036.jpeg\",\"height\":1536,\"width\":2048,\"orientation\":\"landscape\"}},\"meta\":false,\"postlink\":\"https:\/\/foire-st-martin.ch\/img_4036\/\"},{\"id\":2182,\"title\":\"IMG_4035\",\"url\":\"https:\/\/foire-st-martin.ch\/wp-content\/uploads\/2023\/03\/IMG_4035.jpeg\",\"link\":\"https:\/\/foire-st-martin.ch\/img_4035\/\",\"alt\":\"\",\"description\":\"\",\"caption\":\"\",\"mime\":\"image\/jpeg\",\"type\":\"image\",\"width\":1536,\"height\":2048,\"sizes\":{\"thumbnail\":{\"url\":\"https:\/\/foire-st-martin.ch\/wp-content\/uploads\/2023\/03\/IMG_4035-150x150.jpeg\",\"height\":150,\"width\":150,\"orientation\":\"landscape\"},\"medium\":{\"url\":\"https:\/\/foire-st-martin.ch\/wp-content\/uploads\/2023\/03\/IMG_4035-225x300.jpeg\",\"height\":300,\"width\":225,\"orientation\":\"portrait\"},\"large\":{\"url\":\"https:\/\/foire-st-martin.ch\/wp-content\/uploads\/2023\/03\/IMG_4035-768x1024.jpeg\",\"height\":1024,\"width\":768,\"orientation\":\"portrait\"},\"full\":{\"url\":\"https:\/\/foire-st-martin.ch\/wp-content\/uploads\/2023\/03\/IMG_4035.jpeg\",\"height\":2048,\"width\":1536,\"orientation\":\"portrait\"}},\"meta\":false,\"postlink\":\"https:\/\/foire-st-martin.ch\/img_4035\/\"},{\"id\":2181,\"title\":\"IMG_4019\",\"url\":\"https:\/\/foire-st-martin.ch\/wp-content\/uploads\/2023\/03\/IMG_4019.jpeg\",\"link\":\"https:\/\/foire-st-martin.ch\/img_4019\/\",\"alt\":\"\",\"description\":\"\",\"caption\":\"\",\"mime\":\"image\/jpeg\",\"type\":\"image\",\"width\":2048,\"height\":1536,\"sizes\":{\"thumbnail\":{\"url\":\"https:\/\/foire-st-martin.ch\/wp-content\/uploads\/2023\/03\/IMG_4019-150x150.jpeg\",\"height\":150,\"width\":150,\"orientation\":\"landscape\"},\"medium\":{\"url\":\"https:\/\/foire-st-martin.ch\/wp-content\/uploads\/2023\/03\/IMG_4019-300x225.jpeg\",\"height\":225,\"width\":300,\"orientation\":\"landscape\"},\"large\":{\"url\":\"https:\/\/foire-st-martin.ch\/wp-content\/uploads\/2023\/03\/IMG_4019-1024x768.jpeg\",\"height\":768,\"width\":1024,\"orientation\":\"landscape\"},\"full\":{\"url\":\"https:\/\/foire-st-martin.ch\/wp-content\/uploads\/2023\/03\/IMG_4019.jpeg\",\"height\":1536,\"width\":2048,\"orientation\":\"landscape\"}},\"meta\":false,\"postlink\":\"https:\/\/foire-st-martin.ch\/img_4019\/\"},{\"id\":2180,\"title\":\"IMG_4017\",\"url\":\"https:\/\/foire-st-martin.ch\/wp-content\/uploads\/2023\/03\/IMG_4017.jpeg\",\"link\":\"https:\/\/foire-st-martin.ch\/img_4017\/\",\"alt\":\"\",\"description\":\"\",\"caption\":\"\",\"mime\":\"image\/jpeg\",\"type\":\"image\",\"width\":2048,\"height\":1536,\"sizes\":{\"thumbnail\":{\"url\":\"https:\/\/foire-st-martin.ch\/wp-content\/uploads\/2023\/03\/IMG_4017-150x150.jpeg\",\"height\":150,\"width\":150,\"orientation\":\"landscape\"},\"medium\":{\"url\":\"https:\/\/foire-st-martin.ch\/wp-content\/uploads\/2023\/03\/IMG_4017-300x225.jpeg\",\"height\":225,\"width\":300,\"orientation\":\"landscape\"},\"large\":{\"url\":\"https:\/\/foire-st-martin.ch\/wp-content\/uploads\/2023\/03\/IMG_4017-1024x768.jpeg\",\"height\":768,\"width\":1024,\"orientation\":\"landscape\"},\"full\":{\"url\":\"https:\/\/foire-st-martin.ch\/wp-content\/uploads\/2023\/03\/IMG_4017.jpeg\",\"height\":1536,\"width\":2048,\"orientation\":\"landscape\"}},\"meta\":false,\"postlink\":\"https:\/\/foire-st-martin.ch\/img_4017\/\"},{\"id\":2179,\"title\":\"IMG_4014\",\"url\":\"https:\/\/foire-st-martin.ch\/wp-content\/uploads\/2023\/03\/IMG_4014.jpeg\",\"link\":\"https:\/\/foire-st-martin.ch\/img_4014\/\",\"alt\":\"\",\"description\":\"\",\"caption\":\"\",\"mime\":\"image\/jpeg\",\"type\":\"image\",\"width\":2048,\"height\":1536,\"sizes\":{\"thumbnail\":{\"url\":\"https:\/\/foire-st-martin.ch\/wp-content\/uploads\/2023\/03\/IMG_4014-150x150.jpeg\",\"height\":150,\"width\":150,\"orientation\":\"landscape\"},\"medium\":{\"url\":\"https:\/\/foire-st-martin.ch\/wp-content\/uploads\/2023\/03\/IMG_4014-300x225.jpeg\",\"height\":225,\"width\":300,\"orientation\":\"landscape\"},\"large\":{\"url\":\"https:\/\/foire-st-martin.ch\/wp-content\/uploads\/2023\/03\/IMG_4014-1024x768.jpeg\",\"height\":768,\"width\":1024,\"orientation\":\"landscape\"},\"full\":{\"url\":\"https:\/\/foire-st-martin.ch\/wp-content\/uploads\/2023\/03\/IMG_4014.jpeg\",\"height\":1536,\"width\":2048,\"orientation\":\"landscape\"}},\"meta\":false,\"postlink\":\"https:\/\/foire-st-martin.ch\/img_4014\/\"},{\"id\":2178,\"title\":\"IMG_4013\",\"url\":\"https:\/\/foire-st-martin.ch\/wp-content\/uploads\/2023\/03\/IMG_4013.jpeg\",\"link\":\"https:\/\/foire-st-martin.ch\/img_4013\/\",\"alt\":\"\",\"description\":\"\",\"caption\":\"\",\"mime\":\"image\/jpeg\",\"type\":\"image\",\"width\":2048,\"height\":1536,\"sizes\":{\"thumbnail\":{\"url\":\"https:\/\/foire-st-martin.ch\/wp-content\/uploads\/2023\/03\/IMG_4013-150x150.jpeg\",\"height\":150,\"width\":150,\"orientation\":\"landscape\"},\"medium\":{\"url\":\"https:\/\/foire-st-martin.ch\/wp-content\/uploads\/2023\/03\/IMG_4013-300x225.jpeg\",\"height\":225,\"width\":300,\"orientation\":\"landscape\"},\"large\":{\"url\":\"https:\/\/foire-st-martin.ch\/wp-content\/uploads\/2023\/03\/IMG_4013-1024x768.jpeg\",\"height\":768,\"width\":1024,\"orientation\":\"landscape\"},\"full\":{\"url\":\"https:\/\/foire-st-martin.ch\/wp-content\/uploads\/2023\/03\/IMG_4013.jpeg\",\"height\":1536,\"width\":2048,\"orientation\":\"landscape\"}},\"meta\":false,\"postlink\":\"https:\/\/foire-st-martin.ch\/img_4013\/\"},{\"id\":2177,\"title\":\"IMG_4010\",\"url\":\"https:\/\/foire-st-martin.ch\/wp-content\/uploads\/2023\/03\/IMG_4010.jpeg\",\"link\":\"https:\/\/foire-st-martin.ch\/img_4010\/\",\"alt\":\"\",\"description\":\"\",\"caption\":\"\",\"mime\":\"image\/jpeg\",\"type\":\"image\",\"width\":2048,\"height\":1536,\"sizes\":{\"thumbnail\":{\"url\":\"https:\/\/foire-st-martin.ch\/wp-content\/uploads\/2023\/03\/IMG_4010-150x150.jpeg\",\"height\":150,\"width\":150,\"orientation\":\"landscape\"},\"medium\":{\"url\":\"https:\/\/foire-st-martin.ch\/wp-content\/uploads\/2023\/03\/IMG_4010-300x225.jpeg\",\"height\":225,\"width\":300,\"orientation\":\"landscape\"},\"large\":{\"url\":\"https:\/\/foire-st-martin.ch\/wp-content\/uploads\/2023\/03\/IMG_4010-1024x768.jpeg\",\"height\":768,\"width\":1024,\"orientation\":\"landscape\"},\"full\":{\"url\":\"https:\/\/foire-st-martin.ch\/wp-content\/uploads\/2023\/03\/IMG_4010.jpeg\",\"height\":1536,\"width\":2048,\"orientation\":\"landscape\"}},\"meta\":false,\"postlink\":\"https:\/\/foire-st-martin.ch\/img_4010\/\"},{\"id\":2176,\"title\":\"IMG_3996\",\"url\":\"https:\/\/foire-st-martin.ch\/wp-content\/uploads\/2023\/03\/IMG_3996.jpeg\",\"link\":\"https:\/\/foire-st-martin.ch\/img_3996\/\",\"alt\":\"\",\"description\":\"\",\"caption\":\"\",\"mime\":\"image\/jpeg\",\"type\":\"image\",\"width\":2048,\"height\":1536,\"sizes\":{\"thumbnail\":{\"url\":\"https:\/\/foire-st-martin.ch\/wp-content\/uploads\/2023\/03\/IMG_3996-150x150.jpeg\",\"height\":150,\"width\":150,\"orientation\":\"landscape\"},\"medium\":{\"url\":\"https:\/\/foire-st-martin.ch\/wp-content\/uploads\/2023\/03\/IMG_3996-300x225.jpeg\",\"height\":225,\"width\":300,\"orientation\":\"landscape\"},\"large\":{\"url\":\"https:\/\/foire-st-martin.ch\/wp-content\/uploads\/2023\/03\/IMG_3996-1024x768.jpeg\",\"height\":768,\"width\":1024,\"orientation\":\"landscape\"},\"full\":{\"url\":\"https:\/\/foire-st-martin.ch\/wp-content\/uploads\/2023\/03\/IMG_3996.jpeg\",\"height\":1536,\"width\":2048,\"orientation\":\"landscape\"}},\"meta\":false,\"postlink\":\"https:\/\/foire-st-martin.ch\/img_3996\/\"},{\"id\":2175,\"title\":\"IMG_3995\",\"url\":\"https:\/\/foire-st-martin.ch\/wp-content\/uploads\/2023\/03\/IMG_3995.jpeg\",\"link\":\"https:\/\/foire-st-martin.ch\/img_3995\/\",\"alt\":\"\",\"description\":\"\",\"caption\":\"\",\"mime\":\"image\/jpeg\",\"type\":\"image\",\"width\":2048,\"height\":1536,\"sizes\":{\"thumbnail\":{\"url\":\"https:\/\/foire-st-martin.ch\/wp-content\/uploads\/2023\/03\/IMG_3995-150x150.jpeg\",\"height\":150,\"width\":150,\"orientation\":\"landscape\"},\"medium\":{\"url\":\"https:\/\/foire-st-martin.ch\/wp-content\/uploads\/2023\/03\/IMG_3995-300x225.jpeg\",\"height\":225,\"width\":300,\"orientation\":\"landscape\"},\"large\":{\"url\":\"https:\/\/foire-st-martin.ch\/wp-content\/uploads\/2023\/03\/IMG_3995-1024x768.jpeg\",\"height\":768,\"width\":1024,\"orientation\":\"landscape\"},\"full\":{\"url\":\"https:\/\/foire-st-martin.ch\/wp-content\/uploads\/2023\/03\/IMG_3995.jpeg\",\"height\":1536,\"width\":2048,\"orientation\":\"landscape\"}},\"meta\":false,\"postlink\":\"https:\/\/foire-st-martin.ch\/img_3995\/\"},{\"id\":2174,\"title\":\"IMG_3993\",\"url\":\"https:\/\/foire-st-martin.ch\/wp-content\/uploads\/2023\/03\/IMG_3993.jpeg\",\"link\":\"https:\/\/foire-st-martin.ch\/img_3993\/\",\"alt\":\"\",\"description\":\"\",\"caption\":\"\",\"mime\":\"image\/jpeg\",\"type\":\"image\",\"width\":1536,\"height\":2048,\"sizes\":{\"thumbnail\":{\"url\":\"https:\/\/foire-st-martin.ch\/wp-content\/uploads\/2023\/03\/IMG_3993-150x150.jpeg\",\"height\":150,\"width\":150,\"orientation\":\"landscape\"},\"medium\":{\"url\":\"https:\/\/foire-st-martin.ch\/wp-content\/uploads\/2023\/03\/IMG_3993-225x300.jpeg\",\"height\":300,\"width\":225,\"orientation\":\"portrait\"},\"large\":{\"url\":\"https:\/\/foire-st-martin.ch\/wp-content\/uploads\/2023\/03\/IMG_3993-768x1024.jpeg\",\"height\":1024,\"width\":768,\"orientation\":\"portrait\"},\"full\":{\"url\":\"https:\/\/foire-st-martin.ch\/wp-content\/uploads\/2023\/03\/IMG_3993.jpeg\",\"height\":2048,\"width\":1536,\"orientation\":\"portrait\"}},\"meta\":false,\"postlink\":\"https:\/\/foire-st-martin.ch\/img_3993\/\"},{\"id\":2173,\"title\":\"IMG_3992\",\"url\":\"https:\/\/foire-st-martin.ch\/wp-content\/uploads\/2023\/03\/IMG_3992.jpeg\",\"link\":\"https:\/\/foire-st-martin.ch\/img_3992\/\",\"alt\":\"\",\"description\":\"\",\"caption\":\"\",\"mime\":\"image\/jpeg\",\"type\":\"image\",\"width\":2048,\"height\":1536,\"sizes\":{\"thumbnail\":{\"url\":\"https:\/\/foire-st-martin.ch\/wp-content\/uploads\/2023\/03\/IMG_3992-150x150.jpeg\",\"height\":150,\"width\":150,\"orientation\":\"landscape\"},\"medium\":{\"url\":\"https:\/\/foire-st-martin.ch\/wp-content\/uploads\/2023\/03\/IMG_3992-300x225.jpeg\",\"height\":225,\"width\":300,\"orientation\":\"landscape\"},\"large\":{\"url\":\"https:\/\/foire-st-martin.ch\/wp-content\/uploads\/2023\/03\/IMG_3992-1024x768.jpeg\",\"height\":768,\"width\":1024,\"orientation\":\"landscape\"},\"full\":{\"url\":\"https:\/\/foire-st-martin.ch\/wp-content\/uploads\/2023\/03\/IMG_3992.jpeg\",\"height\":1536,\"width\":2048,\"orientation\":\"landscape\"}},\"meta\":false,\"postlink\":\"https:\/\/foire-st-martin.ch\/img_3992\/\"},{\"id\":2172,\"title\":\"IMG_3989\",\"url\":\"https:\/\/foire-st-martin.ch\/wp-content\/uploads\/2023\/03\/IMG_3989.jpeg\",\"link\":\"https:\/\/foire-st-martin.ch\/img_3989\/\",\"alt\":\"\",\"description\":\"\",\"caption\":\"\",\"mime\":\"image\/jpeg\",\"type\":\"image\",\"width\":2048,\"height\":1536,\"sizes\":{\"thumbnail\":{\"url\":\"https:\/\/foire-st-martin.ch\/wp-content\/uploads\/2023\/03\/IMG_3989-150x150.jpeg\",\"height\":150,\"width\":150,\"orientation\":\"landscape\"},\"medium\":{\"url\":\"https:\/\/foire-st-martin.ch\/wp-content\/uploads\/2023\/03\/IMG_3989-300x225.jpeg\",\"height\":225,\"width\":300,\"orientation\":\"landscape\"},\"large\":{\"url\":\"https:\/\/foire-st-martin.ch\/wp-content\/uploads\/2023\/03\/IMG_3989-1024x768.jpeg\",\"height\":768,\"width\":1024,\"orientation\":\"landscape\"},\"full\":{\"url\":\"https:\/\/foire-st-martin.ch\/wp-content\/uploads\/2023\/03\/IMG_3989.jpeg\",\"height\":1536,\"width\":2048,\"orientation\":\"landscape\"}},\"meta\":false,\"postlink\":\"https:\/\/foire-st-martin.ch\/img_3989\/\"},{\"id\":2171,\"title\":\"IMG_3987\",\"url\":\"https:\/\/foire-st-martin.ch\/wp-content\/uploads\/2023\/03\/IMG_3987.jpeg\",\"link\":\"https:\/\/foire-st-martin.ch\/img_3987\/\",\"alt\":\"\",\"description\":\"\",\"caption\":\"\",\"mime\":\"image\/jpeg\",\"type\":\"image\",\"width\":2048,\"height\":1536,\"sizes\":{\"thumbnail\":{\"url\":\"https:\/\/foire-st-martin.ch\/wp-content\/uploads\/2023\/03\/IMG_3987-150x150.jpeg\",\"height\":150,\"width\":150,\"orientation\":\"landscape\"},\"medium\":{\"url\":\"https:\/\/foire-st-martin.ch\/wp-content\/uploads\/2023\/03\/IMG_3987-300x225.jpeg\",\"height\":225,\"width\":300,\"orientation\":\"landscape\"},\"large\":{\"url\":\"https:\/\/foire-st-martin.ch\/wp-content\/uploads\/2023\/03\/IMG_3987-1024x768.jpeg\",\"height\":768,\"width\":1024,\"orientation\":\"landscape\"},\"full\":{\"url\":\"https:\/\/foire-st-martin.ch\/wp-content\/uploads\/2023\/03\/IMG_3987.jpeg\",\"height\":1536,\"width\":2048,\"orientation\":\"landscape\"}},\"meta\":false,\"postlink\":\"https:\/\/foire-st-martin.ch\/img_3987\/\"},{\"id\":2170,\"title\":\"IMG_3986\",\"url\":\"https:\/\/foire-st-martin.ch\/wp-content\/uploads\/2023\/03\/IMG_3986.jpeg\",\"link\":\"https:\/\/foire-st-martin.ch\/img_3986\/\",\"alt\":\"\",\"description\":\"\",\"caption\":\"\",\"mime\":\"image\/jpeg\",\"type\":\"image\",\"width\":2048,\"height\":1536,\"sizes\":{\"thumbnail\":{\"url\":\"https:\/\/foire-st-martin.ch\/wp-content\/uploads\/2023\/03\/IMG_3986-150x150.jpeg\",\"height\":150,\"width\":150,\"orientation\":\"landscape\"},\"medium\":{\"url\":\"https:\/\/foire-st-martin.ch\/wp-content\/uploads\/2023\/03\/IMG_3986-300x225.jpeg\",\"height\":225,\"width\":300,\"orientation\":\"landscape\"},\"large\":{\"url\":\"https:\/\/foire-st-martin.ch\/wp-content\/uploads\/2023\/03\/IMG_3986-1024x768.jpeg\",\"height\":768,\"width\":1024,\"orientation\":\"landscape\"},\"full\":{\"url\":\"https:\/\/foire-st-martin.ch\/wp-content\/uploads\/2023\/03\/IMG_3986.jpeg\",\"height\":1536,\"width\":2048,\"orientation\":\"landscape\"}},\"meta\":false,\"postlink\":\"https:\/\/foire-st-martin.ch\/img_3986\/\"},{\"id\":2169,\"title\":\"IMG_3985\",\"url\":\"https:\/\/foire-st-martin.ch\/wp-content\/uploads\/2023\/03\/IMG_3985.jpeg\",\"link\":\"https:\/\/foire-st-martin.ch\/img_3985\/\",\"alt\":\"\",\"description\":\"\",\"caption\":\"\",\"mime\":\"image\/jpeg\",\"type\":\"image\",\"width\":2048,\"height\":1536,\"sizes\":{\"thumbnail\":{\"url\":\"https:\/\/foire-st-martin.ch\/wp-content\/uploads\/2023\/03\/IMG_3985-150x150.jpeg\",\"height\":150,\"width\":150,\"orientation\":\"landscape\"},\"medium\":{\"url\":\"https:\/\/foire-st-martin.ch\/wp-content\/uploads\/2023\/03\/IMG_3985-300x225.jpeg\",\"height\":225,\"width\":300,\"orientation\":\"landscape\"},\"large\":{\"url\":\"https:\/\/foire-st-martin.ch\/wp-content\/uploads\/2023\/03\/IMG_3985-1024x768.jpeg\",\"height\":768,\"width\":1024,\"orientation\":\"landscape\"},\"full\":{\"url\":\"https:\/\/foire-st-martin.ch\/wp-content\/uploads\/2023\/03\/IMG_3985.jpeg\",\"height\":1536,\"width\":2048,\"orientation\":\"landscape\"}},\"meta\":false,\"postlink\":\"https:\/\/foire-st-martin.ch\/img_3985\/\"},{\"id\":2168,\"title\":\"IMG_3984\",\"url\":\"https:\/\/foire-st-martin.ch\/wp-content\/uploads\/2023\/03\/IMG_3984.jpeg\",\"link\":\"https:\/\/foire-st-martin.ch\/img_3984\/\",\"alt\":\"\",\"description\":\"\",\"caption\":\"\",\"mime\":\"image\/jpeg\",\"type\":\"image\",\"width\":2048,\"height\":1536,\"sizes\":{\"thumbnail\":{\"url\":\"https:\/\/foire-st-martin.ch\/wp-content\/uploads\/2023\/03\/IMG_3984-150x150.jpeg\",\"height\":150,\"width\":150,\"orientation\":\"landscape\"},\"medium\":{\"url\":\"https:\/\/foire-st-martin.ch\/wp-content\/uploads\/2023\/03\/IMG_3984-300x225.jpeg\",\"height\":225,\"width\":300,\"orientation\":\"landscape\"},\"large\":{\"url\":\"https:\/\/foire-st-martin.ch\/wp-content\/uploads\/2023\/03\/IMG_3984-1024x768.jpeg\",\"height\":768,\"width\":1024,\"orientation\":\"landscape\"},\"full\":{\"url\":\"https:\/\/foire-st-martin.ch\/wp-content\/uploads\/2023\/03\/IMG_3984.jpeg\",\"height\":1536,\"width\":2048,\"orientation\":\"landscape\"}},\"meta\":false,\"postlink\":\"https:\/\/foire-st-martin.ch\/img_3984\/\"},{\"id\":2167,\"title\":\"IMG_3983\",\"url\":\"https:\/\/foire-st-martin.ch\/wp-content\/uploads\/2023\/03\/IMG_3983.jpeg\",\"link\":\"https:\/\/foire-st-martin.ch\/img_3983\/\",\"alt\":\"\",\"description\":\"\",\"caption\":\"\",\"mime\":\"image\/jpeg\",\"type\":\"image\",\"width\":2048,\"height\":1536,\"sizes\":{\"thumbnail\":{\"url\":\"https:\/\/foire-st-martin.ch\/wp-content\/uploads\/2023\/03\/IMG_3983-150x150.jpeg\",\"height\":150,\"width\":150,\"orientation\":\"landscape\"},\"medium\":{\"url\":\"https:\/\/foire-st-martin.ch\/wp-content\/uploads\/2023\/03\/IMG_3983-300x225.jpeg\",\"height\":225,\"width\":300,\"orientation\":\"landscape\"},\"large\":{\"url\":\"https:\/\/foire-st-martin.ch\/wp-content\/uploads\/2023\/03\/IMG_3983-1024x768.jpeg\",\"height\":768,\"width\":1024,\"orientation\":\"landscape\"},\"full\":{\"url\":\"https:\/\/foire-st-martin.ch\/wp-content\/uploads\/2023\/03\/IMG_3983.jpeg\",\"height\":1536,\"width\":2048,\"orientation\":\"landscape\"}},\"meta\":false,\"postlink\":\"https:\/\/foire-st-martin.ch\/img_3983\/\"},{\"id\":2166,\"title\":\"IMG_3982\",\"url\":\"https:\/\/foire-st-martin.ch\/wp-content\/uploads\/2023\/03\/IMG_3982.jpeg\",\"link\":\"https:\/\/foire-st-martin.ch\/img_3982\/\",\"alt\":\"\",\"description\":\"\",\"caption\":\"\",\"mime\":\"image\/jpeg\",\"type\":\"image\",\"width\":2048,\"height\":1536,\"sizes\":{\"thumbnail\":{\"url\":\"https:\/\/foire-st-martin.ch\/wp-content\/uploads\/2023\/03\/IMG_3982-150x150.jpeg\",\"height\":150,\"width\":150,\"orientation\":\"landscape\"},\"medium\":{\"url\":\"https:\/\/foire-st-martin.ch\/wp-content\/uploads\/2023\/03\/IMG_3982-300x225.jpeg\",\"height\":225,\"width\":300,\"orientation\":\"landscape\"},\"large\":{\"url\":\"https:\/\/foire-st-martin.ch\/wp-content\/uploads\/2023\/03\/IMG_3982-1024x768.jpeg\",\"height\":768,\"width\":1024,\"orientation\":\"landscape\"},\"full\":{\"url\":\"https:\/\/foire-st-martin.ch\/wp-content\/uploads\/2023\/03\/IMG_3982.jpeg\",\"height\":1536,\"width\":2048,\"orientation\":\"landscape\"}},\"meta\":false,\"postlink\":\"https:\/\/foire-st-martin.ch\/img_3982\/\"},{\"id\":2165,\"title\":\"IMG_3980\",\"url\":\"https:\/\/foire-st-martin.ch\/wp-content\/uploads\/2023\/03\/IMG_3980.jpeg\",\"link\":\"https:\/\/foire-st-martin.ch\/img_3980\/\",\"alt\":\"\",\"description\":\"\",\"caption\":\"\",\"mime\":\"image\/jpeg\",\"type\":\"image\",\"width\":2048,\"height\":1536,\"sizes\":{\"thumbnail\":{\"url\":\"https:\/\/foire-st-martin.ch\/wp-content\/uploads\/2023\/03\/IMG_3980-150x150.jpeg\",\"height\":150,\"width\":150,\"orientation\":\"landscape\"},\"medium\":{\"url\":\"https:\/\/foire-st-martin.ch\/wp-content\/uploads\/2023\/03\/IMG_3980-300x225.jpeg\",\"height\":225,\"width\":300,\"orientation\":\"landscape\"},\"large\":{\"url\":\"https:\/\/foire-st-martin.ch\/wp-content\/uploads\/2023\/03\/IMG_3980-1024x768.jpeg\",\"height\":768,\"width\":1024,\"orientation\":\"landscape\"},\"full\":{\"url\":\"https:\/\/foire-st-martin.ch\/wp-content\/uploads\/2023\/03\/IMG_3980.jpeg\",\"height\":1536,\"width\":2048,\"orientation\":\"landscape\"}},\"meta\":false,\"postlink\":\"https:\/\/foire-st-martin.ch\/img_3980\/\"},{\"id\":2164,\"title\":\"IMG_3978\",\"url\":\"https:\/\/foire-st-martin.ch\/wp-content\/uploads\/2023\/03\/IMG_3978.jpeg\",\"link\":\"https:\/\/foire-st-martin.ch\/img_3978\/\",\"alt\":\"\",\"description\":\"\",\"caption\":\"\",\"mime\":\"image\/jpeg\",\"type\":\"image\",\"width\":2048,\"height\":1536,\"sizes\":{\"thumbnail\":{\"url\":\"https:\/\/foire-st-martin.ch\/wp-content\/uploads\/2023\/03\/IMG_3978-150x150.jpeg\",\"height\":150,\"width\":150,\"orientation\":\"landscape\"},\"medium\":{\"url\":\"https:\/\/foire-st-martin.ch\/wp-content\/uploads\/2023\/03\/IMG_3978-300x225.jpeg\",\"height\":225,\"width\":300,\"orientation\":\"landscape\"},\"large\":{\"url\":\"https:\/\/foire-st-martin.ch\/wp-content\/uploads\/2023\/03\/IMG_3978-1024x768.jpeg\",\"height\":768,\"width\":1024,\"orientation\":\"landscape\"},\"full\":{\"url\":\"https:\/\/foire-st-martin.ch\/wp-content\/uploads\/2023\/03\/IMG_3978.jpeg\",\"height\":1536,\"width\":2048,\"orientation\":\"landscape\"}},\"meta\":false,\"postlink\":\"https:\/\/foire-st-martin.ch\/img_3978\/\"},{\"id\":2163,\"title\":\"IMG_3977\",\"url\":\"https:\/\/foire-st-martin.ch\/wp-content\/uploads\/2023\/03\/IMG_3977.jpeg\",\"link\":\"https:\/\/foire-st-martin.ch\/img_3977\/\",\"alt\":\"\",\"description\":\"\",\"caption\":\"\",\"mime\":\"image\/jpeg\",\"type\":\"image\",\"width\":2048,\"height\":1536,\"sizes\":{\"thumbnail\":{\"url\":\"https:\/\/foire-st-martin.ch\/wp-content\/uploads\/2023\/03\/IMG_3977-150x150.jpeg\",\"height\":150,\"width\":150,\"orientation\":\"landscape\"},\"medium\":{\"url\":\"https:\/\/foire-st-martin.ch\/wp-content\/uploads\/2023\/03\/IMG_3977-300x225.jpeg\",\"height\":225,\"width\":300,\"orientation\":\"landscape\"},\"large\":{\"url\":\"https:\/\/foire-st-martin.ch\/wp-content\/uploads\/2023\/03\/IMG_3977-1024x768.jpeg\",\"height\":768,\"width\":1024,\"orientation\":\"landscape\"},\"full\":{\"url\":\"https:\/\/foire-st-martin.ch\/wp-content\/uploads\/2023\/03\/IMG_3977.jpeg\",\"height\":1536,\"width\":2048,\"orientation\":\"landscape\"}},\"meta\":false,\"postlink\":\"https:\/\/foire-st-martin.ch\/img_3977\/\"},{\"id\":2162,\"title\":\"IMG_3976\",\"url\":\"https:\/\/foire-st-martin.ch\/wp-content\/uploads\/2023\/03\/IMG_3976.jpeg\",\"link\":\"https:\/\/foire-st-martin.ch\/img_3976\/\",\"alt\":\"\",\"description\":\"\",\"caption\":\"\",\"mime\":\"image\/jpeg\",\"type\":\"image\",\"width\":2048,\"height\":1536,\"sizes\":{\"thumbnail\":{\"url\":\"https:\/\/foire-st-martin.ch\/wp-content\/uploads\/2023\/03\/IMG_3976-150x150.jpeg\",\"height\":150,\"width\":150,\"orientation\":\"landscape\"},\"medium\":{\"url\":\"https:\/\/foire-st-martin.ch\/wp-content\/uploads\/2023\/03\/IMG_3976-300x225.jpeg\",\"height\":225,\"width\":300,\"orientation\":\"landscape\"},\"large\":{\"url\":\"https:\/\/foire-st-martin.ch\/wp-content\/uploads\/2023\/03\/IMG_3976-1024x768.jpeg\",\"height\":768,\"width\":1024,\"orientation\":\"landscape\"},\"full\":{\"url\":\"https:\/\/foire-st-martin.ch\/wp-content\/uploads\/2023\/03\/IMG_3976.jpeg\",\"height\":1536,\"width\":2048,\"orientation\":\"landscape\"}},\"meta\":false,\"postlink\":\"https:\/\/foire-st-martin.ch\/img_3976\/\"},{\"id\":2161,\"title\":\"IMG_3975\",\"url\":\"https:\/\/foire-st-martin.ch\/wp-content\/uploads\/2023\/03\/IMG_3975.jpeg\",\"link\":\"https:\/\/foire-st-martin.ch\/img_3975\/\",\"alt\":\"\",\"description\":\"\",\"caption\":\"\",\"mime\":\"image\/jpeg\",\"type\":\"image\",\"width\":2048,\"height\":1536,\"sizes\":{\"thumbnail\":{\"url\":\"https:\/\/foire-st-martin.ch\/wp-content\/uploads\/2023\/03\/IMG_3975-150x150.jpeg\",\"height\":150,\"width\":150,\"orientation\":\"landscape\"},\"medium\":{\"url\":\"https:\/\/foire-st-martin.ch\/wp-content\/uploads\/2023\/03\/IMG_3975-300x225.jpeg\",\"height\":225,\"width\":300,\"orientation\":\"landscape\"},\"large\":{\"url\":\"https:\/\/foire-st-martin.ch\/wp-content\/uploads\/2023\/03\/IMG_3975-1024x768.jpeg\",\"height\":768,\"width\":1024,\"orientation\":\"landscape\"},\"full\":{\"url\":\"https:\/\/foire-st-martin.ch\/wp-content\/uploads\/2023\/03\/IMG_3975.jpeg\",\"height\":1536,\"width\":2048,\"orientation\":\"landscape\"}},\"meta\":false,\"postlink\":\"https:\/\/foire-st-martin.ch\/img_3975\/\"},{\"id\":2160,\"title\":\"IMG_3974\",\"url\":\"https:\/\/foire-st-martin.ch\/wp-content\/uploads\/2023\/03\/IMG_3974.jpeg\",\"link\":\"https:\/\/foire-st-martin.ch\/img_3974\/\",\"alt\":\"\",\"description\":\"\",\"caption\":\"\",\"mime\":\"image\/jpeg\",\"type\":\"image\",\"width\":2048,\"height\":1536,\"sizes\":{\"thumbnail\":{\"url\":\"https:\/\/foire-st-martin.ch\/wp-content\/uploads\/2023\/03\/IMG_3974-150x150.jpeg\",\"height\":150,\"width\":150,\"orientation\":\"landscape\"},\"medium\":{\"url\":\"https:\/\/foire-st-martin.ch\/wp-content\/uploads\/2023\/03\/IMG_3974-300x225.jpeg\",\"height\":225,\"width\":300,\"orientation\":\"landscape\"},\"large\":{\"url\":\"https:\/\/foire-st-martin.ch\/wp-content\/uploads\/2023\/03\/IMG_3974-1024x768.jpeg\",\"height\":768,\"width\":1024,\"orientation\":\"landscape\"},\"full\":{\"url\":\"https:\/\/foire-st-martin.ch\/wp-content\/uploads\/2023\/03\/IMG_3974.jpeg\",\"height\":1536,\"width\":2048,\"orientation\":\"landscape\"}},\"meta\":false,\"postlink\":\"https:\/\/foire-st-martin.ch\/img_3974\/\"},{\"id\":2159,\"title\":\"IMG_3973\",\"url\":\"https:\/\/foire-st-martin.ch\/wp-content\/uploads\/2023\/03\/IMG_3973.jpeg\",\"link\":\"https:\/\/foire-st-martin.ch\/img_3973\/\",\"alt\":\"\",\"description\":\"\",\"caption\":\"\",\"mime\":\"image\/jpeg\",\"type\":\"image\",\"width\":2048,\"height\":1536,\"sizes\":{\"thumbnail\":{\"url\":\"https:\/\/foire-st-martin.ch\/wp-content\/uploads\/2023\/03\/IMG_3973-150x150.jpeg\",\"height\":150,\"width\":150,\"orientation\":\"landscape\"},\"medium\":{\"url\":\"https:\/\/foire-st-martin.ch\/wp-content\/uploads\/2023\/03\/IMG_3973-300x225.jpeg\",\"height\":225,\"width\":300,\"orientation\":\"landscape\"},\"large\":{\"url\":\"https:\/\/foire-st-martin.ch\/wp-content\/uploads\/2023\/03\/IMG_3973-1024x768.jpeg\",\"height\":768,\"width\":1024,\"orientation\":\"landscape\"},\"full\":{\"url\":\"https:\/\/foire-st-martin.ch\/wp-content\/uploads\/2023\/03\/IMG_3973.jpeg\",\"height\":1536,\"width\":2048,\"orientation\":\"landscape\"}},\"meta\":false,\"postlink\":\"https:\/\/foire-st-martin.ch\/img_3973\/\"},{\"id\":2158,\"title\":\"BBA70645-0C96-4575-A0C1-930F896EC80D\",\"url\":\"https:\/\/foire-st-martin.ch\/wp-content\/uploads\/2023\/03\/BBA70645-0C96-4575-A0C1-930F896EC80D.jpg\",\"link\":\"https:\/\/foire-st-martin.ch\/bba70645-0c96-4575-a0c1-930f896ec80d\/\",\"alt\":\"\",\"description\":\"\",\"caption\":\"\",\"mime\":\"image\/jpeg\",\"type\":\"image\",\"width\":1440,\"height\":1799,\"sizes\":{\"thumbnail\":{\"url\":\"https:\/\/foire-st-martin.ch\/wp-content\/uploads\/2023\/03\/BBA70645-0C96-4575-A0C1-930F896EC80D-150x150.jpg\",\"height\":150,\"width\":150,\"orientation\":\"landscape\"},\"medium\":{\"url\":\"https:\/\/foire-st-martin.ch\/wp-content\/uploads\/2023\/03\/BBA70645-0C96-4575-A0C1-930F896EC80D-240x300.jpg\",\"height\":300,\"width\":240,\"orientation\":\"portrait\"},\"large\":{\"url\":\"https:\/\/foire-st-martin.ch\/wp-content\/uploads\/2023\/03\/BBA70645-0C96-4575-A0C1-930F896EC80D-820x1024.jpg\",\"height\":1024,\"width\":820,\"orientation\":\"portrait\"},\"full\":{\"url\":\"https:\/\/foire-st-martin.ch\/wp-content\/uploads\/2023\/03\/BBA70645-0C96-4575-A0C1-930F896EC80D.jpg\",\"height\":1799,\"width\":1440,\"orientation\":\"portrait\"}},\"meta\":false,\"postlink\":\"https:\/\/foire-st-martin.ch\/bba70645-0c96-4575-a0c1-930f896ec80d\/\"},{\"id\":2157,\"title\":\"B6EC0D66-AD15-409A-ACE4-F853CA48CC26\",\"url\":\"https:\/\/foire-st-martin.ch\/wp-content\/uploads\/2023\/03\/B6EC0D66-AD15-409A-ACE4-F853CA48CC26.jpg\",\"link\":\"https:\/\/foire-st-martin.ch\/b6ec0d66-ad15-409a-ace4-f853ca48cc26\/\",\"alt\":\"\",\"description\":\"\",\"caption\":\"\",\"mime\":\"image\/jpeg\",\"type\":\"image\",\"width\":1440,\"height\":1081,\"sizes\":{\"thumbnail\":{\"url\":\"https:\/\/foire-st-martin.ch\/wp-content\/uploads\/2023\/03\/B6EC0D66-AD15-409A-ACE4-F853CA48CC26-150x150.jpg\",\"height\":150,\"width\":150,\"orientation\":\"landscape\"},\"medium\":{\"url\":\"https:\/\/foire-st-martin.ch\/wp-content\/uploads\/2023\/03\/B6EC0D66-AD15-409A-ACE4-F853CA48CC26-300x225.jpg\",\"height\":225,\"width\":300,\"orientation\":\"landscape\"},\"large\":{\"url\":\"https:\/\/foire-st-martin.ch\/wp-content\/uploads\/2023\/03\/B6EC0D66-AD15-409A-ACE4-F853CA48CC26-1024x769.jpg\",\"height\":769,\"width\":1024,\"orientation\":\"landscape\"},\"full\":{\"url\":\"https:\/\/foire-st-martin.ch\/wp-content\/uploads\/2023\/03\/B6EC0D66-AD15-409A-ACE4-F853CA48CC26.jpg\",\"height\":1081,\"width\":1440,\"orientation\":\"landscape\"}},\"meta\":false,\"postlink\":\"https:\/\/foire-st-martin.ch\/b6ec0d66-ad15-409a-ace4-f853ca48cc26\/\"},{\"id\":2156,\"title\":\"7247B376-4E8F-419D-A9CC-2CE1B5BE82D6\",\"url\":\"https:\/\/foire-st-martin.ch\/wp-content\/uploads\/2023\/03\/7247B376-4E8F-419D-A9CC-2CE1B5BE82D6.jpg\",\"link\":\"https:\/\/foire-st-martin.ch\/7247b376-4e8f-419d-a9cc-2ce1b5be82d6\/\",\"alt\":\"\",\"description\":\"\",\"caption\":\"\",\"mime\":\"image\/jpeg\",\"type\":\"image\",\"width\":1440,\"height\":1800,\"sizes\":{\"thumbnail\":{\"url\":\"https:\/\/foire-st-martin.ch\/wp-content\/uploads\/2023\/03\/7247B376-4E8F-419D-A9CC-2CE1B5BE82D6-150x150.jpg\",\"height\":150,\"width\":150,\"orientation\":\"landscape\"},\"medium\":{\"url\":\"https:\/\/foire-st-martin.ch\/wp-content\/uploads\/2023\/03\/7247B376-4E8F-419D-A9CC-2CE1B5BE82D6-240x300.jpg\",\"height\":300,\"width\":240,\"orientation\":\"portrait\"},\"large\":{\"url\":\"https:\/\/foire-st-martin.ch\/wp-content\/uploads\/2023\/03\/7247B376-4E8F-419D-A9CC-2CE1B5BE82D6-819x1024.jpg\",\"height\":1024,\"width\":819,\"orientation\":\"portrait\"},\"full\":{\"url\":\"https:\/\/foire-st-martin.ch\/wp-content\/uploads\/2023\/03\/7247B376-4E8F-419D-A9CC-2CE1B5BE82D6.jpg\",\"height\":1800,\"width\":1440,\"orientation\":\"portrait\"}},\"meta\":false,\"postlink\":\"https:\/\/foire-st-martin.ch\/7247b376-4e8f-419d-a9cc-2ce1b5be82d6\/\"},{\"id\":2155,\"title\":\"3FC4B748-8C9B-4A05-A301-5BBC367CD96F\",\"url\":\"https:\/\/foire-st-martin.ch\/wp-content\/uploads\/2023\/03\/3FC4B748-8C9B-4A05-A301-5BBC367CD96F.jpg\",\"link\":\"https:\/\/foire-st-martin.ch\/3fc4b748-8c9b-4a05-a301-5bbc367cd96f\/\",\"alt\":\"\",\"description\":\"\",\"caption\":\"\",\"mime\":\"image\/jpeg\",\"type\":\"image\",\"width\":1440,\"height\":1799,\"sizes\":{\"thumbnail\":{\"url\":\"https:\/\/foire-st-martin.ch\/wp-content\/uploads\/2023\/03\/3FC4B748-8C9B-4A05-A301-5BBC367CD96F-150x150.jpg\",\"height\":150,\"width\":150,\"orientation\":\"landscape\"},\"medium\":{\"url\":\"https:\/\/foire-st-martin.ch\/wp-content\/uploads\/2023\/03\/3FC4B748-8C9B-4A05-A301-5BBC367CD96F-240x300.jpg\",\"height\":300,\"width\":240,\"orientation\":\"portrait\"},\"large\":{\"url\":\"https:\/\/foire-st-martin.ch\/wp-content\/uploads\/2023\/03\/3FC4B748-8C9B-4A05-A301-5BBC367CD96F-820x1024.jpg\",\"height\":1024,\"width\":820,\"orientation\":\"portrait\"},\"full\":{\"url\":\"https:\/\/foire-st-martin.ch\/wp-content\/uploads\/2023\/03\/3FC4B748-8C9B-4A05-A301-5BBC367CD96F.jpg\",\"height\":1799,\"width\":1440,\"orientation\":\"portrait\"}},\"meta\":false,\"postlink\":\"https:\/\/foire-st-martin.ch\/3fc4b748-8c9b-4a05-a301-5bbc367cd96f\/\"}],\"itemsMetaDataCollection\":[]}<\/script><script>(function(){if(window.PGC_SGB && window.PGC_SGB.searcher){window.PGC_SGB.searcher.initBlocks()}})()<\/script><\/div>Vid\u00e9os<div class=\"pgc-sgb-cb wp-block-pgcsimplygalleryblock-grid \" data-gallery-id=\"9d043006\"><div class=\"sgb-preloader\" id=\"pr_9d043006\">\n\t<div class=\"sgb-square\" style=\"background:#d4d4d4\"><\/div>\n\t<div class=\"sgb-square\" style=\"background:#d4d4d4\"><\/div>\n\t<div class=\"sgb-square\" style=\"background:#d4d4d4\"><\/div>\n\t<div class=\"sgb-square\" style=\"background:#d4d4d4\"><\/div><\/div><div class=\"simply-gallery-amp pgc_sgb_slider \" style=\"display: none;\"><div class=\"sgb-gallery\"><div class=\"sgb-item\"><video controls  src=\"https:\/\/foire-st-martin.ch\/wp-content\/uploads\/2023\/03\/IMG_4011.mp4\"><\/video><\/div><div class=\"sgb-item\"><video controls  src=\"https:\/\/foire-st-martin.ch\/wp-content\/uploads\/2023\/03\/IMG_3972.mp4\"><\/video><\/div><div class=\"sgb-item\"><video controls  src=\"https:\/\/foire-st-martin.ch\/wp-content\/uploads\/2023\/03\/IMG_3971.mp4\"><\/video><\/div><div class=\"sgb-item\"><video controls  src=\"https:\/\/foire-st-martin.ch\/wp-content\/uploads\/2023\/03\/IMG_3970.mp4\"><\/video><\/div><div class=\"sgb-item\"><video controls  src=\"https:\/\/foire-st-martin.ch\/wp-content\/uploads\/2023\/03\/IMG_3961.mp4\"><\/video><\/div><div class=\"sgb-item\"><video controls  src=\"https:\/\/foire-st-martin.ch\/wp-content\/uploads\/2023\/03\/IMG_3960.mp4\"><\/video><\/div><div class=\"sgb-item\"><video controls  src=\"https:\/\/foire-st-martin.ch\/wp-content\/uploads\/2023\/03\/IMG_3959.mp4\"><\/video><\/div><div class=\"sgb-item\"><video controls  src=\"https:\/\/foire-st-martin.ch\/wp-content\/uploads\/2023\/03\/IMG_3958.mp4\"><\/video><\/div><div class=\"sgb-item\"><video controls  src=\"https:\/\/foire-st-martin.ch\/wp-content\/uploads\/2023\/03\/IMG_3957.mp4\"><\/video><\/div><div class=\"sgb-item\"><video controls  src=\"https:\/\/foire-st-martin.ch\/wp-content\/uploads\/2023\/03\/IMG_3955.mp4\"><\/video><\/div><div class=\"sgb-item\"><video controls  src=\"https:\/\/foire-st-martin.ch\/wp-content\/uploads\/2023\/03\/IMG_3954.mp4\"><\/video><\/div><\/div><\/div><script type=\"application\/json\" class=\"sgb-data\">{\"galleryType\":\"pgc_sgb_grid\",\"galleryId\":\"9d043006\",\"images\":[{\"id\":2292,\"title\":\"IMG_4011\",\"url\":\"https:\/\/foire-st-martin.ch\/wp-content\/uploads\/2023\/03\/IMG_4011.mp4\",\"link\":\"https:\/\/foire-st-martin.ch\/img_4011\/\",\"alt\":\"\",\"description\":\"\",\"caption\":\"\",\"mime\":\"video\/mp4\",\"type\":\"video\",\"image\":{\"src\":\"https:\/\/foire-st-martin.ch\/wp-includes\/images\/media\/video.png\",\"width\":48,\"height\":64},\"thumb\":{\"src\":\"https:\/\/foire-st-martin.ch\/wp-includes\/images\/media\/video.png\",\"width\":48,\"height\":64},\"width\":1280,\"height\":720,\"fileLength\":\"0:18\",\"meta\":{\"artist\":false,\"album\":false,\"bitrate\":false,\"bitrate_mode\":false},\"postlink\":\"https:\/\/foire-st-martin.ch\/img_4011\/\"},{\"id\":2291,\"title\":\"IMG_3972\",\"url\":\"https:\/\/foire-st-martin.ch\/wp-content\/uploads\/2023\/03\/IMG_3972.mp4\",\"link\":\"https:\/\/foire-st-martin.ch\/img_3972\/\",\"alt\":\"\",\"description\":\"\",\"caption\":\"\",\"mime\":\"video\/mp4\",\"type\":\"video\",\"image\":{\"src\":\"https:\/\/foire-st-martin.ch\/wp-includes\/images\/media\/video.png\",\"width\":48,\"height\":64},\"thumb\":{\"src\":\"https:\/\/foire-st-martin.ch\/wp-includes\/images\/media\/video.png\",\"width\":48,\"height\":64},\"width\":1280,\"height\":720,\"fileLength\":\"1:36\",\"meta\":{\"artist\":false,\"album\":false,\"bitrate\":false,\"bitrate_mode\":false},\"postlink\":\"https:\/\/foire-st-martin.ch\/img_3972\/\"},{\"id\":2290,\"title\":\"IMG_3971\",\"url\":\"https:\/\/foire-st-martin.ch\/wp-content\/uploads\/2023\/03\/IMG_3971.mp4\",\"link\":\"https:\/\/foire-st-martin.ch\/img_3971\/\",\"alt\":\"\",\"description\":\"\",\"caption\":\"\",\"mime\":\"video\/mp4\",\"type\":\"video\",\"image\":{\"src\":\"https:\/\/foire-st-martin.ch\/wp-includes\/images\/media\/video.png\",\"width\":48,\"height\":64},\"thumb\":{\"src\":\"https:\/\/foire-st-martin.ch\/wp-includes\/images\/media\/video.png\",\"width\":48,\"height\":64},\"width\":1280,\"height\":720,\"fileLength\":\"0:41\",\"meta\":{\"artist\":false,\"album\":false,\"bitrate\":false,\"bitrate_mode\":false},\"postlink\":\"https:\/\/foire-st-martin.ch\/img_3971\/\"},{\"id\":2289,\"title\":\"IMG_3970\",\"url\":\"https:\/\/foire-st-martin.ch\/wp-content\/uploads\/2023\/03\/IMG_3970.mp4\",\"link\":\"https:\/\/foire-st-martin.ch\/img_3970\/\",\"alt\":\"\",\"description\":\"\",\"caption\":\"\",\"mime\":\"video\/mp4\",\"type\":\"video\",\"image\":{\"src\":\"https:\/\/foire-st-martin.ch\/wp-includes\/images\/media\/video.png\",\"width\":48,\"height\":64},\"thumb\":{\"src\":\"https:\/\/foire-st-martin.ch\/wp-includes\/images\/media\/video.png\",\"width\":48,\"height\":64},\"width\":1280,\"height\":720,\"fileLength\":\"0:29\",\"meta\":{\"artist\":false,\"album\":false,\"bitrate\":false,\"bitrate_mode\":false},\"postlink\":\"https:\/\/foire-st-martin.ch\/img_3970\/\"},{\"id\":2287,\"title\":\"IMG_3961\",\"url\":\"https:\/\/foire-st-martin.ch\/wp-content\/uploads\/2023\/03\/IMG_3961.mp4\",\"link\":\"https:\/\/foire-st-martin.ch\/img_3961\/\",\"alt\":\"\",\"description\":\"\",\"caption\":\"\",\"mime\":\"video\/mp4\",\"type\":\"video\",\"image\":{\"src\":\"https:\/\/foire-st-martin.ch\/wp-includes\/images\/media\/video.png\",\"width\":48,\"height\":64},\"thumb\":{\"src\":\"https:\/\/foire-st-martin.ch\/wp-includes\/images\/media\/video.png\",\"width\":48,\"height\":64},\"width\":1280,\"height\":720,\"fileLength\":\"0:13\",\"meta\":{\"artist\":false,\"album\":false,\"bitrate\":false,\"bitrate_mode\":false},\"postlink\":\"https:\/\/foire-st-martin.ch\/img_3961\/\"},{\"id\":2286,\"title\":\"IMG_3960\",\"url\":\"https:\/\/foire-st-martin.ch\/wp-content\/uploads\/2023\/03\/IMG_3960.mp4\",\"link\":\"https:\/\/foire-st-martin.ch\/img_3960\/\",\"alt\":\"\",\"description\":\"\",\"caption\":\"\",\"mime\":\"video\/mp4\",\"type\":\"video\",\"image\":{\"src\":\"https:\/\/foire-st-martin.ch\/wp-includes\/images\/media\/video.png\",\"width\":48,\"height\":64},\"thumb\":{\"src\":\"https:\/\/foire-st-martin.ch\/wp-includes\/images\/media\/video.png\",\"width\":48,\"height\":64},\"width\":1280,\"height\":720,\"fileLength\":\"0:15\",\"meta\":{\"artist\":false,\"album\":false,\"bitrate\":false,\"bitrate_mode\":false},\"postlink\":\"https:\/\/foire-st-martin.ch\/img_3960\/\"},{\"id\":2285,\"title\":\"IMG_3959\",\"url\":\"https:\/\/foire-st-martin.ch\/wp-content\/uploads\/2023\/03\/IMG_3959.mp4\",\"link\":\"https:\/\/foire-st-martin.ch\/img_3959\/\",\"alt\":\"\",\"description\":\"\",\"caption\":\"\",\"mime\":\"video\/mp4\",\"type\":\"video\",\"image\":{\"src\":\"https:\/\/foire-st-martin.ch\/wp-includes\/images\/media\/video.png\",\"width\":48,\"height\":64},\"thumb\":{\"src\":\"https:\/\/foire-st-martin.ch\/wp-includes\/images\/media\/video.png\",\"width\":48,\"height\":64},\"width\":1280,\"height\":720,\"fileLength\":\"0:20\",\"meta\":{\"artist\":false,\"album\":false,\"bitrate\":false,\"bitrate_mode\":false},\"postlink\":\"https:\/\/foire-st-martin.ch\/img_3959\/\"},{\"id\":2284,\"title\":\"IMG_3958\",\"url\":\"https:\/\/foire-st-martin.ch\/wp-content\/uploads\/2023\/03\/IMG_3958.mp4\",\"link\":\"https:\/\/foire-st-martin.ch\/img_3958\/\",\"alt\":\"\",\"description\":\"\",\"caption\":\"\",\"mime\":\"video\/mp4\",\"type\":\"video\",\"image\":{\"src\":\"https:\/\/foire-st-martin.ch\/wp-includes\/images\/media\/video.png\",\"width\":48,\"height\":64},\"thumb\":{\"src\":\"https:\/\/foire-st-martin.ch\/wp-includes\/images\/media\/video.png\",\"width\":48,\"height\":64},\"width\":1280,\"height\":720,\"fileLength\":\"0:17\",\"meta\":{\"artist\":false,\"album\":false,\"bitrate\":false,\"bitrate_mode\":false},\"postlink\":\"https:\/\/foire-st-martin.ch\/img_3958\/\"},{\"id\":2283,\"title\":\"IMG_3957\",\"url\":\"https:\/\/foire-st-martin.ch\/wp-content\/uploads\/2023\/03\/IMG_3957.mp4\",\"link\":\"https:\/\/foire-st-martin.ch\/img_3957\/\",\"alt\":\"\",\"description\":\"\",\"caption\":\"\",\"mime\":\"video\/mp4\",\"type\":\"video\",\"image\":{\"src\":\"https:\/\/foire-st-martin.ch\/wp-includes\/images\/media\/video.png\",\"width\":48,\"height\":64},\"thumb\":{\"src\":\"https:\/\/foire-st-martin.ch\/wp-includes\/images\/media\/video.png\",\"width\":48,\"height\":64},\"width\":1280,\"height\":720,\"fileLength\":\"0:19\",\"meta\":{\"artist\":false,\"album\":false,\"bitrate\":false,\"bitrate_mode\":false},\"postlink\":\"https:\/\/foire-st-martin.ch\/img_3957\/\"},{\"id\":2282,\"title\":\"IMG_3955\",\"url\":\"https:\/\/foire-st-martin.ch\/wp-content\/uploads\/2023\/03\/IMG_3955.mp4\",\"link\":\"https:\/\/foire-st-martin.ch\/img_3955\/\",\"alt\":\"\",\"description\":\"\",\"caption\":\"\",\"mime\":\"video\/mp4\",\"type\":\"video\",\"image\":{\"src\":\"https:\/\/foire-st-martin.ch\/wp-includes\/images\/media\/video.png\",\"width\":48,\"height\":64},\"thumb\":{\"src\":\"https:\/\/foire-st-martin.ch\/wp-includes\/images\/media\/video.png\",\"width\":48,\"height\":64},\"width\":1280,\"height\":720,\"fileLength\":\"0:17\",\"meta\":{\"artist\":false,\"album\":false,\"bitrate\":false,\"bitrate_mode\":false},\"postlink\":\"https:\/\/foire-st-martin.ch\/img_3955\/\"},{\"id\":2281,\"title\":\"IMG_3954\",\"url\":\"https:\/\/foire-st-martin.ch\/wp-content\/uploads\/2023\/03\/IMG_3954.mp4\",\"link\":\"https:\/\/foire-st-martin.ch\/img_3954\/\",\"alt\":\"\",\"description\":\"\",\"caption\":\"\",\"mime\":\"video\/mp4\",\"type\":\"video\",\"image\":{\"src\":\"https:\/\/foire-st-martin.ch\/wp-includes\/images\/media\/video.png\",\"width\":48,\"height\":64},\"thumb\":{\"src\":\"https:\/\/foire-st-martin.ch\/wp-includes\/images\/media\/video.png\",\"width\":48,\"height\":64},\"width\":1280,\"height\":720,\"fileLength\":\"0:28\",\"meta\":{\"artist\":false,\"album\":false,\"bitrate\":false,\"bitrate_mode\":false},\"postlink\":\"https:\/\/foire-st-martin.ch\/img_3954\/\"}],\"itemsMetaDataCollection\":[]}<\/script><script>(function(){if(window.PGC_SGB && window.PGC_SGB.searcher){window.PGC_SGB.searcher.initBlocks()}})()<\/script><\/div><\/p>\n","protected":false},"author":5,"featured_media":0,"parent":714,"menu_order":0,"comment_status":"closed","ping_status":"closed","template":"","meta":{"_et_pb_use_builder":"on","_et_pb_old_content":"","_et_gb_content_width":"","pgc_sgb_lightbox_settings":"","footnotes":""},"class_list":["post-1986","page","type-page","status-publish","hentry"],"jetpack_sharing_enabled":true,"rttpg_featured_image_url":null,"rttpg_author":{"display_name":"Confr\u00e9rie Saint-Martin","author_link":"https:\/\/foire-st-martin.ch\/en\/author\/confrerie-st-martin\/"},"rttpg_comment":0,"rttpg_category":null,"rttpg_excerpt":"La Foire de la Saint-Martin 2022Le cort\u00e8ge aux flambeaux & la Veill\u00e9e du B\u0153uf[pgc_simply_gallery id=\"1973\"]Pr\u00e9paration cort\u00e8ge du mardi[pgc_simply_gallery id=\"2049\"]Le cort\u00e8ge depuis le Jardin Roussy vers la Grenette[pgc_simply_gallery id=\"2151\"]La c\u00e9r\u00e9monie \u00e0 la Grenette[pgc_simply_gallery id=\"2194\"]La Foire[pgc_simply_gallery id=\"2190\"]Vid\u00e9os[pgc_simply_gallery id=\"2288\"]","_links":{"self":[{"href":"https:\/\/foire-st-martin.ch\/en\/wp-json\/wp\/v2\/pages\/1986","targetHints":{"allow":["GET"]}}],"collection":[{"href":"https:\/\/foire-st-martin.ch\/en\/wp-json\/wp\/v2\/pages"}],"about":[{"href":"https:\/\/foire-st-martin.ch\/en\/wp-json\/wp\/v2\/types\/page"}],"author":[{"embeddable":true,"href":"https:\/\/foire-st-martin.ch\/en\/wp-json\/wp\/v2\/users\/5"}],"replies":[{"embeddable":true,"href":"https:\/\/foire-st-martin.ch\/en\/wp-json\/wp\/v2\/comments?post=1986"}],"version-history":[{"count":14,"href":"https:\/\/foire-st-martin.ch\/en\/wp-json\/wp\/v2\/pages\/1986\/revisions"}],"predecessor-version":[{"id":5800,"href":"https:\/\/foire-st-martin.ch\/en\/wp-json\/wp\/v2\/pages\/1986\/revisions\/5800"}],"up":[{"embeddable":true,"href":"https:\/\/foire-st-martin.ch\/en\/wp-json\/wp\/v2\/pages\/714"}],"wp:attachment":[{"href":"https:\/\/foire-st-martin.ch\/en\/wp-json\/wp\/v2\/media?parent=1986"}],"curies":[{"name":"wp","href":"https:\/\/api.w.org\/{rel}","templated":true}]}}